{"id":13592,"date":"2017-01-01T00:07:00","date_gmt":"2016-12-31T23:07:00","guid":{"rendered":"http:\/\/www.ff-sarstedt.de\/stadt\/?post_type=einsatz&#038;p=13592"},"modified":"2020-03-29T11:17:01","modified_gmt":"2020-03-29T09:17:01","slug":"ff-sarstedt-dachstuhlbrand-3","status":"publish","type":"einsatz","link":"https:\/\/www.ff-sarstedt.de\/stadt\/archive\/einsaetze\/ff-sarstedt-dachstuhlbrand-3","title":{"rendered":"FF Sarstedt | Dachstuhlbrand"},"content":{"rendered":"<p>Um 0:07 ert\u00f6nten die Digitalen Meldeempf\u00e4nger der Feuerwehr Sarstedt mit dem Stichwort \u201eDachstuhlbrand\u201c.<\/p>\n<p>Nach k\u00fcrzester Zeit r\u00fcckten die ersten Kr\u00e4fte zur Einsatzstelle aus. Vor Ort stellte sich heraus das bereits Flammen aus dem Dachstuhl schlugen. Daraufhin wurde direkt Alarm f\u00fcr die Feuerwehren der Stadt Sarstedt ausgel\u00f6st.<\/p>\n<p>Da nicht klar war ob sich noch Personen im Geb\u00e4ude befinden wurde parallel mit der Brandbek\u00e4mpfung die Menschenrettung eingeleitet. Ein Trupp unter Atemschutz berat das Geb\u00e4ude und durchsuchte das Erdgeschoss sowie das erste Obergeschoss, eine weitere Erkundung des ausgebauten Dachbodens musste aufgrund von starker Hitze sowie des schnellvorschreitens des Brandes im Dachstuhl abgebrochen werden. Ab diesen Moment war nur noch ein Au\u00dfenangriff m\u00f6glich.<\/p>\n<p>Mittels Wenderohr der Drehleiter sowie mehreren C und B Rohren wurde der Brand von allen Seiten bek\u00e4mpft.<\/p>\n<p>Um den Brandschutz im Stadtgebiet zu gew\u00e4hrleisten wurde die Ortsfeuerwehr Hotteln und Ruthe von dem Einsatz herausgel\u00f6st.<\/p>\n<p>Zu Nachl\u00f6scharbeiten wurde die Feuerwehr Laatzen mit Ihrer Drehleiter alarmiert um an schlecht erreichbare Bereiche des Brandobjekts zu gelangen. Der Vorteil dieser Drehleiter ist das das obere Teil des Leiterparks per Knickgelenk abgesenkt oder angehoben werden kann.<\/p>\n<p>Um das einsturzgef\u00e4hrdete Geb\u00e4ude nach Brandnestern durchsuchen zu k\u00f6nnen wurde die H\u00f6henrettungsgruppe der Berufsfeuerwehr Hildesheim dazu alarmiert.<\/p>\n<p>Meldungen in den Medien:<\/p>\n<p><a href=\"http:\/\/www.ndr.de\/nachrichten\/niedersachsen\/hannover_weser-leinegebiet\/Silvesterfeiern-ohne-groessere-Zwischenfaelle,silvester810.html\">http:\/\/www.ndr.de\/nachrichten\/niedersachsen\/hannover_weser-leinegebiet\/Silvesterfeiern-ohne-groessere-Zwischenfaelle,silvester810.html<\/a><\/p>\n<p><a href=\"http:\/\/www.nonstopnews.de\/meldung\/24198\">http:\/\/www.nonstopnews.de\/meldung\/24198<\/a><\/p>\n<p>&nbsp;<\/p>\n<p>Der Einsatz f\u00fcr die Feuerwehr war um 11:07 beendet.<\/p>\n\n\t\t<style type=\"text\/css\">\n\t\t\t#gallery-1 {\n\t\t\t\tmargin: auto;\n\t\t\t}\n\t\t\t#gallery-1 .gallery-item {\n\t\t\t\tfloat: left;\n\t\t\t\tmargin-top: 10px;\n\t\t\t\ttext-align: center;\n\t\t\t\twidth: 33%;\n\t\t\t}\n\t\t\t#gallery-1 img {\n\t\t\t\tborder: 2px solid #cfcfcf;\n\t\t\t}\n\t\t\t#gallery-1 .gallery-caption {\n\t\t\t\tmargin-left: 0;\n\t\t\t}\n\t\t\t\/* see gallery_shortcode() in wp-includes\/media.php *\/\n\t\t<\/style>\n\t\t<div id='gallery-1' class='gallery galleryid-13592 gallery-columns-3 gallery-size-thumbnail'><dl class='gallery-item'>\n\t\t\t<dt class='gallery-icon landscape'>\n\t\t\t\t<a rel=\"prettyPhoto[postimages]\" href='https:\/\/www.ff-sarstedt.de\/stadt\/k1024_p1040211'><img loading=\"lazy\" decoding=\"async\" width=\"150\" height=\"150\" src=\"https:\/\/www.ff-sarstedt.de\/stadt\/wp-content\/uploads\/2017\/01\/K1024_P1040211-150x150.jpg\" class=\"attachment-thumbnail size-thumbnail\" alt=\"\" \/><\/a>\n\t\t\t<\/dt><\/dl><dl class='gallery-item'>\n\t\t\t<dt class='gallery-icon landscape'>\n\t\t\t\t<a rel=\"prettyPhoto[postimages]\" href='https:\/\/www.ff-sarstedt.de\/stadt\/k1024_p1040219'><img loading=\"lazy\" decoding=\"async\" width=\"150\" height=\"150\" src=\"https:\/\/www.ff-sarstedt.de\/stadt\/wp-content\/uploads\/2017\/01\/K1024_P1040219-150x150.jpg\" class=\"attachment-thumbnail size-thumbnail\" alt=\"\" \/><\/a>\n\t\t\t<\/dt><\/dl><dl class='gallery-item'>\n\t\t\t<dt class='gallery-icon landscape'>\n\t\t\t\t<a rel=\"prettyPhoto[postimages]\" href='https:\/\/www.ff-sarstedt.de\/stadt\/k1024_p1040176'><img loading=\"lazy\" decoding=\"async\" width=\"150\" height=\"150\" src=\"https:\/\/www.ff-sarstedt.de\/stadt\/wp-content\/uploads\/2017\/01\/K1024_P1040176-150x150.jpg\" class=\"attachment-thumbnail size-thumbnail\" alt=\"\" \/><\/a>\n\t\t\t<\/dt><\/dl><br style=\"clear: both\" \/><dl class='gallery-item'>\n\t\t\t<dt class='gallery-icon landscape'>\n\t\t\t\t<a rel=\"prettyPhoto[postimages]\" href='https:\/\/www.ff-sarstedt.de\/stadt\/k1024_p1040170'><img loading=\"lazy\" decoding=\"async\" width=\"150\" height=\"150\" src=\"https:\/\/www.ff-sarstedt.de\/stadt\/wp-content\/uploads\/2017\/01\/K1024_P1040170-150x150.jpg\" class=\"attachment-thumbnail size-thumbnail\" alt=\"\" \/><\/a>\n\t\t\t<\/dt><\/dl><dl class='gallery-item'>\n\t\t\t<dt class='gallery-icon landscape'>\n\t\t\t\t<a rel=\"prettyPhoto[postimages]\" href='https:\/\/www.ff-sarstedt.de\/stadt\/k1024_p1040155'><img loading=\"lazy\" decoding=\"async\" width=\"150\" height=\"150\" src=\"https:\/\/www.ff-sarstedt.de\/stadt\/wp-content\/uploads\/2017\/01\/K1024_P1040155-150x150.jpg\" class=\"attachment-thumbnail size-thumbnail\" alt=\"\" \/><\/a>\n\t\t\t<\/dt><\/dl><dl class='gallery-item'>\n\t\t\t<dt class='gallery-icon landscape'>\n\t\t\t\t<a rel=\"prettyPhoto[postimages]\" href='https:\/\/www.ff-sarstedt.de\/stadt\/archive\/einsaetze\/ff-sarstedt-dachstuhlbrand-3\/p1040155'><img loading=\"lazy\" decoding=\"async\" width=\"150\" height=\"150\" src=\"https:\/\/www.ff-sarstedt.de\/stadt\/wp-content\/uploads\/2017\/01\/P1040155-150x150.jpg\" class=\"attachment-thumbnail size-thumbnail\" alt=\"\" \/><\/a>\n\t\t\t<\/dt><\/dl><br style=\"clear: both\" \/><dl class='gallery-item'>\n\t\t\t<dt class='gallery-icon landscape'>\n\t\t\t\t<a rel=\"prettyPhoto[postimages]\" href='https:\/\/www.ff-sarstedt.de\/stadt\/archive\/einsaetze\/ff-sarstedt-dachstuhlbrand-3\/p1040176'><img loading=\"lazy\" decoding=\"async\" width=\"150\" height=\"150\" src=\"https:\/\/www.ff-sarstedt.de\/stadt\/wp-content\/uploads\/2017\/01\/P1040176-150x150.jpg\" class=\"attachment-thumbnail size-thumbnail\" alt=\"\" \/><\/a>\n\t\t\t<\/dt><\/dl><dl class='gallery-item'>\n\t\t\t<dt class='gallery-icon landscape'>\n\t\t\t\t<a rel=\"prettyPhoto[postimages]\" href='https:\/\/www.ff-sarstedt.de\/stadt\/archive\/einsaetze\/ff-sarstedt-dachstuhlbrand-3\/p1040197'><img loading=\"lazy\" decoding=\"async\" width=\"150\" height=\"150\" src=\"https:\/\/www.ff-sarstedt.de\/stadt\/wp-content\/uploads\/2017\/01\/P1040197-150x150.jpg\" class=\"attachment-thumbnail size-thumbnail\" alt=\"\" \/><\/a>\n\t\t\t<\/dt><\/dl><dl class='gallery-item'>\n\t\t\t<dt class='gallery-icon landscape'>\n\t\t\t\t<a rel=\"prettyPhoto[postimages]\" href='https:\/\/www.ff-sarstedt.de\/stadt\/archive\/einsaetze\/ff-sarstedt-dachstuhlbrand-3\/p1040200'><img loading=\"lazy\" decoding=\"async\" width=\"150\" height=\"150\" src=\"https:\/\/www.ff-sarstedt.de\/stadt\/wp-content\/uploads\/2017\/01\/P1040200-150x150.jpg\" class=\"attachment-thumbnail size-thumbnail\" alt=\"\" \/><\/a>\n\t\t\t<\/dt><\/dl><br style=\"clear: both\" \/><dl class='gallery-item'>\n\t\t\t<dt class='gallery-icon landscape'>\n\t\t\t\t<a rel=\"prettyPhoto[postimages]\" href='https:\/\/www.ff-sarstedt.de\/stadt\/archive\/einsaetze\/ff-sarstedt-dachstuhlbrand-3\/p1040168'><img loading=\"lazy\" decoding=\"async\" width=\"150\" height=\"150\" src=\"https:\/\/www.ff-sarstedt.de\/stadt\/wp-content\/uploads\/2017\/01\/P1040168-150x150.jpg\" class=\"attachment-thumbnail size-thumbnail\" alt=\"\" \/><\/a>\n\t\t\t<\/dt><\/dl><dl class='gallery-item'>\n\t\t\t<dt class='gallery-icon landscape'>\n\t\t\t\t<a rel=\"prettyPhoto[postimages]\" href='https:\/\/www.ff-sarstedt.de\/stadt\/k1024_p1040187'><img loading=\"lazy\" decoding=\"async\" width=\"150\" height=\"150\" src=\"https:\/\/www.ff-sarstedt.de\/stadt\/wp-content\/uploads\/2017\/01\/K1024_P1040187-150x150.jpg\" class=\"attachment-thumbnail size-thumbnail\" alt=\"\" \/><\/a>\n\t\t\t<\/dt><\/dl><dl class='gallery-item'>\n\t\t\t<dt class='gallery-icon landscape'>\n\t\t\t\t<a rel=\"prettyPhoto[postimages]\" href='https:\/\/www.ff-sarstedt.de\/stadt\/k1024_p1040203'><img loading=\"lazy\" decoding=\"async\" width=\"150\" height=\"150\" src=\"https:\/\/www.ff-sarstedt.de\/stadt\/wp-content\/uploads\/2017\/01\/K1024_P1040203-150x150.jpg\" class=\"attachment-thumbnail size-thumbnail\" alt=\"\" \/><\/a>\n\t\t\t<\/dt><\/dl><br style=\"clear: both\" \/><dl class='gallery-item'>\n\t\t\t<dt class='gallery-icon landscape'>\n\t\t\t\t<a rel=\"prettyPhoto[postimages]\" href='https:\/\/www.ff-sarstedt.de\/stadt\/k1024_p1040194'><img loading=\"lazy\" decoding=\"async\" width=\"150\" height=\"150\" src=\"https:\/\/www.ff-sarstedt.de\/stadt\/wp-content\/uploads\/2017\/01\/K1024_P1040194-150x150.jpg\" class=\"attachment-thumbnail size-thumbnail\" alt=\"\" \/><\/a>\n\t\t\t<\/dt><\/dl><dl class='gallery-item'>\n\t\t\t<dt class='gallery-icon landscape'>\n\t\t\t\t<a rel=\"prettyPhoto[postimages]\" href='https:\/\/www.ff-sarstedt.de\/stadt\/20161231_085438'><img loading=\"lazy\" decoding=\"async\" width=\"150\" height=\"150\" src=\"https:\/\/www.ff-sarstedt.de\/stadt\/wp-content\/uploads\/2017\/01\/20161231_085438-150x150.jpg\" class=\"attachment-thumbnail size-thumbnail\" alt=\"\" \/><\/a>\n\t\t\t<\/dt><\/dl><dl class='gallery-item'>\n\t\t\t<dt class='gallery-icon landscape'>\n\t\t\t\t<a rel=\"prettyPhoto[postimages]\" href='https:\/\/www.ff-sarstedt.de\/stadt\/20161231_065016'><img loading=\"lazy\" decoding=\"async\" width=\"150\" height=\"150\" src=\"https:\/\/www.ff-sarstedt.de\/stadt\/wp-content\/uploads\/2017\/01\/20161231_065016-150x150.jpg\" class=\"attachment-thumbnail size-thumbnail\" alt=\"\" \/><\/a>\n\t\t\t<\/dt><\/dl><br style=\"clear: both\" \/><dl class='gallery-item'>\n\t\t\t<dt class='gallery-icon landscape'>\n\t\t\t\t<a rel=\"prettyPhoto[postimages]\" href='https:\/\/www.ff-sarstedt.de\/stadt\/20161231_090841'><img loading=\"lazy\" decoding=\"async\" width=\"150\" height=\"150\" src=\"https:\/\/www.ff-sarstedt.de\/stadt\/wp-content\/uploads\/2017\/01\/20161231_090841-150x150.jpg\" class=\"attachment-thumbnail size-thumbnail\" alt=\"\" \/><\/a>\n\t\t\t<\/dt><\/dl><dl class='gallery-item'>\n\t\t\t<dt class='gallery-icon landscape'>\n\t\t\t\t<a rel=\"prettyPhoto[postimages]\" href='https:\/\/www.ff-sarstedt.de\/stadt\/20161231_064840'><img loading=\"lazy\" decoding=\"async\" width=\"150\" height=\"150\" src=\"https:\/\/www.ff-sarstedt.de\/stadt\/wp-content\/uploads\/2017\/01\/20161231_064840-150x150.jpg\" class=\"attachment-thumbnail size-thumbnail\" alt=\"\" \/><\/a>\n\t\t\t<\/dt><\/dl><dl class='gallery-item'>\n\t\t\t<dt class='gallery-icon landscape'>\n\t\t\t\t<a rel=\"prettyPhoto[postimages]\" href='https:\/\/www.ff-sarstedt.de\/stadt\/archive\/einsaetze\/ff-sarstedt-dachstuhlbrand-3\/dlk'><img loading=\"lazy\" decoding=\"async\" width=\"150\" height=\"150\" src=\"https:\/\/www.ff-sarstedt.de\/stadt\/wp-content\/uploads\/2017\/01\/dlk-150x150.jpg\" class=\"attachment-thumbnail size-thumbnail\" alt=\"\" \/><\/a>\n\t\t\t<\/dt><\/dl><br style=\"clear: both\" \/>\n\t\t<\/div>\n\n","protected":false},"author":15,"featured_media":13610,"template":"","meta":{"_monsterinsights_skip_tracking":false,"_monsterinsights_sitenote_active":false,"_monsterinsights_sitenote_note":"","_monsterinsights_sitenote_category":0,"einsatz_weight":1,"footnotes":""},"categories":[39],"tags":[],"einsatzart":[],"fahrzeug":[190,180,182,8,184,188,186,187,185,183,189,7,52,191,192,193],"exteinsatzmittel":[353,354,398,352,348,351,331,327,328,347],"alarmierungsart":[],"evw_unit":[],"class_list":["post-13592","einsatz","type-einsatz","status-publish","has-post-thumbnail","hentry","category-einsatz","fahrzeug-bvd-sarstedt","fahrzeug-dlk-2312cc","fahrzeug-elw1-sarstedt","fahrzeug-lf-16-ts-sarstedt","fahrzeug-lf-86-giften","fahrzeug-lf-86-goedringen","fahrzeug-lf-86-heisede","fahrzeug-lf-86-hotteln","fahrzeug-lf-86-schliekum","fahrzeug-mtw-sarstedt","fahrzeug-rw1-hotteln","fahrzeug-tlf-1625-sarstedt","fahrzeug-tsf-w-ruthe","fahrzeug-zugfuehrer-1-zug","fahrzeug-zugfuehrer-2-zug","fahrzeug-zugfuehrer-3-zug","exteinsatzmittel-a-dienst-bf-hildesheim","exteinsatzmittel-b-dienst-bf-hildesheim","exteinsatzmittel-dlk-23-12-laatzen","exteinsatzmittel-energieversorger-stromgaswasser","exteinsatzmittel-gw-a","exteinsatzmittel-hoehenretter-bf-hildesheim","exteinsatzmittel-notarzt","exteinsatzmittel-polizei","exteinsatzmittel-rettungswagen","exteinsatzmittel-sww"],"aioseo_notices":[],"_links":{"self":[{"href":"https:\/\/www.ff-sarstedt.de\/stadt\/wp-json\/wp\/v2\/einsatz\/13592","targetHints":{"allow":["GET"]}}],"collection":[{"href":"https:\/\/www.ff-sarstedt.de\/stadt\/wp-json\/wp\/v2\/einsatz"}],"about":[{"href":"https:\/\/www.ff-sarstedt.de\/stadt\/wp-json\/wp\/v2\/types\/einsatz"}],"author":[{"embeddable":true,"href":"https:\/\/www.ff-sarstedt.de\/stadt\/wp-json\/wp\/v2\/users\/15"}],"version-history":[{"count":0,"href":"https:\/\/www.ff-sarstedt.de\/stadt\/wp-json\/wp\/v2\/einsatz\/13592\/revisions"}],"wp:featuredmedia":[{"embeddable":true,"href":"https:\/\/www.ff-sarstedt.de\/stadt\/wp-json\/wp\/v2\/media\/13610"}],"wp:attachment":[{"href":"https:\/\/www.ff-sarstedt.de\/stadt\/wp-json\/wp\/v2\/media?parent=13592"}],"wp:term":[{"taxonomy":"category","embeddable":true,"href":"https:\/\/www.ff-sarstedt.de\/stadt\/wp-json\/wp\/v2\/categories?post=13592"},{"taxonomy":"post_tag","embeddable":true,"href":"https:\/\/www.ff-sarstedt.de\/stadt\/wp-json\/wp\/v2\/tags?post=13592"},{"taxonomy":"einsatzart","embeddable":true,"href":"https:\/\/www.ff-sarstedt.de\/stadt\/wp-json\/wp\/v2\/einsatzart?post=13592"},{"taxonomy":"fahrzeug","embeddable":true,"href":"https:\/\/www.ff-sarstedt.de\/stadt\/wp-json\/wp\/v2\/fahrzeug?post=13592"},{"taxonomy":"exteinsatzmittel","embeddable":true,"href":"https:\/\/www.ff-sarstedt.de\/stadt\/wp-json\/wp\/v2\/exteinsatzmittel?post=13592"},{"taxonomy":"alarmierungsart","embeddable":true,"href":"https:\/\/www.ff-sarstedt.de\/stadt\/wp-json\/wp\/v2\/alarmierungsart?post=13592"},{"taxonomy":"evw_unit","embeddable":true,"href":"https:\/\/www.ff-sarstedt.de\/stadt\/wp-json\/wp\/v2\/evw_unit?post=13592"}],"curies":[{"name":"wp","href":"https:\/\/api.w.org\/{rel}","templated":true}]}}