{"id":24014,"date":"2021-03-22T19:12:00","date_gmt":"2021-03-22T18:12:00","guid":{"rendered":"http:\/\/www.ff-sarstedt.de\/stadt\/?post_type=einsatz&#038;p=24014"},"modified":"2021-03-23T20:22:36","modified_gmt":"2021-03-23T19:22:36","slug":"ff-sarstedt-b0-container","status":"publish","type":"einsatz","link":"https:\/\/www.ff-sarstedt.de\/stadt\/archive\/einsaetze\/ff-sarstedt-b0-container","title":{"rendered":"FF Sarstedt | B0 &#8211; Container"},"content":{"rendered":"\n<p>Am Montagabend brannte auf dem Festplatz in Sarstedt ein Altkleidercontainer. Ein Atemschutztrupp des Tankl\u00f6schfahrzeugs l\u00f6schte die Brandstelle ab und kontrollierte diese hinterher mit der W\u00e4rmebildkamera. Verletzt wurde niemand. Die Polizei nimmt die Ermittlungen auf.<\/p>\n","protected":false},"author":29,"featured_media":20026,"template":"","meta":{"_monsterinsights_skip_tracking":false,"_monsterinsights_sitenote_active":false,"_monsterinsights_sitenote_note":"","_monsterinsights_sitenote_category":0,"einsatz_weight":1,"footnotes":""},"categories":[11,42,60],"tags":[],"einsatzart":[9],"fahrzeug":[190,7],"exteinsatzmittel":[693],"alarmierungsart":[507],"evw_unit":[],"class_list":["post-24014","einsatz","type-einsatz","status-publish","has-post-thumbnail","hentry","category-brandeinsatz","category-einsatzabteilung","category-sarstedt","einsatzart-container-sperrmuell","fahrzeug-bvd-sarstedt","fahrzeug-tlf-1625-sarstedt","exteinsatzmittel-polizei-sarstedt","alarmierungsart-dme"],"aioseo_notices":[],"_links":{"self":[{"href":"https:\/\/www.ff-sarstedt.de\/stadt\/wp-json\/wp\/v2\/einsatz\/24014","targetHints":{"allow":["GET"]}}],"collection":[{"href":"https:\/\/www.ff-sarstedt.de\/stadt\/wp-json\/wp\/v2\/einsatz"}],"about":[{"href":"https:\/\/www.ff-sarstedt.de\/stadt\/wp-json\/wp\/v2\/types\/einsatz"}],"author":[{"embeddable":true,"href":"https:\/\/www.ff-sarstedt.de\/stadt\/wp-json\/wp\/v2\/users\/29"}],"version-history":[{"count":0,"href":"https:\/\/www.ff-sarstedt.de\/stadt\/wp-json\/wp\/v2\/einsatz\/24014\/revisions"}],"wp:featuredmedia":[{"embeddable":true,"href":"https:\/\/www.ff-sarstedt.de\/stadt\/wp-json\/wp\/v2\/media\/20026"}],"wp:attachment":[{"href":"https:\/\/www.ff-sarstedt.de\/stadt\/wp-json\/wp\/v2\/media?parent=24014"}],"wp:term":[{"taxonomy":"category","embeddable":true,"href":"https:\/\/www.ff-sarstedt.de\/stadt\/wp-json\/wp\/v2\/categories?post=24014"},{"taxonomy":"post_tag","embeddable":true,"href":"https:\/\/www.ff-sarstedt.de\/stadt\/wp-json\/wp\/v2\/tags?post=24014"},{"taxonomy":"einsatzart","embeddable":true,"href":"https:\/\/www.ff-sarstedt.de\/stadt\/wp-json\/wp\/v2\/einsatzart?post=24014"},{"taxonomy":"fahrzeug","embeddable":true,"href":"https:\/\/www.ff-sarstedt.de\/stadt\/wp-json\/wp\/v2\/fahrzeug?post=24014"},{"taxonomy":"exteinsatzmittel","embeddable":true,"href":"https:\/\/www.ff-sarstedt.de\/stadt\/wp-json\/wp\/v2\/exteinsatzmittel?post=24014"},{"taxonomy":"alarmierungsart","embeddable":true,"href":"https:\/\/www.ff-sarstedt.de\/stadt\/wp-json\/wp\/v2\/alarmierungsart?post=24014"},{"taxonomy":"evw_unit","embeddable":true,"href":"https:\/\/www.ff-sarstedt.de\/stadt\/wp-json\/wp\/v2\/evw_unit?post=24014"}],"curies":[{"name":"wp","href":"https:\/\/api.w.org\/{rel}","templated":true}]}}