{"id":24313,"date":"2021-06-18T09:30:00","date_gmt":"2021-06-18T07:30:00","guid":{"rendered":"http:\/\/www.ff-sarstedt.de\/stadt\/?post_type=einsatz&#038;p=24313"},"modified":"2021-06-18T11:43:10","modified_gmt":"2021-06-18T09:43:10","slug":"ff-sarstedt-b1-ausgeloeste-brandmeldeanlage-92","status":"publish","type":"einsatz","link":"https:\/\/www.ff-sarstedt.de\/stadt\/archive\/einsaetze\/ff-sarstedt-b1-ausgeloeste-brandmeldeanlage-92","title":{"rendered":"FF Sarstedt | B1 &#8211; Ausgel\u00f6ste Brandmeldeanlage"},"content":{"rendered":"\n<p>Der erste Einsatz f\u00fcr unsere neue Drehleiter, die seit Dienstag offiziell im Dienst ist, ging zu einer ausgel\u00f6sten Brandmeldeanlage in die Wiedemannstra\u00dfe. Diese l\u00f6ste ohne erkennbaren Grund aus. Wir kontrollierten die Einsatzstelle und konnten nach kurzer Zeit wieder einr\u00fccken.\u00a0<\/p>\n","protected":false},"author":29,"featured_media":23574,"template":"","meta":{"_monsterinsights_skip_tracking":false,"_monsterinsights_sitenote_active":false,"_monsterinsights_sitenote_note":"","_monsterinsights_sitenote_category":0,"einsatz_weight":1,"footnotes":""},"categories":[11,42,37,58,60],"tags":[],"einsatzart":[443],"fahrzeug":[],"exteinsatzmittel":[374],"alarmierungsart":[507],"evw_unit":[775],"class_list":["post-24313","einsatz","type-einsatz","status-publish","has-post-thumbnail","hentry","category-brandeinsatz","category-einsatzabteilung","category-fehlalarm","category-ortsfeuerwehr","category-sarstedt","einsatzart-ausgeloeste-brandmeldeanlage-bma","exteinsatzmittel-rettungsdienst-sarstedt","alarmierungsart-dme","evw_unit-of-sarstedt"],"aioseo_notices":[],"_links":{"self":[{"href":"https:\/\/www.ff-sarstedt.de\/stadt\/wp-json\/wp\/v2\/einsatz\/24313","targetHints":{"allow":["GET"]}}],"collection":[{"href":"https:\/\/www.ff-sarstedt.de\/stadt\/wp-json\/wp\/v2\/einsatz"}],"about":[{"href":"https:\/\/www.ff-sarstedt.de\/stadt\/wp-json\/wp\/v2\/types\/einsatz"}],"author":[{"embeddable":true,"href":"https:\/\/www.ff-sarstedt.de\/stadt\/wp-json\/wp\/v2\/users\/29"}],"version-history":[{"count":0,"href":"https:\/\/www.ff-sarstedt.de\/stadt\/wp-json\/wp\/v2\/einsatz\/24313\/revisions"}],"wp:featuredmedia":[{"embeddable":true,"href":"https:\/\/www.ff-sarstedt.de\/stadt\/wp-json\/wp\/v2\/media\/23574"}],"wp:attachment":[{"href":"https:\/\/www.ff-sarstedt.de\/stadt\/wp-json\/wp\/v2\/media?parent=24313"}],"wp:term":[{"taxonomy":"category","embeddable":true,"href":"https:\/\/www.ff-sarstedt.de\/stadt\/wp-json\/wp\/v2\/categories?post=24313"},{"taxonomy":"post_tag","embeddable":true,"href":"https:\/\/www.ff-sarstedt.de\/stadt\/wp-json\/wp\/v2\/tags?post=24313"},{"taxonomy":"einsatzart","embeddable":true,"href":"https:\/\/www.ff-sarstedt.de\/stadt\/wp-json\/wp\/v2\/einsatzart?post=24313"},{"taxonomy":"fahrzeug","embeddable":true,"href":"https:\/\/www.ff-sarstedt.de\/stadt\/wp-json\/wp\/v2\/fahrzeug?post=24313"},{"taxonomy":"exteinsatzmittel","embeddable":true,"href":"https:\/\/www.ff-sarstedt.de\/stadt\/wp-json\/wp\/v2\/exteinsatzmittel?post=24313"},{"taxonomy":"alarmierungsart","embeddable":true,"href":"https:\/\/www.ff-sarstedt.de\/stadt\/wp-json\/wp\/v2\/alarmierungsart?post=24313"},{"taxonomy":"evw_unit","embeddable":true,"href":"https:\/\/www.ff-sarstedt.de\/stadt\/wp-json\/wp\/v2\/evw_unit?post=24313"}],"curies":[{"name":"wp","href":"https:\/\/api.w.org\/{rel}","templated":true}]}}