{"id":25315,"date":"2022-02-18T23:02:00","date_gmt":"2022-02-18T22:02:00","guid":{"rendered":"https:\/\/www.ff-sarstedt.de\/stadt\/?post_type=einsatz&#038;p=25315"},"modified":"2022-02-26T15:39:54","modified_gmt":"2022-02-26T14:39:54","slug":"ff-sarstedt-h1-cbrn","status":"publish","type":"einsatz","link":"https:\/\/www.ff-sarstedt.de\/stadt\/archive\/einsaetze\/ff-sarstedt-h1-cbrn","title":{"rendered":"FF Sarstedt | H1 &#8211; CBRN"},"content":{"rendered":"\n<p>Die Ortsfeuerwehr Sarstedt wurde durch den Einsatzleiter der Kr\u00e4fte auf der Autobahn nachalarmiert. Ein Dieseltank hatte leck geschlagen und musste umgef\u00fcllt werden. Wir lieferten Material und unterst\u00fctzen die Arbeiten vor Ort.\u00a0<\/p>\n","protected":false},"author":29,"featured_media":0,"template":"","meta":{"_monsterinsights_skip_tracking":false,"_monsterinsights_sitenote_active":false,"_monsterinsights_sitenote_note":"","_monsterinsights_sitenote_category":0,"einsatz_weight":1,"footnotes":""},"categories":[32,42,63,62,13,61,58,60],"tags":[557,561,538,537],"einsatzart":[788],"fahrzeug":[],"exteinsatzmittel":[551,327],"alarmierungsart":[857],"evw_unit":[778,776,779,775],"class_list":["post-25315","einsatz","type-einsatz","status-publish","hentry","category-abteilung","category-einsatzabteilung","category-goedringen","category-heisede","category-hilfeleistung","category-hotteln","category-ortsfeuerwehr","category-sarstedt","tag-einsatz","tag-oelspur","tag-ortsfeuerwehr-sarstedt","tag-sarstedt","einsatzart-h1-mittlere-th","exteinsatzmittel-bf-hildesheim","exteinsatzmittel-polizei","alarmierungsart-oeel","evw_unit-of-goedringen","evw_unit-of-heisede","evw_unit-of-hotteln","evw_unit-of-sarstedt"],"aioseo_notices":[],"_links":{"self":[{"href":"https:\/\/www.ff-sarstedt.de\/stadt\/wp-json\/wp\/v2\/einsatz\/25315","targetHints":{"allow":["GET"]}}],"collection":[{"href":"https:\/\/www.ff-sarstedt.de\/stadt\/wp-json\/wp\/v2\/einsatz"}],"about":[{"href":"https:\/\/www.ff-sarstedt.de\/stadt\/wp-json\/wp\/v2\/types\/einsatz"}],"author":[{"embeddable":true,"href":"https:\/\/www.ff-sarstedt.de\/stadt\/wp-json\/wp\/v2\/users\/29"}],"version-history":[{"count":2,"href":"https:\/\/www.ff-sarstedt.de\/stadt\/wp-json\/wp\/v2\/einsatz\/25315\/revisions"}],"predecessor-version":[{"id":25319,"href":"https:\/\/www.ff-sarstedt.de\/stadt\/wp-json\/wp\/v2\/einsatz\/25315\/revisions\/25319"}],"wp:attachment":[{"href":"https:\/\/www.ff-sarstedt.de\/stadt\/wp-json\/wp\/v2\/media?parent=25315"}],"wp:term":[{"taxonomy":"category","embeddable":true,"href":"https:\/\/www.ff-sarstedt.de\/stadt\/wp-json\/wp\/v2\/categories?post=25315"},{"taxonomy":"post_tag","embeddable":true,"href":"https:\/\/www.ff-sarstedt.de\/stadt\/wp-json\/wp\/v2\/tags?post=25315"},{"taxonomy":"einsatzart","embeddable":true,"href":"https:\/\/www.ff-sarstedt.de\/stadt\/wp-json\/wp\/v2\/einsatzart?post=25315"},{"taxonomy":"fahrzeug","embeddable":true,"href":"https:\/\/www.ff-sarstedt.de\/stadt\/wp-json\/wp\/v2\/fahrzeug?post=25315"},{"taxonomy":"exteinsatzmittel","embeddable":true,"href":"https:\/\/www.ff-sarstedt.de\/stadt\/wp-json\/wp\/v2\/exteinsatzmittel?post=25315"},{"taxonomy":"alarmierungsart","embeddable":true,"href":"https:\/\/www.ff-sarstedt.de\/stadt\/wp-json\/wp\/v2\/alarmierungsart?post=25315"},{"taxonomy":"evw_unit","embeddable":true,"href":"https:\/\/www.ff-sarstedt.de\/stadt\/wp-json\/wp\/v2\/evw_unit?post=25315"}],"curies":[{"name":"wp","href":"https:\/\/api.w.org\/{rel}","templated":true}]}}