{"id":28107,"date":"2023-10-11T18:45:00","date_gmt":"2023-10-11T16:45:00","guid":{"rendered":"https:\/\/www.ff-sarstedt.de\/stadt\/?post_type=einsatz&#038;p=28107"},"modified":"2023-10-12T15:52:29","modified_gmt":"2023-10-12T13:52:29","slug":"ff-sarstedt-b1-kellerbrand-3","status":"publish","type":"einsatz","link":"https:\/\/www.ff-sarstedt.de\/stadt\/archive\/einsaetze\/ff-sarstedt-b1-kellerbrand-3","title":{"rendered":"FF Sarstedt | B1 &#8211; Kellerbrand"},"content":{"rendered":"\n<p>Die Bilanz: Ein leicht verletzter Bewohner, ein zun\u00e4chst unbewohnbares Wohnhaus und zwei verletzte Feuerwehreinsatzkr\u00e4fte.<\/p>\n<p>Diese Zusammenfassung geh\u00f6rt zu einem Kellerbrand am Abend des 11.10.2023 in der Sarstedter Haydnstra\u00dfe. Gegen 18:40 Uhr bemerkte der Bewohner eines dortigen Einfamilienhauses die Ausl\u00f6sung eines Rauchmelders. Er suchte nach der Ursache und stie\u00df dabei auf einen brennendes Haushaltsger\u00e4t im Keller des Hauses. Daraufhin verlie\u00df er sofort das Geb\u00e4ude und alarmierte die Feuerwehr.\u00a0<\/p>\n<p>Der Alarm ging um 18:45 Uhr, kurz vor Beginn unseres w\u00f6chentlichen\u00a0 Ausbildungsdienstes, bei uns ein. Bereits wenige Minuten sp\u00e4ter traf daher das <a href=\"https:\/\/www.ff-sarstedt.de\/stadt\/sarstedt-1\/technik\/2-zug\/tankloeschfahrzeug-tlf-1625-2\">Tankl\u00f6schfahrzeug<\/a> als erstes Fahrzeug an der Einsatzstelle ein. <a href=\"https:\/\/www.ff-sarstedt.de\/stadt\/sarstedt-1\/technik\/2-zug\/dlak-23-12-gl\">Drehleiter<\/a>, <a href=\"https:\/\/www.ff-sarstedt.de\/stadt\/sarstedt-1\/technik\/2-zug\/einsatzleitwagen\">Einsatzleitwagen<\/a> und <a href=\"https:\/\/www.ff-sarstedt.de\/stadt\/sarstedt-1\/technik\/2-zug\/hlf-20\">Hilfeleistungsl\u00f6schfahrzeug<\/a> folgten kurz darauf.<\/p>\n<p>Schnell stellte sich heraus: Menschen oder Tiere waren zum Gl\u00fcck keine mehr in dem Geb\u00e4ude. Eine Brandbek\u00e4mpfung wurde eingeleitet. Der Bewohner wurde mit einer leichten Rauchgasvergiftung zur Versorgung an den Rettungsdienst \u00fcbergeben.<\/p>\n<p>Etwa eine halbe Stunde nach der Alarmierung war das Feuer weitgehend gel\u00f6scht und es wurden Nachl\u00f6scharbeiten sowie intensive Bel\u00fcftungsma\u00dfnahmen vorgenommen. Insgesamt vier Atemschutztrupps waren im Verlauf des Einsatzes mit der Brandbek\u00e4mpfung sowie weiteren Ma\u00dfnahmen besch\u00e4ftigt.<\/p>\n<p>Vermutlich aufgrund eines Stromschlages durch abgebrannte und herunterh\u00e4ngende Stromkabel in dem brennenden Kellerraum wurde eine Feuerwehreinsatzkraft leider so verletzt, dass er zur weiteren Behandlung und Beobachtung vorsorglich vom Rettungsdienst in ein Krankenhaus transportiert wurde. Er konnte das Krankenhaus noch in der Nacht jedoch bereits wieder verlassen. Eine weitere Feuerwehreinsatzkraft verletzte sich bei L\u00f6scharbeiten leicht am Daumen.<\/p>\n<p>Nach knapp 4 Stunden waren die Arbeiten f\u00fcr die insgesamt 22 Einsatzkr\u00e4fte der Feuerweher beendet. Das Wohnhaus ist aufgrund der w\u00e4hrend des Brandes aufgetretenen Verrauchung zun\u00e4chst nicht mehr bewohnbar. Die Polizei nimmt die Ermittlungen zur Brandursache auf. Die Haydnstra\u00dfe war w\u00e4hrend des Einsatzes gesperrt.<\/p>\n<p>Abschlie\u00dfend k\u00f6nnen wir wieder einmal feststellen: Rauchmelder retten Leben! Ohne die fr\u00fchzeitige Warnung h\u00e4tte dieser Brand f\u00fcr den Bewohner auch weniger glimpflich ausgehen k\u00f6nnen.<\/p>\n","protected":false},"author":29,"featured_media":28109,"template":"","meta":{"_monsterinsights_skip_tracking":false,"_monsterinsights_sitenote_active":false,"_monsterinsights_sitenote_note":"","_monsterinsights_sitenote_category":0,"einsatz_weight":1,"footnotes":""},"categories":[11,42,39,58,60],"tags":[672,557,538,537],"einsatzart":[431],"fahrzeug":[],"exteinsatzmittel":[352,334,327,501,374],"alarmierungsart":[507],"evw_unit":[775],"class_list":["post-28107","einsatz","type-einsatz","status-publish","has-post-thumbnail","hentry","category-brandeinsatz","category-einsatzabteilung","category-einsatz","category-ortsfeuerwehr","category-sarstedt","tag-b1","tag-einsatz","tag-ortsfeuerwehr-sarstedt","tag-sarstedt","einsatzart-kellerbrand","exteinsatzmittel-energieversorger-stromgaswasser","exteinsatzmittel-ftz-gr-duengen","exteinsatzmittel-polizei","exteinsatzmittel-rettungsdienst-hildesheim","exteinsatzmittel-rettungsdienst-sarstedt","alarmierungsart-dme","evw_unit-of-sarstedt"],"aioseo_notices":[],"_links":{"self":[{"href":"https:\/\/www.ff-sarstedt.de\/stadt\/wp-json\/wp\/v2\/einsatz\/28107","targetHints":{"allow":["GET"]}}],"collection":[{"href":"https:\/\/www.ff-sarstedt.de\/stadt\/wp-json\/wp\/v2\/einsatz"}],"about":[{"href":"https:\/\/www.ff-sarstedt.de\/stadt\/wp-json\/wp\/v2\/types\/einsatz"}],"author":[{"embeddable":true,"href":"https:\/\/www.ff-sarstedt.de\/stadt\/wp-json\/wp\/v2\/users\/29"}],"version-history":[{"count":6,"href":"https:\/\/www.ff-sarstedt.de\/stadt\/wp-json\/wp\/v2\/einsatz\/28107\/revisions"}],"predecessor-version":[{"id":28117,"href":"https:\/\/www.ff-sarstedt.de\/stadt\/wp-json\/wp\/v2\/einsatz\/28107\/revisions\/28117"}],"wp:featuredmedia":[{"embeddable":true,"href":"https:\/\/www.ff-sarstedt.de\/stadt\/wp-json\/wp\/v2\/media\/28109"}],"wp:attachment":[{"href":"https:\/\/www.ff-sarstedt.de\/stadt\/wp-json\/wp\/v2\/media?parent=28107"}],"wp:term":[{"taxonomy":"category","embeddable":true,"href":"https:\/\/www.ff-sarstedt.de\/stadt\/wp-json\/wp\/v2\/categories?post=28107"},{"taxonomy":"post_tag","embeddable":true,"href":"https:\/\/www.ff-sarstedt.de\/stadt\/wp-json\/wp\/v2\/tags?post=28107"},{"taxonomy":"einsatzart","embeddable":true,"href":"https:\/\/www.ff-sarstedt.de\/stadt\/wp-json\/wp\/v2\/einsatzart?post=28107"},{"taxonomy":"fahrzeug","embeddable":true,"href":"https:\/\/www.ff-sarstedt.de\/stadt\/wp-json\/wp\/v2\/fahrzeug?post=28107"},{"taxonomy":"exteinsatzmittel","embeddable":true,"href":"https:\/\/www.ff-sarstedt.de\/stadt\/wp-json\/wp\/v2\/exteinsatzmittel?post=28107"},{"taxonomy":"alarmierungsart","embeddable":true,"href":"https:\/\/www.ff-sarstedt.de\/stadt\/wp-json\/wp\/v2\/alarmierungsart?post=28107"},{"taxonomy":"evw_unit","embeddable":true,"href":"https:\/\/www.ff-sarstedt.de\/stadt\/wp-json\/wp\/v2\/evw_unit?post=28107"}],"curies":[{"name":"wp","href":"https:\/\/api.w.org\/{rel}","templated":true}]}}