{"id":21765,"date":"2020-01-01T07:39:40","date_gmt":"2020-01-01T06:39:40","guid":{"rendered":"http:\/\/www.ff-sarstedt.de\/stadt\/?page_id=21765"},"modified":"2021-01-03T17:39:01","modified_gmt":"2021-01-03T16:39:01","slug":"einsaetze-2020","status":"publish","type":"page","link":"https:\/\/www.ff-sarstedt.de\/stadt\/sarstedt-1\/einsatzabteilung\/einsaetze11\/einsaetze-2020","title":{"rendered":"Eins\u00e4tze 2020"},"content":{"rendered":"\n<h2>Eins\u00e4tze 2020<\/h2><table class=\"einsatzverwaltung-reportlist\"><tbody><tr class=\"einsatz-title-month\"><td colspan=\"7\">Dezember<\/td><\/tr><tr class=\"einsatz-header\"><th style=\"white-space: nowrap;\">Nummer<\/th><th style=\"white-space: nowrap;\">Datum<\/th><th style=\"white-space: nowrap;\">Uhrzeit<\/th><th style=\"\">Einsatzmeldung<\/th><th style=\"\">Einsatzort<\/th><th style=\"white-space: nowrap;\">Dauer<\/th><th style=\"\"><\/th><\/tr><tr class=\"report\"><td class=\"smallscreen\" colspan=\"7\" data-permalink=\"https:\/\/www.ff-sarstedt.de\/stadt\/archive\/einsaetze\/ff-sarstedt-h0-oelspur-33\"><div class=\"annotation-icon-bar\"><i class=\"fa-solid fa-camera\" aria-hidden=\"true\" title=\"Bericht enth\u00e4lt keine Bilder\" style=\"color: #bbbbbb;\"><\/i><\/div><span class=\"einsatz-number\"><strong>Nummer:<\/strong> 1722020<\/span><br><span class=\"einsatz-date\"><strong>Datum:<\/strong> 29.12.2020<\/span><br><span class=\"einsatz-time\"><strong>Uhrzeit:<\/strong> 11:03<\/span><br><span class=\"einsatz-title\"><strong>Einsatzmeldung:<\/strong> <a href=\"https:\/\/www.ff-sarstedt.de\/stadt\/archive\/einsaetze\/ff-sarstedt-h0-oelspur-33\" rel=\"bookmark\">FF Sarstedt | H0 &#8211; \u00d6lspur<\/a><\/span><br><span class=\"einsatz-location\"><strong>Einsatzort:<\/strong> Voss-Str. \/ Nordring<\/span><br><span class=\"einsatz-duration\"><strong>Dauer:<\/strong> 40 min<\/span><br><\/td><td class=\"einsatz-column-number\">1722020<\/td><td class=\"einsatz-column-date\">29.12.2020<\/td><td class=\"einsatz-column-time\">11:03<\/td><td class=\"einsatz-column-title\"><a href=\"https:\/\/www.ff-sarstedt.de\/stadt\/archive\/einsaetze\/ff-sarstedt-h0-oelspur-33\" rel=\"bookmark\">FF Sarstedt | H0 &#8211; \u00d6lspur<\/a><\/td><td class=\"einsatz-column-location\">Voss-Str. \/ Nordring<\/td><td class=\"einsatz-column-duration\">40 min<\/td><td class=\"einsatz-column-annotationImages\"><i class=\"fa-solid fa-camera\" aria-hidden=\"true\" title=\"Bericht enth\u00e4lt keine Bilder\" style=\"color: #bbbbbb;\"><\/i><\/td><\/tr><tr class=\"report\"><td class=\"smallscreen\" colspan=\"7\" data-permalink=\"https:\/\/www.ff-sarstedt.de\/stadt\/archive\/einsaetze\/ff-sarstedt-b1-zimmerbrand-8\"><div class=\"annotation-icon-bar\"><i class=\"fa-solid fa-camera\" aria-hidden=\"true\" title=\"Bericht enth\u00e4lt keine Bilder\" style=\"color: #bbbbbb;\"><\/i><\/div><span class=\"einsatz-number\"><strong>Nummer:<\/strong> 1712020<\/span><br><span class=\"einsatz-date\"><strong>Datum:<\/strong> 28.12.2020<\/span><br><span class=\"einsatz-time\"><strong>Uhrzeit:<\/strong> 22:02<\/span><br><span class=\"einsatz-title\"><strong>Einsatzmeldung:<\/strong> <a href=\"https:\/\/www.ff-sarstedt.de\/stadt\/archive\/einsaetze\/ff-sarstedt-b1-zimmerbrand-8\" rel=\"bookmark\">FF Sarstedt | B1 &#8211; Zimmerbrand<\/a><\/span><br><span class=\"einsatz-location\"><strong>Einsatzort:<\/strong> Wenderter Str.<\/span><br><span class=\"einsatz-duration\"><strong>Dauer:<\/strong> 45 min<\/span><br><\/td><td class=\"einsatz-column-number\">1712020<\/td><td class=\"einsatz-column-date\">28.12.2020<\/td><td class=\"einsatz-column-time\">22:02<\/td><td class=\"einsatz-column-title\"><a href=\"https:\/\/www.ff-sarstedt.de\/stadt\/archive\/einsaetze\/ff-sarstedt-b1-zimmerbrand-8\" rel=\"bookmark\">FF Sarstedt | B1 &#8211; Zimmerbrand<\/a><\/td><td class=\"einsatz-column-location\">Wenderter Str.<\/td><td class=\"einsatz-column-duration\">45 min<\/td><td class=\"einsatz-column-annotationImages\"><i class=\"fa-solid fa-camera\" aria-hidden=\"true\" title=\"Bericht enth\u00e4lt keine Bilder\" style=\"color: #bbbbbb;\"><\/i><\/td><\/tr><tr class=\"report\"><td class=\"smallscreen\" colspan=\"7\" data-permalink=\"https:\/\/www.ff-sarstedt.de\/stadt\/archive\/einsaetze\/ff-sarstedt-h0-sonstige-hilfeleistung-3\"><div class=\"annotation-icon-bar\"><i class=\"fa-solid fa-camera\" aria-hidden=\"true\" title=\"Bericht enth\u00e4lt keine Bilder\" style=\"color: #bbbbbb;\"><\/i><\/div><span class=\"einsatz-number\"><strong>Nummer:<\/strong> 1702020<\/span><br><span class=\"einsatz-date\"><strong>Datum:<\/strong> 27.12.2020<\/span><br><span class=\"einsatz-time\"><strong>Uhrzeit:<\/strong> 16:37<\/span><br><span class=\"einsatz-title\"><strong>Einsatzmeldung:<\/strong> <a href=\"https:\/\/www.ff-sarstedt.de\/stadt\/archive\/einsaetze\/ff-sarstedt-h0-sonstige-hilfeleistung-3\" rel=\"bookmark\">FF Sarstedt | H0 &#8211; Sonstige Hilfeleistung<\/a><\/span><br><span class=\"einsatz-location\"><strong>Einsatzort:<\/strong> Holztorstr.<\/span><br><span class=\"einsatz-duration\"><strong>Dauer:<\/strong> 2 h<\/span><br><\/td><td class=\"einsatz-column-number\">1702020<\/td><td class=\"einsatz-column-date\">27.12.2020<\/td><td class=\"einsatz-column-time\">16:37<\/td><td class=\"einsatz-column-title\"><a href=\"https:\/\/www.ff-sarstedt.de\/stadt\/archive\/einsaetze\/ff-sarstedt-h0-sonstige-hilfeleistung-3\" rel=\"bookmark\">FF Sarstedt | H0 &#8211; Sonstige Hilfeleistung<\/a><\/td><td class=\"einsatz-column-location\">Holztorstr.<\/td><td class=\"einsatz-column-duration\">2 h<\/td><td class=\"einsatz-column-annotationImages\"><i class=\"fa-solid fa-camera\" aria-hidden=\"true\" title=\"Bericht enth\u00e4lt keine Bilder\" style=\"color: #bbbbbb;\"><\/i><\/td><\/tr><tr class=\"report\"><td class=\"smallscreen\" colspan=\"7\" data-permalink=\"https:\/\/www.ff-sarstedt.de\/stadt\/archive\/einsaetze\/ff-sarstedt-h0-sturmschaden-32\"><div class=\"annotation-icon-bar\"><i class=\"fa-solid fa-camera\" aria-hidden=\"true\" title=\"Bericht enth\u00e4lt keine Bilder\" style=\"color: #bbbbbb;\"><\/i><\/div><span class=\"einsatz-number\"><strong>Nummer:<\/strong> 1692020<\/span><br><span class=\"einsatz-date\"><strong>Datum:<\/strong> 27.12.2020<\/span><br><span class=\"einsatz-time\"><strong>Uhrzeit:<\/strong> 07:30<\/span><br><span class=\"einsatz-title\"><strong>Einsatzmeldung:<\/strong> <a href=\"https:\/\/www.ff-sarstedt.de\/stadt\/archive\/einsaetze\/ff-sarstedt-h0-sturmschaden-32\" rel=\"bookmark\">FF Sarstedt | H0 &#8211; Sturmschaden<\/a><\/span><br><span class=\"einsatz-location\"><strong>Einsatzort:<\/strong> Gartenstra\u00dfe<\/span><br><span class=\"einsatz-duration\"><strong>Dauer:<\/strong> 30 min<\/span><br><\/td><td class=\"einsatz-column-number\">1692020<\/td><td class=\"einsatz-column-date\">27.12.2020<\/td><td class=\"einsatz-column-time\">07:30<\/td><td class=\"einsatz-column-title\"><a href=\"https:\/\/www.ff-sarstedt.de\/stadt\/archive\/einsaetze\/ff-sarstedt-h0-sturmschaden-32\" rel=\"bookmark\">FF Sarstedt | H0 &#8211; Sturmschaden<\/a><\/td><td class=\"einsatz-column-location\">Gartenstra\u00dfe<\/td><td class=\"einsatz-column-duration\">30 min<\/td><td class=\"einsatz-column-annotationImages\"><i class=\"fa-solid fa-camera\" aria-hidden=\"true\" title=\"Bericht enth\u00e4lt keine Bilder\" style=\"color: #bbbbbb;\"><\/i><\/td><\/tr><tr class=\"report\"><td class=\"smallscreen\" colspan=\"7\" data-permalink=\"https:\/\/www.ff-sarstedt.de\/stadt\/archive\/einsaetze\/ff-sarstedt-b1-ausgeloeste-brandmeldeanlage-80\"><div class=\"annotation-icon-bar\"><i class=\"fa-solid fa-camera\" aria-hidden=\"true\" title=\"Bericht enth\u00e4lt keine Bilder\" style=\"color: #bbbbbb;\"><\/i><\/div><span class=\"einsatz-number\"><strong>Nummer:<\/strong> 1682020<\/span><br><span class=\"einsatz-date\"><strong>Datum:<\/strong> 26.12.2020<\/span><br><span class=\"einsatz-time\"><strong>Uhrzeit:<\/strong> 23:27<\/span><br><span class=\"einsatz-title\"><strong>Einsatzmeldung:<\/strong> <a href=\"https:\/\/www.ff-sarstedt.de\/stadt\/archive\/einsaetze\/ff-sarstedt-b1-ausgeloeste-brandmeldeanlage-80\" rel=\"bookmark\">FF Sarstedt | B1 &#8211; Ausgel\u00f6ste Brandmeldeanlage<\/a><\/span><br><span class=\"einsatz-location\"><strong>Einsatzort:<\/strong> Am Teinkamp<\/span><br><span class=\"einsatz-duration\"><strong>Dauer:<\/strong> 1 h<\/span><br><\/td><td class=\"einsatz-column-number\">1682020<\/td><td class=\"einsatz-column-date\">26.12.2020<\/td><td class=\"einsatz-column-time\">23:27<\/td><td class=\"einsatz-column-title\"><a href=\"https:\/\/www.ff-sarstedt.de\/stadt\/archive\/einsaetze\/ff-sarstedt-b1-ausgeloeste-brandmeldeanlage-80\" rel=\"bookmark\">FF Sarstedt | B1 &#8211; Ausgel\u00f6ste Brandmeldeanlage<\/a><\/td><td class=\"einsatz-column-location\">Am Teinkamp<\/td><td class=\"einsatz-column-duration\">1 h<\/td><td class=\"einsatz-column-annotationImages\"><i class=\"fa-solid fa-camera\" aria-hidden=\"true\" title=\"Bericht enth\u00e4lt keine Bilder\" style=\"color: #bbbbbb;\"><\/i><\/td><\/tr><tr class=\"report\"><td class=\"smallscreen\" colspan=\"7\" data-permalink=\"https:\/\/www.ff-sarstedt.de\/stadt\/archive\/einsaetze\/ff-sarstedt-h0-tragehilfe-rettungsdienst-2\"><div class=\"annotation-icon-bar\"><i class=\"fa-solid fa-camera\" aria-hidden=\"true\" title=\"Bericht enth\u00e4lt keine Bilder\" style=\"color: #bbbbbb;\"><\/i><\/div><span class=\"einsatz-number\"><strong>Nummer:<\/strong> 1672020<\/span><br><span class=\"einsatz-date\"><strong>Datum:<\/strong> 26.12.2020<\/span><br><span class=\"einsatz-time\"><strong>Uhrzeit:<\/strong> 07:38<\/span><br><span class=\"einsatz-title\"><strong>Einsatzmeldung:<\/strong> <a href=\"https:\/\/www.ff-sarstedt.de\/stadt\/archive\/einsaetze\/ff-sarstedt-h0-tragehilfe-rettungsdienst-2\" rel=\"bookmark\">FF Sarstedt | H0 &#8211; Tragehilfe Rettungsdienst<\/a><\/span><br><span class=\"einsatz-location\"><strong>Einsatzort:<\/strong> Voss-Str.<\/span><br><span class=\"einsatz-duration\"><strong>Dauer:<\/strong> 1 h<\/span><br><\/td><td class=\"einsatz-column-number\">1672020<\/td><td class=\"einsatz-column-date\">26.12.2020<\/td><td class=\"einsatz-column-time\">07:38<\/td><td class=\"einsatz-column-title\"><a href=\"https:\/\/www.ff-sarstedt.de\/stadt\/archive\/einsaetze\/ff-sarstedt-h0-tragehilfe-rettungsdienst-2\" rel=\"bookmark\">FF Sarstedt | H0 &#8211; Tragehilfe Rettungsdienst<\/a><\/td><td class=\"einsatz-column-location\">Voss-Str.<\/td><td class=\"einsatz-column-duration\">1 h<\/td><td class=\"einsatz-column-annotationImages\"><i class=\"fa-solid fa-camera\" aria-hidden=\"true\" title=\"Bericht enth\u00e4lt keine Bilder\" style=\"color: #bbbbbb;\"><\/i><\/td><\/tr><tr class=\"report\"><td class=\"smallscreen\" colspan=\"7\" data-permalink=\"https:\/\/www.ff-sarstedt.de\/stadt\/archive\/einsaetze\/ff-sarstedt-h0-sonstige-hilfeleistung-2\"><div class=\"annotation-icon-bar\"><i class=\"fa-solid fa-camera\" aria-hidden=\"true\" title=\"Bericht enth\u00e4lt keine Bilder\" style=\"color: #bbbbbb;\"><\/i><\/div><span class=\"einsatz-number\"><strong>Nummer:<\/strong> 1662020<\/span><br><span class=\"einsatz-date\"><strong>Datum:<\/strong> 25.12.2020<\/span><br><span class=\"einsatz-time\"><strong>Uhrzeit:<\/strong> 12:32<\/span><br><span class=\"einsatz-title\"><strong>Einsatzmeldung:<\/strong> <a href=\"https:\/\/www.ff-sarstedt.de\/stadt\/archive\/einsaetze\/ff-sarstedt-h0-sonstige-hilfeleistung-2\" rel=\"bookmark\">FF Sarstedt | H0 &#8211; Sonstige Hilfeleistung<\/a><\/span><br><span class=\"einsatz-location\"><strong>Einsatzort:<\/strong> B6 FR Nord<\/span><br><span class=\"einsatz-duration\"><strong>Dauer:<\/strong> 30 min<\/span><br><\/td><td class=\"einsatz-column-number\">1662020<\/td><td class=\"einsatz-column-date\">25.12.2020<\/td><td class=\"einsatz-column-time\">12:32<\/td><td class=\"einsatz-column-title\"><a href=\"https:\/\/www.ff-sarstedt.de\/stadt\/archive\/einsaetze\/ff-sarstedt-h0-sonstige-hilfeleistung-2\" rel=\"bookmark\">FF Sarstedt | H0 &#8211; Sonstige Hilfeleistung<\/a><\/td><td class=\"einsatz-column-location\">B6 FR Nord<\/td><td class=\"einsatz-column-duration\">30 min<\/td><td class=\"einsatz-column-annotationImages\"><i class=\"fa-solid fa-camera\" aria-hidden=\"true\" title=\"Bericht enth\u00e4lt keine Bilder\" style=\"color: #bbbbbb;\"><\/i><\/td><\/tr><tr class=\"report\"><td class=\"smallscreen\" colspan=\"7\" data-permalink=\"https:\/\/www.ff-sarstedt.de\/stadt\/archive\/einsaetze\/ff-sarstedt-h0-oelspur-31\"><div class=\"annotation-icon-bar\"><i class=\"fa-solid fa-camera\" aria-hidden=\"true\" title=\"Bericht enth\u00e4lt keine Bilder\" style=\"color: #bbbbbb;\"><\/i><\/div><span class=\"einsatz-number\"><strong>Nummer:<\/strong> 1652020<\/span><br><span class=\"einsatz-date\"><strong>Datum:<\/strong> 24.12.2020<\/span><br><span class=\"einsatz-time\"><strong>Uhrzeit:<\/strong> 12:47<\/span><br><span class=\"einsatz-title\"><strong>Einsatzmeldung:<\/strong> <a href=\"https:\/\/www.ff-sarstedt.de\/stadt\/archive\/einsaetze\/ff-sarstedt-h0-oelspur-31\" rel=\"bookmark\">FF Sarstedt | H0 &#8211; \u00d6lspur<\/a><\/span><br><span class=\"einsatz-location\"><strong>Einsatzort:<\/strong> Nordring, Voss-Str., Stormstr.<\/span><br><span class=\"einsatz-duration\"><strong>Dauer:<\/strong> 2 h<\/span><br><\/td><td class=\"einsatz-column-number\">1652020<\/td><td class=\"einsatz-column-date\">24.12.2020<\/td><td class=\"einsatz-column-time\">12:47<\/td><td class=\"einsatz-column-title\"><a href=\"https:\/\/www.ff-sarstedt.de\/stadt\/archive\/einsaetze\/ff-sarstedt-h0-oelspur-31\" rel=\"bookmark\">FF Sarstedt | H0 &#8211; \u00d6lspur<\/a><\/td><td class=\"einsatz-column-location\">Nordring, Voss-Str., Stormstr.<\/td><td class=\"einsatz-column-duration\">2 h<\/td><td class=\"einsatz-column-annotationImages\"><i class=\"fa-solid fa-camera\" aria-hidden=\"true\" title=\"Bericht enth\u00e4lt keine Bilder\" style=\"color: #bbbbbb;\"><\/i><\/td><\/tr><tr class=\"report\"><td class=\"smallscreen\" colspan=\"7\" data-permalink=\"https:\/\/www.ff-sarstedt.de\/stadt\/archive\/einsaetze\/ff-sarstedt-hm1-eingeklemmte-person-6\"><div class=\"annotation-icon-bar\"><i class=\"fa-solid fa-camera\" aria-hidden=\"true\" title=\"Bericht enth\u00e4lt keine Bilder\" style=\"color: #bbbbbb;\"><\/i><\/div><span class=\"einsatz-number\"><strong>Nummer:<\/strong> 1642020<\/span><br><span class=\"einsatz-date\"><strong>Datum:<\/strong> 22.12.2020<\/span><br><span class=\"einsatz-time\"><strong>Uhrzeit:<\/strong> 13:04<\/span><br><span class=\"einsatz-title\"><strong>Einsatzmeldung:<\/strong> <a href=\"https:\/\/www.ff-sarstedt.de\/stadt\/archive\/einsaetze\/ff-sarstedt-hm1-eingeklemmte-person-6\" rel=\"bookmark\">FF Sarstedt | HM1 &#8211; Eingeklemmte Person<\/a><\/span><br><span class=\"einsatz-location\"><strong>Einsatzort:<\/strong> Giesener Str.<\/span><br><span class=\"einsatz-duration\"><strong>Dauer:<\/strong> 1 h<\/span><br><\/td><td class=\"einsatz-column-number\">1642020<\/td><td class=\"einsatz-column-date\">22.12.2020<\/td><td class=\"einsatz-column-time\">13:04<\/td><td class=\"einsatz-column-title\"><a href=\"https:\/\/www.ff-sarstedt.de\/stadt\/archive\/einsaetze\/ff-sarstedt-hm1-eingeklemmte-person-6\" rel=\"bookmark\">FF Sarstedt | HM1 &#8211; Eingeklemmte Person<\/a><\/td><td class=\"einsatz-column-location\">Giesener Str.<\/td><td class=\"einsatz-column-duration\">1 h<\/td><td class=\"einsatz-column-annotationImages\"><i class=\"fa-solid fa-camera\" aria-hidden=\"true\" title=\"Bericht enth\u00e4lt keine Bilder\" style=\"color: #bbbbbb;\"><\/i><\/td><\/tr><tr class=\"report\"><td class=\"smallscreen\" colspan=\"7\" data-permalink=\"https:\/\/www.ff-sarstedt.de\/stadt\/archive\/einsaetze\/ff-sarstedt-b1-kuechenbrand-3\"><div class=\"annotation-icon-bar\"><i class=\"fa-solid fa-camera\" aria-hidden=\"true\" title=\"Bericht enth\u00e4lt keine Bilder\" style=\"color: #bbbbbb;\"><\/i><\/div><span class=\"einsatz-number\"><strong>Nummer:<\/strong> 1632020<\/span><br><span class=\"einsatz-date\"><strong>Datum:<\/strong> 15.12.2020<\/span><br><span class=\"einsatz-time\"><strong>Uhrzeit:<\/strong> 10:01<\/span><br><span class=\"einsatz-title\"><strong>Einsatzmeldung:<\/strong> <a href=\"https:\/\/www.ff-sarstedt.de\/stadt\/archive\/einsaetze\/ff-sarstedt-b1-kuechenbrand-3\" rel=\"bookmark\">FF Sarstedt | B1 &#8211; K\u00fcchenbrand<\/a><\/span><br><span class=\"einsatz-location\"><strong>Einsatzort:<\/strong> Stormstra\u00dfe<\/span><br><span class=\"einsatz-duration\"><strong>Dauer:<\/strong> 1 h 30 min<\/span><br><\/td><td class=\"einsatz-column-number\">1632020<\/td><td class=\"einsatz-column-date\">15.12.2020<\/td><td class=\"einsatz-column-time\">10:01<\/td><td class=\"einsatz-column-title\"><a href=\"https:\/\/www.ff-sarstedt.de\/stadt\/archive\/einsaetze\/ff-sarstedt-b1-kuechenbrand-3\" rel=\"bookmark\">FF Sarstedt | B1 &#8211; K\u00fcchenbrand<\/a><\/td><td class=\"einsatz-column-location\">Stormstra\u00dfe<\/td><td class=\"einsatz-column-duration\">1 h 30 min<\/td><td class=\"einsatz-column-annotationImages\"><i class=\"fa-solid fa-camera\" aria-hidden=\"true\" title=\"Bericht enth\u00e4lt keine Bilder\" style=\"color: #bbbbbb;\"><\/i><\/td><\/tr><tr class=\"report\"><td class=\"smallscreen\" colspan=\"7\" data-permalink=\"https:\/\/www.ff-sarstedt.de\/stadt\/archive\/einsaetze\/ff-sarstedt-h0-oelspur-32\"><div class=\"annotation-icon-bar\"><i class=\"fa-solid fa-camera\" aria-hidden=\"true\" title=\"Bericht enth\u00e4lt keine Bilder\" style=\"color: #bbbbbb;\"><\/i><\/div><span class=\"einsatz-number\"><strong>Nummer:<\/strong> 1622020<\/span><br><span class=\"einsatz-date\"><strong>Datum:<\/strong> 07.12.2020<\/span><br><span class=\"einsatz-time\"><strong>Uhrzeit:<\/strong> 14:55<\/span><br><span class=\"einsatz-title\"><strong>Einsatzmeldung:<\/strong> <a href=\"https:\/\/www.ff-sarstedt.de\/stadt\/archive\/einsaetze\/ff-sarstedt-h0-oelspur-32\" rel=\"bookmark\">FF Sarstedt | H0 &#8211; \u00d6lspur<\/a><\/span><br><span class=\"einsatz-location\"><strong>Einsatzort:<\/strong> Moorberg<\/span><br><span class=\"einsatz-duration\"><strong>Dauer:<\/strong> 35 min<\/span><br><\/td><td class=\"einsatz-column-number\">1622020<\/td><td class=\"einsatz-column-date\">07.12.2020<\/td><td class=\"einsatz-column-time\">14:55<\/td><td class=\"einsatz-column-title\"><a href=\"https:\/\/www.ff-sarstedt.de\/stadt\/archive\/einsaetze\/ff-sarstedt-h0-oelspur-32\" rel=\"bookmark\">FF Sarstedt | H0 &#8211; \u00d6lspur<\/a><\/td><td class=\"einsatz-column-location\">Moorberg<\/td><td class=\"einsatz-column-duration\">35 min<\/td><td class=\"einsatz-column-annotationImages\"><i class=\"fa-solid fa-camera\" aria-hidden=\"true\" title=\"Bericht enth\u00e4lt keine Bilder\" style=\"color: #bbbbbb;\"><\/i><\/td><\/tr><tr class=\"report\"><td class=\"smallscreen\" colspan=\"7\" data-permalink=\"https:\/\/www.ff-sarstedt.de\/stadt\/archive\/einsaetze\/ff-sarstedt-h0-tueroeffnung-73\"><div class=\"annotation-icon-bar\"><i class=\"fa-solid fa-camera\" aria-hidden=\"true\" title=\"Bericht enth\u00e4lt keine Bilder\" style=\"color: #bbbbbb;\"><\/i><\/div><span class=\"einsatz-number\"><strong>Nummer:<\/strong> 1612020<\/span><br><span class=\"einsatz-date\"><strong>Datum:<\/strong> 05.12.2020<\/span><br><span class=\"einsatz-time\"><strong>Uhrzeit:<\/strong> 14:23<\/span><br><span class=\"einsatz-title\"><strong>Einsatzmeldung:<\/strong> <a href=\"https:\/\/www.ff-sarstedt.de\/stadt\/archive\/einsaetze\/ff-sarstedt-h0-tueroeffnung-73\" rel=\"bookmark\">FF Sarstedt | H0 &#8211; T\u00fcr\u00f6ffnung<\/a><\/span><br><span class=\"einsatz-location\"><strong>Einsatzort:<\/strong> Giesener Str.<\/span><br><span class=\"einsatz-duration\"><strong>Dauer:<\/strong> 1 h<\/span><br><\/td><td class=\"einsatz-column-number\">1612020<\/td><td class=\"einsatz-column-date\">05.12.2020<\/td><td class=\"einsatz-column-time\">14:23<\/td><td class=\"einsatz-column-title\"><a href=\"https:\/\/www.ff-sarstedt.de\/stadt\/archive\/einsaetze\/ff-sarstedt-h0-tueroeffnung-73\" rel=\"bookmark\">FF Sarstedt | H0 &#8211; T\u00fcr\u00f6ffnung<\/a><\/td><td class=\"einsatz-column-location\">Giesener Str.<\/td><td class=\"einsatz-column-duration\">1 h<\/td><td class=\"einsatz-column-annotationImages\"><i class=\"fa-solid fa-camera\" aria-hidden=\"true\" title=\"Bericht enth\u00e4lt keine Bilder\" style=\"color: #bbbbbb;\"><\/i><\/td><\/tr><tr class=\"einsatz-title-month\"><td colspan=\"7\">November<\/td><\/tr><tr class=\"einsatz-header\"><th style=\"white-space: nowrap;\">Nummer<\/th><th style=\"white-space: nowrap;\">Datum<\/th><th style=\"white-space: nowrap;\">Uhrzeit<\/th><th style=\"\">Einsatzmeldung<\/th><th style=\"\">Einsatzort<\/th><th style=\"white-space: nowrap;\">Dauer<\/th><th style=\"\"><\/th><\/tr><tr class=\"report\"><td class=\"smallscreen\" colspan=\"7\" data-permalink=\"https:\/\/www.ff-sarstedt.de\/stadt\/archive\/einsaetze\/ff-sarstedt-h0-tueroeffnung-72\"><div class=\"annotation-icon-bar\"><i class=\"fa-solid fa-camera\" aria-hidden=\"true\" title=\"Bericht enth\u00e4lt keine Bilder\" style=\"color: #bbbbbb;\"><\/i><\/div><span class=\"einsatz-number\"><strong>Nummer:<\/strong> 1602020<\/span><br><span class=\"einsatz-date\"><strong>Datum:<\/strong> 25.11.2020<\/span><br><span class=\"einsatz-time\"><strong>Uhrzeit:<\/strong> 11:27<\/span><br><span class=\"einsatz-title\"><strong>Einsatzmeldung:<\/strong> <a href=\"https:\/\/www.ff-sarstedt.de\/stadt\/archive\/einsaetze\/ff-sarstedt-h0-tueroeffnung-72\" rel=\"bookmark\">FF Sarstedt | H0 &#8211; T\u00fcr\u00f6ffnung<\/a><\/span><br><span class=\"einsatz-location\"><strong>Einsatzort:<\/strong> Wiesenstra\u00dfe<\/span><br><span class=\"einsatz-duration\"><strong>Dauer:<\/strong> 30 min<\/span><br><\/td><td class=\"einsatz-column-number\">1602020<\/td><td class=\"einsatz-column-date\">25.11.2020<\/td><td class=\"einsatz-column-time\">11:27<\/td><td class=\"einsatz-column-title\"><a href=\"https:\/\/www.ff-sarstedt.de\/stadt\/archive\/einsaetze\/ff-sarstedt-h0-tueroeffnung-72\" rel=\"bookmark\">FF Sarstedt | H0 &#8211; T\u00fcr\u00f6ffnung<\/a><\/td><td class=\"einsatz-column-location\">Wiesenstra\u00dfe<\/td><td class=\"einsatz-column-duration\">30 min<\/td><td class=\"einsatz-column-annotationImages\"><i class=\"fa-solid fa-camera\" aria-hidden=\"true\" title=\"Bericht enth\u00e4lt keine Bilder\" style=\"color: #bbbbbb;\"><\/i><\/td><\/tr><tr class=\"report\"><td class=\"smallscreen\" colspan=\"7\" data-permalink=\"https:\/\/www.ff-sarstedt.de\/stadt\/archive\/einsaetze\/ff-sarstedt-h0-tierrettung-24\"><div class=\"annotation-icon-bar\"><i class=\"fa-solid fa-camera\" aria-hidden=\"true\" title=\"Bericht enth\u00e4lt keine Bilder\" style=\"color: #bbbbbb;\"><\/i><\/div><span class=\"einsatz-number\"><strong>Nummer:<\/strong> 1592020<\/span><br><span class=\"einsatz-date\"><strong>Datum:<\/strong> 24.11.2020<\/span><br><span class=\"einsatz-time\"><strong>Uhrzeit:<\/strong> 23:48<\/span><br><span class=\"einsatz-title\"><strong>Einsatzmeldung:<\/strong> <a href=\"https:\/\/www.ff-sarstedt.de\/stadt\/archive\/einsaetze\/ff-sarstedt-h0-tierrettung-24\" rel=\"bookmark\">FF Sarstedt | H0 &#8211; Tierrettung<\/a><\/span><br><span class=\"einsatz-location\"><strong>Einsatzort:<\/strong> Gottfried-Keller-Stra\u00dfe<\/span><br><span class=\"einsatz-duration\"><strong>Dauer:<\/strong> 1 h<\/span><br><\/td><td class=\"einsatz-column-number\">1592020<\/td><td class=\"einsatz-column-date\">24.11.2020<\/td><td class=\"einsatz-column-time\">23:48<\/td><td class=\"einsatz-column-title\"><a href=\"https:\/\/www.ff-sarstedt.de\/stadt\/archive\/einsaetze\/ff-sarstedt-h0-tierrettung-24\" rel=\"bookmark\">FF Sarstedt | H0 &#8211; Tierrettung<\/a><\/td><td class=\"einsatz-column-location\">Gottfried-Keller-Stra\u00dfe<\/td><td class=\"einsatz-column-duration\">1 h<\/td><td class=\"einsatz-column-annotationImages\"><i class=\"fa-solid fa-camera\" aria-hidden=\"true\" title=\"Bericht enth\u00e4lt keine Bilder\" style=\"color: #bbbbbb;\"><\/i><\/td><\/tr><tr class=\"report\"><td class=\"smallscreen\" colspan=\"7\" data-permalink=\"https:\/\/www.ff-sarstedt.de\/stadt\/archive\/einsaetze\/ff-sarstedt-b1-bma-9\"><div class=\"annotation-icon-bar\"><i class=\"fa-solid fa-camera\" aria-hidden=\"true\" title=\"Bericht enth\u00e4lt keine Bilder\" style=\"color: #bbbbbb;\"><\/i><\/div><span class=\"einsatz-number\"><strong>Nummer:<\/strong> 1582020<\/span><br><span class=\"einsatz-date\"><strong>Datum:<\/strong> 21.11.2020<\/span><br><span class=\"einsatz-time\"><strong>Uhrzeit:<\/strong> 18:02<\/span><br><span class=\"einsatz-title\"><strong>Einsatzmeldung:<\/strong> <a href=\"https:\/\/www.ff-sarstedt.de\/stadt\/archive\/einsaetze\/ff-sarstedt-b1-bma-9\" rel=\"bookmark\">FF Sarstedt | B1 &#8211; BMA<\/a><\/span><br><span class=\"einsatz-location\"><strong>Einsatzort:<\/strong> Wenderter Str.<\/span><br><span class=\"einsatz-duration\"><strong>Dauer:<\/strong> 30 min<\/span><br><\/td><td class=\"einsatz-column-number\">1582020<\/td><td class=\"einsatz-column-date\">21.11.2020<\/td><td class=\"einsatz-column-time\">18:02<\/td><td class=\"einsatz-column-title\"><a href=\"https:\/\/www.ff-sarstedt.de\/stadt\/archive\/einsaetze\/ff-sarstedt-b1-bma-9\" rel=\"bookmark\">FF Sarstedt | B1 &#8211; BMA<\/a><\/td><td class=\"einsatz-column-location\">Wenderter Str.<\/td><td class=\"einsatz-column-duration\">30 min<\/td><td class=\"einsatz-column-annotationImages\"><i class=\"fa-solid fa-camera\" aria-hidden=\"true\" title=\"Bericht enth\u00e4lt keine Bilder\" style=\"color: #bbbbbb;\"><\/i><\/td><\/tr><tr class=\"report\"><td class=\"smallscreen\" colspan=\"7\" data-permalink=\"https:\/\/www.ff-sarstedt.de\/stadt\/archive\/einsaetze\/ff-sarstedt-h0-oelspur-30\"><div class=\"annotation-icon-bar\"><i class=\"fa-solid fa-camera\" aria-hidden=\"true\" title=\"Bericht enth\u00e4lt keine Bilder\" style=\"color: #bbbbbb;\"><\/i><\/div><span class=\"einsatz-number\"><strong>Nummer:<\/strong> 1572020<\/span><br><span class=\"einsatz-date\"><strong>Datum:<\/strong> 17.11.2020<\/span><br><span class=\"einsatz-time\"><strong>Uhrzeit:<\/strong> 16:40<\/span><br><span class=\"einsatz-title\"><strong>Einsatzmeldung:<\/strong> <a href=\"https:\/\/www.ff-sarstedt.de\/stadt\/archive\/einsaetze\/ff-sarstedt-h0-oelspur-30\" rel=\"bookmark\">FF Sarstedt | H0 &#8211; \u00d6lspur<\/a><\/span><br><span class=\"einsatz-location\"><strong>Einsatzort:<\/strong> Am Sonnenkamp<\/span><br><span class=\"einsatz-duration\"><strong>Dauer:<\/strong> 1 h<\/span><br><\/td><td class=\"einsatz-column-number\">1572020<\/td><td class=\"einsatz-column-date\">17.11.2020<\/td><td class=\"einsatz-column-time\">16:40<\/td><td class=\"einsatz-column-title\"><a href=\"https:\/\/www.ff-sarstedt.de\/stadt\/archive\/einsaetze\/ff-sarstedt-h0-oelspur-30\" rel=\"bookmark\">FF Sarstedt | H0 &#8211; \u00d6lspur<\/a><\/td><td class=\"einsatz-column-location\">Am Sonnenkamp<\/td><td class=\"einsatz-column-duration\">1 h<\/td><td class=\"einsatz-column-annotationImages\"><i class=\"fa-solid fa-camera\" aria-hidden=\"true\" title=\"Bericht enth\u00e4lt keine Bilder\" style=\"color: #bbbbbb;\"><\/i><\/td><\/tr><tr class=\"report\"><td class=\"smallscreen\" colspan=\"7\" data-permalink=\"https:\/\/www.ff-sarstedt.de\/stadt\/archive\/einsaetze\/ff-sarstedt-b0-pkw-brand-4\"><div class=\"annotation-icon-bar\"><i class=\"fa-solid fa-camera\" aria-hidden=\"true\" title=\"Bericht enth\u00e4lt keine Bilder\" style=\"color: #bbbbbb;\"><\/i><\/div><span class=\"einsatz-number\"><strong>Nummer:<\/strong> 1562020<\/span><br><span class=\"einsatz-date\"><strong>Datum:<\/strong> 16.11.2020<\/span><br><span class=\"einsatz-time\"><strong>Uhrzeit:<\/strong> 11:57<\/span><br><span class=\"einsatz-title\"><strong>Einsatzmeldung:<\/strong> <a href=\"https:\/\/www.ff-sarstedt.de\/stadt\/archive\/einsaetze\/ff-sarstedt-b0-pkw-brand-4\" rel=\"bookmark\">FF Sarstedt | B0 &#8211; PKW Brand<\/a><\/span><br><span class=\"einsatz-location\"><strong>Einsatzort:<\/strong> Breslauer Stra\u00dfe<\/span><br><span class=\"einsatz-duration\"><strong>Dauer:<\/strong> 2 h<\/span><br><\/td><td class=\"einsatz-column-number\">1562020<\/td><td class=\"einsatz-column-date\">16.11.2020<\/td><td class=\"einsatz-column-time\">11:57<\/td><td class=\"einsatz-column-title\"><a href=\"https:\/\/www.ff-sarstedt.de\/stadt\/archive\/einsaetze\/ff-sarstedt-b0-pkw-brand-4\" rel=\"bookmark\">FF Sarstedt | B0 &#8211; PKW Brand<\/a><\/td><td class=\"einsatz-column-location\">Breslauer Stra\u00dfe<\/td><td class=\"einsatz-column-duration\">2 h<\/td><td class=\"einsatz-column-annotationImages\"><i class=\"fa-solid fa-camera\" aria-hidden=\"true\" title=\"Bericht enth\u00e4lt keine Bilder\" style=\"color: #bbbbbb;\"><\/i><\/td><\/tr><tr class=\"report\"><td class=\"smallscreen\" colspan=\"7\" data-permalink=\"https:\/\/www.ff-sarstedt.de\/stadt\/archive\/einsaetze\/ff-sarstedt-h0-tragehilfe-rd-3\"><div class=\"annotation-icon-bar\"><i class=\"fa-solid fa-camera\" aria-hidden=\"true\" title=\"Bericht enth\u00e4lt keine Bilder\" style=\"color: #bbbbbb;\"><\/i><\/div><span class=\"einsatz-number\"><strong>Nummer:<\/strong> 1552020<\/span><br><span class=\"einsatz-date\"><strong>Datum:<\/strong> 15.11.2020<\/span><br><span class=\"einsatz-time\"><strong>Uhrzeit:<\/strong> 09:29<\/span><br><span class=\"einsatz-title\"><strong>Einsatzmeldung:<\/strong> <a href=\"https:\/\/www.ff-sarstedt.de\/stadt\/archive\/einsaetze\/ff-sarstedt-h0-tragehilfe-rd-3\" rel=\"bookmark\">FF Sarstedt | H0 &#8211; Tragehilfe RD<\/a><\/span><br><span class=\"einsatz-location\"><strong>Einsatzort:<\/strong> Heisede<\/span><br><span class=\"einsatz-duration\"><strong>Dauer:<\/strong> 1 h<\/span><br><\/td><td class=\"einsatz-column-number\">1552020<\/td><td class=\"einsatz-column-date\">15.11.2020<\/td><td class=\"einsatz-column-time\">09:29<\/td><td class=\"einsatz-column-title\"><a href=\"https:\/\/www.ff-sarstedt.de\/stadt\/archive\/einsaetze\/ff-sarstedt-h0-tragehilfe-rd-3\" rel=\"bookmark\">FF Sarstedt | H0 &#8211; Tragehilfe RD<\/a><\/td><td class=\"einsatz-column-location\">Heisede<\/td><td class=\"einsatz-column-duration\">1 h<\/td><td class=\"einsatz-column-annotationImages\"><i class=\"fa-solid fa-camera\" aria-hidden=\"true\" title=\"Bericht enth\u00e4lt keine Bilder\" style=\"color: #bbbbbb;\"><\/i><\/td><\/tr><tr class=\"report\"><td class=\"smallscreen\" colspan=\"7\" data-permalink=\"https:\/\/www.ff-sarstedt.de\/stadt\/archive\/einsaetze\/ff-sarstedt-b1-bma-8\"><div class=\"annotation-icon-bar\"><i class=\"fa-solid fa-camera\" aria-hidden=\"true\" title=\"Bericht enth\u00e4lt keine Bilder\" style=\"color: #bbbbbb;\"><\/i><\/div><span class=\"einsatz-number\"><strong>Nummer:<\/strong> 1542020<\/span><br><span class=\"einsatz-date\"><strong>Datum:<\/strong> 15.11.2020<\/span><br><span class=\"einsatz-time\"><strong>Uhrzeit:<\/strong> 04:49<\/span><br><span class=\"einsatz-title\"><strong>Einsatzmeldung:<\/strong> <a href=\"https:\/\/www.ff-sarstedt.de\/stadt\/archive\/einsaetze\/ff-sarstedt-b1-bma-8\" rel=\"bookmark\">FF Sarstedt| B1 &#8211; BMA<\/a><\/span><br><span class=\"einsatz-location\"><strong>Einsatzort:<\/strong> Am Teinkamp<\/span><br><span class=\"einsatz-duration\"><strong>Dauer:<\/strong> 1 h<\/span><br><\/td><td class=\"einsatz-column-number\">1542020<\/td><td class=\"einsatz-column-date\">15.11.2020<\/td><td class=\"einsatz-column-time\">04:49<\/td><td class=\"einsatz-column-title\"><a href=\"https:\/\/www.ff-sarstedt.de\/stadt\/archive\/einsaetze\/ff-sarstedt-b1-bma-8\" rel=\"bookmark\">FF Sarstedt| B1 &#8211; BMA<\/a><\/td><td class=\"einsatz-column-location\">Am Teinkamp<\/td><td class=\"einsatz-column-duration\">1 h<\/td><td class=\"einsatz-column-annotationImages\"><i class=\"fa-solid fa-camera\" aria-hidden=\"true\" title=\"Bericht enth\u00e4lt keine Bilder\" style=\"color: #bbbbbb;\"><\/i><\/td><\/tr><tr class=\"report\"><td class=\"smallscreen\" colspan=\"7\" data-permalink=\"https:\/\/www.ff-sarstedt.de\/stadt\/archive\/einsaetze\/ff-sarstedt-b1-brandgeruch-5\"><div class=\"annotation-icon-bar\"><i class=\"fa-solid fa-camera\" aria-hidden=\"true\" title=\"Bericht enth\u00e4lt keine Bilder\" style=\"color: #bbbbbb;\"><\/i><\/div><span class=\"einsatz-number\"><strong>Nummer:<\/strong> 1532020<\/span><br><span class=\"einsatz-date\"><strong>Datum:<\/strong> 11.11.2020<\/span><br><span class=\"einsatz-time\"><strong>Uhrzeit:<\/strong> 20:41<\/span><br><span class=\"einsatz-title\"><strong>Einsatzmeldung:<\/strong> <a href=\"https:\/\/www.ff-sarstedt.de\/stadt\/archive\/einsaetze\/ff-sarstedt-b1-brandgeruch-5\" rel=\"bookmark\">FF Sarstedt | B1 &#8211; Brandgeruch<\/a><\/span><br><span class=\"einsatz-location\"><strong>Einsatzort:<\/strong> Gl\u00fcckaufstr.<\/span><br><span class=\"einsatz-duration\"><strong>Dauer:<\/strong> 30 min<\/span><br><\/td><td class=\"einsatz-column-number\">1532020<\/td><td class=\"einsatz-column-date\">11.11.2020<\/td><td class=\"einsatz-column-time\">20:41<\/td><td class=\"einsatz-column-title\"><a href=\"https:\/\/www.ff-sarstedt.de\/stadt\/archive\/einsaetze\/ff-sarstedt-b1-brandgeruch-5\" rel=\"bookmark\">FF Sarstedt | B1 &#8211; Brandgeruch<\/a><\/td><td class=\"einsatz-column-location\">Gl\u00fcckaufstr.<\/td><td class=\"einsatz-column-duration\">30 min<\/td><td class=\"einsatz-column-annotationImages\"><i class=\"fa-solid fa-camera\" aria-hidden=\"true\" title=\"Bericht enth\u00e4lt keine Bilder\" style=\"color: #bbbbbb;\"><\/i><\/td><\/tr><tr class=\"report\"><td class=\"smallscreen\" colspan=\"7\" data-permalink=\"https:\/\/www.ff-sarstedt.de\/stadt\/archive\/einsaetze\/ff-sarstedt-hm1-eingeklemmte-person-5\"><div class=\"annotation-icon-bar\"><i class=\"fa-solid fa-camera\" aria-hidden=\"true\" title=\"Bericht enth\u00e4lt keine Bilder\" style=\"color: #bbbbbb;\"><\/i><\/div><span class=\"einsatz-number\"><strong>Nummer:<\/strong> 1522020<\/span><br><span class=\"einsatz-date\"><strong>Datum:<\/strong> 08.11.2020<\/span><br><span class=\"einsatz-time\"><strong>Uhrzeit:<\/strong> 09:26<\/span><br><span class=\"einsatz-title\"><strong>Einsatzmeldung:<\/strong> <a href=\"https:\/\/www.ff-sarstedt.de\/stadt\/archive\/einsaetze\/ff-sarstedt-hm1-eingeklemmte-person-5\" rel=\"bookmark\">FF Sarstedt | HM1 &#8211; eingeklemmte Person<\/a><\/span><br><span class=\"einsatz-location\"><strong>Einsatzort:<\/strong> Schliekum<\/span><br><span class=\"einsatz-duration\"><strong>Dauer:<\/strong> 30 min<\/span><br><\/td><td class=\"einsatz-column-number\">1522020<\/td><td class=\"einsatz-column-date\">08.11.2020<\/td><td class=\"einsatz-column-time\">09:26<\/td><td class=\"einsatz-column-title\"><a href=\"https:\/\/www.ff-sarstedt.de\/stadt\/archive\/einsaetze\/ff-sarstedt-hm1-eingeklemmte-person-5\" rel=\"bookmark\">FF Sarstedt | HM1 &#8211; eingeklemmte Person<\/a><\/td><td class=\"einsatz-column-location\">Schliekum<\/td><td class=\"einsatz-column-duration\">30 min<\/td><td class=\"einsatz-column-annotationImages\"><i class=\"fa-solid fa-camera\" aria-hidden=\"true\" title=\"Bericht enth\u00e4lt keine Bilder\" style=\"color: #bbbbbb;\"><\/i><\/td><\/tr><tr class=\"report\"><td class=\"smallscreen\" colspan=\"7\" data-permalink=\"https:\/\/www.ff-sarstedt.de\/stadt\/archive\/einsaetze\/ff-sarstedt-b1-bma-7\"><div class=\"annotation-icon-bar\"><i class=\"fa-solid fa-camera\" aria-hidden=\"true\" title=\"Bericht enth\u00e4lt keine Bilder\" style=\"color: #bbbbbb;\"><\/i><\/div><span class=\"einsatz-number\"><strong>Nummer:<\/strong> 1512020<\/span><br><span class=\"einsatz-date\"><strong>Datum:<\/strong> 06.11.2020<\/span><br><span class=\"einsatz-time\"><strong>Uhrzeit:<\/strong> 13:15<\/span><br><span class=\"einsatz-title\"><strong>Einsatzmeldung:<\/strong> <a href=\"https:\/\/www.ff-sarstedt.de\/stadt\/archive\/einsaetze\/ff-sarstedt-b1-bma-7\" rel=\"bookmark\">FF Sarstedt | B1 &#8211; BMA<\/a><\/span><br><span class=\"einsatz-location\"><strong>Einsatzort:<\/strong> Karl-Schiller-Stra\u00dfe<\/span><br><span class=\"einsatz-duration\"><strong>Dauer:<\/strong> 30 min<\/span><br><\/td><td class=\"einsatz-column-number\">1512020<\/td><td class=\"einsatz-column-date\">06.11.2020<\/td><td class=\"einsatz-column-time\">13:15<\/td><td class=\"einsatz-column-title\"><a href=\"https:\/\/www.ff-sarstedt.de\/stadt\/archive\/einsaetze\/ff-sarstedt-b1-bma-7\" rel=\"bookmark\">FF Sarstedt | B1 &#8211; BMA<\/a><\/td><td class=\"einsatz-column-location\">Karl-Schiller-Stra\u00dfe<\/td><td class=\"einsatz-column-duration\">30 min<\/td><td class=\"einsatz-column-annotationImages\"><i class=\"fa-solid fa-camera\" aria-hidden=\"true\" title=\"Bericht enth\u00e4lt keine Bilder\" style=\"color: #bbbbbb;\"><\/i><\/td><\/tr><tr class=\"report\"><td class=\"smallscreen\" colspan=\"7\" data-permalink=\"https:\/\/www.ff-sarstedt.de\/stadt\/archive\/einsaetze\/ff-sarstedt-b1-kuechenbrand-2\"><div class=\"annotation-icon-bar\"><i class=\"fa-solid fa-camera\" aria-hidden=\"true\" title=\"Bericht enth\u00e4lt keine Bilder\" style=\"color: #bbbbbb;\"><\/i><\/div><span class=\"einsatz-number\"><strong>Nummer:<\/strong> 1502020<\/span><br><span class=\"einsatz-date\"><strong>Datum:<\/strong> 02.11.2020<\/span><br><span class=\"einsatz-time\"><strong>Uhrzeit:<\/strong> 18:03<\/span><br><span class=\"einsatz-title\"><strong>Einsatzmeldung:<\/strong> <a href=\"https:\/\/www.ff-sarstedt.de\/stadt\/archive\/einsaetze\/ff-sarstedt-b1-kuechenbrand-2\" rel=\"bookmark\">FF Sarstedt | B1 &#8211; K\u00fcchenbrand<\/a><\/span><br><span class=\"einsatz-location\"><strong>Einsatzort:<\/strong> Geschwister-Scholl-Stra\u00dfe<\/span><br><span class=\"einsatz-duration\"><strong>Dauer:<\/strong> 30 min<\/span><br><\/td><td class=\"einsatz-column-number\">1502020<\/td><td class=\"einsatz-column-date\">02.11.2020<\/td><td class=\"einsatz-column-time\">18:03<\/td><td class=\"einsatz-column-title\"><a href=\"https:\/\/www.ff-sarstedt.de\/stadt\/archive\/einsaetze\/ff-sarstedt-b1-kuechenbrand-2\" rel=\"bookmark\">FF Sarstedt | B1 &#8211; K\u00fcchenbrand<\/a><\/td><td class=\"einsatz-column-location\">Geschwister-Scholl-Stra\u00dfe<\/td><td class=\"einsatz-column-duration\">30 min<\/td><td class=\"einsatz-column-annotationImages\"><i class=\"fa-solid fa-camera\" aria-hidden=\"true\" title=\"Bericht enth\u00e4lt keine Bilder\" style=\"color: #bbbbbb;\"><\/i><\/td><\/tr><tr class=\"zebracorrection\"><td colspan=\"7\">&nbsp;<\/td><\/tr><tr class=\"einsatz-title-month\"><td colspan=\"7\">Oktober<\/td><\/tr><tr class=\"einsatz-header\"><th style=\"white-space: nowrap;\">Nummer<\/th><th style=\"white-space: nowrap;\">Datum<\/th><th style=\"white-space: nowrap;\">Uhrzeit<\/th><th style=\"\">Einsatzmeldung<\/th><th style=\"\">Einsatzort<\/th><th style=\"white-space: nowrap;\">Dauer<\/th><th style=\"\"><\/th><\/tr><tr class=\"report\"><td class=\"smallscreen\" colspan=\"7\" data-permalink=\"https:\/\/www.ff-sarstedt.de\/stadt\/archive\/einsaetze\/ff-sarstedt-b1-bma-6\"><div class=\"annotation-icon-bar\"><i class=\"fa-solid fa-camera\" aria-hidden=\"true\" title=\"Bericht enth\u00e4lt keine Bilder\" style=\"color: #bbbbbb;\"><\/i><\/div><span class=\"einsatz-number\"><strong>Nummer:<\/strong> 1492020<\/span><br><span class=\"einsatz-date\"><strong>Datum:<\/strong> 31.10.2020<\/span><br><span class=\"einsatz-time\"><strong>Uhrzeit:<\/strong> 15:32<\/span><br><span class=\"einsatz-title\"><strong>Einsatzmeldung:<\/strong> <a href=\"https:\/\/www.ff-sarstedt.de\/stadt\/archive\/einsaetze\/ff-sarstedt-b1-bma-6\" rel=\"bookmark\">FF Sarstedt | B1 &#8211; BMA<\/a><\/span><br><span class=\"einsatz-location\"><strong>Einsatzort:<\/strong> Moorberg<\/span><br><span class=\"einsatz-duration\"><strong>Dauer:<\/strong> 30 min<\/span><br><\/td><td class=\"einsatz-column-number\">1492020<\/td><td class=\"einsatz-column-date\">31.10.2020<\/td><td class=\"einsatz-column-time\">15:32<\/td><td class=\"einsatz-column-title\"><a href=\"https:\/\/www.ff-sarstedt.de\/stadt\/archive\/einsaetze\/ff-sarstedt-b1-bma-6\" rel=\"bookmark\">FF Sarstedt | B1 &#8211; BMA<\/a><\/td><td class=\"einsatz-column-location\">Moorberg<\/td><td class=\"einsatz-column-duration\">30 min<\/td><td class=\"einsatz-column-annotationImages\"><i class=\"fa-solid fa-camera\" aria-hidden=\"true\" title=\"Bericht enth\u00e4lt keine Bilder\" style=\"color: #bbbbbb;\"><\/i><\/td><\/tr><tr class=\"report\"><td class=\"smallscreen\" colspan=\"7\" data-permalink=\"https:\/\/www.ff-sarstedt.de\/stadt\/archive\/einsaetze\/ff-sarstedt-h0-oel-auf-gewaesser-5\"><div class=\"annotation-icon-bar\"><i class=\"fa-solid fa-camera\" aria-hidden=\"true\" title=\"Bericht enth\u00e4lt keine Bilder\" style=\"color: #bbbbbb;\"><\/i><\/div><span class=\"einsatz-number\"><strong>Nummer:<\/strong> 1482020<\/span><br><span class=\"einsatz-date\"><strong>Datum:<\/strong> 31.10.2020<\/span><br><span class=\"einsatz-time\"><strong>Uhrzeit:<\/strong> 10:06<\/span><br><span class=\"einsatz-title\"><strong>Einsatzmeldung:<\/strong> <a href=\"https:\/\/www.ff-sarstedt.de\/stadt\/archive\/einsaetze\/ff-sarstedt-h0-oel-auf-gewaesser-5\" rel=\"bookmark\">FF Sarstedt | H0 &#8211; \u00d6l auf Gew\u00e4sser<\/a><\/span><br><span class=\"einsatz-location\"><strong>Einsatzort:<\/strong> Hildesheimer Stra\u00dfe<\/span><br><span class=\"einsatz-duration\"><strong>Dauer:<\/strong> 30 min<\/span><br><\/td><td class=\"einsatz-column-number\">1482020<\/td><td class=\"einsatz-column-date\">31.10.2020<\/td><td class=\"einsatz-column-time\">10:06<\/td><td class=\"einsatz-column-title\"><a href=\"https:\/\/www.ff-sarstedt.de\/stadt\/archive\/einsaetze\/ff-sarstedt-h0-oel-auf-gewaesser-5\" rel=\"bookmark\">FF Sarstedt | H0 &#8211; \u00d6l auf Gew\u00e4sser<\/a><\/td><td class=\"einsatz-column-location\">Hildesheimer Stra\u00dfe<\/td><td class=\"einsatz-column-duration\">30 min<\/td><td class=\"einsatz-column-annotationImages\"><i class=\"fa-solid fa-camera\" aria-hidden=\"true\" title=\"Bericht enth\u00e4lt keine Bilder\" style=\"color: #bbbbbb;\"><\/i><\/td><\/tr><tr class=\"report\"><td class=\"smallscreen\" colspan=\"7\" data-permalink=\"https:\/\/www.ff-sarstedt.de\/stadt\/archive\/einsaetze\/ff-sarstedt-h0-oelspur-29\"><div class=\"annotation-icon-bar\"><i class=\"fa-solid fa-camera\" aria-hidden=\"true\" title=\"Bericht enth\u00e4lt keine Bilder\" style=\"color: #bbbbbb;\"><\/i><\/div><span class=\"einsatz-number\"><strong>Nummer:<\/strong> 1472020<\/span><br><span class=\"einsatz-date\"><strong>Datum:<\/strong> 30.10.2020<\/span><br><span class=\"einsatz-time\"><strong>Uhrzeit:<\/strong> 15:17<\/span><br><span class=\"einsatz-title\"><strong>Einsatzmeldung:<\/strong> <a href=\"https:\/\/www.ff-sarstedt.de\/stadt\/archive\/einsaetze\/ff-sarstedt-h0-oelspur-29\" rel=\"bookmark\">FF Sarstedt | H0 &#8211; \u00d6lspur<\/a><\/span><br><span class=\"einsatz-location\"><strong>Einsatzort:<\/strong> Moorberg x L410<\/span><br><span class=\"einsatz-duration\"><strong>Dauer:<\/strong> 4 h<\/span><br><\/td><td class=\"einsatz-column-number\">1472020<\/td><td class=\"einsatz-column-date\">30.10.2020<\/td><td class=\"einsatz-column-time\">15:17<\/td><td class=\"einsatz-column-title\"><a href=\"https:\/\/www.ff-sarstedt.de\/stadt\/archive\/einsaetze\/ff-sarstedt-h0-oelspur-29\" rel=\"bookmark\">FF Sarstedt | H0 &#8211; \u00d6lspur<\/a><\/td><td class=\"einsatz-column-location\">Moorberg x L410<\/td><td class=\"einsatz-column-duration\">4 h<\/td><td class=\"einsatz-column-annotationImages\"><i class=\"fa-solid fa-camera\" aria-hidden=\"true\" title=\"Bericht enth\u00e4lt keine Bilder\" style=\"color: #bbbbbb;\"><\/i><\/td><\/tr><tr class=\"report\"><td class=\"smallscreen\" colspan=\"7\" data-permalink=\"https:\/\/www.ff-sarstedt.de\/stadt\/archive\/einsaetze\/ff-sarstedt-bma-2\"><div class=\"annotation-icon-bar\"><i class=\"fa-solid fa-camera\" aria-hidden=\"true\" title=\"Bericht enth\u00e4lt keine Bilder\" style=\"color: #bbbbbb;\"><\/i><\/div><span class=\"einsatz-number\"><strong>Nummer:<\/strong> 1462020<\/span><br><span class=\"einsatz-date\"><strong>Datum:<\/strong> 27.10.2020<\/span><br><span class=\"einsatz-time\"><strong>Uhrzeit:<\/strong> 03:18<\/span><br><span class=\"einsatz-title\"><strong>Einsatzmeldung:<\/strong> <a href=\"https:\/\/www.ff-sarstedt.de\/stadt\/archive\/einsaetze\/ff-sarstedt-bma-2\" rel=\"bookmark\">FF Sarstedt | B1 &#8211; BMA<\/a><\/span><br><span class=\"einsatz-location\"><strong>Einsatzort:<\/strong> Am Teinkamp<\/span><br><span class=\"einsatz-duration\"><strong>Dauer:<\/strong> 30 min<\/span><br><\/td><td class=\"einsatz-column-number\">1462020<\/td><td class=\"einsatz-column-date\">27.10.2020<\/td><td class=\"einsatz-column-time\">03:18<\/td><td class=\"einsatz-column-title\"><a href=\"https:\/\/www.ff-sarstedt.de\/stadt\/archive\/einsaetze\/ff-sarstedt-bma-2\" rel=\"bookmark\">FF Sarstedt | B1 &#8211; BMA<\/a><\/td><td class=\"einsatz-column-location\">Am Teinkamp<\/td><td class=\"einsatz-column-duration\">30 min<\/td><td class=\"einsatz-column-annotationImages\"><i class=\"fa-solid fa-camera\" aria-hidden=\"true\" title=\"Bericht enth\u00e4lt keine Bilder\" style=\"color: #bbbbbb;\"><\/i><\/td><\/tr><tr class=\"report\"><td class=\"smallscreen\" colspan=\"7\" data-permalink=\"https:\/\/www.ff-sarstedt.de\/stadt\/archive\/einsaetze\/ff-sarstedt-h0-oelspur-28\"><div class=\"annotation-icon-bar\"><i class=\"fa-solid fa-camera\" aria-hidden=\"true\" title=\"Bericht enth\u00e4lt keine Bilder\" style=\"color: #bbbbbb;\"><\/i><\/div><span class=\"einsatz-number\"><strong>Nummer:<\/strong> 1452020<\/span><br><span class=\"einsatz-date\"><strong>Datum:<\/strong> 23.10.2020<\/span><br><span class=\"einsatz-time\"><strong>Uhrzeit:<\/strong> 18:14<\/span><br><span class=\"einsatz-title\"><strong>Einsatzmeldung:<\/strong> <a href=\"https:\/\/www.ff-sarstedt.de\/stadt\/archive\/einsaetze\/ff-sarstedt-h0-oelspur-28\" rel=\"bookmark\">FF Sarstedt | H0 &#8211; \u00d6lspur<\/a><\/span><br><span class=\"einsatz-location\"><strong>Einsatzort:<\/strong> Ostlandstra\u00dfe<\/span><br><span class=\"einsatz-duration\"><strong>Dauer:<\/strong> 1 h<\/span><br><\/td><td class=\"einsatz-column-number\">1452020<\/td><td class=\"einsatz-column-date\">23.10.2020<\/td><td class=\"einsatz-column-time\">18:14<\/td><td class=\"einsatz-column-title\"><a href=\"https:\/\/www.ff-sarstedt.de\/stadt\/archive\/einsaetze\/ff-sarstedt-h0-oelspur-28\" rel=\"bookmark\">FF Sarstedt | H0 &#8211; \u00d6lspur<\/a><\/td><td class=\"einsatz-column-location\">Ostlandstra\u00dfe<\/td><td class=\"einsatz-column-duration\">1 h<\/td><td class=\"einsatz-column-annotationImages\"><i class=\"fa-solid fa-camera\" aria-hidden=\"true\" title=\"Bericht enth\u00e4lt keine Bilder\" style=\"color: #bbbbbb;\"><\/i><\/td><\/tr><tr class=\"report\"><td class=\"smallscreen\" colspan=\"7\" data-permalink=\"https:\/\/www.ff-sarstedt.de\/stadt\/archive\/einsaetze\/ff-sarstedt-h0-amtshilfe-11\"><div class=\"annotation-icon-bar\"><i class=\"fa-solid fa-camera\" aria-hidden=\"true\" title=\"Bericht enth\u00e4lt keine Bilder\" style=\"color: #bbbbbb;\"><\/i><\/div><span class=\"einsatz-number\"><strong>Nummer:<\/strong> 1442020<\/span><br><span class=\"einsatz-date\"><strong>Datum:<\/strong> 23.10.2020<\/span><br><span class=\"einsatz-time\"><strong>Uhrzeit:<\/strong> 15:00<\/span><br><span class=\"einsatz-title\"><strong>Einsatzmeldung:<\/strong> <a href=\"https:\/\/www.ff-sarstedt.de\/stadt\/archive\/einsaetze\/ff-sarstedt-h0-amtshilfe-11\" rel=\"bookmark\">FF Sarstedt | H0 &#8211; Amtshilfe<\/a><\/span><br><span class=\"einsatz-location\"><strong>Einsatzort:<\/strong> Lessingstra\u00dfe<\/span><br><span class=\"einsatz-duration\"><strong>Dauer:<\/strong> 1 h 30 min<\/span><br><\/td><td class=\"einsatz-column-number\">1442020<\/td><td class=\"einsatz-column-date\">23.10.2020<\/td><td class=\"einsatz-column-time\">15:00<\/td><td class=\"einsatz-column-title\"><a href=\"https:\/\/www.ff-sarstedt.de\/stadt\/archive\/einsaetze\/ff-sarstedt-h0-amtshilfe-11\" rel=\"bookmark\">FF Sarstedt | H0 &#8211; Amtshilfe<\/a><\/td><td class=\"einsatz-column-location\">Lessingstra\u00dfe<\/td><td class=\"einsatz-column-duration\">1 h 30 min<\/td><td class=\"einsatz-column-annotationImages\"><i class=\"fa-solid fa-camera\" aria-hidden=\"true\" title=\"Bericht enth\u00e4lt keine Bilder\" style=\"color: #bbbbbb;\"><\/i><\/td><\/tr><tr class=\"report\"><td class=\"smallscreen\" colspan=\"7\" data-permalink=\"https:\/\/www.ff-sarstedt.de\/stadt\/archive\/einsaetze\/ff-sarstedt-h0-oelspur-27\"><div class=\"annotation-icon-bar\"><i class=\"fa-solid fa-camera\" aria-hidden=\"true\" title=\"Bericht enth\u00e4lt keine Bilder\" style=\"color: #bbbbbb;\"><\/i><\/div><span class=\"einsatz-number\"><strong>Nummer:<\/strong> 1432020<\/span><br><span class=\"einsatz-date\"><strong>Datum:<\/strong> 23.10.2020<\/span><br><span class=\"einsatz-time\"><strong>Uhrzeit:<\/strong> 07:15<\/span><br><span class=\"einsatz-title\"><strong>Einsatzmeldung:<\/strong> <a href=\"https:\/\/www.ff-sarstedt.de\/stadt\/archive\/einsaetze\/ff-sarstedt-h0-oelspur-27\" rel=\"bookmark\">FF Sarstedt | H0 &#8211; \u00d6lspur<\/a><\/span><br><span class=\"einsatz-location\"><strong>Einsatzort:<\/strong> Voss-Stra\u00dfe<\/span><br><span class=\"einsatz-duration\"><strong>Dauer:<\/strong> 30 min<\/span><br><\/td><td class=\"einsatz-column-number\">1432020<\/td><td class=\"einsatz-column-date\">23.10.2020<\/td><td class=\"einsatz-column-time\">07:15<\/td><td class=\"einsatz-column-title\"><a href=\"https:\/\/www.ff-sarstedt.de\/stadt\/archive\/einsaetze\/ff-sarstedt-h0-oelspur-27\" rel=\"bookmark\">FF Sarstedt | H0 &#8211; \u00d6lspur<\/a><\/td><td class=\"einsatz-column-location\">Voss-Stra\u00dfe<\/td><td class=\"einsatz-column-duration\">30 min<\/td><td class=\"einsatz-column-annotationImages\"><i class=\"fa-solid fa-camera\" aria-hidden=\"true\" title=\"Bericht enth\u00e4lt keine Bilder\" style=\"color: #bbbbbb;\"><\/i><\/td><\/tr><tr class=\"report\"><td class=\"smallscreen\" colspan=\"7\" data-permalink=\"https:\/\/www.ff-sarstedt.de\/stadt\/archive\/einsaetze\/ff-sarstedt-h0-oelspur-26\"><div class=\"annotation-icon-bar\"><i class=\"fa-solid fa-camera\" aria-hidden=\"true\" title=\"Bericht enth\u00e4lt keine Bilder\" style=\"color: #bbbbbb;\"><\/i><\/div><span class=\"einsatz-number\"><strong>Nummer:<\/strong> 1422020<\/span><br><span class=\"einsatz-date\"><strong>Datum:<\/strong> 21.10.2020<\/span><br><span class=\"einsatz-time\"><strong>Uhrzeit:<\/strong> 11:15<\/span><br><span class=\"einsatz-title\"><strong>Einsatzmeldung:<\/strong> <a href=\"https:\/\/www.ff-sarstedt.de\/stadt\/archive\/einsaetze\/ff-sarstedt-h0-oelspur-26\" rel=\"bookmark\">FF Sarstedt | H0 &#8211; \u00d6lspur<\/a><\/span><br><span class=\"einsatz-location\"><strong>Einsatzort:<\/strong> Friedrich-Ludwig-Jahn-Stra\u00dfe<\/span><br><span class=\"einsatz-duration\"><strong>Dauer:<\/strong> 3 h<\/span><br><\/td><td class=\"einsatz-column-number\">1422020<\/td><td class=\"einsatz-column-date\">21.10.2020<\/td><td class=\"einsatz-column-time\">11:15<\/td><td class=\"einsatz-column-title\"><a href=\"https:\/\/www.ff-sarstedt.de\/stadt\/archive\/einsaetze\/ff-sarstedt-h0-oelspur-26\" rel=\"bookmark\">FF Sarstedt | H0 &#8211; \u00d6lspur<\/a><\/td><td class=\"einsatz-column-location\">Friedrich-Ludwig-Jahn-Stra\u00dfe<\/td><td class=\"einsatz-column-duration\">3 h<\/td><td class=\"einsatz-column-annotationImages\"><i class=\"fa-solid fa-camera\" aria-hidden=\"true\" title=\"Bericht enth\u00e4lt keine Bilder\" style=\"color: #bbbbbb;\"><\/i><\/td><\/tr><tr class=\"report\"><td class=\"smallscreen\" colspan=\"7\" data-permalink=\"https:\/\/www.ff-sarstedt.de\/stadt\/archive\/einsaetze\/ff-sarstedt-h0-tueroeffnung-70\"><div class=\"annotation-icon-bar\"><i class=\"fa-solid fa-camera\" aria-hidden=\"true\" title=\"Bericht enth\u00e4lt keine Bilder\" style=\"color: #bbbbbb;\"><\/i><\/div><span class=\"einsatz-number\"><strong>Nummer:<\/strong> 1412020<\/span><br><span class=\"einsatz-date\"><strong>Datum:<\/strong> 11.10.2020<\/span><br><span class=\"einsatz-time\"><strong>Uhrzeit:<\/strong> 19:00<\/span><br><span class=\"einsatz-title\"><strong>Einsatzmeldung:<\/strong> <a href=\"https:\/\/www.ff-sarstedt.de\/stadt\/archive\/einsaetze\/ff-sarstedt-h0-tueroeffnung-70\" rel=\"bookmark\">FF Sarstedt | H0-T\u00fcr\u00f6ffnung<\/a><\/span><br><span class=\"einsatz-location\"><strong>Einsatzort:<\/strong> Gluckweg<\/span><br><span class=\"einsatz-duration\"><strong>Dauer:<\/strong> 30 min<\/span><br><\/td><td class=\"einsatz-column-number\">1412020<\/td><td class=\"einsatz-column-date\">11.10.2020<\/td><td class=\"einsatz-column-time\">19:00<\/td><td class=\"einsatz-column-title\"><a href=\"https:\/\/www.ff-sarstedt.de\/stadt\/archive\/einsaetze\/ff-sarstedt-h0-tueroeffnung-70\" rel=\"bookmark\">FF Sarstedt | H0-T\u00fcr\u00f6ffnung<\/a><\/td><td class=\"einsatz-column-location\">Gluckweg<\/td><td class=\"einsatz-column-duration\">30 min<\/td><td class=\"einsatz-column-annotationImages\"><i class=\"fa-solid fa-camera\" aria-hidden=\"true\" title=\"Bericht enth\u00e4lt keine Bilder\" style=\"color: #bbbbbb;\"><\/i><\/td><\/tr><tr class=\"report\"><td class=\"smallscreen\" colspan=\"7\" data-permalink=\"https:\/\/www.ff-sarstedt.de\/stadt\/archive\/einsaetze\/ff-sarstedt-h1-person-unter-zug-3\"><div class=\"annotation-icon-bar\"><i class=\"fa-solid fa-camera\" aria-hidden=\"true\" title=\"Bericht enth\u00e4lt keine Bilder\" style=\"color: #bbbbbb;\"><\/i><\/div><span class=\"einsatz-number\"><strong>Nummer:<\/strong> 1402020<\/span><br><span class=\"einsatz-date\"><strong>Datum:<\/strong> 04.10.2020<\/span><br><span class=\"einsatz-time\"><strong>Uhrzeit:<\/strong> 21:51<\/span><br><span class=\"einsatz-title\"><strong>Einsatzmeldung:<\/strong> <a href=\"https:\/\/www.ff-sarstedt.de\/stadt\/archive\/einsaetze\/ff-sarstedt-h1-person-unter-zug-3\" rel=\"bookmark\">FF Sarstedt | H1 &#8211; Person unter Zug<\/a><\/span><br><span class=\"einsatz-location\"><strong>Einsatzort:<\/strong> Bahn\u00fcbergang Giebelstiegstr.<\/span><br><span class=\"einsatz-duration\"><strong>Dauer:<\/strong> 2 h 30 min<\/span><br><\/td><td class=\"einsatz-column-number\">1402020<\/td><td class=\"einsatz-column-date\">04.10.2020<\/td><td class=\"einsatz-column-time\">21:51<\/td><td class=\"einsatz-column-title\"><a href=\"https:\/\/www.ff-sarstedt.de\/stadt\/archive\/einsaetze\/ff-sarstedt-h1-person-unter-zug-3\" rel=\"bookmark\">FF Sarstedt | H1 &#8211; Person unter Zug<\/a><\/td><td class=\"einsatz-column-location\">Bahn\u00fcbergang Giebelstiegstr.<\/td><td class=\"einsatz-column-duration\">2 h 30 min<\/td><td class=\"einsatz-column-annotationImages\"><i class=\"fa-solid fa-camera\" aria-hidden=\"true\" title=\"Bericht enth\u00e4lt keine Bilder\" style=\"color: #bbbbbb;\"><\/i><\/td><\/tr><tr class=\"report\"><td class=\"smallscreen\" colspan=\"7\" data-permalink=\"https:\/\/www.ff-sarstedt.de\/stadt\/archive\/einsaetze\/ff-sarstedt-b1-bma-5\"><div class=\"annotation-icon-bar\"><i class=\"fa-solid fa-camera\" aria-hidden=\"true\" title=\"Bericht enth\u00e4lt keine Bilder\" style=\"color: #bbbbbb;\"><\/i><\/div><span class=\"einsatz-number\"><strong>Nummer:<\/strong> 1392020<\/span><br><span class=\"einsatz-date\"><strong>Datum:<\/strong> 02.10.2020<\/span><br><span class=\"einsatz-time\"><strong>Uhrzeit:<\/strong> 12:16<\/span><br><span class=\"einsatz-title\"><strong>Einsatzmeldung:<\/strong> <a href=\"https:\/\/www.ff-sarstedt.de\/stadt\/archive\/einsaetze\/ff-sarstedt-b1-bma-5\" rel=\"bookmark\">FF Sarstedt | B1 \u2013 BMA<\/a><\/span><br><span class=\"einsatz-location\"><strong>Einsatzort:<\/strong> Am Teinkamp<\/span><br><span class=\"einsatz-duration\"><strong>Dauer:<\/strong> 30 min<\/span><br><\/td><td class=\"einsatz-column-number\">1392020<\/td><td class=\"einsatz-column-date\">02.10.2020<\/td><td class=\"einsatz-column-time\">12:16<\/td><td class=\"einsatz-column-title\"><a href=\"https:\/\/www.ff-sarstedt.de\/stadt\/archive\/einsaetze\/ff-sarstedt-b1-bma-5\" rel=\"bookmark\">FF Sarstedt | B1 \u2013 BMA<\/a><\/td><td class=\"einsatz-column-location\">Am Teinkamp<\/td><td class=\"einsatz-column-duration\">30 min<\/td><td class=\"einsatz-column-annotationImages\"><i class=\"fa-solid fa-camera\" aria-hidden=\"true\" title=\"Bericht enth\u00e4lt keine Bilder\" style=\"color: #bbbbbb;\"><\/i><\/td><\/tr><tr class=\"report\"><td class=\"smallscreen\" colspan=\"7\" data-permalink=\"https:\/\/www.ff-sarstedt.de\/stadt\/archive\/einsaetze\/ff-sarstedt-b0-pkw-brand-3\"><div class=\"annotation-icon-bar\"><i class=\"fa-solid fa-camera\" aria-hidden=\"true\" title=\"Bericht enth\u00e4lt keine Bilder\" style=\"color: #bbbbbb;\"><\/i><\/div><span class=\"einsatz-number\"><strong>Nummer:<\/strong> 1382020<\/span><br><span class=\"einsatz-date\"><strong>Datum:<\/strong> 02.10.2020<\/span><br><span class=\"einsatz-time\"><strong>Uhrzeit:<\/strong> 03:09<\/span><br><span class=\"einsatz-title\"><strong>Einsatzmeldung:<\/strong> <a href=\"https:\/\/www.ff-sarstedt.de\/stadt\/archive\/einsaetze\/ff-sarstedt-b0-pkw-brand-3\" rel=\"bookmark\">FF Sarstedt | B0 \u2013 PKW-Brand<\/a><\/span><br><span class=\"einsatz-location\"><strong>Einsatzort:<\/strong> Giebelstiegstr.<\/span><br><span class=\"einsatz-duration\"><strong>Dauer:<\/strong> 1 h<\/span><br><\/td><td class=\"einsatz-column-number\">1382020<\/td><td class=\"einsatz-column-date\">02.10.2020<\/td><td class=\"einsatz-column-time\">03:09<\/td><td class=\"einsatz-column-title\"><a href=\"https:\/\/www.ff-sarstedt.de\/stadt\/archive\/einsaetze\/ff-sarstedt-b0-pkw-brand-3\" rel=\"bookmark\">FF Sarstedt | B0 \u2013 PKW-Brand<\/a><\/td><td class=\"einsatz-column-location\">Giebelstiegstr.<\/td><td class=\"einsatz-column-duration\">1 h<\/td><td class=\"einsatz-column-annotationImages\"><i class=\"fa-solid fa-camera\" aria-hidden=\"true\" title=\"Bericht enth\u00e4lt keine Bilder\" style=\"color: #bbbbbb;\"><\/i><\/td><\/tr><tr class=\"einsatz-title-month\"><td colspan=\"7\">September<\/td><\/tr><tr class=\"einsatz-header\"><th style=\"white-space: nowrap;\">Nummer<\/th><th style=\"white-space: nowrap;\">Datum<\/th><th style=\"white-space: nowrap;\">Uhrzeit<\/th><th style=\"\">Einsatzmeldung<\/th><th style=\"\">Einsatzort<\/th><th style=\"white-space: nowrap;\">Dauer<\/th><th style=\"\"><\/th><\/tr><tr class=\"report\"><td class=\"smallscreen\" colspan=\"7\" data-permalink=\"https:\/\/www.ff-sarstedt.de\/stadt\/archive\/einsaetze\/ff-sarstedt-b1-bma-4\"><div class=\"annotation-icon-bar\"><i class=\"fa-solid fa-camera\" aria-hidden=\"true\" title=\"Bericht enth\u00e4lt keine Bilder\" style=\"color: #bbbbbb;\"><\/i><\/div><span class=\"einsatz-number\"><strong>Nummer:<\/strong> 1372020<\/span><br><span class=\"einsatz-date\"><strong>Datum:<\/strong> 25.09.2020<\/span><br><span class=\"einsatz-time\"><strong>Uhrzeit:<\/strong> 13:55<\/span><br><span class=\"einsatz-title\"><strong>Einsatzmeldung:<\/strong> <a href=\"https:\/\/www.ff-sarstedt.de\/stadt\/archive\/einsaetze\/ff-sarstedt-b1-bma-4\" rel=\"bookmark\">FF Sarstedt | B1 \u2013 BMA<\/a><\/span><br><span class=\"einsatz-location\"><strong>Einsatzort:<\/strong> St.-Nikolai-Str., Heisede<\/span><br><span class=\"einsatz-duration\"><strong>Dauer:<\/strong> 30 min<\/span><br><\/td><td class=\"einsatz-column-number\">1372020<\/td><td class=\"einsatz-column-date\">25.09.2020<\/td><td class=\"einsatz-column-time\">13:55<\/td><td class=\"einsatz-column-title\"><a href=\"https:\/\/www.ff-sarstedt.de\/stadt\/archive\/einsaetze\/ff-sarstedt-b1-bma-4\" rel=\"bookmark\">FF Sarstedt | B1 \u2013 BMA<\/a><\/td><td class=\"einsatz-column-location\">St.-Nikolai-Str., Heisede<\/td><td class=\"einsatz-column-duration\">30 min<\/td><td class=\"einsatz-column-annotationImages\"><i class=\"fa-solid fa-camera\" aria-hidden=\"true\" title=\"Bericht enth\u00e4lt keine Bilder\" style=\"color: #bbbbbb;\"><\/i><\/td><\/tr><tr class=\"report\"><td class=\"smallscreen\" colspan=\"7\" data-permalink=\"https:\/\/www.ff-sarstedt.de\/stadt\/archive\/einsaetze\/ff-sarstedt-b1-bma-3\"><div class=\"annotation-icon-bar\"><i class=\"fa-solid fa-camera\" aria-hidden=\"true\" title=\"Bericht enth\u00e4lt keine Bilder\" style=\"color: #bbbbbb;\"><\/i><\/div><span class=\"einsatz-number\"><strong>Nummer:<\/strong> 1362020<\/span><br><span class=\"einsatz-date\"><strong>Datum:<\/strong> 25.09.2020<\/span><br><span class=\"einsatz-time\"><strong>Uhrzeit:<\/strong> 09:24<\/span><br><span class=\"einsatz-title\"><strong>Einsatzmeldung:<\/strong> <a href=\"https:\/\/www.ff-sarstedt.de\/stadt\/archive\/einsaetze\/ff-sarstedt-b1-bma-3\" rel=\"bookmark\">FF Sarstedt | B1 \u2013 BMA<\/a><\/span><br><span class=\"einsatz-location\"><strong>Einsatzort:<\/strong> Innerstebad<\/span><br><span class=\"einsatz-duration\"><strong>Dauer:<\/strong> 30 min<\/span><br><\/td><td class=\"einsatz-column-number\">1362020<\/td><td class=\"einsatz-column-date\">25.09.2020<\/td><td class=\"einsatz-column-time\">09:24<\/td><td class=\"einsatz-column-title\"><a href=\"https:\/\/www.ff-sarstedt.de\/stadt\/archive\/einsaetze\/ff-sarstedt-b1-bma-3\" rel=\"bookmark\">FF Sarstedt | B1 \u2013 BMA<\/a><\/td><td class=\"einsatz-column-location\">Innerstebad<\/td><td class=\"einsatz-column-duration\">30 min<\/td><td class=\"einsatz-column-annotationImages\"><i class=\"fa-solid fa-camera\" aria-hidden=\"true\" title=\"Bericht enth\u00e4lt keine Bilder\" style=\"color: #bbbbbb;\"><\/i><\/td><\/tr><tr class=\"report\"><td class=\"smallscreen\" colspan=\"7\" data-permalink=\"https:\/\/www.ff-sarstedt.de\/stadt\/archive\/einsaetze\/ff-sarstedt-b0-flaechenbrand-6\"><div class=\"annotation-icon-bar\"><i class=\"fa-solid fa-camera\" aria-hidden=\"true\" title=\"Bericht enth\u00e4lt keine Bilder\" style=\"color: #bbbbbb;\"><\/i><\/div><span class=\"einsatz-number\"><strong>Nummer:<\/strong> 1352020<\/span><br><span class=\"einsatz-date\"><strong>Datum:<\/strong> 20.09.2020<\/span><br><span class=\"einsatz-time\"><strong>Uhrzeit:<\/strong> 18:15<\/span><br><span class=\"einsatz-title\"><strong>Einsatzmeldung:<\/strong> <a href=\"https:\/\/www.ff-sarstedt.de\/stadt\/archive\/einsaetze\/ff-sarstedt-b0-flaechenbrand-6\" rel=\"bookmark\">FF Sarstedt | B0 \u2013 Fl\u00e4chenbrand<\/a><\/span><br><span class=\"einsatz-location\"><strong>Einsatzort:<\/strong> Wenderter Str.<\/span><br><span class=\"einsatz-duration\"><strong>Dauer:<\/strong> 0 min<\/span><br><\/td><td class=\"einsatz-column-number\">1352020<\/td><td class=\"einsatz-column-date\">20.09.2020<\/td><td class=\"einsatz-column-time\">18:15<\/td><td class=\"einsatz-column-title\"><a href=\"https:\/\/www.ff-sarstedt.de\/stadt\/archive\/einsaetze\/ff-sarstedt-b0-flaechenbrand-6\" rel=\"bookmark\">FF Sarstedt | B0 \u2013 Fl\u00e4chenbrand<\/a><\/td><td class=\"einsatz-column-location\">Wenderter Str.<\/td><td class=\"einsatz-column-duration\">0 min<\/td><td class=\"einsatz-column-annotationImages\"><i class=\"fa-solid fa-camera\" aria-hidden=\"true\" title=\"Bericht enth\u00e4lt keine Bilder\" style=\"color: #bbbbbb;\"><\/i><\/td><\/tr><tr class=\"report\"><td class=\"smallscreen\" colspan=\"7\" data-permalink=\"https:\/\/www.ff-sarstedt.de\/stadt\/archive\/einsaetze\/ff-sarstedt-b1-kabelbrand\"><div class=\"annotation-icon-bar\"><i class=\"fa-solid fa-camera\" aria-hidden=\"true\" title=\"Bericht enth\u00e4lt keine Bilder\" style=\"color: #bbbbbb;\"><\/i><\/div><span class=\"einsatz-number\"><strong>Nummer:<\/strong> 1342020<\/span><br><span class=\"einsatz-date\"><strong>Datum:<\/strong> 13.09.2020<\/span><br><span class=\"einsatz-time\"><strong>Uhrzeit:<\/strong> 07:35<\/span><br><span class=\"einsatz-title\"><strong>Einsatzmeldung:<\/strong> <a href=\"https:\/\/www.ff-sarstedt.de\/stadt\/archive\/einsaetze\/ff-sarstedt-b1-kabelbrand\" rel=\"bookmark\">FF Sarstedt | B1 &#8211; Kabelbrand<\/a><\/span><br><span class=\"einsatz-location\"><strong>Einsatzort:<\/strong> Lindenallee<\/span><br><span class=\"einsatz-duration\"><strong>Dauer:<\/strong> 30 min<\/span><br><\/td><td class=\"einsatz-column-number\">1342020<\/td><td class=\"einsatz-column-date\">13.09.2020<\/td><td class=\"einsatz-column-time\">07:35<\/td><td class=\"einsatz-column-title\"><a href=\"https:\/\/www.ff-sarstedt.de\/stadt\/archive\/einsaetze\/ff-sarstedt-b1-kabelbrand\" rel=\"bookmark\">FF Sarstedt | B1 &#8211; Kabelbrand<\/a><\/td><td class=\"einsatz-column-location\">Lindenallee<\/td><td class=\"einsatz-column-duration\">30 min<\/td><td class=\"einsatz-column-annotationImages\"><i class=\"fa-solid fa-camera\" aria-hidden=\"true\" title=\"Bericht enth\u00e4lt keine Bilder\" style=\"color: #bbbbbb;\"><\/i><\/td><\/tr><tr class=\"report\"><td class=\"smallscreen\" colspan=\"7\" data-permalink=\"https:\/\/www.ff-sarstedt.de\/stadt\/archive\/einsaetze\/ff-sarstedt-b0-geloeschtes-feuer-5\"><div class=\"annotation-icon-bar\"><i class=\"fa-solid fa-camera\" aria-hidden=\"true\" title=\"Bericht enth\u00e4lt keine Bilder\" style=\"color: #bbbbbb;\"><\/i><\/div><span class=\"einsatz-number\"><strong>Nummer:<\/strong> 1332020<\/span><br><span class=\"einsatz-date\"><strong>Datum:<\/strong> 13.09.2020<\/span><br><span class=\"einsatz-time\"><strong>Uhrzeit:<\/strong> 00:00<\/span><br><span class=\"einsatz-title\"><strong>Einsatzmeldung:<\/strong> <a href=\"https:\/\/www.ff-sarstedt.de\/stadt\/archive\/einsaetze\/ff-sarstedt-b0-geloeschtes-feuer-5\" rel=\"bookmark\">FF Sarstedt | B0-gel\u00f6schtes Feuer<\/a><\/span><br><span class=\"einsatz-location\"><strong>Einsatzort:<\/strong> Hindemithweg<\/span><br><span class=\"einsatz-duration\"><strong>Dauer:<\/strong> 30 min<\/span><br><\/td><td class=\"einsatz-column-number\">1332020<\/td><td class=\"einsatz-column-date\">13.09.2020<\/td><td class=\"einsatz-column-time\">00:00<\/td><td class=\"einsatz-column-title\"><a href=\"https:\/\/www.ff-sarstedt.de\/stadt\/archive\/einsaetze\/ff-sarstedt-b0-geloeschtes-feuer-5\" rel=\"bookmark\">FF Sarstedt | B0-gel\u00f6schtes Feuer<\/a><\/td><td class=\"einsatz-column-location\">Hindemithweg<\/td><td class=\"einsatz-column-duration\">30 min<\/td><td class=\"einsatz-column-annotationImages\"><i class=\"fa-solid fa-camera\" aria-hidden=\"true\" title=\"Bericht enth\u00e4lt keine Bilder\" style=\"color: #bbbbbb;\"><\/i><\/td><\/tr><tr class=\"report\"><td class=\"smallscreen\" colspan=\"7\" data-permalink=\"https:\/\/www.ff-sarstedt.de\/stadt\/archive\/einsaetze\/ff-sarstedt-h0-tueroeffnung-69\"><div class=\"annotation-icon-bar\"><i class=\"fa-solid fa-camera\" aria-hidden=\"true\" title=\"Bericht enth\u00e4lt keine Bilder\" style=\"color: #bbbbbb;\"><\/i><\/div><span class=\"einsatz-number\"><strong>Nummer:<\/strong> 1322020<\/span><br><span class=\"einsatz-date\"><strong>Datum:<\/strong> 08.09.2020<\/span><br><span class=\"einsatz-time\"><strong>Uhrzeit:<\/strong> 13:16<\/span><br><span class=\"einsatz-title\"><strong>Einsatzmeldung:<\/strong> <a href=\"https:\/\/www.ff-sarstedt.de\/stadt\/archive\/einsaetze\/ff-sarstedt-h0-tueroeffnung-69\" rel=\"bookmark\">FF Sarstedt | H0-T\u00fcr\u00f6ffnung<\/a><\/span><br><span class=\"einsatz-location\"><strong>Einsatzort:<\/strong> Breslauer Str.<\/span><br><span class=\"einsatz-duration\"><strong>Dauer:<\/strong> 30 min<\/span><br><\/td><td class=\"einsatz-column-number\">1322020<\/td><td class=\"einsatz-column-date\">08.09.2020<\/td><td class=\"einsatz-column-time\">13:16<\/td><td class=\"einsatz-column-title\"><a href=\"https:\/\/www.ff-sarstedt.de\/stadt\/archive\/einsaetze\/ff-sarstedt-h0-tueroeffnung-69\" rel=\"bookmark\">FF Sarstedt | H0-T\u00fcr\u00f6ffnung<\/a><\/td><td class=\"einsatz-column-location\">Breslauer Str.<\/td><td class=\"einsatz-column-duration\">30 min<\/td><td class=\"einsatz-column-annotationImages\"><i class=\"fa-solid fa-camera\" aria-hidden=\"true\" title=\"Bericht enth\u00e4lt keine Bilder\" style=\"color: #bbbbbb;\"><\/i><\/td><\/tr><tr class=\"report\"><td class=\"smallscreen\" colspan=\"7\" data-permalink=\"https:\/\/www.ff-sarstedt.de\/stadt\/archive\/einsaetze\/ff-sarstedt-b1-zimmerbrand-7\"><div class=\"annotation-icon-bar\"><i class=\"fa-solid fa-camera\" aria-hidden=\"true\" title=\"Bericht enth\u00e4lt Bilder\" style=\"\"><\/i><\/div><span class=\"einsatz-number\"><strong>Nummer:<\/strong> 1312020<\/span><br><span class=\"einsatz-date\"><strong>Datum:<\/strong> 05.09.2020<\/span><br><span class=\"einsatz-time\"><strong>Uhrzeit:<\/strong> 18:31<\/span><br><span class=\"einsatz-title\"><strong>Einsatzmeldung:<\/strong> <a href=\"https:\/\/www.ff-sarstedt.de\/stadt\/archive\/einsaetze\/ff-sarstedt-b1-zimmerbrand-7\" rel=\"bookmark\">FF Sarstedt | B1 \u2013 Zimmerbrand<\/a><\/span><br><span class=\"einsatz-location\"><strong>Einsatzort:<\/strong> Br\u00fcckenstr.<\/span><br><span class=\"einsatz-duration\"><strong>Dauer:<\/strong> 2 h<\/span><br><\/td><td class=\"einsatz-column-number\">1312020<\/td><td class=\"einsatz-column-date\">05.09.2020<\/td><td class=\"einsatz-column-time\">18:31<\/td><td class=\"einsatz-column-title\"><a href=\"https:\/\/www.ff-sarstedt.de\/stadt\/archive\/einsaetze\/ff-sarstedt-b1-zimmerbrand-7\" rel=\"bookmark\">FF Sarstedt | B1 \u2013 Zimmerbrand<\/a><\/td><td class=\"einsatz-column-location\">Br\u00fcckenstr.<\/td><td class=\"einsatz-column-duration\">2 h<\/td><td class=\"einsatz-column-annotationImages\"><i class=\"fa-solid fa-camera\" aria-hidden=\"true\" title=\"Bericht enth\u00e4lt Bilder\" style=\"\"><\/i><\/td><\/tr><tr class=\"report\"><td class=\"smallscreen\" colspan=\"7\" data-permalink=\"https:\/\/www.ff-sarstedt.de\/stadt\/archive\/einsaetze\/ff-sarstedt-h0-verkehrsunfall\"><div class=\"annotation-icon-bar\"><i class=\"fa-solid fa-camera\" aria-hidden=\"true\" title=\"Bericht enth\u00e4lt keine Bilder\" style=\"color: #bbbbbb;\"><\/i><\/div><span class=\"einsatz-number\"><strong>Nummer:<\/strong> 1302020<\/span><br><span class=\"einsatz-date\"><strong>Datum:<\/strong> 04.09.2020<\/span><br><span class=\"einsatz-time\"><strong>Uhrzeit:<\/strong> 14:23<\/span><br><span class=\"einsatz-title\"><strong>Einsatzmeldung:<\/strong> <a href=\"https:\/\/www.ff-sarstedt.de\/stadt\/archive\/einsaetze\/ff-sarstedt-h0-verkehrsunfall\" rel=\"bookmark\">FF Sarstedt | H0 \u2013 Verkehrsunfall<\/a><\/span><br><span class=\"einsatz-location\"><strong>Einsatzort:<\/strong> Breslauer Str x G\u00f6rlitzer Str.<\/span><br><span class=\"einsatz-duration\"><strong>Dauer:<\/strong> 1 h 30 min<\/span><br><\/td><td class=\"einsatz-column-number\">1302020<\/td><td class=\"einsatz-column-date\">04.09.2020<\/td><td class=\"einsatz-column-time\">14:23<\/td><td class=\"einsatz-column-title\"><a href=\"https:\/\/www.ff-sarstedt.de\/stadt\/archive\/einsaetze\/ff-sarstedt-h0-verkehrsunfall\" rel=\"bookmark\">FF Sarstedt | H0 \u2013 Verkehrsunfall<\/a><\/td><td class=\"einsatz-column-location\">Breslauer Str x G\u00f6rlitzer Str.<\/td><td class=\"einsatz-column-duration\">1 h 30 min<\/td><td class=\"einsatz-column-annotationImages\"><i class=\"fa-solid fa-camera\" aria-hidden=\"true\" title=\"Bericht enth\u00e4lt keine Bilder\" style=\"color: #bbbbbb;\"><\/i><\/td><\/tr><tr class=\"einsatz-title-month\"><td colspan=\"7\">August<\/td><\/tr><tr class=\"einsatz-header\"><th style=\"white-space: nowrap;\">Nummer<\/th><th style=\"white-space: nowrap;\">Datum<\/th><th style=\"white-space: nowrap;\">Uhrzeit<\/th><th style=\"\">Einsatzmeldung<\/th><th style=\"\">Einsatzort<\/th><th style=\"white-space: nowrap;\">Dauer<\/th><th style=\"\"><\/th><\/tr><tr class=\"report\"><td class=\"smallscreen\" colspan=\"7\" data-permalink=\"https:\/\/www.ff-sarstedt.de\/stadt\/archive\/einsaetze\/ff-sarstedt-turoeffnung\"><div class=\"annotation-icon-bar\"><i class=\"fa-solid fa-camera\" aria-hidden=\"true\" title=\"Bericht enth\u00e4lt keine Bilder\" style=\"color: #bbbbbb;\"><\/i><\/div><span class=\"einsatz-number\"><strong>Nummer:<\/strong> 1292020<\/span><br><span class=\"einsatz-date\"><strong>Datum:<\/strong> 29.08.2020<\/span><br><span class=\"einsatz-time\"><strong>Uhrzeit:<\/strong> 21:54<\/span><br><span class=\"einsatz-title\"><strong>Einsatzmeldung:<\/strong> <a href=\"https:\/\/www.ff-sarstedt.de\/stadt\/archive\/einsaetze\/ff-sarstedt-turoeffnung\" rel=\"bookmark\">FF Sarstedt | H0 &#8211; T\u00fcr\u00f6ffnung<\/a><\/span><br><span class=\"einsatz-location\"><strong>Einsatzort:<\/strong> Am Kipphut<\/span><br><span class=\"einsatz-duration\"><strong>Dauer:<\/strong> 1 h<\/span><br><\/td><td class=\"einsatz-column-number\">1292020<\/td><td class=\"einsatz-column-date\">29.08.2020<\/td><td class=\"einsatz-column-time\">21:54<\/td><td class=\"einsatz-column-title\"><a href=\"https:\/\/www.ff-sarstedt.de\/stadt\/archive\/einsaetze\/ff-sarstedt-turoeffnung\" rel=\"bookmark\">FF Sarstedt | H0 &#8211; T\u00fcr\u00f6ffnung<\/a><\/td><td class=\"einsatz-column-location\">Am Kipphut<\/td><td class=\"einsatz-column-duration\">1 h<\/td><td class=\"einsatz-column-annotationImages\"><i class=\"fa-solid fa-camera\" aria-hidden=\"true\" title=\"Bericht enth\u00e4lt keine Bilder\" style=\"color: #bbbbbb;\"><\/i><\/td><\/tr><tr class=\"report\"><td class=\"smallscreen\" colspan=\"7\" data-permalink=\"https:\/\/www.ff-sarstedt.de\/stadt\/archive\/einsaetze\/ff-sarstedt-h0-oelspur-25\"><div class=\"annotation-icon-bar\"><i class=\"fa-solid fa-camera\" aria-hidden=\"true\" title=\"Bericht enth\u00e4lt keine Bilder\" style=\"color: #bbbbbb;\"><\/i><\/div><span class=\"einsatz-number\"><strong>Nummer:<\/strong> 1282020<\/span><br><span class=\"einsatz-date\"><strong>Datum:<\/strong> 28.08.2020<\/span><br><span class=\"einsatz-time\"><strong>Uhrzeit:<\/strong> 13:33<\/span><br><span class=\"einsatz-title\"><strong>Einsatzmeldung:<\/strong> <a href=\"https:\/\/www.ff-sarstedt.de\/stadt\/archive\/einsaetze\/ff-sarstedt-h0-oelspur-25\" rel=\"bookmark\">FF Sarstedt | H0 &#8211; \u00d6lspur<\/a><\/span><br><span class=\"einsatz-location\"><strong>Einsatzort:<\/strong> Br\u00fcckenstra\u00dfe<\/span><br><span class=\"einsatz-duration\"><strong>Dauer:<\/strong> 20 min<\/span><br><\/td><td class=\"einsatz-column-number\">1282020<\/td><td class=\"einsatz-column-date\">28.08.2020<\/td><td class=\"einsatz-column-time\">13:33<\/td><td class=\"einsatz-column-title\"><a href=\"https:\/\/www.ff-sarstedt.de\/stadt\/archive\/einsaetze\/ff-sarstedt-h0-oelspur-25\" rel=\"bookmark\">FF Sarstedt | H0 &#8211; \u00d6lspur<\/a><\/td><td class=\"einsatz-column-location\">Br\u00fcckenstra\u00dfe<\/td><td class=\"einsatz-column-duration\">20 min<\/td><td class=\"einsatz-column-annotationImages\"><i class=\"fa-solid fa-camera\" aria-hidden=\"true\" title=\"Bericht enth\u00e4lt keine Bilder\" style=\"color: #bbbbbb;\"><\/i><\/td><\/tr><tr class=\"report\"><td class=\"smallscreen\" colspan=\"7\" data-permalink=\"https:\/\/www.ff-sarstedt.de\/stadt\/archive\/einsaetze\/ff-sarstedt-h0-tueroeffnung-71\"><div class=\"annotation-icon-bar\"><i class=\"fa-solid fa-camera\" aria-hidden=\"true\" title=\"Bericht enth\u00e4lt keine Bilder\" style=\"color: #bbbbbb;\"><\/i><\/div><span class=\"einsatz-number\"><strong>Nummer:<\/strong> 1272020<\/span><br><span class=\"einsatz-date\"><strong>Datum:<\/strong> 27.08.2020<\/span><br><span class=\"einsatz-time\"><strong>Uhrzeit:<\/strong> 23:01<\/span><br><span class=\"einsatz-title\"><strong>Einsatzmeldung:<\/strong> <a href=\"https:\/\/www.ff-sarstedt.de\/stadt\/archive\/einsaetze\/ff-sarstedt-h0-tueroeffnung-71\" rel=\"bookmark\">FF Sarstedt | H0 &#8211; T\u00fcr\u00f6ffnung<\/a><\/span><br><span class=\"einsatz-location\"><strong>Einsatzort:<\/strong> M\u00f6rikestra\u00dfe<\/span><br><span class=\"einsatz-duration\"><strong>Dauer:<\/strong> 1 h<\/span><br><\/td><td class=\"einsatz-column-number\">1272020<\/td><td class=\"einsatz-column-date\">27.08.2020<\/td><td class=\"einsatz-column-time\">23:01<\/td><td class=\"einsatz-column-title\"><a href=\"https:\/\/www.ff-sarstedt.de\/stadt\/archive\/einsaetze\/ff-sarstedt-h0-tueroeffnung-71\" rel=\"bookmark\">FF Sarstedt | H0 &#8211; T\u00fcr\u00f6ffnung<\/a><\/td><td class=\"einsatz-column-location\">M\u00f6rikestra\u00dfe<\/td><td class=\"einsatz-column-duration\">1 h<\/td><td class=\"einsatz-column-annotationImages\"><i class=\"fa-solid fa-camera\" aria-hidden=\"true\" title=\"Bericht enth\u00e4lt keine Bilder\" style=\"color: #bbbbbb;\"><\/i><\/td><\/tr><tr class=\"report\"><td class=\"smallscreen\" colspan=\"7\" data-permalink=\"https:\/\/www.ff-sarstedt.de\/stadt\/archive\/einsaetze\/ff-sarstedt-h0-sturm\"><div class=\"annotation-icon-bar\"><i class=\"fa-solid fa-camera\" aria-hidden=\"true\" title=\"Bericht enth\u00e4lt keine Bilder\" style=\"color: #bbbbbb;\"><\/i><\/div><span class=\"einsatz-number\"><strong>Nummer:<\/strong> 1262020<\/span><br><span class=\"einsatz-date\"><strong>Datum:<\/strong> 27.08.2020<\/span><br><span class=\"einsatz-time\"><strong>Uhrzeit:<\/strong> 12:15<\/span><br><span class=\"einsatz-title\"><strong>Einsatzmeldung:<\/strong> <a href=\"https:\/\/www.ff-sarstedt.de\/stadt\/archive\/einsaetze\/ff-sarstedt-h0-sturm\" rel=\"bookmark\">FF Sarstedt | H0 &#8211; Sturmschaden<\/a><\/span><br><span class=\"einsatz-location\"><strong>Einsatzort:<\/strong> G\u00f6dringen, Angerweg<\/span><br><span class=\"einsatz-duration\"><strong>Dauer:<\/strong> 1 h<\/span><br><\/td><td class=\"einsatz-column-number\">1262020<\/td><td class=\"einsatz-column-date\">27.08.2020<\/td><td class=\"einsatz-column-time\">12:15<\/td><td class=\"einsatz-column-title\"><a href=\"https:\/\/www.ff-sarstedt.de\/stadt\/archive\/einsaetze\/ff-sarstedt-h0-sturm\" rel=\"bookmark\">FF Sarstedt | H0 &#8211; Sturmschaden<\/a><\/td><td class=\"einsatz-column-location\">G\u00f6dringen, Angerweg<\/td><td class=\"einsatz-column-duration\">1 h<\/td><td class=\"einsatz-column-annotationImages\"><i class=\"fa-solid fa-camera\" aria-hidden=\"true\" title=\"Bericht enth\u00e4lt keine Bilder\" style=\"color: #bbbbbb;\"><\/i><\/td><\/tr><tr class=\"report\"><td class=\"smallscreen\" colspan=\"7\" data-permalink=\"https:\/\/www.ff-sarstedt.de\/stadt\/archive\/einsaetze\/ff-sarstedt-h0-tragehilfe-fuer-den-rettungsdienst-4\"><div class=\"annotation-icon-bar\"><i class=\"fa-solid fa-camera\" aria-hidden=\"true\" title=\"Bericht enth\u00e4lt keine Bilder\" style=\"color: #bbbbbb;\"><\/i><\/div><span class=\"einsatz-number\"><strong>Nummer:<\/strong> 1252020<\/span><br><span class=\"einsatz-date\"><strong>Datum:<\/strong> 26.08.2020<\/span><br><span class=\"einsatz-time\"><strong>Uhrzeit:<\/strong> 20:37<\/span><br><span class=\"einsatz-title\"><strong>Einsatzmeldung:<\/strong> <a href=\"https:\/\/www.ff-sarstedt.de\/stadt\/archive\/einsaetze\/ff-sarstedt-h0-tragehilfe-fuer-den-rettungsdienst-4\" rel=\"bookmark\">FF Sarstedt | H0 &#8211; Tragehilfe f\u00fcr den Rettungsdienst<\/a><\/span><br><span class=\"einsatz-location\"><strong>Einsatzort:<\/strong> M\u00fchlenstra\u00dfe<\/span><br><span class=\"einsatz-duration\"><strong>Dauer:<\/strong> 30 min<\/span><br><\/td><td class=\"einsatz-column-number\">1252020<\/td><td class=\"einsatz-column-date\">26.08.2020<\/td><td class=\"einsatz-column-time\">20:37<\/td><td class=\"einsatz-column-title\"><a href=\"https:\/\/www.ff-sarstedt.de\/stadt\/archive\/einsaetze\/ff-sarstedt-h0-tragehilfe-fuer-den-rettungsdienst-4\" rel=\"bookmark\">FF Sarstedt | H0 &#8211; Tragehilfe f\u00fcr den Rettungsdienst<\/a><\/td><td class=\"einsatz-column-location\">M\u00fchlenstra\u00dfe<\/td><td class=\"einsatz-column-duration\">30 min<\/td><td class=\"einsatz-column-annotationImages\"><i class=\"fa-solid fa-camera\" aria-hidden=\"true\" title=\"Bericht enth\u00e4lt keine Bilder\" style=\"color: #bbbbbb;\"><\/i><\/td><\/tr><tr class=\"report\"><td class=\"smallscreen\" colspan=\"7\" data-permalink=\"https:\/\/www.ff-sarstedt.de\/stadt\/archive\/einsaetze\/ff-sarstedt-h0-sturmschaden-31\"><div class=\"annotation-icon-bar\"><i class=\"fa-solid fa-camera\" aria-hidden=\"true\" title=\"Bericht enth\u00e4lt keine Bilder\" style=\"color: #bbbbbb;\"><\/i><\/div><span class=\"einsatz-number\"><strong>Nummer:<\/strong> 1242020<\/span><br><span class=\"einsatz-date\"><strong>Datum:<\/strong> 26.08.2020<\/span><br><span class=\"einsatz-time\"><strong>Uhrzeit:<\/strong> 15:51<\/span><br><span class=\"einsatz-title\"><strong>Einsatzmeldung:<\/strong> <a href=\"https:\/\/www.ff-sarstedt.de\/stadt\/archive\/einsaetze\/ff-sarstedt-h0-sturmschaden-31\" rel=\"bookmark\">FF Sarstedt | H0 \u2013 Sturmschaden<\/a><\/span><br><span class=\"einsatz-location\"><strong>Einsatzort:<\/strong> Friedrich-Ludwig-Jahn-Stra\u00dfe<\/span><br><span class=\"einsatz-duration\"><strong>Dauer:<\/strong> 30 min<\/span><br><\/td><td class=\"einsatz-column-number\">1242020<\/td><td class=\"einsatz-column-date\">26.08.2020<\/td><td class=\"einsatz-column-time\">15:51<\/td><td class=\"einsatz-column-title\"><a href=\"https:\/\/www.ff-sarstedt.de\/stadt\/archive\/einsaetze\/ff-sarstedt-h0-sturmschaden-31\" rel=\"bookmark\">FF Sarstedt | H0 \u2013 Sturmschaden<\/a><\/td><td class=\"einsatz-column-location\">Friedrich-Ludwig-Jahn-Stra\u00dfe<\/td><td class=\"einsatz-column-duration\">30 min<\/td><td class=\"einsatz-column-annotationImages\"><i class=\"fa-solid fa-camera\" aria-hidden=\"true\" title=\"Bericht enth\u00e4lt keine Bilder\" style=\"color: #bbbbbb;\"><\/i><\/td><\/tr><tr class=\"report\"><td class=\"smallscreen\" colspan=\"7\" data-permalink=\"https:\/\/www.ff-sarstedt.de\/stadt\/archive\/einsaetze\/ff-sarstedt-h0-oelspur-24\"><div class=\"annotation-icon-bar\"><i class=\"fa-solid fa-camera\" aria-hidden=\"true\" title=\"Bericht enth\u00e4lt keine Bilder\" style=\"color: #bbbbbb;\"><\/i><\/div><span class=\"einsatz-number\"><strong>Nummer:<\/strong> 1232020<\/span><br><span class=\"einsatz-date\"><strong>Datum:<\/strong> 25.08.2020<\/span><br><span class=\"einsatz-time\"><strong>Uhrzeit:<\/strong> 19:17<\/span><br><span class=\"einsatz-title\"><strong>Einsatzmeldung:<\/strong> <a href=\"https:\/\/www.ff-sarstedt.de\/stadt\/archive\/einsaetze\/ff-sarstedt-h0-oelspur-24\" rel=\"bookmark\">FF Sarstedt | H0 &#8211; \u00d6lspur<\/a><\/span><br><span class=\"einsatz-location\"><strong>Einsatzort:<\/strong> Moorberg<\/span><br><span class=\"einsatz-duration\"><strong>Dauer:<\/strong> 1 h<\/span><br><\/td><td class=\"einsatz-column-number\">1232020<\/td><td class=\"einsatz-column-date\">25.08.2020<\/td><td class=\"einsatz-column-time\">19:17<\/td><td class=\"einsatz-column-title\"><a href=\"https:\/\/www.ff-sarstedt.de\/stadt\/archive\/einsaetze\/ff-sarstedt-h0-oelspur-24\" rel=\"bookmark\">FF Sarstedt | H0 &#8211; \u00d6lspur<\/a><\/td><td class=\"einsatz-column-location\">Moorberg<\/td><td class=\"einsatz-column-duration\">1 h<\/td><td class=\"einsatz-column-annotationImages\"><i class=\"fa-solid fa-camera\" aria-hidden=\"true\" title=\"Bericht enth\u00e4lt keine Bilder\" style=\"color: #bbbbbb;\"><\/i><\/td><\/tr><tr class=\"report\"><td class=\"smallscreen\" colspan=\"7\" data-permalink=\"https:\/\/www.ff-sarstedt.de\/stadt\/archive\/einsaetze\/ff-sarstedt-b1-wohnhausbrand-2\"><div class=\"annotation-icon-bar\"><i class=\"fa-solid fa-camera\" aria-hidden=\"true\" title=\"Bericht enth\u00e4lt keine Bilder\" style=\"color: #bbbbbb;\"><\/i><\/div><span class=\"einsatz-number\"><strong>Nummer:<\/strong> 1222020<\/span><br><span class=\"einsatz-date\"><strong>Datum:<\/strong> 25.08.2020<\/span><br><span class=\"einsatz-time\"><strong>Uhrzeit:<\/strong> 06:29<\/span><br><span class=\"einsatz-title\"><strong>Einsatzmeldung:<\/strong> <a href=\"https:\/\/www.ff-sarstedt.de\/stadt\/archive\/einsaetze\/ff-sarstedt-b1-wohnhausbrand-2\" rel=\"bookmark\">FF Sarstedt |B1- Wohnhausbrand<\/a><\/span><br><span class=\"einsatz-location\"><strong>Einsatzort:<\/strong> Giesen<\/span><br><span class=\"einsatz-duration\"><strong>Dauer:<\/strong> 1 h<\/span><br><\/td><td class=\"einsatz-column-number\">1222020<\/td><td class=\"einsatz-column-date\">25.08.2020<\/td><td class=\"einsatz-column-time\">06:29<\/td><td class=\"einsatz-column-title\"><a href=\"https:\/\/www.ff-sarstedt.de\/stadt\/archive\/einsaetze\/ff-sarstedt-b1-wohnhausbrand-2\" rel=\"bookmark\">FF Sarstedt |B1- Wohnhausbrand<\/a><\/td><td class=\"einsatz-column-location\">Giesen<\/td><td class=\"einsatz-column-duration\">1 h<\/td><td class=\"einsatz-column-annotationImages\"><i class=\"fa-solid fa-camera\" aria-hidden=\"true\" title=\"Bericht enth\u00e4lt keine Bilder\" style=\"color: #bbbbbb;\"><\/i><\/td><\/tr><tr class=\"report\"><td class=\"smallscreen\" colspan=\"7\" data-permalink=\"https:\/\/www.ff-sarstedt.de\/stadt\/archive\/einsaetze\/ff-sarstedt-b1-ausgeloeste-brandmeldeanlage-79\"><div class=\"annotation-icon-bar\"><i class=\"fa-solid fa-camera\" aria-hidden=\"true\" title=\"Bericht enth\u00e4lt keine Bilder\" style=\"color: #bbbbbb;\"><\/i><\/div><span class=\"einsatz-number\"><strong>Nummer:<\/strong> 1212020<\/span><br><span class=\"einsatz-date\"><strong>Datum:<\/strong> 25.08.2020<\/span><br><span class=\"einsatz-time\"><strong>Uhrzeit:<\/strong> 05:26<\/span><br><span class=\"einsatz-title\"><strong>Einsatzmeldung:<\/strong> <a href=\"https:\/\/www.ff-sarstedt.de\/stadt\/archive\/einsaetze\/ff-sarstedt-b1-ausgeloeste-brandmeldeanlage-79\" rel=\"bookmark\">FF Sarstedt | B1 &#8211; ausgel\u00f6ste Brandmeldeanlage<\/a><\/span><br><span class=\"einsatz-location\"><strong>Einsatzort:<\/strong> Breslauer Stra\u00dfe<\/span><br><span class=\"einsatz-duration\"><strong>Dauer:<\/strong> 30 min<\/span><br><\/td><td class=\"einsatz-column-number\">1212020<\/td><td class=\"einsatz-column-date\">25.08.2020<\/td><td class=\"einsatz-column-time\">05:26<\/td><td class=\"einsatz-column-title\"><a href=\"https:\/\/www.ff-sarstedt.de\/stadt\/archive\/einsaetze\/ff-sarstedt-b1-ausgeloeste-brandmeldeanlage-79\" rel=\"bookmark\">FF Sarstedt | B1 &#8211; ausgel\u00f6ste Brandmeldeanlage<\/a><\/td><td class=\"einsatz-column-location\">Breslauer Stra\u00dfe<\/td><td class=\"einsatz-column-duration\">30 min<\/td><td class=\"einsatz-column-annotationImages\"><i class=\"fa-solid fa-camera\" aria-hidden=\"true\" title=\"Bericht enth\u00e4lt keine Bilder\" style=\"color: #bbbbbb;\"><\/i><\/td><\/tr><tr class=\"report\"><td class=\"smallscreen\" colspan=\"7\" data-permalink=\"https:\/\/www.ff-sarstedt.de\/stadt\/archive\/einsaetze\/ff-sarstedt-h0-oel-nach-vu-5\"><div class=\"annotation-icon-bar\"><i class=\"fa-solid fa-camera\" aria-hidden=\"true\" title=\"Bericht enth\u00e4lt keine Bilder\" style=\"color: #bbbbbb;\"><\/i><\/div><span class=\"einsatz-number\"><strong>Nummer:<\/strong> 1202020<\/span><br><span class=\"einsatz-date\"><strong>Datum:<\/strong> 24.08.2020<\/span><br><span class=\"einsatz-time\"><strong>Uhrzeit:<\/strong> 17:29<\/span><br><span class=\"einsatz-title\"><strong>Einsatzmeldung:<\/strong> <a href=\"https:\/\/www.ff-sarstedt.de\/stadt\/archive\/einsaetze\/ff-sarstedt-h0-oel-nach-vu-5\" rel=\"bookmark\">FF Sarstedt | H0 &#8211; \u00d6l nach VU<\/a><\/span><br><span class=\"einsatz-location\"><strong>Einsatzort:<\/strong> G\u00f6rlitzer Stra\u00dfe<\/span><br><span class=\"einsatz-duration\"><strong>Dauer:<\/strong> 1 h<\/span><br><\/td><td class=\"einsatz-column-number\">1202020<\/td><td class=\"einsatz-column-date\">24.08.2020<\/td><td class=\"einsatz-column-time\">17:29<\/td><td class=\"einsatz-column-title\"><a href=\"https:\/\/www.ff-sarstedt.de\/stadt\/archive\/einsaetze\/ff-sarstedt-h0-oel-nach-vu-5\" rel=\"bookmark\">FF Sarstedt | H0 &#8211; \u00d6l nach VU<\/a><\/td><td class=\"einsatz-column-location\">G\u00f6rlitzer Stra\u00dfe<\/td><td class=\"einsatz-column-duration\">1 h<\/td><td class=\"einsatz-column-annotationImages\"><i class=\"fa-solid fa-camera\" aria-hidden=\"true\" title=\"Bericht enth\u00e4lt keine Bilder\" style=\"color: #bbbbbb;\"><\/i><\/td><\/tr><tr class=\"report\"><td class=\"smallscreen\" colspan=\"7\" data-permalink=\"https:\/\/www.ff-sarstedt.de\/stadt\/archive\/einsaetze\/ff-sarstedt-b1-ausgeloeste-brandmeldeanlage-78\"><div class=\"annotation-icon-bar\"><i class=\"fa-solid fa-camera\" aria-hidden=\"true\" title=\"Bericht enth\u00e4lt keine Bilder\" style=\"color: #bbbbbb;\"><\/i><\/div><span class=\"einsatz-number\"><strong>Nummer:<\/strong> 1192020<\/span><br><span class=\"einsatz-date\"><strong>Datum:<\/strong> 24.08.2020<\/span><br><span class=\"einsatz-time\"><strong>Uhrzeit:<\/strong> 12:46<\/span><br><span class=\"einsatz-title\"><strong>Einsatzmeldung:<\/strong> <a href=\"https:\/\/www.ff-sarstedt.de\/stadt\/archive\/einsaetze\/ff-sarstedt-b1-ausgeloeste-brandmeldeanlage-78\" rel=\"bookmark\">FF Sarstedt | B1 &#8211; ausgel\u00f6ste Brandmeldeanlage<\/a><\/span><br><span class=\"einsatz-location\"><strong>Einsatzort:<\/strong> Breslauer Stra\u00dfe<\/span><br><span class=\"einsatz-duration\"><strong>Dauer:<\/strong> 30 min<\/span><br><\/td><td class=\"einsatz-column-number\">1192020<\/td><td class=\"einsatz-column-date\">24.08.2020<\/td><td class=\"einsatz-column-time\">12:46<\/td><td class=\"einsatz-column-title\"><a href=\"https:\/\/www.ff-sarstedt.de\/stadt\/archive\/einsaetze\/ff-sarstedt-b1-ausgeloeste-brandmeldeanlage-78\" rel=\"bookmark\">FF Sarstedt | B1 &#8211; ausgel\u00f6ste Brandmeldeanlage<\/a><\/td><td class=\"einsatz-column-location\">Breslauer Stra\u00dfe<\/td><td class=\"einsatz-column-duration\">30 min<\/td><td class=\"einsatz-column-annotationImages\"><i class=\"fa-solid fa-camera\" aria-hidden=\"true\" title=\"Bericht enth\u00e4lt keine Bilder\" style=\"color: #bbbbbb;\"><\/i><\/td><\/tr><tr class=\"report\"><td class=\"smallscreen\" colspan=\"7\" data-permalink=\"https:\/\/www.ff-sarstedt.de\/stadt\/archive\/einsaetze\/ff-sarstedt-b1-bma-2\"><div class=\"annotation-icon-bar\"><i class=\"fa-solid fa-camera\" aria-hidden=\"true\" title=\"Bericht enth\u00e4lt keine Bilder\" style=\"color: #bbbbbb;\"><\/i><\/div><span class=\"einsatz-number\"><strong>Nummer:<\/strong> 1182020<\/span><br><span class=\"einsatz-date\"><strong>Datum:<\/strong> 21.08.2020<\/span><br><span class=\"einsatz-time\"><strong>Uhrzeit:<\/strong> 03:05<\/span><br><span class=\"einsatz-title\"><strong>Einsatzmeldung:<\/strong> <a href=\"https:\/\/www.ff-sarstedt.de\/stadt\/archive\/einsaetze\/ff-sarstedt-b1-bma-2\" rel=\"bookmark\">FF Sarstedt | B1 \u2013 BMA<\/a><\/span><br><span class=\"einsatz-location\"><strong>Einsatzort:<\/strong> Am Teinkamp<\/span><br><span class=\"einsatz-duration\"><strong>Dauer:<\/strong> 30 min<\/span><br><\/td><td class=\"einsatz-column-number\">1182020<\/td><td class=\"einsatz-column-date\">21.08.2020<\/td><td class=\"einsatz-column-time\">03:05<\/td><td class=\"einsatz-column-title\"><a href=\"https:\/\/www.ff-sarstedt.de\/stadt\/archive\/einsaetze\/ff-sarstedt-b1-bma-2\" rel=\"bookmark\">FF Sarstedt | B1 \u2013 BMA<\/a><\/td><td class=\"einsatz-column-location\">Am Teinkamp<\/td><td class=\"einsatz-column-duration\">30 min<\/td><td class=\"einsatz-column-annotationImages\"><i class=\"fa-solid fa-camera\" aria-hidden=\"true\" title=\"Bericht enth\u00e4lt keine Bilder\" style=\"color: #bbbbbb;\"><\/i><\/td><\/tr><tr class=\"report\"><td class=\"smallscreen\" colspan=\"7\" data-permalink=\"https:\/\/www.ff-sarstedt.de\/stadt\/archive\/einsaetze\/ff-sarstedt-h0-tierrettung-23\"><div class=\"annotation-icon-bar\"><i class=\"fa-solid fa-camera\" aria-hidden=\"true\" title=\"Bericht enth\u00e4lt keine Bilder\" style=\"color: #bbbbbb;\"><\/i><\/div><span class=\"einsatz-number\"><strong>Nummer:<\/strong> 1172020<\/span><br><span class=\"einsatz-date\"><strong>Datum:<\/strong> 20.08.2020<\/span><br><span class=\"einsatz-time\"><strong>Uhrzeit:<\/strong> 19:13<\/span><br><span class=\"einsatz-title\"><strong>Einsatzmeldung:<\/strong> <a href=\"https:\/\/www.ff-sarstedt.de\/stadt\/archive\/einsaetze\/ff-sarstedt-h0-tierrettung-23\" rel=\"bookmark\">FF Sarstedt | H0 \u2013 Tierrettung<\/a><\/span><br><span class=\"einsatz-location\"><strong>Einsatzort:<\/strong> Ruthe, Leinebr\u00fccke K514<\/span><br><span class=\"einsatz-duration\"><strong>Dauer:<\/strong> 1 h<\/span><br><\/td><td class=\"einsatz-column-number\">1172020<\/td><td class=\"einsatz-column-date\">20.08.2020<\/td><td class=\"einsatz-column-time\">19:13<\/td><td class=\"einsatz-column-title\"><a href=\"https:\/\/www.ff-sarstedt.de\/stadt\/archive\/einsaetze\/ff-sarstedt-h0-tierrettung-23\" rel=\"bookmark\">FF Sarstedt | H0 \u2013 Tierrettung<\/a><\/td><td class=\"einsatz-column-location\">Ruthe, Leinebr\u00fccke K514<\/td><td class=\"einsatz-column-duration\">1 h<\/td><td class=\"einsatz-column-annotationImages\"><i class=\"fa-solid fa-camera\" aria-hidden=\"true\" title=\"Bericht enth\u00e4lt keine Bilder\" style=\"color: #bbbbbb;\"><\/i><\/td><\/tr><tr class=\"report\"><td class=\"smallscreen\" colspan=\"7\" data-permalink=\"https:\/\/www.ff-sarstedt.de\/stadt\/archive\/einsaetze\/ff-sarstedt-b0-heckenbrand-4\"><div class=\"annotation-icon-bar\"><i class=\"fa-solid fa-camera\" aria-hidden=\"true\" title=\"Bericht enth\u00e4lt keine Bilder\" style=\"color: #bbbbbb;\"><\/i><\/div><span class=\"einsatz-number\"><strong>Nummer:<\/strong> 1162020<\/span><br><span class=\"einsatz-date\"><strong>Datum:<\/strong> 20.08.2020<\/span><br><span class=\"einsatz-time\"><strong>Uhrzeit:<\/strong> 13:46<\/span><br><span class=\"einsatz-title\"><strong>Einsatzmeldung:<\/strong> <a href=\"https:\/\/www.ff-sarstedt.de\/stadt\/archive\/einsaetze\/ff-sarstedt-b0-heckenbrand-4\" rel=\"bookmark\">FF Sarstedt | B0 \u2013 Heckenbrand<\/a><\/span><br><span class=\"einsatz-location\"><strong>Einsatzort:<\/strong> Gutenbergstr.<\/span><br><span class=\"einsatz-duration\"><strong>Dauer:<\/strong> 30 min<\/span><br><\/td><td class=\"einsatz-column-number\">1162020<\/td><td class=\"einsatz-column-date\">20.08.2020<\/td><td class=\"einsatz-column-time\">13:46<\/td><td class=\"einsatz-column-title\"><a href=\"https:\/\/www.ff-sarstedt.de\/stadt\/archive\/einsaetze\/ff-sarstedt-b0-heckenbrand-4\" rel=\"bookmark\">FF Sarstedt | B0 \u2013 Heckenbrand<\/a><\/td><td class=\"einsatz-column-location\">Gutenbergstr.<\/td><td class=\"einsatz-column-duration\">30 min<\/td><td class=\"einsatz-column-annotationImages\"><i class=\"fa-solid fa-camera\" aria-hidden=\"true\" title=\"Bericht enth\u00e4lt keine Bilder\" style=\"color: #bbbbbb;\"><\/i><\/td><\/tr><tr class=\"report\"><td class=\"smallscreen\" colspan=\"7\" data-permalink=\"https:\/\/www.ff-sarstedt.de\/stadt\/archive\/einsaetze\/ff-sarstedt-b1-kellerbrand-2\"><div class=\"annotation-icon-bar\"><i class=\"fa-solid fa-camera\" aria-hidden=\"true\" title=\"Bericht enth\u00e4lt Bilder\" style=\"\"><\/i><\/div><span class=\"einsatz-number\"><strong>Nummer:<\/strong> 1152020<\/span><br><span class=\"einsatz-date\"><strong>Datum:<\/strong> 18.08.2020<\/span><br><span class=\"einsatz-time\"><strong>Uhrzeit:<\/strong> 13:21<\/span><br><span class=\"einsatz-title\"><strong>Einsatzmeldung:<\/strong> <a href=\"https:\/\/www.ff-sarstedt.de\/stadt\/archive\/einsaetze\/ff-sarstedt-b1-kellerbrand-2\" rel=\"bookmark\">FF Sarstedt | B1 &#8211; Kellerbrand<\/a><\/span><br><span class=\"einsatz-location\"><strong>Einsatzort:<\/strong> Matthias-Claudius-Stra\u00dfe<\/span><br><span class=\"einsatz-duration\"><strong>Dauer:<\/strong> 4 h<\/span><br><\/td><td class=\"einsatz-column-number\">1152020<\/td><td class=\"einsatz-column-date\">18.08.2020<\/td><td class=\"einsatz-column-time\">13:21<\/td><td class=\"einsatz-column-title\"><a href=\"https:\/\/www.ff-sarstedt.de\/stadt\/archive\/einsaetze\/ff-sarstedt-b1-kellerbrand-2\" rel=\"bookmark\">FF Sarstedt | B1 &#8211; Kellerbrand<\/a><\/td><td class=\"einsatz-column-location\">Matthias-Claudius-Stra\u00dfe<\/td><td class=\"einsatz-column-duration\">4 h<\/td><td class=\"einsatz-column-annotationImages\"><i class=\"fa-solid fa-camera\" aria-hidden=\"true\" title=\"Bericht enth\u00e4lt Bilder\" style=\"\"><\/i><\/td><\/tr><tr class=\"report\"><td class=\"smallscreen\" colspan=\"7\" data-permalink=\"https:\/\/www.ff-sarstedt.de\/stadt\/archive\/einsaetze\/ff-sarstedt-h0-tueroeffnung-68\"><div class=\"annotation-icon-bar\"><i class=\"fa-solid fa-camera\" aria-hidden=\"true\" title=\"Bericht enth\u00e4lt keine Bilder\" style=\"color: #bbbbbb;\"><\/i><\/div><span class=\"einsatz-number\"><strong>Nummer:<\/strong> 1142020<\/span><br><span class=\"einsatz-date\"><strong>Datum:<\/strong> 17.08.2020<\/span><br><span class=\"einsatz-time\"><strong>Uhrzeit:<\/strong> 17:14<\/span><br><span class=\"einsatz-title\"><strong>Einsatzmeldung:<\/strong> <a href=\"https:\/\/www.ff-sarstedt.de\/stadt\/archive\/einsaetze\/ff-sarstedt-h0-tueroeffnung-68\" rel=\"bookmark\">FF Sarstedt | H0 -T\u00fcr\u00f6ffnung<\/a><\/span><br><span class=\"einsatz-location\"><strong>Einsatzort:<\/strong> Heinrich-Heine-Str.<\/span><br><span class=\"einsatz-duration\"><strong>Dauer:<\/strong> 1 h<\/span><br><\/td><td class=\"einsatz-column-number\">1142020<\/td><td class=\"einsatz-column-date\">17.08.2020<\/td><td class=\"einsatz-column-time\">17:14<\/td><td class=\"einsatz-column-title\"><a href=\"https:\/\/www.ff-sarstedt.de\/stadt\/archive\/einsaetze\/ff-sarstedt-h0-tueroeffnung-68\" rel=\"bookmark\">FF Sarstedt | H0 -T\u00fcr\u00f6ffnung<\/a><\/td><td class=\"einsatz-column-location\">Heinrich-Heine-Str.<\/td><td class=\"einsatz-column-duration\">1 h<\/td><td class=\"einsatz-column-annotationImages\"><i class=\"fa-solid fa-camera\" aria-hidden=\"true\" title=\"Bericht enth\u00e4lt keine Bilder\" style=\"color: #bbbbbb;\"><\/i><\/td><\/tr><tr class=\"report\"><td class=\"smallscreen\" colspan=\"7\" data-permalink=\"https:\/\/www.ff-sarstedt.de\/stadt\/archive\/einsaetze\/ff-sarstedt-h0-tueroeffnung-67\"><div class=\"annotation-icon-bar\"><i class=\"fa-solid fa-camera\" aria-hidden=\"true\" title=\"Bericht enth\u00e4lt keine Bilder\" style=\"color: #bbbbbb;\"><\/i><\/div><span class=\"einsatz-number\"><strong>Nummer:<\/strong> 1132020<\/span><br><span class=\"einsatz-date\"><strong>Datum:<\/strong> 15.08.2020<\/span><br><span class=\"einsatz-time\"><strong>Uhrzeit:<\/strong> 16:10<\/span><br><span class=\"einsatz-title\"><strong>Einsatzmeldung:<\/strong> <a href=\"https:\/\/www.ff-sarstedt.de\/stadt\/archive\/einsaetze\/ff-sarstedt-h0-tueroeffnung-67\" rel=\"bookmark\">FF Sarstedt | H0 &#8211; T\u00fcr\u00f6ffnung<\/a><\/span><br><span class=\"einsatz-location\"><strong>Einsatzort:<\/strong> Steinstra\u00dfe<\/span><br><span class=\"einsatz-duration\"><strong>Dauer:<\/strong> 1 h<\/span><br><\/td><td class=\"einsatz-column-number\">1132020<\/td><td class=\"einsatz-column-date\">15.08.2020<\/td><td class=\"einsatz-column-time\">16:10<\/td><td class=\"einsatz-column-title\"><a href=\"https:\/\/www.ff-sarstedt.de\/stadt\/archive\/einsaetze\/ff-sarstedt-h0-tueroeffnung-67\" rel=\"bookmark\">FF Sarstedt | H0 &#8211; T\u00fcr\u00f6ffnung<\/a><\/td><td class=\"einsatz-column-location\">Steinstra\u00dfe<\/td><td class=\"einsatz-column-duration\">1 h<\/td><td class=\"einsatz-column-annotationImages\"><i class=\"fa-solid fa-camera\" aria-hidden=\"true\" title=\"Bericht enth\u00e4lt keine Bilder\" style=\"color: #bbbbbb;\"><\/i><\/td><\/tr><tr class=\"report\"><td class=\"smallscreen\" colspan=\"7\" data-permalink=\"https:\/\/www.ff-sarstedt.de\/stadt\/archive\/einsaetze\/ff-sarstedt-b0-flaechenbrand-5\"><div class=\"annotation-icon-bar\"><i class=\"fa-solid fa-camera\" aria-hidden=\"true\" title=\"Bericht enth\u00e4lt keine Bilder\" style=\"color: #bbbbbb;\"><\/i><\/div><span class=\"einsatz-number\"><strong>Nummer:<\/strong> 1122020<\/span><br><span class=\"einsatz-date\"><strong>Datum:<\/strong> 14.08.2020<\/span><br><span class=\"einsatz-time\"><strong>Uhrzeit:<\/strong> 12:26<\/span><br><span class=\"einsatz-title\"><strong>Einsatzmeldung:<\/strong> <a href=\"https:\/\/www.ff-sarstedt.de\/stadt\/archive\/einsaetze\/ff-sarstedt-b0-flaechenbrand-5\" rel=\"bookmark\">FF Sarstedt | B0 &#8211; Fl\u00e4chenbrand<\/a><\/span><br><span class=\"einsatz-location\"><strong>Einsatzort:<\/strong> Heisede, Wehmeweg<\/span><br><span class=\"einsatz-duration\"><strong>Dauer:<\/strong> 0 min<\/span><br><\/td><td class=\"einsatz-column-number\">1122020<\/td><td class=\"einsatz-column-date\">14.08.2020<\/td><td class=\"einsatz-column-time\">12:26<\/td><td class=\"einsatz-column-title\"><a href=\"https:\/\/www.ff-sarstedt.de\/stadt\/archive\/einsaetze\/ff-sarstedt-b0-flaechenbrand-5\" rel=\"bookmark\">FF Sarstedt | B0 &#8211; Fl\u00e4chenbrand<\/a><\/td><td class=\"einsatz-column-location\">Heisede, Wehmeweg<\/td><td class=\"einsatz-column-duration\">0 min<\/td><td class=\"einsatz-column-annotationImages\"><i class=\"fa-solid fa-camera\" aria-hidden=\"true\" title=\"Bericht enth\u00e4lt keine Bilder\" style=\"color: #bbbbbb;\"><\/i><\/td><\/tr><tr class=\"report\"><td class=\"smallscreen\" colspan=\"7\" data-permalink=\"https:\/\/www.ff-sarstedt.de\/stadt\/archive\/einsaetze\/ff-sarstedt-b1-ausgeloeste-brandmeldeanlage-77\"><div class=\"annotation-icon-bar\"><i class=\"fa-solid fa-camera\" aria-hidden=\"true\" title=\"Bericht enth\u00e4lt keine Bilder\" style=\"color: #bbbbbb;\"><\/i><\/div><span class=\"einsatz-number\"><strong>Nummer:<\/strong> 1112020<\/span><br><span class=\"einsatz-date\"><strong>Datum:<\/strong> 13.08.2020<\/span><br><span class=\"einsatz-time\"><strong>Uhrzeit:<\/strong> 05:14<\/span><br><span class=\"einsatz-title\"><strong>Einsatzmeldung:<\/strong> <a href=\"https:\/\/www.ff-sarstedt.de\/stadt\/archive\/einsaetze\/ff-sarstedt-b1-ausgeloeste-brandmeldeanlage-77\" rel=\"bookmark\">FF Sarstedt | B1 &#8211; Ausgel\u00f6ste Brandmeldeanlage<\/a><\/span><br><span class=\"einsatz-location\"><strong>Einsatzort:<\/strong> Karl-Schiller-Str.<\/span><br><span class=\"einsatz-duration\"><strong>Dauer:<\/strong> 30 min<\/span><br><\/td><td class=\"einsatz-column-number\">1112020<\/td><td class=\"einsatz-column-date\">13.08.2020<\/td><td class=\"einsatz-column-time\">05:14<\/td><td class=\"einsatz-column-title\"><a href=\"https:\/\/www.ff-sarstedt.de\/stadt\/archive\/einsaetze\/ff-sarstedt-b1-ausgeloeste-brandmeldeanlage-77\" rel=\"bookmark\">FF Sarstedt | B1 &#8211; Ausgel\u00f6ste Brandmeldeanlage<\/a><\/td><td class=\"einsatz-column-location\">Karl-Schiller-Str.<\/td><td class=\"einsatz-column-duration\">30 min<\/td><td class=\"einsatz-column-annotationImages\"><i class=\"fa-solid fa-camera\" aria-hidden=\"true\" title=\"Bericht enth\u00e4lt keine Bilder\" style=\"color: #bbbbbb;\"><\/i><\/td><\/tr><tr class=\"report\"><td class=\"smallscreen\" colspan=\"7\" data-permalink=\"https:\/\/www.ff-sarstedt.de\/stadt\/archive\/einsaetze\/ff-sarstedt-b3-manv-20-altenheim\"><div class=\"annotation-icon-bar\"><i class=\"fa-solid fa-camera\" aria-hidden=\"true\" title=\"Bericht enth\u00e4lt Bilder\" style=\"\"><\/i><\/div><span class=\"einsatz-number\"><strong>Nummer:<\/strong> 1102020<\/span><br><span class=\"einsatz-date\"><strong>Datum:<\/strong> 13.08.2020<\/span><br><span class=\"einsatz-time\"><strong>Uhrzeit:<\/strong> 03:58<\/span><br><span class=\"einsatz-title\"><strong>Einsatzmeldung:<\/strong> <a href=\"https:\/\/www.ff-sarstedt.de\/stadt\/archive\/einsaetze\/ff-sarstedt-b3-manv-20-altenheim\" rel=\"bookmark\">FF Sarstedt | B3 MANV 20 &#8211; Altenheim<\/a><\/span><br><span class=\"einsatz-location\"><strong>Einsatzort:<\/strong> Liegnitzer Str.<\/span><br><span class=\"einsatz-duration\"><strong>Dauer:<\/strong> 10 h<\/span><br><\/td><td class=\"einsatz-column-number\">1102020<\/td><td class=\"einsatz-column-date\">13.08.2020<\/td><td class=\"einsatz-column-time\">03:58<\/td><td class=\"einsatz-column-title\"><a href=\"https:\/\/www.ff-sarstedt.de\/stadt\/archive\/einsaetze\/ff-sarstedt-b3-manv-20-altenheim\" rel=\"bookmark\">FF Sarstedt | B3 MANV 20 &#8211; Altenheim<\/a><\/td><td class=\"einsatz-column-location\">Liegnitzer Str.<\/td><td class=\"einsatz-column-duration\">10 h<\/td><td class=\"einsatz-column-annotationImages\"><i class=\"fa-solid fa-camera\" aria-hidden=\"true\" title=\"Bericht enth\u00e4lt Bilder\" style=\"\"><\/i><\/td><\/tr><tr class=\"report\"><td class=\"smallscreen\" colspan=\"7\" data-permalink=\"https:\/\/www.ff-sarstedt.de\/stadt\/archive\/einsaetze\/ff-sarstedt-hm1-eingeklemmte-person-pkw\"><div class=\"annotation-icon-bar\"><i class=\"fa-solid fa-camera\" aria-hidden=\"true\" title=\"Bericht enth\u00e4lt Bilder\" style=\"\"><\/i><\/div><span class=\"einsatz-number\"><strong>Nummer:<\/strong> 1092020<\/span><br><span class=\"einsatz-date\"><strong>Datum:<\/strong> 11.08.2020<\/span><br><span class=\"einsatz-time\"><strong>Uhrzeit:<\/strong> 12:16<\/span><br><span class=\"einsatz-title\"><strong>Einsatzmeldung:<\/strong> <a href=\"https:\/\/www.ff-sarstedt.de\/stadt\/archive\/einsaetze\/ff-sarstedt-hm1-eingeklemmte-person-pkw\" rel=\"bookmark\">FF Sarstedt |HM1 &#8211; eingeklemmte Person PKW<\/a><\/span><br><span class=\"einsatz-location\"><strong>Einsatzort:<\/strong> Breslauer Str.<\/span><br><span class=\"einsatz-duration\"><strong>Dauer:<\/strong> 4 h 30 min<\/span><br><\/td><td class=\"einsatz-column-number\">1092020<\/td><td class=\"einsatz-column-date\">11.08.2020<\/td><td class=\"einsatz-column-time\">12:16<\/td><td class=\"einsatz-column-title\"><a href=\"https:\/\/www.ff-sarstedt.de\/stadt\/archive\/einsaetze\/ff-sarstedt-hm1-eingeklemmte-person-pkw\" rel=\"bookmark\">FF Sarstedt |HM1 &#8211; eingeklemmte Person PKW<\/a><\/td><td class=\"einsatz-column-location\">Breslauer Str.<\/td><td class=\"einsatz-column-duration\">4 h 30 min<\/td><td class=\"einsatz-column-annotationImages\"><i class=\"fa-solid fa-camera\" aria-hidden=\"true\" title=\"Bericht enth\u00e4lt Bilder\" style=\"\"><\/i><\/td><\/tr><tr class=\"report\"><td class=\"smallscreen\" colspan=\"7\" data-permalink=\"https:\/\/www.ff-sarstedt.de\/stadt\/archive\/einsaetze\/ff-sarstedt-h0-tueroeffnung-66\"><div class=\"annotation-icon-bar\"><i class=\"fa-solid fa-camera\" aria-hidden=\"true\" title=\"Bericht enth\u00e4lt keine Bilder\" style=\"color: #bbbbbb;\"><\/i><\/div><span class=\"einsatz-number\"><strong>Nummer:<\/strong> 1082020<\/span><br><span class=\"einsatz-date\"><strong>Datum:<\/strong> 09.08.2020<\/span><br><span class=\"einsatz-time\"><strong>Uhrzeit:<\/strong> 20:14<\/span><br><span class=\"einsatz-title\"><strong>Einsatzmeldung:<\/strong> <a href=\"https:\/\/www.ff-sarstedt.de\/stadt\/archive\/einsaetze\/ff-sarstedt-h0-tueroeffnung-66\" rel=\"bookmark\">FF Sarstedt | H0 &#8211; T\u00fcr\u00f6ffnung<\/a><\/span><br><span class=\"einsatz-location\"><strong>Einsatzort:<\/strong> Mozartstra\u00dfe<\/span><br><span class=\"einsatz-duration\"><strong>Dauer:<\/strong> 1 h<\/span><br><\/td><td class=\"einsatz-column-number\">1082020<\/td><td class=\"einsatz-column-date\">09.08.2020<\/td><td class=\"einsatz-column-time\">20:14<\/td><td class=\"einsatz-column-title\"><a href=\"https:\/\/www.ff-sarstedt.de\/stadt\/archive\/einsaetze\/ff-sarstedt-h0-tueroeffnung-66\" rel=\"bookmark\">FF Sarstedt | H0 &#8211; T\u00fcr\u00f6ffnung<\/a><\/td><td class=\"einsatz-column-location\">Mozartstra\u00dfe<\/td><td class=\"einsatz-column-duration\">1 h<\/td><td class=\"einsatz-column-annotationImages\"><i class=\"fa-solid fa-camera\" aria-hidden=\"true\" title=\"Bericht enth\u00e4lt keine Bilder\" style=\"color: #bbbbbb;\"><\/i><\/td><\/tr><tr class=\"report\"><td class=\"smallscreen\" colspan=\"7\" data-permalink=\"https:\/\/www.ff-sarstedt.de\/stadt\/archive\/einsaetze\/ff-sarstedt-h0-oel-nach-vu-4\"><div class=\"annotation-icon-bar\"><i class=\"fa-solid fa-camera\" aria-hidden=\"true\" title=\"Bericht enth\u00e4lt keine Bilder\" style=\"color: #bbbbbb;\"><\/i><\/div><span class=\"einsatz-number\"><strong>Nummer:<\/strong> 1072020<\/span><br><span class=\"einsatz-date\"><strong>Datum:<\/strong> 09.08.2020<\/span><br><span class=\"einsatz-time\"><strong>Uhrzeit:<\/strong> 17:59<\/span><br><span class=\"einsatz-title\"><strong>Einsatzmeldung:<\/strong> <a href=\"https:\/\/www.ff-sarstedt.de\/stadt\/archive\/einsaetze\/ff-sarstedt-h0-oel-nach-vu-4\" rel=\"bookmark\">FF Sarstedt | H0 &#8211; \u00d6l nach VU<\/a><\/span><br><span class=\"einsatz-location\"><strong>Einsatzort:<\/strong> An der Bahn<\/span><br><span class=\"einsatz-duration\"><strong>Dauer:<\/strong> 30 min<\/span><br><\/td><td class=\"einsatz-column-number\">1072020<\/td><td class=\"einsatz-column-date\">09.08.2020<\/td><td class=\"einsatz-column-time\">17:59<\/td><td class=\"einsatz-column-title\"><a href=\"https:\/\/www.ff-sarstedt.de\/stadt\/archive\/einsaetze\/ff-sarstedt-h0-oel-nach-vu-4\" rel=\"bookmark\">FF Sarstedt | H0 &#8211; \u00d6l nach VU<\/a><\/td><td class=\"einsatz-column-location\">An der Bahn<\/td><td class=\"einsatz-column-duration\">30 min<\/td><td class=\"einsatz-column-annotationImages\"><i class=\"fa-solid fa-camera\" aria-hidden=\"true\" title=\"Bericht enth\u00e4lt keine Bilder\" style=\"color: #bbbbbb;\"><\/i><\/td><\/tr><tr class=\"report\"><td class=\"smallscreen\" colspan=\"7\" data-permalink=\"https:\/\/www.ff-sarstedt.de\/stadt\/archive\/einsaetze\/ff-sarstedt-b1-ausgeloeste-brandmeldeanlage-76\"><div class=\"annotation-icon-bar\"><i class=\"fa-solid fa-camera\" aria-hidden=\"true\" title=\"Bericht enth\u00e4lt keine Bilder\" style=\"color: #bbbbbb;\"><\/i><\/div><span class=\"einsatz-number\"><strong>Nummer:<\/strong> 1062020<\/span><br><span class=\"einsatz-date\"><strong>Datum:<\/strong> 07.08.2020<\/span><br><span class=\"einsatz-time\"><strong>Uhrzeit:<\/strong> 11:37<\/span><br><span class=\"einsatz-title\"><strong>Einsatzmeldung:<\/strong> <a href=\"https:\/\/www.ff-sarstedt.de\/stadt\/archive\/einsaetze\/ff-sarstedt-b1-ausgeloeste-brandmeldeanlage-76\" rel=\"bookmark\">FF Sarstedt | B1 &#8211; ausgel\u00f6ste Brandmeldeanlage<\/a><\/span><br><span class=\"einsatz-location\"><strong>Einsatzort:<\/strong> Ludwig-Erhard-Ring<\/span><br><span class=\"einsatz-duration\"><strong>Dauer:<\/strong> 30 min<\/span><br><\/td><td class=\"einsatz-column-number\">1062020<\/td><td class=\"einsatz-column-date\">07.08.2020<\/td><td class=\"einsatz-column-time\">11:37<\/td><td class=\"einsatz-column-title\"><a href=\"https:\/\/www.ff-sarstedt.de\/stadt\/archive\/einsaetze\/ff-sarstedt-b1-ausgeloeste-brandmeldeanlage-76\" rel=\"bookmark\">FF Sarstedt | B1 &#8211; ausgel\u00f6ste Brandmeldeanlage<\/a><\/td><td class=\"einsatz-column-location\">Ludwig-Erhard-Ring<\/td><td class=\"einsatz-column-duration\">30 min<\/td><td class=\"einsatz-column-annotationImages\"><i class=\"fa-solid fa-camera\" aria-hidden=\"true\" title=\"Bericht enth\u00e4lt keine Bilder\" style=\"color: #bbbbbb;\"><\/i><\/td><\/tr><tr class=\"report\"><td class=\"smallscreen\" colspan=\"7\" data-permalink=\"https:\/\/www.ff-sarstedt.de\/stadt\/archive\/einsaetze\/ff-sarstedt-b1-rauch-aus-gebaeude-4\"><div class=\"annotation-icon-bar\"><i class=\"fa-solid fa-camera\" aria-hidden=\"true\" title=\"Bericht enth\u00e4lt keine Bilder\" style=\"color: #bbbbbb;\"><\/i><\/div><span class=\"einsatz-number\"><strong>Nummer:<\/strong> 1052020<\/span><br><span class=\"einsatz-date\"><strong>Datum:<\/strong> 06.08.2020<\/span><br><span class=\"einsatz-time\"><strong>Uhrzeit:<\/strong> 21:59<\/span><br><span class=\"einsatz-title\"><strong>Einsatzmeldung:<\/strong> <a href=\"https:\/\/www.ff-sarstedt.de\/stadt\/archive\/einsaetze\/ff-sarstedt-b1-rauch-aus-gebaeude-4\" rel=\"bookmark\">FF Sarstedt | B1 &#8211; Rauch aus Geb\u00e4ude<\/a><\/span><br><span class=\"einsatz-location\"><strong>Einsatzort:<\/strong> M\u00fchlenstra\u00dfe<\/span><br><span class=\"einsatz-duration\"><strong>Dauer:<\/strong> 1 h 30 min<\/span><br><\/td><td class=\"einsatz-column-number\">1052020<\/td><td class=\"einsatz-column-date\">06.08.2020<\/td><td class=\"einsatz-column-time\">21:59<\/td><td class=\"einsatz-column-title\"><a href=\"https:\/\/www.ff-sarstedt.de\/stadt\/archive\/einsaetze\/ff-sarstedt-b1-rauch-aus-gebaeude-4\" rel=\"bookmark\">FF Sarstedt | B1 &#8211; Rauch aus Geb\u00e4ude<\/a><\/td><td class=\"einsatz-column-location\">M\u00fchlenstra\u00dfe<\/td><td class=\"einsatz-column-duration\">1 h 30 min<\/td><td class=\"einsatz-column-annotationImages\"><i class=\"fa-solid fa-camera\" aria-hidden=\"true\" title=\"Bericht enth\u00e4lt keine Bilder\" style=\"color: #bbbbbb;\"><\/i><\/td><\/tr><tr class=\"report\"><td class=\"smallscreen\" colspan=\"7\" data-permalink=\"https:\/\/www.ff-sarstedt.de\/stadt\/archive\/einsaetze\/ff-sarstedt-b1-rauch-aus-gebaeude-3\"><div class=\"annotation-icon-bar\"><i class=\"fa-solid fa-camera\" aria-hidden=\"true\" title=\"Bericht enth\u00e4lt keine Bilder\" style=\"color: #bbbbbb;\"><\/i><\/div><span class=\"einsatz-number\"><strong>Nummer:<\/strong> 1042020<\/span><br><span class=\"einsatz-date\"><strong>Datum:<\/strong> 06.08.2020<\/span><br><span class=\"einsatz-time\"><strong>Uhrzeit:<\/strong> 01:00<\/span><br><span class=\"einsatz-title\"><strong>Einsatzmeldung:<\/strong> <a href=\"https:\/\/www.ff-sarstedt.de\/stadt\/archive\/einsaetze\/ff-sarstedt-b1-rauch-aus-gebaeude-3\" rel=\"bookmark\">FF Sarstedt | B1 &#8211; Rauch aus Geb\u00e4ude<\/a><\/span><br><span class=\"einsatz-location\"><strong>Einsatzort:<\/strong> Hildesheimer Stra\u00dfe<\/span><br><span class=\"einsatz-duration\"><strong>Dauer:<\/strong> 30 min<\/span><br><\/td><td class=\"einsatz-column-number\">1042020<\/td><td class=\"einsatz-column-date\">06.08.2020<\/td><td class=\"einsatz-column-time\">01:00<\/td><td class=\"einsatz-column-title\"><a href=\"https:\/\/www.ff-sarstedt.de\/stadt\/archive\/einsaetze\/ff-sarstedt-b1-rauch-aus-gebaeude-3\" rel=\"bookmark\">FF Sarstedt | B1 &#8211; Rauch aus Geb\u00e4ude<\/a><\/td><td class=\"einsatz-column-location\">Hildesheimer Stra\u00dfe<\/td><td class=\"einsatz-column-duration\">30 min<\/td><td class=\"einsatz-column-annotationImages\"><i class=\"fa-solid fa-camera\" aria-hidden=\"true\" title=\"Bericht enth\u00e4lt keine Bilder\" style=\"color: #bbbbbb;\"><\/i><\/td><\/tr><tr class=\"report\"><td class=\"smallscreen\" colspan=\"7\" data-permalink=\"https:\/\/www.ff-sarstedt.de\/stadt\/archive\/einsaetze\/ff-sarstedt-b1-ausgeloeste-brandmeldeanlage-75\"><div class=\"annotation-icon-bar\"><i class=\"fa-solid fa-camera\" aria-hidden=\"true\" title=\"Bericht enth\u00e4lt keine Bilder\" style=\"color: #bbbbbb;\"><\/i><\/div><span class=\"einsatz-number\"><strong>Nummer:<\/strong> 1032020<\/span><br><span class=\"einsatz-date\"><strong>Datum:<\/strong> 04.08.2020<\/span><br><span class=\"einsatz-time\"><strong>Uhrzeit:<\/strong> 09:43<\/span><br><span class=\"einsatz-title\"><strong>Einsatzmeldung:<\/strong> <a href=\"https:\/\/www.ff-sarstedt.de\/stadt\/archive\/einsaetze\/ff-sarstedt-b1-ausgeloeste-brandmeldeanlage-75\" rel=\"bookmark\">FF Sarstedt | B1 \u2013 Ausgel\u00f6ste Brandmeldeanlage<\/a><\/span><br><span class=\"einsatz-location\"><strong>Einsatzort:<\/strong> Im Kirchenfelde<\/span><br><span class=\"einsatz-duration\"><strong>Dauer:<\/strong> 30 min<\/span><br><\/td><td class=\"einsatz-column-number\">1032020<\/td><td class=\"einsatz-column-date\">04.08.2020<\/td><td class=\"einsatz-column-time\">09:43<\/td><td class=\"einsatz-column-title\"><a href=\"https:\/\/www.ff-sarstedt.de\/stadt\/archive\/einsaetze\/ff-sarstedt-b1-ausgeloeste-brandmeldeanlage-75\" rel=\"bookmark\">FF Sarstedt | B1 \u2013 Ausgel\u00f6ste Brandmeldeanlage<\/a><\/td><td class=\"einsatz-column-location\">Im Kirchenfelde<\/td><td class=\"einsatz-column-duration\">30 min<\/td><td class=\"einsatz-column-annotationImages\"><i class=\"fa-solid fa-camera\" aria-hidden=\"true\" title=\"Bericht enth\u00e4lt keine Bilder\" style=\"color: #bbbbbb;\"><\/i><\/td><\/tr><tr class=\"zebracorrection\"><td colspan=\"7\">&nbsp;<\/td><\/tr><tr class=\"einsatz-title-month\"><td colspan=\"7\">Juli<\/td><\/tr><tr class=\"einsatz-header\"><th style=\"white-space: nowrap;\">Nummer<\/th><th style=\"white-space: nowrap;\">Datum<\/th><th style=\"white-space: nowrap;\">Uhrzeit<\/th><th style=\"\">Einsatzmeldung<\/th><th style=\"\">Einsatzort<\/th><th style=\"white-space: nowrap;\">Dauer<\/th><th style=\"\"><\/th><\/tr><tr class=\"report\"><td class=\"smallscreen\" colspan=\"7\" data-permalink=\"https:\/\/www.ff-sarstedt.de\/stadt\/archive\/einsaetze\/ff-sarstedt-h0-tueroeffnung-65\"><div class=\"annotation-icon-bar\"><i class=\"fa-solid fa-camera\" aria-hidden=\"true\" title=\"Bericht enth\u00e4lt keine Bilder\" style=\"color: #bbbbbb;\"><\/i><\/div><span class=\"einsatz-number\"><strong>Nummer:<\/strong> 1022020<\/span><br><span class=\"einsatz-date\"><strong>Datum:<\/strong> 19.07.2020<\/span><br><span class=\"einsatz-time\"><strong>Uhrzeit:<\/strong> 23:06<\/span><br><span class=\"einsatz-title\"><strong>Einsatzmeldung:<\/strong> <a href=\"https:\/\/www.ff-sarstedt.de\/stadt\/archive\/einsaetze\/ff-sarstedt-h0-tueroeffnung-65\" rel=\"bookmark\">FF Sarstedt | H0 &#8211; T\u00fcr\u00f6ffnung<\/a><\/span><br><span class=\"einsatz-location\"><strong>Einsatzort:<\/strong> Am Ried<\/span><br><span class=\"einsatz-duration\"><strong>Dauer:<\/strong> 1 h<\/span><br><\/td><td class=\"einsatz-column-number\">1022020<\/td><td class=\"einsatz-column-date\">19.07.2020<\/td><td class=\"einsatz-column-time\">23:06<\/td><td class=\"einsatz-column-title\"><a href=\"https:\/\/www.ff-sarstedt.de\/stadt\/archive\/einsaetze\/ff-sarstedt-h0-tueroeffnung-65\" rel=\"bookmark\">FF Sarstedt | H0 &#8211; T\u00fcr\u00f6ffnung<\/a><\/td><td class=\"einsatz-column-location\">Am Ried<\/td><td class=\"einsatz-column-duration\">1 h<\/td><td class=\"einsatz-column-annotationImages\"><i class=\"fa-solid fa-camera\" aria-hidden=\"true\" title=\"Bericht enth\u00e4lt keine Bilder\" style=\"color: #bbbbbb;\"><\/i><\/td><\/tr><tr class=\"report\"><td class=\"smallscreen\" colspan=\"7\" data-permalink=\"https:\/\/www.ff-sarstedt.de\/stadt\/archive\/einsaetze\/ff-sarstedt-h0-tragehilfe-fuer-den-rettungsdienst-3\"><div class=\"annotation-icon-bar\"><i class=\"fa-solid fa-camera\" aria-hidden=\"true\" title=\"Bericht enth\u00e4lt keine Bilder\" style=\"color: #bbbbbb;\"><\/i><\/div><span class=\"einsatz-number\"><strong>Nummer:<\/strong> 1012020<\/span><br><span class=\"einsatz-date\"><strong>Datum:<\/strong> 19.07.2020<\/span><br><span class=\"einsatz-time\"><strong>Uhrzeit:<\/strong> 09:30<\/span><br><span class=\"einsatz-title\"><strong>Einsatzmeldung:<\/strong> <a href=\"https:\/\/www.ff-sarstedt.de\/stadt\/archive\/einsaetze\/ff-sarstedt-h0-tragehilfe-fuer-den-rettungsdienst-3\" rel=\"bookmark\">FF Sarstedt | H0 &#8211; Tragehilfe f\u00fcr den Rettungsdienst<\/a><\/span><br><span class=\"einsatz-location\"><strong>Einsatzort:<\/strong> Wenderter Stra\u00dfe<\/span><br><span class=\"einsatz-duration\"><strong>Dauer:<\/strong> 30 min<\/span><br><\/td><td class=\"einsatz-column-number\">1012020<\/td><td class=\"einsatz-column-date\">19.07.2020<\/td><td class=\"einsatz-column-time\">09:30<\/td><td class=\"einsatz-column-title\"><a href=\"https:\/\/www.ff-sarstedt.de\/stadt\/archive\/einsaetze\/ff-sarstedt-h0-tragehilfe-fuer-den-rettungsdienst-3\" rel=\"bookmark\">FF Sarstedt | H0 &#8211; Tragehilfe f\u00fcr den Rettungsdienst<\/a><\/td><td class=\"einsatz-column-location\">Wenderter Stra\u00dfe<\/td><td class=\"einsatz-column-duration\">30 min<\/td><td class=\"einsatz-column-annotationImages\"><i class=\"fa-solid fa-camera\" aria-hidden=\"true\" title=\"Bericht enth\u00e4lt keine Bilder\" style=\"color: #bbbbbb;\"><\/i><\/td><\/tr><tr class=\"report\"><td class=\"smallscreen\" colspan=\"7\" data-permalink=\"https:\/\/www.ff-sarstedt.de\/stadt\/archive\/einsaetze\/ff-sarstedt-h0-oel-auf-gewaesser-4\"><div class=\"annotation-icon-bar\"><i class=\"fa-solid fa-camera\" aria-hidden=\"true\" title=\"Bericht enth\u00e4lt keine Bilder\" style=\"color: #bbbbbb;\"><\/i><\/div><span class=\"einsatz-number\"><strong>Nummer:<\/strong> 1002020<\/span><br><span class=\"einsatz-date\"><strong>Datum:<\/strong> 18.07.2020<\/span><br><span class=\"einsatz-time\"><strong>Uhrzeit:<\/strong> 10:00<\/span><br><span class=\"einsatz-title\"><strong>Einsatzmeldung:<\/strong> <a href=\"https:\/\/www.ff-sarstedt.de\/stadt\/archive\/einsaetze\/ff-sarstedt-h0-oel-auf-gewaesser-4\" rel=\"bookmark\">FF Sarstedt | H0 -\u00d6l auf Gew\u00e4sser<\/a><\/span><br><span class=\"einsatz-location\"><strong>Einsatzort:<\/strong> Holztorstra\u00dfe<\/span><br><span class=\"einsatz-duration\"><strong>Dauer:<\/strong> 2 h<\/span><br><\/td><td class=\"einsatz-column-number\">1002020<\/td><td class=\"einsatz-column-date\">18.07.2020<\/td><td class=\"einsatz-column-time\">10:00<\/td><td class=\"einsatz-column-title\"><a href=\"https:\/\/www.ff-sarstedt.de\/stadt\/archive\/einsaetze\/ff-sarstedt-h0-oel-auf-gewaesser-4\" rel=\"bookmark\">FF Sarstedt | H0 -\u00d6l auf Gew\u00e4sser<\/a><\/td><td class=\"einsatz-column-location\">Holztorstra\u00dfe<\/td><td class=\"einsatz-column-duration\">2 h<\/td><td class=\"einsatz-column-annotationImages\"><i class=\"fa-solid fa-camera\" aria-hidden=\"true\" title=\"Bericht enth\u00e4lt keine Bilder\" style=\"color: #bbbbbb;\"><\/i><\/td><\/tr><tr class=\"report\"><td class=\"smallscreen\" colspan=\"7\" data-permalink=\"https:\/\/www.ff-sarstedt.de\/stadt\/archive\/einsaetze\/ff-sarstedt-b1-gasleitung\"><div class=\"annotation-icon-bar\"><i class=\"fa-solid fa-camera\" aria-hidden=\"true\" title=\"Bericht enth\u00e4lt keine Bilder\" style=\"color: #bbbbbb;\"><\/i><\/div><span class=\"einsatz-number\"><strong>Nummer:<\/strong> 0992020<\/span><br><span class=\"einsatz-date\"><strong>Datum:<\/strong> 17.07.2020<\/span><br><span class=\"einsatz-time\"><strong>Uhrzeit:<\/strong> 13:57<\/span><br><span class=\"einsatz-title\"><strong>Einsatzmeldung:<\/strong> <a href=\"https:\/\/www.ff-sarstedt.de\/stadt\/archive\/einsaetze\/ff-sarstedt-b1-gasleitung\" rel=\"bookmark\">FF Sarstedt | H1 &#8211; Gasleitung<\/a><\/span><br><span class=\"einsatz-location\"><strong>Einsatzort:<\/strong> Carl-Orff-Weg<\/span><br><span class=\"einsatz-duration\"><strong>Dauer:<\/strong> 2 h<\/span><br><\/td><td class=\"einsatz-column-number\">0992020<\/td><td class=\"einsatz-column-date\">17.07.2020<\/td><td class=\"einsatz-column-time\">13:57<\/td><td class=\"einsatz-column-title\"><a href=\"https:\/\/www.ff-sarstedt.de\/stadt\/archive\/einsaetze\/ff-sarstedt-b1-gasleitung\" rel=\"bookmark\">FF Sarstedt | H1 &#8211; Gasleitung<\/a><\/td><td class=\"einsatz-column-location\">Carl-Orff-Weg<\/td><td class=\"einsatz-column-duration\">2 h<\/td><td class=\"einsatz-column-annotationImages\"><i class=\"fa-solid fa-camera\" aria-hidden=\"true\" title=\"Bericht enth\u00e4lt keine Bilder\" style=\"color: #bbbbbb;\"><\/i><\/td><\/tr><tr class=\"report\"><td class=\"smallscreen\" colspan=\"7\" data-permalink=\"https:\/\/www.ff-sarstedt.de\/stadt\/archive\/einsaetze\/ff-sarstedt-b1-augeloester-rauchmelder\"><div class=\"annotation-icon-bar\"><i class=\"fa-solid fa-camera\" aria-hidden=\"true\" title=\"Bericht enth\u00e4lt keine Bilder\" style=\"color: #bbbbbb;\"><\/i><\/div><span class=\"einsatz-number\"><strong>Nummer:<\/strong> 0982020<\/span><br><span class=\"einsatz-date\"><strong>Datum:<\/strong> 17.07.2020<\/span><br><span class=\"einsatz-time\"><strong>Uhrzeit:<\/strong> 11:06<\/span><br><span class=\"einsatz-title\"><strong>Einsatzmeldung:<\/strong> <a href=\"https:\/\/www.ff-sarstedt.de\/stadt\/archive\/einsaetze\/ff-sarstedt-b1-augeloester-rauchmelder\" rel=\"bookmark\">FF Sarstedt | B1 &#8211; Augel\u00f6ster Rauchmelder<\/a><\/span><br><span class=\"einsatz-location\"><strong>Einsatzort:<\/strong> Oppelner Str.<\/span><br><span class=\"einsatz-duration\"><strong>Dauer:<\/strong> 1 h<\/span><br><\/td><td class=\"einsatz-column-number\">0982020<\/td><td class=\"einsatz-column-date\">17.07.2020<\/td><td class=\"einsatz-column-time\">11:06<\/td><td class=\"einsatz-column-title\"><a href=\"https:\/\/www.ff-sarstedt.de\/stadt\/archive\/einsaetze\/ff-sarstedt-b1-augeloester-rauchmelder\" rel=\"bookmark\">FF Sarstedt | B1 &#8211; Augel\u00f6ster Rauchmelder<\/a><\/td><td class=\"einsatz-column-location\">Oppelner Str.<\/td><td class=\"einsatz-column-duration\">1 h<\/td><td class=\"einsatz-column-annotationImages\"><i class=\"fa-solid fa-camera\" aria-hidden=\"true\" title=\"Bericht enth\u00e4lt keine Bilder\" style=\"color: #bbbbbb;\"><\/i><\/td><\/tr><tr class=\"report\"><td class=\"smallscreen\" colspan=\"7\" data-permalink=\"https:\/\/www.ff-sarstedt.de\/stadt\/archive\/einsaetze\/ff-sarstedt-h0-tragehilfe-fuer-den-rettungsdienst-2\"><div class=\"annotation-icon-bar\"><i class=\"fa-solid fa-camera\" aria-hidden=\"true\" title=\"Bericht enth\u00e4lt keine Bilder\" style=\"color: #bbbbbb;\"><\/i><\/div><span class=\"einsatz-number\"><strong>Nummer:<\/strong> 0972020<\/span><br><span class=\"einsatz-date\"><strong>Datum:<\/strong> 16.07.2020<\/span><br><span class=\"einsatz-time\"><strong>Uhrzeit:<\/strong> 13:30<\/span><br><span class=\"einsatz-title\"><strong>Einsatzmeldung:<\/strong> <a href=\"https:\/\/www.ff-sarstedt.de\/stadt\/archive\/einsaetze\/ff-sarstedt-h0-tragehilfe-fuer-den-rettungsdienst-2\" rel=\"bookmark\">FF Sarstedt | H0 &#8211; Tragehilfe f\u00fcr den Rettungsdienst<\/a><\/span><br><span class=\"einsatz-location\"><strong>Einsatzort:<\/strong> Am Bruchgraben<\/span><br><span class=\"einsatz-duration\"><strong>Dauer:<\/strong> 45 min<\/span><br><\/td><td class=\"einsatz-column-number\">0972020<\/td><td class=\"einsatz-column-date\">16.07.2020<\/td><td class=\"einsatz-column-time\">13:30<\/td><td class=\"einsatz-column-title\"><a href=\"https:\/\/www.ff-sarstedt.de\/stadt\/archive\/einsaetze\/ff-sarstedt-h0-tragehilfe-fuer-den-rettungsdienst-2\" rel=\"bookmark\">FF Sarstedt | H0 &#8211; Tragehilfe f\u00fcr den Rettungsdienst<\/a><\/td><td class=\"einsatz-column-location\">Am Bruchgraben<\/td><td class=\"einsatz-column-duration\">45 min<\/td><td class=\"einsatz-column-annotationImages\"><i class=\"fa-solid fa-camera\" aria-hidden=\"true\" title=\"Bericht enth\u00e4lt keine Bilder\" style=\"color: #bbbbbb;\"><\/i><\/td><\/tr><tr class=\"report\"><td class=\"smallscreen\" colspan=\"7\" data-permalink=\"https:\/\/www.ff-sarstedt.de\/stadt\/archive\/einsaetze\/ff-sarstedt-h0-oel-auf-gewaesser-3\"><div class=\"annotation-icon-bar\"><i class=\"fa-solid fa-camera\" aria-hidden=\"true\" title=\"Bericht enth\u00e4lt keine Bilder\" style=\"color: #bbbbbb;\"><\/i><\/div><span class=\"einsatz-number\"><strong>Nummer:<\/strong> 0962020<\/span><br><span class=\"einsatz-date\"><strong>Datum:<\/strong> 16.07.2020<\/span><br><span class=\"einsatz-time\"><strong>Uhrzeit:<\/strong> 10:30<\/span><br><span class=\"einsatz-title\"><strong>Einsatzmeldung:<\/strong> <a href=\"https:\/\/www.ff-sarstedt.de\/stadt\/archive\/einsaetze\/ff-sarstedt-h0-oel-auf-gewaesser-3\" rel=\"bookmark\">FF Sarstedt | H0 &#8211; \u00d6l auf Gew\u00e4sser<\/a><\/span><br><span class=\"einsatz-location\"><strong>Einsatzort:<\/strong> Am Kl\u00e4rwerk<\/span><br><span class=\"einsatz-duration\"><strong>Dauer:<\/strong> 1 h 45 min<\/span><br><\/td><td class=\"einsatz-column-number\">0962020<\/td><td class=\"einsatz-column-date\">16.07.2020<\/td><td class=\"einsatz-column-time\">10:30<\/td><td class=\"einsatz-column-title\"><a href=\"https:\/\/www.ff-sarstedt.de\/stadt\/archive\/einsaetze\/ff-sarstedt-h0-oel-auf-gewaesser-3\" rel=\"bookmark\">FF Sarstedt | H0 &#8211; \u00d6l auf Gew\u00e4sser<\/a><\/td><td class=\"einsatz-column-location\">Am Kl\u00e4rwerk<\/td><td class=\"einsatz-column-duration\">1 h 45 min<\/td><td class=\"einsatz-column-annotationImages\"><i class=\"fa-solid fa-camera\" aria-hidden=\"true\" title=\"Bericht enth\u00e4lt keine Bilder\" style=\"color: #bbbbbb;\"><\/i><\/td><\/tr><tr class=\"report\"><td class=\"smallscreen\" colspan=\"7\" data-permalink=\"https:\/\/www.ff-sarstedt.de\/stadt\/archive\/einsaetze\/ff-sarstedt-h0-oel-auf-gewaesser-2\"><div class=\"annotation-icon-bar\"><i class=\"fa-solid fa-camera\" aria-hidden=\"true\" title=\"Bericht enth\u00e4lt keine Bilder\" style=\"color: #bbbbbb;\"><\/i><\/div><span class=\"einsatz-number\"><strong>Nummer:<\/strong> 0952020<\/span><br><span class=\"einsatz-date\"><strong>Datum:<\/strong> 15.07.2020<\/span><br><span class=\"einsatz-time\"><strong>Uhrzeit:<\/strong> 18:55<\/span><br><span class=\"einsatz-title\"><strong>Einsatzmeldung:<\/strong> <a href=\"https:\/\/www.ff-sarstedt.de\/stadt\/archive\/einsaetze\/ff-sarstedt-h0-oel-auf-gewaesser-2\" rel=\"bookmark\">FF Sarstedt | H0 &#8211; \u00d6l auf Gew\u00e4sser<\/a><\/span><br><span class=\"einsatz-location\"><strong>Einsatzort:<\/strong> Holztorstr.<\/span><br><span class=\"einsatz-duration\"><strong>Dauer:<\/strong> 1 h<\/span><br><\/td><td class=\"einsatz-column-number\">0952020<\/td><td class=\"einsatz-column-date\">15.07.2020<\/td><td class=\"einsatz-column-time\">18:55<\/td><td class=\"einsatz-column-title\"><a href=\"https:\/\/www.ff-sarstedt.de\/stadt\/archive\/einsaetze\/ff-sarstedt-h0-oel-auf-gewaesser-2\" rel=\"bookmark\">FF Sarstedt | H0 &#8211; \u00d6l auf Gew\u00e4sser<\/a><\/td><td class=\"einsatz-column-location\">Holztorstr.<\/td><td class=\"einsatz-column-duration\">1 h<\/td><td class=\"einsatz-column-annotationImages\"><i class=\"fa-solid fa-camera\" aria-hidden=\"true\" title=\"Bericht enth\u00e4lt keine Bilder\" style=\"color: #bbbbbb;\"><\/i><\/td><\/tr><tr class=\"report\"><td class=\"smallscreen\" colspan=\"7\" data-permalink=\"https:\/\/www.ff-sarstedt.de\/stadt\/archive\/einsaetze\/ff-sarstedt-h0-oel-auf-gewaesser\"><div class=\"annotation-icon-bar\"><i class=\"fa-solid fa-camera\" aria-hidden=\"true\" title=\"Bericht enth\u00e4lt Bilder\" style=\"\"><\/i><\/div><span class=\"einsatz-number\"><strong>Nummer:<\/strong> 0942020<\/span><br><span class=\"einsatz-date\"><strong>Datum:<\/strong> 15.07.2020<\/span><br><span class=\"einsatz-time\"><strong>Uhrzeit:<\/strong> 15:16<\/span><br><span class=\"einsatz-title\"><strong>Einsatzmeldung:<\/strong> <a href=\"https:\/\/www.ff-sarstedt.de\/stadt\/archive\/einsaetze\/ff-sarstedt-h0-oel-auf-gewaesser\" rel=\"bookmark\">FF Sarstedt | H0 &#8211; \u00d6l auf Gew\u00e4sser<\/a><\/span><br><span class=\"einsatz-location\"><strong>Einsatzort:<\/strong> Holztorstr.<\/span><br><span class=\"einsatz-duration\"><strong>Dauer:<\/strong> 2 h 30 min<\/span><br><\/td><td class=\"einsatz-column-number\">0942020<\/td><td class=\"einsatz-column-date\">15.07.2020<\/td><td class=\"einsatz-column-time\">15:16<\/td><td class=\"einsatz-column-title\"><a href=\"https:\/\/www.ff-sarstedt.de\/stadt\/archive\/einsaetze\/ff-sarstedt-h0-oel-auf-gewaesser\" rel=\"bookmark\">FF Sarstedt | H0 &#8211; \u00d6l auf Gew\u00e4sser<\/a><\/td><td class=\"einsatz-column-location\">Holztorstr.<\/td><td class=\"einsatz-column-duration\">2 h 30 min<\/td><td class=\"einsatz-column-annotationImages\"><i class=\"fa-solid fa-camera\" aria-hidden=\"true\" title=\"Bericht enth\u00e4lt Bilder\" style=\"\"><\/i><\/td><\/tr><tr class=\"report\"><td class=\"smallscreen\" colspan=\"7\" data-permalink=\"https:\/\/www.ff-sarstedt.de\/stadt\/archive\/einsaetze\/ff-sarstedt-h0-oelspur-23\"><div class=\"annotation-icon-bar\"><i class=\"fa-solid fa-camera\" aria-hidden=\"true\" title=\"Bericht enth\u00e4lt keine Bilder\" style=\"color: #bbbbbb;\"><\/i><\/div><span class=\"einsatz-number\"><strong>Nummer:<\/strong> 0932020<\/span><br><span class=\"einsatz-date\"><strong>Datum:<\/strong> 14.07.2020<\/span><br><span class=\"einsatz-time\"><strong>Uhrzeit:<\/strong> 16:43<\/span><br><span class=\"einsatz-title\"><strong>Einsatzmeldung:<\/strong> <a href=\"https:\/\/www.ff-sarstedt.de\/stadt\/archive\/einsaetze\/ff-sarstedt-h0-oelspur-23\" rel=\"bookmark\">FF Sarstedt | H0 &#8211; \u00d6lspur<\/a><\/span><br><span class=\"einsatz-location\"><strong>Einsatzort:<\/strong> B6<\/span><br><span class=\"einsatz-duration\"><strong>Dauer:<\/strong> 30 min<\/span><br><\/td><td class=\"einsatz-column-number\">0932020<\/td><td class=\"einsatz-column-date\">14.07.2020<\/td><td class=\"einsatz-column-time\">16:43<\/td><td class=\"einsatz-column-title\"><a href=\"https:\/\/www.ff-sarstedt.de\/stadt\/archive\/einsaetze\/ff-sarstedt-h0-oelspur-23\" rel=\"bookmark\">FF Sarstedt | H0 &#8211; \u00d6lspur<\/a><\/td><td class=\"einsatz-column-location\">B6<\/td><td class=\"einsatz-column-duration\">30 min<\/td><td class=\"einsatz-column-annotationImages\"><i class=\"fa-solid fa-camera\" aria-hidden=\"true\" title=\"Bericht enth\u00e4lt keine Bilder\" style=\"color: #bbbbbb;\"><\/i><\/td><\/tr><tr class=\"report\"><td class=\"smallscreen\" colspan=\"7\" data-permalink=\"https:\/\/www.ff-sarstedt.de\/stadt\/archive\/einsaetze\/ff-sarstedt-h0-oelspur-22\"><div class=\"annotation-icon-bar\"><i class=\"fa-solid fa-camera\" aria-hidden=\"true\" title=\"Bericht enth\u00e4lt keine Bilder\" style=\"color: #bbbbbb;\"><\/i><\/div><span class=\"einsatz-number\"><strong>Nummer:<\/strong> 0922020<\/span><br><span class=\"einsatz-date\"><strong>Datum:<\/strong> 13.07.2020<\/span><br><span class=\"einsatz-time\"><strong>Uhrzeit:<\/strong> 21:39<\/span><br><span class=\"einsatz-title\"><strong>Einsatzmeldung:<\/strong> <a href=\"https:\/\/www.ff-sarstedt.de\/stadt\/archive\/einsaetze\/ff-sarstedt-h0-oelspur-22\" rel=\"bookmark\">FF Sarstedt | H0 &#8211; \u00d6lspur<\/a><\/span><br><span class=\"einsatz-location\"><strong>Einsatzort:<\/strong> B6<\/span><br><span class=\"einsatz-duration\"><strong>Dauer:<\/strong> 1 h<\/span><br><\/td><td class=\"einsatz-column-number\">0922020<\/td><td class=\"einsatz-column-date\">13.07.2020<\/td><td class=\"einsatz-column-time\">21:39<\/td><td class=\"einsatz-column-title\"><a href=\"https:\/\/www.ff-sarstedt.de\/stadt\/archive\/einsaetze\/ff-sarstedt-h0-oelspur-22\" rel=\"bookmark\">FF Sarstedt | H0 &#8211; \u00d6lspur<\/a><\/td><td class=\"einsatz-column-location\">B6<\/td><td class=\"einsatz-column-duration\">1 h<\/td><td class=\"einsatz-column-annotationImages\"><i class=\"fa-solid fa-camera\" aria-hidden=\"true\" title=\"Bericht enth\u00e4lt keine Bilder\" style=\"color: #bbbbbb;\"><\/i><\/td><\/tr><tr class=\"report\"><td class=\"smallscreen\" colspan=\"7\" data-permalink=\"https:\/\/www.ff-sarstedt.de\/stadt\/archive\/einsaetze\/ff-sarstedt-b1-ausgeloeste-brandmeldeanlage-74\"><div class=\"annotation-icon-bar\"><i class=\"fa-solid fa-camera\" aria-hidden=\"true\" title=\"Bericht enth\u00e4lt keine Bilder\" style=\"color: #bbbbbb;\"><\/i><\/div><span class=\"einsatz-number\"><strong>Nummer:<\/strong> 0912020<\/span><br><span class=\"einsatz-date\"><strong>Datum:<\/strong> 13.07.2020<\/span><br><span class=\"einsatz-time\"><strong>Uhrzeit:<\/strong> 20:00<\/span><br><span class=\"einsatz-title\"><strong>Einsatzmeldung:<\/strong> <a href=\"https:\/\/www.ff-sarstedt.de\/stadt\/archive\/einsaetze\/ff-sarstedt-b1-ausgeloeste-brandmeldeanlage-74\" rel=\"bookmark\">FF Sarstedt | B1 &#8211; Ausgel\u00f6ste Brandmeldeanlage<\/a><\/span><br><span class=\"einsatz-location\"><strong>Einsatzort:<\/strong> Jacobistr,<\/span><br><span class=\"einsatz-duration\"><strong>Dauer:<\/strong> 30 min<\/span><br><\/td><td class=\"einsatz-column-number\">0912020<\/td><td class=\"einsatz-column-date\">13.07.2020<\/td><td class=\"einsatz-column-time\">20:00<\/td><td class=\"einsatz-column-title\"><a href=\"https:\/\/www.ff-sarstedt.de\/stadt\/archive\/einsaetze\/ff-sarstedt-b1-ausgeloeste-brandmeldeanlage-74\" rel=\"bookmark\">FF Sarstedt | B1 &#8211; Ausgel\u00f6ste Brandmeldeanlage<\/a><\/td><td class=\"einsatz-column-location\">Jacobistr,<\/td><td class=\"einsatz-column-duration\">30 min<\/td><td class=\"einsatz-column-annotationImages\"><i class=\"fa-solid fa-camera\" aria-hidden=\"true\" title=\"Bericht enth\u00e4lt keine Bilder\" style=\"color: #bbbbbb;\"><\/i><\/td><\/tr><tr class=\"report\"><td class=\"smallscreen\" colspan=\"7\" data-permalink=\"https:\/\/www.ff-sarstedt.de\/stadt\/archive\/einsaetze\/ff-sarstedt-b1-ausgeloeste-brandmeldeanlage-73\"><div class=\"annotation-icon-bar\"><i class=\"fa-solid fa-camera\" aria-hidden=\"true\" title=\"Bericht enth\u00e4lt keine Bilder\" style=\"color: #bbbbbb;\"><\/i><\/div><span class=\"einsatz-number\"><strong>Nummer:<\/strong> 0902020<\/span><br><span class=\"einsatz-date\"><strong>Datum:<\/strong> 13.07.2020<\/span><br><span class=\"einsatz-time\"><strong>Uhrzeit:<\/strong> 17:27<\/span><br><span class=\"einsatz-title\"><strong>Einsatzmeldung:<\/strong> <a href=\"https:\/\/www.ff-sarstedt.de\/stadt\/archive\/einsaetze\/ff-sarstedt-b1-ausgeloeste-brandmeldeanlage-73\" rel=\"bookmark\">FF Sarstedt | B1 &#8211; Ausgel\u00f6ste Brandmeldeanlage<\/a><\/span><br><span class=\"einsatz-location\"><strong>Einsatzort:<\/strong> Jacobistr.<\/span><br><span class=\"einsatz-duration\"><strong>Dauer:<\/strong> 1 h 30 min<\/span><br><\/td><td class=\"einsatz-column-number\">0902020<\/td><td class=\"einsatz-column-date\">13.07.2020<\/td><td class=\"einsatz-column-time\">17:27<\/td><td class=\"einsatz-column-title\"><a href=\"https:\/\/www.ff-sarstedt.de\/stadt\/archive\/einsaetze\/ff-sarstedt-b1-ausgeloeste-brandmeldeanlage-73\" rel=\"bookmark\">FF Sarstedt | B1 &#8211; Ausgel\u00f6ste Brandmeldeanlage<\/a><\/td><td class=\"einsatz-column-location\">Jacobistr.<\/td><td class=\"einsatz-column-duration\">1 h 30 min<\/td><td class=\"einsatz-column-annotationImages\"><i class=\"fa-solid fa-camera\" aria-hidden=\"true\" title=\"Bericht enth\u00e4lt keine Bilder\" style=\"color: #bbbbbb;\"><\/i><\/td><\/tr><tr class=\"report\"><td class=\"smallscreen\" colspan=\"7\" data-permalink=\"https:\/\/www.ff-sarstedt.de\/stadt\/archive\/einsaetze\/ff-sarstedt-h1-personensuche\"><div class=\"annotation-icon-bar\"><i class=\"fa-solid fa-camera\" aria-hidden=\"true\" title=\"Bericht enth\u00e4lt keine Bilder\" style=\"color: #bbbbbb;\"><\/i><\/div><span class=\"einsatz-number\"><strong>Nummer:<\/strong> 0892020<\/span><br><span class=\"einsatz-date\"><strong>Datum:<\/strong> 08.07.2020<\/span><br><span class=\"einsatz-time\"><strong>Uhrzeit:<\/strong> 09:52<\/span><br><span class=\"einsatz-title\"><strong>Einsatzmeldung:<\/strong> <a href=\"https:\/\/www.ff-sarstedt.de\/stadt\/archive\/einsaetze\/ff-sarstedt-h1-personensuche\" rel=\"bookmark\">FF Sarstedt | H1 &#8211; Personensuche<\/a><\/span><br><span class=\"einsatz-location\"><strong>Einsatzort:<\/strong> Stadtgebiet Sarstedt<\/span><br><span class=\"einsatz-duration\"><strong>Dauer:<\/strong> 0 min<\/span><br><\/td><td class=\"einsatz-column-number\">0892020<\/td><td class=\"einsatz-column-date\">08.07.2020<\/td><td class=\"einsatz-column-time\">09:52<\/td><td class=\"einsatz-column-title\"><a href=\"https:\/\/www.ff-sarstedt.de\/stadt\/archive\/einsaetze\/ff-sarstedt-h1-personensuche\" rel=\"bookmark\">FF Sarstedt | H1 &#8211; Personensuche<\/a><\/td><td class=\"einsatz-column-location\">Stadtgebiet Sarstedt<\/td><td class=\"einsatz-column-duration\">0 min<\/td><td class=\"einsatz-column-annotationImages\"><i class=\"fa-solid fa-camera\" aria-hidden=\"true\" title=\"Bericht enth\u00e4lt keine Bilder\" style=\"color: #bbbbbb;\"><\/i><\/td><\/tr><tr class=\"report\"><td class=\"smallscreen\" colspan=\"7\" data-permalink=\"https:\/\/www.ff-sarstedt.de\/stadt\/archive\/einsaetze\/ff-sarstedt-b1-ausgeloeste-brandmeldeanlage-72\"><div class=\"annotation-icon-bar\"><i class=\"fa-solid fa-camera\" aria-hidden=\"true\" title=\"Bericht enth\u00e4lt keine Bilder\" style=\"color: #bbbbbb;\"><\/i><\/div><span class=\"einsatz-number\"><strong>Nummer:<\/strong> 0882020<\/span><br><span class=\"einsatz-date\"><strong>Datum:<\/strong> 06.07.2020<\/span><br><span class=\"einsatz-time\"><strong>Uhrzeit:<\/strong> 22:55<\/span><br><span class=\"einsatz-title\"><strong>Einsatzmeldung:<\/strong> <a href=\"https:\/\/www.ff-sarstedt.de\/stadt\/archive\/einsaetze\/ff-sarstedt-b1-ausgeloeste-brandmeldeanlage-72\" rel=\"bookmark\">FF Sarstedt | B1 &#8211; Ausgel\u00f6ste Brandmeldeanlage<\/a><\/span><br><span class=\"einsatz-location\"><strong>Einsatzort:<\/strong> Ziegelbrennerstra\u00dfe<\/span><br><span class=\"einsatz-duration\"><strong>Dauer:<\/strong> 1 h<\/span><br><\/td><td class=\"einsatz-column-number\">0882020<\/td><td class=\"einsatz-column-date\">06.07.2020<\/td><td class=\"einsatz-column-time\">22:55<\/td><td class=\"einsatz-column-title\"><a href=\"https:\/\/www.ff-sarstedt.de\/stadt\/archive\/einsaetze\/ff-sarstedt-b1-ausgeloeste-brandmeldeanlage-72\" rel=\"bookmark\">FF Sarstedt | B1 &#8211; Ausgel\u00f6ste Brandmeldeanlage<\/a><\/td><td class=\"einsatz-column-location\">Ziegelbrennerstra\u00dfe<\/td><td class=\"einsatz-column-duration\">1 h<\/td><td class=\"einsatz-column-annotationImages\"><i class=\"fa-solid fa-camera\" aria-hidden=\"true\" title=\"Bericht enth\u00e4lt keine Bilder\" style=\"color: #bbbbbb;\"><\/i><\/td><\/tr><tr class=\"report\"><td class=\"smallscreen\" colspan=\"7\" data-permalink=\"https:\/\/www.ff-sarstedt.de\/stadt\/archive\/einsaetze\/ff-sarstedt-h0-wasserschaden-13\"><div class=\"annotation-icon-bar\"><i class=\"fa-solid fa-camera\" aria-hidden=\"true\" title=\"Bericht enth\u00e4lt keine Bilder\" style=\"color: #bbbbbb;\"><\/i><\/div><span class=\"einsatz-number\"><strong>Nummer:<\/strong> 0872020<\/span><br><span class=\"einsatz-date\"><strong>Datum:<\/strong> 01.07.2020<\/span><br><span class=\"einsatz-time\"><strong>Uhrzeit:<\/strong> 19:19<\/span><br><span class=\"einsatz-title\"><strong>Einsatzmeldung:<\/strong> <a href=\"https:\/\/www.ff-sarstedt.de\/stadt\/archive\/einsaetze\/ff-sarstedt-h0-wasserschaden-13\" rel=\"bookmark\">FF Sarstedt | H0 &#8211; Wasserschaden<\/a><\/span><br><span class=\"einsatz-location\"><strong>Einsatzort:<\/strong> Hildesheimer Stra\u00dfe<\/span><br><span class=\"einsatz-duration\"><strong>Dauer:<\/strong> 1 h<\/span><br><\/td><td class=\"einsatz-column-number\">0872020<\/td><td class=\"einsatz-column-date\">01.07.2020<\/td><td class=\"einsatz-column-time\">19:19<\/td><td class=\"einsatz-column-title\"><a href=\"https:\/\/www.ff-sarstedt.de\/stadt\/archive\/einsaetze\/ff-sarstedt-h0-wasserschaden-13\" rel=\"bookmark\">FF Sarstedt | H0 &#8211; Wasserschaden<\/a><\/td><td class=\"einsatz-column-location\">Hildesheimer Stra\u00dfe<\/td><td class=\"einsatz-column-duration\">1 h<\/td><td class=\"einsatz-column-annotationImages\"><i class=\"fa-solid fa-camera\" aria-hidden=\"true\" title=\"Bericht enth\u00e4lt keine Bilder\" style=\"color: #bbbbbb;\"><\/i><\/td><\/tr><tr class=\"einsatz-title-month\"><td colspan=\"7\">Juni<\/td><\/tr><tr class=\"einsatz-header\"><th style=\"white-space: nowrap;\">Nummer<\/th><th style=\"white-space: nowrap;\">Datum<\/th><th style=\"white-space: nowrap;\">Uhrzeit<\/th><th style=\"\">Einsatzmeldung<\/th><th style=\"\">Einsatzort<\/th><th style=\"white-space: nowrap;\">Dauer<\/th><th style=\"\"><\/th><\/tr><tr class=\"report\"><td class=\"smallscreen\" colspan=\"7\" data-permalink=\"https:\/\/www.ff-sarstedt.de\/stadt\/archive\/einsaetze\/ff-sarstedt-b1-dachstuhlbrand-3\"><div class=\"annotation-icon-bar\"><i class=\"fa-solid fa-camera\" aria-hidden=\"true\" title=\"Bericht enth\u00e4lt keine Bilder\" style=\"color: #bbbbbb;\"><\/i><\/div><span class=\"einsatz-number\"><strong>Nummer:<\/strong> 0862020<\/span><br><span class=\"einsatz-date\"><strong>Datum:<\/strong> 30.06.2020<\/span><br><span class=\"einsatz-time\"><strong>Uhrzeit:<\/strong> 22:56<\/span><br><span class=\"einsatz-title\"><strong>Einsatzmeldung:<\/strong> <a href=\"https:\/\/www.ff-sarstedt.de\/stadt\/archive\/einsaetze\/ff-sarstedt-b1-dachstuhlbrand-3\" rel=\"bookmark\">FF Sarstedt | B1 &#8211; Dachstuhlbrand<\/a><\/span><br><span class=\"einsatz-location\"><strong>Einsatzort:<\/strong> Ahrbergen, H\u00fcgelstr<\/span><br><span class=\"einsatz-duration\"><strong>Dauer:<\/strong> 1 h 30 min<\/span><br><\/td><td class=\"einsatz-column-number\">0862020<\/td><td class=\"einsatz-column-date\">30.06.2020<\/td><td class=\"einsatz-column-time\">22:56<\/td><td class=\"einsatz-column-title\"><a href=\"https:\/\/www.ff-sarstedt.de\/stadt\/archive\/einsaetze\/ff-sarstedt-b1-dachstuhlbrand-3\" rel=\"bookmark\">FF Sarstedt | B1 &#8211; Dachstuhlbrand<\/a><\/td><td class=\"einsatz-column-location\">Ahrbergen, H\u00fcgelstr<\/td><td class=\"einsatz-column-duration\">1 h 30 min<\/td><td class=\"einsatz-column-annotationImages\"><i class=\"fa-solid fa-camera\" aria-hidden=\"true\" title=\"Bericht enth\u00e4lt keine Bilder\" style=\"color: #bbbbbb;\"><\/i><\/td><\/tr><tr class=\"report\"><td class=\"smallscreen\" colspan=\"7\" data-permalink=\"https:\/\/www.ff-sarstedt.de\/stadt\/archive\/einsaetze\/ff-sarstedt-b0-pkw-brand-2\"><div class=\"annotation-icon-bar\"><i class=\"fa-solid fa-camera\" aria-hidden=\"true\" title=\"Bericht enth\u00e4lt keine Bilder\" style=\"color: #bbbbbb;\"><\/i><\/div><span class=\"einsatz-number\"><strong>Nummer:<\/strong> 0852020<\/span><br><span class=\"einsatz-date\"><strong>Datum:<\/strong> 29.06.2020<\/span><br><span class=\"einsatz-time\"><strong>Uhrzeit:<\/strong> 00:44<\/span><br><span class=\"einsatz-title\"><strong>Einsatzmeldung:<\/strong> <a href=\"https:\/\/www.ff-sarstedt.de\/stadt\/archive\/einsaetze\/ff-sarstedt-b0-pkw-brand-2\" rel=\"bookmark\">FF Sarstedt | B0 &#8211; PKW Brand<\/a><\/span><br><span class=\"einsatz-location\"><strong>Einsatzort:<\/strong> G\u00f6rlitzer Stra\u00dfe<\/span><br><span class=\"einsatz-duration\"><strong>Dauer:<\/strong> 1 h 30 min<\/span><br><\/td><td class=\"einsatz-column-number\">0852020<\/td><td class=\"einsatz-column-date\">29.06.2020<\/td><td class=\"einsatz-column-time\">00:44<\/td><td class=\"einsatz-column-title\"><a href=\"https:\/\/www.ff-sarstedt.de\/stadt\/archive\/einsaetze\/ff-sarstedt-b0-pkw-brand-2\" rel=\"bookmark\">FF Sarstedt | B0 &#8211; PKW Brand<\/a><\/td><td class=\"einsatz-column-location\">G\u00f6rlitzer Stra\u00dfe<\/td><td class=\"einsatz-column-duration\">1 h 30 min<\/td><td class=\"einsatz-column-annotationImages\"><i class=\"fa-solid fa-camera\" aria-hidden=\"true\" title=\"Bericht enth\u00e4lt keine Bilder\" style=\"color: #bbbbbb;\"><\/i><\/td><\/tr><tr class=\"report\"><td class=\"smallscreen\" colspan=\"7\" data-permalink=\"https:\/\/www.ff-sarstedt.de\/stadt\/archive\/einsaetze\/ff-sarstedt-b1-ausgeloeste-brandmeldeanlage-71\"><div class=\"annotation-icon-bar\"><i class=\"fa-solid fa-camera\" aria-hidden=\"true\" title=\"Bericht enth\u00e4lt keine Bilder\" style=\"color: #bbbbbb;\"><\/i><\/div><span class=\"einsatz-number\"><strong>Nummer:<\/strong> 0842020<\/span><br><span class=\"einsatz-date\"><strong>Datum:<\/strong> 26.06.2020<\/span><br><span class=\"einsatz-time\"><strong>Uhrzeit:<\/strong> 16:09<\/span><br><span class=\"einsatz-title\"><strong>Einsatzmeldung:<\/strong> <a href=\"https:\/\/www.ff-sarstedt.de\/stadt\/archive\/einsaetze\/ff-sarstedt-b1-ausgeloeste-brandmeldeanlage-71\" rel=\"bookmark\">FF Sarstedt | B1 &#8211; ausgel\u00f6ste Brandmeldeanlage<\/a><\/span><br><span class=\"einsatz-location\"><strong>Einsatzort:<\/strong> Moorberg<\/span><br><span class=\"einsatz-duration\"><strong>Dauer:<\/strong> 30 min<\/span><br><\/td><td class=\"einsatz-column-number\">0842020<\/td><td class=\"einsatz-column-date\">26.06.2020<\/td><td class=\"einsatz-column-time\">16:09<\/td><td class=\"einsatz-column-title\"><a href=\"https:\/\/www.ff-sarstedt.de\/stadt\/archive\/einsaetze\/ff-sarstedt-b1-ausgeloeste-brandmeldeanlage-71\" rel=\"bookmark\">FF Sarstedt | B1 &#8211; ausgel\u00f6ste Brandmeldeanlage<\/a><\/td><td class=\"einsatz-column-location\">Moorberg<\/td><td class=\"einsatz-column-duration\">30 min<\/td><td class=\"einsatz-column-annotationImages\"><i class=\"fa-solid fa-camera\" aria-hidden=\"true\" title=\"Bericht enth\u00e4lt keine Bilder\" style=\"color: #bbbbbb;\"><\/i><\/td><\/tr><tr class=\"report\"><td class=\"smallscreen\" colspan=\"7\" data-permalink=\"https:\/\/www.ff-sarstedt.de\/stadt\/archive\/einsaetze\/ff-sarstedt-h0-tierrettung-22\"><div class=\"annotation-icon-bar\"><i class=\"fa-solid fa-camera\" aria-hidden=\"true\" title=\"Bericht enth\u00e4lt keine Bilder\" style=\"color: #bbbbbb;\"><\/i><\/div><span class=\"einsatz-number\"><strong>Nummer:<\/strong> 0832020<\/span><br><span class=\"einsatz-date\"><strong>Datum:<\/strong> 18.06.2020<\/span><br><span class=\"einsatz-time\"><strong>Uhrzeit:<\/strong> 14:47<\/span><br><span class=\"einsatz-title\"><strong>Einsatzmeldung:<\/strong> <a href=\"https:\/\/www.ff-sarstedt.de\/stadt\/archive\/einsaetze\/ff-sarstedt-h0-tierrettung-22\" rel=\"bookmark\">FF Sarstedt | H0 &#8211; Tierrettung<\/a><\/span><br><span class=\"einsatz-location\"><strong>Einsatzort:<\/strong> Am Kipphut<\/span><br><span class=\"einsatz-duration\"><strong>Dauer:<\/strong> 1 h<\/span><br><\/td><td class=\"einsatz-column-number\">0832020<\/td><td class=\"einsatz-column-date\">18.06.2020<\/td><td class=\"einsatz-column-time\">14:47<\/td><td class=\"einsatz-column-title\"><a href=\"https:\/\/www.ff-sarstedt.de\/stadt\/archive\/einsaetze\/ff-sarstedt-h0-tierrettung-22\" rel=\"bookmark\">FF Sarstedt | H0 &#8211; Tierrettung<\/a><\/td><td class=\"einsatz-column-location\">Am Kipphut<\/td><td class=\"einsatz-column-duration\">1 h<\/td><td class=\"einsatz-column-annotationImages\"><i class=\"fa-solid fa-camera\" aria-hidden=\"true\" title=\"Bericht enth\u00e4lt keine Bilder\" style=\"color: #bbbbbb;\"><\/i><\/td><\/tr><tr class=\"report\"><td class=\"smallscreen\" colspan=\"7\" data-permalink=\"https:\/\/www.ff-sarstedt.de\/stadt\/archive\/einsaetze\/ff-sarstedt-b1-ausgeloeste-brandmeldeanlage-70\"><div class=\"annotation-icon-bar\"><i class=\"fa-solid fa-camera\" aria-hidden=\"true\" title=\"Bericht enth\u00e4lt keine Bilder\" style=\"color: #bbbbbb;\"><\/i><\/div><span class=\"einsatz-number\"><strong>Nummer:<\/strong> 0822020<\/span><br><span class=\"einsatz-date\"><strong>Datum:<\/strong> 17.06.2020<\/span><br><span class=\"einsatz-time\"><strong>Uhrzeit:<\/strong> 08:32<\/span><br><span class=\"einsatz-title\"><strong>Einsatzmeldung:<\/strong> <a href=\"https:\/\/www.ff-sarstedt.de\/stadt\/archive\/einsaetze\/ff-sarstedt-b1-ausgeloeste-brandmeldeanlage-70\" rel=\"bookmark\">FF Sarstedt | B1 &#8211; ausgel\u00f6ste Brandmeldeanlage<\/a><\/span><br><span class=\"einsatz-location\"><strong>Einsatzort:<\/strong> Karl-Schiller-Stra\u00dfe<\/span><br><span class=\"einsatz-duration\"><strong>Dauer:<\/strong> 30 min<\/span><br><\/td><td class=\"einsatz-column-number\">0822020<\/td><td class=\"einsatz-column-date\">17.06.2020<\/td><td class=\"einsatz-column-time\">08:32<\/td><td class=\"einsatz-column-title\"><a href=\"https:\/\/www.ff-sarstedt.de\/stadt\/archive\/einsaetze\/ff-sarstedt-b1-ausgeloeste-brandmeldeanlage-70\" rel=\"bookmark\">FF Sarstedt | B1 &#8211; ausgel\u00f6ste Brandmeldeanlage<\/a><\/td><td class=\"einsatz-column-location\">Karl-Schiller-Stra\u00dfe<\/td><td class=\"einsatz-column-duration\">30 min<\/td><td class=\"einsatz-column-annotationImages\"><i class=\"fa-solid fa-camera\" aria-hidden=\"true\" title=\"Bericht enth\u00e4lt keine Bilder\" style=\"color: #bbbbbb;\"><\/i><\/td><\/tr><tr class=\"report\"><td class=\"smallscreen\" colspan=\"7\" data-permalink=\"https:\/\/www.ff-sarstedt.de\/stadt\/archive\/einsaetze\/ff-sarstedt-b1-ausgeloeste-brandmeldeanlage-69\"><div class=\"annotation-icon-bar\"><i class=\"fa-solid fa-camera\" aria-hidden=\"true\" title=\"Bericht enth\u00e4lt keine Bilder\" style=\"color: #bbbbbb;\"><\/i><\/div><span class=\"einsatz-number\"><strong>Nummer:<\/strong> 0812020<\/span><br><span class=\"einsatz-date\"><strong>Datum:<\/strong> 13.06.2020<\/span><br><span class=\"einsatz-time\"><strong>Uhrzeit:<\/strong> 11:30<\/span><br><span class=\"einsatz-title\"><strong>Einsatzmeldung:<\/strong> <a href=\"https:\/\/www.ff-sarstedt.de\/stadt\/archive\/einsaetze\/ff-sarstedt-b1-ausgeloeste-brandmeldeanlage-69\" rel=\"bookmark\">FF Sarstedt | B1 &#8211; Ausgel\u00f6ste Brandmeldeanlage<\/a><\/span><br><span class=\"einsatz-location\"><strong>Einsatzort:<\/strong> Am Teinkamp<\/span><br><span class=\"einsatz-duration\"><strong>Dauer:<\/strong> 30 min<\/span><br><\/td><td class=\"einsatz-column-number\">0812020<\/td><td class=\"einsatz-column-date\">13.06.2020<\/td><td class=\"einsatz-column-time\">11:30<\/td><td class=\"einsatz-column-title\"><a href=\"https:\/\/www.ff-sarstedt.de\/stadt\/archive\/einsaetze\/ff-sarstedt-b1-ausgeloeste-brandmeldeanlage-69\" rel=\"bookmark\">FF Sarstedt | B1 &#8211; Ausgel\u00f6ste Brandmeldeanlage<\/a><\/td><td class=\"einsatz-column-location\">Am Teinkamp<\/td><td class=\"einsatz-column-duration\">30 min<\/td><td class=\"einsatz-column-annotationImages\"><i class=\"fa-solid fa-camera\" aria-hidden=\"true\" title=\"Bericht enth\u00e4lt keine Bilder\" style=\"color: #bbbbbb;\"><\/i><\/td><\/tr><tr class=\"report\"><td class=\"smallscreen\" colspan=\"7\" data-permalink=\"https:\/\/www.ff-sarstedt.de\/stadt\/archive\/einsaetze\/ff-sarstedt-h1-gasgeruch-5\"><div class=\"annotation-icon-bar\"><i class=\"fa-solid fa-camera\" aria-hidden=\"true\" title=\"Bericht enth\u00e4lt keine Bilder\" style=\"color: #bbbbbb;\"><\/i><\/div><span class=\"einsatz-number\"><strong>Nummer:<\/strong> 0802020<\/span><br><span class=\"einsatz-date\"><strong>Datum:<\/strong> 11.06.2020<\/span><br><span class=\"einsatz-time\"><strong>Uhrzeit:<\/strong> 00:14<\/span><br><span class=\"einsatz-title\"><strong>Einsatzmeldung:<\/strong> <a href=\"https:\/\/www.ff-sarstedt.de\/stadt\/archive\/einsaetze\/ff-sarstedt-h1-gasgeruch-5\" rel=\"bookmark\">FF Sarstedt | H1 &#8211; Gasgeruch<\/a><\/span><br><span class=\"einsatz-location\"><strong>Einsatzort:<\/strong> G\u00f6dringen, Weidenweg<\/span><br><span class=\"einsatz-duration\"><strong>Dauer:<\/strong> 30 min<\/span><br><\/td><td class=\"einsatz-column-number\">0802020<\/td><td class=\"einsatz-column-date\">11.06.2020<\/td><td class=\"einsatz-column-time\">00:14<\/td><td class=\"einsatz-column-title\"><a href=\"https:\/\/www.ff-sarstedt.de\/stadt\/archive\/einsaetze\/ff-sarstedt-h1-gasgeruch-5\" rel=\"bookmark\">FF Sarstedt | H1 &#8211; Gasgeruch<\/a><\/td><td class=\"einsatz-column-location\">G\u00f6dringen, Weidenweg<\/td><td class=\"einsatz-column-duration\">30 min<\/td><td class=\"einsatz-column-annotationImages\"><i class=\"fa-solid fa-camera\" aria-hidden=\"true\" title=\"Bericht enth\u00e4lt keine Bilder\" style=\"color: #bbbbbb;\"><\/i><\/td><\/tr><tr class=\"report\"><td class=\"smallscreen\" colspan=\"7\" data-permalink=\"https:\/\/www.ff-sarstedt.de\/stadt\/archive\/einsaetze\/ff-sarstedt-b1-ausgeloeste-brandmeldeanlage-68\"><div class=\"annotation-icon-bar\"><i class=\"fa-solid fa-camera\" aria-hidden=\"true\" title=\"Bericht enth\u00e4lt keine Bilder\" style=\"color: #bbbbbb;\"><\/i><\/div><span class=\"einsatz-number\"><strong>Nummer:<\/strong> 0792020<\/span><br><span class=\"einsatz-date\"><strong>Datum:<\/strong> 09.06.2020<\/span><br><span class=\"einsatz-time\"><strong>Uhrzeit:<\/strong> 13:43<\/span><br><span class=\"einsatz-title\"><strong>Einsatzmeldung:<\/strong> <a href=\"https:\/\/www.ff-sarstedt.de\/stadt\/archive\/einsaetze\/ff-sarstedt-b1-ausgeloeste-brandmeldeanlage-68\" rel=\"bookmark\">FF Sarstedt | B1 &#8211; Ausgel\u00f6ste Brandmeldeanlage<\/a><\/span><br><span class=\"einsatz-location\"><strong>Einsatzort:<\/strong> Am Teinkamp<\/span><br><span class=\"einsatz-duration\"><strong>Dauer:<\/strong> 30 min<\/span><br><\/td><td class=\"einsatz-column-number\">0792020<\/td><td class=\"einsatz-column-date\">09.06.2020<\/td><td class=\"einsatz-column-time\">13:43<\/td><td class=\"einsatz-column-title\"><a href=\"https:\/\/www.ff-sarstedt.de\/stadt\/archive\/einsaetze\/ff-sarstedt-b1-ausgeloeste-brandmeldeanlage-68\" rel=\"bookmark\">FF Sarstedt | B1 &#8211; Ausgel\u00f6ste Brandmeldeanlage<\/a><\/td><td class=\"einsatz-column-location\">Am Teinkamp<\/td><td class=\"einsatz-column-duration\">30 min<\/td><td class=\"einsatz-column-annotationImages\"><i class=\"fa-solid fa-camera\" aria-hidden=\"true\" title=\"Bericht enth\u00e4lt keine Bilder\" style=\"color: #bbbbbb;\"><\/i><\/td><\/tr><tr class=\"report\"><td class=\"smallscreen\" colspan=\"7\" data-permalink=\"https:\/\/www.ff-sarstedt.de\/stadt\/archive\/einsaetze\/ff-sarstedt-b1-ausgeloeste-brandmeldeanlage-67\"><div class=\"annotation-icon-bar\"><i class=\"fa-solid fa-camera\" aria-hidden=\"true\" title=\"Bericht enth\u00e4lt keine Bilder\" style=\"color: #bbbbbb;\"><\/i><\/div><span class=\"einsatz-number\"><strong>Nummer:<\/strong> 0782020<\/span><br><span class=\"einsatz-date\"><strong>Datum:<\/strong> 08.06.2020<\/span><br><span class=\"einsatz-time\"><strong>Uhrzeit:<\/strong> 14:55<\/span><br><span class=\"einsatz-title\"><strong>Einsatzmeldung:<\/strong> <a href=\"https:\/\/www.ff-sarstedt.de\/stadt\/archive\/einsaetze\/ff-sarstedt-b1-ausgeloeste-brandmeldeanlage-67\" rel=\"bookmark\">FF Sarstedt | B1 &#8211; Ausgel\u00f6ste Brandmeldeanlage<\/a><\/span><br><span class=\"einsatz-location\"><strong>Einsatzort:<\/strong> Moorberg<\/span><br><span class=\"einsatz-duration\"><strong>Dauer:<\/strong> 30 min<\/span><br><\/td><td class=\"einsatz-column-number\">0782020<\/td><td class=\"einsatz-column-date\">08.06.2020<\/td><td class=\"einsatz-column-time\">14:55<\/td><td class=\"einsatz-column-title\"><a href=\"https:\/\/www.ff-sarstedt.de\/stadt\/archive\/einsaetze\/ff-sarstedt-b1-ausgeloeste-brandmeldeanlage-67\" rel=\"bookmark\">FF Sarstedt | B1 &#8211; Ausgel\u00f6ste Brandmeldeanlage<\/a><\/td><td class=\"einsatz-column-location\">Moorberg<\/td><td class=\"einsatz-column-duration\">30 min<\/td><td class=\"einsatz-column-annotationImages\"><i class=\"fa-solid fa-camera\" aria-hidden=\"true\" title=\"Bericht enth\u00e4lt keine Bilder\" style=\"color: #bbbbbb;\"><\/i><\/td><\/tr><tr class=\"report\"><td class=\"smallscreen\" colspan=\"7\" data-permalink=\"https:\/\/www.ff-sarstedt.de\/stadt\/archive\/einsaetze\/ff-sarstedt-h0-oel\"><div class=\"annotation-icon-bar\"><i class=\"fa-solid fa-camera\" aria-hidden=\"true\" title=\"Bericht enth\u00e4lt keine Bilder\" style=\"color: #bbbbbb;\"><\/i><\/div><span class=\"einsatz-number\"><strong>Nummer:<\/strong> 0772020<\/span><br><span class=\"einsatz-date\"><strong>Datum:<\/strong> 04.06.2020<\/span><br><span class=\"einsatz-time\"><strong>Uhrzeit:<\/strong> 12:10<\/span><br><span class=\"einsatz-title\"><strong>Einsatzmeldung:<\/strong> <a href=\"https:\/\/www.ff-sarstedt.de\/stadt\/archive\/einsaetze\/ff-sarstedt-h0-oel\" rel=\"bookmark\">FF Sarstedt | H0 &#8211; \u00d6l<\/a><\/span><br><span class=\"einsatz-location\"><strong>Einsatzort:<\/strong> Karl-Schiller-Str.<\/span><br><span class=\"einsatz-duration\"><strong>Dauer:<\/strong> 3 h<\/span><br><\/td><td class=\"einsatz-column-number\">0772020<\/td><td class=\"einsatz-column-date\">04.06.2020<\/td><td class=\"einsatz-column-time\">12:10<\/td><td class=\"einsatz-column-title\"><a href=\"https:\/\/www.ff-sarstedt.de\/stadt\/archive\/einsaetze\/ff-sarstedt-h0-oel\" rel=\"bookmark\">FF Sarstedt | H0 &#8211; \u00d6l<\/a><\/td><td class=\"einsatz-column-location\">Karl-Schiller-Str.<\/td><td class=\"einsatz-column-duration\">3 h<\/td><td class=\"einsatz-column-annotationImages\"><i class=\"fa-solid fa-camera\" aria-hidden=\"true\" title=\"Bericht enth\u00e4lt keine Bilder\" style=\"color: #bbbbbb;\"><\/i><\/td><\/tr><tr class=\"einsatz-title-month\"><td colspan=\"7\">Mai<\/td><\/tr><tr class=\"einsatz-header\"><th style=\"white-space: nowrap;\">Nummer<\/th><th style=\"white-space: nowrap;\">Datum<\/th><th style=\"white-space: nowrap;\">Uhrzeit<\/th><th style=\"\">Einsatzmeldung<\/th><th style=\"\">Einsatzort<\/th><th style=\"white-space: nowrap;\">Dauer<\/th><th style=\"\"><\/th><\/tr><tr class=\"report\"><td class=\"smallscreen\" colspan=\"7\" data-permalink=\"https:\/\/www.ff-sarstedt.de\/stadt\/archive\/einsaetze\/ff-sarstedt-h0-wasserschaden-12\"><div class=\"annotation-icon-bar\"><i class=\"fa-solid fa-camera\" aria-hidden=\"true\" title=\"Bericht enth\u00e4lt keine Bilder\" style=\"color: #bbbbbb;\"><\/i><\/div><span class=\"einsatz-number\"><strong>Nummer:<\/strong> 0762020<\/span><br><span class=\"einsatz-date\"><strong>Datum:<\/strong> 30.05.2020<\/span><br><span class=\"einsatz-time\"><strong>Uhrzeit:<\/strong> 11:17<\/span><br><span class=\"einsatz-title\"><strong>Einsatzmeldung:<\/strong> <a href=\"https:\/\/www.ff-sarstedt.de\/stadt\/archive\/einsaetze\/ff-sarstedt-h0-wasserschaden-12\" rel=\"bookmark\">FF Sarstedt | H0 &#8211; Wasserschaden<\/a><\/span><br><span class=\"einsatz-location\"><strong>Einsatzort:<\/strong> Voss-Str.<\/span><br><span class=\"einsatz-duration\"><strong>Dauer:<\/strong> 30 min<\/span><br><\/td><td class=\"einsatz-column-number\">0762020<\/td><td class=\"einsatz-column-date\">30.05.2020<\/td><td class=\"einsatz-column-time\">11:17<\/td><td class=\"einsatz-column-title\"><a href=\"https:\/\/www.ff-sarstedt.de\/stadt\/archive\/einsaetze\/ff-sarstedt-h0-wasserschaden-12\" rel=\"bookmark\">FF Sarstedt | H0 &#8211; Wasserschaden<\/a><\/td><td class=\"einsatz-column-location\">Voss-Str.<\/td><td class=\"einsatz-column-duration\">30 min<\/td><td class=\"einsatz-column-annotationImages\"><i class=\"fa-solid fa-camera\" aria-hidden=\"true\" title=\"Bericht enth\u00e4lt keine Bilder\" style=\"color: #bbbbbb;\"><\/i><\/td><\/tr><tr class=\"report\"><td class=\"smallscreen\" colspan=\"7\" data-permalink=\"https:\/\/www.ff-sarstedt.de\/stadt\/archive\/einsaetze\/ff-sarstedt-h1-gasgeruch-4\"><div class=\"annotation-icon-bar\"><i class=\"fa-solid fa-camera\" aria-hidden=\"true\" title=\"Bericht enth\u00e4lt keine Bilder\" style=\"color: #bbbbbb;\"><\/i><\/div><span class=\"einsatz-number\"><strong>Nummer:<\/strong> 0752020<\/span><br><span class=\"einsatz-date\"><strong>Datum:<\/strong> 28.05.2020<\/span><br><span class=\"einsatz-time\"><strong>Uhrzeit:<\/strong> 19:40<\/span><br><span class=\"einsatz-title\"><strong>Einsatzmeldung:<\/strong> <a href=\"https:\/\/www.ff-sarstedt.de\/stadt\/archive\/einsaetze\/ff-sarstedt-h1-gasgeruch-4\" rel=\"bookmark\">FF Sarstedt | H1 &#8211; Gasgeruch<\/a><\/span><br><span class=\"einsatz-location\"><strong>Einsatzort:<\/strong> Ricarda-Huch-Str.<\/span><br><span class=\"einsatz-duration\"><strong>Dauer:<\/strong> 1 h<\/span><br><\/td><td class=\"einsatz-column-number\">0752020<\/td><td class=\"einsatz-column-date\">28.05.2020<\/td><td class=\"einsatz-column-time\">19:40<\/td><td class=\"einsatz-column-title\"><a href=\"https:\/\/www.ff-sarstedt.de\/stadt\/archive\/einsaetze\/ff-sarstedt-h1-gasgeruch-4\" rel=\"bookmark\">FF Sarstedt | H1 &#8211; Gasgeruch<\/a><\/td><td class=\"einsatz-column-location\">Ricarda-Huch-Str.<\/td><td class=\"einsatz-column-duration\">1 h<\/td><td class=\"einsatz-column-annotationImages\"><i class=\"fa-solid fa-camera\" aria-hidden=\"true\" title=\"Bericht enth\u00e4lt keine Bilder\" style=\"color: #bbbbbb;\"><\/i><\/td><\/tr><tr class=\"report\"><td class=\"smallscreen\" colspan=\"7\" data-permalink=\"https:\/\/www.ff-sarstedt.de\/stadt\/archive\/einsaetze\/ff-sarstedt-b1-waldbrand-2\"><div class=\"annotation-icon-bar\"><i class=\"fa-solid fa-camera\" aria-hidden=\"true\" title=\"Bericht enth\u00e4lt Bilder\" style=\"\"><\/i><\/div><span class=\"einsatz-number\"><strong>Nummer:<\/strong> 0742020<\/span><br><span class=\"einsatz-date\"><strong>Datum:<\/strong> 26.05.2020<\/span><br><span class=\"einsatz-time\"><strong>Uhrzeit:<\/strong> 16:16<\/span><br><span class=\"einsatz-title\"><strong>Einsatzmeldung:<\/strong> <a href=\"https:\/\/www.ff-sarstedt.de\/stadt\/archive\/einsaetze\/ff-sarstedt-b1-waldbrand-2\" rel=\"bookmark\">FF Sarstedt | B1 &#8211; Waldbrand<\/a><\/span><br><span class=\"einsatz-location\"><strong>Einsatzort:<\/strong> Heisede, Koldinger Weg<\/span><br><span class=\"einsatz-duration\"><strong>Dauer:<\/strong> 2 h 20 min<\/span><br><\/td><td class=\"einsatz-column-number\">0742020<\/td><td class=\"einsatz-column-date\">26.05.2020<\/td><td class=\"einsatz-column-time\">16:16<\/td><td class=\"einsatz-column-title\"><a href=\"https:\/\/www.ff-sarstedt.de\/stadt\/archive\/einsaetze\/ff-sarstedt-b1-waldbrand-2\" rel=\"bookmark\">FF Sarstedt | B1 &#8211; Waldbrand<\/a><\/td><td class=\"einsatz-column-location\">Heisede, Koldinger Weg<\/td><td class=\"einsatz-column-duration\">2 h 20 min<\/td><td class=\"einsatz-column-annotationImages\"><i class=\"fa-solid fa-camera\" aria-hidden=\"true\" title=\"Bericht enth\u00e4lt Bilder\" style=\"\"><\/i><\/td><\/tr><tr class=\"report\"><td class=\"smallscreen\" colspan=\"7\" data-permalink=\"https:\/\/www.ff-sarstedt.de\/stadt\/archive\/einsaetze\/ff-sarstedt-b1-rauch-im-gebaeude\"><div class=\"annotation-icon-bar\"><i class=\"fa-solid fa-camera\" aria-hidden=\"true\" title=\"Bericht enth\u00e4lt Bilder\" style=\"\"><\/i><\/div><span class=\"einsatz-number\"><strong>Nummer:<\/strong> 0732020<\/span><br><span class=\"einsatz-date\"><strong>Datum:<\/strong> 24.05.2020<\/span><br><span class=\"einsatz-time\"><strong>Uhrzeit:<\/strong> 04:25<\/span><br><span class=\"einsatz-title\"><strong>Einsatzmeldung:<\/strong> <a href=\"https:\/\/www.ff-sarstedt.de\/stadt\/archive\/einsaetze\/ff-sarstedt-b1-rauch-im-gebaeude\" rel=\"bookmark\">FF Sarstedt | B1 &#8211; Rauch im Geb\u00e4ude<\/a><\/span><br><span class=\"einsatz-location\"><strong>Einsatzort:<\/strong> Gro\u00df F\u00f6rste, Burgstra\u00dfe<\/span><br><span class=\"einsatz-duration\"><strong>Dauer:<\/strong> 1 h 30 min<\/span><br><\/td><td class=\"einsatz-column-number\">0732020<\/td><td class=\"einsatz-column-date\">24.05.2020<\/td><td class=\"einsatz-column-time\">04:25<\/td><td class=\"einsatz-column-title\"><a href=\"https:\/\/www.ff-sarstedt.de\/stadt\/archive\/einsaetze\/ff-sarstedt-b1-rauch-im-gebaeude\" rel=\"bookmark\">FF Sarstedt | B1 &#8211; Rauch im Geb\u00e4ude<\/a><\/td><td class=\"einsatz-column-location\">Gro\u00df F\u00f6rste, Burgstra\u00dfe<\/td><td class=\"einsatz-column-duration\">1 h 30 min<\/td><td class=\"einsatz-column-annotationImages\"><i class=\"fa-solid fa-camera\" aria-hidden=\"true\" title=\"Bericht enth\u00e4lt Bilder\" style=\"\"><\/i><\/td><\/tr><tr class=\"report\"><td class=\"smallscreen\" colspan=\"7\" data-permalink=\"https:\/\/www.ff-sarstedt.de\/stadt\/archive\/einsaetze\/ff-sarstedt-h1-gasausstroemung\"><div class=\"annotation-icon-bar\"><i class=\"fa-solid fa-camera\" aria-hidden=\"true\" title=\"Bericht enth\u00e4lt keine Bilder\" style=\"color: #bbbbbb;\"><\/i><\/div><span class=\"einsatz-number\"><strong>Nummer:<\/strong> 0722020<\/span><br><span class=\"einsatz-date\"><strong>Datum:<\/strong> 18.05.2020<\/span><br><span class=\"einsatz-time\"><strong>Uhrzeit:<\/strong> 16:13<\/span><br><span class=\"einsatz-title\"><strong>Einsatzmeldung:<\/strong> <a href=\"https:\/\/www.ff-sarstedt.de\/stadt\/archive\/einsaetze\/ff-sarstedt-h1-gasausstroemung\" rel=\"bookmark\">FF Sarstedt | H1 &#8211; Gasausstr\u00f6mung<\/a><\/span><br><span class=\"einsatz-location\"><strong>Einsatzort:<\/strong> Beethovenstra\u00dfe<\/span><br><span class=\"einsatz-duration\"><strong>Dauer:<\/strong> 1 h<\/span><br><\/td><td class=\"einsatz-column-number\">0722020<\/td><td class=\"einsatz-column-date\">18.05.2020<\/td><td class=\"einsatz-column-time\">16:13<\/td><td class=\"einsatz-column-title\"><a href=\"https:\/\/www.ff-sarstedt.de\/stadt\/archive\/einsaetze\/ff-sarstedt-h1-gasausstroemung\" rel=\"bookmark\">FF Sarstedt | H1 &#8211; Gasausstr\u00f6mung<\/a><\/td><td class=\"einsatz-column-location\">Beethovenstra\u00dfe<\/td><td class=\"einsatz-column-duration\">1 h<\/td><td class=\"einsatz-column-annotationImages\"><i class=\"fa-solid fa-camera\" aria-hidden=\"true\" title=\"Bericht enth\u00e4lt keine Bilder\" style=\"color: #bbbbbb;\"><\/i><\/td><\/tr><tr class=\"report\"><td class=\"smallscreen\" colspan=\"7\" data-permalink=\"https:\/\/www.ff-sarstedt.de\/stadt\/archive\/einsaetze\/ff-sarstedt-b1-rauchentwicklung\"><div class=\"annotation-icon-bar\"><i class=\"fa-solid fa-camera\" aria-hidden=\"true\" title=\"Bericht enth\u00e4lt keine Bilder\" style=\"color: #bbbbbb;\"><\/i><\/div><span class=\"einsatz-number\"><strong>Nummer:<\/strong> 0712020<\/span><br><span class=\"einsatz-date\"><strong>Datum:<\/strong> 18.05.2020<\/span><br><span class=\"einsatz-time\"><strong>Uhrzeit:<\/strong> 14:56<\/span><br><span class=\"einsatz-title\"><strong>Einsatzmeldung:<\/strong> <a href=\"https:\/\/www.ff-sarstedt.de\/stadt\/archive\/einsaetze\/ff-sarstedt-b1-rauchentwicklung\" rel=\"bookmark\">FF Sarstedt | B1 &#8211; Rauchentwicklung<\/a><\/span><br><span class=\"einsatz-location\"><strong>Einsatzort:<\/strong> Triftstra\u00dfe<\/span><br><span class=\"einsatz-duration\"><strong>Dauer:<\/strong> 30 min<\/span><br><\/td><td class=\"einsatz-column-number\">0712020<\/td><td class=\"einsatz-column-date\">18.05.2020<\/td><td class=\"einsatz-column-time\">14:56<\/td><td class=\"einsatz-column-title\"><a href=\"https:\/\/www.ff-sarstedt.de\/stadt\/archive\/einsaetze\/ff-sarstedt-b1-rauchentwicklung\" rel=\"bookmark\">FF Sarstedt | B1 &#8211; Rauchentwicklung<\/a><\/td><td class=\"einsatz-column-location\">Triftstra\u00dfe<\/td><td class=\"einsatz-column-duration\">30 min<\/td><td class=\"einsatz-column-annotationImages\"><i class=\"fa-solid fa-camera\" aria-hidden=\"true\" title=\"Bericht enth\u00e4lt keine Bilder\" style=\"color: #bbbbbb;\"><\/i><\/td><\/tr><tr class=\"report\"><td class=\"smallscreen\" colspan=\"7\" data-permalink=\"https:\/\/www.ff-sarstedt.de\/stadt\/archive\/einsaetze\/ff-sarstedt-b1-waldbrand\"><div class=\"annotation-icon-bar\"><i class=\"fa-solid fa-camera\" aria-hidden=\"true\" title=\"Bericht enth\u00e4lt keine Bilder\" style=\"color: #bbbbbb;\"><\/i><\/div><span class=\"einsatz-number\"><strong>Nummer:<\/strong> 0702020<\/span><br><span class=\"einsatz-date\"><strong>Datum:<\/strong> 17.05.2020<\/span><br><span class=\"einsatz-time\"><strong>Uhrzeit:<\/strong> 14:30<\/span><br><span class=\"einsatz-title\"><strong>Einsatzmeldung:<\/strong> <a href=\"https:\/\/www.ff-sarstedt.de\/stadt\/archive\/einsaetze\/ff-sarstedt-b1-waldbrand\" rel=\"bookmark\">FF Sarstedt | B1 &#8211; Waldbrand<\/a><\/span><br><span class=\"einsatz-location\"><strong>Einsatzort:<\/strong> Sonnenkamp \/ Tonkuhle<\/span><br><span class=\"einsatz-duration\"><strong>Dauer:<\/strong> 1 h<\/span><br><\/td><td class=\"einsatz-column-number\">0702020<\/td><td class=\"einsatz-column-date\">17.05.2020<\/td><td class=\"einsatz-column-time\">14:30<\/td><td class=\"einsatz-column-title\"><a href=\"https:\/\/www.ff-sarstedt.de\/stadt\/archive\/einsaetze\/ff-sarstedt-b1-waldbrand\" rel=\"bookmark\">FF Sarstedt | B1 &#8211; Waldbrand<\/a><\/td><td class=\"einsatz-column-location\">Sonnenkamp \/ Tonkuhle<\/td><td class=\"einsatz-column-duration\">1 h<\/td><td class=\"einsatz-column-annotationImages\"><i class=\"fa-solid fa-camera\" aria-hidden=\"true\" title=\"Bericht enth\u00e4lt keine Bilder\" style=\"color: #bbbbbb;\"><\/i><\/td><\/tr><tr class=\"report\"><td class=\"smallscreen\" colspan=\"7\" data-permalink=\"https:\/\/www.ff-sarstedt.de\/stadt\/archive\/einsaetze\/ff-sarstedt-b0-flaechenbrand-4\"><div class=\"annotation-icon-bar\"><i class=\"fa-solid fa-camera\" aria-hidden=\"true\" title=\"Bericht enth\u00e4lt keine Bilder\" style=\"color: #bbbbbb;\"><\/i><\/div><span class=\"einsatz-number\"><strong>Nummer:<\/strong> 0692020<\/span><br><span class=\"einsatz-date\"><strong>Datum:<\/strong> 11.05.2020<\/span><br><span class=\"einsatz-time\"><strong>Uhrzeit:<\/strong> 06:22<\/span><br><span class=\"einsatz-title\"><strong>Einsatzmeldung:<\/strong> <a href=\"https:\/\/www.ff-sarstedt.de\/stadt\/archive\/einsaetze\/ff-sarstedt-b0-flaechenbrand-4\" rel=\"bookmark\">FF Sarstedt | B0 &#8211; Fl\u00e4chenbrand<\/a><\/span><br><span class=\"einsatz-location\"><strong>Einsatzort:<\/strong> Am Teinkamp<\/span><br><span class=\"einsatz-duration\"><strong>Dauer:<\/strong> 1 h 30 min<\/span><br><\/td><td class=\"einsatz-column-number\">0692020<\/td><td class=\"einsatz-column-date\">11.05.2020<\/td><td class=\"einsatz-column-time\">06:22<\/td><td class=\"einsatz-column-title\"><a href=\"https:\/\/www.ff-sarstedt.de\/stadt\/archive\/einsaetze\/ff-sarstedt-b0-flaechenbrand-4\" rel=\"bookmark\">FF Sarstedt | B0 &#8211; Fl\u00e4chenbrand<\/a><\/td><td class=\"einsatz-column-location\">Am Teinkamp<\/td><td class=\"einsatz-column-duration\">1 h 30 min<\/td><td class=\"einsatz-column-annotationImages\"><i class=\"fa-solid fa-camera\" aria-hidden=\"true\" title=\"Bericht enth\u00e4lt keine Bilder\" style=\"color: #bbbbbb;\"><\/i><\/td><\/tr><tr class=\"report\"><td class=\"smallscreen\" colspan=\"7\" data-permalink=\"https:\/\/www.ff-sarstedt.de\/stadt\/archive\/einsaetze\/ff-sarstedt-b1-ausgeloester-rauchmelder-4\"><div class=\"annotation-icon-bar\"><i class=\"fa-solid fa-camera\" aria-hidden=\"true\" title=\"Bericht enth\u00e4lt keine Bilder\" style=\"color: #bbbbbb;\"><\/i><\/div><span class=\"einsatz-number\"><strong>Nummer:<\/strong> 0682020<\/span><br><span class=\"einsatz-date\"><strong>Datum:<\/strong> 09.05.2020<\/span><br><span class=\"einsatz-time\"><strong>Uhrzeit:<\/strong> 11:00<\/span><br><span class=\"einsatz-title\"><strong>Einsatzmeldung:<\/strong> <a href=\"https:\/\/www.ff-sarstedt.de\/stadt\/archive\/einsaetze\/ff-sarstedt-b1-ausgeloester-rauchmelder-4\" rel=\"bookmark\">FF Sarstedt | B1 &#8211; Ausgel\u00f6ster Rauchmelder<\/a><\/span><br><span class=\"einsatz-location\"><strong>Einsatzort:<\/strong> Heisede, Fasanengarten<\/span><br><span class=\"einsatz-duration\"><strong>Dauer:<\/strong> 30 min<\/span><br><\/td><td class=\"einsatz-column-number\">0682020<\/td><td class=\"einsatz-column-date\">09.05.2020<\/td><td class=\"einsatz-column-time\">11:00<\/td><td class=\"einsatz-column-title\"><a href=\"https:\/\/www.ff-sarstedt.de\/stadt\/archive\/einsaetze\/ff-sarstedt-b1-ausgeloester-rauchmelder-4\" rel=\"bookmark\">FF Sarstedt | B1 &#8211; Ausgel\u00f6ster Rauchmelder<\/a><\/td><td class=\"einsatz-column-location\">Heisede, Fasanengarten<\/td><td class=\"einsatz-column-duration\">30 min<\/td><td class=\"einsatz-column-annotationImages\"><i class=\"fa-solid fa-camera\" aria-hidden=\"true\" title=\"Bericht enth\u00e4lt keine Bilder\" style=\"color: #bbbbbb;\"><\/i><\/td><\/tr><tr class=\"report\"><td class=\"smallscreen\" colspan=\"7\" data-permalink=\"https:\/\/www.ff-sarstedt.de\/stadt\/archive\/einsaetze\/ff-sarstedt-h0-tueroeffnung-64\"><div class=\"annotation-icon-bar\"><i class=\"fa-solid fa-camera\" aria-hidden=\"true\" title=\"Bericht enth\u00e4lt keine Bilder\" style=\"color: #bbbbbb;\"><\/i><\/div><span class=\"einsatz-number\"><strong>Nummer:<\/strong> 0672020<\/span><br><span class=\"einsatz-date\"><strong>Datum:<\/strong> 08.05.2020<\/span><br><span class=\"einsatz-time\"><strong>Uhrzeit:<\/strong> 18:16<\/span><br><span class=\"einsatz-title\"><strong>Einsatzmeldung:<\/strong> <a href=\"https:\/\/www.ff-sarstedt.de\/stadt\/archive\/einsaetze\/ff-sarstedt-h0-tueroeffnung-64\" rel=\"bookmark\">FF Sarstedt | H0 &#8211; T\u00fcr\u00f6ffnung<\/a><\/span><br><span class=\"einsatz-location\"><strong>Einsatzort:<\/strong> Wellweg<\/span><br><span class=\"einsatz-duration\"><strong>Dauer:<\/strong> 1 h<\/span><br><\/td><td class=\"einsatz-column-number\">0672020<\/td><td class=\"einsatz-column-date\">08.05.2020<\/td><td class=\"einsatz-column-time\">18:16<\/td><td class=\"einsatz-column-title\"><a href=\"https:\/\/www.ff-sarstedt.de\/stadt\/archive\/einsaetze\/ff-sarstedt-h0-tueroeffnung-64\" rel=\"bookmark\">FF Sarstedt | H0 &#8211; T\u00fcr\u00f6ffnung<\/a><\/td><td class=\"einsatz-column-location\">Wellweg<\/td><td class=\"einsatz-column-duration\">1 h<\/td><td class=\"einsatz-column-annotationImages\"><i class=\"fa-solid fa-camera\" aria-hidden=\"true\" title=\"Bericht enth\u00e4lt keine Bilder\" style=\"color: #bbbbbb;\"><\/i><\/td><\/tr><tr class=\"report\"><td class=\"smallscreen\" colspan=\"7\" data-permalink=\"https:\/\/www.ff-sarstedt.de\/stadt\/archive\/einsaetze\/ff-saratedt-hm1-person-eingeklemmt-pkw\"><div class=\"annotation-icon-bar\"><i class=\"fa-solid fa-camera\" aria-hidden=\"true\" title=\"Bericht enth\u00e4lt keine Bilder\" style=\"color: #bbbbbb;\"><\/i><\/div><span class=\"einsatz-number\"><strong>Nummer:<\/strong> 0662020<\/span><br><span class=\"einsatz-date\"><strong>Datum:<\/strong> 08.05.2020<\/span><br><span class=\"einsatz-time\"><strong>Uhrzeit:<\/strong> 16:33<\/span><br><span class=\"einsatz-title\"><strong>Einsatzmeldung:<\/strong> <a href=\"https:\/\/www.ff-sarstedt.de\/stadt\/archive\/einsaetze\/ff-saratedt-hm1-person-eingeklemmt-pkw\" rel=\"bookmark\">FF Sarstedt | HM1- Person eingeklemmt PKW<\/a><\/span><br><span class=\"einsatz-location\"><strong>Einsatzort:<\/strong> Nordring<\/span><br><span class=\"einsatz-duration\"><strong>Dauer:<\/strong> 30 min<\/span><br><\/td><td class=\"einsatz-column-number\">0662020<\/td><td class=\"einsatz-column-date\">08.05.2020<\/td><td class=\"einsatz-column-time\">16:33<\/td><td class=\"einsatz-column-title\"><a href=\"https:\/\/www.ff-sarstedt.de\/stadt\/archive\/einsaetze\/ff-saratedt-hm1-person-eingeklemmt-pkw\" rel=\"bookmark\">FF Sarstedt | HM1- Person eingeklemmt PKW<\/a><\/td><td class=\"einsatz-column-location\">Nordring<\/td><td class=\"einsatz-column-duration\">30 min<\/td><td class=\"einsatz-column-annotationImages\"><i class=\"fa-solid fa-camera\" aria-hidden=\"true\" title=\"Bericht enth\u00e4lt keine Bilder\" style=\"color: #bbbbbb;\"><\/i><\/td><\/tr><tr class=\"report\"><td class=\"smallscreen\" colspan=\"7\" data-permalink=\"https:\/\/www.ff-sarstedt.de\/stadt\/archive\/einsaetze\/ff-sarstedt-b1-ausgeloeste-brandmeldeanlage-66\"><div class=\"annotation-icon-bar\"><i class=\"fa-solid fa-camera\" aria-hidden=\"true\" title=\"Bericht enth\u00e4lt keine Bilder\" style=\"color: #bbbbbb;\"><\/i><\/div><span class=\"einsatz-number\"><strong>Nummer:<\/strong> 0652020<\/span><br><span class=\"einsatz-date\"><strong>Datum:<\/strong> 05.05.2020<\/span><br><span class=\"einsatz-time\"><strong>Uhrzeit:<\/strong> 20:22<\/span><br><span class=\"einsatz-title\"><strong>Einsatzmeldung:<\/strong> <a href=\"https:\/\/www.ff-sarstedt.de\/stadt\/archive\/einsaetze\/ff-sarstedt-b1-ausgeloeste-brandmeldeanlage-66\" rel=\"bookmark\">FF Sarstedt | B1 &#8211; Ausgel\u00f6ste Brandmeldeanlage<\/a><\/span><br><span class=\"einsatz-location\"><strong>Einsatzort:<\/strong> Am Sonnenkamp<\/span><br><span class=\"einsatz-duration\"><strong>Dauer:<\/strong> 30 min<\/span><br><\/td><td class=\"einsatz-column-number\">0652020<\/td><td class=\"einsatz-column-date\">05.05.2020<\/td><td class=\"einsatz-column-time\">20:22<\/td><td class=\"einsatz-column-title\"><a href=\"https:\/\/www.ff-sarstedt.de\/stadt\/archive\/einsaetze\/ff-sarstedt-b1-ausgeloeste-brandmeldeanlage-66\" rel=\"bookmark\">FF Sarstedt | B1 &#8211; Ausgel\u00f6ste Brandmeldeanlage<\/a><\/td><td class=\"einsatz-column-location\">Am Sonnenkamp<\/td><td class=\"einsatz-column-duration\">30 min<\/td><td class=\"einsatz-column-annotationImages\"><i class=\"fa-solid fa-camera\" aria-hidden=\"true\" title=\"Bericht enth\u00e4lt keine Bilder\" style=\"color: #bbbbbb;\"><\/i><\/td><\/tr><tr class=\"report\"><td class=\"smallscreen\" colspan=\"7\" data-permalink=\"https:\/\/www.ff-sarstedt.de\/stadt\/archive\/einsaetze\/ff-sarstedt-b1-ausgeloeste-brandmeldeanlage-65\"><div class=\"annotation-icon-bar\"><i class=\"fa-solid fa-camera\" aria-hidden=\"true\" title=\"Bericht enth\u00e4lt keine Bilder\" style=\"color: #bbbbbb;\"><\/i><\/div><span class=\"einsatz-number\"><strong>Nummer:<\/strong> 0642020<\/span><br><span class=\"einsatz-date\"><strong>Datum:<\/strong> 04.05.2020<\/span><br><span class=\"einsatz-time\"><strong>Uhrzeit:<\/strong> 08:57<\/span><br><span class=\"einsatz-title\"><strong>Einsatzmeldung:<\/strong> <a href=\"https:\/\/www.ff-sarstedt.de\/stadt\/archive\/einsaetze\/ff-sarstedt-b1-ausgeloeste-brandmeldeanlage-65\" rel=\"bookmark\">FF Sarstedt | B1 &#8211; Ausgel\u00f6ste Brandmeldeanlage<\/a><\/span><br><span class=\"einsatz-location\"><strong>Einsatzort:<\/strong> Bahnhofstr.<\/span><br><span class=\"einsatz-duration\"><strong>Dauer:<\/strong> 30 min<\/span><br><\/td><td class=\"einsatz-column-number\">0642020<\/td><td class=\"einsatz-column-date\">04.05.2020<\/td><td class=\"einsatz-column-time\">08:57<\/td><td class=\"einsatz-column-title\"><a href=\"https:\/\/www.ff-sarstedt.de\/stadt\/archive\/einsaetze\/ff-sarstedt-b1-ausgeloeste-brandmeldeanlage-65\" rel=\"bookmark\">FF Sarstedt | B1 &#8211; Ausgel\u00f6ste Brandmeldeanlage<\/a><\/td><td class=\"einsatz-column-location\">Bahnhofstr.<\/td><td class=\"einsatz-column-duration\">30 min<\/td><td class=\"einsatz-column-annotationImages\"><i class=\"fa-solid fa-camera\" aria-hidden=\"true\" title=\"Bericht enth\u00e4lt keine Bilder\" style=\"color: #bbbbbb;\"><\/i><\/td><\/tr><tr class=\"report\"><td class=\"smallscreen\" colspan=\"7\" data-permalink=\"https:\/\/www.ff-sarstedt.de\/stadt\/archive\/einsaetze\/ff-sarstedt-b1-ausgeloeste-brandmeldeanlage-64\"><div class=\"annotation-icon-bar\"><i class=\"fa-solid fa-camera\" aria-hidden=\"true\" title=\"Bericht enth\u00e4lt keine Bilder\" style=\"color: #bbbbbb;\"><\/i><\/div><span class=\"einsatz-number\"><strong>Nummer:<\/strong> 0632020<\/span><br><span class=\"einsatz-date\"><strong>Datum:<\/strong> 02.05.2020<\/span><br><span class=\"einsatz-time\"><strong>Uhrzeit:<\/strong> 00:18<\/span><br><span class=\"einsatz-title\"><strong>Einsatzmeldung:<\/strong> <a href=\"https:\/\/www.ff-sarstedt.de\/stadt\/archive\/einsaetze\/ff-sarstedt-b1-ausgeloeste-brandmeldeanlage-64\" rel=\"bookmark\">FF Sarstedt | B1- Ausgel\u00f6ste Brandmeldeanlage<\/a><\/span><br><span class=\"einsatz-location\"><strong>Einsatzort:<\/strong> Bahnhofstra\u00dfe<\/span><br><span class=\"einsatz-duration\"><strong>Dauer:<\/strong> 2 h<\/span><br><\/td><td class=\"einsatz-column-number\">0632020<\/td><td class=\"einsatz-column-date\">02.05.2020<\/td><td class=\"einsatz-column-time\">00:18<\/td><td class=\"einsatz-column-title\"><a href=\"https:\/\/www.ff-sarstedt.de\/stadt\/archive\/einsaetze\/ff-sarstedt-b1-ausgeloeste-brandmeldeanlage-64\" rel=\"bookmark\">FF Sarstedt | B1- Ausgel\u00f6ste Brandmeldeanlage<\/a><\/td><td class=\"einsatz-column-location\">Bahnhofstra\u00dfe<\/td><td class=\"einsatz-column-duration\">2 h<\/td><td class=\"einsatz-column-annotationImages\"><i class=\"fa-solid fa-camera\" aria-hidden=\"true\" title=\"Bericht enth\u00e4lt keine Bilder\" style=\"color: #bbbbbb;\"><\/i><\/td><\/tr><tr class=\"einsatz-title-month\"><td colspan=\"7\">April<\/td><\/tr><tr class=\"einsatz-header\"><th style=\"white-space: nowrap;\">Nummer<\/th><th style=\"white-space: nowrap;\">Datum<\/th><th style=\"white-space: nowrap;\">Uhrzeit<\/th><th style=\"\">Einsatzmeldung<\/th><th style=\"\">Einsatzort<\/th><th style=\"white-space: nowrap;\">Dauer<\/th><th style=\"\"><\/th><\/tr><tr class=\"report\"><td class=\"smallscreen\" colspan=\"7\" data-permalink=\"https:\/\/www.ff-sarstedt.de\/stadt\/archive\/einsaetze\/ff-sarstedt-h1-gasgeruch-3\"><div class=\"annotation-icon-bar\"><i class=\"fa-solid fa-camera\" aria-hidden=\"true\" title=\"Bericht enth\u00e4lt keine Bilder\" style=\"color: #bbbbbb;\"><\/i><\/div><span class=\"einsatz-number\"><strong>Nummer:<\/strong> 0622020<\/span><br><span class=\"einsatz-date\"><strong>Datum:<\/strong> 29.04.2020<\/span><br><span class=\"einsatz-time\"><strong>Uhrzeit:<\/strong> 23:42<\/span><br><span class=\"einsatz-title\"><strong>Einsatzmeldung:<\/strong> <a href=\"https:\/\/www.ff-sarstedt.de\/stadt\/archive\/einsaetze\/ff-sarstedt-h1-gasgeruch-3\" rel=\"bookmark\">FF Sarstedt | H1 &#8211; Gasgeruch<\/a><\/span><br><span class=\"einsatz-location\"><strong>Einsatzort:<\/strong> Auf der Bleiche<\/span><br><span class=\"einsatz-duration\"><strong>Dauer:<\/strong> 30 min<\/span><br><\/td><td class=\"einsatz-column-number\">0622020<\/td><td class=\"einsatz-column-date\">29.04.2020<\/td><td class=\"einsatz-column-time\">23:42<\/td><td class=\"einsatz-column-title\"><a href=\"https:\/\/www.ff-sarstedt.de\/stadt\/archive\/einsaetze\/ff-sarstedt-h1-gasgeruch-3\" rel=\"bookmark\">FF Sarstedt | H1 &#8211; Gasgeruch<\/a><\/td><td class=\"einsatz-column-location\">Auf der Bleiche<\/td><td class=\"einsatz-column-duration\">30 min<\/td><td class=\"einsatz-column-annotationImages\"><i class=\"fa-solid fa-camera\" aria-hidden=\"true\" title=\"Bericht enth\u00e4lt keine Bilder\" style=\"color: #bbbbbb;\"><\/i><\/td><\/tr><tr class=\"report\"><td class=\"smallscreen\" colspan=\"7\" data-permalink=\"https:\/\/www.ff-sarstedt.de\/stadt\/archive\/einsaetze\/ff-sarstedt-h0-erkundung-sicherung-gefahrstelle\"><div class=\"annotation-icon-bar\"><i class=\"fa-solid fa-camera\" aria-hidden=\"true\" title=\"Bericht enth\u00e4lt keine Bilder\" style=\"color: #bbbbbb;\"><\/i><\/div><span class=\"einsatz-number\"><strong>Nummer:<\/strong> 0612020<\/span><br><span class=\"einsatz-date\"><strong>Datum:<\/strong> 25.04.2020<\/span><br><span class=\"einsatz-time\"><strong>Uhrzeit:<\/strong> 16:56<\/span><br><span class=\"einsatz-title\"><strong>Einsatzmeldung:<\/strong> <a href=\"https:\/\/www.ff-sarstedt.de\/stadt\/archive\/einsaetze\/ff-sarstedt-h0-erkundung-sicherung-gefahrstelle\" rel=\"bookmark\">FF Sarstedt | H0 &#8211; Erkundung Sicherung Gefahrstelle<\/a><\/span><br><span class=\"einsatz-location\"><strong>Einsatzort:<\/strong> Am Festplatz<\/span><br><span class=\"einsatz-duration\"><strong>Dauer:<\/strong> 30 min<\/span><br><\/td><td class=\"einsatz-column-number\">0612020<\/td><td class=\"einsatz-column-date\">25.04.2020<\/td><td class=\"einsatz-column-time\">16:56<\/td><td class=\"einsatz-column-title\"><a href=\"https:\/\/www.ff-sarstedt.de\/stadt\/archive\/einsaetze\/ff-sarstedt-h0-erkundung-sicherung-gefahrstelle\" rel=\"bookmark\">FF Sarstedt | H0 &#8211; Erkundung Sicherung Gefahrstelle<\/a><\/td><td class=\"einsatz-column-location\">Am Festplatz<\/td><td class=\"einsatz-column-duration\">30 min<\/td><td class=\"einsatz-column-annotationImages\"><i class=\"fa-solid fa-camera\" aria-hidden=\"true\" title=\"Bericht enth\u00e4lt keine Bilder\" style=\"color: #bbbbbb;\"><\/i><\/td><\/tr><tr class=\"report\"><td class=\"smallscreen\" colspan=\"7\" data-permalink=\"https:\/\/www.ff-sarstedt.de\/stadt\/archive\/einsaetze\/ff-sarstedt-b0-geloeschtes-feuer-4\"><div class=\"annotation-icon-bar\"><i class=\"fa-solid fa-camera\" aria-hidden=\"true\" title=\"Bericht enth\u00e4lt keine Bilder\" style=\"color: #bbbbbb;\"><\/i><\/div><span class=\"einsatz-number\"><strong>Nummer:<\/strong> 0602020<\/span><br><span class=\"einsatz-date\"><strong>Datum:<\/strong> 25.04.2020<\/span><br><span class=\"einsatz-time\"><strong>Uhrzeit:<\/strong> 01:32<\/span><br><span class=\"einsatz-title\"><strong>Einsatzmeldung:<\/strong> <a href=\"https:\/\/www.ff-sarstedt.de\/stadt\/archive\/einsaetze\/ff-sarstedt-b0-geloeschtes-feuer-4\" rel=\"bookmark\">FF Sarstedt | B0 \u2013 Nachl\u00f6scharbeiten<\/a><\/span><br><span class=\"einsatz-location\"><strong>Einsatzort:<\/strong> Im Mittelfelde<\/span><br><span class=\"einsatz-duration\"><strong>Dauer:<\/strong> 1 h 30 min<\/span><br><\/td><td class=\"einsatz-column-number\">0602020<\/td><td class=\"einsatz-column-date\">25.04.2020<\/td><td class=\"einsatz-column-time\">01:32<\/td><td class=\"einsatz-column-title\"><a href=\"https:\/\/www.ff-sarstedt.de\/stadt\/archive\/einsaetze\/ff-sarstedt-b0-geloeschtes-feuer-4\" rel=\"bookmark\">FF Sarstedt | B0 \u2013 Nachl\u00f6scharbeiten<\/a><\/td><td class=\"einsatz-column-location\">Im Mittelfelde<\/td><td class=\"einsatz-column-duration\">1 h 30 min<\/td><td class=\"einsatz-column-annotationImages\"><i class=\"fa-solid fa-camera\" aria-hidden=\"true\" title=\"Bericht enth\u00e4lt keine Bilder\" style=\"color: #bbbbbb;\"><\/i><\/td><\/tr><tr class=\"report\"><td class=\"smallscreen\" colspan=\"7\" data-permalink=\"https:\/\/www.ff-sarstedt.de\/stadt\/archive\/einsaetze\/ff-sarstedt-b2-wohnhausbrand\"><div class=\"annotation-icon-bar\"><i class=\"fa-solid fa-camera\" aria-hidden=\"true\" title=\"Bericht enth\u00e4lt Bilder\" style=\"\"><\/i><\/div><span class=\"einsatz-number\"><strong>Nummer:<\/strong> 0592020<\/span><br><span class=\"einsatz-date\"><strong>Datum:<\/strong> 24.04.2020<\/span><br><span class=\"einsatz-time\"><strong>Uhrzeit:<\/strong> 18:12<\/span><br><span class=\"einsatz-title\"><strong>Einsatzmeldung:<\/strong> <a href=\"https:\/\/www.ff-sarstedt.de\/stadt\/archive\/einsaetze\/ff-sarstedt-b2-wohnhausbrand\" rel=\"bookmark\">FF Sarstedt | B2 \u2013 Wohnhausbrand<\/a><\/span><br><span class=\"einsatz-location\"><strong>Einsatzort:<\/strong> Im Mittelfelde<\/span><br><span class=\"einsatz-duration\"><strong>Dauer:<\/strong> 4 h 30 min<\/span><br><\/td><td class=\"einsatz-column-number\">0592020<\/td><td class=\"einsatz-column-date\">24.04.2020<\/td><td class=\"einsatz-column-time\">18:12<\/td><td class=\"einsatz-column-title\"><a href=\"https:\/\/www.ff-sarstedt.de\/stadt\/archive\/einsaetze\/ff-sarstedt-b2-wohnhausbrand\" rel=\"bookmark\">FF Sarstedt | B2 \u2013 Wohnhausbrand<\/a><\/td><td class=\"einsatz-column-location\">Im Mittelfelde<\/td><td class=\"einsatz-column-duration\">4 h 30 min<\/td><td class=\"einsatz-column-annotationImages\"><i class=\"fa-solid fa-camera\" aria-hidden=\"true\" title=\"Bericht enth\u00e4lt Bilder\" style=\"\"><\/i><\/td><\/tr><tr class=\"report\"><td class=\"smallscreen\" colspan=\"7\" data-permalink=\"https:\/\/www.ff-sarstedt.de\/stadt\/archive\/einsaetze\/ff-sarstedt-b0-heckenbrand-3\"><div class=\"annotation-icon-bar\"><i class=\"fa-solid fa-camera\" aria-hidden=\"true\" title=\"Bericht enth\u00e4lt keine Bilder\" style=\"color: #bbbbbb;\"><\/i><\/div><span class=\"einsatz-number\"><strong>Nummer:<\/strong> 0582020<\/span><br><span class=\"einsatz-date\"><strong>Datum:<\/strong> 21.04.2020<\/span><br><span class=\"einsatz-time\"><strong>Uhrzeit:<\/strong> 21:43<\/span><br><span class=\"einsatz-title\"><strong>Einsatzmeldung:<\/strong> <a href=\"https:\/\/www.ff-sarstedt.de\/stadt\/archive\/einsaetze\/ff-sarstedt-b0-heckenbrand-3\" rel=\"bookmark\">FF Sarstedt | B0 \u2013 Heckenbrand<\/a><\/span><br><span class=\"einsatz-location\"><strong>Einsatzort:<\/strong> Holztorstr.<\/span><br><span class=\"einsatz-duration\"><strong>Dauer:<\/strong> 30 min<\/span><br><\/td><td class=\"einsatz-column-number\">0582020<\/td><td class=\"einsatz-column-date\">21.04.2020<\/td><td class=\"einsatz-column-time\">21:43<\/td><td class=\"einsatz-column-title\"><a href=\"https:\/\/www.ff-sarstedt.de\/stadt\/archive\/einsaetze\/ff-sarstedt-b0-heckenbrand-3\" rel=\"bookmark\">FF Sarstedt | B0 \u2013 Heckenbrand<\/a><\/td><td class=\"einsatz-column-location\">Holztorstr.<\/td><td class=\"einsatz-column-duration\">30 min<\/td><td class=\"einsatz-column-annotationImages\"><i class=\"fa-solid fa-camera\" aria-hidden=\"true\" title=\"Bericht enth\u00e4lt keine Bilder\" style=\"color: #bbbbbb;\"><\/i><\/td><\/tr><tr class=\"report\"><td class=\"smallscreen\" colspan=\"7\" data-permalink=\"https:\/\/www.ff-sarstedt.de\/stadt\/archive\/einsaetze\/ff-sarstedt-b1-wohnhausbrand\"><div class=\"annotation-icon-bar\"><i class=\"fa-solid fa-camera\" aria-hidden=\"true\" title=\"Bericht enth\u00e4lt Bilder\" style=\"\"><\/i><\/div><span class=\"einsatz-number\"><strong>Nummer:<\/strong> 0572020<\/span><br><span class=\"einsatz-date\"><strong>Datum:<\/strong> 18.04.2020<\/span><br><span class=\"einsatz-time\"><strong>Uhrzeit:<\/strong> 18:26<\/span><br><span class=\"einsatz-title\"><strong>Einsatzmeldung:<\/strong> <a href=\"https:\/\/www.ff-sarstedt.de\/stadt\/archive\/einsaetze\/ff-sarstedt-b1-wohnhausbrand\" rel=\"bookmark\">FF Sarstedt | B1 \u2013 Wohnhausbrand<\/a><\/span><br><span class=\"einsatz-location\"><strong>Einsatzort:<\/strong> Holztorstr.<\/span><br><span class=\"einsatz-duration\"><strong>Dauer:<\/strong> 4 h<\/span><br><\/td><td class=\"einsatz-column-number\">0572020<\/td><td class=\"einsatz-column-date\">18.04.2020<\/td><td class=\"einsatz-column-time\">18:26<\/td><td class=\"einsatz-column-title\"><a href=\"https:\/\/www.ff-sarstedt.de\/stadt\/archive\/einsaetze\/ff-sarstedt-b1-wohnhausbrand\" rel=\"bookmark\">FF Sarstedt | B1 \u2013 Wohnhausbrand<\/a><\/td><td class=\"einsatz-column-location\">Holztorstr.<\/td><td class=\"einsatz-column-duration\">4 h<\/td><td class=\"einsatz-column-annotationImages\"><i class=\"fa-solid fa-camera\" aria-hidden=\"true\" title=\"Bericht enth\u00e4lt Bilder\" style=\"\"><\/i><\/td><\/tr><tr class=\"report\"><td class=\"smallscreen\" colspan=\"7\" data-permalink=\"https:\/\/www.ff-sarstedt.de\/stadt\/archive\/einsaetze\/ff-sarstedt-h0-tueroeffnung-63\"><div class=\"annotation-icon-bar\"><i class=\"fa-solid fa-camera\" aria-hidden=\"true\" title=\"Bericht enth\u00e4lt keine Bilder\" style=\"color: #bbbbbb;\"><\/i><\/div><span class=\"einsatz-number\"><strong>Nummer:<\/strong> 0562020<\/span><br><span class=\"einsatz-date\"><strong>Datum:<\/strong> 17.04.2020<\/span><br><span class=\"einsatz-time\"><strong>Uhrzeit:<\/strong> 21:00<\/span><br><span class=\"einsatz-title\"><strong>Einsatzmeldung:<\/strong> <a href=\"https:\/\/www.ff-sarstedt.de\/stadt\/archive\/einsaetze\/ff-sarstedt-h0-tueroeffnung-63\" rel=\"bookmark\">FF Sarstedt | H0 &#8211; T\u00fcr\u00f6ffnung<\/a><\/span><br><span class=\"einsatz-location\"><strong>Einsatzort:<\/strong> Am Kipphut<\/span><br><span class=\"einsatz-duration\"><strong>Dauer:<\/strong> 30 min<\/span><br><\/td><td class=\"einsatz-column-number\">0562020<\/td><td class=\"einsatz-column-date\">17.04.2020<\/td><td class=\"einsatz-column-time\">21:00<\/td><td class=\"einsatz-column-title\"><a href=\"https:\/\/www.ff-sarstedt.de\/stadt\/archive\/einsaetze\/ff-sarstedt-h0-tueroeffnung-63\" rel=\"bookmark\">FF Sarstedt | H0 &#8211; T\u00fcr\u00f6ffnung<\/a><\/td><td class=\"einsatz-column-location\">Am Kipphut<\/td><td class=\"einsatz-column-duration\">30 min<\/td><td class=\"einsatz-column-annotationImages\"><i class=\"fa-solid fa-camera\" aria-hidden=\"true\" title=\"Bericht enth\u00e4lt keine Bilder\" style=\"color: #bbbbbb;\"><\/i><\/td><\/tr><tr class=\"report\"><td class=\"smallscreen\" colspan=\"7\" data-permalink=\"https:\/\/www.ff-sarstedt.de\/stadt\/archive\/einsaetze\/ff-sarstedt-b1-ausgeloeste-brandmeldeanlage-63\"><div class=\"annotation-icon-bar\"><i class=\"fa-solid fa-camera\" aria-hidden=\"true\" title=\"Bericht enth\u00e4lt keine Bilder\" style=\"color: #bbbbbb;\"><\/i><\/div><span class=\"einsatz-number\"><strong>Nummer:<\/strong> 0552020<\/span><br><span class=\"einsatz-date\"><strong>Datum:<\/strong> 16.04.2020<\/span><br><span class=\"einsatz-time\"><strong>Uhrzeit:<\/strong> 10:08<\/span><br><span class=\"einsatz-title\"><strong>Einsatzmeldung:<\/strong> <a href=\"https:\/\/www.ff-sarstedt.de\/stadt\/archive\/einsaetze\/ff-sarstedt-b1-ausgeloeste-brandmeldeanlage-63\" rel=\"bookmark\">FF Sarstedt | B1 &#8211; Ausgel\u00f6ste Brandmeldeanlage<\/a><\/span><br><span class=\"einsatz-location\"><strong>Einsatzort:<\/strong> Bahnhofsstra\u00dfe<\/span><br><span class=\"einsatz-duration\"><strong>Dauer:<\/strong> 30 min<\/span><br><\/td><td class=\"einsatz-column-number\">0552020<\/td><td class=\"einsatz-column-date\">16.04.2020<\/td><td class=\"einsatz-column-time\">10:08<\/td><td class=\"einsatz-column-title\"><a href=\"https:\/\/www.ff-sarstedt.de\/stadt\/archive\/einsaetze\/ff-sarstedt-b1-ausgeloeste-brandmeldeanlage-63\" rel=\"bookmark\">FF Sarstedt | B1 &#8211; Ausgel\u00f6ste Brandmeldeanlage<\/a><\/td><td class=\"einsatz-column-location\">Bahnhofsstra\u00dfe<\/td><td class=\"einsatz-column-duration\">30 min<\/td><td class=\"einsatz-column-annotationImages\"><i class=\"fa-solid fa-camera\" aria-hidden=\"true\" title=\"Bericht enth\u00e4lt keine Bilder\" style=\"color: #bbbbbb;\"><\/i><\/td><\/tr><tr class=\"report\"><td class=\"smallscreen\" colspan=\"7\" data-permalink=\"https:\/\/www.ff-sarstedt.de\/stadt\/archive\/einsaetze\/ff-sarstedt-h1-oel-auf-gewaesser\"><div class=\"annotation-icon-bar\"><i class=\"fa-solid fa-camera\" aria-hidden=\"true\" title=\"Bericht enth\u00e4lt Bilder\" style=\"\"><\/i><\/div><span class=\"einsatz-number\"><strong>Nummer:<\/strong> 0542020<\/span><br><span class=\"einsatz-date\"><strong>Datum:<\/strong> 15.04.2020<\/span><br><span class=\"einsatz-time\"><strong>Uhrzeit:<\/strong> 15:55<\/span><br><span class=\"einsatz-title\"><strong>Einsatzmeldung:<\/strong> <a href=\"https:\/\/www.ff-sarstedt.de\/stadt\/archive\/einsaetze\/ff-sarstedt-h1-oel-auf-gewaesser\" rel=\"bookmark\">FF Sarstedt | H1 &#8211; \u00d6l auf Gew\u00e4sser<\/a><\/span><br><span class=\"einsatz-location\"><strong>Einsatzort:<\/strong> Hildesheim-Sorsum<\/span><br><span class=\"einsatz-duration\"><strong>Dauer:<\/strong> 5 h<\/span><br><\/td><td class=\"einsatz-column-number\">0542020<\/td><td class=\"einsatz-column-date\">15.04.2020<\/td><td class=\"einsatz-column-time\">15:55<\/td><td class=\"einsatz-column-title\"><a href=\"https:\/\/www.ff-sarstedt.de\/stadt\/archive\/einsaetze\/ff-sarstedt-h1-oel-auf-gewaesser\" rel=\"bookmark\">FF Sarstedt | H1 &#8211; \u00d6l auf Gew\u00e4sser<\/a><\/td><td class=\"einsatz-column-location\">Hildesheim-Sorsum<\/td><td class=\"einsatz-column-duration\">5 h<\/td><td class=\"einsatz-column-annotationImages\"><i class=\"fa-solid fa-camera\" aria-hidden=\"true\" title=\"Bericht enth\u00e4lt Bilder\" style=\"\"><\/i><\/td><\/tr><tr class=\"report\"><td class=\"smallscreen\" colspan=\"7\" data-permalink=\"https:\/\/www.ff-sarstedt.de\/stadt\/archive\/einsaetze\/ff-sarstedt-h0-tragehilfe-fuer-den-rettungsdienst\"><div class=\"annotation-icon-bar\"><i class=\"fa-solid fa-camera\" aria-hidden=\"true\" title=\"Bericht enth\u00e4lt keine Bilder\" style=\"color: #bbbbbb;\"><\/i><\/div><span class=\"einsatz-number\"><strong>Nummer:<\/strong> 0532020<\/span><br><span class=\"einsatz-date\"><strong>Datum:<\/strong> 14.04.2020<\/span><br><span class=\"einsatz-time\"><strong>Uhrzeit:<\/strong> 08:58<\/span><br><span class=\"einsatz-title\"><strong>Einsatzmeldung:<\/strong> <a href=\"https:\/\/www.ff-sarstedt.de\/stadt\/archive\/einsaetze\/ff-sarstedt-h0-tragehilfe-fuer-den-rettungsdienst\" rel=\"bookmark\">FF Sarstedt | H0 &#8211; Tragehilfe f\u00fcr den Rettungsdienst<\/a><\/span><br><span class=\"einsatz-location\"><strong>Einsatzort:<\/strong> Ahrbergen, Hildesheimer Stra\u00dfe<\/span><br><span class=\"einsatz-duration\"><strong>Dauer:<\/strong> 1 h<\/span><br><\/td><td class=\"einsatz-column-number\">0532020<\/td><td class=\"einsatz-column-date\">14.04.2020<\/td><td class=\"einsatz-column-time\">08:58<\/td><td class=\"einsatz-column-title\"><a href=\"https:\/\/www.ff-sarstedt.de\/stadt\/archive\/einsaetze\/ff-sarstedt-h0-tragehilfe-fuer-den-rettungsdienst\" rel=\"bookmark\">FF Sarstedt | H0 &#8211; Tragehilfe f\u00fcr den Rettungsdienst<\/a><\/td><td class=\"einsatz-column-location\">Ahrbergen, Hildesheimer Stra\u00dfe<\/td><td class=\"einsatz-column-duration\">1 h<\/td><td class=\"einsatz-column-annotationImages\"><i class=\"fa-solid fa-camera\" aria-hidden=\"true\" title=\"Bericht enth\u00e4lt keine Bilder\" style=\"color: #bbbbbb;\"><\/i><\/td><\/tr><tr class=\"report\"><td class=\"smallscreen\" colspan=\"7\" data-permalink=\"https:\/\/www.ff-sarstedt.de\/stadt\/archive\/einsaetze\/ff-sarstedt-h0-tueroeffnung-62\"><div class=\"annotation-icon-bar\"><i class=\"fa-solid fa-camera\" aria-hidden=\"true\" title=\"Bericht enth\u00e4lt keine Bilder\" style=\"color: #bbbbbb;\"><\/i><\/div><span class=\"einsatz-number\"><strong>Nummer:<\/strong> 0522020<\/span><br><span class=\"einsatz-date\"><strong>Datum:<\/strong> 13.04.2020<\/span><br><span class=\"einsatz-time\"><strong>Uhrzeit:<\/strong> 22:41<\/span><br><span class=\"einsatz-title\"><strong>Einsatzmeldung:<\/strong> <a href=\"https:\/\/www.ff-sarstedt.de\/stadt\/archive\/einsaetze\/ff-sarstedt-h0-tueroeffnung-62\" rel=\"bookmark\">FF Sarstedt | H0 &#8211; T\u00fcr\u00f6ffnung<\/a><\/span><br><span class=\"einsatz-location\"><strong>Einsatzort:<\/strong> Saganer Str.<\/span><br><span class=\"einsatz-duration\"><strong>Dauer:<\/strong> 1 h<\/span><br><\/td><td class=\"einsatz-column-number\">0522020<\/td><td class=\"einsatz-column-date\">13.04.2020<\/td><td class=\"einsatz-column-time\">22:41<\/td><td class=\"einsatz-column-title\"><a href=\"https:\/\/www.ff-sarstedt.de\/stadt\/archive\/einsaetze\/ff-sarstedt-h0-tueroeffnung-62\" rel=\"bookmark\">FF Sarstedt | H0 &#8211; T\u00fcr\u00f6ffnung<\/a><\/td><td class=\"einsatz-column-location\">Saganer Str.<\/td><td class=\"einsatz-column-duration\">1 h<\/td><td class=\"einsatz-column-annotationImages\"><i class=\"fa-solid fa-camera\" aria-hidden=\"true\" title=\"Bericht enth\u00e4lt keine Bilder\" style=\"color: #bbbbbb;\"><\/i><\/td><\/tr><tr class=\"report\"><td class=\"smallscreen\" colspan=\"7\" data-permalink=\"https:\/\/www.ff-sarstedt.de\/stadt\/archive\/einsaetze\/ff-sarstedt-b1-gartenlaube-4\"><div class=\"annotation-icon-bar\"><i class=\"fa-solid fa-camera\" aria-hidden=\"true\" title=\"Bericht enth\u00e4lt keine Bilder\" style=\"color: #bbbbbb;\"><\/i><\/div><span class=\"einsatz-number\"><strong>Nummer:<\/strong> 0512020<\/span><br><span class=\"einsatz-date\"><strong>Datum:<\/strong> 11.04.2020<\/span><br><span class=\"einsatz-time\"><strong>Uhrzeit:<\/strong> 22:13<\/span><br><span class=\"einsatz-title\"><strong>Einsatzmeldung:<\/strong> <a href=\"https:\/\/www.ff-sarstedt.de\/stadt\/archive\/einsaetze\/ff-sarstedt-b1-gartenlaube-4\" rel=\"bookmark\">FF Sarstedt | B1 &#8211; Gartenlaube<\/a><\/span><br><span class=\"einsatz-location\"><strong>Einsatzort:<\/strong> Gl\u00fcckaufstra\u00dfe<\/span><br><span class=\"einsatz-duration\"><strong>Dauer:<\/strong> 30 min<\/span><br><\/td><td class=\"einsatz-column-number\">0512020<\/td><td class=\"einsatz-column-date\">11.04.2020<\/td><td class=\"einsatz-column-time\">22:13<\/td><td class=\"einsatz-column-title\"><a href=\"https:\/\/www.ff-sarstedt.de\/stadt\/archive\/einsaetze\/ff-sarstedt-b1-gartenlaube-4\" rel=\"bookmark\">FF Sarstedt | B1 &#8211; Gartenlaube<\/a><\/td><td class=\"einsatz-column-location\">Gl\u00fcckaufstra\u00dfe<\/td><td class=\"einsatz-column-duration\">30 min<\/td><td class=\"einsatz-column-annotationImages\"><i class=\"fa-solid fa-camera\" aria-hidden=\"true\" title=\"Bericht enth\u00e4lt keine Bilder\" style=\"color: #bbbbbb;\"><\/i><\/td><\/tr><tr class=\"report\"><td class=\"smallscreen\" colspan=\"7\" data-permalink=\"https:\/\/www.ff-sarstedt.de\/stadt\/archive\/einsaetze\/ff-sarstedt-h0-tueroeffnung-61\"><div class=\"annotation-icon-bar\"><i class=\"fa-solid fa-camera\" aria-hidden=\"true\" title=\"Bericht enth\u00e4lt keine Bilder\" style=\"color: #bbbbbb;\"><\/i><\/div><span class=\"einsatz-number\"><strong>Nummer:<\/strong> 0502020<\/span><br><span class=\"einsatz-date\"><strong>Datum:<\/strong> 10.04.2020<\/span><br><span class=\"einsatz-time\"><strong>Uhrzeit:<\/strong> 23:25<\/span><br><span class=\"einsatz-title\"><strong>Einsatzmeldung:<\/strong> <a href=\"https:\/\/www.ff-sarstedt.de\/stadt\/archive\/einsaetze\/ff-sarstedt-h0-tueroeffnung-61\" rel=\"bookmark\">FF Sarstedt | H0 &#8211; T\u00fcr\u00f6ffnung<\/a><\/span><br><span class=\"einsatz-location\"><strong>Einsatzort:<\/strong> Am Bruchgraben<\/span><br><span class=\"einsatz-duration\"><strong>Dauer:<\/strong> 30 min<\/span><br><\/td><td class=\"einsatz-column-number\">0502020<\/td><td class=\"einsatz-column-date\">10.04.2020<\/td><td class=\"einsatz-column-time\">23:25<\/td><td class=\"einsatz-column-title\"><a href=\"https:\/\/www.ff-sarstedt.de\/stadt\/archive\/einsaetze\/ff-sarstedt-h0-tueroeffnung-61\" rel=\"bookmark\">FF Sarstedt | H0 &#8211; T\u00fcr\u00f6ffnung<\/a><\/td><td class=\"einsatz-column-location\">Am Bruchgraben<\/td><td class=\"einsatz-column-duration\">30 min<\/td><td class=\"einsatz-column-annotationImages\"><i class=\"fa-solid fa-camera\" aria-hidden=\"true\" title=\"Bericht enth\u00e4lt keine Bilder\" style=\"color: #bbbbbb;\"><\/i><\/td><\/tr><tr class=\"report\"><td class=\"smallscreen\" colspan=\"7\" data-permalink=\"https:\/\/www.ff-sarstedt.de\/stadt\/archive\/einsaetze\/ff-sarstedt-b1-gartenlaube-3\"><div class=\"annotation-icon-bar\"><i class=\"fa-solid fa-camera\" aria-hidden=\"true\" title=\"Bericht enth\u00e4lt keine Bilder\" style=\"color: #bbbbbb;\"><\/i><\/div><span class=\"einsatz-number\"><strong>Nummer:<\/strong> 0492020<\/span><br><span class=\"einsatz-date\"><strong>Datum:<\/strong> 07.04.2020<\/span><br><span class=\"einsatz-time\"><strong>Uhrzeit:<\/strong> 20:04<\/span><br><span class=\"einsatz-title\"><strong>Einsatzmeldung:<\/strong> <a href=\"https:\/\/www.ff-sarstedt.de\/stadt\/archive\/einsaetze\/ff-sarstedt-b1-gartenlaube-3\" rel=\"bookmark\">FF Sarstedt | B1 &#8211; Gartenlaube<\/a><\/span><br><span class=\"einsatz-location\"><strong>Einsatzort:<\/strong> Voss-Str.<\/span><br><span class=\"einsatz-duration\"><strong>Dauer:<\/strong> 30 min<\/span><br><\/td><td class=\"einsatz-column-number\">0492020<\/td><td class=\"einsatz-column-date\">07.04.2020<\/td><td class=\"einsatz-column-time\">20:04<\/td><td class=\"einsatz-column-title\"><a href=\"https:\/\/www.ff-sarstedt.de\/stadt\/archive\/einsaetze\/ff-sarstedt-b1-gartenlaube-3\" rel=\"bookmark\">FF Sarstedt | B1 &#8211; Gartenlaube<\/a><\/td><td class=\"einsatz-column-location\">Voss-Str.<\/td><td class=\"einsatz-column-duration\">30 min<\/td><td class=\"einsatz-column-annotationImages\"><i class=\"fa-solid fa-camera\" aria-hidden=\"true\" title=\"Bericht enth\u00e4lt keine Bilder\" style=\"color: #bbbbbb;\"><\/i><\/td><\/tr><tr class=\"einsatz-title-month\"><td colspan=\"7\">M\u00e4rz<\/td><\/tr><tr class=\"einsatz-header\"><th style=\"white-space: nowrap;\">Nummer<\/th><th style=\"white-space: nowrap;\">Datum<\/th><th style=\"white-space: nowrap;\">Uhrzeit<\/th><th style=\"\">Einsatzmeldung<\/th><th style=\"\">Einsatzort<\/th><th style=\"white-space: nowrap;\">Dauer<\/th><th style=\"\"><\/th><\/tr><tr class=\"report\"><td class=\"smallscreen\" colspan=\"7\" data-permalink=\"https:\/\/www.ff-sarstedt.de\/stadt\/archive\/einsaetze\/ff-sarstedt-b1-gartenlaube-2\"><div class=\"annotation-icon-bar\"><i class=\"fa-solid fa-camera\" aria-hidden=\"true\" title=\"Bericht enth\u00e4lt keine Bilder\" style=\"color: #bbbbbb;\"><\/i><\/div><span class=\"einsatz-number\"><strong>Nummer:<\/strong> 0482020<\/span><br><span class=\"einsatz-date\"><strong>Datum:<\/strong> 30.03.2020<\/span><br><span class=\"einsatz-time\"><strong>Uhrzeit:<\/strong> 05:29<\/span><br><span class=\"einsatz-title\"><strong>Einsatzmeldung:<\/strong> <a href=\"https:\/\/www.ff-sarstedt.de\/stadt\/archive\/einsaetze\/ff-sarstedt-b1-gartenlaube-2\" rel=\"bookmark\">FF Sarstedt | B1 &#8211; Gartenlaube<\/a><\/span><br><span class=\"einsatz-location\"><strong>Einsatzort:<\/strong> Giebelstiegstra\u00dfe<\/span><br><span class=\"einsatz-duration\"><strong>Dauer:<\/strong> 2 h 30 min<\/span><br><\/td><td class=\"einsatz-column-number\">0482020<\/td><td class=\"einsatz-column-date\">30.03.2020<\/td><td class=\"einsatz-column-time\">05:29<\/td><td class=\"einsatz-column-title\"><a href=\"https:\/\/www.ff-sarstedt.de\/stadt\/archive\/einsaetze\/ff-sarstedt-b1-gartenlaube-2\" rel=\"bookmark\">FF Sarstedt | B1 &#8211; Gartenlaube<\/a><\/td><td class=\"einsatz-column-location\">Giebelstiegstra\u00dfe<\/td><td class=\"einsatz-column-duration\">2 h 30 min<\/td><td class=\"einsatz-column-annotationImages\"><i class=\"fa-solid fa-camera\" aria-hidden=\"true\" title=\"Bericht enth\u00e4lt keine Bilder\" style=\"color: #bbbbbb;\"><\/i><\/td><\/tr><tr class=\"report\"><td class=\"smallscreen\" colspan=\"7\" data-permalink=\"https:\/\/www.ff-sarstedt.de\/stadt\/archive\/einsaetze\/ff-sarstedt-b0-containerbrand-6\"><div class=\"annotation-icon-bar\"><i class=\"fa-solid fa-camera\" aria-hidden=\"true\" title=\"Bericht enth\u00e4lt keine Bilder\" style=\"color: #bbbbbb;\"><\/i><\/div><span class=\"einsatz-number\"><strong>Nummer:<\/strong> 0472020<\/span><br><span class=\"einsatz-date\"><strong>Datum:<\/strong> 29.03.2020<\/span><br><span class=\"einsatz-time\"><strong>Uhrzeit:<\/strong> 09:35<\/span><br><span class=\"einsatz-title\"><strong>Einsatzmeldung:<\/strong> <a href=\"https:\/\/www.ff-sarstedt.de\/stadt\/archive\/einsaetze\/ff-sarstedt-b0-containerbrand-6\" rel=\"bookmark\">FF Sarstedt | B0 \u2013 Containerbrand<\/a><\/span><br><span class=\"einsatz-location\"><strong>Einsatzort:<\/strong> M\u00f6rikestra\u00dfe<\/span><br><span class=\"einsatz-duration\"><strong>Dauer:<\/strong> 30 min<\/span><br><\/td><td class=\"einsatz-column-number\">0472020<\/td><td class=\"einsatz-column-date\">29.03.2020<\/td><td class=\"einsatz-column-time\">09:35<\/td><td class=\"einsatz-column-title\"><a href=\"https:\/\/www.ff-sarstedt.de\/stadt\/archive\/einsaetze\/ff-sarstedt-b0-containerbrand-6\" rel=\"bookmark\">FF Sarstedt | B0 \u2013 Containerbrand<\/a><\/td><td class=\"einsatz-column-location\">M\u00f6rikestra\u00dfe<\/td><td class=\"einsatz-column-duration\">30 min<\/td><td class=\"einsatz-column-annotationImages\"><i class=\"fa-solid fa-camera\" aria-hidden=\"true\" title=\"Bericht enth\u00e4lt keine Bilder\" style=\"color: #bbbbbb;\"><\/i><\/td><\/tr><tr class=\"report\"><td class=\"smallscreen\" colspan=\"7\" data-permalink=\"https:\/\/www.ff-sarstedt.de\/stadt\/archive\/einsaetze\/ff-sarstedt-b0-containerbrand-5\"><div class=\"annotation-icon-bar\"><i class=\"fa-solid fa-camera\" aria-hidden=\"true\" title=\"Bericht enth\u00e4lt keine Bilder\" style=\"color: #bbbbbb;\"><\/i><\/div><span class=\"einsatz-number\"><strong>Nummer:<\/strong> 0462020<\/span><br><span class=\"einsatz-date\"><strong>Datum:<\/strong> 29.03.2020<\/span><br><span class=\"einsatz-time\"><strong>Uhrzeit:<\/strong> 04:48<\/span><br><span class=\"einsatz-title\"><strong>Einsatzmeldung:<\/strong> <a href=\"https:\/\/www.ff-sarstedt.de\/stadt\/archive\/einsaetze\/ff-sarstedt-b0-containerbrand-5\" rel=\"bookmark\">FF Sarstedt | B0 &#8211; Containerbrand<\/a><\/span><br><span class=\"einsatz-location\"><strong>Einsatzort:<\/strong> Wilhelm-Raabe-Stra\u00dfe<\/span><br><span class=\"einsatz-duration\"><strong>Dauer:<\/strong> 1 h<\/span><br><\/td><td class=\"einsatz-column-number\">0462020<\/td><td class=\"einsatz-column-date\">29.03.2020<\/td><td class=\"einsatz-column-time\">04:48<\/td><td class=\"einsatz-column-title\"><a href=\"https:\/\/www.ff-sarstedt.de\/stadt\/archive\/einsaetze\/ff-sarstedt-b0-containerbrand-5\" rel=\"bookmark\">FF Sarstedt | B0 &#8211; Containerbrand<\/a><\/td><td class=\"einsatz-column-location\">Wilhelm-Raabe-Stra\u00dfe<\/td><td class=\"einsatz-column-duration\">1 h<\/td><td class=\"einsatz-column-annotationImages\"><i class=\"fa-solid fa-camera\" aria-hidden=\"true\" title=\"Bericht enth\u00e4lt keine Bilder\" style=\"color: #bbbbbb;\"><\/i><\/td><\/tr><tr class=\"report\"><td class=\"smallscreen\" colspan=\"7\" data-permalink=\"https:\/\/www.ff-sarstedt.de\/stadt\/archive\/einsaetze\/ff-sarstedt-b1-bma\"><div class=\"annotation-icon-bar\"><i class=\"fa-solid fa-camera\" aria-hidden=\"true\" title=\"Bericht enth\u00e4lt keine Bilder\" style=\"color: #bbbbbb;\"><\/i><\/div><span class=\"einsatz-number\"><strong>Nummer:<\/strong> 0452020<\/span><br><span class=\"einsatz-date\"><strong>Datum:<\/strong> 28.03.2020<\/span><br><span class=\"einsatz-time\"><strong>Uhrzeit:<\/strong> 17:19<\/span><br><span class=\"einsatz-title\"><strong>Einsatzmeldung:<\/strong> <a href=\"https:\/\/www.ff-sarstedt.de\/stadt\/archive\/einsaetze\/ff-sarstedt-b1-bma\" rel=\"bookmark\">FF Sarstedt | B1 \u2013 BMA<\/a><\/span><br><span class=\"einsatz-location\"><strong>Einsatzort:<\/strong> Moorberg<\/span><br><span class=\"einsatz-duration\"><strong>Dauer:<\/strong> 30 min<\/span><br><\/td><td class=\"einsatz-column-number\">0452020<\/td><td class=\"einsatz-column-date\">28.03.2020<\/td><td class=\"einsatz-column-time\">17:19<\/td><td class=\"einsatz-column-title\"><a href=\"https:\/\/www.ff-sarstedt.de\/stadt\/archive\/einsaetze\/ff-sarstedt-b1-bma\" rel=\"bookmark\">FF Sarstedt | B1 \u2013 BMA<\/a><\/td><td class=\"einsatz-column-location\">Moorberg<\/td><td class=\"einsatz-column-duration\">30 min<\/td><td class=\"einsatz-column-annotationImages\"><i class=\"fa-solid fa-camera\" aria-hidden=\"true\" title=\"Bericht enth\u00e4lt keine Bilder\" style=\"color: #bbbbbb;\"><\/i><\/td><\/tr><tr class=\"report\"><td class=\"smallscreen\" colspan=\"7\" data-permalink=\"https:\/\/www.ff-sarstedt.de\/stadt\/archive\/einsaetze\/ff-sarstedt-b1-gartenlaube\"><div class=\"annotation-icon-bar\"><i class=\"fa-solid fa-camera\" aria-hidden=\"true\" title=\"Bericht enth\u00e4lt Bilder\" style=\"\"><\/i><\/div><span class=\"einsatz-number\"><strong>Nummer:<\/strong> 0442020<\/span><br><span class=\"einsatz-date\"><strong>Datum:<\/strong> 28.03.2020<\/span><br><span class=\"einsatz-time\"><strong>Uhrzeit:<\/strong> 01:52<\/span><br><span class=\"einsatz-title\"><strong>Einsatzmeldung:<\/strong> <a href=\"https:\/\/www.ff-sarstedt.de\/stadt\/archive\/einsaetze\/ff-sarstedt-b1-gartenlaube\" rel=\"bookmark\">FF Sarstedt | B1 \u2013 Gartenlaube<\/a><\/span><br><span class=\"einsatz-location\"><strong>Einsatzort:<\/strong> Brickelweg<\/span><br><span class=\"einsatz-duration\"><strong>Dauer:<\/strong> 2 h 38 min<\/span><br><\/td><td class=\"einsatz-column-number\">0442020<\/td><td class=\"einsatz-column-date\">28.03.2020<\/td><td class=\"einsatz-column-time\">01:52<\/td><td class=\"einsatz-column-title\"><a href=\"https:\/\/www.ff-sarstedt.de\/stadt\/archive\/einsaetze\/ff-sarstedt-b1-gartenlaube\" rel=\"bookmark\">FF Sarstedt | B1 \u2013 Gartenlaube<\/a><\/td><td class=\"einsatz-column-location\">Brickelweg<\/td><td class=\"einsatz-column-duration\">2 h 38 min<\/td><td class=\"einsatz-column-annotationImages\"><i class=\"fa-solid fa-camera\" aria-hidden=\"true\" title=\"Bericht enth\u00e4lt Bilder\" style=\"\"><\/i><\/td><\/tr><tr class=\"report\"><td class=\"smallscreen\" colspan=\"7\" data-permalink=\"https:\/\/www.ff-sarstedt.de\/stadt\/archive\/einsaetze\/ff-sarstedt-h0-tueroeffnung-60\"><div class=\"annotation-icon-bar\"><i class=\"fa-solid fa-camera\" aria-hidden=\"true\" title=\"Bericht enth\u00e4lt keine Bilder\" style=\"color: #bbbbbb;\"><\/i><\/div><span class=\"einsatz-number\"><strong>Nummer:<\/strong> 0432020<\/span><br><span class=\"einsatz-date\"><strong>Datum:<\/strong> 23.03.2020<\/span><br><span class=\"einsatz-time\"><strong>Uhrzeit:<\/strong> 05:26<\/span><br><span class=\"einsatz-title\"><strong>Einsatzmeldung:<\/strong> <a href=\"https:\/\/www.ff-sarstedt.de\/stadt\/archive\/einsaetze\/ff-sarstedt-h0-tueroeffnung-60\" rel=\"bookmark\">FF Sarstedt | H0 &#8211; T\u00fcr\u00f6ffnung<\/a><\/span><br><span class=\"einsatz-location\"><strong>Einsatzort:<\/strong> Schliekum, Schliekumer Stra\u00dfe<\/span><br><span class=\"einsatz-duration\"><strong>Dauer:<\/strong> 0 min<\/span><br><\/td><td class=\"einsatz-column-number\">0432020<\/td><td class=\"einsatz-column-date\">23.03.2020<\/td><td class=\"einsatz-column-time\">05:26<\/td><td class=\"einsatz-column-title\"><a href=\"https:\/\/www.ff-sarstedt.de\/stadt\/archive\/einsaetze\/ff-sarstedt-h0-tueroeffnung-60\" rel=\"bookmark\">FF Sarstedt | H0 &#8211; T\u00fcr\u00f6ffnung<\/a><\/td><td class=\"einsatz-column-location\">Schliekum, Schliekumer Stra\u00dfe<\/td><td class=\"einsatz-column-duration\">0 min<\/td><td class=\"einsatz-column-annotationImages\"><i class=\"fa-solid fa-camera\" aria-hidden=\"true\" title=\"Bericht enth\u00e4lt keine Bilder\" style=\"color: #bbbbbb;\"><\/i><\/td><\/tr><tr class=\"report\"><td class=\"smallscreen\" colspan=\"7\" data-permalink=\"https:\/\/www.ff-sarstedt.de\/stadt\/archive\/einsaetze\/ff-sarstedt-b0-muelleimerbrand-3\"><div class=\"annotation-icon-bar\"><i class=\"fa-solid fa-camera\" aria-hidden=\"true\" title=\"Bericht enth\u00e4lt keine Bilder\" style=\"color: #bbbbbb;\"><\/i><\/div><span class=\"einsatz-number\"><strong>Nummer:<\/strong> 0422020<\/span><br><span class=\"einsatz-date\"><strong>Datum:<\/strong> 18.03.2020<\/span><br><span class=\"einsatz-time\"><strong>Uhrzeit:<\/strong> 21:00<\/span><br><span class=\"einsatz-title\"><strong>Einsatzmeldung:<\/strong> <a href=\"https:\/\/www.ff-sarstedt.de\/stadt\/archive\/einsaetze\/ff-sarstedt-b0-muelleimerbrand-3\" rel=\"bookmark\">FF Sarstedt | B0 &#8211; M\u00fclleimerbrand<\/a><\/span><br><span class=\"einsatz-location\"><strong>Einsatzort:<\/strong> Breslauer Str.<\/span><br><span class=\"einsatz-duration\"><strong>Dauer:<\/strong> 30 min<\/span><br><\/td><td class=\"einsatz-column-number\">0422020<\/td><td class=\"einsatz-column-date\">18.03.2020<\/td><td class=\"einsatz-column-time\">21:00<\/td><td class=\"einsatz-column-title\"><a href=\"https:\/\/www.ff-sarstedt.de\/stadt\/archive\/einsaetze\/ff-sarstedt-b0-muelleimerbrand-3\" rel=\"bookmark\">FF Sarstedt | B0 &#8211; M\u00fclleimerbrand<\/a><\/td><td class=\"einsatz-column-location\">Breslauer Str.<\/td><td class=\"einsatz-column-duration\">30 min<\/td><td class=\"einsatz-column-annotationImages\"><i class=\"fa-solid fa-camera\" aria-hidden=\"true\" title=\"Bericht enth\u00e4lt keine Bilder\" style=\"color: #bbbbbb;\"><\/i><\/td><\/tr><tr class=\"report\"><td class=\"smallscreen\" colspan=\"7\" data-permalink=\"https:\/\/www.ff-sarstedt.de\/stadt\/archive\/einsaetze\/ff-sarstedt-b1-ausgeloeste-brandmeldeanlage-62\"><div class=\"annotation-icon-bar\"><i class=\"fa-solid fa-camera\" aria-hidden=\"true\" title=\"Bericht enth\u00e4lt keine Bilder\" style=\"color: #bbbbbb;\"><\/i><\/div><span class=\"einsatz-number\"><strong>Nummer:<\/strong> 0412020<\/span><br><span class=\"einsatz-date\"><strong>Datum:<\/strong> 18.03.2020<\/span><br><span class=\"einsatz-time\"><strong>Uhrzeit:<\/strong> 10:28<\/span><br><span class=\"einsatz-title\"><strong>Einsatzmeldung:<\/strong> <a href=\"https:\/\/www.ff-sarstedt.de\/stadt\/archive\/einsaetze\/ff-sarstedt-b1-ausgeloeste-brandmeldeanlage-62\" rel=\"bookmark\">FF Sarstedt | B1 &#8211; Ausgel\u00f6ste Brandmeldeanlage<\/a><\/span><br><span class=\"einsatz-location\"><strong>Einsatzort:<\/strong> Am Teinkamp<\/span><br><span class=\"einsatz-duration\"><strong>Dauer:<\/strong> 30 min<\/span><br><\/td><td class=\"einsatz-column-number\">0412020<\/td><td class=\"einsatz-column-date\">18.03.2020<\/td><td class=\"einsatz-column-time\">10:28<\/td><td class=\"einsatz-column-title\"><a href=\"https:\/\/www.ff-sarstedt.de\/stadt\/archive\/einsaetze\/ff-sarstedt-b1-ausgeloeste-brandmeldeanlage-62\" rel=\"bookmark\">FF Sarstedt | B1 &#8211; Ausgel\u00f6ste Brandmeldeanlage<\/a><\/td><td class=\"einsatz-column-location\">Am Teinkamp<\/td><td class=\"einsatz-column-duration\">30 min<\/td><td class=\"einsatz-column-annotationImages\"><i class=\"fa-solid fa-camera\" aria-hidden=\"true\" title=\"Bericht enth\u00e4lt keine Bilder\" style=\"color: #bbbbbb;\"><\/i><\/td><\/tr><tr class=\"report\"><td class=\"smallscreen\" colspan=\"7\" data-permalink=\"https:\/\/www.ff-sarstedt.de\/stadt\/archive\/einsaetze\/ff-sarstedt-h0-tueroeffnung-59\"><div class=\"annotation-icon-bar\"><i class=\"fa-solid fa-camera\" aria-hidden=\"true\" title=\"Bericht enth\u00e4lt keine Bilder\" style=\"color: #bbbbbb;\"><\/i><\/div><span class=\"einsatz-number\"><strong>Nummer:<\/strong> 0402020<\/span><br><span class=\"einsatz-date\"><strong>Datum:<\/strong> 15.03.2020<\/span><br><span class=\"einsatz-time\"><strong>Uhrzeit:<\/strong> 12:15<\/span><br><span class=\"einsatz-title\"><strong>Einsatzmeldung:<\/strong> <a href=\"https:\/\/www.ff-sarstedt.de\/stadt\/archive\/einsaetze\/ff-sarstedt-h0-tueroeffnung-59\" rel=\"bookmark\">FF Sarstedt | H0 &#8211; T\u00fcr\u00f6ffnung<\/a><\/span><br><span class=\"einsatz-location\"><strong>Einsatzort:<\/strong> Amselweg<\/span><br><span class=\"einsatz-duration\"><strong>Dauer:<\/strong> 0 min<\/span><br><\/td><td class=\"einsatz-column-number\">0402020<\/td><td class=\"einsatz-column-date\">15.03.2020<\/td><td class=\"einsatz-column-time\">12:15<\/td><td class=\"einsatz-column-title\"><a href=\"https:\/\/www.ff-sarstedt.de\/stadt\/archive\/einsaetze\/ff-sarstedt-h0-tueroeffnung-59\" rel=\"bookmark\">FF Sarstedt | H0 &#8211; T\u00fcr\u00f6ffnung<\/a><\/td><td class=\"einsatz-column-location\">Amselweg<\/td><td class=\"einsatz-column-duration\">0 min<\/td><td class=\"einsatz-column-annotationImages\"><i class=\"fa-solid fa-camera\" aria-hidden=\"true\" title=\"Bericht enth\u00e4lt keine Bilder\" style=\"color: #bbbbbb;\"><\/i><\/td><\/tr><tr class=\"report\"><td class=\"smallscreen\" colspan=\"7\" data-permalink=\"https:\/\/www.ff-sarstedt.de\/stadt\/archive\/einsaetze\/ff-sarstedt-h0-tueroeffnung-58\"><div class=\"annotation-icon-bar\"><i class=\"fa-solid fa-camera\" aria-hidden=\"true\" title=\"Bericht enth\u00e4lt keine Bilder\" style=\"color: #bbbbbb;\"><\/i><\/div><span class=\"einsatz-number\"><strong>Nummer:<\/strong> 0392020<\/span><br><span class=\"einsatz-date\"><strong>Datum:<\/strong> 11.03.2020<\/span><br><span class=\"einsatz-time\"><strong>Uhrzeit:<\/strong> 09:34<\/span><br><span class=\"einsatz-title\"><strong>Einsatzmeldung:<\/strong> <a href=\"https:\/\/www.ff-sarstedt.de\/stadt\/archive\/einsaetze\/ff-sarstedt-h0-tueroeffnung-58\" rel=\"bookmark\">FF Sarstedt | H0 &#8211; T\u00fcr\u00f6ffnung<\/a><\/span><br><span class=\"einsatz-location\"><strong>Einsatzort:<\/strong> Am Kipphut<\/span><br><span class=\"einsatz-duration\"><strong>Dauer:<\/strong> 1 h<\/span><br><\/td><td class=\"einsatz-column-number\">0392020<\/td><td class=\"einsatz-column-date\">11.03.2020<\/td><td class=\"einsatz-column-time\">09:34<\/td><td class=\"einsatz-column-title\"><a href=\"https:\/\/www.ff-sarstedt.de\/stadt\/archive\/einsaetze\/ff-sarstedt-h0-tueroeffnung-58\" rel=\"bookmark\">FF Sarstedt | H0 &#8211; T\u00fcr\u00f6ffnung<\/a><\/td><td class=\"einsatz-column-location\">Am Kipphut<\/td><td class=\"einsatz-column-duration\">1 h<\/td><td class=\"einsatz-column-annotationImages\"><i class=\"fa-solid fa-camera\" aria-hidden=\"true\" title=\"Bericht enth\u00e4lt keine Bilder\" style=\"color: #bbbbbb;\"><\/i><\/td><\/tr><tr class=\"report\"><td class=\"smallscreen\" colspan=\"7\" data-permalink=\"https:\/\/www.ff-sarstedt.de\/stadt\/archive\/einsaetze\/ff-sarstedt-h0-tueroeffnung-57\"><div class=\"annotation-icon-bar\"><i class=\"fa-solid fa-camera\" aria-hidden=\"true\" title=\"Bericht enth\u00e4lt keine Bilder\" style=\"color: #bbbbbb;\"><\/i><\/div><span class=\"einsatz-number\"><strong>Nummer:<\/strong> 0382020<\/span><br><span class=\"einsatz-date\"><strong>Datum:<\/strong> 10.03.2020<\/span><br><span class=\"einsatz-time\"><strong>Uhrzeit:<\/strong> 20:38<\/span><br><span class=\"einsatz-title\"><strong>Einsatzmeldung:<\/strong> <a href=\"https:\/\/www.ff-sarstedt.de\/stadt\/archive\/einsaetze\/ff-sarstedt-h0-tueroeffnung-57\" rel=\"bookmark\">FF Sarstedt | H0 &#8211; T\u00fcr\u00f6ffnung<\/a><\/span><br><span class=\"einsatz-location\"><strong>Einsatzort:<\/strong> F\u00f6hrenweg<\/span><br><span class=\"einsatz-duration\"><strong>Dauer:<\/strong> 30 min<\/span><br><\/td><td class=\"einsatz-column-number\">0382020<\/td><td class=\"einsatz-column-date\">10.03.2020<\/td><td class=\"einsatz-column-time\">20:38<\/td><td class=\"einsatz-column-title\"><a href=\"https:\/\/www.ff-sarstedt.de\/stadt\/archive\/einsaetze\/ff-sarstedt-h0-tueroeffnung-57\" rel=\"bookmark\">FF Sarstedt | H0 &#8211; T\u00fcr\u00f6ffnung<\/a><\/td><td class=\"einsatz-column-location\">F\u00f6hrenweg<\/td><td class=\"einsatz-column-duration\">30 min<\/td><td class=\"einsatz-column-annotationImages\"><i class=\"fa-solid fa-camera\" aria-hidden=\"true\" title=\"Bericht enth\u00e4lt keine Bilder\" style=\"color: #bbbbbb;\"><\/i><\/td><\/tr><tr class=\"report\"><td class=\"smallscreen\" colspan=\"7\" data-permalink=\"https:\/\/www.ff-sarstedt.de\/stadt\/archive\/einsaetze\/ff-sarstedt-h0-tueroeffnung-56\"><div class=\"annotation-icon-bar\"><i class=\"fa-solid fa-camera\" aria-hidden=\"true\" title=\"Bericht enth\u00e4lt keine Bilder\" style=\"color: #bbbbbb;\"><\/i><\/div><span class=\"einsatz-number\"><strong>Nummer:<\/strong> 0372020<\/span><br><span class=\"einsatz-date\"><strong>Datum:<\/strong> 08.03.2020<\/span><br><span class=\"einsatz-time\"><strong>Uhrzeit:<\/strong> 05:57<\/span><br><span class=\"einsatz-title\"><strong>Einsatzmeldung:<\/strong> <a href=\"https:\/\/www.ff-sarstedt.de\/stadt\/archive\/einsaetze\/ff-sarstedt-h0-tueroeffnung-56\" rel=\"bookmark\">FF Sarstedt | H0 &#8211; T\u00fcr\u00f6ffnung<\/a><\/span><br><span class=\"einsatz-location\"><strong>Einsatzort:<\/strong> Ortelsburger Weg<\/span><br><span class=\"einsatz-duration\"><strong>Dauer:<\/strong> 1 h<\/span><br><\/td><td class=\"einsatz-column-number\">0372020<\/td><td class=\"einsatz-column-date\">08.03.2020<\/td><td class=\"einsatz-column-time\">05:57<\/td><td class=\"einsatz-column-title\"><a href=\"https:\/\/www.ff-sarstedt.de\/stadt\/archive\/einsaetze\/ff-sarstedt-h0-tueroeffnung-56\" rel=\"bookmark\">FF Sarstedt | H0 &#8211; T\u00fcr\u00f6ffnung<\/a><\/td><td class=\"einsatz-column-location\">Ortelsburger Weg<\/td><td class=\"einsatz-column-duration\">1 h<\/td><td class=\"einsatz-column-annotationImages\"><i class=\"fa-solid fa-camera\" aria-hidden=\"true\" title=\"Bericht enth\u00e4lt keine Bilder\" style=\"color: #bbbbbb;\"><\/i><\/td><\/tr><tr class=\"report\"><td class=\"smallscreen\" colspan=\"7\" data-permalink=\"https:\/\/www.ff-sarstedt.de\/stadt\/archive\/einsaetze\/ff-sarstedt-brandsicherheitswache-2\"><div class=\"annotation-icon-bar\"><i class=\"fa-solid fa-camera\" aria-hidden=\"true\" title=\"Bericht enth\u00e4lt keine Bilder\" style=\"color: #bbbbbb;\"><\/i><\/div><span class=\"einsatz-number\"><strong>Nummer:<\/strong> 0362020<\/span><br><span class=\"einsatz-date\"><strong>Datum:<\/strong> 07.03.2020<\/span><br><span class=\"einsatz-time\"><strong>Uhrzeit:<\/strong> 20:00<\/span><br><span class=\"einsatz-title\"><strong>Einsatzmeldung:<\/strong> <a href=\"https:\/\/www.ff-sarstedt.de\/stadt\/archive\/einsaetze\/ff-sarstedt-brandsicherheitswache-2\" rel=\"bookmark\">FF Sarstedt | Brandsicherheitswache<\/a><\/span><br><span class=\"einsatz-location\"><strong>Einsatzort:<\/strong> Wellweg<\/span><br><span class=\"einsatz-duration\"><strong>Dauer:<\/strong> 0 min<\/span><br><\/td><td class=\"einsatz-column-number\">0362020<\/td><td class=\"einsatz-column-date\">07.03.2020<\/td><td class=\"einsatz-column-time\">20:00<\/td><td class=\"einsatz-column-title\"><a href=\"https:\/\/www.ff-sarstedt.de\/stadt\/archive\/einsaetze\/ff-sarstedt-brandsicherheitswache-2\" rel=\"bookmark\">FF Sarstedt | Brandsicherheitswache<\/a><\/td><td class=\"einsatz-column-location\">Wellweg<\/td><td class=\"einsatz-column-duration\">0 min<\/td><td class=\"einsatz-column-annotationImages\"><i class=\"fa-solid fa-camera\" aria-hidden=\"true\" title=\"Bericht enth\u00e4lt keine Bilder\" style=\"color: #bbbbbb;\"><\/i><\/td><\/tr><tr class=\"zebracorrection\"><td colspan=\"7\">&nbsp;<\/td><\/tr><tr class=\"einsatz-title-month\"><td colspan=\"7\">Februar<\/td><\/tr><tr class=\"einsatz-header\"><th style=\"white-space: nowrap;\">Nummer<\/th><th style=\"white-space: nowrap;\">Datum<\/th><th style=\"white-space: nowrap;\">Uhrzeit<\/th><th style=\"\">Einsatzmeldung<\/th><th style=\"\">Einsatzort<\/th><th style=\"white-space: nowrap;\">Dauer<\/th><th style=\"\"><\/th><\/tr><tr class=\"report\"><td class=\"smallscreen\" colspan=\"7\" data-permalink=\"https:\/\/www.ff-sarstedt.de\/stadt\/archive\/einsaetze\/ff-sarstedt-h0-oelspur-21\"><div class=\"annotation-icon-bar\"><i class=\"fa-solid fa-camera\" aria-hidden=\"true\" title=\"Bericht enth\u00e4lt keine Bilder\" style=\"color: #bbbbbb;\"><\/i><\/div><span class=\"einsatz-number\"><strong>Nummer:<\/strong> 0352020<\/span><br><span class=\"einsatz-date\"><strong>Datum:<\/strong> 28.02.2020<\/span><br><span class=\"einsatz-time\"><strong>Uhrzeit:<\/strong> 16:05<\/span><br><span class=\"einsatz-title\"><strong>Einsatzmeldung:<\/strong> <a href=\"https:\/\/www.ff-sarstedt.de\/stadt\/archive\/einsaetze\/ff-sarstedt-h0-oelspur-21\" rel=\"bookmark\">FF Sarstedt | H0 \u2013 \u00d6lspur<\/a><\/span><br><span class=\"einsatz-location\"><strong>Einsatzort:<\/strong> Hildesheimer Str.<\/span><br><span class=\"einsatz-duration\"><strong>Dauer:<\/strong> 30 min<\/span><br><\/td><td class=\"einsatz-column-number\">0352020<\/td><td class=\"einsatz-column-date\">28.02.2020<\/td><td class=\"einsatz-column-time\">16:05<\/td><td class=\"einsatz-column-title\"><a href=\"https:\/\/www.ff-sarstedt.de\/stadt\/archive\/einsaetze\/ff-sarstedt-h0-oelspur-21\" rel=\"bookmark\">FF Sarstedt | H0 \u2013 \u00d6lspur<\/a><\/td><td class=\"einsatz-column-location\">Hildesheimer Str.<\/td><td class=\"einsatz-column-duration\">30 min<\/td><td class=\"einsatz-column-annotationImages\"><i class=\"fa-solid fa-camera\" aria-hidden=\"true\" title=\"Bericht enth\u00e4lt keine Bilder\" style=\"color: #bbbbbb;\"><\/i><\/td><\/tr><tr class=\"report\"><td class=\"smallscreen\" colspan=\"7\" data-permalink=\"https:\/\/www.ff-sarstedt.de\/stadt\/archive\/einsaetze\/ff-sarstedt-h0-tueroeffnung-55\"><div class=\"annotation-icon-bar\"><i class=\"fa-solid fa-camera\" aria-hidden=\"true\" title=\"Bericht enth\u00e4lt keine Bilder\" style=\"color: #bbbbbb;\"><\/i><\/div><span class=\"einsatz-number\"><strong>Nummer:<\/strong> 0342020<\/span><br><span class=\"einsatz-date\"><strong>Datum:<\/strong> 25.02.2020<\/span><br><span class=\"einsatz-time\"><strong>Uhrzeit:<\/strong> 03:19<\/span><br><span class=\"einsatz-title\"><strong>Einsatzmeldung:<\/strong> <a href=\"https:\/\/www.ff-sarstedt.de\/stadt\/archive\/einsaetze\/ff-sarstedt-h0-tueroeffnung-55\" rel=\"bookmark\">FF Sarstedt | H0 &#8211; T\u00fcr\u00f6ffnung<\/a><\/span><br><span class=\"einsatz-location\"><strong>Einsatzort:<\/strong> Am Ried<\/span><br><span class=\"einsatz-duration\"><strong>Dauer:<\/strong> 30 min<\/span><br><\/td><td class=\"einsatz-column-number\">0342020<\/td><td class=\"einsatz-column-date\">25.02.2020<\/td><td class=\"einsatz-column-time\">03:19<\/td><td class=\"einsatz-column-title\"><a href=\"https:\/\/www.ff-sarstedt.de\/stadt\/archive\/einsaetze\/ff-sarstedt-h0-tueroeffnung-55\" rel=\"bookmark\">FF Sarstedt | H0 &#8211; T\u00fcr\u00f6ffnung<\/a><\/td><td class=\"einsatz-column-location\">Am Ried<\/td><td class=\"einsatz-column-duration\">30 min<\/td><td class=\"einsatz-column-annotationImages\"><i class=\"fa-solid fa-camera\" aria-hidden=\"true\" title=\"Bericht enth\u00e4lt keine Bilder\" style=\"color: #bbbbbb;\"><\/i><\/td><\/tr><tr class=\"report\"><td class=\"smallscreen\" colspan=\"7\" data-permalink=\"https:\/\/www.ff-sarstedt.de\/stadt\/archive\/einsaetze\/ff-sarstedt-h0-hilfestellung-klein\"><div class=\"annotation-icon-bar\"><i class=\"fa-solid fa-camera\" aria-hidden=\"true\" title=\"Bericht enth\u00e4lt keine Bilder\" style=\"color: #bbbbbb;\"><\/i><\/div><span class=\"einsatz-number\"><strong>Nummer:<\/strong> 0332020<\/span><br><span class=\"einsatz-date\"><strong>Datum:<\/strong> 24.02.2020<\/span><br><span class=\"einsatz-time\"><strong>Uhrzeit:<\/strong> 09:13<\/span><br><span class=\"einsatz-title\"><strong>Einsatzmeldung:<\/strong> <a href=\"https:\/\/www.ff-sarstedt.de\/stadt\/archive\/einsaetze\/ff-sarstedt-h0-hilfestellung-klein\" rel=\"bookmark\">FF Sarstedt | H0 &#8211; Hilfestellung klein<\/a><\/span><br><span class=\"einsatz-location\"><strong>Einsatzort:<\/strong> Schliekum, Leinebr\u00fccke<\/span><br><span class=\"einsatz-duration\"><strong>Dauer:<\/strong> 1 h<\/span><br><\/td><td class=\"einsatz-column-number\">0332020<\/td><td class=\"einsatz-column-date\">24.02.2020<\/td><td class=\"einsatz-column-time\">09:13<\/td><td class=\"einsatz-column-title\"><a href=\"https:\/\/www.ff-sarstedt.de\/stadt\/archive\/einsaetze\/ff-sarstedt-h0-hilfestellung-klein\" rel=\"bookmark\">FF Sarstedt | H0 &#8211; Hilfestellung klein<\/a><\/td><td class=\"einsatz-column-location\">Schliekum, Leinebr\u00fccke<\/td><td class=\"einsatz-column-duration\">1 h<\/td><td class=\"einsatz-column-annotationImages\"><i class=\"fa-solid fa-camera\" aria-hidden=\"true\" title=\"Bericht enth\u00e4lt keine Bilder\" style=\"color: #bbbbbb;\"><\/i><\/td><\/tr><tr class=\"report\"><td class=\"smallscreen\" colspan=\"7\" data-permalink=\"https:\/\/www.ff-sarstedt.de\/stadt\/archive\/einsaetze\/ff-sarstedt-h0-oelspur-nach-vu-4\"><div class=\"annotation-icon-bar\"><i class=\"fa-solid fa-camera\" aria-hidden=\"true\" title=\"Bericht enth\u00e4lt keine Bilder\" style=\"color: #bbbbbb;\"><\/i><\/div><span class=\"einsatz-number\"><strong>Nummer:<\/strong> 0322020<\/span><br><span class=\"einsatz-date\"><strong>Datum:<\/strong> 21.02.2020<\/span><br><span class=\"einsatz-time\"><strong>Uhrzeit:<\/strong> 05:12<\/span><br><span class=\"einsatz-title\"><strong>Einsatzmeldung:<\/strong> <a href=\"https:\/\/www.ff-sarstedt.de\/stadt\/archive\/einsaetze\/ff-sarstedt-h0-oelspur-nach-vu-4\" rel=\"bookmark\">FF Sarstedt | H0 &#8211; \u00d6lspur nach VU<\/a><\/span><br><span class=\"einsatz-location\"><strong>Einsatzort:<\/strong> Heisede, Fasanengarten \/ Heiseder Str.<\/span><br><span class=\"einsatz-duration\"><strong>Dauer:<\/strong> 30 min<\/span><br><\/td><td class=\"einsatz-column-number\">0322020<\/td><td class=\"einsatz-column-date\">21.02.2020<\/td><td class=\"einsatz-column-time\">05:12<\/td><td class=\"einsatz-column-title\"><a href=\"https:\/\/www.ff-sarstedt.de\/stadt\/archive\/einsaetze\/ff-sarstedt-h0-oelspur-nach-vu-4\" rel=\"bookmark\">FF Sarstedt | H0 &#8211; \u00d6lspur nach VU<\/a><\/td><td class=\"einsatz-column-location\">Heisede, Fasanengarten \/ Heiseder Str.<\/td><td class=\"einsatz-column-duration\">30 min<\/td><td class=\"einsatz-column-annotationImages\"><i class=\"fa-solid fa-camera\" aria-hidden=\"true\" title=\"Bericht enth\u00e4lt keine Bilder\" style=\"color: #bbbbbb;\"><\/i><\/td><\/tr><tr class=\"report\"><td class=\"smallscreen\" colspan=\"7\" data-permalink=\"https:\/\/www.ff-sarstedt.de\/stadt\/archive\/einsaetze\/ff-sarstedt-h0-tragehilfe-fuer-rd-9\"><div class=\"annotation-icon-bar\"><i class=\"fa-solid fa-camera\" aria-hidden=\"true\" title=\"Bericht enth\u00e4lt keine Bilder\" style=\"color: #bbbbbb;\"><\/i><\/div><span class=\"einsatz-number\"><strong>Nummer:<\/strong> 0312020<\/span><br><span class=\"einsatz-date\"><strong>Datum:<\/strong> 20.02.2020<\/span><br><span class=\"einsatz-time\"><strong>Uhrzeit:<\/strong> 08:56<\/span><br><span class=\"einsatz-title\"><strong>Einsatzmeldung:<\/strong> <a href=\"https:\/\/www.ff-sarstedt.de\/stadt\/archive\/einsaetze\/ff-sarstedt-h0-tragehilfe-fuer-rd-9\" rel=\"bookmark\">FF Sarstedt | H0 &#8211; Tragehilfe f\u00fcr RD<\/a><\/span><br><span class=\"einsatz-location\"><strong>Einsatzort:<\/strong> Weberstr.<\/span><br><span class=\"einsatz-duration\"><strong>Dauer:<\/strong> 1 h<\/span><br><\/td><td class=\"einsatz-column-number\">0312020<\/td><td class=\"einsatz-column-date\">20.02.2020<\/td><td class=\"einsatz-column-time\">08:56<\/td><td class=\"einsatz-column-title\"><a href=\"https:\/\/www.ff-sarstedt.de\/stadt\/archive\/einsaetze\/ff-sarstedt-h0-tragehilfe-fuer-rd-9\" rel=\"bookmark\">FF Sarstedt | H0 &#8211; Tragehilfe f\u00fcr RD<\/a><\/td><td class=\"einsatz-column-location\">Weberstr.<\/td><td class=\"einsatz-column-duration\">1 h<\/td><td class=\"einsatz-column-annotationImages\"><i class=\"fa-solid fa-camera\" aria-hidden=\"true\" title=\"Bericht enth\u00e4lt keine Bilder\" style=\"color: #bbbbbb;\"><\/i><\/td><\/tr><tr class=\"report\"><td class=\"smallscreen\" colspan=\"7\" data-permalink=\"https:\/\/www.ff-sarstedt.de\/stadt\/archive\/einsaetze\/ff-sarstedt-b1-zimmerbrand-6\"><div class=\"annotation-icon-bar\"><i class=\"fa-solid fa-camera\" aria-hidden=\"true\" title=\"Bericht enth\u00e4lt Bilder\" style=\"\"><\/i><\/div><span class=\"einsatz-number\"><strong>Nummer:<\/strong> 0302020<\/span><br><span class=\"einsatz-date\"><strong>Datum:<\/strong> 18.02.2020<\/span><br><span class=\"einsatz-time\"><strong>Uhrzeit:<\/strong> 16:46<\/span><br><span class=\"einsatz-title\"><strong>Einsatzmeldung:<\/strong> <a href=\"https:\/\/www.ff-sarstedt.de\/stadt\/archive\/einsaetze\/ff-sarstedt-b1-zimmerbrand-6\" rel=\"bookmark\">FF Sarstedt | B1 &#8211; Zimmerbrand<\/a><\/span><br><span class=\"einsatz-location\"><strong>Einsatzort:<\/strong> Bertha-von-Suttner-Stra\u00dfe<\/span><br><span class=\"einsatz-duration\"><strong>Dauer:<\/strong> 1 h 30 min<\/span><br><\/td><td class=\"einsatz-column-number\">0302020<\/td><td class=\"einsatz-column-date\">18.02.2020<\/td><td class=\"einsatz-column-time\">16:46<\/td><td class=\"einsatz-column-title\"><a href=\"https:\/\/www.ff-sarstedt.de\/stadt\/archive\/einsaetze\/ff-sarstedt-b1-zimmerbrand-6\" rel=\"bookmark\">FF Sarstedt | B1 &#8211; Zimmerbrand<\/a><\/td><td class=\"einsatz-column-location\">Bertha-von-Suttner-Stra\u00dfe<\/td><td class=\"einsatz-column-duration\">1 h 30 min<\/td><td class=\"einsatz-column-annotationImages\"><i class=\"fa-solid fa-camera\" aria-hidden=\"true\" title=\"Bericht enth\u00e4lt Bilder\" style=\"\"><\/i><\/td><\/tr><tr class=\"report\"><td class=\"smallscreen\" colspan=\"7\" data-permalink=\"https:\/\/www.ff-sarstedt.de\/stadt\/archive\/einsaetze\/ff-sarstedt-hm1-eingeklemmte-person-4\"><div class=\"annotation-icon-bar\"><i class=\"fa-solid fa-camera\" aria-hidden=\"true\" title=\"Bericht enth\u00e4lt keine Bilder\" style=\"color: #bbbbbb;\"><\/i><\/div><span class=\"einsatz-number\"><strong>Nummer:<\/strong> 0292020<\/span><br><span class=\"einsatz-date\"><strong>Datum:<\/strong> 17.02.2020<\/span><br><span class=\"einsatz-time\"><strong>Uhrzeit:<\/strong> 18:41<\/span><br><span class=\"einsatz-title\"><strong>Einsatzmeldung:<\/strong> <a href=\"https:\/\/www.ff-sarstedt.de\/stadt\/archive\/einsaetze\/ff-sarstedt-hm1-eingeklemmte-person-4\" rel=\"bookmark\">FF Sarstedt | HM1 &#8211; eingeklemmte Person<\/a><\/span><br><span class=\"einsatz-location\"><strong>Einsatzort:<\/strong> Hildesheimer Str.<\/span><br><span class=\"einsatz-duration\"><strong>Dauer:<\/strong> 1 h<\/span><br><\/td><td class=\"einsatz-column-number\">0292020<\/td><td class=\"einsatz-column-date\">17.02.2020<\/td><td class=\"einsatz-column-time\">18:41<\/td><td class=\"einsatz-column-title\"><a href=\"https:\/\/www.ff-sarstedt.de\/stadt\/archive\/einsaetze\/ff-sarstedt-hm1-eingeklemmte-person-4\" rel=\"bookmark\">FF Sarstedt | HM1 &#8211; eingeklemmte Person<\/a><\/td><td class=\"einsatz-column-location\">Hildesheimer Str.<\/td><td class=\"einsatz-column-duration\">1 h<\/td><td class=\"einsatz-column-annotationImages\"><i class=\"fa-solid fa-camera\" aria-hidden=\"true\" title=\"Bericht enth\u00e4lt keine Bilder\" style=\"color: #bbbbbb;\"><\/i><\/td><\/tr><tr class=\"report\"><td class=\"smallscreen\" colspan=\"7\" data-permalink=\"https:\/\/www.ff-sarstedt.de\/stadt\/archive\/einsaetze\/ff-sarstedt-h0-verletzter-vogel\"><div class=\"annotation-icon-bar\"><i class=\"fa-solid fa-camera\" aria-hidden=\"true\" title=\"Bericht enth\u00e4lt Bilder\" style=\"\"><\/i><\/div><span class=\"einsatz-number\"><strong>Nummer:<\/strong> 0282020<\/span><br><span class=\"einsatz-date\"><strong>Datum:<\/strong> 17.02.2020<\/span><br><span class=\"einsatz-time\"><strong>Uhrzeit:<\/strong> 15:52<\/span><br><span class=\"einsatz-title\"><strong>Einsatzmeldung:<\/strong> <a href=\"https:\/\/www.ff-sarstedt.de\/stadt\/archive\/einsaetze\/ff-sarstedt-h0-verletzter-vogel\" rel=\"bookmark\">FF Sarstedt | H0 &#8211; Verletzter Vogel<\/a><\/span><br><span class=\"einsatz-location\"><strong>Einsatzort:<\/strong> Lise-Meitner-Str. \/ Regenr\u00fcckhaltebecken<\/span><br><span class=\"einsatz-duration\"><strong>Dauer:<\/strong> 1 h 30 min<\/span><br><\/td><td class=\"einsatz-column-number\">0282020<\/td><td class=\"einsatz-column-date\">17.02.2020<\/td><td class=\"einsatz-column-time\">15:52<\/td><td class=\"einsatz-column-title\"><a href=\"https:\/\/www.ff-sarstedt.de\/stadt\/archive\/einsaetze\/ff-sarstedt-h0-verletzter-vogel\" rel=\"bookmark\">FF Sarstedt | H0 &#8211; Verletzter Vogel<\/a><\/td><td class=\"einsatz-column-location\">Lise-Meitner-Str. \/ Regenr\u00fcckhaltebecken<\/td><td class=\"einsatz-column-duration\">1 h 30 min<\/td><td class=\"einsatz-column-annotationImages\"><i class=\"fa-solid fa-camera\" aria-hidden=\"true\" title=\"Bericht enth\u00e4lt Bilder\" style=\"\"><\/i><\/td><\/tr><tr class=\"report\"><td class=\"smallscreen\" colspan=\"7\" data-permalink=\"https:\/\/www.ff-sarstedt.de\/stadt\/archive\/einsaetze\/ff-sarstedt-b1-zimmerbrand-5\"><div class=\"annotation-icon-bar\"><i class=\"fa-solid fa-camera\" aria-hidden=\"true\" title=\"Bericht enth\u00e4lt Bilder\" style=\"\"><\/i><\/div><span class=\"einsatz-number\"><strong>Nummer:<\/strong> 0272020<\/span><br><span class=\"einsatz-date\"><strong>Datum:<\/strong> 15.02.2020<\/span><br><span class=\"einsatz-time\"><strong>Uhrzeit:<\/strong> 18:32<\/span><br><span class=\"einsatz-title\"><strong>Einsatzmeldung:<\/strong> <a href=\"https:\/\/www.ff-sarstedt.de\/stadt\/archive\/einsaetze\/ff-sarstedt-b1-zimmerbrand-5\" rel=\"bookmark\">FF Sarstedt | B1 &#8211; Zimmerbrand<\/a><\/span><br><span class=\"einsatz-location\"><strong>Einsatzort:<\/strong> Hindenburger Weg<\/span><br><span class=\"einsatz-duration\"><strong>Dauer:<\/strong> 1 h<\/span><br><\/td><td class=\"einsatz-column-number\">0272020<\/td><td class=\"einsatz-column-date\">15.02.2020<\/td><td class=\"einsatz-column-time\">18:32<\/td><td class=\"einsatz-column-title\"><a href=\"https:\/\/www.ff-sarstedt.de\/stadt\/archive\/einsaetze\/ff-sarstedt-b1-zimmerbrand-5\" rel=\"bookmark\">FF Sarstedt | B1 &#8211; Zimmerbrand<\/a><\/td><td class=\"einsatz-column-location\">Hindenburger Weg<\/td><td class=\"einsatz-column-duration\">1 h<\/td><td class=\"einsatz-column-annotationImages\"><i class=\"fa-solid fa-camera\" aria-hidden=\"true\" title=\"Bericht enth\u00e4lt Bilder\" style=\"\"><\/i><\/td><\/tr><tr class=\"report\"><td class=\"smallscreen\" colspan=\"7\" data-permalink=\"https:\/\/www.ff-sarstedt.de\/stadt\/archive\/einsaetze\/ff-sarstedt-hm1-eingeklemmte-person-3\"><div class=\"annotation-icon-bar\"><i class=\"fa-solid fa-camera\" aria-hidden=\"true\" title=\"Bericht enth\u00e4lt Bilder\" style=\"\"><\/i><\/div><span class=\"einsatz-number\"><strong>Nummer:<\/strong> 0262020<\/span><br><span class=\"einsatz-date\"><strong>Datum:<\/strong> 13.02.2020<\/span><br><span class=\"einsatz-time\"><strong>Uhrzeit:<\/strong> 16:11<\/span><br><span class=\"einsatz-title\"><strong>Einsatzmeldung:<\/strong> <a href=\"https:\/\/www.ff-sarstedt.de\/stadt\/archive\/einsaetze\/ff-sarstedt-hm1-eingeklemmte-person-3\" rel=\"bookmark\">FF Sarstedt | HM1 &#8211; eingeklemmte Person<\/a><\/span><br><span class=\"einsatz-location\"><strong>Einsatzort:<\/strong> Breslauer Str. \/ G\u00f6rlitzer Str.<\/span><br><span class=\"einsatz-duration\"><strong>Dauer:<\/strong> 2 h 30 min<\/span><br><\/td><td class=\"einsatz-column-number\">0262020<\/td><td class=\"einsatz-column-date\">13.02.2020<\/td><td class=\"einsatz-column-time\">16:11<\/td><td class=\"einsatz-column-title\"><a href=\"https:\/\/www.ff-sarstedt.de\/stadt\/archive\/einsaetze\/ff-sarstedt-hm1-eingeklemmte-person-3\" rel=\"bookmark\">FF Sarstedt | HM1 &#8211; eingeklemmte Person<\/a><\/td><td class=\"einsatz-column-location\">Breslauer Str. \/ G\u00f6rlitzer Str.<\/td><td class=\"einsatz-column-duration\">2 h 30 min<\/td><td class=\"einsatz-column-annotationImages\"><i class=\"fa-solid fa-camera\" aria-hidden=\"true\" title=\"Bericht enth\u00e4lt Bilder\" style=\"\"><\/i><\/td><\/tr><tr class=\"report\"><td class=\"smallscreen\" colspan=\"7\" data-permalink=\"https:\/\/www.ff-sarstedt.de\/stadt\/archive\/einsaetze\/ff-sarstedt-h0-umgestuerzter-baum\"><div class=\"annotation-icon-bar\"><i class=\"fa-solid fa-camera\" aria-hidden=\"true\" title=\"Bericht enth\u00e4lt keine Bilder\" style=\"color: #bbbbbb;\"><\/i><\/div><span class=\"einsatz-number\"><strong>Nummer:<\/strong> 0252020<\/span><br><span class=\"einsatz-date\"><strong>Datum:<\/strong> 10.02.2020<\/span><br><span class=\"einsatz-time\"><strong>Uhrzeit:<\/strong> 04:10<\/span><br><span class=\"einsatz-title\"><strong>Einsatzmeldung:<\/strong> <a href=\"https:\/\/www.ff-sarstedt.de\/stadt\/archive\/einsaetze\/ff-sarstedt-h0-umgestuerzter-baum\" rel=\"bookmark\">FF Sarstedt | H0 &#8211; umgest\u00fcrzter Baum<\/a><\/span><br><span class=\"einsatz-location\"><strong>Einsatzort:<\/strong> B6<\/span><br><span class=\"einsatz-duration\"><strong>Dauer:<\/strong> 1 h<\/span><br><\/td><td class=\"einsatz-column-number\">0252020<\/td><td class=\"einsatz-column-date\">10.02.2020<\/td><td class=\"einsatz-column-time\">04:10<\/td><td class=\"einsatz-column-title\"><a href=\"https:\/\/www.ff-sarstedt.de\/stadt\/archive\/einsaetze\/ff-sarstedt-h0-umgestuerzter-baum\" rel=\"bookmark\">FF Sarstedt | H0 &#8211; umgest\u00fcrzter Baum<\/a><\/td><td class=\"einsatz-column-location\">B6<\/td><td class=\"einsatz-column-duration\">1 h<\/td><td class=\"einsatz-column-annotationImages\"><i class=\"fa-solid fa-camera\" aria-hidden=\"true\" title=\"Bericht enth\u00e4lt keine Bilder\" style=\"color: #bbbbbb;\"><\/i><\/td><\/tr><tr class=\"report\"><td class=\"smallscreen\" colspan=\"7\" data-permalink=\"https:\/\/www.ff-sarstedt.de\/stadt\/archive\/einsaetze\/ff-sarstedt-h0-baum-auf-pkw\"><div class=\"annotation-icon-bar\"><i class=\"fa-solid fa-camera\" aria-hidden=\"true\" title=\"Bericht enth\u00e4lt keine Bilder\" style=\"color: #bbbbbb;\"><\/i><\/div><span class=\"einsatz-number\"><strong>Nummer:<\/strong> 0242020<\/span><br><span class=\"einsatz-date\"><strong>Datum:<\/strong> 10.02.2020<\/span><br><span class=\"einsatz-time\"><strong>Uhrzeit:<\/strong> 01:29<\/span><br><span class=\"einsatz-title\"><strong>Einsatzmeldung:<\/strong> <a href=\"https:\/\/www.ff-sarstedt.de\/stadt\/archive\/einsaetze\/ff-sarstedt-h0-baum-auf-pkw\" rel=\"bookmark\">FF Sarstedt | H0 &#8211; Baum auf PKW<\/a><\/span><br><span class=\"einsatz-location\"><strong>Einsatzort:<\/strong> Wellweg<\/span><br><span class=\"einsatz-duration\"><strong>Dauer:<\/strong> 30 min<\/span><br><\/td><td class=\"einsatz-column-number\">0242020<\/td><td class=\"einsatz-column-date\">10.02.2020<\/td><td class=\"einsatz-column-time\">01:29<\/td><td class=\"einsatz-column-title\"><a href=\"https:\/\/www.ff-sarstedt.de\/stadt\/archive\/einsaetze\/ff-sarstedt-h0-baum-auf-pkw\" rel=\"bookmark\">FF Sarstedt | H0 &#8211; Baum auf PKW<\/a><\/td><td class=\"einsatz-column-location\">Wellweg<\/td><td class=\"einsatz-column-duration\">30 min<\/td><td class=\"einsatz-column-annotationImages\"><i class=\"fa-solid fa-camera\" aria-hidden=\"true\" title=\"Bericht enth\u00e4lt keine Bilder\" style=\"color: #bbbbbb;\"><\/i><\/td><\/tr><tr class=\"report\"><td class=\"smallscreen\" colspan=\"7\" data-permalink=\"https:\/\/www.ff-sarstedt.de\/stadt\/archive\/einsaetze\/ff-sarstedt-besetzung-oeel\"><div class=\"annotation-icon-bar\"><i class=\"fa-solid fa-camera\" aria-hidden=\"true\" title=\"Bericht enth\u00e4lt keine Bilder\" style=\"color: #bbbbbb;\"><\/i><\/div><span class=\"einsatz-number\"><strong>Nummer:<\/strong> 0232020<\/span><br><span class=\"einsatz-date\"><strong>Datum:<\/strong> 09.02.2020<\/span><br><span class=\"einsatz-time\"><strong>Uhrzeit:<\/strong> 18:00<\/span><br><span class=\"einsatz-title\"><strong>Einsatzmeldung:<\/strong> <a href=\"https:\/\/www.ff-sarstedt.de\/stadt\/archive\/einsaetze\/ff-sarstedt-besetzung-oeel\" rel=\"bookmark\">FF Sarstedt | Besetzung \u00d6EL<\/a><\/span><br><span class=\"einsatz-location\"><strong>Einsatzort:<\/strong> Feuerwehrhaus Sarstedt<\/span><br><span class=\"einsatz-duration\"><strong>Dauer:<\/strong> 7 h<\/span><br><\/td><td class=\"einsatz-column-number\">0232020<\/td><td class=\"einsatz-column-date\">09.02.2020<\/td><td class=\"einsatz-column-time\">18:00<\/td><td class=\"einsatz-column-title\"><a href=\"https:\/\/www.ff-sarstedt.de\/stadt\/archive\/einsaetze\/ff-sarstedt-besetzung-oeel\" rel=\"bookmark\">FF Sarstedt | Besetzung \u00d6EL<\/a><\/td><td class=\"einsatz-column-location\">Feuerwehrhaus Sarstedt<\/td><td class=\"einsatz-column-duration\">7 h<\/td><td class=\"einsatz-column-annotationImages\"><i class=\"fa-solid fa-camera\" aria-hidden=\"true\" title=\"Bericht enth\u00e4lt keine Bilder\" style=\"color: #bbbbbb;\"><\/i><\/td><\/tr><tr class=\"report\"><td class=\"smallscreen\" colspan=\"7\" data-permalink=\"https:\/\/www.ff-sarstedt.de\/stadt\/archive\/einsaetze\/ff-sarstedt-h0-baum-droht-umzustuerzen\"><div class=\"annotation-icon-bar\"><i class=\"fa-solid fa-camera\" aria-hidden=\"true\" title=\"Bericht enth\u00e4lt keine Bilder\" style=\"color: #bbbbbb;\"><\/i><\/div><span class=\"einsatz-number\"><strong>Nummer:<\/strong> 0222020<\/span><br><span class=\"einsatz-date\"><strong>Datum:<\/strong> 09.02.2020<\/span><br><span class=\"einsatz-time\"><strong>Uhrzeit:<\/strong> 16:31<\/span><br><span class=\"einsatz-title\"><strong>Einsatzmeldung:<\/strong> <a href=\"https:\/\/www.ff-sarstedt.de\/stadt\/archive\/einsaetze\/ff-sarstedt-h0-baum-droht-umzustuerzen\" rel=\"bookmark\">FF Sarstedt | H0 &#8211; Baum droht umzust\u00fcrzen<\/a><\/span><br><span class=\"einsatz-location\"><strong>Einsatzort:<\/strong> Altes Dorf<\/span><br><span class=\"einsatz-duration\"><strong>Dauer:<\/strong> 30 min<\/span><br><\/td><td class=\"einsatz-column-number\">0222020<\/td><td class=\"einsatz-column-date\">09.02.2020<\/td><td class=\"einsatz-column-time\">16:31<\/td><td class=\"einsatz-column-title\"><a href=\"https:\/\/www.ff-sarstedt.de\/stadt\/archive\/einsaetze\/ff-sarstedt-h0-baum-droht-umzustuerzen\" rel=\"bookmark\">FF Sarstedt | H0 &#8211; Baum droht umzust\u00fcrzen<\/a><\/td><td class=\"einsatz-column-location\">Altes Dorf<\/td><td class=\"einsatz-column-duration\">30 min<\/td><td class=\"einsatz-column-annotationImages\"><i class=\"fa-solid fa-camera\" aria-hidden=\"true\" title=\"Bericht enth\u00e4lt keine Bilder\" style=\"color: #bbbbbb;\"><\/i><\/td><\/tr><tr class=\"report\"><td class=\"smallscreen\" colspan=\"7\" data-permalink=\"https:\/\/www.ff-sarstedt.de\/stadt\/archive\/einsaetze\/ff-sarstedt-h0-baum-auf-fahrbahn\"><div class=\"annotation-icon-bar\"><i class=\"fa-solid fa-camera\" aria-hidden=\"true\" title=\"Bericht enth\u00e4lt keine Bilder\" style=\"color: #bbbbbb;\"><\/i><\/div><span class=\"einsatz-number\"><strong>Nummer:<\/strong> 0212020<\/span><br><span class=\"einsatz-date\"><strong>Datum:<\/strong> 09.02.2020<\/span><br><span class=\"einsatz-time\"><strong>Uhrzeit:<\/strong> 12:35<\/span><br><span class=\"einsatz-title\"><strong>Einsatzmeldung:<\/strong> <a href=\"https:\/\/www.ff-sarstedt.de\/stadt\/archive\/einsaetze\/ff-sarstedt-h0-baum-auf-fahrbahn\" rel=\"bookmark\">FF Sarstedt | H0 &#8211; Baum auf Fahrbahn<\/a><\/span><br><span class=\"einsatz-location\"><strong>Einsatzort:<\/strong> B6<\/span><br><span class=\"einsatz-duration\"><strong>Dauer:<\/strong> 30 min<\/span><br><\/td><td class=\"einsatz-column-number\">0212020<\/td><td class=\"einsatz-column-date\">09.02.2020<\/td><td class=\"einsatz-column-time\">12:35<\/td><td class=\"einsatz-column-title\"><a href=\"https:\/\/www.ff-sarstedt.de\/stadt\/archive\/einsaetze\/ff-sarstedt-h0-baum-auf-fahrbahn\" rel=\"bookmark\">FF Sarstedt | H0 &#8211; Baum auf Fahrbahn<\/a><\/td><td class=\"einsatz-column-location\">B6<\/td><td class=\"einsatz-column-duration\">30 min<\/td><td class=\"einsatz-column-annotationImages\"><i class=\"fa-solid fa-camera\" aria-hidden=\"true\" title=\"Bericht enth\u00e4lt keine Bilder\" style=\"color: #bbbbbb;\"><\/i><\/td><\/tr><tr class=\"report\"><td class=\"smallscreen\" colspan=\"7\" data-permalink=\"https:\/\/www.ff-sarstedt.de\/stadt\/archive\/einsaetze\/ff-sarstedt-h1-unfall-mit-gas\"><div class=\"annotation-icon-bar\"><i class=\"fa-solid fa-camera\" aria-hidden=\"true\" title=\"Bericht enth\u00e4lt Bilder\" style=\"\"><\/i><\/div><span class=\"einsatz-number\"><strong>Nummer:<\/strong> 0202020<\/span><br><span class=\"einsatz-date\"><strong>Datum:<\/strong> 06.02.2020<\/span><br><span class=\"einsatz-time\"><strong>Uhrzeit:<\/strong> 11:45<\/span><br><span class=\"einsatz-title\"><strong>Einsatzmeldung:<\/strong> <a href=\"https:\/\/www.ff-sarstedt.de\/stadt\/archive\/einsaetze\/ff-sarstedt-h1-unfall-mit-gas\" rel=\"bookmark\">FF Sarstedt | H1 &#8211; Unfall mit Gas<\/a><\/span><br><span class=\"einsatz-location\"><strong>Einsatzort:<\/strong> Wellweg<\/span><br><span class=\"einsatz-duration\"><strong>Dauer:<\/strong> 3 h<\/span><br><\/td><td class=\"einsatz-column-number\">0202020<\/td><td class=\"einsatz-column-date\">06.02.2020<\/td><td class=\"einsatz-column-time\">11:45<\/td><td class=\"einsatz-column-title\"><a href=\"https:\/\/www.ff-sarstedt.de\/stadt\/archive\/einsaetze\/ff-sarstedt-h1-unfall-mit-gas\" rel=\"bookmark\">FF Sarstedt | H1 &#8211; Unfall mit Gas<\/a><\/td><td class=\"einsatz-column-location\">Wellweg<\/td><td class=\"einsatz-column-duration\">3 h<\/td><td class=\"einsatz-column-annotationImages\"><i class=\"fa-solid fa-camera\" aria-hidden=\"true\" title=\"Bericht enth\u00e4lt Bilder\" style=\"\"><\/i><\/td><\/tr><tr class=\"report\"><td class=\"smallscreen\" colspan=\"7\" data-permalink=\"https:\/\/www.ff-sarstedt.de\/stadt\/archive\/einsaetze\/ff-sarstedt-h2-gefahrstoffaustritt-2\"><div class=\"annotation-icon-bar\"><i class=\"fa-solid fa-camera\" aria-hidden=\"true\" title=\"Bericht enth\u00e4lt Bilder\" style=\"\"><\/i><\/div><span class=\"einsatz-number\"><strong>Nummer:<\/strong> 0192020<\/span><br><span class=\"einsatz-date\"><strong>Datum:<\/strong> 04.02.2020<\/span><br><span class=\"einsatz-time\"><strong>Uhrzeit:<\/strong> 08:40<\/span><br><span class=\"einsatz-title\"><strong>Einsatzmeldung:<\/strong> <a href=\"https:\/\/www.ff-sarstedt.de\/stadt\/archive\/einsaetze\/ff-sarstedt-h2-gefahrstoffaustritt-2\" rel=\"bookmark\">FF Sarstedt | H2 &#8211; Gefahrstoffaustritt<\/a><\/span><br><span class=\"einsatz-location\"><strong>Einsatzort:<\/strong> Hildesheim, Bahnhofsplatz<\/span><br><span class=\"einsatz-duration\"><strong>Dauer:<\/strong> 2 h<\/span><br><\/td><td class=\"einsatz-column-number\">0192020<\/td><td class=\"einsatz-column-date\">04.02.2020<\/td><td class=\"einsatz-column-time\">08:40<\/td><td class=\"einsatz-column-title\"><a href=\"https:\/\/www.ff-sarstedt.de\/stadt\/archive\/einsaetze\/ff-sarstedt-h2-gefahrstoffaustritt-2\" rel=\"bookmark\">FF Sarstedt | H2 &#8211; Gefahrstoffaustritt<\/a><\/td><td class=\"einsatz-column-location\">Hildesheim, Bahnhofsplatz<\/td><td class=\"einsatz-column-duration\">2 h<\/td><td class=\"einsatz-column-annotationImages\"><i class=\"fa-solid fa-camera\" aria-hidden=\"true\" title=\"Bericht enth\u00e4lt Bilder\" style=\"\"><\/i><\/td><\/tr><tr class=\"report\"><td class=\"smallscreen\" colspan=\"7\" data-permalink=\"https:\/\/www.ff-sarstedt.de\/stadt\/archive\/einsaetze\/ff-sarstedt-b0-papierkorb\"><div class=\"annotation-icon-bar\"><i class=\"fa-solid fa-camera\" aria-hidden=\"true\" title=\"Bericht enth\u00e4lt keine Bilder\" style=\"color: #bbbbbb;\"><\/i><\/div><span class=\"einsatz-number\"><strong>Nummer:<\/strong> 0182020<\/span><br><span class=\"einsatz-date\"><strong>Datum:<\/strong> 03.02.2020<\/span><br><span class=\"einsatz-time\"><strong>Uhrzeit:<\/strong> 17:47<\/span><br><span class=\"einsatz-title\"><strong>Einsatzmeldung:<\/strong> <a href=\"https:\/\/www.ff-sarstedt.de\/stadt\/archive\/einsaetze\/ff-sarstedt-b0-papierkorb\" rel=\"bookmark\">FF Sarstedt | B0 &#8211; Papierkorb<\/a><\/span><br><span class=\"einsatz-location\"><strong>Einsatzort:<\/strong> Im Sacke<\/span><br><span class=\"einsatz-duration\"><strong>Dauer:<\/strong> 30 min<\/span><br><\/td><td class=\"einsatz-column-number\">0182020<\/td><td class=\"einsatz-column-date\">03.02.2020<\/td><td class=\"einsatz-column-time\">17:47<\/td><td class=\"einsatz-column-title\"><a href=\"https:\/\/www.ff-sarstedt.de\/stadt\/archive\/einsaetze\/ff-sarstedt-b0-papierkorb\" rel=\"bookmark\">FF Sarstedt | B0 &#8211; Papierkorb<\/a><\/td><td class=\"einsatz-column-location\">Im Sacke<\/td><td class=\"einsatz-column-duration\">30 min<\/td><td class=\"einsatz-column-annotationImages\"><i class=\"fa-solid fa-camera\" aria-hidden=\"true\" title=\"Bericht enth\u00e4lt keine Bilder\" style=\"color: #bbbbbb;\"><\/i><\/td><\/tr><tr class=\"report\"><td class=\"smallscreen\" colspan=\"7\" data-permalink=\"https:\/\/www.ff-sarstedt.de\/stadt\/archive\/einsaetze\/ff-sarstedt-b0-geloeschtes-feuer-3\"><div class=\"annotation-icon-bar\"><i class=\"fa-solid fa-camera\" aria-hidden=\"true\" title=\"Bericht enth\u00e4lt keine Bilder\" style=\"color: #bbbbbb;\"><\/i><\/div><span class=\"einsatz-number\"><strong>Nummer:<\/strong> 0172020<\/span><br><span class=\"einsatz-date\"><strong>Datum:<\/strong> 01.02.2020<\/span><br><span class=\"einsatz-time\"><strong>Uhrzeit:<\/strong> 12:02<\/span><br><span class=\"einsatz-title\"><strong>Einsatzmeldung:<\/strong> <a href=\"https:\/\/www.ff-sarstedt.de\/stadt\/archive\/einsaetze\/ff-sarstedt-b0-geloeschtes-feuer-3\" rel=\"bookmark\">FF Sarstedt | B0 &#8211; Gel\u00f6schtes Feuer<\/a><\/span><br><span class=\"einsatz-location\"><strong>Einsatzort:<\/strong> Heimgartenstra\u00dfe<\/span><br><span class=\"einsatz-duration\"><strong>Dauer:<\/strong> 1 h<\/span><br><\/td><td class=\"einsatz-column-number\">0172020<\/td><td class=\"einsatz-column-date\">01.02.2020<\/td><td class=\"einsatz-column-time\">12:02<\/td><td class=\"einsatz-column-title\"><a href=\"https:\/\/www.ff-sarstedt.de\/stadt\/archive\/einsaetze\/ff-sarstedt-b0-geloeschtes-feuer-3\" rel=\"bookmark\">FF Sarstedt | B0 &#8211; Gel\u00f6schtes Feuer<\/a><\/td><td class=\"einsatz-column-location\">Heimgartenstra\u00dfe<\/td><td class=\"einsatz-column-duration\">1 h<\/td><td class=\"einsatz-column-annotationImages\"><i class=\"fa-solid fa-camera\" aria-hidden=\"true\" title=\"Bericht enth\u00e4lt keine Bilder\" style=\"color: #bbbbbb;\"><\/i><\/td><\/tr><tr class=\"zebracorrection\"><td colspan=\"7\">&nbsp;<\/td><\/tr><tr class=\"einsatz-title-month\"><td colspan=\"7\">Januar<\/td><\/tr><tr class=\"einsatz-header\"><th style=\"white-space: nowrap;\">Nummer<\/th><th style=\"white-space: nowrap;\">Datum<\/th><th style=\"white-space: nowrap;\">Uhrzeit<\/th><th style=\"\">Einsatzmeldung<\/th><th style=\"\">Einsatzort<\/th><th style=\"white-space: nowrap;\">Dauer<\/th><th style=\"\"><\/th><\/tr><tr class=\"report\"><td class=\"smallscreen\" colspan=\"7\" data-permalink=\"https:\/\/www.ff-sarstedt.de\/stadt\/archive\/einsaetze\/ff-sarstedt-b1-ausgeloeste-brandmeldeanlage-61\"><div class=\"annotation-icon-bar\"><i class=\"fa-solid fa-camera\" aria-hidden=\"true\" title=\"Bericht enth\u00e4lt keine Bilder\" style=\"color: #bbbbbb;\"><\/i><\/div><span class=\"einsatz-number\"><strong>Nummer:<\/strong> 0162020<\/span><br><span class=\"einsatz-date\"><strong>Datum:<\/strong> 31.01.2020<\/span><br><span class=\"einsatz-time\"><strong>Uhrzeit:<\/strong> 07:58<\/span><br><span class=\"einsatz-title\"><strong>Einsatzmeldung:<\/strong> <a href=\"https:\/\/www.ff-sarstedt.de\/stadt\/archive\/einsaetze\/ff-sarstedt-b1-ausgeloeste-brandmeldeanlage-61\" rel=\"bookmark\">FF Sarstedt | B1 &#8211; Ausgel\u00f6ste Brandmeldeanlage<\/a><\/span><br><span class=\"einsatz-location\"><strong>Einsatzort:<\/strong> Am Teinkamp<\/span><br><span class=\"einsatz-duration\"><strong>Dauer:<\/strong> 30 min<\/span><br><\/td><td class=\"einsatz-column-number\">0162020<\/td><td class=\"einsatz-column-date\">31.01.2020<\/td><td class=\"einsatz-column-time\">07:58<\/td><td class=\"einsatz-column-title\"><a href=\"https:\/\/www.ff-sarstedt.de\/stadt\/archive\/einsaetze\/ff-sarstedt-b1-ausgeloeste-brandmeldeanlage-61\" rel=\"bookmark\">FF Sarstedt | B1 &#8211; Ausgel\u00f6ste Brandmeldeanlage<\/a><\/td><td class=\"einsatz-column-location\">Am Teinkamp<\/td><td class=\"einsatz-column-duration\">30 min<\/td><td class=\"einsatz-column-annotationImages\"><i class=\"fa-solid fa-camera\" aria-hidden=\"true\" title=\"Bericht enth\u00e4lt keine Bilder\" style=\"color: #bbbbbb;\"><\/i><\/td><\/tr><tr class=\"report\"><td class=\"smallscreen\" colspan=\"7\" data-permalink=\"https:\/\/www.ff-sarstedt.de\/stadt\/archive\/einsaetze\/ff-sarstedt-b1-ausgeloeste-brandmeldeanlage-60\"><div class=\"annotation-icon-bar\"><i class=\"fa-solid fa-camera\" aria-hidden=\"true\" title=\"Bericht enth\u00e4lt keine Bilder\" style=\"color: #bbbbbb;\"><\/i><\/div><span class=\"einsatz-number\"><strong>Nummer:<\/strong> 0152020<\/span><br><span class=\"einsatz-date\"><strong>Datum:<\/strong> 30.01.2020<\/span><br><span class=\"einsatz-time\"><strong>Uhrzeit:<\/strong> 15:18<\/span><br><span class=\"einsatz-title\"><strong>Einsatzmeldung:<\/strong> <a href=\"https:\/\/www.ff-sarstedt.de\/stadt\/archive\/einsaetze\/ff-sarstedt-b1-ausgeloeste-brandmeldeanlage-60\" rel=\"bookmark\">FF Sarstedt | B1 &#8211; Ausgel\u00f6ste Brandmeldeanlage<\/a><\/span><br><span class=\"einsatz-location\"><strong>Einsatzort:<\/strong> Am Teinkamp<\/span><br><span class=\"einsatz-duration\"><strong>Dauer:<\/strong> 30 min<\/span><br><\/td><td class=\"einsatz-column-number\">0152020<\/td><td class=\"einsatz-column-date\">30.01.2020<\/td><td class=\"einsatz-column-time\">15:18<\/td><td class=\"einsatz-column-title\"><a href=\"https:\/\/www.ff-sarstedt.de\/stadt\/archive\/einsaetze\/ff-sarstedt-b1-ausgeloeste-brandmeldeanlage-60\" rel=\"bookmark\">FF Sarstedt | B1 &#8211; Ausgel\u00f6ste Brandmeldeanlage<\/a><\/td><td class=\"einsatz-column-location\">Am Teinkamp<\/td><td class=\"einsatz-column-duration\">30 min<\/td><td class=\"einsatz-column-annotationImages\"><i class=\"fa-solid fa-camera\" aria-hidden=\"true\" title=\"Bericht enth\u00e4lt keine Bilder\" style=\"color: #bbbbbb;\"><\/i><\/td><\/tr><tr class=\"report\"><td class=\"smallscreen\" colspan=\"7\" data-permalink=\"https:\/\/www.ff-sarstedt.de\/stadt\/archive\/einsaetze\/ff-sarstedt-h0-tueroeffnung-54\"><div class=\"annotation-icon-bar\"><i class=\"fa-solid fa-camera\" aria-hidden=\"true\" title=\"Bericht enth\u00e4lt keine Bilder\" style=\"color: #bbbbbb;\"><\/i><\/div><span class=\"einsatz-number\"><strong>Nummer:<\/strong> 0142020<\/span><br><span class=\"einsatz-date\"><strong>Datum:<\/strong> 27.01.2020<\/span><br><span class=\"einsatz-time\"><strong>Uhrzeit:<\/strong> 08:43<\/span><br><span class=\"einsatz-title\"><strong>Einsatzmeldung:<\/strong> <a href=\"https:\/\/www.ff-sarstedt.de\/stadt\/archive\/einsaetze\/ff-sarstedt-h0-tueroeffnung-54\" rel=\"bookmark\">FF Sarstedt | H0 &#8211; T\u00fcr\u00f6ffnung<\/a><\/span><br><span class=\"einsatz-location\"><strong>Einsatzort:<\/strong> Saganer Stra\u00dfe<\/span><br><span class=\"einsatz-duration\"><strong>Dauer:<\/strong> 1 h<\/span><br><\/td><td class=\"einsatz-column-number\">0142020<\/td><td class=\"einsatz-column-date\">27.01.2020<\/td><td class=\"einsatz-column-time\">08:43<\/td><td class=\"einsatz-column-title\"><a href=\"https:\/\/www.ff-sarstedt.de\/stadt\/archive\/einsaetze\/ff-sarstedt-h0-tueroeffnung-54\" rel=\"bookmark\">FF Sarstedt | H0 &#8211; T\u00fcr\u00f6ffnung<\/a><\/td><td class=\"einsatz-column-location\">Saganer Stra\u00dfe<\/td><td class=\"einsatz-column-duration\">1 h<\/td><td class=\"einsatz-column-annotationImages\"><i class=\"fa-solid fa-camera\" aria-hidden=\"true\" title=\"Bericht enth\u00e4lt keine Bilder\" style=\"color: #bbbbbb;\"><\/i><\/td><\/tr><tr class=\"report\"><td class=\"smallscreen\" colspan=\"7\" data-permalink=\"https:\/\/www.ff-sarstedt.de\/stadt\/archive\/einsaetze\/ff-sarstedt-b1-ausgeloeste-brandmeldeanlage-59\"><div class=\"annotation-icon-bar\"><i class=\"fa-solid fa-camera\" aria-hidden=\"true\" title=\"Bericht enth\u00e4lt keine Bilder\" style=\"color: #bbbbbb;\"><\/i><\/div><span class=\"einsatz-number\"><strong>Nummer:<\/strong> 0132020<\/span><br><span class=\"einsatz-date\"><strong>Datum:<\/strong> 24.01.2020<\/span><br><span class=\"einsatz-time\"><strong>Uhrzeit:<\/strong> 13:44<\/span><br><span class=\"einsatz-title\"><strong>Einsatzmeldung:<\/strong> <a href=\"https:\/\/www.ff-sarstedt.de\/stadt\/archive\/einsaetze\/ff-sarstedt-b1-ausgeloeste-brandmeldeanlage-59\" rel=\"bookmark\">FF Sarstedt | B1 &#8211; Ausgel\u00f6ste Brandmeldeanlage<\/a><\/span><br><span class=\"einsatz-location\"><strong>Einsatzort:<\/strong> Heisede, St.-Nikolai-Str.<\/span><br><span class=\"einsatz-duration\"><strong>Dauer:<\/strong> 30 min<\/span><br><\/td><td class=\"einsatz-column-number\">0132020<\/td><td class=\"einsatz-column-date\">24.01.2020<\/td><td class=\"einsatz-column-time\">13:44<\/td><td class=\"einsatz-column-title\"><a href=\"https:\/\/www.ff-sarstedt.de\/stadt\/archive\/einsaetze\/ff-sarstedt-b1-ausgeloeste-brandmeldeanlage-59\" rel=\"bookmark\">FF Sarstedt | B1 &#8211; Ausgel\u00f6ste Brandmeldeanlage<\/a><\/td><td class=\"einsatz-column-location\">Heisede, St.-Nikolai-Str.<\/td><td class=\"einsatz-column-duration\">30 min<\/td><td class=\"einsatz-column-annotationImages\"><i class=\"fa-solid fa-camera\" aria-hidden=\"true\" title=\"Bericht enth\u00e4lt keine Bilder\" style=\"color: #bbbbbb;\"><\/i><\/td><\/tr><tr class=\"report\"><td class=\"smallscreen\" colspan=\"7\" data-permalink=\"https:\/\/www.ff-sarstedt.de\/stadt\/archive\/einsaetze\/ff-sarstedt-h0-tueroeffnung-53\"><div class=\"annotation-icon-bar\"><i class=\"fa-solid fa-camera\" aria-hidden=\"true\" title=\"Bericht enth\u00e4lt keine Bilder\" style=\"color: #bbbbbb;\"><\/i><\/div><span class=\"einsatz-number\"><strong>Nummer:<\/strong> 0122020<\/span><br><span class=\"einsatz-date\"><strong>Datum:<\/strong> 24.01.2020<\/span><br><span class=\"einsatz-time\"><strong>Uhrzeit:<\/strong> 12:06<\/span><br><span class=\"einsatz-title\"><strong>Einsatzmeldung:<\/strong> <a href=\"https:\/\/www.ff-sarstedt.de\/stadt\/archive\/einsaetze\/ff-sarstedt-h0-tueroeffnung-53\" rel=\"bookmark\">FF Sarstedt | H0 &#8211; T\u00fcr\u00f6ffnung<\/a><\/span><br><span class=\"einsatz-location\"><strong>Einsatzort:<\/strong> Heisede, Koldinger Weg<\/span><br><span class=\"einsatz-duration\"><strong>Dauer:<\/strong> 1 h<\/span><br><\/td><td class=\"einsatz-column-number\">0122020<\/td><td class=\"einsatz-column-date\">24.01.2020<\/td><td class=\"einsatz-column-time\">12:06<\/td><td class=\"einsatz-column-title\"><a href=\"https:\/\/www.ff-sarstedt.de\/stadt\/archive\/einsaetze\/ff-sarstedt-h0-tueroeffnung-53\" rel=\"bookmark\">FF Sarstedt | H0 &#8211; T\u00fcr\u00f6ffnung<\/a><\/td><td class=\"einsatz-column-location\">Heisede, Koldinger Weg<\/td><td class=\"einsatz-column-duration\">1 h<\/td><td class=\"einsatz-column-annotationImages\"><i class=\"fa-solid fa-camera\" aria-hidden=\"true\" title=\"Bericht enth\u00e4lt keine Bilder\" style=\"color: #bbbbbb;\"><\/i><\/td><\/tr><tr class=\"report\"><td class=\"smallscreen\" colspan=\"7\" data-permalink=\"https:\/\/www.ff-sarstedt.de\/stadt\/archive\/einsaetze\/h3-gebaeudeexplosion\"><div class=\"annotation-icon-bar\"><i class=\"fa-solid fa-camera\" aria-hidden=\"true\" title=\"Bericht enth\u00e4lt keine Bilder\" style=\"color: #bbbbbb;\"><\/i><\/div><span class=\"einsatz-number\"><strong>Nummer:<\/strong> 0112020<\/span><br><span class=\"einsatz-date\"><strong>Datum:<\/strong> 24.01.2020<\/span><br><span class=\"einsatz-time\"><strong>Uhrzeit:<\/strong> 05:51<\/span><br><span class=\"einsatz-title\"><strong>Einsatzmeldung:<\/strong> <a href=\"https:\/\/www.ff-sarstedt.de\/stadt\/archive\/einsaetze\/h3-gebaeudeexplosion\" rel=\"bookmark\">H3 &#8211; Geb\u00e4udeexplosion<\/a><\/span><br><span class=\"einsatz-location\"><strong>Einsatzort:<\/strong> Hildesheim, Franz-Eger-Str.<\/span><br><span class=\"einsatz-duration\"><strong>Dauer:<\/strong> 30 min<\/span><br><\/td><td class=\"einsatz-column-number\">0112020<\/td><td class=\"einsatz-column-date\">24.01.2020<\/td><td class=\"einsatz-column-time\">05:51<\/td><td class=\"einsatz-column-title\"><a href=\"https:\/\/www.ff-sarstedt.de\/stadt\/archive\/einsaetze\/h3-gebaeudeexplosion\" rel=\"bookmark\">H3 &#8211; Geb\u00e4udeexplosion<\/a><\/td><td class=\"einsatz-column-location\">Hildesheim, Franz-Eger-Str.<\/td><td class=\"einsatz-column-duration\">30 min<\/td><td class=\"einsatz-column-annotationImages\"><i class=\"fa-solid fa-camera\" aria-hidden=\"true\" title=\"Bericht enth\u00e4lt keine Bilder\" style=\"color: #bbbbbb;\"><\/i><\/td><\/tr><tr class=\"report\"><td class=\"smallscreen\" colspan=\"7\" data-permalink=\"https:\/\/www.ff-sarstedt.de\/stadt\/archive\/einsaetze\/ff-sarstedt-b1-ausgeloeste-brandmeldeanlage-58\"><div class=\"annotation-icon-bar\"><i class=\"fa-solid fa-camera\" aria-hidden=\"true\" title=\"Bericht enth\u00e4lt keine Bilder\" style=\"color: #bbbbbb;\"><\/i><\/div><span class=\"einsatz-number\"><strong>Nummer:<\/strong> 0102020<\/span><br><span class=\"einsatz-date\"><strong>Datum:<\/strong> 15.01.2020<\/span><br><span class=\"einsatz-time\"><strong>Uhrzeit:<\/strong> 14:14<\/span><br><span class=\"einsatz-title\"><strong>Einsatzmeldung:<\/strong> <a href=\"https:\/\/www.ff-sarstedt.de\/stadt\/archive\/einsaetze\/ff-sarstedt-b1-ausgeloeste-brandmeldeanlage-58\" rel=\"bookmark\">FF Sarstedt | B1 &#8211; Ausgel\u00f6ste Brandmeldeanlage<\/a><\/span><br><span class=\"einsatz-location\"><strong>Einsatzort:<\/strong> Karl-Schiller-Stra\u00dfe<\/span><br><span class=\"einsatz-duration\"><strong>Dauer:<\/strong> 30 min<\/span><br><\/td><td class=\"einsatz-column-number\">0102020<\/td><td class=\"einsatz-column-date\">15.01.2020<\/td><td class=\"einsatz-column-time\">14:14<\/td><td class=\"einsatz-column-title\"><a href=\"https:\/\/www.ff-sarstedt.de\/stadt\/archive\/einsaetze\/ff-sarstedt-b1-ausgeloeste-brandmeldeanlage-58\" rel=\"bookmark\">FF Sarstedt | B1 &#8211; Ausgel\u00f6ste Brandmeldeanlage<\/a><\/td><td class=\"einsatz-column-location\">Karl-Schiller-Stra\u00dfe<\/td><td class=\"einsatz-column-duration\">30 min<\/td><td class=\"einsatz-column-annotationImages\"><i class=\"fa-solid fa-camera\" aria-hidden=\"true\" title=\"Bericht enth\u00e4lt keine Bilder\" style=\"color: #bbbbbb;\"><\/i><\/td><\/tr><tr class=\"report\"><td class=\"smallscreen\" colspan=\"7\" data-permalink=\"https:\/\/www.ff-sarstedt.de\/stadt\/archive\/einsaetze\/ff-sarstedt-b1-ausgeloeste-brandmeldeanlage-57\"><div class=\"annotation-icon-bar\"><i class=\"fa-solid fa-camera\" aria-hidden=\"true\" title=\"Bericht enth\u00e4lt keine Bilder\" style=\"color: #bbbbbb;\"><\/i><\/div><span class=\"einsatz-number\"><strong>Nummer:<\/strong> 0092020<\/span><br><span class=\"einsatz-date\"><strong>Datum:<\/strong> 14.01.2020<\/span><br><span class=\"einsatz-time\"><strong>Uhrzeit:<\/strong> 08:22<\/span><br><span class=\"einsatz-title\"><strong>Einsatzmeldung:<\/strong> <a href=\"https:\/\/www.ff-sarstedt.de\/stadt\/archive\/einsaetze\/ff-sarstedt-b1-ausgeloeste-brandmeldeanlage-57\" rel=\"bookmark\">FF Sarstedt | B1 &#8211; Ausgel\u00f6ste Brandmeldeanlage<\/a><\/span><br><span class=\"einsatz-location\"><strong>Einsatzort:<\/strong> Am Teinkamp<\/span><br><span class=\"einsatz-duration\"><strong>Dauer:<\/strong> 30 min<\/span><br><\/td><td class=\"einsatz-column-number\">0092020<\/td><td class=\"einsatz-column-date\">14.01.2020<\/td><td class=\"einsatz-column-time\">08:22<\/td><td class=\"einsatz-column-title\"><a href=\"https:\/\/www.ff-sarstedt.de\/stadt\/archive\/einsaetze\/ff-sarstedt-b1-ausgeloeste-brandmeldeanlage-57\" rel=\"bookmark\">FF Sarstedt | B1 &#8211; Ausgel\u00f6ste Brandmeldeanlage<\/a><\/td><td class=\"einsatz-column-location\">Am Teinkamp<\/td><td class=\"einsatz-column-duration\">30 min<\/td><td class=\"einsatz-column-annotationImages\"><i class=\"fa-solid fa-camera\" aria-hidden=\"true\" title=\"Bericht enth\u00e4lt keine Bilder\" style=\"color: #bbbbbb;\"><\/i><\/td><\/tr><tr class=\"report\"><td class=\"smallscreen\" colspan=\"7\" data-permalink=\"https:\/\/www.ff-sarstedt.de\/stadt\/archive\/einsaetze\/ff-sarstedt-b0-unrat-2\"><div class=\"annotation-icon-bar\"><i class=\"fa-solid fa-camera\" aria-hidden=\"true\" title=\"Bericht enth\u00e4lt keine Bilder\" style=\"color: #bbbbbb;\"><\/i><\/div><span class=\"einsatz-number\"><strong>Nummer:<\/strong> 0082020<\/span><br><span class=\"einsatz-date\"><strong>Datum:<\/strong> 12.01.2020<\/span><br><span class=\"einsatz-time\"><strong>Uhrzeit:<\/strong> 18:12<\/span><br><span class=\"einsatz-title\"><strong>Einsatzmeldung:<\/strong> <a href=\"https:\/\/www.ff-sarstedt.de\/stadt\/archive\/einsaetze\/ff-sarstedt-b0-unrat-2\" rel=\"bookmark\">FF Sarstedt | B0 &#8211; Unrat<\/a><\/span><br><span class=\"einsatz-location\"><strong>Einsatzort:<\/strong> Holztorstra\u00dfe<\/span><br><span class=\"einsatz-duration\"><strong>Dauer:<\/strong> 30 min<\/span><br><\/td><td class=\"einsatz-column-number\">0082020<\/td><td class=\"einsatz-column-date\">12.01.2020<\/td><td class=\"einsatz-column-time\">18:12<\/td><td class=\"einsatz-column-title\"><a href=\"https:\/\/www.ff-sarstedt.de\/stadt\/archive\/einsaetze\/ff-sarstedt-b0-unrat-2\" rel=\"bookmark\">FF Sarstedt | B0 &#8211; Unrat<\/a><\/td><td class=\"einsatz-column-location\">Holztorstra\u00dfe<\/td><td class=\"einsatz-column-duration\">30 min<\/td><td class=\"einsatz-column-annotationImages\"><i class=\"fa-solid fa-camera\" aria-hidden=\"true\" title=\"Bericht enth\u00e4lt keine Bilder\" style=\"color: #bbbbbb;\"><\/i><\/td><\/tr><tr class=\"report\"><td class=\"smallscreen\" colspan=\"7\" data-permalink=\"https:\/\/www.ff-sarstedt.de\/stadt\/archive\/einsaetze\/ff-sarstedt-b1-ausgeloeste-brandmeldeanlage-56\"><div class=\"annotation-icon-bar\"><i class=\"fa-solid fa-camera\" aria-hidden=\"true\" title=\"Bericht enth\u00e4lt keine Bilder\" style=\"color: #bbbbbb;\"><\/i><\/div><span class=\"einsatz-number\"><strong>Nummer:<\/strong> 0072020<\/span><br><span class=\"einsatz-date\"><strong>Datum:<\/strong> 09.01.2020<\/span><br><span class=\"einsatz-time\"><strong>Uhrzeit:<\/strong> 11:20<\/span><br><span class=\"einsatz-title\"><strong>Einsatzmeldung:<\/strong> <a href=\"https:\/\/www.ff-sarstedt.de\/stadt\/archive\/einsaetze\/ff-sarstedt-b1-ausgeloeste-brandmeldeanlage-56\" rel=\"bookmark\">FF Sarstedt | B1 &#8211; Ausgel\u00f6ste Brandmeldeanlage<\/a><\/span><br><span class=\"einsatz-location\"><strong>Einsatzort:<\/strong> Burgstra\u00dfe<\/span><br><span class=\"einsatz-duration\"><strong>Dauer:<\/strong> 30 min<\/span><br><\/td><td class=\"einsatz-column-number\">0072020<\/td><td class=\"einsatz-column-date\">09.01.2020<\/td><td class=\"einsatz-column-time\">11:20<\/td><td class=\"einsatz-column-title\"><a href=\"https:\/\/www.ff-sarstedt.de\/stadt\/archive\/einsaetze\/ff-sarstedt-b1-ausgeloeste-brandmeldeanlage-56\" rel=\"bookmark\">FF Sarstedt | B1 &#8211; Ausgel\u00f6ste Brandmeldeanlage<\/a><\/td><td class=\"einsatz-column-location\">Burgstra\u00dfe<\/td><td class=\"einsatz-column-duration\">30 min<\/td><td class=\"einsatz-column-annotationImages\"><i class=\"fa-solid fa-camera\" aria-hidden=\"true\" title=\"Bericht enth\u00e4lt keine Bilder\" style=\"color: #bbbbbb;\"><\/i><\/td><\/tr><tr class=\"report\"><td class=\"smallscreen\" colspan=\"7\" data-permalink=\"https:\/\/www.ff-sarstedt.de\/stadt\/archive\/einsaetze\/ff-sarstedt-h0-oel-nach-vu-3\"><div class=\"annotation-icon-bar\"><i class=\"fa-solid fa-camera\" aria-hidden=\"true\" title=\"Bericht enth\u00e4lt keine Bilder\" style=\"color: #bbbbbb;\"><\/i><\/div><span class=\"einsatz-number\"><strong>Nummer:<\/strong> 0062020<\/span><br><span class=\"einsatz-date\"><strong>Datum:<\/strong> 07.01.2020<\/span><br><span class=\"einsatz-time\"><strong>Uhrzeit:<\/strong> 13:39<\/span><br><span class=\"einsatz-title\"><strong>Einsatzmeldung:<\/strong> <a href=\"https:\/\/www.ff-sarstedt.de\/stadt\/archive\/einsaetze\/ff-sarstedt-h0-oel-nach-vu-3\" rel=\"bookmark\">FF Sarstedt | H0 &#8211; \u00d6l nach VU<\/a><\/span><br><span class=\"einsatz-location\"><strong>Einsatzort:<\/strong> Weberstra\u00dfe<\/span><br><span class=\"einsatz-duration\"><strong>Dauer:<\/strong> 30 min<\/span><br><\/td><td class=\"einsatz-column-number\">0062020<\/td><td class=\"einsatz-column-date\">07.01.2020<\/td><td class=\"einsatz-column-time\">13:39<\/td><td class=\"einsatz-column-title\"><a href=\"https:\/\/www.ff-sarstedt.de\/stadt\/archive\/einsaetze\/ff-sarstedt-h0-oel-nach-vu-3\" rel=\"bookmark\">FF Sarstedt | H0 &#8211; \u00d6l nach VU<\/a><\/td><td class=\"einsatz-column-location\">Weberstra\u00dfe<\/td><td class=\"einsatz-column-duration\">30 min<\/td><td class=\"einsatz-column-annotationImages\"><i class=\"fa-solid fa-camera\" aria-hidden=\"true\" title=\"Bericht enth\u00e4lt keine Bilder\" style=\"color: #bbbbbb;\"><\/i><\/td><\/tr><tr class=\"report\"><td class=\"smallscreen\" colspan=\"7\" data-permalink=\"https:\/\/www.ff-sarstedt.de\/stadt\/archive\/einsaetze\/ff-sarstedt-h0-oelspur-20\"><div class=\"annotation-icon-bar\"><i class=\"fa-solid fa-camera\" aria-hidden=\"true\" title=\"Bericht enth\u00e4lt keine Bilder\" style=\"color: #bbbbbb;\"><\/i><\/div><span class=\"einsatz-number\"><strong>Nummer:<\/strong> 0052020<\/span><br><span class=\"einsatz-date\"><strong>Datum:<\/strong> 04.01.2020<\/span><br><span class=\"einsatz-time\"><strong>Uhrzeit:<\/strong> 16:12<\/span><br><span class=\"einsatz-title\"><strong>Einsatzmeldung:<\/strong> <a href=\"https:\/\/www.ff-sarstedt.de\/stadt\/archive\/einsaetze\/ff-sarstedt-h0-oelspur-20\" rel=\"bookmark\">FF Sarstedt | H0 &#8211; \u00d6lspur<\/a><\/span><br><span class=\"einsatz-location\"><strong>Einsatzort:<\/strong> Wellweg<\/span><br><span class=\"einsatz-duration\"><strong>Dauer:<\/strong> 30 min<\/span><br><\/td><td class=\"einsatz-column-number\">0052020<\/td><td class=\"einsatz-column-date\">04.01.2020<\/td><td class=\"einsatz-column-time\">16:12<\/td><td class=\"einsatz-column-title\"><a href=\"https:\/\/www.ff-sarstedt.de\/stadt\/archive\/einsaetze\/ff-sarstedt-h0-oelspur-20\" rel=\"bookmark\">FF Sarstedt | H0 &#8211; \u00d6lspur<\/a><\/td><td class=\"einsatz-column-location\">Wellweg<\/td><td class=\"einsatz-column-duration\">30 min<\/td><td class=\"einsatz-column-annotationImages\"><i class=\"fa-solid fa-camera\" aria-hidden=\"true\" title=\"Bericht enth\u00e4lt keine Bilder\" style=\"color: #bbbbbb;\"><\/i><\/td><\/tr><tr class=\"report\"><td class=\"smallscreen\" colspan=\"7\" data-permalink=\"https:\/\/www.ff-sarstedt.de\/stadt\/archive\/einsaetze\/ff-sarstedt-b1-gartenlaubenbrand\"><div class=\"annotation-icon-bar\"><i class=\"fa-solid fa-camera\" aria-hidden=\"true\" title=\"Bericht enth\u00e4lt keine Bilder\" style=\"color: #bbbbbb;\"><\/i><\/div><span class=\"einsatz-number\"><strong>Nummer:<\/strong> 0042020<\/span><br><span class=\"einsatz-date\"><strong>Datum:<\/strong> 01.01.2020<\/span><br><span class=\"einsatz-time\"><strong>Uhrzeit:<\/strong> 17:58<\/span><br><span class=\"einsatz-title\"><strong>Einsatzmeldung:<\/strong> <a href=\"https:\/\/www.ff-sarstedt.de\/stadt\/archive\/einsaetze\/ff-sarstedt-b1-gartenlaubenbrand\" rel=\"bookmark\">FF Sarstedt | B1 &#8211; Gartenlaubenbrand<\/a><\/span><br><span class=\"einsatz-location\"><strong>Einsatzort:<\/strong> Beethovenstra\u00dfe<\/span><br><span class=\"einsatz-duration\"><strong>Dauer:<\/strong> 1 h<\/span><br><\/td><td class=\"einsatz-column-number\">0042020<\/td><td class=\"einsatz-column-date\">01.01.2020<\/td><td class=\"einsatz-column-time\">17:58<\/td><td class=\"einsatz-column-title\"><a href=\"https:\/\/www.ff-sarstedt.de\/stadt\/archive\/einsaetze\/ff-sarstedt-b1-gartenlaubenbrand\" rel=\"bookmark\">FF Sarstedt | B1 &#8211; Gartenlaubenbrand<\/a><\/td><td class=\"einsatz-column-location\">Beethovenstra\u00dfe<\/td><td class=\"einsatz-column-duration\">1 h<\/td><td class=\"einsatz-column-annotationImages\"><i class=\"fa-solid fa-camera\" aria-hidden=\"true\" title=\"Bericht enth\u00e4lt keine Bilder\" style=\"color: #bbbbbb;\"><\/i><\/td><\/tr><tr class=\"report\"><td class=\"smallscreen\" colspan=\"7\" data-permalink=\"https:\/\/www.ff-sarstedt.de\/stadt\/archive\/einsaetze\/ff-sarstedt-b0-muelleimerbrand-2\"><div class=\"annotation-icon-bar\"><i class=\"fa-solid fa-camera\" aria-hidden=\"true\" title=\"Bericht enth\u00e4lt keine Bilder\" style=\"color: #bbbbbb;\"><\/i><\/div><span class=\"einsatz-number\"><strong>Nummer:<\/strong> 0032020<\/span><br><span class=\"einsatz-date\"><strong>Datum:<\/strong> 01.01.2020<\/span><br><span class=\"einsatz-time\"><strong>Uhrzeit:<\/strong> 01:49<\/span><br><span class=\"einsatz-title\"><strong>Einsatzmeldung:<\/strong> <a href=\"https:\/\/www.ff-sarstedt.de\/stadt\/archive\/einsaetze\/ff-sarstedt-b0-muelleimerbrand-2\" rel=\"bookmark\">FF Sarstedt | B0 &#8211; M\u00fclleimerbrand<\/a><\/span><br><span class=\"einsatz-location\"><strong>Einsatzort:<\/strong> Gleiwitzer Weg<\/span><br><span class=\"einsatz-duration\"><strong>Dauer:<\/strong> 30 min<\/span><br><\/td><td class=\"einsatz-column-number\">0032020<\/td><td class=\"einsatz-column-date\">01.01.2020<\/td><td class=\"einsatz-column-time\">01:49<\/td><td class=\"einsatz-column-title\"><a href=\"https:\/\/www.ff-sarstedt.de\/stadt\/archive\/einsaetze\/ff-sarstedt-b0-muelleimerbrand-2\" rel=\"bookmark\">FF Sarstedt | B0 &#8211; M\u00fclleimerbrand<\/a><\/td><td class=\"einsatz-column-location\">Gleiwitzer Weg<\/td><td class=\"einsatz-column-duration\">30 min<\/td><td class=\"einsatz-column-annotationImages\"><i class=\"fa-solid fa-camera\" aria-hidden=\"true\" title=\"Bericht enth\u00e4lt keine Bilder\" style=\"color: #bbbbbb;\"><\/i><\/td><\/tr><tr class=\"report\"><td class=\"smallscreen\" colspan=\"7\" data-permalink=\"https:\/\/www.ff-sarstedt.de\/stadt\/archive\/einsaetze\/ff-sarstedt-b0-hecke\"><div class=\"annotation-icon-bar\"><i class=\"fa-solid fa-camera\" aria-hidden=\"true\" title=\"Bericht enth\u00e4lt keine Bilder\" style=\"color: #bbbbbb;\"><\/i><\/div><span class=\"einsatz-number\"><strong>Nummer:<\/strong> 0022020<\/span><br><span class=\"einsatz-date\"><strong>Datum:<\/strong> 01.01.2020<\/span><br><span class=\"einsatz-time\"><strong>Uhrzeit:<\/strong> 00:31<\/span><br><span class=\"einsatz-title\"><strong>Einsatzmeldung:<\/strong> <a href=\"https:\/\/www.ff-sarstedt.de\/stadt\/archive\/einsaetze\/ff-sarstedt-b0-hecke\" rel=\"bookmark\">FF Sarstedt | B0 &#8211; Hecke<\/a><\/span><br><span class=\"einsatz-location\"><strong>Einsatzort:<\/strong> Anne-Frank-Str.<\/span><br><span class=\"einsatz-duration\"><strong>Dauer:<\/strong> 29 min<\/span><br><\/td><td class=\"einsatz-column-number\">0022020<\/td><td class=\"einsatz-column-date\">01.01.2020<\/td><td class=\"einsatz-column-time\">00:31<\/td><td class=\"einsatz-column-title\"><a href=\"https:\/\/www.ff-sarstedt.de\/stadt\/archive\/einsaetze\/ff-sarstedt-b0-hecke\" rel=\"bookmark\">FF Sarstedt | B0 &#8211; Hecke<\/a><\/td><td class=\"einsatz-column-location\">Anne-Frank-Str.<\/td><td class=\"einsatz-column-duration\">29 min<\/td><td class=\"einsatz-column-annotationImages\"><i class=\"fa-solid fa-camera\" aria-hidden=\"true\" title=\"Bericht enth\u00e4lt keine Bilder\" style=\"color: #bbbbbb;\"><\/i><\/td><\/tr><tr class=\"report\"><td class=\"smallscreen\" colspan=\"7\" data-permalink=\"https:\/\/www.ff-sarstedt.de\/stadt\/archive\/einsaetze\/ff-sarstedt-b1-flammen-auf-balkon\"><div class=\"annotation-icon-bar\"><i class=\"fa-solid fa-camera\" aria-hidden=\"true\" title=\"Bericht enth\u00e4lt keine Bilder\" style=\"color: #bbbbbb;\"><\/i><\/div><span class=\"einsatz-number\"><strong>Nummer:<\/strong> 0012020<\/span><br><span class=\"einsatz-date\"><strong>Datum:<\/strong> 01.01.2020<\/span><br><span class=\"einsatz-time\"><strong>Uhrzeit:<\/strong> 00:15<\/span><br><span class=\"einsatz-title\"><strong>Einsatzmeldung:<\/strong> <a href=\"https:\/\/www.ff-sarstedt.de\/stadt\/archive\/einsaetze\/ff-sarstedt-b1-flammen-auf-balkon\" rel=\"bookmark\">FF Sarstedt | B1 &#8211; Flammen auf Balkon<\/a><\/span><br><span class=\"einsatz-location\"><strong>Einsatzort:<\/strong> Hildesheim, Wollenweberstr.<\/span><br><span class=\"einsatz-duration\"><strong>Dauer:<\/strong> 25 min<\/span><br><\/td><td class=\"einsatz-column-number\">0012020<\/td><td class=\"einsatz-column-date\">01.01.2020<\/td><td class=\"einsatz-column-time\">00:15<\/td><td class=\"einsatz-column-title\"><a href=\"https:\/\/www.ff-sarstedt.de\/stadt\/archive\/einsaetze\/ff-sarstedt-b1-flammen-auf-balkon\" rel=\"bookmark\">FF Sarstedt | B1 &#8211; Flammen auf Balkon<\/a><\/td><td class=\"einsatz-column-location\">Hildesheim, Wollenweberstr.<\/td><td class=\"einsatz-column-duration\">25 min<\/td><td class=\"einsatz-column-annotationImages\"><i class=\"fa-solid fa-camera\" aria-hidden=\"true\" title=\"Bericht enth\u00e4lt keine Bilder\" style=\"color: #bbbbbb;\"><\/i><\/td><\/tr><\/tbody><\/table>\n","protected":false},"excerpt":{"rendered":"","protected":false},"author":29,"featured_media":0,"parent":7078,"menu_order":15,"comment_status":"closed","ping_status":"closed","template":"","meta":{"_monsterinsights_skip_tracking":false,"_monsterinsights_sitenote_active":false,"_monsterinsights_sitenote_note":"","_monsterinsights_sitenote_category":0,"footnotes":""},"class_list":["post-21765","page","type-page","status-publish","hentry"],"aioseo_notices":[],"_links":{"self":[{"href":"https:\/\/www.ff-sarstedt.de\/stadt\/wp-json\/wp\/v2\/pages\/21765","targetHints":{"allow":["GET"]}}],"collection":[{"href":"https:\/\/www.ff-sarstedt.de\/stadt\/wp-json\/wp\/v2\/pages"}],"about":[{"href":"https:\/\/www.ff-sarstedt.de\/stadt\/wp-json\/wp\/v2\/types\/page"}],"author":[{"embeddable":true,"href":"https:\/\/www.ff-sarstedt.de\/stadt\/wp-json\/wp\/v2\/users\/29"}],"replies":[{"embeddable":true,"href":"https:\/\/www.ff-sarstedt.de\/stadt\/wp-json\/wp\/v2\/comments?post=21765"}],"version-history":[{"count":1,"href":"https:\/\/www.ff-sarstedt.de\/stadt\/wp-json\/wp\/v2\/pages\/21765\/revisions"}],"predecessor-version":[{"id":26970,"href":"https:\/\/www.ff-sarstedt.de\/stadt\/wp-json\/wp\/v2\/pages\/21765\/revisions\/26970"}],"up":[{"embeddable":true,"href":"https:\/\/www.ff-sarstedt.de\/stadt\/wp-json\/wp\/v2\/pages\/7078"}],"wp:attachment":[{"href":"https:\/\/www.ff-sarstedt.de\/stadt\/wp-json\/wp\/v2\/media?parent=21765"}],"curies":[{"name":"wp","href":"https:\/\/api.w.org\/{rel}","templated":true}]}}