{"id":22709,"date":"2020-04-30T11:40:21","date_gmt":"2020-04-30T09:40:21","guid":{"rendered":"http:\/\/www.ff-sarstedt.de\/stadt\/?page_id=22709"},"modified":"2024-01-15T21:46:49","modified_gmt":"2024-01-15T20:46:49","slug":"sarstedt-1","status":"publish","type":"page","link":"https:\/\/www.ff-sarstedt.de\/stadt\/sarstedt-1","title":{"rendered":"Sarstedt"},"content":{"rendered":"\n<p>Herzlich Willkommen bei der Ortsfeuerwehr Sarstedt!<\/p>\n<p>Auf unserer Seite m\u00f6chten wir Ihnen gerne die Ortsfeuerwehr Sarstedt etwas n\u00e4her bringen.<\/p>\n<p style=\"text-align: left;\">Die Ortsfeuerwehr Sarstedt ist die Schwerpunktfeuerwehr innerhalb der Stadtfeuerwehr Sarstedt und stellt einen eigenst\u00e4ndigen L\u00f6schzug. Im Jahr r\u00fccken wir zu etwa 250 Eins\u00e4tzen im Jahr aus. Wir sind neben den ca. 15000 Einwohnern in der Kernstadt Sarstedt auch unterst\u00fctzend f\u00fcr die umliegenden Ortschaften der Stadt Sarstedt mit zust\u00e4ndig. Ebenfalls sind wir \u00fcber\u00f6rtlich beispielsweise mit unserer Drehleiter sowie im Gefahrgutzug Nord 1 im Landkreis Hildesheim eingebunden. Zusammen mit dem 1. Zug der Stadtfeuerwehr sowie der Gemeindefeuerwehr Giesen stellen wir gemeinschaftlich eine Strahlenschutzgruppe f\u00fcr beide Kommunen.<\/p>\n<p>\u00a0<\/p>\n<p>\u00a0<\/p>\n<p>Falls Sie Fragen haben stehen wir Ihnen nat\u00fcrlich gerne zur Verf\u00fcgung!<\/p>\n<p>\u00a0<\/p>\n<div class=\"ueberschrift\">Die letzten Artikel<\/div>\n<div class=\"t4p-blog-shortcode t4p-blog-timeline t4p-blog-pagination\"><div class=\"t4p-posts-container posts-container-pagination\"><div class=\"blog-timeline-layout\"><div class=\"timeline-date hidden-div\"><h3 class=\"timeline-title\" style=\"font-size:13px !important; padding: 0px 5px;\">10.04.2026<\/h3><\/div><div id=\"post-30936\" class=\"blog-timeline t4p-clearfix col-lg-5 col-md-5 col-sm-5 timeline-align-left post-30936 einsatz type-einsatz status-publish has-post-thumbnail hentry category-abteilung category-brandeinsatz category-einsatzabteilung category-einsatz category-ortsfeuerwehr category-sarstedt tag-b1 tag-baum tag-einsatz tag-feuer tag-ortsfeuerwehr-sarstedt tag-sarstedt einsatzart-baum fahrzeug-dlak-3212gl fahrzeug-gw-l1-nachschub-sarstedt fahrzeug-tlf-1625-sarstedt exteinsatzmittel-ftz-gr-duengen exteinsatzmittel-polizei-sarstedt exteinsatzmittel-trecker alarmierungsart-1-gruppe-dme alarmierungsart-tagalarm-sarstedt evw_unit-of-sarstedt\">\n<div class=\"post-content-wrapper\">        <div class=\"t4p-flexslider flexslider post-slideshow\">\r\n                  \r\n            <ul class=\"slides\">\r\n                                    <li>\r\n                        <div class=\"image\" aria-haspopup=\"true\">\r\n                            <img loading=\"lazy\" decoding=\"async\" width=\"1024\" height=\"768\" src=\"https:\/\/www.ff-sarstedt.de\/stadt\/wp-content\/uploads\/2026\/04\/IMG-20260411-WA0007.jpg\" class=\"attachment-full size-full wp-post-image\" alt=\"\" \/>                            <div class=\"image-extras\">\r\n                                <div class=\"image-extras-content\">\r\n                                                                        <a style=\"display:inline-block;\" class=\"icon link-icon\" href=\"https:\/\/www.ff-sarstedt.de\/stadt\/archive\/einsaetze\/b1-brennt-baum\">Permalink<\/a>\r\n                                                                        <a style=\"display:inline-block;\" class=\"icon gallery-icon\" href=\"https:\/\/www.ff-sarstedt.de\/stadt\/wp-content\/uploads\/2026\/04\/IMG-20260411-WA0007.jpg\"  rel=\"lightbox[30686] prettyPhoto[gallery30936]\" title=\"\"><img style=\"display:none;\" alt=\"\" \/>Gallery<\/a>\r\n                                    <br \/><h3><a href=\"https:\/\/www.ff-sarstedt.de\/stadt\/archive\/einsaetze\/b1-brennt-baum\">B1 &#8211; Brennt Baum<\/a><\/h3>\r\n                                    <h4><span class=\"cats\"><a href=\"https:\/\/www.ff-sarstedt.de\/stadt\/cat\/abteilung\" rel=\"tag\">Abteilung<\/a>, <a href=\"https:\/\/www.ff-sarstedt.de\/stadt\/cat\/einsatz\/brandeinsatz\" rel=\"tag\">Brandeinsatz<\/a>, <a href=\"https:\/\/www.ff-sarstedt.de\/stadt\/cat\/abteilung\/einsatzabteilung\" rel=\"tag\">Einsatzabteilung<\/a>, <a href=\"https:\/\/www.ff-sarstedt.de\/stadt\/cat\/einsatz\" rel=\"tag\">Einsatzgeschehen<\/a>, <a href=\"https:\/\/www.ff-sarstedt.de\/stadt\/cat\/ortsfeuerwehr\" rel=\"tag\">Ortsfeuerwehr<\/a>, <a href=\"https:\/\/www.ff-sarstedt.de\/stadt\/cat\/ortsfeuerwehr\/sarstedt\" rel=\"tag\">Sarstedt<\/a><\/span><\/h4>                    \r\n                                <\/div>\r\n                            <\/div>\r\n                        <\/div>\r\n                    <\/li>\r\n                                <\/ul>\r\n        <\/div>\r\n        <div class=\"post-content-container\"><div class=\"timeline-circle\"><\/div><div class=\"timeline-arrow\"><\/div><h2 class=\"entry-title\"><a href=\"https:\/\/www.ff-sarstedt.de\/stadt\/archive\/einsaetze\/b1-brennt-baum\">B1 &#8211; Brennt Baum<\/a><\/h2><div class=\"entry-meta-single\"><p class=\"entry-meta-details\"><span class=\"entry-time\"><span class=\"updated\" style=\"display:none;\">2026-04-11T16:02:25+02:00<\/span><time class=\"published\">10.04.2026<\/time><\/span><span class=\"meta-separator\">|<\/span><\/p><\/div><div class=\"content-sep\"><\/div><div class=\"excerpt-container\"><\/div><p class=\"entry-read-more\"><a class=\"read-more btn t4p-button-default\" href=\"https:\/\/www.ff-sarstedt.de\/stadt\/archive\/einsaetze\/b1-brennt-baum\">Weiterlesen<\/a><\/p><div class=\"t4p-clearfix\"><\/div><\/div><div class=\"t4p-clearfix\"><\/div><\/div>\n<\/div><div id=\"post-30914\" class=\"blog-timeline t4p-clearfix col-lg-5 col-md-5 col-sm-5 timeline-align-right post-30914 einsatz type-einsatz status-publish has-post-thumbnail hentry category-abteilung category-brandeinsatz category-einsatzabteilung category-einsatz category-ortsfeuerwehr category-sarstedt category-stadtfeuerwehr tag-b3 tag-einsatz tag-feuer tag-ortsfeuerwehr-sarstedt tag-sarstedt einsatzart-wohnhausbrandgross fahrzeug-dlak-3212gl fahrzeug-feuerwehrhaus-sarstedt fahrzeug-stbm-sarstedt fahrzeug-tlf-1625-sarstedt exteinsatzmittel-bagger-aus-hannover exteinsatzmittel-dlrg-sarstedt-drohnengruppe exteinsatzmittel-energieversorger-stromgaswasser exteinsatzmittel-ff-algermissen exteinsatzmittel-ff-groess-lobke exteinsatzmittel-ff-luehnde exteinsatzmittel-ff-ummeln exteinsatzmittel-ff-waetzum exteinsatzmittel-ftz-gr-duengen exteinsatzmittel-polizei-sarstedt exteinsatzmittel-rettungsdienst-sarstedt exteinsatzmittel-stv-bal-nord exteinsatzmittel-thw-sarstedt-baufachberater alarmierungsart-1-gruppe-dme alarmierungsart-dme-drehleiter-gruppe alarmierungsart-tagalarm-sarstedt evw_unit-of-sarstedt evw_unit-stadtfeuerwehr-sarstedt\">\n<div class=\"post-content-wrapper\">        <div class=\"t4p-flexslider flexslider post-slideshow\">\r\n                  \r\n            <ul class=\"slides\">\r\n                                    <li>\r\n                        <div class=\"image\" aria-haspopup=\"true\">\r\n                            <img loading=\"lazy\" decoding=\"async\" width=\"1024\" height=\"768\" src=\"https:\/\/www.ff-sarstedt.de\/stadt\/wp-content\/uploads\/2026\/04\/IMG-20260408-WA0037.jpg\" class=\"attachment-full size-full wp-post-image\" alt=\"\" \/>                            <div class=\"image-extras\">\r\n                                <div class=\"image-extras-content\">\r\n                                                                        <a style=\"display:inline-block;\" class=\"icon link-icon\" href=\"https:\/\/www.ff-sarstedt.de\/stadt\/archive\/einsaetze\/b3-wohnhausbrand\">Permalink<\/a>\r\n                                                                        <a style=\"display:inline-block;\" class=\"icon gallery-icon\" href=\"https:\/\/www.ff-sarstedt.de\/stadt\/wp-content\/uploads\/2026\/04\/IMG-20260408-WA0037.jpg\"  rel=\"lightbox[30686] prettyPhoto[gallery30914]\" title=\"\"><img style=\"display:none;\" alt=\"\" \/>Gallery<\/a>\r\n                                    <br \/><h3><a href=\"https:\/\/www.ff-sarstedt.de\/stadt\/archive\/einsaetze\/b3-wohnhausbrand\">B3 &#8211; Wohnhausbrand<\/a><\/h3>\r\n                                    <h4><span class=\"cats\"><a href=\"https:\/\/www.ff-sarstedt.de\/stadt\/cat\/abteilung\" rel=\"tag\">Abteilung<\/a>, <a href=\"https:\/\/www.ff-sarstedt.de\/stadt\/cat\/einsatz\/brandeinsatz\" rel=\"tag\">Brandeinsatz<\/a>, <a href=\"https:\/\/www.ff-sarstedt.de\/stadt\/cat\/abteilung\/einsatzabteilung\" rel=\"tag\">Einsatzabteilung<\/a>, <a href=\"https:\/\/www.ff-sarstedt.de\/stadt\/cat\/einsatz\" rel=\"tag\">Einsatzgeschehen<\/a>, <a href=\"https:\/\/www.ff-sarstedt.de\/stadt\/cat\/ortsfeuerwehr\" rel=\"tag\">Ortsfeuerwehr<\/a>, <a href=\"https:\/\/www.ff-sarstedt.de\/stadt\/cat\/ortsfeuerwehr\/sarstedt\" rel=\"tag\">Sarstedt<\/a>, <a href=\"https:\/\/www.ff-sarstedt.de\/stadt\/cat\/ortsfeuerwehr\/stadtfeuerwehr\" rel=\"tag\">Stadtfeuerwehr<\/a><\/span><\/h4>                    \r\n                                <\/div>\r\n                            <\/div>\r\n                        <\/div>\r\n                    <\/li>\r\n                                <\/ul>\r\n        <\/div>\r\n        <div class=\"post-content-container\"><div class=\"timeline-circle\"><\/div><div class=\"timeline-arrow\"><\/div><h2 class=\"entry-title\"><a href=\"https:\/\/www.ff-sarstedt.de\/stadt\/archive\/einsaetze\/b3-wohnhausbrand\">B3 &#8211; Wohnhausbrand<\/a><\/h2><div class=\"entry-meta-single\"><p class=\"entry-meta-details\"><span class=\"entry-time\"><span class=\"updated\" style=\"display:none;\">2026-04-08T14:15:19+02:00<\/span><time class=\"published\">07.04.2026<\/time><\/span><span class=\"meta-separator\">|<\/span><\/p><\/div><div class=\"content-sep\"><\/div><div class=\"excerpt-container\"><\/div><p class=\"entry-read-more\"><a class=\"read-more btn t4p-button-default\" href=\"https:\/\/www.ff-sarstedt.de\/stadt\/archive\/einsaetze\/b3-wohnhausbrand\">Weiterlesen<\/a><\/p><div class=\"t4p-clearfix\"><\/div><\/div><div class=\"t4p-clearfix\"><\/div><\/div>\n<\/div><div class=\"timeline-date hidden-div\"><h3 class=\"timeline-title\" style=\"font-size:13px !important; padding: 0px 5px;\">26.01.2026<\/h3><\/div><div id=\"post-30732\" class=\"blog-timeline t4p-clearfix col-lg-5 col-md-5 col-sm-5 timeline-align-left post-30732 post type-post status-publish format-standard has-post-thumbnail hentry category-abteilung category-alterskameraden category-einsatzabteilung category-jugendfeuerwehr category-kinderfeuerwehr category-sarstedt\">\n<div class=\"post-content-wrapper\">        <div class=\"t4p-flexslider flexslider post-slideshow\">\r\n                  \r\n            <ul class=\"slides\">\r\n                                    <li>\r\n                        <div class=\"image\" aria-haspopup=\"true\">\r\n                            <img loading=\"lazy\" decoding=\"async\" width=\"2040\" height=\"1536\" src=\"https:\/\/www.ff-sarstedt.de\/stadt\/wp-content\/uploads\/2026\/01\/a571504c-8618-4a72-ac87-132f763b0f85.jpeg\" class=\"attachment-full size-full wp-post-image\" alt=\"\" \/>                            <div class=\"image-extras\">\r\n                                <div class=\"image-extras-content\">\r\n                                                                        <a style=\"display:inline-block;\" class=\"icon link-icon\" href=\"https:\/\/www.ff-sarstedt.de\/stadt\/archive\/30732\">Permalink<\/a>\r\n                                                                        <a style=\"display:inline-block;\" class=\"icon gallery-icon\" href=\"https:\/\/www.ff-sarstedt.de\/stadt\/wp-content\/uploads\/2026\/01\/a571504c-8618-4a72-ac87-132f763b0f85.jpeg\"  rel=\"lightbox[30686] prettyPhoto[gallery30732]\" title=\"\"><img style=\"display:none;\" alt=\"\" \/>Gallery<\/a>\r\n                                    <br \/><h3><a href=\"https:\/\/www.ff-sarstedt.de\/stadt\/archive\/30732\">Jahreshauptversammlung der Ortsfeuerwehr Sarstedt: R\u00fcckblick, Ehrungen und klare Zukunftsbotschaften<\/a><\/h3>\r\n                                    <h4><span class=\"cats\"><a href=\"https:\/\/www.ff-sarstedt.de\/stadt\/cat\/abteilung\" rel=\"tag\">Abteilung<\/a>, <a href=\"https:\/\/www.ff-sarstedt.de\/stadt\/cat\/abteilung\/alterskameraden\" rel=\"tag\">Alterskameraden<\/a>, <a href=\"https:\/\/www.ff-sarstedt.de\/stadt\/cat\/abteilung\/einsatzabteilung\" rel=\"tag\">Einsatzabteilung<\/a>, <a href=\"https:\/\/www.ff-sarstedt.de\/stadt\/cat\/abteilung\/jugendfeuerwehr\" rel=\"tag\">Jugendfeuerwehr<\/a>, <a href=\"https:\/\/www.ff-sarstedt.de\/stadt\/cat\/abteilung\/kinderfeuerwehr\" rel=\"tag\">Kinderfeuerwehr<\/a>, <a href=\"https:\/\/www.ff-sarstedt.de\/stadt\/cat\/ortsfeuerwehr\/sarstedt\" rel=\"tag\">Sarstedt<\/a><\/span><\/h4>                    \r\n                                <\/div>\r\n                            <\/div>\r\n                        <\/div>\r\n                    <\/li>\r\n                                <\/ul>\r\n        <\/div>\r\n        <div class=\"post-content-container\"><div class=\"timeline-circle\"><\/div><div class=\"timeline-arrow\"><\/div><h2 class=\"entry-title\"><a href=\"https:\/\/www.ff-sarstedt.de\/stadt\/archive\/30732\">Jahreshauptversammlung der Ortsfeuerwehr Sarstedt: R\u00fcckblick, Ehrungen und klare Zukunftsbotschaften<\/a><\/h2><div class=\"entry-meta-single\"><p class=\"entry-meta-details\"><span class=\"entry-time\"><span class=\"updated\" style=\"display:none;\">2026-01-26T10:16:12+01:00<\/span><time class=\"published\">26.01.2026<\/time><\/span><span class=\"meta-separator\">|<\/span><\/p><\/div><div class=\"content-sep\"><\/div><div class=\"excerpt-container\"><\/div><p class=\"entry-read-more\"><a class=\"read-more btn t4p-button-default\" href=\"https:\/\/www.ff-sarstedt.de\/stadt\/archive\/30732\">Weiterlesen<\/a><\/p><div class=\"t4p-clearfix\"><\/div><\/div><div class=\"t4p-clearfix\"><\/div><\/div>\n<\/div><div id=\"post-30686\" class=\"blog-timeline t4p-clearfix col-lg-5 col-md-5 col-sm-5 timeline-align-right post-30686 einsatz type-einsatz status-publish has-post-thumbnail hentry category-abteilung category-brandeinsatz category-einsatzabteilung category-einsatz category-giften category-goedringen category-heisede category-hotteln category-ortsfeuerwehr category-ruthe category-sarstedt category-schliekum category-stadtfeuerwehr tag-b3 tag-einsatz tag-feuer tag-ortsfeuerwehr-sarstedt tag-sarstedt einsatzart-industriebetrieb fahrzeug-dlak-3212gl fahrzeug-elw1-sarstedt fahrzeug-feuerwehrhaus-sarstedt fahrzeug-gw-l1-nachschub-sarstedt fahrzeug-hlf-20-hotteln fahrzeug-hlf-20-sarstedt fahrzeug-lf-86-giften fahrzeug-lf-86-goedringen fahrzeug-lf-86-heisede fahrzeug-lf-86-schliekum fahrzeug-mtw-ruthe fahrzeug-mtw-sarstedt fahrzeug-mtw-schliekum fahrzeug-stbm-sarstedt fahrzeug-stellv-stbm-sarstedt-schliekum fahrzeug-tlf-1625-sarstedt fahrzeug-tsf-w-ruthe exteinsatzmittel-ftz-gr-duengen exteinsatzmittel-polizei-sarstedt exteinsatzmittel-rettungsdienst-sarstedt exteinsatzmittel-tog alarmierungsart-dme-sirene-giften alarmierungsart-dme-sirene-goedringen alarmierungsart-dme-sirene-heisede alarmierungsart-dme-sirene-hotteln alarmierungsart-dme-sirene-ruthe alarmierungsart-dme-sirene-schliekum alarmierungsart-dme-gesamt-sarstedt alarmierungsart-tagalarm-sarstedt evw_unit-of-giften evw_unit-of-goedringen evw_unit-of-heisede evw_unit-of-hotteln evw_unit-of-ruthe evw_unit-of-sarstedt evw_unit-of-schliekum evw_unit-stadtfeuerwehr-sarstedt\">\n<div class=\"post-content-wrapper\">        <div class=\"t4p-flexslider flexslider post-slideshow\">\r\n                  \r\n            <ul class=\"slides\">\r\n                                    <li>\r\n                        <div class=\"image\" aria-haspopup=\"true\">\r\n                            <img loading=\"lazy\" decoding=\"async\" width=\"471\" height=\"768\" src=\"https:\/\/www.ff-sarstedt.de\/stadt\/wp-content\/uploads\/2026\/01\/IMG-20260114-WA0026_1.jpg\" class=\"attachment-full size-full wp-post-image\" alt=\"\" \/>                            <div class=\"image-extras\">\r\n                                <div class=\"image-extras-content\">\r\n                                                                        <a style=\"display:inline-block;\" class=\"icon link-icon\" href=\"https:\/\/www.ff-sarstedt.de\/stadt\/archive\/einsaetze\/b3-industriebetrieb\">Permalink<\/a>\r\n                                                                        <a style=\"display:inline-block;\" class=\"icon gallery-icon\" href=\"https:\/\/www.ff-sarstedt.de\/stadt\/wp-content\/uploads\/2026\/01\/IMG-20260114-WA0026_1.jpg\"  rel=\"lightbox[30686] prettyPhoto[gallery30686]\" title=\"\"><img style=\"display:none;\" alt=\"\" \/>Gallery<\/a>\r\n                                    <br \/><h3><a href=\"https:\/\/www.ff-sarstedt.de\/stadt\/archive\/einsaetze\/b3-industriebetrieb\">B3 &#8211; Industriebetrieb<\/a><\/h3>\r\n                                    <h4><span class=\"cats\"><a href=\"https:\/\/www.ff-sarstedt.de\/stadt\/cat\/abteilung\" rel=\"tag\">Abteilung<\/a>, <a href=\"https:\/\/www.ff-sarstedt.de\/stadt\/cat\/einsatz\/brandeinsatz\" rel=\"tag\">Brandeinsatz<\/a>, <a href=\"https:\/\/www.ff-sarstedt.de\/stadt\/cat\/abteilung\/einsatzabteilung\" rel=\"tag\">Einsatzabteilung<\/a>, <a href=\"https:\/\/www.ff-sarstedt.de\/stadt\/cat\/einsatz\" rel=\"tag\">Einsatzgeschehen<\/a>, <a href=\"https:\/\/www.ff-sarstedt.de\/stadt\/cat\/ortsfeuerwehr\/giften\" rel=\"tag\">Giften<\/a>, <a href=\"https:\/\/www.ff-sarstedt.de\/stadt\/cat\/ortsfeuerwehr\/goedringen\" rel=\"tag\">G\u00f6dringen<\/a>, <a href=\"https:\/\/www.ff-sarstedt.de\/stadt\/cat\/ortsfeuerwehr\/heisede\" rel=\"tag\">Heisede<\/a>, <a href=\"https:\/\/www.ff-sarstedt.de\/stadt\/cat\/ortsfeuerwehr\/hotteln\" rel=\"tag\">Hotteln<\/a>, <a href=\"https:\/\/www.ff-sarstedt.de\/stadt\/cat\/ortsfeuerwehr\" rel=\"tag\">Ortsfeuerwehr<\/a>, <a href=\"https:\/\/www.ff-sarstedt.de\/stadt\/cat\/ortsfeuerwehr\/ruthe\" rel=\"tag\">Ruthe<\/a>, <a href=\"https:\/\/www.ff-sarstedt.de\/stadt\/cat\/ortsfeuerwehr\/sarstedt\" rel=\"tag\">Sarstedt<\/a>, <a href=\"https:\/\/www.ff-sarstedt.de\/stadt\/cat\/ortsfeuerwehr\/schliekum\" rel=\"tag\">Schliekum<\/a>, <a href=\"https:\/\/www.ff-sarstedt.de\/stadt\/cat\/ortsfeuerwehr\/stadtfeuerwehr\" rel=\"tag\">Stadtfeuerwehr<\/a><\/span><\/h4>                    \r\n                                <\/div>\r\n                            <\/div>\r\n                        <\/div>\r\n                    <\/li>\r\n                                <\/ul>\r\n        <\/div>\r\n        <div class=\"post-content-container\"><div class=\"timeline-circle\"><\/div><div class=\"timeline-arrow\"><\/div><h2 class=\"entry-title\"><a href=\"https:\/\/www.ff-sarstedt.de\/stadt\/archive\/einsaetze\/b3-industriebetrieb\">B3 &#8211; Industriebetrieb<\/a><\/h2><div class=\"entry-meta-single\"><p class=\"entry-meta-details\"><span class=\"entry-time\"><span class=\"updated\" style=\"display:none;\">2026-01-14T14:31:24+01:00<\/span><time class=\"published\">14.01.2026<\/time><\/span><span class=\"meta-separator\">|<\/span><\/p><\/div><div class=\"content-sep\"><\/div><div class=\"excerpt-container\"><\/div><p class=\"entry-read-more\"><a class=\"read-more btn t4p-button-default\" href=\"https:\/\/www.ff-sarstedt.de\/stadt\/archive\/einsaetze\/b3-industriebetrieb\">Weiterlesen<\/a><\/p><div class=\"t4p-clearfix\"><\/div><\/div><div class=\"t4p-clearfix\"><\/div><\/div>\n<\/div><div class=\"t4p-clearfix\"><\/div><\/div><div class=\"t4p-clearfix\"><\/div><\/div><div class='pagination clearfix'><span class='current'>1<\/span><a href='https:\/\/www.ff-sarstedt.de\/stadt\/wp-json\/wp\/v2\/pages\/22709\/page\/2' class='inactive' >2<\/a><a href='https:\/\/www.ff-sarstedt.de\/stadt\/wp-json\/wp\/v2\/pages\/22709\/page\/3' class='inactive' >3<\/a><a class='pagination-next' href='https:\/\/www.ff-sarstedt.de\/stadt\/wp-json\/wp\/v2\/pages\/22709\/page\/2'>Weiter<span class='page-next'><\/span><\/a><\/div>\n<\/div>\n<p>Ansprechpartner<\/p>\n<table>\n<tbody>\n<tr>\n<td>\n<p><img loading=\"lazy\" decoding=\"async\" class=\"wp-image-22753 size-medium\" src=\"https:\/\/www.ff-sarstedt.de\/stadt\/wp-content\/uploads\/2020\/05\/Kreutzkam-Maik-200x300.jpg\" alt=\"\" width=\"200\" height=\"300\" \/><\/p>\n<\/td>\n<td>\n<h2><b>Ortsbrandmeister<\/b><\/h2>\n<p>Maik Kreutzkam<br \/>Weichsstra\u00dfe 4<br \/>31157 Sarstedt<br \/>Tel.: 05066\/63936<\/p>\n<p>E-Mail: <a href=\"mailto:m.kreutzkam@ff-sarstedt.de\">m.kreutzkam@ff-sarstedt.de<\/a><\/p>\n<\/td>\n<\/tr>\n<\/tbody>\n<\/table>\n<table>\n<tbody>\n<tr>\n<td>\n<p><img loading=\"lazy\" decoding=\"async\" class=\"alignnone wp-image-22927 size-medium\" src=\"https:\/\/www.ff-sarstedt.de\/stadt\/wp-content\/uploads\/2020\/07\/bb411fa3-9b92-4b0d-8aac-acd46fda4d17-200x300.jpg\" alt=\"\" width=\"200\" height=\"300\" \/><\/p>\n<\/td>\n<td>\n<h2><b>stellv. Ortsbrandmeister<\/b><\/h2>\n<p>Sebastian Blaut<br \/>Amselweg 5<br \/>31157 Sarstedt<br \/>Tel.: 05066\/996920<br \/>Mobil: 0173\/8648880<\/p>\n<p>E-Mail: <a href=\"mailto:s.blaut@ff-sarstedt.de\">s.blaut@ff-sarstedt.de<\/a><\/p>\n<\/td>\n<\/tr>\n<\/tbody>\n<\/table>\n","protected":false},"excerpt":{"rendered":"<p>Herzlich Willkommen bei der Ortsfeuerwehr Sarstedt! Auf unserer Seite m\u00f6chten wir Ihnen gerne die Ortsfeuerwehr Sarstedt etwas n\u00e4her bringen. Die Ortsfeuerwehr Sarstedt ist die Schwerpunktfeuerwehr innerhalb der Stadtfeuerwehr Sarstedt und stellt einen eigenst\u00e4ndigen L\u00f6schzug. Im Jahr r\u00fccken wir zu etwa 250 Eins\u00e4tzen im Jahr aus. Wir sind neben den ca. 15000 Einwohnern in der Kernstadt [&hellip;]<\/p>\n","protected":false},"author":18,"featured_media":0,"parent":0,"menu_order":27,"comment_status":"closed","ping_status":"closed","template":"side-navigation.php","meta":{"_monsterinsights_skip_tracking":false,"_monsterinsights_sitenote_active":false,"_monsterinsights_sitenote_note":"","_monsterinsights_sitenote_category":0,"footnotes":""},"class_list":["post-22709","page","type-page","status-publish","hentry"],"aioseo_notices":[],"_links":{"self":[{"href":"https:\/\/www.ff-sarstedt.de\/stadt\/wp-json\/wp\/v2\/pages\/22709","targetHints":{"allow":["GET"]}}],"collection":[{"href":"https:\/\/www.ff-sarstedt.de\/stadt\/wp-json\/wp\/v2\/pages"}],"about":[{"href":"https:\/\/www.ff-sarstedt.de\/stadt\/wp-json\/wp\/v2\/types\/page"}],"author":[{"embeddable":true,"href":"https:\/\/www.ff-sarstedt.de\/stadt\/wp-json\/wp\/v2\/users\/18"}],"replies":[{"embeddable":true,"href":"https:\/\/www.ff-sarstedt.de\/stadt\/wp-json\/wp\/v2\/comments?post=22709"}],"version-history":[{"count":4,"href":"https:\/\/www.ff-sarstedt.de\/stadt\/wp-json\/wp\/v2\/pages\/22709\/revisions"}],"predecessor-version":[{"id":29910,"href":"https:\/\/www.ff-sarstedt.de\/stadt\/wp-json\/wp\/v2\/pages\/22709\/revisions\/29910"}],"wp:attachment":[{"href":"https:\/\/www.ff-sarstedt.de\/stadt\/wp-json\/wp\/v2\/media?parent=22709"}],"curies":[{"name":"wp","href":"https:\/\/api.w.org\/{rel}","templated":true}]}}