{"id":26976,"date":"2024-01-01T00:01:00","date_gmt":"2023-12-31T23:01:00","guid":{"rendered":"https:\/\/www.ff-sarstedt.de\/stadt\/?page_id=26976"},"modified":"2023-01-03T01:09:27","modified_gmt":"2023-01-03T00:09:27","slug":"einsaetze-2024","status":"publish","type":"page","link":"https:\/\/www.ff-sarstedt.de\/stadt\/sarstedt-1\/einsatzabteilung\/einsaetze11\/einsaetze-2024","title":{"rendered":"Eins\u00e4tze 2024"},"content":{"rendered":"<h2>Eins\u00e4tze 2024<\/h2><table class=\"einsatzverwaltung-reportlist\"><tbody><tr class=\"einsatz-title-month\"><td colspan=\"7\">Dezember<\/td><\/tr><tr class=\"einsatz-header\"><th style=\"white-space: nowrap;\">Nummer<\/th><th style=\"white-space: nowrap;\">Datum<\/th><th style=\"white-space: nowrap;\">Uhrzeit<\/th><th style=\"\">Einsatzmeldung<\/th><th style=\"\">Einsatzort<\/th><th style=\"white-space: nowrap;\">Dauer<\/th><th style=\"\"><\/th><\/tr><tr class=\"report\"><td class=\"smallscreen\" colspan=\"7\" data-permalink=\"https:\/\/www.ff-sarstedt.de\/stadt\/archive\/einsaetze\/b1-muelleimerbrand-gefahr-der-ausbreitung\"><div class=\"annotation-icon-bar\"><i class=\"fa-solid fa-camera\" aria-hidden=\"true\" title=\"Bericht enth\u00e4lt keine Bilder\" style=\"color: #bbbbbb;\"><\/i><\/div><span class=\"einsatz-number\"><strong>Nummer:<\/strong> 230\/2024<\/span><br><span class=\"einsatz-date\"><strong>Datum:<\/strong> 31.12.2024<\/span><br><span class=\"einsatz-time\"><strong>Uhrzeit:<\/strong> 23:58<\/span><br><span class=\"einsatz-title\"><strong>Einsatzmeldung:<\/strong> <a href=\"https:\/\/www.ff-sarstedt.de\/stadt\/archive\/einsaetze\/b1-muelleimerbrand-gefahr-der-ausbreitung\" rel=\"bookmark\">B1- M\u00fclleimerbrand (Gefahr der Ausbreitung)<\/a><\/span><br><span class=\"einsatz-location\"><strong>Einsatzort:<\/strong> Saganer Stra\u00dfe<\/span><br><span class=\"einsatz-duration\"><strong>Dauer:<\/strong> 1 h<\/span><br><\/td><td class=\"einsatz-column-number\">230\/2024<\/td><td class=\"einsatz-column-date\">31.12.2024<\/td><td class=\"einsatz-column-time\">23:58<\/td><td class=\"einsatz-column-title\"><a href=\"https:\/\/www.ff-sarstedt.de\/stadt\/archive\/einsaetze\/b1-muelleimerbrand-gefahr-der-ausbreitung\" rel=\"bookmark\">B1- M\u00fclleimerbrand (Gefahr der Ausbreitung)<\/a><\/td><td class=\"einsatz-column-location\">Saganer Stra\u00dfe<\/td><td class=\"einsatz-column-duration\">1 h<\/td><td class=\"einsatz-column-annotationImages\"><i class=\"fa-solid fa-camera\" aria-hidden=\"true\" title=\"Bericht enth\u00e4lt keine Bilder\" style=\"color: #bbbbbb;\"><\/i><\/td><\/tr><tr class=\"report\"><td class=\"smallscreen\" colspan=\"7\" data-permalink=\"https:\/\/www.ff-sarstedt.de\/stadt\/archive\/einsaetze\/h0-tragehilfe-rettungsdienst-8\"><div class=\"annotation-icon-bar\"><i class=\"fa-solid fa-camera\" aria-hidden=\"true\" title=\"Bericht enth\u00e4lt keine Bilder\" style=\"color: #bbbbbb;\"><\/i><\/div><span class=\"einsatz-number\"><strong>Nummer:<\/strong> 229\/2024<\/span><br><span class=\"einsatz-date\"><strong>Datum:<\/strong> 31.12.2024<\/span><br><span class=\"einsatz-time\"><strong>Uhrzeit:<\/strong> 22:36<\/span><br><span class=\"einsatz-title\"><strong>Einsatzmeldung:<\/strong> <a href=\"https:\/\/www.ff-sarstedt.de\/stadt\/archive\/einsaetze\/h0-tragehilfe-rettungsdienst-8\" rel=\"bookmark\">H0-Tragehilfe Rettungsdienst<\/a><\/span><br><span class=\"einsatz-location\"><strong>Einsatzort:<\/strong> Wilhelm-Raabe-Stra\u00dfe<\/span><br><span class=\"einsatz-duration\"><strong>Dauer:<\/strong> 30 min<\/span><br><\/td><td class=\"einsatz-column-number\">229\/2024<\/td><td class=\"einsatz-column-date\">31.12.2024<\/td><td class=\"einsatz-column-time\">22:36<\/td><td class=\"einsatz-column-title\"><a href=\"https:\/\/www.ff-sarstedt.de\/stadt\/archive\/einsaetze\/h0-tragehilfe-rettungsdienst-8\" rel=\"bookmark\">H0-Tragehilfe Rettungsdienst<\/a><\/td><td class=\"einsatz-column-location\">Wilhelm-Raabe-Stra\u00dfe<\/td><td class=\"einsatz-column-duration\">30 min<\/td><td class=\"einsatz-column-annotationImages\"><i class=\"fa-solid fa-camera\" aria-hidden=\"true\" title=\"Bericht enth\u00e4lt keine Bilder\" style=\"color: #bbbbbb;\"><\/i><\/td><\/tr><tr class=\"report\"><td class=\"smallscreen\" colspan=\"7\" data-permalink=\"https:\/\/www.ff-sarstedt.de\/stadt\/archive\/einsaetze\/b0-muelleimerbrand\"><div class=\"annotation-icon-bar\"><i class=\"fa-solid fa-camera\" aria-hidden=\"true\" title=\"Bericht enth\u00e4lt keine Bilder\" style=\"color: #bbbbbb;\"><\/i><\/div><span class=\"einsatz-number\"><strong>Nummer:<\/strong> 228\/2024<\/span><br><span class=\"einsatz-date\"><strong>Datum:<\/strong> 31.12.2024<\/span><br><span class=\"einsatz-time\"><strong>Uhrzeit:<\/strong> 21:50<\/span><br><span class=\"einsatz-title\"><strong>Einsatzmeldung:<\/strong> <a href=\"https:\/\/www.ff-sarstedt.de\/stadt\/archive\/einsaetze\/b0-muelleimerbrand\" rel=\"bookmark\">B0-M\u00fclleimerbrand<\/a><\/span><br><span class=\"einsatz-location\"><strong>Einsatzort:<\/strong> Moorberg<\/span><br><span class=\"einsatz-duration\"><strong>Dauer:<\/strong> 30 min<\/span><br><\/td><td class=\"einsatz-column-number\">228\/2024<\/td><td class=\"einsatz-column-date\">31.12.2024<\/td><td class=\"einsatz-column-time\">21:50<\/td><td class=\"einsatz-column-title\"><a href=\"https:\/\/www.ff-sarstedt.de\/stadt\/archive\/einsaetze\/b0-muelleimerbrand\" rel=\"bookmark\">B0-M\u00fclleimerbrand<\/a><\/td><td class=\"einsatz-column-location\">Moorberg<\/td><td class=\"einsatz-column-duration\">30 min<\/td><td class=\"einsatz-column-annotationImages\"><i class=\"fa-solid fa-camera\" aria-hidden=\"true\" title=\"Bericht enth\u00e4lt keine Bilder\" style=\"color: #bbbbbb;\"><\/i><\/td><\/tr><tr class=\"report\"><td class=\"smallscreen\" colspan=\"7\" data-permalink=\"https:\/\/www.ff-sarstedt.de\/stadt\/archive\/einsaetze\/b1-garagenbrand\"><div class=\"annotation-icon-bar\"><i class=\"fa-solid fa-camera\" aria-hidden=\"true\" title=\"Bericht enth\u00e4lt keine Bilder\" style=\"color: #bbbbbb;\"><\/i><\/div><span class=\"einsatz-number\"><strong>Nummer:<\/strong> 227\/2024<\/span><br><span class=\"einsatz-date\"><strong>Datum:<\/strong> 31.12.2024<\/span><br><span class=\"einsatz-time\"><strong>Uhrzeit:<\/strong> 20:06<\/span><br><span class=\"einsatz-title\"><strong>Einsatzmeldung:<\/strong> <a href=\"https:\/\/www.ff-sarstedt.de\/stadt\/archive\/einsaetze\/b1-garagenbrand\" rel=\"bookmark\">B1-Garagenbrand<\/a><\/span><br><span class=\"einsatz-location\"><strong>Einsatzort:<\/strong> Saganer Stra\u00dfe<\/span><br><span class=\"einsatz-duration\"><strong>Dauer:<\/strong> 30 min<\/span><br><\/td><td class=\"einsatz-column-number\">227\/2024<\/td><td class=\"einsatz-column-date\">31.12.2024<\/td><td class=\"einsatz-column-time\">20:06<\/td><td class=\"einsatz-column-title\"><a href=\"https:\/\/www.ff-sarstedt.de\/stadt\/archive\/einsaetze\/b1-garagenbrand\" rel=\"bookmark\">B1-Garagenbrand<\/a><\/td><td class=\"einsatz-column-location\">Saganer Stra\u00dfe<\/td><td class=\"einsatz-column-duration\">30 min<\/td><td class=\"einsatz-column-annotationImages\"><i class=\"fa-solid fa-camera\" aria-hidden=\"true\" title=\"Bericht enth\u00e4lt keine Bilder\" style=\"color: #bbbbbb;\"><\/i><\/td><\/tr><tr class=\"report\"><td class=\"smallscreen\" colspan=\"7\" data-permalink=\"https:\/\/www.ff-sarstedt.de\/stadt\/archive\/einsaetze\/h0-oelspur-23\"><div class=\"annotation-icon-bar\"><i class=\"fa-solid fa-camera\" aria-hidden=\"true\" title=\"Bericht enth\u00e4lt keine Bilder\" style=\"color: #bbbbbb;\"><\/i><\/div><span class=\"einsatz-number\"><strong>Nummer:<\/strong> 226\/2024<\/span><br><span class=\"einsatz-date\"><strong>Datum:<\/strong> 31.12.2024<\/span><br><span class=\"einsatz-time\"><strong>Uhrzeit:<\/strong> 19:19<\/span><br><span class=\"einsatz-title\"><strong>Einsatzmeldung:<\/strong> <a href=\"https:\/\/www.ff-sarstedt.de\/stadt\/archive\/einsaetze\/h0-oelspur-23\" rel=\"bookmark\">H0 \u2013 \u00d6lspur<\/a><\/span><br><span class=\"einsatz-location\"><strong>Einsatzort:<\/strong> Selma-Lagerl\u00f6f-Stra\u00dfe<\/span><br><span class=\"einsatz-duration\"><strong>Dauer:<\/strong> 47 min<\/span><br><\/td><td class=\"einsatz-column-number\">226\/2024<\/td><td class=\"einsatz-column-date\">31.12.2024<\/td><td class=\"einsatz-column-time\">19:19<\/td><td class=\"einsatz-column-title\"><a href=\"https:\/\/www.ff-sarstedt.de\/stadt\/archive\/einsaetze\/h0-oelspur-23\" rel=\"bookmark\">H0 \u2013 \u00d6lspur<\/a><\/td><td class=\"einsatz-column-location\">Selma-Lagerl\u00f6f-Stra\u00dfe<\/td><td class=\"einsatz-column-duration\">47 min<\/td><td class=\"einsatz-column-annotationImages\"><i class=\"fa-solid fa-camera\" aria-hidden=\"true\" title=\"Bericht enth\u00e4lt keine Bilder\" style=\"color: #bbbbbb;\"><\/i><\/td><\/tr><tr class=\"report\"><td class=\"smallscreen\" colspan=\"7\" data-permalink=\"https:\/\/www.ff-sarstedt.de\/stadt\/archive\/einsaetze\/b0-containerbrand-9\"><div class=\"annotation-icon-bar\"><i class=\"fa-solid fa-camera\" aria-hidden=\"true\" title=\"Bericht enth\u00e4lt keine Bilder\" style=\"color: #bbbbbb;\"><\/i><\/div><span class=\"einsatz-number\"><strong>Nummer:<\/strong> 225\/2024<\/span><br><span class=\"einsatz-date\"><strong>Datum:<\/strong> 30.12.2024<\/span><br><span class=\"einsatz-time\"><strong>Uhrzeit:<\/strong> 22:22<\/span><br><span class=\"einsatz-title\"><strong>Einsatzmeldung:<\/strong> <a href=\"https:\/\/www.ff-sarstedt.de\/stadt\/archive\/einsaetze\/b0-containerbrand-9\" rel=\"bookmark\">B0 \u2013 Containerbrand<\/a><\/span><br><span class=\"einsatz-location\"><strong>Einsatzort:<\/strong> Wellweg<\/span><br><span class=\"einsatz-duration\"><strong>Dauer:<\/strong> 30 min<\/span><br><\/td><td class=\"einsatz-column-number\">225\/2024<\/td><td class=\"einsatz-column-date\">30.12.2024<\/td><td class=\"einsatz-column-time\">22:22<\/td><td class=\"einsatz-column-title\"><a href=\"https:\/\/www.ff-sarstedt.de\/stadt\/archive\/einsaetze\/b0-containerbrand-9\" rel=\"bookmark\">B0 \u2013 Containerbrand<\/a><\/td><td class=\"einsatz-column-location\">Wellweg<\/td><td class=\"einsatz-column-duration\">30 min<\/td><td class=\"einsatz-column-annotationImages\"><i class=\"fa-solid fa-camera\" aria-hidden=\"true\" title=\"Bericht enth\u00e4lt keine Bilder\" style=\"color: #bbbbbb;\"><\/i><\/td><\/tr><tr class=\"report\"><td class=\"smallscreen\" colspan=\"7\" data-permalink=\"https:\/\/www.ff-sarstedt.de\/stadt\/archive\/einsaetze\/h0-tueroeffnung-21\"><div class=\"annotation-icon-bar\"><i class=\"fa-solid fa-camera\" aria-hidden=\"true\" title=\"Bericht enth\u00e4lt keine Bilder\" style=\"color: #bbbbbb;\"><\/i><\/div><span class=\"einsatz-number\"><strong>Nummer:<\/strong> 224\/2024<\/span><br><span class=\"einsatz-date\"><strong>Datum:<\/strong> 28.12.2024<\/span><br><span class=\"einsatz-time\"><strong>Uhrzeit:<\/strong> 14:01<\/span><br><span class=\"einsatz-title\"><strong>Einsatzmeldung:<\/strong> <a href=\"https:\/\/www.ff-sarstedt.de\/stadt\/archive\/einsaetze\/h0-tueroeffnung-21\" rel=\"bookmark\">H0 \u2013 T\u00fcr\u00f6ffnung<\/a><\/span><br><span class=\"einsatz-location\"><strong>Einsatzort:<\/strong> Junkershof, Heisede<\/span><br><span class=\"einsatz-duration\"><strong>Dauer:<\/strong> 1 h<\/span><br><\/td><td class=\"einsatz-column-number\">224\/2024<\/td><td class=\"einsatz-column-date\">28.12.2024<\/td><td class=\"einsatz-column-time\">14:01<\/td><td class=\"einsatz-column-title\"><a href=\"https:\/\/www.ff-sarstedt.de\/stadt\/archive\/einsaetze\/h0-tueroeffnung-21\" rel=\"bookmark\">H0 \u2013 T\u00fcr\u00f6ffnung<\/a><\/td><td class=\"einsatz-column-location\">Junkershof, Heisede<\/td><td class=\"einsatz-column-duration\">1 h<\/td><td class=\"einsatz-column-annotationImages\"><i class=\"fa-solid fa-camera\" aria-hidden=\"true\" title=\"Bericht enth\u00e4lt keine Bilder\" style=\"color: #bbbbbb;\"><\/i><\/td><\/tr><tr class=\"report\"><td class=\"smallscreen\" colspan=\"7\" data-permalink=\"https:\/\/www.ff-sarstedt.de\/stadt\/archive\/einsaetze\/b1-ausgeloeste-brandmeldeanlage-31\"><div class=\"annotation-icon-bar\"><i class=\"fa-solid fa-camera\" aria-hidden=\"true\" title=\"Bericht enth\u00e4lt keine Bilder\" style=\"color: #bbbbbb;\"><\/i><\/div><span class=\"einsatz-number\"><strong>Nummer:<\/strong> 223\/2024<\/span><br><span class=\"einsatz-date\"><strong>Datum:<\/strong> 21.12.2024<\/span><br><span class=\"einsatz-time\"><strong>Uhrzeit:<\/strong> 09:13<\/span><br><span class=\"einsatz-title\"><strong>Einsatzmeldung:<\/strong> <a href=\"https:\/\/www.ff-sarstedt.de\/stadt\/archive\/einsaetze\/b1-ausgeloeste-brandmeldeanlage-31\" rel=\"bookmark\">B1 \u2013 Ausgel\u00f6ste Brandmeldeanlage<\/a><\/span><br><span class=\"einsatz-location\"><strong>Einsatzort:<\/strong> Am Teinkamp<\/span><br><span class=\"einsatz-duration\"><strong>Dauer:<\/strong> 1 h<\/span><br><\/td><td class=\"einsatz-column-number\">223\/2024<\/td><td class=\"einsatz-column-date\">21.12.2024<\/td><td class=\"einsatz-column-time\">09:13<\/td><td class=\"einsatz-column-title\"><a href=\"https:\/\/www.ff-sarstedt.de\/stadt\/archive\/einsaetze\/b1-ausgeloeste-brandmeldeanlage-31\" rel=\"bookmark\">B1 \u2013 Ausgel\u00f6ste Brandmeldeanlage<\/a><\/td><td class=\"einsatz-column-location\">Am Teinkamp<\/td><td class=\"einsatz-column-duration\">1 h<\/td><td class=\"einsatz-column-annotationImages\"><i class=\"fa-solid fa-camera\" aria-hidden=\"true\" title=\"Bericht enth\u00e4lt keine Bilder\" style=\"color: #bbbbbb;\"><\/i><\/td><\/tr><tr class=\"report\"><td class=\"smallscreen\" colspan=\"7\" data-permalink=\"https:\/\/www.ff-sarstedt.de\/stadt\/archive\/einsaetze\/h0-tueroeffnung-20\"><div class=\"annotation-icon-bar\"><i class=\"fa-solid fa-camera\" aria-hidden=\"true\" title=\"Bericht enth\u00e4lt keine Bilder\" style=\"color: #bbbbbb;\"><\/i><\/div><span class=\"einsatz-number\"><strong>Nummer:<\/strong> 222\/2024<\/span><br><span class=\"einsatz-date\"><strong>Datum:<\/strong> 20.12.2024<\/span><br><span class=\"einsatz-time\"><strong>Uhrzeit:<\/strong> 19:10<\/span><br><span class=\"einsatz-title\"><strong>Einsatzmeldung:<\/strong> <a href=\"https:\/\/www.ff-sarstedt.de\/stadt\/archive\/einsaetze\/h0-tueroeffnung-20\" rel=\"bookmark\">H0 \u2013 T\u00fcr\u00f6ffnung<\/a><\/span><br><span class=\"einsatz-location\"><strong>Einsatzort:<\/strong> Heinrich-Heine-Str.<\/span><br><span class=\"einsatz-duration\"><strong>Dauer:<\/strong> 1 h<\/span><br><\/td><td class=\"einsatz-column-number\">222\/2024<\/td><td class=\"einsatz-column-date\">20.12.2024<\/td><td class=\"einsatz-column-time\">19:10<\/td><td class=\"einsatz-column-title\"><a href=\"https:\/\/www.ff-sarstedt.de\/stadt\/archive\/einsaetze\/h0-tueroeffnung-20\" rel=\"bookmark\">H0 \u2013 T\u00fcr\u00f6ffnung<\/a><\/td><td class=\"einsatz-column-location\">Heinrich-Heine-Str.<\/td><td class=\"einsatz-column-duration\">1 h<\/td><td class=\"einsatz-column-annotationImages\"><i class=\"fa-solid fa-camera\" aria-hidden=\"true\" title=\"Bericht enth\u00e4lt keine Bilder\" style=\"color: #bbbbbb;\"><\/i><\/td><\/tr><tr class=\"report\"><td class=\"smallscreen\" colspan=\"7\" data-permalink=\"https:\/\/www.ff-sarstedt.de\/stadt\/archive\/einsaetze\/h0-auslaufende-betriebsstoffe-nach-vu-7\"><div class=\"annotation-icon-bar\"><i class=\"fa-solid fa-camera\" aria-hidden=\"true\" title=\"Bericht enth\u00e4lt keine Bilder\" style=\"color: #bbbbbb;\"><\/i><\/div><span class=\"einsatz-number\"><strong>Nummer:<\/strong> 221\/2024<\/span><br><span class=\"einsatz-date\"><strong>Datum:<\/strong> 19.12.2024<\/span><br><span class=\"einsatz-time\"><strong>Uhrzeit:<\/strong> 17:55<\/span><br><span class=\"einsatz-title\"><strong>Einsatzmeldung:<\/strong> <a href=\"https:\/\/www.ff-sarstedt.de\/stadt\/archive\/einsaetze\/h0-auslaufende-betriebsstoffe-nach-vu-7\" rel=\"bookmark\">H0-Auslaufende Betriebsstoffe nach VU<\/a><\/span><br><span class=\"einsatz-location\"><strong>Einsatzort:<\/strong> Breslauer Str. Ecke G\u00f6rlitzer Str.<\/span><br><span class=\"einsatz-duration\"><strong>Dauer:<\/strong> 30 min<\/span><br><\/td><td class=\"einsatz-column-number\">221\/2024<\/td><td class=\"einsatz-column-date\">19.12.2024<\/td><td class=\"einsatz-column-time\">17:55<\/td><td class=\"einsatz-column-title\"><a href=\"https:\/\/www.ff-sarstedt.de\/stadt\/archive\/einsaetze\/h0-auslaufende-betriebsstoffe-nach-vu-7\" rel=\"bookmark\">H0-Auslaufende Betriebsstoffe nach VU<\/a><\/td><td class=\"einsatz-column-location\">Breslauer Str. Ecke G\u00f6rlitzer Str.<\/td><td class=\"einsatz-column-duration\">30 min<\/td><td class=\"einsatz-column-annotationImages\"><i class=\"fa-solid fa-camera\" aria-hidden=\"true\" title=\"Bericht enth\u00e4lt keine Bilder\" style=\"color: #bbbbbb;\"><\/i><\/td><\/tr><tr class=\"report\"><td class=\"smallscreen\" colspan=\"7\" data-permalink=\"https:\/\/www.ff-sarstedt.de\/stadt\/archive\/einsaetze\/b1-ausgeloeste-brandmeldeanlage-30\"><div class=\"annotation-icon-bar\"><i class=\"fa-solid fa-camera\" aria-hidden=\"true\" title=\"Bericht enth\u00e4lt keine Bilder\" style=\"color: #bbbbbb;\"><\/i><\/div><span class=\"einsatz-number\"><strong>Nummer:<\/strong> 220\/2024<\/span><br><span class=\"einsatz-date\"><strong>Datum:<\/strong> 18.12.2024<\/span><br><span class=\"einsatz-time\"><strong>Uhrzeit:<\/strong> 16:33<\/span><br><span class=\"einsatz-title\"><strong>Einsatzmeldung:<\/strong> <a href=\"https:\/\/www.ff-sarstedt.de\/stadt\/archive\/einsaetze\/b1-ausgeloeste-brandmeldeanlage-30\" rel=\"bookmark\">B1 \u2013 Ausgel\u00f6ste Brandmeldeanlage<\/a><\/span><br><span class=\"einsatz-location\"><strong>Einsatzort:<\/strong> Moorberg<\/span><br><span class=\"einsatz-duration\"><strong>Dauer:<\/strong> 30 min<\/span><br><\/td><td class=\"einsatz-column-number\">220\/2024<\/td><td class=\"einsatz-column-date\">18.12.2024<\/td><td class=\"einsatz-column-time\">16:33<\/td><td class=\"einsatz-column-title\"><a href=\"https:\/\/www.ff-sarstedt.de\/stadt\/archive\/einsaetze\/b1-ausgeloeste-brandmeldeanlage-30\" rel=\"bookmark\">B1 \u2013 Ausgel\u00f6ste Brandmeldeanlage<\/a><\/td><td class=\"einsatz-column-location\">Moorberg<\/td><td class=\"einsatz-column-duration\">30 min<\/td><td class=\"einsatz-column-annotationImages\"><i class=\"fa-solid fa-camera\" aria-hidden=\"true\" title=\"Bericht enth\u00e4lt keine Bilder\" style=\"color: #bbbbbb;\"><\/i><\/td><\/tr><tr class=\"report\"><td class=\"smallscreen\" colspan=\"7\" data-permalink=\"https:\/\/www.ff-sarstedt.de\/stadt\/archive\/einsaetze\/h0-oelspur-22\"><div class=\"annotation-icon-bar\"><i class=\"fa-solid fa-camera\" aria-hidden=\"true\" title=\"Bericht enth\u00e4lt keine Bilder\" style=\"color: #bbbbbb;\"><\/i><\/div><span class=\"einsatz-number\"><strong>Nummer:<\/strong> 219\/2024<\/span><br><span class=\"einsatz-date\"><strong>Datum:<\/strong> 16.12.2024<\/span><br><span class=\"einsatz-time\"><strong>Uhrzeit:<\/strong> 17:15<\/span><br><span class=\"einsatz-title\"><strong>Einsatzmeldung:<\/strong> <a href=\"https:\/\/www.ff-sarstedt.de\/stadt\/archive\/einsaetze\/h0-oelspur-22\" rel=\"bookmark\">H0 \u2013 \u00d6lspur<\/a><\/span><br><span class=\"einsatz-location\"><strong>Einsatzort:<\/strong> Liegnitzer Stra\u00dfe<\/span><br><span class=\"einsatz-duration\"><strong>Dauer:<\/strong> 30 min<\/span><br><\/td><td class=\"einsatz-column-number\">219\/2024<\/td><td class=\"einsatz-column-date\">16.12.2024<\/td><td class=\"einsatz-column-time\">17:15<\/td><td class=\"einsatz-column-title\"><a href=\"https:\/\/www.ff-sarstedt.de\/stadt\/archive\/einsaetze\/h0-oelspur-22\" rel=\"bookmark\">H0 \u2013 \u00d6lspur<\/a><\/td><td class=\"einsatz-column-location\">Liegnitzer Stra\u00dfe<\/td><td class=\"einsatz-column-duration\">30 min<\/td><td class=\"einsatz-column-annotationImages\"><i class=\"fa-solid fa-camera\" aria-hidden=\"true\" title=\"Bericht enth\u00e4lt keine Bilder\" style=\"color: #bbbbbb;\"><\/i><\/td><\/tr><tr class=\"report\"><td class=\"smallscreen\" colspan=\"7\" data-permalink=\"https:\/\/www.ff-sarstedt.de\/stadt\/archive\/einsaetze\/h1-cbrn-gefahrgutunfall-4\"><div class=\"annotation-icon-bar\"><i class=\"fa-solid fa-camera\" aria-hidden=\"true\" title=\"Bericht enth\u00e4lt keine Bilder\" style=\"color: #bbbbbb;\"><\/i><\/div><span class=\"einsatz-number\"><strong>Nummer:<\/strong> 218\/2024<\/span><br><span class=\"einsatz-date\"><strong>Datum:<\/strong> 16.12.2024<\/span><br><span class=\"einsatz-time\"><strong>Uhrzeit:<\/strong> 11:26<\/span><br><span class=\"einsatz-title\"><strong>Einsatzmeldung:<\/strong> <a href=\"https:\/\/www.ff-sarstedt.de\/stadt\/archive\/einsaetze\/h1-cbrn-gefahrgutunfall-4\" rel=\"bookmark\">H1 \u2013 CBRN Auslaufende Kraftstoffe aus LKW<\/a><\/span><br><span class=\"einsatz-location\"><strong>Einsatzort:<\/strong> B6 Gleidingen -> Sarstedt<\/span><br><span class=\"einsatz-duration\"><strong>Dauer:<\/strong> 4 h 30 min<\/span><br><\/td><td class=\"einsatz-column-number\">218\/2024<\/td><td class=\"einsatz-column-date\">16.12.2024<\/td><td class=\"einsatz-column-time\">11:26<\/td><td class=\"einsatz-column-title\"><a href=\"https:\/\/www.ff-sarstedt.de\/stadt\/archive\/einsaetze\/h1-cbrn-gefahrgutunfall-4\" rel=\"bookmark\">H1 \u2013 CBRN Auslaufende Kraftstoffe aus LKW<\/a><\/td><td class=\"einsatz-column-location\">B6 Gleidingen -> Sarstedt<\/td><td class=\"einsatz-column-duration\">4 h 30 min<\/td><td class=\"einsatz-column-annotationImages\"><i class=\"fa-solid fa-camera\" aria-hidden=\"true\" title=\"Bericht enth\u00e4lt keine Bilder\" style=\"color: #bbbbbb;\"><\/i><\/td><\/tr><tr class=\"report\"><td class=\"smallscreen\" colspan=\"7\" data-permalink=\"https:\/\/www.ff-sarstedt.de\/stadt\/archive\/einsaetze\/h0-oelspur-21\"><div class=\"annotation-icon-bar\"><i class=\"fa-solid fa-camera\" aria-hidden=\"true\" title=\"Bericht enth\u00e4lt keine Bilder\" style=\"color: #bbbbbb;\"><\/i><\/div><span class=\"einsatz-number\"><strong>Nummer:<\/strong> 217\/2024<\/span><br><span class=\"einsatz-date\"><strong>Datum:<\/strong> 13.12.2024<\/span><br><span class=\"einsatz-time\"><strong>Uhrzeit:<\/strong> 19:08<\/span><br><span class=\"einsatz-title\"><strong>Einsatzmeldung:<\/strong> <a href=\"https:\/\/www.ff-sarstedt.de\/stadt\/archive\/einsaetze\/h0-oelspur-21\" rel=\"bookmark\">H0 \u2013 \u00d6lspur<\/a><\/span><br><span class=\"einsatz-location\"><strong>Einsatzort:<\/strong> Liegnitzer Stra\u00dfe<\/span><br><span class=\"einsatz-duration\"><strong>Dauer:<\/strong> 1 h<\/span><br><\/td><td class=\"einsatz-column-number\">217\/2024<\/td><td class=\"einsatz-column-date\">13.12.2024<\/td><td class=\"einsatz-column-time\">19:08<\/td><td class=\"einsatz-column-title\"><a href=\"https:\/\/www.ff-sarstedt.de\/stadt\/archive\/einsaetze\/h0-oelspur-21\" rel=\"bookmark\">H0 \u2013 \u00d6lspur<\/a><\/td><td class=\"einsatz-column-location\">Liegnitzer Stra\u00dfe<\/td><td class=\"einsatz-column-duration\">1 h<\/td><td class=\"einsatz-column-annotationImages\"><i class=\"fa-solid fa-camera\" aria-hidden=\"true\" title=\"Bericht enth\u00e4lt keine Bilder\" style=\"color: #bbbbbb;\"><\/i><\/td><\/tr><tr class=\"report\"><td class=\"smallscreen\" colspan=\"7\" data-permalink=\"https:\/\/www.ff-sarstedt.de\/stadt\/archive\/einsaetze\/b1-ausgeloeste-brandmeldeanlage-29\"><div class=\"annotation-icon-bar\"><i class=\"fa-solid fa-camera\" aria-hidden=\"true\" title=\"Bericht enth\u00e4lt keine Bilder\" style=\"color: #bbbbbb;\"><\/i><\/div><span class=\"einsatz-number\"><strong>Nummer:<\/strong> 216\/2024<\/span><br><span class=\"einsatz-date\"><strong>Datum:<\/strong> 11.12.2024<\/span><br><span class=\"einsatz-time\"><strong>Uhrzeit:<\/strong> 14:50<\/span><br><span class=\"einsatz-title\"><strong>Einsatzmeldung:<\/strong> <a href=\"https:\/\/www.ff-sarstedt.de\/stadt\/archive\/einsaetze\/b1-ausgeloeste-brandmeldeanlage-29\" rel=\"bookmark\">B1 \u2013 Ausgel\u00f6ste Brandmeldeanlage<\/a><\/span><br><span class=\"einsatz-location\"><strong>Einsatzort:<\/strong> Helperder Str.<\/span><br><span class=\"einsatz-duration\"><strong>Dauer:<\/strong> 30 min<\/span><br><\/td><td class=\"einsatz-column-number\">216\/2024<\/td><td class=\"einsatz-column-date\">11.12.2024<\/td><td class=\"einsatz-column-time\">14:50<\/td><td class=\"einsatz-column-title\"><a href=\"https:\/\/www.ff-sarstedt.de\/stadt\/archive\/einsaetze\/b1-ausgeloeste-brandmeldeanlage-29\" rel=\"bookmark\">B1 \u2013 Ausgel\u00f6ste Brandmeldeanlage<\/a><\/td><td class=\"einsatz-column-location\">Helperder Str.<\/td><td class=\"einsatz-column-duration\">30 min<\/td><td class=\"einsatz-column-annotationImages\"><i class=\"fa-solid fa-camera\" aria-hidden=\"true\" title=\"Bericht enth\u00e4lt keine Bilder\" style=\"color: #bbbbbb;\"><\/i><\/td><\/tr><tr class=\"report\"><td class=\"smallscreen\" colspan=\"7\" data-permalink=\"https:\/\/www.ff-sarstedt.de\/stadt\/archive\/einsaetze\/h1-cbrn-gefahrgutunfall-3\"><div class=\"annotation-icon-bar\"><i class=\"fa-solid fa-camera\" aria-hidden=\"true\" title=\"Bericht enth\u00e4lt keine Bilder\" style=\"color: #bbbbbb;\"><\/i><\/div><span class=\"einsatz-number\"><strong>Nummer:<\/strong> 215\/2024<\/span><br><span class=\"einsatz-date\"><strong>Datum:<\/strong> 11.12.2024<\/span><br><span class=\"einsatz-time\"><strong>Uhrzeit:<\/strong> 06:27<\/span><br><span class=\"einsatz-title\"><strong>Einsatzmeldung:<\/strong> <a href=\"https:\/\/www.ff-sarstedt.de\/stadt\/archive\/einsaetze\/h1-cbrn-gefahrgutunfall-3\" rel=\"bookmark\">H1 \u2013 CBRN Gefahrgutunfall<\/a><\/span><br><span class=\"einsatz-location\"><strong>Einsatzort:<\/strong> Helperder Str.<\/span><br><span class=\"einsatz-duration\"><strong>Dauer:<\/strong> 2 h<\/span><br><\/td><td class=\"einsatz-column-number\">215\/2024<\/td><td class=\"einsatz-column-date\">11.12.2024<\/td><td class=\"einsatz-column-time\">06:27<\/td><td class=\"einsatz-column-title\"><a href=\"https:\/\/www.ff-sarstedt.de\/stadt\/archive\/einsaetze\/h1-cbrn-gefahrgutunfall-3\" rel=\"bookmark\">H1 \u2013 CBRN Gefahrgutunfall<\/a><\/td><td class=\"einsatz-column-location\">Helperder Str.<\/td><td class=\"einsatz-column-duration\">2 h<\/td><td class=\"einsatz-column-annotationImages\"><i class=\"fa-solid fa-camera\" aria-hidden=\"true\" title=\"Bericht enth\u00e4lt keine Bilder\" style=\"color: #bbbbbb;\"><\/i><\/td><\/tr><tr class=\"report\"><td class=\"smallscreen\" colspan=\"7\" data-permalink=\"https:\/\/www.ff-sarstedt.de\/stadt\/archive\/einsaetze\/h1-eingeklemmte-person-2\"><div class=\"annotation-icon-bar\"><i class=\"fa-solid fa-camera\" aria-hidden=\"true\" title=\"Bericht enth\u00e4lt keine Bilder\" style=\"color: #bbbbbb;\"><\/i><\/div><span class=\"einsatz-number\"><strong>Nummer:<\/strong> 214\/2024<\/span><br><span class=\"einsatz-date\"><strong>Datum:<\/strong> 09.12.2024<\/span><br><span class=\"einsatz-time\"><strong>Uhrzeit:<\/strong> 07:46<\/span><br><span class=\"einsatz-title\"><strong>Einsatzmeldung:<\/strong> <a href=\"https:\/\/www.ff-sarstedt.de\/stadt\/archive\/einsaetze\/h1-eingeklemmte-person-2\" rel=\"bookmark\">H1 \u2013 eingeklemmte Person<\/a><\/span><br><span class=\"einsatz-location\"><strong>Einsatzort:<\/strong> Vor der Kirche<\/span><br><span class=\"einsatz-duration\"><strong>Dauer:<\/strong> 30 min<\/span><br><\/td><td class=\"einsatz-column-number\">214\/2024<\/td><td class=\"einsatz-column-date\">09.12.2024<\/td><td class=\"einsatz-column-time\">07:46<\/td><td class=\"einsatz-column-title\"><a href=\"https:\/\/www.ff-sarstedt.de\/stadt\/archive\/einsaetze\/h1-eingeklemmte-person-2\" rel=\"bookmark\">H1 \u2013 eingeklemmte Person<\/a><\/td><td class=\"einsatz-column-location\">Vor der Kirche<\/td><td class=\"einsatz-column-duration\">30 min<\/td><td class=\"einsatz-column-annotationImages\"><i class=\"fa-solid fa-camera\" aria-hidden=\"true\" title=\"Bericht enth\u00e4lt keine Bilder\" style=\"color: #bbbbbb;\"><\/i><\/td><\/tr><tr class=\"report\"><td class=\"smallscreen\" colspan=\"7\" data-permalink=\"https:\/\/www.ff-sarstedt.de\/stadt\/archive\/einsaetze\/b1-ausgeloeste-brandmeldeanlage-28\"><div class=\"annotation-icon-bar\"><i class=\"fa-solid fa-camera\" aria-hidden=\"true\" title=\"Bericht enth\u00e4lt keine Bilder\" style=\"color: #bbbbbb;\"><\/i><\/div><span class=\"einsatz-number\"><strong>Nummer:<\/strong> 213\/2024<\/span><br><span class=\"einsatz-date\"><strong>Datum:<\/strong> 06.12.2024<\/span><br><span class=\"einsatz-time\"><strong>Uhrzeit:<\/strong> 21:18<\/span><br><span class=\"einsatz-title\"><strong>Einsatzmeldung:<\/strong> <a href=\"https:\/\/www.ff-sarstedt.de\/stadt\/archive\/einsaetze\/b1-ausgeloeste-brandmeldeanlage-28\" rel=\"bookmark\">B1 \u2013 Ausgel\u00f6ste Brandmeldeanlage<\/a><\/span><br><span class=\"einsatz-location\"><strong>Einsatzort:<\/strong> Vor der Kirche<\/span><br><span class=\"einsatz-duration\"><strong>Dauer:<\/strong> 30 min<\/span><br><\/td><td class=\"einsatz-column-number\">213\/2024<\/td><td class=\"einsatz-column-date\">06.12.2024<\/td><td class=\"einsatz-column-time\">21:18<\/td><td class=\"einsatz-column-title\"><a href=\"https:\/\/www.ff-sarstedt.de\/stadt\/archive\/einsaetze\/b1-ausgeloeste-brandmeldeanlage-28\" rel=\"bookmark\">B1 \u2013 Ausgel\u00f6ste Brandmeldeanlage<\/a><\/td><td class=\"einsatz-column-location\">Vor der Kirche<\/td><td class=\"einsatz-column-duration\">30 min<\/td><td class=\"einsatz-column-annotationImages\"><i class=\"fa-solid fa-camera\" aria-hidden=\"true\" title=\"Bericht enth\u00e4lt keine Bilder\" style=\"color: #bbbbbb;\"><\/i><\/td><\/tr><tr class=\"report\"><td class=\"smallscreen\" colspan=\"7\" data-permalink=\"https:\/\/www.ff-sarstedt.de\/stadt\/archive\/einsaetze\/h1-eingeklemmte-person\"><div class=\"annotation-icon-bar\"><i class=\"fa-solid fa-camera\" aria-hidden=\"true\" title=\"Bericht enth\u00e4lt keine Bilder\" style=\"color: #bbbbbb;\"><\/i><\/div><span class=\"einsatz-number\"><strong>Nummer:<\/strong> 212\/2024<\/span><br><span class=\"einsatz-date\"><strong>Datum:<\/strong> 06.12.2024<\/span><br><span class=\"einsatz-time\"><strong>Uhrzeit:<\/strong> 16:03<\/span><br><span class=\"einsatz-title\"><strong>Einsatzmeldung:<\/strong> <a href=\"https:\/\/www.ff-sarstedt.de\/stadt\/archive\/einsaetze\/h1-eingeklemmte-person\" rel=\"bookmark\">H1 &#8211; eingeklemmte Person<\/a><\/span><br><span class=\"einsatz-location\"><strong>Einsatzort:<\/strong> BAB 7 FR S\u00fcd<\/span><br><span class=\"einsatz-duration\"><strong>Dauer:<\/strong> 30 min<\/span><br><\/td><td class=\"einsatz-column-number\">212\/2024<\/td><td class=\"einsatz-column-date\">06.12.2024<\/td><td class=\"einsatz-column-time\">16:03<\/td><td class=\"einsatz-column-title\"><a href=\"https:\/\/www.ff-sarstedt.de\/stadt\/archive\/einsaetze\/h1-eingeklemmte-person\" rel=\"bookmark\">H1 &#8211; eingeklemmte Person<\/a><\/td><td class=\"einsatz-column-location\">BAB 7 FR S\u00fcd<\/td><td class=\"einsatz-column-duration\">30 min<\/td><td class=\"einsatz-column-annotationImages\"><i class=\"fa-solid fa-camera\" aria-hidden=\"true\" title=\"Bericht enth\u00e4lt keine Bilder\" style=\"color: #bbbbbb;\"><\/i><\/td><\/tr><tr class=\"report\"><td class=\"smallscreen\" colspan=\"7\" data-permalink=\"https:\/\/www.ff-sarstedt.de\/stadt\/archive\/einsaetze\/b1-ausgeloeste-brandmeldeanlage-27\"><div class=\"annotation-icon-bar\"><i class=\"fa-solid fa-camera\" aria-hidden=\"true\" title=\"Bericht enth\u00e4lt keine Bilder\" style=\"color: #bbbbbb;\"><\/i><\/div><span class=\"einsatz-number\"><strong>Nummer:<\/strong> 211\/2024<\/span><br><span class=\"einsatz-date\"><strong>Datum:<\/strong> 05.12.2024<\/span><br><span class=\"einsatz-time\"><strong>Uhrzeit:<\/strong> 10:54<\/span><br><span class=\"einsatz-title\"><strong>Einsatzmeldung:<\/strong> <a href=\"https:\/\/www.ff-sarstedt.de\/stadt\/archive\/einsaetze\/b1-ausgeloeste-brandmeldeanlage-27\" rel=\"bookmark\">B1 \u2013 Ausgel\u00f6ste Brandmeldeanlage<\/a><\/span><br><span class=\"einsatz-location\"><strong>Einsatzort:<\/strong> Im Kirchenfelde<\/span><br><span class=\"einsatz-duration\"><strong>Dauer:<\/strong> 1 h<\/span><br><\/td><td class=\"einsatz-column-number\">211\/2024<\/td><td class=\"einsatz-column-date\">05.12.2024<\/td><td class=\"einsatz-column-time\">10:54<\/td><td class=\"einsatz-column-title\"><a href=\"https:\/\/www.ff-sarstedt.de\/stadt\/archive\/einsaetze\/b1-ausgeloeste-brandmeldeanlage-27\" rel=\"bookmark\">B1 \u2013 Ausgel\u00f6ste Brandmeldeanlage<\/a><\/td><td class=\"einsatz-column-location\">Im Kirchenfelde<\/td><td class=\"einsatz-column-duration\">1 h<\/td><td class=\"einsatz-column-annotationImages\"><i class=\"fa-solid fa-camera\" aria-hidden=\"true\" title=\"Bericht enth\u00e4lt keine Bilder\" style=\"color: #bbbbbb;\"><\/i><\/td><\/tr><tr class=\"report\"><td class=\"smallscreen\" colspan=\"7\" data-permalink=\"https:\/\/www.ff-sarstedt.de\/stadt\/archive\/einsaetze\/h1-gasgeruch-4\"><div class=\"annotation-icon-bar\"><i class=\"fa-solid fa-camera\" aria-hidden=\"true\" title=\"Bericht enth\u00e4lt keine Bilder\" style=\"color: #bbbbbb;\"><\/i><\/div><span class=\"einsatz-number\"><strong>Nummer:<\/strong> 210\/2024<\/span><br><span class=\"einsatz-date\"><strong>Datum:<\/strong> 05.12.2024<\/span><br><span class=\"einsatz-time\"><strong>Uhrzeit:<\/strong> 10:22<\/span><br><span class=\"einsatz-title\"><strong>Einsatzmeldung:<\/strong> <a href=\"https:\/\/www.ff-sarstedt.de\/stadt\/archive\/einsaetze\/h1-gasgeruch-4\" rel=\"bookmark\">H1 &#8211; Gasgeruch<\/a><\/span><br><span class=\"einsatz-location\"><strong>Einsatzort:<\/strong> Liegnitzer Stra\u00dfe<\/span><br><span class=\"einsatz-duration\"><strong>Dauer:<\/strong> 1 h 30 min<\/span><br><\/td><td class=\"einsatz-column-number\">210\/2024<\/td><td class=\"einsatz-column-date\">05.12.2024<\/td><td class=\"einsatz-column-time\">10:22<\/td><td class=\"einsatz-column-title\"><a href=\"https:\/\/www.ff-sarstedt.de\/stadt\/archive\/einsaetze\/h1-gasgeruch-4\" rel=\"bookmark\">H1 &#8211; Gasgeruch<\/a><\/td><td class=\"einsatz-column-location\">Liegnitzer Stra\u00dfe<\/td><td class=\"einsatz-column-duration\">1 h 30 min<\/td><td class=\"einsatz-column-annotationImages\"><i class=\"fa-solid fa-camera\" aria-hidden=\"true\" title=\"Bericht enth\u00e4lt keine Bilder\" style=\"color: #bbbbbb;\"><\/i><\/td><\/tr><tr class=\"report\"><td class=\"smallscreen\" colspan=\"7\" data-permalink=\"https:\/\/www.ff-sarstedt.de\/stadt\/archive\/einsaetze\/b1-pkw-brand-gross\"><div class=\"annotation-icon-bar\"><i class=\"fa-solid fa-camera\" aria-hidden=\"true\" title=\"Bericht enth\u00e4lt keine Bilder\" style=\"color: #bbbbbb;\"><\/i><\/div><span class=\"einsatz-number\"><strong>Nummer:<\/strong> 209\/2024<\/span><br><span class=\"einsatz-date\"><strong>Datum:<\/strong> 02.12.2024<\/span><br><span class=\"einsatz-time\"><strong>Uhrzeit:<\/strong> 01:12<\/span><br><span class=\"einsatz-title\"><strong>Einsatzmeldung:<\/strong> <a href=\"https:\/\/www.ff-sarstedt.de\/stadt\/archive\/einsaetze\/b1-pkw-brand-gross\" rel=\"bookmark\">B1-PKW Brand (gro\u00df)<\/a><\/span><br><span class=\"einsatz-location\"><strong>Einsatzort:<\/strong> Weberstra\u00dfe<\/span><br><span class=\"einsatz-duration\"><strong>Dauer:<\/strong> 2 h 30 min<\/span><br><\/td><td class=\"einsatz-column-number\">209\/2024<\/td><td class=\"einsatz-column-date\">02.12.2024<\/td><td class=\"einsatz-column-time\">01:12<\/td><td class=\"einsatz-column-title\"><a href=\"https:\/\/www.ff-sarstedt.de\/stadt\/archive\/einsaetze\/b1-pkw-brand-gross\" rel=\"bookmark\">B1-PKW Brand (gro\u00df)<\/a><\/td><td class=\"einsatz-column-location\">Weberstra\u00dfe<\/td><td class=\"einsatz-column-duration\">2 h 30 min<\/td><td class=\"einsatz-column-annotationImages\"><i class=\"fa-solid fa-camera\" aria-hidden=\"true\" title=\"Bericht enth\u00e4lt keine Bilder\" style=\"color: #bbbbbb;\"><\/i><\/td><\/tr><tr class=\"einsatz-title-month\"><td colspan=\"7\">November<\/td><\/tr><tr class=\"einsatz-header\"><th style=\"white-space: nowrap;\">Nummer<\/th><th style=\"white-space: nowrap;\">Datum<\/th><th style=\"white-space: nowrap;\">Uhrzeit<\/th><th style=\"\">Einsatzmeldung<\/th><th style=\"\">Einsatzort<\/th><th style=\"white-space: nowrap;\">Dauer<\/th><th style=\"\"><\/th><\/tr><tr class=\"report\"><td class=\"smallscreen\" colspan=\"7\" data-permalink=\"https:\/\/www.ff-sarstedt.de\/stadt\/archive\/einsaetze\/h0-sturmschaden-6\"><div class=\"annotation-icon-bar\"><i class=\"fa-solid fa-camera\" aria-hidden=\"true\" title=\"Bericht enth\u00e4lt keine Bilder\" style=\"color: #bbbbbb;\"><\/i><\/div><span class=\"einsatz-number\"><strong>Nummer:<\/strong> 208\/2024<\/span><br><span class=\"einsatz-date\"><strong>Datum:<\/strong> 29.11.2024<\/span><br><span class=\"einsatz-time\"><strong>Uhrzeit:<\/strong> 17:23<\/span><br><span class=\"einsatz-title\"><strong>Einsatzmeldung:<\/strong> <a href=\"https:\/\/www.ff-sarstedt.de\/stadt\/archive\/einsaetze\/h0-sturmschaden-6\" rel=\"bookmark\">H0-Sturmschaden<\/a><\/span><br><span class=\"einsatz-location\"><strong>Einsatzort:<\/strong> Beverinstra\u00dfe, Gro\u00df F\u00f6rste<\/span><br><span class=\"einsatz-duration\"><strong>Dauer:<\/strong> 1 h<\/span><br><\/td><td class=\"einsatz-column-number\">208\/2024<\/td><td class=\"einsatz-column-date\">29.11.2024<\/td><td class=\"einsatz-column-time\">17:23<\/td><td class=\"einsatz-column-title\"><a href=\"https:\/\/www.ff-sarstedt.de\/stadt\/archive\/einsaetze\/h0-sturmschaden-6\" rel=\"bookmark\">H0-Sturmschaden<\/a><\/td><td class=\"einsatz-column-location\">Beverinstra\u00dfe, Gro\u00df F\u00f6rste<\/td><td class=\"einsatz-column-duration\">1 h<\/td><td class=\"einsatz-column-annotationImages\"><i class=\"fa-solid fa-camera\" aria-hidden=\"true\" title=\"Bericht enth\u00e4lt keine Bilder\" style=\"color: #bbbbbb;\"><\/i><\/td><\/tr><tr class=\"report\"><td class=\"smallscreen\" colspan=\"7\" data-permalink=\"https:\/\/www.ff-sarstedt.de\/stadt\/archive\/einsaetze\/h0-sturmschaden-5\"><div class=\"annotation-icon-bar\"><i class=\"fa-solid fa-camera\" aria-hidden=\"true\" title=\"Bericht enth\u00e4lt keine Bilder\" style=\"color: #bbbbbb;\"><\/i><\/div><span class=\"einsatz-number\"><strong>Nummer:<\/strong> 207\/2024<\/span><br><span class=\"einsatz-date\"><strong>Datum:<\/strong> 27.11.2024<\/span><br><span class=\"einsatz-time\"><strong>Uhrzeit:<\/strong> 22:29<\/span><br><span class=\"einsatz-title\"><strong>Einsatzmeldung:<\/strong> <a href=\"https:\/\/www.ff-sarstedt.de\/stadt\/archive\/einsaetze\/h0-sturmschaden-5\" rel=\"bookmark\">H0-Sturmschaden<\/a><\/span><br><span class=\"einsatz-location\"><strong>Einsatzort:<\/strong> Weichsstrasse<\/span><br><span class=\"einsatz-duration\"><strong>Dauer:<\/strong> 1 h<\/span><br><\/td><td class=\"einsatz-column-number\">207\/2024<\/td><td class=\"einsatz-column-date\">27.11.2024<\/td><td class=\"einsatz-column-time\">22:29<\/td><td class=\"einsatz-column-title\"><a href=\"https:\/\/www.ff-sarstedt.de\/stadt\/archive\/einsaetze\/h0-sturmschaden-5\" rel=\"bookmark\">H0-Sturmschaden<\/a><\/td><td class=\"einsatz-column-location\">Weichsstrasse<\/td><td class=\"einsatz-column-duration\">1 h<\/td><td class=\"einsatz-column-annotationImages\"><i class=\"fa-solid fa-camera\" aria-hidden=\"true\" title=\"Bericht enth\u00e4lt keine Bilder\" style=\"color: #bbbbbb;\"><\/i><\/td><\/tr><tr class=\"report\"><td class=\"smallscreen\" colspan=\"7\" data-permalink=\"https:\/\/www.ff-sarstedt.de\/stadt\/archive\/einsaetze\/b1-containerbrand-mit-gefahr-der-ausbreitung\"><div class=\"annotation-icon-bar\"><i class=\"fa-solid fa-camera\" aria-hidden=\"true\" title=\"Bericht enth\u00e4lt keine Bilder\" style=\"color: #bbbbbb;\"><\/i><\/div><span class=\"einsatz-number\"><strong>Nummer:<\/strong> 206\/2024<\/span><br><span class=\"einsatz-date\"><strong>Datum:<\/strong> 25.11.2024<\/span><br><span class=\"einsatz-time\"><strong>Uhrzeit:<\/strong> 13:29<\/span><br><span class=\"einsatz-title\"><strong>Einsatzmeldung:<\/strong> <a href=\"https:\/\/www.ff-sarstedt.de\/stadt\/archive\/einsaetze\/b1-containerbrand-mit-gefahr-der-ausbreitung\" rel=\"bookmark\">B1-Containerbrand<\/a><\/span><br><span class=\"einsatz-location\"><strong>Einsatzort:<\/strong> Im Kirchenfelde<\/span><br><span class=\"einsatz-duration\"><strong>Dauer:<\/strong> 2 h<\/span><br><\/td><td class=\"einsatz-column-number\">206\/2024<\/td><td class=\"einsatz-column-date\">25.11.2024<\/td><td class=\"einsatz-column-time\">13:29<\/td><td class=\"einsatz-column-title\"><a href=\"https:\/\/www.ff-sarstedt.de\/stadt\/archive\/einsaetze\/b1-containerbrand-mit-gefahr-der-ausbreitung\" rel=\"bookmark\">B1-Containerbrand<\/a><\/td><td class=\"einsatz-column-location\">Im Kirchenfelde<\/td><td class=\"einsatz-column-duration\">2 h<\/td><td class=\"einsatz-column-annotationImages\"><i class=\"fa-solid fa-camera\" aria-hidden=\"true\" title=\"Bericht enth\u00e4lt keine Bilder\" style=\"color: #bbbbbb;\"><\/i><\/td><\/tr><tr class=\"report\"><td class=\"smallscreen\" colspan=\"7\" data-permalink=\"https:\/\/www.ff-sarstedt.de\/stadt\/archive\/einsaetze\/b1-ausgeloeste-brandmeldeanlage-26\"><div class=\"annotation-icon-bar\"><i class=\"fa-solid fa-camera\" aria-hidden=\"true\" title=\"Bericht enth\u00e4lt keine Bilder\" style=\"color: #bbbbbb;\"><\/i><\/div><span class=\"einsatz-number\"><strong>Nummer:<\/strong> 205\/2024<\/span><br><span class=\"einsatz-date\"><strong>Datum:<\/strong> 20.11.2024<\/span><br><span class=\"einsatz-time\"><strong>Uhrzeit:<\/strong> 06:40<\/span><br><span class=\"einsatz-title\"><strong>Einsatzmeldung:<\/strong> <a href=\"https:\/\/www.ff-sarstedt.de\/stadt\/archive\/einsaetze\/b1-ausgeloeste-brandmeldeanlage-26\" rel=\"bookmark\">B1 \u2013 Ausgel\u00f6ste Brandmeldeanlage<\/a><\/span><br><span class=\"einsatz-location\"><strong>Einsatzort:<\/strong> Ziegelbrennerstra\u00dfe<\/span><br><span class=\"einsatz-duration\"><strong>Dauer:<\/strong> 30 min<\/span><br><\/td><td class=\"einsatz-column-number\">205\/2024<\/td><td class=\"einsatz-column-date\">20.11.2024<\/td><td class=\"einsatz-column-time\">06:40<\/td><td class=\"einsatz-column-title\"><a href=\"https:\/\/www.ff-sarstedt.de\/stadt\/archive\/einsaetze\/b1-ausgeloeste-brandmeldeanlage-26\" rel=\"bookmark\">B1 \u2013 Ausgel\u00f6ste Brandmeldeanlage<\/a><\/td><td class=\"einsatz-column-location\">Ziegelbrennerstra\u00dfe<\/td><td class=\"einsatz-column-duration\">30 min<\/td><td class=\"einsatz-column-annotationImages\"><i class=\"fa-solid fa-camera\" aria-hidden=\"true\" title=\"Bericht enth\u00e4lt keine Bilder\" style=\"color: #bbbbbb;\"><\/i><\/td><\/tr><tr class=\"report\"><td class=\"smallscreen\" colspan=\"7\" data-permalink=\"https:\/\/www.ff-sarstedt.de\/stadt\/archive\/einsaetze\/h0-oelspur-20\"><div class=\"annotation-icon-bar\"><i class=\"fa-solid fa-camera\" aria-hidden=\"true\" title=\"Bericht enth\u00e4lt keine Bilder\" style=\"color: #bbbbbb;\"><\/i><\/div><span class=\"einsatz-number\"><strong>Nummer:<\/strong> 204\/2024<\/span><br><span class=\"einsatz-date\"><strong>Datum:<\/strong> 19.11.2024<\/span><br><span class=\"einsatz-time\"><strong>Uhrzeit:<\/strong> 12:50<\/span><br><span class=\"einsatz-title\"><strong>Einsatzmeldung:<\/strong> <a href=\"https:\/\/www.ff-sarstedt.de\/stadt\/archive\/einsaetze\/h0-oelspur-20\" rel=\"bookmark\">H0 \u2013 \u00d6lspur<\/a><\/span><br><span class=\"einsatz-location\"><strong>Einsatzort:<\/strong> An der Stra\u00dfenbahn<\/span><br><span class=\"einsatz-duration\"><strong>Dauer:<\/strong> 50 min<\/span><br><\/td><td class=\"einsatz-column-number\">204\/2024<\/td><td class=\"einsatz-column-date\">19.11.2024<\/td><td class=\"einsatz-column-time\">12:50<\/td><td class=\"einsatz-column-title\"><a href=\"https:\/\/www.ff-sarstedt.de\/stadt\/archive\/einsaetze\/h0-oelspur-20\" rel=\"bookmark\">H0 \u2013 \u00d6lspur<\/a><\/td><td class=\"einsatz-column-location\">An der Stra\u00dfenbahn<\/td><td class=\"einsatz-column-duration\">50 min<\/td><td class=\"einsatz-column-annotationImages\"><i class=\"fa-solid fa-camera\" aria-hidden=\"true\" title=\"Bericht enth\u00e4lt keine Bilder\" style=\"color: #bbbbbb;\"><\/i><\/td><\/tr><tr class=\"report\"><td class=\"smallscreen\" colspan=\"7\" data-permalink=\"https:\/\/www.ff-sarstedt.de\/stadt\/archive\/einsaetze\/b0-pkw-brand-3\"><div class=\"annotation-icon-bar\"><i class=\"fa-solid fa-camera\" aria-hidden=\"true\" title=\"Bericht enth\u00e4lt keine Bilder\" style=\"color: #bbbbbb;\"><\/i><\/div><span class=\"einsatz-number\"><strong>Nummer:<\/strong> 203\/2024<\/span><br><span class=\"einsatz-date\"><strong>Datum:<\/strong> 18.11.2024<\/span><br><span class=\"einsatz-time\"><strong>Uhrzeit:<\/strong> 22:01<\/span><br><span class=\"einsatz-title\"><strong>Einsatzmeldung:<\/strong> <a href=\"https:\/\/www.ff-sarstedt.de\/stadt\/archive\/einsaetze\/b0-pkw-brand-3\" rel=\"bookmark\">B0-PKW Brand<\/a><\/span><br><span class=\"einsatz-location\"><strong>Einsatzort:<\/strong> Weberstra\u00dfe<\/span><br><span class=\"einsatz-duration\"><strong>Dauer:<\/strong> 1 h<\/span><br><\/td><td class=\"einsatz-column-number\">203\/2024<\/td><td class=\"einsatz-column-date\">18.11.2024<\/td><td class=\"einsatz-column-time\">22:01<\/td><td class=\"einsatz-column-title\"><a href=\"https:\/\/www.ff-sarstedt.de\/stadt\/archive\/einsaetze\/b0-pkw-brand-3\" rel=\"bookmark\">B0-PKW Brand<\/a><\/td><td class=\"einsatz-column-location\">Weberstra\u00dfe<\/td><td class=\"einsatz-column-duration\">1 h<\/td><td class=\"einsatz-column-annotationImages\"><i class=\"fa-solid fa-camera\" aria-hidden=\"true\" title=\"Bericht enth\u00e4lt keine Bilder\" style=\"color: #bbbbbb;\"><\/i><\/td><\/tr><tr class=\"report\"><td class=\"smallscreen\" colspan=\"7\" data-permalink=\"https:\/\/www.ff-sarstedt.de\/stadt\/archive\/einsaetze\/h0-tueroeffnung-19\"><div class=\"annotation-icon-bar\"><i class=\"fa-solid fa-camera\" aria-hidden=\"true\" title=\"Bericht enth\u00e4lt keine Bilder\" style=\"color: #bbbbbb;\"><\/i><\/div><span class=\"einsatz-number\"><strong>Nummer:<\/strong> 202\/2024<\/span><br><span class=\"einsatz-date\"><strong>Datum:<\/strong> 17.11.2024<\/span><br><span class=\"einsatz-time\"><strong>Uhrzeit:<\/strong> 22:19<\/span><br><span class=\"einsatz-title\"><strong>Einsatzmeldung:<\/strong> <a href=\"https:\/\/www.ff-sarstedt.de\/stadt\/archive\/einsaetze\/h0-tueroeffnung-19\" rel=\"bookmark\">H0 \u2013 T\u00fcr\u00f6ffnung<\/a><\/span><br><span class=\"einsatz-location\"><strong>Einsatzort:<\/strong> Liegnitzer Stra\u00dfe<\/span><br><span class=\"einsatz-duration\"><strong>Dauer:<\/strong> 1 h<\/span><br><\/td><td class=\"einsatz-column-number\">202\/2024<\/td><td class=\"einsatz-column-date\">17.11.2024<\/td><td class=\"einsatz-column-time\">22:19<\/td><td class=\"einsatz-column-title\"><a href=\"https:\/\/www.ff-sarstedt.de\/stadt\/archive\/einsaetze\/h0-tueroeffnung-19\" rel=\"bookmark\">H0 \u2013 T\u00fcr\u00f6ffnung<\/a><\/td><td class=\"einsatz-column-location\">Liegnitzer Stra\u00dfe<\/td><td class=\"einsatz-column-duration\">1 h<\/td><td class=\"einsatz-column-annotationImages\"><i class=\"fa-solid fa-camera\" aria-hidden=\"true\" title=\"Bericht enth\u00e4lt keine Bilder\" style=\"color: #bbbbbb;\"><\/i><\/td><\/tr><tr class=\"report\"><td class=\"smallscreen\" colspan=\"7\" data-permalink=\"https:\/\/www.ff-sarstedt.de\/stadt\/archive\/einsaetze\/h0-sonstige-hilfeleistung-5\"><div class=\"annotation-icon-bar\"><i class=\"fa-solid fa-camera\" aria-hidden=\"true\" title=\"Bericht enth\u00e4lt keine Bilder\" style=\"color: #bbbbbb;\"><\/i><\/div><span class=\"einsatz-number\"><strong>Nummer:<\/strong> 201\/2024<\/span><br><span class=\"einsatz-date\"><strong>Datum:<\/strong> 17.11.2024<\/span><br><span class=\"einsatz-time\"><strong>Uhrzeit:<\/strong> 17:37<\/span><br><span class=\"einsatz-title\"><strong>Einsatzmeldung:<\/strong> <a href=\"https:\/\/www.ff-sarstedt.de\/stadt\/archive\/einsaetze\/h0-sonstige-hilfeleistung-5\" rel=\"bookmark\">H0-sonstige Hilfeleistung<\/a><\/span><br><span class=\"einsatz-location\"><strong>Einsatzort:<\/strong> Breslauer Str. \/ G\u00f6rlitzer Str.<\/span><br><span class=\"einsatz-duration\"><strong>Dauer:<\/strong> 30 min<\/span><br><\/td><td class=\"einsatz-column-number\">201\/2024<\/td><td class=\"einsatz-column-date\">17.11.2024<\/td><td class=\"einsatz-column-time\">17:37<\/td><td class=\"einsatz-column-title\"><a href=\"https:\/\/www.ff-sarstedt.de\/stadt\/archive\/einsaetze\/h0-sonstige-hilfeleistung-5\" rel=\"bookmark\">H0-sonstige Hilfeleistung<\/a><\/td><td class=\"einsatz-column-location\">Breslauer Str. \/ G\u00f6rlitzer Str.<\/td><td class=\"einsatz-column-duration\">30 min<\/td><td class=\"einsatz-column-annotationImages\"><i class=\"fa-solid fa-camera\" aria-hidden=\"true\" title=\"Bericht enth\u00e4lt keine Bilder\" style=\"color: #bbbbbb;\"><\/i><\/td><\/tr><tr class=\"report\"><td class=\"smallscreen\" colspan=\"7\" data-permalink=\"https:\/\/www.ff-sarstedt.de\/stadt\/archive\/einsaetze\/b1-ausgeloester-heimrauchmelder-16\"><div class=\"annotation-icon-bar\"><i class=\"fa-solid fa-camera\" aria-hidden=\"true\" title=\"Bericht enth\u00e4lt keine Bilder\" style=\"color: #bbbbbb;\"><\/i><\/div><span class=\"einsatz-number\"><strong>Nummer:<\/strong> 200\/2024<\/span><br><span class=\"einsatz-date\"><strong>Datum:<\/strong> 16.11.2024<\/span><br><span class=\"einsatz-time\"><strong>Uhrzeit:<\/strong> 21:03<\/span><br><span class=\"einsatz-title\"><strong>Einsatzmeldung:<\/strong> <a href=\"https:\/\/www.ff-sarstedt.de\/stadt\/archive\/einsaetze\/b1-ausgeloester-heimrauchmelder-16\" rel=\"bookmark\">B1 \u2013 Ausgel\u00f6ster Heimrauchmelder<\/a><\/span><br><span class=\"einsatz-location\"><strong>Einsatzort:<\/strong> Wellweg<\/span><br><span class=\"einsatz-duration\"><strong>Dauer:<\/strong> 50 min<\/span><br><\/td><td class=\"einsatz-column-number\">200\/2024<\/td><td class=\"einsatz-column-date\">16.11.2024<\/td><td class=\"einsatz-column-time\">21:03<\/td><td class=\"einsatz-column-title\"><a href=\"https:\/\/www.ff-sarstedt.de\/stadt\/archive\/einsaetze\/b1-ausgeloester-heimrauchmelder-16\" rel=\"bookmark\">B1 \u2013 Ausgel\u00f6ster Heimrauchmelder<\/a><\/td><td class=\"einsatz-column-location\">Wellweg<\/td><td class=\"einsatz-column-duration\">50 min<\/td><td class=\"einsatz-column-annotationImages\"><i class=\"fa-solid fa-camera\" aria-hidden=\"true\" title=\"Bericht enth\u00e4lt keine Bilder\" style=\"color: #bbbbbb;\"><\/i><\/td><\/tr><tr class=\"report\"><td class=\"smallscreen\" colspan=\"7\" data-permalink=\"https:\/\/www.ff-sarstedt.de\/stadt\/archive\/einsaetze\/b0-pkw-brand-2\"><div class=\"annotation-icon-bar\"><i class=\"fa-solid fa-camera\" aria-hidden=\"true\" title=\"Bericht enth\u00e4lt keine Bilder\" style=\"color: #bbbbbb;\"><\/i><\/div><span class=\"einsatz-number\"><strong>Nummer:<\/strong> 199\/2024<\/span><br><span class=\"einsatz-date\"><strong>Datum:<\/strong> 13.11.2024<\/span><br><span class=\"einsatz-time\"><strong>Uhrzeit:<\/strong> 02:13<\/span><br><span class=\"einsatz-title\"><strong>Einsatzmeldung:<\/strong> <a href=\"https:\/\/www.ff-sarstedt.de\/stadt\/archive\/einsaetze\/b0-pkw-brand-2\" rel=\"bookmark\">B0-PKW Brand<\/a><\/span><br><span class=\"einsatz-location\"><strong>Einsatzort:<\/strong> Oppelner Stra\u00dfe<\/span><br><span class=\"einsatz-duration\"><strong>Dauer:<\/strong> 2 h<\/span><br><\/td><td class=\"einsatz-column-number\">199\/2024<\/td><td class=\"einsatz-column-date\">13.11.2024<\/td><td class=\"einsatz-column-time\">02:13<\/td><td class=\"einsatz-column-title\"><a href=\"https:\/\/www.ff-sarstedt.de\/stadt\/archive\/einsaetze\/b0-pkw-brand-2\" rel=\"bookmark\">B0-PKW Brand<\/a><\/td><td class=\"einsatz-column-location\">Oppelner Stra\u00dfe<\/td><td class=\"einsatz-column-duration\">2 h<\/td><td class=\"einsatz-column-annotationImages\"><i class=\"fa-solid fa-camera\" aria-hidden=\"true\" title=\"Bericht enth\u00e4lt keine Bilder\" style=\"color: #bbbbbb;\"><\/i><\/td><\/tr><tr class=\"report\"><td class=\"smallscreen\" colspan=\"7\" data-permalink=\"https:\/\/www.ff-sarstedt.de\/stadt\/archive\/einsaetze\/h0-amtshilfe-9\"><div class=\"annotation-icon-bar\"><i class=\"fa-solid fa-camera\" aria-hidden=\"true\" title=\"Bericht enth\u00e4lt keine Bilder\" style=\"color: #bbbbbb;\"><\/i><\/div><span class=\"einsatz-number\"><strong>Nummer:<\/strong> 198\/2024<\/span><br><span class=\"einsatz-date\"><strong>Datum:<\/strong> 10.11.2024<\/span><br><span class=\"einsatz-time\"><strong>Uhrzeit:<\/strong> 16:00<\/span><br><span class=\"einsatz-title\"><strong>Einsatzmeldung:<\/strong> <a href=\"https:\/\/www.ff-sarstedt.de\/stadt\/archive\/einsaetze\/h0-amtshilfe-9\" rel=\"bookmark\">H0 \u2013 Amtshilfe<\/a><\/span><br><span class=\"einsatz-location\"><strong>Einsatzort:<\/strong> Vor der Kirche<\/span><br><span class=\"einsatz-duration\"><strong>Dauer:<\/strong> 2 h 55 min<\/span><br><\/td><td class=\"einsatz-column-number\">198\/2024<\/td><td class=\"einsatz-column-date\">10.11.2024<\/td><td class=\"einsatz-column-time\">16:00<\/td><td class=\"einsatz-column-title\"><a href=\"https:\/\/www.ff-sarstedt.de\/stadt\/archive\/einsaetze\/h0-amtshilfe-9\" rel=\"bookmark\">H0 \u2013 Amtshilfe<\/a><\/td><td class=\"einsatz-column-location\">Vor der Kirche<\/td><td class=\"einsatz-column-duration\">2 h 55 min<\/td><td class=\"einsatz-column-annotationImages\"><i class=\"fa-solid fa-camera\" aria-hidden=\"true\" title=\"Bericht enth\u00e4lt keine Bilder\" style=\"color: #bbbbbb;\"><\/i><\/td><\/tr><tr class=\"report\"><td class=\"smallscreen\" colspan=\"7\" data-permalink=\"https:\/\/www.ff-sarstedt.de\/stadt\/archive\/einsaetze\/b1-rauch-aus-gebaeude-3\"><div class=\"annotation-icon-bar\"><i class=\"fa-solid fa-camera\" aria-hidden=\"true\" title=\"Bericht enth\u00e4lt keine Bilder\" style=\"color: #bbbbbb;\"><\/i><\/div><span class=\"einsatz-number\"><strong>Nummer:<\/strong> 197\/2024<\/span><br><span class=\"einsatz-date\"><strong>Datum:<\/strong> 10.11.2024<\/span><br><span class=\"einsatz-time\"><strong>Uhrzeit:<\/strong> 05:57<\/span><br><span class=\"einsatz-title\"><strong>Einsatzmeldung:<\/strong> <a href=\"https:\/\/www.ff-sarstedt.de\/stadt\/archive\/einsaetze\/b1-rauch-aus-gebaeude-3\" rel=\"bookmark\">B1 &#8211; Rauch aus Geb\u00e4ude<\/a><\/span><br><span class=\"einsatz-location\"><strong>Einsatzort:<\/strong> Friedrich-Ebert-Stra\u00dfe<\/span><br><span class=\"einsatz-duration\"><strong>Dauer:<\/strong> 1 h<\/span><br><\/td><td class=\"einsatz-column-number\">197\/2024<\/td><td class=\"einsatz-column-date\">10.11.2024<\/td><td class=\"einsatz-column-time\">05:57<\/td><td class=\"einsatz-column-title\"><a href=\"https:\/\/www.ff-sarstedt.de\/stadt\/archive\/einsaetze\/b1-rauch-aus-gebaeude-3\" rel=\"bookmark\">B1 &#8211; Rauch aus Geb\u00e4ude<\/a><\/td><td class=\"einsatz-column-location\">Friedrich-Ebert-Stra\u00dfe<\/td><td class=\"einsatz-column-duration\">1 h<\/td><td class=\"einsatz-column-annotationImages\"><i class=\"fa-solid fa-camera\" aria-hidden=\"true\" title=\"Bericht enth\u00e4lt keine Bilder\" style=\"color: #bbbbbb;\"><\/i><\/td><\/tr><tr class=\"report\"><td class=\"smallscreen\" colspan=\"7\" data-permalink=\"https:\/\/www.ff-sarstedt.de\/stadt\/archive\/einsaetze\/brandsicherheitswachdienst-2\"><div class=\"annotation-icon-bar\"><i class=\"fa-solid fa-camera\" aria-hidden=\"true\" title=\"Bericht enth\u00e4lt keine Bilder\" style=\"color: #bbbbbb;\"><\/i><\/div><span class=\"einsatz-number\"><strong>Nummer:<\/strong> 196\/2024<\/span><br><span class=\"einsatz-date\"><strong>Datum:<\/strong> 09.11.2024<\/span><br><span class=\"einsatz-time\"><strong>Uhrzeit:<\/strong> 09:00<\/span><br><span class=\"einsatz-title\"><strong>Einsatzmeldung:<\/strong> <a href=\"https:\/\/www.ff-sarstedt.de\/stadt\/archive\/einsaetze\/brandsicherheitswachdienst-2\" rel=\"bookmark\">Brandsicherheitswachdienst<\/a><\/span><br><span class=\"einsatz-location\"><strong>Einsatzort:<\/strong> Wiedemannstra\u00dfe<\/span><br><span class=\"einsatz-duration\"><strong>Dauer:<\/strong> 7 h<\/span><br><\/td><td class=\"einsatz-column-number\">196\/2024<\/td><td class=\"einsatz-column-date\">09.11.2024<\/td><td class=\"einsatz-column-time\">09:00<\/td><td class=\"einsatz-column-title\"><a href=\"https:\/\/www.ff-sarstedt.de\/stadt\/archive\/einsaetze\/brandsicherheitswachdienst-2\" rel=\"bookmark\">Brandsicherheitswachdienst<\/a><\/td><td class=\"einsatz-column-location\">Wiedemannstra\u00dfe<\/td><td class=\"einsatz-column-duration\">7 h<\/td><td class=\"einsatz-column-annotationImages\"><i class=\"fa-solid fa-camera\" aria-hidden=\"true\" title=\"Bericht enth\u00e4lt keine Bilder\" style=\"color: #bbbbbb;\"><\/i><\/td><\/tr><tr class=\"report\"><td class=\"smallscreen\" colspan=\"7\" data-permalink=\"https:\/\/www.ff-sarstedt.de\/stadt\/archive\/einsaetze\/brandsicherheitswachdienst\"><div class=\"annotation-icon-bar\"><i class=\"fa-solid fa-camera\" aria-hidden=\"true\" title=\"Bericht enth\u00e4lt keine Bilder\" style=\"color: #bbbbbb;\"><\/i><\/div><span class=\"einsatz-number\"><strong>Nummer:<\/strong> 195\/2024<\/span><br><span class=\"einsatz-date\"><strong>Datum:<\/strong> 08.11.2024<\/span><br><span class=\"einsatz-time\"><strong>Uhrzeit:<\/strong> 16:00<\/span><br><span class=\"einsatz-title\"><strong>Einsatzmeldung:<\/strong> <a href=\"https:\/\/www.ff-sarstedt.de\/stadt\/archive\/einsaetze\/brandsicherheitswachdienst\" rel=\"bookmark\">H0 \u2013 Amtshilfe<\/a><\/span><br><span class=\"einsatz-location\"><strong>Einsatzort:<\/strong> Weichsstrasse<\/span><br><span class=\"einsatz-duration\"><strong>Dauer:<\/strong> 2 h 55 min<\/span><br><\/td><td class=\"einsatz-column-number\">195\/2024<\/td><td class=\"einsatz-column-date\">08.11.2024<\/td><td class=\"einsatz-column-time\">16:00<\/td><td class=\"einsatz-column-title\"><a href=\"https:\/\/www.ff-sarstedt.de\/stadt\/archive\/einsaetze\/brandsicherheitswachdienst\" rel=\"bookmark\">H0 \u2013 Amtshilfe<\/a><\/td><td class=\"einsatz-column-location\">Weichsstrasse<\/td><td class=\"einsatz-column-duration\">2 h 55 min<\/td><td class=\"einsatz-column-annotationImages\"><i class=\"fa-solid fa-camera\" aria-hidden=\"true\" title=\"Bericht enth\u00e4lt keine Bilder\" style=\"color: #bbbbbb;\"><\/i><\/td><\/tr><tr class=\"report\"><td class=\"smallscreen\" colspan=\"7\" data-permalink=\"https:\/\/www.ff-sarstedt.de\/stadt\/archive\/einsaetze\/brandsicherheitswachdienst-3\"><div class=\"annotation-icon-bar\"><i class=\"fa-solid fa-camera\" aria-hidden=\"true\" title=\"Bericht enth\u00e4lt keine Bilder\" style=\"color: #bbbbbb;\"><\/i><\/div><span class=\"einsatz-number\"><strong>Nummer:<\/strong> 194\/2024<\/span><br><span class=\"einsatz-date\"><strong>Datum:<\/strong> 07.11.2024<\/span><br><span class=\"einsatz-time\"><strong>Uhrzeit:<\/strong> 16:20<\/span><br><span class=\"einsatz-title\"><strong>Einsatzmeldung:<\/strong> <a href=\"https:\/\/www.ff-sarstedt.de\/stadt\/archive\/einsaetze\/brandsicherheitswachdienst-3\" rel=\"bookmark\">H0 &#8211; Amtshilfe<\/a><\/span><br><span class=\"einsatz-location\"><strong>Einsatzort:<\/strong> Innenstadt<\/span><br><span class=\"einsatz-duration\"><strong>Dauer:<\/strong> 3 h<\/span><br><\/td><td class=\"einsatz-column-number\">194\/2024<\/td><td class=\"einsatz-column-date\">07.11.2024<\/td><td class=\"einsatz-column-time\">16:20<\/td><td class=\"einsatz-column-title\"><a href=\"https:\/\/www.ff-sarstedt.de\/stadt\/archive\/einsaetze\/brandsicherheitswachdienst-3\" rel=\"bookmark\">H0 &#8211; Amtshilfe<\/a><\/td><td class=\"einsatz-column-location\">Innenstadt<\/td><td class=\"einsatz-column-duration\">3 h<\/td><td class=\"einsatz-column-annotationImages\"><i class=\"fa-solid fa-camera\" aria-hidden=\"true\" title=\"Bericht enth\u00e4lt keine Bilder\" style=\"color: #bbbbbb;\"><\/i><\/td><\/tr><tr class=\"report\"><td class=\"smallscreen\" colspan=\"7\" data-permalink=\"https:\/\/www.ff-sarstedt.de\/stadt\/archive\/einsaetze\/b1-ausgeloester-heimrauchmelder-15\"><div class=\"annotation-icon-bar\"><i class=\"fa-solid fa-camera\" aria-hidden=\"true\" title=\"Bericht enth\u00e4lt keine Bilder\" style=\"color: #bbbbbb;\"><\/i><\/div><span class=\"einsatz-number\"><strong>Nummer:<\/strong> 193\/2024<\/span><br><span class=\"einsatz-date\"><strong>Datum:<\/strong> 04.11.2024<\/span><br><span class=\"einsatz-time\"><strong>Uhrzeit:<\/strong> 16:31<\/span><br><span class=\"einsatz-title\"><strong>Einsatzmeldung:<\/strong> <a href=\"https:\/\/www.ff-sarstedt.de\/stadt\/archive\/einsaetze\/b1-ausgeloester-heimrauchmelder-15\" rel=\"bookmark\">B1 \u2013 Ausgel\u00f6ster Heimrauchmelder<\/a><\/span><br><span class=\"einsatz-location\"><strong>Einsatzort:<\/strong> Weichsstrasse<\/span><br><span class=\"einsatz-duration\"><strong>Dauer:<\/strong> 30 min<\/span><br><\/td><td class=\"einsatz-column-number\">193\/2024<\/td><td class=\"einsatz-column-date\">04.11.2024<\/td><td class=\"einsatz-column-time\">16:31<\/td><td class=\"einsatz-column-title\"><a href=\"https:\/\/www.ff-sarstedt.de\/stadt\/archive\/einsaetze\/b1-ausgeloester-heimrauchmelder-15\" rel=\"bookmark\">B1 \u2013 Ausgel\u00f6ster Heimrauchmelder<\/a><\/td><td class=\"einsatz-column-location\">Weichsstrasse<\/td><td class=\"einsatz-column-duration\">30 min<\/td><td class=\"einsatz-column-annotationImages\"><i class=\"fa-solid fa-camera\" aria-hidden=\"true\" title=\"Bericht enth\u00e4lt keine Bilder\" style=\"color: #bbbbbb;\"><\/i><\/td><\/tr><tr class=\"report\"><td class=\"smallscreen\" colspan=\"7\" data-permalink=\"https:\/\/www.ff-sarstedt.de\/stadt\/archive\/einsaetze\/b3-feuer-schloss-marienburg-uebung\"><div class=\"annotation-icon-bar\"><i class=\"fa-solid fa-camera\" aria-hidden=\"true\" title=\"Bericht enth\u00e4lt Bilder\" style=\"\"><\/i><\/div><span class=\"einsatz-number\"><strong>Nummer:<\/strong> 192\/2024<\/span><br><span class=\"einsatz-date\"><strong>Datum:<\/strong> 02.11.2024<\/span><br><span class=\"einsatz-time\"><strong>Uhrzeit:<\/strong> 11:24<\/span><br><span class=\"einsatz-title\"><strong>Einsatzmeldung:<\/strong> <a href=\"https:\/\/www.ff-sarstedt.de\/stadt\/archive\/einsaetze\/b3-feuer-schloss-marienburg-uebung\" rel=\"bookmark\">B3 &#8211; Feuer &#8211; Schloss Marienburg (\u00dcbung)<\/a><\/span><br><span class=\"einsatz-location\"><strong>Einsatzort:<\/strong> Pattensen, Marienberg 1<\/span><br><span class=\"einsatz-duration\"><strong>Dauer:<\/strong> 3 h 30 min<\/span><br><\/td><td class=\"einsatz-column-number\">192\/2024<\/td><td class=\"einsatz-column-date\">02.11.2024<\/td><td class=\"einsatz-column-time\">11:24<\/td><td class=\"einsatz-column-title\"><a href=\"https:\/\/www.ff-sarstedt.de\/stadt\/archive\/einsaetze\/b3-feuer-schloss-marienburg-uebung\" rel=\"bookmark\">B3 &#8211; Feuer &#8211; Schloss Marienburg (\u00dcbung)<\/a><\/td><td class=\"einsatz-column-location\">Pattensen, Marienberg 1<\/td><td class=\"einsatz-column-duration\">3 h 30 min<\/td><td class=\"einsatz-column-annotationImages\"><i class=\"fa-solid fa-camera\" aria-hidden=\"true\" title=\"Bericht enth\u00e4lt Bilder\" style=\"\"><\/i><\/td><\/tr><tr class=\"report\"><td class=\"smallscreen\" colspan=\"7\" data-permalink=\"https:\/\/www.ff-sarstedt.de\/stadt\/archive\/einsaetze\/b1-schornsteinbrand\"><div class=\"annotation-icon-bar\"><i class=\"fa-solid fa-camera\" aria-hidden=\"true\" title=\"Bericht enth\u00e4lt keine Bilder\" style=\"color: #bbbbbb;\"><\/i><\/div><span class=\"einsatz-number\"><strong>Nummer:<\/strong> 191\/2024<\/span><br><span class=\"einsatz-date\"><strong>Datum:<\/strong> 01.11.2024<\/span><br><span class=\"einsatz-time\"><strong>Uhrzeit:<\/strong> 21:37<\/span><br><span class=\"einsatz-title\"><strong>Einsatzmeldung:<\/strong> <a href=\"https:\/\/www.ff-sarstedt.de\/stadt\/archive\/einsaetze\/b1-schornsteinbrand\" rel=\"bookmark\">B1 &#8211; Schornsteinbrand<\/a><\/span><br><span class=\"einsatz-location\"><strong>Einsatzort:<\/strong> Giesen, Hainweg<\/span><br><span class=\"einsatz-duration\"><strong>Dauer:<\/strong> 20 min<\/span><br><\/td><td class=\"einsatz-column-number\">191\/2024<\/td><td class=\"einsatz-column-date\">01.11.2024<\/td><td class=\"einsatz-column-time\">21:37<\/td><td class=\"einsatz-column-title\"><a href=\"https:\/\/www.ff-sarstedt.de\/stadt\/archive\/einsaetze\/b1-schornsteinbrand\" rel=\"bookmark\">B1 &#8211; Schornsteinbrand<\/a><\/td><td class=\"einsatz-column-location\">Giesen, Hainweg<\/td><td class=\"einsatz-column-duration\">20 min<\/td><td class=\"einsatz-column-annotationImages\"><i class=\"fa-solid fa-camera\" aria-hidden=\"true\" title=\"Bericht enth\u00e4lt keine Bilder\" style=\"color: #bbbbbb;\"><\/i><\/td><\/tr><tr class=\"einsatz-title-month\"><td colspan=\"7\">Oktober<\/td><\/tr><tr class=\"einsatz-header\"><th style=\"white-space: nowrap;\">Nummer<\/th><th style=\"white-space: nowrap;\">Datum<\/th><th style=\"white-space: nowrap;\">Uhrzeit<\/th><th style=\"\">Einsatzmeldung<\/th><th style=\"\">Einsatzort<\/th><th style=\"white-space: nowrap;\">Dauer<\/th><th style=\"\"><\/th><\/tr><tr class=\"report\"><td class=\"smallscreen\" colspan=\"7\" data-permalink=\"https:\/\/www.ff-sarstedt.de\/stadt\/archive\/einsaetze\/b1-ausgeloester-heimrauchmelder-14\"><div class=\"annotation-icon-bar\"><i class=\"fa-solid fa-camera\" aria-hidden=\"true\" title=\"Bericht enth\u00e4lt keine Bilder\" style=\"color: #bbbbbb;\"><\/i><\/div><span class=\"einsatz-number\"><strong>Nummer:<\/strong> 190\/2024<\/span><br><span class=\"einsatz-date\"><strong>Datum:<\/strong> 28.10.2024<\/span><br><span class=\"einsatz-time\"><strong>Uhrzeit:<\/strong> 21:04<\/span><br><span class=\"einsatz-title\"><strong>Einsatzmeldung:<\/strong> <a href=\"https:\/\/www.ff-sarstedt.de\/stadt\/archive\/einsaetze\/b1-ausgeloester-heimrauchmelder-14\" rel=\"bookmark\">B1 \u2013 Ausgel\u00f6ster Heimrauchmelder<\/a><\/span><br><span class=\"einsatz-location\"><strong>Einsatzort:<\/strong> Hildesheim, Osterstra\u00dfe<\/span><br><span class=\"einsatz-duration\"><strong>Dauer:<\/strong> 1 h 30 min<\/span><br><\/td><td class=\"einsatz-column-number\">190\/2024<\/td><td class=\"einsatz-column-date\">28.10.2024<\/td><td class=\"einsatz-column-time\">21:04<\/td><td class=\"einsatz-column-title\"><a href=\"https:\/\/www.ff-sarstedt.de\/stadt\/archive\/einsaetze\/b1-ausgeloester-heimrauchmelder-14\" rel=\"bookmark\">B1 \u2013 Ausgel\u00f6ster Heimrauchmelder<\/a><\/td><td class=\"einsatz-column-location\">Hildesheim, Osterstra\u00dfe<\/td><td class=\"einsatz-column-duration\">1 h 30 min<\/td><td class=\"einsatz-column-annotationImages\"><i class=\"fa-solid fa-camera\" aria-hidden=\"true\" title=\"Bericht enth\u00e4lt keine Bilder\" style=\"color: #bbbbbb;\"><\/i><\/td><\/tr><tr class=\"report\"><td class=\"smallscreen\" colspan=\"7\" data-permalink=\"https:\/\/www.ff-sarstedt.de\/stadt\/archive\/einsaetze\/h0-auslaufende-betriebsstoffe-nach-vu-6\"><div class=\"annotation-icon-bar\"><i class=\"fa-solid fa-camera\" aria-hidden=\"true\" title=\"Bericht enth\u00e4lt keine Bilder\" style=\"color: #bbbbbb;\"><\/i><\/div><span class=\"einsatz-number\"><strong>Nummer:<\/strong> 189\/2024<\/span><br><span class=\"einsatz-date\"><strong>Datum:<\/strong> 28.10.2024<\/span><br><span class=\"einsatz-time\"><strong>Uhrzeit:<\/strong> 18:47<\/span><br><span class=\"einsatz-title\"><strong>Einsatzmeldung:<\/strong> <a href=\"https:\/\/www.ff-sarstedt.de\/stadt\/archive\/einsaetze\/h0-auslaufende-betriebsstoffe-nach-vu-6\" rel=\"bookmark\">H0 \u2013 Auslaufende Betriebsstoffe nach VU<\/a><\/span><br><span class=\"einsatz-location\"><strong>Einsatzort:<\/strong> Ostertorstra\u00dfe<\/span><br><span class=\"einsatz-duration\"><strong>Dauer:<\/strong> 1 h 30 min<\/span><br><\/td><td class=\"einsatz-column-number\">189\/2024<\/td><td class=\"einsatz-column-date\">28.10.2024<\/td><td class=\"einsatz-column-time\">18:47<\/td><td class=\"einsatz-column-title\"><a href=\"https:\/\/www.ff-sarstedt.de\/stadt\/archive\/einsaetze\/h0-auslaufende-betriebsstoffe-nach-vu-6\" rel=\"bookmark\">H0 \u2013 Auslaufende Betriebsstoffe nach VU<\/a><\/td><td class=\"einsatz-column-location\">Ostertorstra\u00dfe<\/td><td class=\"einsatz-column-duration\">1 h 30 min<\/td><td class=\"einsatz-column-annotationImages\"><i class=\"fa-solid fa-camera\" aria-hidden=\"true\" title=\"Bericht enth\u00e4lt keine Bilder\" style=\"color: #bbbbbb;\"><\/i><\/td><\/tr><tr class=\"report\"><td class=\"smallscreen\" colspan=\"7\" data-permalink=\"https:\/\/www.ff-sarstedt.de\/stadt\/archive\/einsaetze\/b0-containerbrand-8\"><div class=\"annotation-icon-bar\"><i class=\"fa-solid fa-camera\" aria-hidden=\"true\" title=\"Bericht enth\u00e4lt keine Bilder\" style=\"color: #bbbbbb;\"><\/i><\/div><span class=\"einsatz-number\"><strong>Nummer:<\/strong> 188\/2024<\/span><br><span class=\"einsatz-date\"><strong>Datum:<\/strong> 26.10.2024<\/span><br><span class=\"einsatz-time\"><strong>Uhrzeit:<\/strong> 20:54<\/span><br><span class=\"einsatz-title\"><strong>Einsatzmeldung:<\/strong> <a href=\"https:\/\/www.ff-sarstedt.de\/stadt\/archive\/einsaetze\/b0-containerbrand-8\" rel=\"bookmark\">B0 \u2013 Containerbrand<\/a><\/span><br><span class=\"einsatz-location\"><strong>Einsatzort:<\/strong> Wellweg<\/span><br><span class=\"einsatz-duration\"><strong>Dauer:<\/strong> 1 h<\/span><br><\/td><td class=\"einsatz-column-number\">188\/2024<\/td><td class=\"einsatz-column-date\">26.10.2024<\/td><td class=\"einsatz-column-time\">20:54<\/td><td class=\"einsatz-column-title\"><a href=\"https:\/\/www.ff-sarstedt.de\/stadt\/archive\/einsaetze\/b0-containerbrand-8\" rel=\"bookmark\">B0 \u2013 Containerbrand<\/a><\/td><td class=\"einsatz-column-location\">Wellweg<\/td><td class=\"einsatz-column-duration\">1 h<\/td><td class=\"einsatz-column-annotationImages\"><i class=\"fa-solid fa-camera\" aria-hidden=\"true\" title=\"Bericht enth\u00e4lt keine Bilder\" style=\"color: #bbbbbb;\"><\/i><\/td><\/tr><tr class=\"report\"><td class=\"smallscreen\" colspan=\"7\" data-permalink=\"https:\/\/www.ff-sarstedt.de\/stadt\/archive\/einsaetze\/b0-containerbrand-7\"><div class=\"annotation-icon-bar\"><i class=\"fa-solid fa-camera\" aria-hidden=\"true\" title=\"Bericht enth\u00e4lt keine Bilder\" style=\"color: #bbbbbb;\"><\/i><\/div><span class=\"einsatz-number\"><strong>Nummer:<\/strong> 187\/2024<\/span><br><span class=\"einsatz-date\"><strong>Datum:<\/strong> 26.10.2024<\/span><br><span class=\"einsatz-time\"><strong>Uhrzeit:<\/strong> 18:45<\/span><br><span class=\"einsatz-title\"><strong>Einsatzmeldung:<\/strong> <a href=\"https:\/\/www.ff-sarstedt.de\/stadt\/archive\/einsaetze\/b0-containerbrand-7\" rel=\"bookmark\">B0 \u2013 Containerbrand<\/a><\/span><br><span class=\"einsatz-location\"><strong>Einsatzort:<\/strong> K\u00f6nigsberger Stra\u00dfe<\/span><br><span class=\"einsatz-duration\"><strong>Dauer:<\/strong> 1 h<\/span><br><\/td><td class=\"einsatz-column-number\">187\/2024<\/td><td class=\"einsatz-column-date\">26.10.2024<\/td><td class=\"einsatz-column-time\">18:45<\/td><td class=\"einsatz-column-title\"><a href=\"https:\/\/www.ff-sarstedt.de\/stadt\/archive\/einsaetze\/b0-containerbrand-7\" rel=\"bookmark\">B0 \u2013 Containerbrand<\/a><\/td><td class=\"einsatz-column-location\">K\u00f6nigsberger Stra\u00dfe<\/td><td class=\"einsatz-column-duration\">1 h<\/td><td class=\"einsatz-column-annotationImages\"><i class=\"fa-solid fa-camera\" aria-hidden=\"true\" title=\"Bericht enth\u00e4lt keine Bilder\" style=\"color: #bbbbbb;\"><\/i><\/td><\/tr><tr class=\"report\"><td class=\"smallscreen\" colspan=\"7\" data-permalink=\"https:\/\/www.ff-sarstedt.de\/stadt\/archive\/einsaetze\/b1-ausgeloeste-brandmeldeanlage-25\"><div class=\"annotation-icon-bar\"><i class=\"fa-solid fa-camera\" aria-hidden=\"true\" title=\"Bericht enth\u00e4lt keine Bilder\" style=\"color: #bbbbbb;\"><\/i><\/div><span class=\"einsatz-number\"><strong>Nummer:<\/strong> 186\/2024<\/span><br><span class=\"einsatz-date\"><strong>Datum:<\/strong> 26.10.2024<\/span><br><span class=\"einsatz-time\"><strong>Uhrzeit:<\/strong> 12:16<\/span><br><span class=\"einsatz-title\"><strong>Einsatzmeldung:<\/strong> <a href=\"https:\/\/www.ff-sarstedt.de\/stadt\/archive\/einsaetze\/b1-ausgeloeste-brandmeldeanlage-25\" rel=\"bookmark\">B1 \u2013 Ausgel\u00f6ste Brandmeldeanlage<\/a><\/span><br><span class=\"einsatz-location\"><strong>Einsatzort:<\/strong> Voss-Stra\u00dfe<\/span><br><span class=\"einsatz-duration\"><strong>Dauer:<\/strong> 30 min<\/span><br><\/td><td class=\"einsatz-column-number\">186\/2024<\/td><td class=\"einsatz-column-date\">26.10.2024<\/td><td class=\"einsatz-column-time\">12:16<\/td><td class=\"einsatz-column-title\"><a href=\"https:\/\/www.ff-sarstedt.de\/stadt\/archive\/einsaetze\/b1-ausgeloeste-brandmeldeanlage-25\" rel=\"bookmark\">B1 \u2013 Ausgel\u00f6ste Brandmeldeanlage<\/a><\/td><td class=\"einsatz-column-location\">Voss-Stra\u00dfe<\/td><td class=\"einsatz-column-duration\">30 min<\/td><td class=\"einsatz-column-annotationImages\"><i class=\"fa-solid fa-camera\" aria-hidden=\"true\" title=\"Bericht enth\u00e4lt keine Bilder\" style=\"color: #bbbbbb;\"><\/i><\/td><\/tr><tr class=\"report\"><td class=\"smallscreen\" colspan=\"7\" data-permalink=\"https:\/\/www.ff-sarstedt.de\/stadt\/archive\/einsaetze\/b1-ausgeloeste-brandmeldeanlage-24\"><div class=\"annotation-icon-bar\"><i class=\"fa-solid fa-camera\" aria-hidden=\"true\" title=\"Bericht enth\u00e4lt keine Bilder\" style=\"color: #bbbbbb;\"><\/i><\/div><span class=\"einsatz-number\"><strong>Nummer:<\/strong> 185\/2024<\/span><br><span class=\"einsatz-date\"><strong>Datum:<\/strong> 25.10.2024<\/span><br><span class=\"einsatz-time\"><strong>Uhrzeit:<\/strong> 12:42<\/span><br><span class=\"einsatz-title\"><strong>Einsatzmeldung:<\/strong> <a href=\"https:\/\/www.ff-sarstedt.de\/stadt\/archive\/einsaetze\/b1-ausgeloeste-brandmeldeanlage-24\" rel=\"bookmark\">B1 \u2013 Ausgel\u00f6ste Brandmeldeanlage<\/a><\/span><br><span class=\"einsatz-location\"><strong>Einsatzort:<\/strong> Karl-Schiller-Stra\u00dfe<\/span><br><span class=\"einsatz-duration\"><strong>Dauer:<\/strong> 1 h 30 min<\/span><br><\/td><td class=\"einsatz-column-number\">185\/2024<\/td><td class=\"einsatz-column-date\">25.10.2024<\/td><td class=\"einsatz-column-time\">12:42<\/td><td class=\"einsatz-column-title\"><a href=\"https:\/\/www.ff-sarstedt.de\/stadt\/archive\/einsaetze\/b1-ausgeloeste-brandmeldeanlage-24\" rel=\"bookmark\">B1 \u2013 Ausgel\u00f6ste Brandmeldeanlage<\/a><\/td><td class=\"einsatz-column-location\">Karl-Schiller-Stra\u00dfe<\/td><td class=\"einsatz-column-duration\">1 h 30 min<\/td><td class=\"einsatz-column-annotationImages\"><i class=\"fa-solid fa-camera\" aria-hidden=\"true\" title=\"Bericht enth\u00e4lt keine Bilder\" style=\"color: #bbbbbb;\"><\/i><\/td><\/tr><tr class=\"report\"><td class=\"smallscreen\" colspan=\"7\" data-permalink=\"https:\/\/www.ff-sarstedt.de\/stadt\/archive\/einsaetze\/hm1-eingeklemmte-person-ecall\"><div class=\"annotation-icon-bar\"><i class=\"fa-solid fa-camera\" aria-hidden=\"true\" title=\"Bericht enth\u00e4lt keine Bilder\" style=\"color: #bbbbbb;\"><\/i><\/div><span class=\"einsatz-number\"><strong>Nummer:<\/strong> 184\/2024<\/span><br><span class=\"einsatz-date\"><strong>Datum:<\/strong> 24.10.2024<\/span><br><span class=\"einsatz-time\"><strong>Uhrzeit:<\/strong> 10:52<\/span><br><span class=\"einsatz-title\"><strong>Einsatzmeldung:<\/strong> <a href=\"https:\/\/www.ff-sarstedt.de\/stadt\/archive\/einsaetze\/hm1-eingeklemmte-person-ecall\" rel=\"bookmark\">HM1 \u2013 Eingeklemmte Person (eCall)<\/a><\/span><br><span class=\"einsatz-location\"><strong>Einsatzort:<\/strong> L410 Giften-R\u00f6ssing<\/span><br><span class=\"einsatz-duration\"><strong>Dauer:<\/strong> 30 min<\/span><br><\/td><td class=\"einsatz-column-number\">184\/2024<\/td><td class=\"einsatz-column-date\">24.10.2024<\/td><td class=\"einsatz-column-time\">10:52<\/td><td class=\"einsatz-column-title\"><a href=\"https:\/\/www.ff-sarstedt.de\/stadt\/archive\/einsaetze\/hm1-eingeklemmte-person-ecall\" rel=\"bookmark\">HM1 \u2013 Eingeklemmte Person (eCall)<\/a><\/td><td class=\"einsatz-column-location\">L410 Giften-R\u00f6ssing<\/td><td class=\"einsatz-column-duration\">30 min<\/td><td class=\"einsatz-column-annotationImages\"><i class=\"fa-solid fa-camera\" aria-hidden=\"true\" title=\"Bericht enth\u00e4lt keine Bilder\" style=\"color: #bbbbbb;\"><\/i><\/td><\/tr><tr class=\"report\"><td class=\"smallscreen\" colspan=\"7\" data-permalink=\"https:\/\/www.ff-sarstedt.de\/stadt\/archive\/einsaetze\/h1-cbrn-gefahrgutunfall-2\"><div class=\"annotation-icon-bar\"><i class=\"fa-solid fa-camera\" aria-hidden=\"true\" title=\"Bericht enth\u00e4lt keine Bilder\" style=\"color: #bbbbbb;\"><\/i><\/div><span class=\"einsatz-number\"><strong>Nummer:<\/strong> 183\/2024<\/span><br><span class=\"einsatz-date\"><strong>Datum:<\/strong> 23.10.2024<\/span><br><span class=\"einsatz-time\"><strong>Uhrzeit:<\/strong> 10:14<\/span><br><span class=\"einsatz-title\"><strong>Einsatzmeldung:<\/strong> <a href=\"https:\/\/www.ff-sarstedt.de\/stadt\/archive\/einsaetze\/h1-cbrn-gefahrgutunfall-2\" rel=\"bookmark\">H1 \u2013 CBRN Gefahrgutunfall<\/a><\/span><br><span class=\"einsatz-location\"><strong>Einsatzort:<\/strong> Hildesheim-Himmelst\u00fcr<\/span><br><span class=\"einsatz-duration\"><strong>Dauer:<\/strong> 1 h 30 min<\/span><br><\/td><td class=\"einsatz-column-number\">183\/2024<\/td><td class=\"einsatz-column-date\">23.10.2024<\/td><td class=\"einsatz-column-time\">10:14<\/td><td class=\"einsatz-column-title\"><a href=\"https:\/\/www.ff-sarstedt.de\/stadt\/archive\/einsaetze\/h1-cbrn-gefahrgutunfall-2\" rel=\"bookmark\">H1 \u2013 CBRN Gefahrgutunfall<\/a><\/td><td class=\"einsatz-column-location\">Hildesheim-Himmelst\u00fcr<\/td><td class=\"einsatz-column-duration\">1 h 30 min<\/td><td class=\"einsatz-column-annotationImages\"><i class=\"fa-solid fa-camera\" aria-hidden=\"true\" title=\"Bericht enth\u00e4lt keine Bilder\" style=\"color: #bbbbbb;\"><\/i><\/td><\/tr><tr class=\"report\"><td class=\"smallscreen\" colspan=\"7\" data-permalink=\"https:\/\/www.ff-sarstedt.de\/stadt\/archive\/einsaetze\/b1-ausgeloeste-brandmeldeanlage-23\"><div class=\"annotation-icon-bar\"><i class=\"fa-solid fa-camera\" aria-hidden=\"true\" title=\"Bericht enth\u00e4lt keine Bilder\" style=\"color: #bbbbbb;\"><\/i><\/div><span class=\"einsatz-number\"><strong>Nummer:<\/strong> 182\/2024<\/span><br><span class=\"einsatz-date\"><strong>Datum:<\/strong> 18.10.2024<\/span><br><span class=\"einsatz-time\"><strong>Uhrzeit:<\/strong> 08:42<\/span><br><span class=\"einsatz-title\"><strong>Einsatzmeldung:<\/strong> <a href=\"https:\/\/www.ff-sarstedt.de\/stadt\/archive\/einsaetze\/b1-ausgeloeste-brandmeldeanlage-23\" rel=\"bookmark\">B1 \u2013 Ausgel\u00f6ste Brandmeldeanlage<\/a><\/span><br><span class=\"einsatz-location\"><strong>Einsatzort:<\/strong> Jacobistra\u00dfe<\/span><br><span class=\"einsatz-duration\"><strong>Dauer:<\/strong> 30 min<\/span><br><\/td><td class=\"einsatz-column-number\">182\/2024<\/td><td class=\"einsatz-column-date\">18.10.2024<\/td><td class=\"einsatz-column-time\">08:42<\/td><td class=\"einsatz-column-title\"><a href=\"https:\/\/www.ff-sarstedt.de\/stadt\/archive\/einsaetze\/b1-ausgeloeste-brandmeldeanlage-23\" rel=\"bookmark\">B1 \u2013 Ausgel\u00f6ste Brandmeldeanlage<\/a><\/td><td class=\"einsatz-column-location\">Jacobistra\u00dfe<\/td><td class=\"einsatz-column-duration\">30 min<\/td><td class=\"einsatz-column-annotationImages\"><i class=\"fa-solid fa-camera\" aria-hidden=\"true\" title=\"Bericht enth\u00e4lt keine Bilder\" style=\"color: #bbbbbb;\"><\/i><\/td><\/tr><tr class=\"report\"><td class=\"smallscreen\" colspan=\"7\" data-permalink=\"https:\/\/www.ff-sarstedt.de\/stadt\/archive\/einsaetze\/h0-auslaufende-betriebsstoffe-nach-vu-5\"><div class=\"annotation-icon-bar\"><i class=\"fa-solid fa-camera\" aria-hidden=\"true\" title=\"Bericht enth\u00e4lt keine Bilder\" style=\"color: #bbbbbb;\"><\/i><\/div><span class=\"einsatz-number\"><strong>Nummer:<\/strong> 181\/2024<\/span><br><span class=\"einsatz-date\"><strong>Datum:<\/strong> 17.10.2024<\/span><br><span class=\"einsatz-time\"><strong>Uhrzeit:<\/strong> 11:55<\/span><br><span class=\"einsatz-title\"><strong>Einsatzmeldung:<\/strong> <a href=\"https:\/\/www.ff-sarstedt.de\/stadt\/archive\/einsaetze\/h0-auslaufende-betriebsstoffe-nach-vu-5\" rel=\"bookmark\">H0 \u2013 Auslaufende Betriebsstoffe nach VU<\/a><\/span><br><span class=\"einsatz-location\"><strong>Einsatzort:<\/strong> Jacobistra\u00dfe<\/span><br><span class=\"einsatz-duration\"><strong>Dauer:<\/strong> 1 h<\/span><br><\/td><td class=\"einsatz-column-number\">181\/2024<\/td><td class=\"einsatz-column-date\">17.10.2024<\/td><td class=\"einsatz-column-time\">11:55<\/td><td class=\"einsatz-column-title\"><a href=\"https:\/\/www.ff-sarstedt.de\/stadt\/archive\/einsaetze\/h0-auslaufende-betriebsstoffe-nach-vu-5\" rel=\"bookmark\">H0 \u2013 Auslaufende Betriebsstoffe nach VU<\/a><\/td><td class=\"einsatz-column-location\">Jacobistra\u00dfe<\/td><td class=\"einsatz-column-duration\">1 h<\/td><td class=\"einsatz-column-annotationImages\"><i class=\"fa-solid fa-camera\" aria-hidden=\"true\" title=\"Bericht enth\u00e4lt keine Bilder\" style=\"color: #bbbbbb;\"><\/i><\/td><\/tr><tr class=\"report\"><td class=\"smallscreen\" colspan=\"7\" data-permalink=\"https:\/\/www.ff-sarstedt.de\/stadt\/archive\/einsaetze\/h0-tueroeffnung-18\"><div class=\"annotation-icon-bar\"><i class=\"fa-solid fa-camera\" aria-hidden=\"true\" title=\"Bericht enth\u00e4lt keine Bilder\" style=\"color: #bbbbbb;\"><\/i><\/div><span class=\"einsatz-number\"><strong>Nummer:<\/strong> 180\/2024<\/span><br><span class=\"einsatz-date\"><strong>Datum:<\/strong> 16.10.2024<\/span><br><span class=\"einsatz-time\"><strong>Uhrzeit:<\/strong> 14:16<\/span><br><span class=\"einsatz-title\"><strong>Einsatzmeldung:<\/strong> <a href=\"https:\/\/www.ff-sarstedt.de\/stadt\/archive\/einsaetze\/h0-tueroeffnung-18\" rel=\"bookmark\">H0 \u2013 T\u00fcr\u00f6ffnung<\/a><\/span><br><span class=\"einsatz-location\"><strong>Einsatzort:<\/strong> Am Kipphut<\/span><br><span class=\"einsatz-duration\"><strong>Dauer:<\/strong> 45 min<\/span><br><\/td><td class=\"einsatz-column-number\">180\/2024<\/td><td class=\"einsatz-column-date\">16.10.2024<\/td><td class=\"einsatz-column-time\">14:16<\/td><td class=\"einsatz-column-title\"><a href=\"https:\/\/www.ff-sarstedt.de\/stadt\/archive\/einsaetze\/h0-tueroeffnung-18\" rel=\"bookmark\">H0 \u2013 T\u00fcr\u00f6ffnung<\/a><\/td><td class=\"einsatz-column-location\">Am Kipphut<\/td><td class=\"einsatz-column-duration\">45 min<\/td><td class=\"einsatz-column-annotationImages\"><i class=\"fa-solid fa-camera\" aria-hidden=\"true\" title=\"Bericht enth\u00e4lt keine Bilder\" style=\"color: #bbbbbb;\"><\/i><\/td><\/tr><tr class=\"report\"><td class=\"smallscreen\" colspan=\"7\" data-permalink=\"https:\/\/www.ff-sarstedt.de\/stadt\/archive\/einsaetze\/h1-cbrn-gefahrgutunfall\"><div class=\"annotation-icon-bar\"><i class=\"fa-solid fa-camera\" aria-hidden=\"true\" title=\"Bericht enth\u00e4lt keine Bilder\" style=\"color: #bbbbbb;\"><\/i><\/div><span class=\"einsatz-number\"><strong>Nummer:<\/strong> 179\/2024<\/span><br><span class=\"einsatz-date\"><strong>Datum:<\/strong> 16.10.2024<\/span><br><span class=\"einsatz-time\"><strong>Uhrzeit:<\/strong> 09:07<\/span><br><span class=\"einsatz-title\"><strong>Einsatzmeldung:<\/strong> <a href=\"https:\/\/www.ff-sarstedt.de\/stadt\/archive\/einsaetze\/h1-cbrn-gefahrgutunfall\" rel=\"bookmark\">H1 \u2013 CBRN Gefahrgutunfall<\/a><\/span><br><span class=\"einsatz-location\"><strong>Einsatzort:<\/strong> Am Teinkamp<\/span><br><span class=\"einsatz-duration\"><strong>Dauer:<\/strong> 1 h<\/span><br><\/td><td class=\"einsatz-column-number\">179\/2024<\/td><td class=\"einsatz-column-date\">16.10.2024<\/td><td class=\"einsatz-column-time\">09:07<\/td><td class=\"einsatz-column-title\"><a href=\"https:\/\/www.ff-sarstedt.de\/stadt\/archive\/einsaetze\/h1-cbrn-gefahrgutunfall\" rel=\"bookmark\">H1 \u2013 CBRN Gefahrgutunfall<\/a><\/td><td class=\"einsatz-column-location\">Am Teinkamp<\/td><td class=\"einsatz-column-duration\">1 h<\/td><td class=\"einsatz-column-annotationImages\"><i class=\"fa-solid fa-camera\" aria-hidden=\"true\" title=\"Bericht enth\u00e4lt keine Bilder\" style=\"color: #bbbbbb;\"><\/i><\/td><\/tr><tr class=\"report\"><td class=\"smallscreen\" colspan=\"7\" data-permalink=\"https:\/\/www.ff-sarstedt.de\/stadt\/archive\/einsaetze\/b1-ausgeloeste-brandmeldeanlage-22\"><div class=\"annotation-icon-bar\"><i class=\"fa-solid fa-camera\" aria-hidden=\"true\" title=\"Bericht enth\u00e4lt keine Bilder\" style=\"color: #bbbbbb;\"><\/i><\/div><span class=\"einsatz-number\"><strong>Nummer:<\/strong> 178\/2024<\/span><br><span class=\"einsatz-date\"><strong>Datum:<\/strong> 11.10.2024<\/span><br><span class=\"einsatz-time\"><strong>Uhrzeit:<\/strong> 17:08<\/span><br><span class=\"einsatz-title\"><strong>Einsatzmeldung:<\/strong> <a href=\"https:\/\/www.ff-sarstedt.de\/stadt\/archive\/einsaetze\/b1-ausgeloeste-brandmeldeanlage-22\" rel=\"bookmark\">B1 \u2013 Ausgel\u00f6ste Brandmeldeanlage<\/a><\/span><br><span class=\"einsatz-location\"><strong>Einsatzort:<\/strong> Lindenallee<\/span><br><span class=\"einsatz-duration\"><strong>Dauer:<\/strong> 30 min<\/span><br><\/td><td class=\"einsatz-column-number\">178\/2024<\/td><td class=\"einsatz-column-date\">11.10.2024<\/td><td class=\"einsatz-column-time\">17:08<\/td><td class=\"einsatz-column-title\"><a href=\"https:\/\/www.ff-sarstedt.de\/stadt\/archive\/einsaetze\/b1-ausgeloeste-brandmeldeanlage-22\" rel=\"bookmark\">B1 \u2013 Ausgel\u00f6ste Brandmeldeanlage<\/a><\/td><td class=\"einsatz-column-location\">Lindenallee<\/td><td class=\"einsatz-column-duration\">30 min<\/td><td class=\"einsatz-column-annotationImages\"><i class=\"fa-solid fa-camera\" aria-hidden=\"true\" title=\"Bericht enth\u00e4lt keine Bilder\" style=\"color: #bbbbbb;\"><\/i><\/td><\/tr><tr class=\"zebracorrection\"><td colspan=\"7\">&nbsp;<\/td><\/tr><tr class=\"einsatz-title-month\"><td colspan=\"7\">September<\/td><\/tr><tr class=\"einsatz-header\"><th style=\"white-space: nowrap;\">Nummer<\/th><th style=\"white-space: nowrap;\">Datum<\/th><th style=\"white-space: nowrap;\">Uhrzeit<\/th><th style=\"\">Einsatzmeldung<\/th><th style=\"\">Einsatzort<\/th><th style=\"white-space: nowrap;\">Dauer<\/th><th style=\"\"><\/th><\/tr><tr class=\"report\"><td class=\"smallscreen\" colspan=\"7\" data-permalink=\"https:\/\/www.ff-sarstedt.de\/stadt\/archive\/einsaetze\/b1-ausgeloeste-brandmeldeanlage-21\"><div class=\"annotation-icon-bar\"><i class=\"fa-solid fa-camera\" aria-hidden=\"true\" title=\"Bericht enth\u00e4lt keine Bilder\" style=\"color: #bbbbbb;\"><\/i><\/div><span class=\"einsatz-number\"><strong>Nummer:<\/strong> 177\/2024<\/span><br><span class=\"einsatz-date\"><strong>Datum:<\/strong> 29.09.2024<\/span><br><span class=\"einsatz-time\"><strong>Uhrzeit:<\/strong> 20:50<\/span><br><span class=\"einsatz-title\"><strong>Einsatzmeldung:<\/strong> <a href=\"https:\/\/www.ff-sarstedt.de\/stadt\/archive\/einsaetze\/b1-ausgeloeste-brandmeldeanlage-21\" rel=\"bookmark\">B1 \u2013 Ausgel\u00f6ste Brandmeldeanlage<\/a><\/span><br><span class=\"einsatz-location\"><strong>Einsatzort:<\/strong> Hildesheim, Cheruskerring<\/span><br><span class=\"einsatz-duration\"><strong>Dauer:<\/strong> 1 h<\/span><br><\/td><td class=\"einsatz-column-number\">177\/2024<\/td><td class=\"einsatz-column-date\">29.09.2024<\/td><td class=\"einsatz-column-time\">20:50<\/td><td class=\"einsatz-column-title\"><a href=\"https:\/\/www.ff-sarstedt.de\/stadt\/archive\/einsaetze\/b1-ausgeloeste-brandmeldeanlage-21\" rel=\"bookmark\">B1 \u2013 Ausgel\u00f6ste Brandmeldeanlage<\/a><\/td><td class=\"einsatz-column-location\">Hildesheim, Cheruskerring<\/td><td class=\"einsatz-column-duration\">1 h<\/td><td class=\"einsatz-column-annotationImages\"><i class=\"fa-solid fa-camera\" aria-hidden=\"true\" title=\"Bericht enth\u00e4lt keine Bilder\" style=\"color: #bbbbbb;\"><\/i><\/td><\/tr><tr class=\"report\"><td class=\"smallscreen\" colspan=\"7\" data-permalink=\"https:\/\/www.ff-sarstedt.de\/stadt\/archive\/einsaetze\/h0-tragehilfe-rettungsdienst-7\"><div class=\"annotation-icon-bar\"><i class=\"fa-solid fa-camera\" aria-hidden=\"true\" title=\"Bericht enth\u00e4lt keine Bilder\" style=\"color: #bbbbbb;\"><\/i><\/div><span class=\"einsatz-number\"><strong>Nummer:<\/strong> 176\/2024<\/span><br><span class=\"einsatz-date\"><strong>Datum:<\/strong> 29.09.2024<\/span><br><span class=\"einsatz-time\"><strong>Uhrzeit:<\/strong> 19:40<\/span><br><span class=\"einsatz-title\"><strong>Einsatzmeldung:<\/strong> <a href=\"https:\/\/www.ff-sarstedt.de\/stadt\/archive\/einsaetze\/h0-tragehilfe-rettungsdienst-7\" rel=\"bookmark\">H0 &#8211; Tragehilfe Rettungsdienst<\/a><\/span><br><span class=\"einsatz-location\"><strong>Einsatzort:<\/strong> Wenderter Stra\u00dfe<\/span><br><span class=\"einsatz-duration\"><strong>Dauer:<\/strong> 1 h<\/span><br><\/td><td class=\"einsatz-column-number\">176\/2024<\/td><td class=\"einsatz-column-date\">29.09.2024<\/td><td class=\"einsatz-column-time\">19:40<\/td><td class=\"einsatz-column-title\"><a href=\"https:\/\/www.ff-sarstedt.de\/stadt\/archive\/einsaetze\/h0-tragehilfe-rettungsdienst-7\" rel=\"bookmark\">H0 &#8211; Tragehilfe Rettungsdienst<\/a><\/td><td class=\"einsatz-column-location\">Wenderter Stra\u00dfe<\/td><td class=\"einsatz-column-duration\">1 h<\/td><td class=\"einsatz-column-annotationImages\"><i class=\"fa-solid fa-camera\" aria-hidden=\"true\" title=\"Bericht enth\u00e4lt keine Bilder\" style=\"color: #bbbbbb;\"><\/i><\/td><\/tr><tr class=\"report\"><td class=\"smallscreen\" colspan=\"7\" data-permalink=\"https:\/\/www.ff-sarstedt.de\/stadt\/archive\/einsaetze\/h0-tueroeffnung-17\"><div class=\"annotation-icon-bar\"><i class=\"fa-solid fa-camera\" aria-hidden=\"true\" title=\"Bericht enth\u00e4lt keine Bilder\" style=\"color: #bbbbbb;\"><\/i><\/div><span class=\"einsatz-number\"><strong>Nummer:<\/strong> 175\/2024<\/span><br><span class=\"einsatz-date\"><strong>Datum:<\/strong> 27.09.2024<\/span><br><span class=\"einsatz-time\"><strong>Uhrzeit:<\/strong> 11:02<\/span><br><span class=\"einsatz-title\"><strong>Einsatzmeldung:<\/strong> <a href=\"https:\/\/www.ff-sarstedt.de\/stadt\/archive\/einsaetze\/h0-tueroeffnung-17\" rel=\"bookmark\">H0 \u2013 T\u00fcr\u00f6ffnung<\/a><\/span><br><span class=\"einsatz-location\"><strong>Einsatzort:<\/strong> Vereinsstr.<\/span><br><span class=\"einsatz-duration\"><strong>Dauer:<\/strong> 30 min<\/span><br><\/td><td class=\"einsatz-column-number\">175\/2024<\/td><td class=\"einsatz-column-date\">27.09.2024<\/td><td class=\"einsatz-column-time\">11:02<\/td><td class=\"einsatz-column-title\"><a href=\"https:\/\/www.ff-sarstedt.de\/stadt\/archive\/einsaetze\/h0-tueroeffnung-17\" rel=\"bookmark\">H0 \u2013 T\u00fcr\u00f6ffnung<\/a><\/td><td class=\"einsatz-column-location\">Vereinsstr.<\/td><td class=\"einsatz-column-duration\">30 min<\/td><td class=\"einsatz-column-annotationImages\"><i class=\"fa-solid fa-camera\" aria-hidden=\"true\" title=\"Bericht enth\u00e4lt keine Bilder\" style=\"color: #bbbbbb;\"><\/i><\/td><\/tr><tr class=\"report\"><td class=\"smallscreen\" colspan=\"7\" data-permalink=\"https:\/\/www.ff-sarstedt.de\/stadt\/archive\/einsaetze\/h1-person-unter-zug\"><div class=\"annotation-icon-bar\"><i class=\"fa-solid fa-camera\" aria-hidden=\"true\" title=\"Bericht enth\u00e4lt keine Bilder\" style=\"color: #bbbbbb;\"><\/i><\/div><span class=\"einsatz-number\"><strong>Nummer:<\/strong> 174\/2024<\/span><br><span class=\"einsatz-date\"><strong>Datum:<\/strong> 26.09.2024<\/span><br><span class=\"einsatz-time\"><strong>Uhrzeit:<\/strong> 08:22<\/span><br><span class=\"einsatz-title\"><strong>Einsatzmeldung:<\/strong> <a href=\"https:\/\/www.ff-sarstedt.de\/stadt\/archive\/einsaetze\/h1-person-unter-zug\" rel=\"bookmark\">H1 &#8211; Person unter Zug<\/a><\/span><br><span class=\"einsatz-location\"><strong>Einsatzort:<\/strong> Heisede, Marienburger Stra\u00dfe<\/span><br><span class=\"einsatz-duration\"><strong>Dauer:<\/strong> 1 h 10 min<\/span><br><\/td><td class=\"einsatz-column-number\">174\/2024<\/td><td class=\"einsatz-column-date\">26.09.2024<\/td><td class=\"einsatz-column-time\">08:22<\/td><td class=\"einsatz-column-title\"><a href=\"https:\/\/www.ff-sarstedt.de\/stadt\/archive\/einsaetze\/h1-person-unter-zug\" rel=\"bookmark\">H1 &#8211; Person unter Zug<\/a><\/td><td class=\"einsatz-column-location\">Heisede, Marienburger Stra\u00dfe<\/td><td class=\"einsatz-column-duration\">1 h 10 min<\/td><td class=\"einsatz-column-annotationImages\"><i class=\"fa-solid fa-camera\" aria-hidden=\"true\" title=\"Bericht enth\u00e4lt keine Bilder\" style=\"color: #bbbbbb;\"><\/i><\/td><\/tr><tr class=\"report\"><td class=\"smallscreen\" colspan=\"7\" data-permalink=\"https:\/\/www.ff-sarstedt.de\/stadt\/archive\/einsaetze\/b1-ausgeloeste-brandmeldeanlage-20\"><div class=\"annotation-icon-bar\"><i class=\"fa-solid fa-camera\" aria-hidden=\"true\" title=\"Bericht enth\u00e4lt keine Bilder\" style=\"color: #bbbbbb;\"><\/i><\/div><span class=\"einsatz-number\"><strong>Nummer:<\/strong> 173\/2024<\/span><br><span class=\"einsatz-date\"><strong>Datum:<\/strong> 23.09.2024<\/span><br><span class=\"einsatz-time\"><strong>Uhrzeit:<\/strong> 04:29<\/span><br><span class=\"einsatz-title\"><strong>Einsatzmeldung:<\/strong> <a href=\"https:\/\/www.ff-sarstedt.de\/stadt\/archive\/einsaetze\/b1-ausgeloeste-brandmeldeanlage-20\" rel=\"bookmark\">B1 \u2013 Ausgel\u00f6ste Brandmeldeanlage<\/a><\/span><br><span class=\"einsatz-location\"><strong>Einsatzort:<\/strong> Wiedemannstra\u00dfe<\/span><br><span class=\"einsatz-duration\"><strong>Dauer:<\/strong> 1 h<\/span><br><\/td><td class=\"einsatz-column-number\">173\/2024<\/td><td class=\"einsatz-column-date\">23.09.2024<\/td><td class=\"einsatz-column-time\">04:29<\/td><td class=\"einsatz-column-title\"><a href=\"https:\/\/www.ff-sarstedt.de\/stadt\/archive\/einsaetze\/b1-ausgeloeste-brandmeldeanlage-20\" rel=\"bookmark\">B1 \u2013 Ausgel\u00f6ste Brandmeldeanlage<\/a><\/td><td class=\"einsatz-column-location\">Wiedemannstra\u00dfe<\/td><td class=\"einsatz-column-duration\">1 h<\/td><td class=\"einsatz-column-annotationImages\"><i class=\"fa-solid fa-camera\" aria-hidden=\"true\" title=\"Bericht enth\u00e4lt keine Bilder\" style=\"color: #bbbbbb;\"><\/i><\/td><\/tr><tr class=\"report\"><td class=\"smallscreen\" colspan=\"7\" data-permalink=\"https:\/\/www.ff-sarstedt.de\/stadt\/archive\/einsaetze\/h0-flaechenbrand\"><div class=\"annotation-icon-bar\"><i class=\"fa-solid fa-camera\" aria-hidden=\"true\" title=\"Bericht enth\u00e4lt keine Bilder\" style=\"color: #bbbbbb;\"><\/i><\/div><span class=\"einsatz-number\"><strong>Nummer:<\/strong> 172\/2024<\/span><br><span class=\"einsatz-date\"><strong>Datum:<\/strong> 22.09.2024<\/span><br><span class=\"einsatz-time\"><strong>Uhrzeit:<\/strong> 17:10<\/span><br><span class=\"einsatz-title\"><strong>Einsatzmeldung:<\/strong> <a href=\"https:\/\/www.ff-sarstedt.de\/stadt\/archive\/einsaetze\/h0-flaechenbrand\" rel=\"bookmark\">B0 &#8211; Fl\u00e4chenbrand<\/a><\/span><br><span class=\"einsatz-location\"><strong>Einsatzort:<\/strong> Am Festplatz \/ Bruchgraben<\/span><br><span class=\"einsatz-duration\"><strong>Dauer:<\/strong> 1 h<\/span><br><\/td><td class=\"einsatz-column-number\">172\/2024<\/td><td class=\"einsatz-column-date\">22.09.2024<\/td><td class=\"einsatz-column-time\">17:10<\/td><td class=\"einsatz-column-title\"><a href=\"https:\/\/www.ff-sarstedt.de\/stadt\/archive\/einsaetze\/h0-flaechenbrand\" rel=\"bookmark\">B0 &#8211; Fl\u00e4chenbrand<\/a><\/td><td class=\"einsatz-column-location\">Am Festplatz \/ Bruchgraben<\/td><td class=\"einsatz-column-duration\">1 h<\/td><td class=\"einsatz-column-annotationImages\"><i class=\"fa-solid fa-camera\" aria-hidden=\"true\" title=\"Bericht enth\u00e4lt keine Bilder\" style=\"color: #bbbbbb;\"><\/i><\/td><\/tr><tr class=\"report\"><td class=\"smallscreen\" colspan=\"7\" data-permalink=\"https:\/\/www.ff-sarstedt.de\/stadt\/archive\/einsaetze\/b1-ausgeloeste-brandmeldeanlage-19\"><div class=\"annotation-icon-bar\"><i class=\"fa-solid fa-camera\" aria-hidden=\"true\" title=\"Bericht enth\u00e4lt keine Bilder\" style=\"color: #bbbbbb;\"><\/i><\/div><span class=\"einsatz-number\"><strong>Nummer:<\/strong> 171\/2024<\/span><br><span class=\"einsatz-date\"><strong>Datum:<\/strong> 21.09.2024<\/span><br><span class=\"einsatz-time\"><strong>Uhrzeit:<\/strong> 00:30<\/span><br><span class=\"einsatz-title\"><strong>Einsatzmeldung:<\/strong> <a href=\"https:\/\/www.ff-sarstedt.de\/stadt\/archive\/einsaetze\/b1-ausgeloeste-brandmeldeanlage-19\" rel=\"bookmark\">B1 \u2013 Ausgel\u00f6ste Brandmeldeanlage<\/a><\/span><br><span class=\"einsatz-location\"><strong>Einsatzort:<\/strong> Am Teinkamp<\/span><br><span class=\"einsatz-duration\"><strong>Dauer:<\/strong> 1 h<\/span><br><\/td><td class=\"einsatz-column-number\">171\/2024<\/td><td class=\"einsatz-column-date\">21.09.2024<\/td><td class=\"einsatz-column-time\">00:30<\/td><td class=\"einsatz-column-title\"><a href=\"https:\/\/www.ff-sarstedt.de\/stadt\/archive\/einsaetze\/b1-ausgeloeste-brandmeldeanlage-19\" rel=\"bookmark\">B1 \u2013 Ausgel\u00f6ste Brandmeldeanlage<\/a><\/td><td class=\"einsatz-column-location\">Am Teinkamp<\/td><td class=\"einsatz-column-duration\">1 h<\/td><td class=\"einsatz-column-annotationImages\"><i class=\"fa-solid fa-camera\" aria-hidden=\"true\" title=\"Bericht enth\u00e4lt keine Bilder\" style=\"color: #bbbbbb;\"><\/i><\/td><\/tr><tr class=\"report\"><td class=\"smallscreen\" colspan=\"7\" data-permalink=\"https:\/\/www.ff-sarstedt.de\/stadt\/archive\/einsaetze\/b1-ausgeloeste-brandmeldeanlage-18\"><div class=\"annotation-icon-bar\"><i class=\"fa-solid fa-camera\" aria-hidden=\"true\" title=\"Bericht enth\u00e4lt keine Bilder\" style=\"color: #bbbbbb;\"><\/i><\/div><span class=\"einsatz-number\"><strong>Nummer:<\/strong> 170\/2024<\/span><br><span class=\"einsatz-date\"><strong>Datum:<\/strong> 16.09.2024<\/span><br><span class=\"einsatz-time\"><strong>Uhrzeit:<\/strong> 09:54<\/span><br><span class=\"einsatz-title\"><strong>Einsatzmeldung:<\/strong> <a href=\"https:\/\/www.ff-sarstedt.de\/stadt\/archive\/einsaetze\/b1-ausgeloeste-brandmeldeanlage-18\" rel=\"bookmark\">B1 \u2013 Ausgel\u00f6ste Brandmeldeanlage<\/a><\/span><br><span class=\"einsatz-location\"><strong>Einsatzort:<\/strong> Moorberg<\/span><br><span class=\"einsatz-duration\"><strong>Dauer:<\/strong> 1 h<\/span><br><\/td><td class=\"einsatz-column-number\">170\/2024<\/td><td class=\"einsatz-column-date\">16.09.2024<\/td><td class=\"einsatz-column-time\">09:54<\/td><td class=\"einsatz-column-title\"><a href=\"https:\/\/www.ff-sarstedt.de\/stadt\/archive\/einsaetze\/b1-ausgeloeste-brandmeldeanlage-18\" rel=\"bookmark\">B1 \u2013 Ausgel\u00f6ste Brandmeldeanlage<\/a><\/td><td class=\"einsatz-column-location\">Moorberg<\/td><td class=\"einsatz-column-duration\">1 h<\/td><td class=\"einsatz-column-annotationImages\"><i class=\"fa-solid fa-camera\" aria-hidden=\"true\" title=\"Bericht enth\u00e4lt keine Bilder\" style=\"color: #bbbbbb;\"><\/i><\/td><\/tr><tr class=\"report\"><td class=\"smallscreen\" colspan=\"7\" data-permalink=\"https:\/\/www.ff-sarstedt.de\/stadt\/archive\/einsaetze\/h0-auslaufende-betriebsstoffe-nach-vu-3\"><div class=\"annotation-icon-bar\"><i class=\"fa-solid fa-camera\" aria-hidden=\"true\" title=\"Bericht enth\u00e4lt keine Bilder\" style=\"color: #bbbbbb;\"><\/i><\/div><span class=\"einsatz-number\"><strong>Nummer:<\/strong> 169\/2024<\/span><br><span class=\"einsatz-date\"><strong>Datum:<\/strong> 14.09.2024<\/span><br><span class=\"einsatz-time\"><strong>Uhrzeit:<\/strong> 10:31<\/span><br><span class=\"einsatz-title\"><strong>Einsatzmeldung:<\/strong> <a href=\"https:\/\/www.ff-sarstedt.de\/stadt\/archive\/einsaetze\/h0-auslaufende-betriebsstoffe-nach-vu-3\" rel=\"bookmark\">H0 \u2013 Auslaufende Betriebsstoffe nach VU<\/a><\/span><br><span class=\"einsatz-location\"><strong>Einsatzort:<\/strong> Voss-Stra\u00dfe<\/span><br><span class=\"einsatz-duration\"><strong>Dauer:<\/strong> 1 h<\/span><br><\/td><td class=\"einsatz-column-number\">169\/2024<\/td><td class=\"einsatz-column-date\">14.09.2024<\/td><td class=\"einsatz-column-time\">10:31<\/td><td class=\"einsatz-column-title\"><a href=\"https:\/\/www.ff-sarstedt.de\/stadt\/archive\/einsaetze\/h0-auslaufende-betriebsstoffe-nach-vu-3\" rel=\"bookmark\">H0 \u2013 Auslaufende Betriebsstoffe nach VU<\/a><\/td><td class=\"einsatz-column-location\">Voss-Stra\u00dfe<\/td><td class=\"einsatz-column-duration\">1 h<\/td><td class=\"einsatz-column-annotationImages\"><i class=\"fa-solid fa-camera\" aria-hidden=\"true\" title=\"Bericht enth\u00e4lt keine Bilder\" style=\"color: #bbbbbb;\"><\/i><\/td><\/tr><tr class=\"report\"><td class=\"smallscreen\" colspan=\"7\" data-permalink=\"https:\/\/www.ff-sarstedt.de\/stadt\/archive\/einsaetze\/b1-ausgeloeste-brandmeldeanlage-17\"><div class=\"annotation-icon-bar\"><i class=\"fa-solid fa-camera\" aria-hidden=\"true\" title=\"Bericht enth\u00e4lt keine Bilder\" style=\"color: #bbbbbb;\"><\/i><\/div><span class=\"einsatz-number\"><strong>Nummer:<\/strong> 168\/2024<\/span><br><span class=\"einsatz-date\"><strong>Datum:<\/strong> 12.09.2024<\/span><br><span class=\"einsatz-time\"><strong>Uhrzeit:<\/strong> 06:59<\/span><br><span class=\"einsatz-title\"><strong>Einsatzmeldung:<\/strong> <a href=\"https:\/\/www.ff-sarstedt.de\/stadt\/archive\/einsaetze\/b1-ausgeloeste-brandmeldeanlage-17\" rel=\"bookmark\">B1 \u2013 Ausgel\u00f6ste Brandmeldeanlage<\/a><\/span><br><span class=\"einsatz-location\"><strong>Einsatzort:<\/strong> Am Teinkamp<\/span><br><span class=\"einsatz-duration\"><strong>Dauer:<\/strong> 46 min<\/span><br><\/td><td class=\"einsatz-column-number\">168\/2024<\/td><td class=\"einsatz-column-date\">12.09.2024<\/td><td class=\"einsatz-column-time\">06:59<\/td><td class=\"einsatz-column-title\"><a href=\"https:\/\/www.ff-sarstedt.de\/stadt\/archive\/einsaetze\/b1-ausgeloeste-brandmeldeanlage-17\" rel=\"bookmark\">B1 \u2013 Ausgel\u00f6ste Brandmeldeanlage<\/a><\/td><td class=\"einsatz-column-location\">Am Teinkamp<\/td><td class=\"einsatz-column-duration\">46 min<\/td><td class=\"einsatz-column-annotationImages\"><i class=\"fa-solid fa-camera\" aria-hidden=\"true\" title=\"Bericht enth\u00e4lt keine Bilder\" style=\"color: #bbbbbb;\"><\/i><\/td><\/tr><tr class=\"report\"><td class=\"smallscreen\" colspan=\"7\" data-permalink=\"https:\/\/www.ff-sarstedt.de\/stadt\/archive\/einsaetze\/b1-ausgeloeste-brandmeldeanlage-16\"><div class=\"annotation-icon-bar\"><i class=\"fa-solid fa-camera\" aria-hidden=\"true\" title=\"Bericht enth\u00e4lt keine Bilder\" style=\"color: #bbbbbb;\"><\/i><\/div><span class=\"einsatz-number\"><strong>Nummer:<\/strong> 167\/2024<\/span><br><span class=\"einsatz-date\"><strong>Datum:<\/strong> 12.09.2024<\/span><br><span class=\"einsatz-time\"><strong>Uhrzeit:<\/strong> 06:20<\/span><br><span class=\"einsatz-title\"><strong>Einsatzmeldung:<\/strong> <a href=\"https:\/\/www.ff-sarstedt.de\/stadt\/archive\/einsaetze\/b1-ausgeloeste-brandmeldeanlage-16\" rel=\"bookmark\">B1 \u2013 Ausgel\u00f6ste Brandmeldeanlage<\/a><\/span><br><span class=\"einsatz-location\"><strong>Einsatzort:<\/strong> Am Teinkamp<\/span><br><span class=\"einsatz-duration\"><strong>Dauer:<\/strong> 45 min<\/span><br><\/td><td class=\"einsatz-column-number\">167\/2024<\/td><td class=\"einsatz-column-date\">12.09.2024<\/td><td class=\"einsatz-column-time\">06:20<\/td><td class=\"einsatz-column-title\"><a href=\"https:\/\/www.ff-sarstedt.de\/stadt\/archive\/einsaetze\/b1-ausgeloeste-brandmeldeanlage-16\" rel=\"bookmark\">B1 \u2013 Ausgel\u00f6ste Brandmeldeanlage<\/a><\/td><td class=\"einsatz-column-location\">Am Teinkamp<\/td><td class=\"einsatz-column-duration\">45 min<\/td><td class=\"einsatz-column-annotationImages\"><i class=\"fa-solid fa-camera\" aria-hidden=\"true\" title=\"Bericht enth\u00e4lt keine Bilder\" style=\"color: #bbbbbb;\"><\/i><\/td><\/tr><tr class=\"report\"><td class=\"smallscreen\" colspan=\"7\" data-permalink=\"https:\/\/www.ff-sarstedt.de\/stadt\/archive\/einsaetze\/h0-auslaufende-betriebsstoffe-nach-vu-4\"><div class=\"annotation-icon-bar\"><i class=\"fa-solid fa-camera\" aria-hidden=\"true\" title=\"Bericht enth\u00e4lt keine Bilder\" style=\"color: #bbbbbb;\"><\/i><\/div><span class=\"einsatz-number\"><strong>Nummer:<\/strong> 166\/2024<\/span><br><span class=\"einsatz-date\"><strong>Datum:<\/strong> 11.09.2024<\/span><br><span class=\"einsatz-time\"><strong>Uhrzeit:<\/strong> 23:53<\/span><br><span class=\"einsatz-title\"><strong>Einsatzmeldung:<\/strong> <a href=\"https:\/\/www.ff-sarstedt.de\/stadt\/archive\/einsaetze\/h0-auslaufende-betriebsstoffe-nach-vu-4\" rel=\"bookmark\">H0 &#8211; Auslaufende Betriebsstoffe nach VU<\/a><\/span><br><span class=\"einsatz-location\"><strong>Einsatzort:<\/strong> Breslauer Str. Ecke G\u00f6rlitzer Str.<\/span><br><span class=\"einsatz-duration\"><strong>Dauer:<\/strong> 1 h<\/span><br><\/td><td class=\"einsatz-column-number\">166\/2024<\/td><td class=\"einsatz-column-date\">11.09.2024<\/td><td class=\"einsatz-column-time\">23:53<\/td><td class=\"einsatz-column-title\"><a href=\"https:\/\/www.ff-sarstedt.de\/stadt\/archive\/einsaetze\/h0-auslaufende-betriebsstoffe-nach-vu-4\" rel=\"bookmark\">H0 &#8211; Auslaufende Betriebsstoffe nach VU<\/a><\/td><td class=\"einsatz-column-location\">Breslauer Str. Ecke G\u00f6rlitzer Str.<\/td><td class=\"einsatz-column-duration\">1 h<\/td><td class=\"einsatz-column-annotationImages\"><i class=\"fa-solid fa-camera\" aria-hidden=\"true\" title=\"Bericht enth\u00e4lt keine Bilder\" style=\"color: #bbbbbb;\"><\/i><\/td><\/tr><tr class=\"report\"><td class=\"smallscreen\" colspan=\"7\" data-permalink=\"https:\/\/www.ff-sarstedt.de\/stadt\/archive\/einsaetze\/h1-gasgeruch-3\"><div class=\"annotation-icon-bar\"><i class=\"fa-solid fa-camera\" aria-hidden=\"true\" title=\"Bericht enth\u00e4lt keine Bilder\" style=\"color: #bbbbbb;\"><\/i><\/div><span class=\"einsatz-number\"><strong>Nummer:<\/strong> 165\/2024<\/span><br><span class=\"einsatz-date\"><strong>Datum:<\/strong> 11.09.2024<\/span><br><span class=\"einsatz-time\"><strong>Uhrzeit:<\/strong> 20:31<\/span><br><span class=\"einsatz-title\"><strong>Einsatzmeldung:<\/strong> <a href=\"https:\/\/www.ff-sarstedt.de\/stadt\/archive\/einsaetze\/h1-gasgeruch-3\" rel=\"bookmark\">H1 \u2013 Gasgeruch<\/a><\/span><br><span class=\"einsatz-location\"><strong>Einsatzort:<\/strong> Glogauer Weg<\/span><br><span class=\"einsatz-duration\"><strong>Dauer:<\/strong> 1 h 30 min<\/span><br><\/td><td class=\"einsatz-column-number\">165\/2024<\/td><td class=\"einsatz-column-date\">11.09.2024<\/td><td class=\"einsatz-column-time\">20:31<\/td><td class=\"einsatz-column-title\"><a href=\"https:\/\/www.ff-sarstedt.de\/stadt\/archive\/einsaetze\/h1-gasgeruch-3\" rel=\"bookmark\">H1 \u2013 Gasgeruch<\/a><\/td><td class=\"einsatz-column-location\">Glogauer Weg<\/td><td class=\"einsatz-column-duration\">1 h 30 min<\/td><td class=\"einsatz-column-annotationImages\"><i class=\"fa-solid fa-camera\" aria-hidden=\"true\" title=\"Bericht enth\u00e4lt keine Bilder\" style=\"color: #bbbbbb;\"><\/i><\/td><\/tr><tr class=\"report\"><td class=\"smallscreen\" colspan=\"7\" data-permalink=\"https:\/\/www.ff-sarstedt.de\/stadt\/archive\/einsaetze\/b1-rauch-aus-gebaeude-2\"><div class=\"annotation-icon-bar\"><i class=\"fa-solid fa-camera\" aria-hidden=\"true\" title=\"Bericht enth\u00e4lt keine Bilder\" style=\"color: #bbbbbb;\"><\/i><\/div><span class=\"einsatz-number\"><strong>Nummer:<\/strong> 164\/2024<\/span><br><span class=\"einsatz-date\"><strong>Datum:<\/strong> 11.09.2024<\/span><br><span class=\"einsatz-time\"><strong>Uhrzeit:<\/strong> 20:14<\/span><br><span class=\"einsatz-title\"><strong>Einsatzmeldung:<\/strong> <a href=\"https:\/\/www.ff-sarstedt.de\/stadt\/archive\/einsaetze\/b1-rauch-aus-gebaeude-2\" rel=\"bookmark\">B1 &#8211; Rauch aus Geb\u00e4ude<\/a><\/span><br><span class=\"einsatz-location\"><strong>Einsatzort:<\/strong> Steinstra\u00dfe<\/span><br><span class=\"einsatz-duration\"><strong>Dauer:<\/strong> 26 min<\/span><br><\/td><td class=\"einsatz-column-number\">164\/2024<\/td><td class=\"einsatz-column-date\">11.09.2024<\/td><td class=\"einsatz-column-time\">20:14<\/td><td class=\"einsatz-column-title\"><a href=\"https:\/\/www.ff-sarstedt.de\/stadt\/archive\/einsaetze\/b1-rauch-aus-gebaeude-2\" rel=\"bookmark\">B1 &#8211; Rauch aus Geb\u00e4ude<\/a><\/td><td class=\"einsatz-column-location\">Steinstra\u00dfe<\/td><td class=\"einsatz-column-duration\">26 min<\/td><td class=\"einsatz-column-annotationImages\"><i class=\"fa-solid fa-camera\" aria-hidden=\"true\" title=\"Bericht enth\u00e4lt keine Bilder\" style=\"color: #bbbbbb;\"><\/i><\/td><\/tr><tr class=\"report\"><td class=\"smallscreen\" colspan=\"7\" data-permalink=\"https:\/\/www.ff-sarstedt.de\/stadt\/archive\/einsaetze\/h0-tueroeffnung-16\"><div class=\"annotation-icon-bar\"><i class=\"fa-solid fa-camera\" aria-hidden=\"true\" title=\"Bericht enth\u00e4lt keine Bilder\" style=\"color: #bbbbbb;\"><\/i><\/div><span class=\"einsatz-number\"><strong>Nummer:<\/strong> 163\/2024<\/span><br><span class=\"einsatz-date\"><strong>Datum:<\/strong> 10.09.2024<\/span><br><span class=\"einsatz-time\"><strong>Uhrzeit:<\/strong> 12:55<\/span><br><span class=\"einsatz-title\"><strong>Einsatzmeldung:<\/strong> <a href=\"https:\/\/www.ff-sarstedt.de\/stadt\/archive\/einsaetze\/h0-tueroeffnung-16\" rel=\"bookmark\">H0 \u2013 T\u00fcr\u00f6ffnung<\/a><\/span><br><span class=\"einsatz-location\"><strong>Einsatzort:<\/strong> Eulenstr.<\/span><br><span class=\"einsatz-duration\"><strong>Dauer:<\/strong> 30 min<\/span><br><\/td><td class=\"einsatz-column-number\">163\/2024<\/td><td class=\"einsatz-column-date\">10.09.2024<\/td><td class=\"einsatz-column-time\">12:55<\/td><td class=\"einsatz-column-title\"><a href=\"https:\/\/www.ff-sarstedt.de\/stadt\/archive\/einsaetze\/h0-tueroeffnung-16\" rel=\"bookmark\">H0 \u2013 T\u00fcr\u00f6ffnung<\/a><\/td><td class=\"einsatz-column-location\">Eulenstr.<\/td><td class=\"einsatz-column-duration\">30 min<\/td><td class=\"einsatz-column-annotationImages\"><i class=\"fa-solid fa-camera\" aria-hidden=\"true\" title=\"Bericht enth\u00e4lt keine Bilder\" style=\"color: #bbbbbb;\"><\/i><\/td><\/tr><tr class=\"report\"><td class=\"smallscreen\" colspan=\"7\" data-permalink=\"https:\/\/www.ff-sarstedt.de\/stadt\/archive\/einsaetze\/h2-cbrn-gefahrgutunfall\"><div class=\"annotation-icon-bar\"><i class=\"fa-solid fa-camera\" aria-hidden=\"true\" title=\"Bericht enth\u00e4lt keine Bilder\" style=\"color: #bbbbbb;\"><\/i><\/div><span class=\"einsatz-number\"><strong>Nummer:<\/strong> 162\/2024<\/span><br><span class=\"einsatz-date\"><strong>Datum:<\/strong> 08.09.2024<\/span><br><span class=\"einsatz-time\"><strong>Uhrzeit:<\/strong> 14:03<\/span><br><span class=\"einsatz-title\"><strong>Einsatzmeldung:<\/strong> <a href=\"https:\/\/www.ff-sarstedt.de\/stadt\/archive\/einsaetze\/h2-cbrn-gefahrgutunfall\" rel=\"bookmark\">H2 &#8211; CBRN Gefahrgutunfall<\/a><\/span><br><span class=\"einsatz-location\"><strong>Einsatzort:<\/strong> Hildesheim, Ruscheplatenstr.<\/span><br><span class=\"einsatz-duration\"><strong>Dauer:<\/strong> 2 h<\/span><br><\/td><td class=\"einsatz-column-number\">162\/2024<\/td><td class=\"einsatz-column-date\">08.09.2024<\/td><td class=\"einsatz-column-time\">14:03<\/td><td class=\"einsatz-column-title\"><a href=\"https:\/\/www.ff-sarstedt.de\/stadt\/archive\/einsaetze\/h2-cbrn-gefahrgutunfall\" rel=\"bookmark\">H2 &#8211; CBRN Gefahrgutunfall<\/a><\/td><td class=\"einsatz-column-location\">Hildesheim, Ruscheplatenstr.<\/td><td class=\"einsatz-column-duration\">2 h<\/td><td class=\"einsatz-column-annotationImages\"><i class=\"fa-solid fa-camera\" aria-hidden=\"true\" title=\"Bericht enth\u00e4lt keine Bilder\" style=\"color: #bbbbbb;\"><\/i><\/td><\/tr><tr class=\"report\"><td class=\"smallscreen\" colspan=\"7\" data-permalink=\"https:\/\/www.ff-sarstedt.de\/stadt\/archive\/einsaetze\/b1-ausgeloeste-brandmeldeanlage-15\"><div class=\"annotation-icon-bar\"><i class=\"fa-solid fa-camera\" aria-hidden=\"true\" title=\"Bericht enth\u00e4lt keine Bilder\" style=\"color: #bbbbbb;\"><\/i><\/div><span class=\"einsatz-number\"><strong>Nummer:<\/strong> 161\/2024<\/span><br><span class=\"einsatz-date\"><strong>Datum:<\/strong> 08.09.2024<\/span><br><span class=\"einsatz-time\"><strong>Uhrzeit:<\/strong> 13:21<\/span><br><span class=\"einsatz-title\"><strong>Einsatzmeldung:<\/strong> <a href=\"https:\/\/www.ff-sarstedt.de\/stadt\/archive\/einsaetze\/b1-ausgeloeste-brandmeldeanlage-15\" rel=\"bookmark\">B1 \u2013 Ausgel\u00f6ste Brandmeldeanlage<\/a><\/span><br><span class=\"einsatz-location\"><strong>Einsatzort:<\/strong> Wiedemannstra\u00dfe<\/span><br><span class=\"einsatz-duration\"><strong>Dauer:<\/strong> 1 h<\/span><br><\/td><td class=\"einsatz-column-number\">161\/2024<\/td><td class=\"einsatz-column-date\">08.09.2024<\/td><td class=\"einsatz-column-time\">13:21<\/td><td class=\"einsatz-column-title\"><a href=\"https:\/\/www.ff-sarstedt.de\/stadt\/archive\/einsaetze\/b1-ausgeloeste-brandmeldeanlage-15\" rel=\"bookmark\">B1 \u2013 Ausgel\u00f6ste Brandmeldeanlage<\/a><\/td><td class=\"einsatz-column-location\">Wiedemannstra\u00dfe<\/td><td class=\"einsatz-column-duration\">1 h<\/td><td class=\"einsatz-column-annotationImages\"><i class=\"fa-solid fa-camera\" aria-hidden=\"true\" title=\"Bericht enth\u00e4lt keine Bilder\" style=\"color: #bbbbbb;\"><\/i><\/td><\/tr><tr class=\"report\"><td class=\"smallscreen\" colspan=\"7\" data-permalink=\"https:\/\/www.ff-sarstedt.de\/stadt\/archive\/einsaetze\/b0-containerbrand-6\"><div class=\"annotation-icon-bar\"><i class=\"fa-solid fa-camera\" aria-hidden=\"true\" title=\"Bericht enth\u00e4lt keine Bilder\" style=\"color: #bbbbbb;\"><\/i><\/div><span class=\"einsatz-number\"><strong>Nummer:<\/strong> 160\/2024<\/span><br><span class=\"einsatz-date\"><strong>Datum:<\/strong> 06.09.2024<\/span><br><span class=\"einsatz-time\"><strong>Uhrzeit:<\/strong> 16:26<\/span><br><span class=\"einsatz-title\"><strong>Einsatzmeldung:<\/strong> <a href=\"https:\/\/www.ff-sarstedt.de\/stadt\/archive\/einsaetze\/b0-containerbrand-6\" rel=\"bookmark\">B0 \u2013 Containerbrand<\/a><\/span><br><span class=\"einsatz-location\"><strong>Einsatzort:<\/strong> Am Sonnenkamp<\/span><br><span class=\"einsatz-duration\"><strong>Dauer:<\/strong> 1 h<\/span><br><\/td><td class=\"einsatz-column-number\">160\/2024<\/td><td class=\"einsatz-column-date\">06.09.2024<\/td><td class=\"einsatz-column-time\">16:26<\/td><td class=\"einsatz-column-title\"><a href=\"https:\/\/www.ff-sarstedt.de\/stadt\/archive\/einsaetze\/b0-containerbrand-6\" rel=\"bookmark\">B0 \u2013 Containerbrand<\/a><\/td><td class=\"einsatz-column-location\">Am Sonnenkamp<\/td><td class=\"einsatz-column-duration\">1 h<\/td><td class=\"einsatz-column-annotationImages\"><i class=\"fa-solid fa-camera\" aria-hidden=\"true\" title=\"Bericht enth\u00e4lt keine Bilder\" style=\"color: #bbbbbb;\"><\/i><\/td><\/tr><tr class=\"report\"><td class=\"smallscreen\" colspan=\"7\" data-permalink=\"https:\/\/www.ff-sarstedt.de\/stadt\/archive\/einsaetze\/h0-tueroeffnung-15\"><div class=\"annotation-icon-bar\"><i class=\"fa-solid fa-camera\" aria-hidden=\"true\" title=\"Bericht enth\u00e4lt keine Bilder\" style=\"color: #bbbbbb;\"><\/i><\/div><span class=\"einsatz-number\"><strong>Nummer:<\/strong> 159\/2024<\/span><br><span class=\"einsatz-date\"><strong>Datum:<\/strong> 06.09.2024<\/span><br><span class=\"einsatz-time\"><strong>Uhrzeit:<\/strong> 14:56<\/span><br><span class=\"einsatz-title\"><strong>Einsatzmeldung:<\/strong> <a href=\"https:\/\/www.ff-sarstedt.de\/stadt\/archive\/einsaetze\/h0-tueroeffnung-15\" rel=\"bookmark\">H0 \u2013 T\u00fcr\u00f6ffnung<\/a><\/span><br><span class=\"einsatz-location\"><strong>Einsatzort:<\/strong> Wiesenstra\u00dfe<\/span><br><span class=\"einsatz-duration\"><strong>Dauer:<\/strong> 1 h<\/span><br><\/td><td class=\"einsatz-column-number\">159\/2024<\/td><td class=\"einsatz-column-date\">06.09.2024<\/td><td class=\"einsatz-column-time\">14:56<\/td><td class=\"einsatz-column-title\"><a href=\"https:\/\/www.ff-sarstedt.de\/stadt\/archive\/einsaetze\/h0-tueroeffnung-15\" rel=\"bookmark\">H0 \u2013 T\u00fcr\u00f6ffnung<\/a><\/td><td class=\"einsatz-column-location\">Wiesenstra\u00dfe<\/td><td class=\"einsatz-column-duration\">1 h<\/td><td class=\"einsatz-column-annotationImages\"><i class=\"fa-solid fa-camera\" aria-hidden=\"true\" title=\"Bericht enth\u00e4lt keine Bilder\" style=\"color: #bbbbbb;\"><\/i><\/td><\/tr><tr class=\"report\"><td class=\"smallscreen\" colspan=\"7\" data-permalink=\"https:\/\/www.ff-sarstedt.de\/stadt\/archive\/einsaetze\/b1-ausgeloester-heimrauchmelder-13\"><div class=\"annotation-icon-bar\"><i class=\"fa-solid fa-camera\" aria-hidden=\"true\" title=\"Bericht enth\u00e4lt keine Bilder\" style=\"color: #bbbbbb;\"><\/i><\/div><span class=\"einsatz-number\"><strong>Nummer:<\/strong> 158\/2024<\/span><br><span class=\"einsatz-date\"><strong>Datum:<\/strong> 05.09.2024<\/span><br><span class=\"einsatz-time\"><strong>Uhrzeit:<\/strong> 13:43<\/span><br><span class=\"einsatz-title\"><strong>Einsatzmeldung:<\/strong> <a href=\"https:\/\/www.ff-sarstedt.de\/stadt\/archive\/einsaetze\/b1-ausgeloester-heimrauchmelder-13\" rel=\"bookmark\">B1 \u2013 Ausgel\u00f6ster Heimrauchmelder<\/a><\/span><br><span class=\"einsatz-location\"><strong>Einsatzort:<\/strong> G\u00f6rlitzer Str.<\/span><br><span class=\"einsatz-duration\"><strong>Dauer:<\/strong> 1 h<\/span><br><\/td><td class=\"einsatz-column-number\">158\/2024<\/td><td class=\"einsatz-column-date\">05.09.2024<\/td><td class=\"einsatz-column-time\">13:43<\/td><td class=\"einsatz-column-title\"><a href=\"https:\/\/www.ff-sarstedt.de\/stadt\/archive\/einsaetze\/b1-ausgeloester-heimrauchmelder-13\" rel=\"bookmark\">B1 \u2013 Ausgel\u00f6ster Heimrauchmelder<\/a><\/td><td class=\"einsatz-column-location\">G\u00f6rlitzer Str.<\/td><td class=\"einsatz-column-duration\">1 h<\/td><td class=\"einsatz-column-annotationImages\"><i class=\"fa-solid fa-camera\" aria-hidden=\"true\" title=\"Bericht enth\u00e4lt keine Bilder\" style=\"color: #bbbbbb;\"><\/i><\/td><\/tr><tr class=\"report\"><td class=\"smallscreen\" colspan=\"7\" data-permalink=\"https:\/\/www.ff-sarstedt.de\/stadt\/archive\/einsaetze\/b1-ausgeloeste-brandmeldeanlage-14\"><div class=\"annotation-icon-bar\"><i class=\"fa-solid fa-camera\" aria-hidden=\"true\" title=\"Bericht enth\u00e4lt keine Bilder\" style=\"color: #bbbbbb;\"><\/i><\/div><span class=\"einsatz-number\"><strong>Nummer:<\/strong> 157\/2024<\/span><br><span class=\"einsatz-date\"><strong>Datum:<\/strong> 03.09.2024<\/span><br><span class=\"einsatz-time\"><strong>Uhrzeit:<\/strong> 19:16<\/span><br><span class=\"einsatz-title\"><strong>Einsatzmeldung:<\/strong> <a href=\"https:\/\/www.ff-sarstedt.de\/stadt\/archive\/einsaetze\/b1-ausgeloeste-brandmeldeanlage-14\" rel=\"bookmark\">B1 \u2013 Ausgel\u00f6ste Brandmeldeanlage<\/a><\/span><br><span class=\"einsatz-location\"><strong>Einsatzort:<\/strong> Wiedemannstra\u00dfe<\/span><br><span class=\"einsatz-duration\"><strong>Dauer:<\/strong> 1 h<\/span><br><\/td><td class=\"einsatz-column-number\">157\/2024<\/td><td class=\"einsatz-column-date\">03.09.2024<\/td><td class=\"einsatz-column-time\">19:16<\/td><td class=\"einsatz-column-title\"><a href=\"https:\/\/www.ff-sarstedt.de\/stadt\/archive\/einsaetze\/b1-ausgeloeste-brandmeldeanlage-14\" rel=\"bookmark\">B1 \u2013 Ausgel\u00f6ste Brandmeldeanlage<\/a><\/td><td class=\"einsatz-column-location\">Wiedemannstra\u00dfe<\/td><td class=\"einsatz-column-duration\">1 h<\/td><td class=\"einsatz-column-annotationImages\"><i class=\"fa-solid fa-camera\" aria-hidden=\"true\" title=\"Bericht enth\u00e4lt keine Bilder\" style=\"color: #bbbbbb;\"><\/i><\/td><\/tr><tr class=\"zebracorrection\"><td colspan=\"7\">&nbsp;<\/td><\/tr><tr class=\"einsatz-title-month\"><td colspan=\"7\">August<\/td><\/tr><tr class=\"einsatz-header\"><th style=\"white-space: nowrap;\">Nummer<\/th><th style=\"white-space: nowrap;\">Datum<\/th><th style=\"white-space: nowrap;\">Uhrzeit<\/th><th style=\"\">Einsatzmeldung<\/th><th style=\"\">Einsatzort<\/th><th style=\"white-space: nowrap;\">Dauer<\/th><th style=\"\"><\/th><\/tr><tr class=\"report\"><td class=\"smallscreen\" colspan=\"7\" data-permalink=\"https:\/\/www.ff-sarstedt.de\/stadt\/archive\/einsaetze\/h0-wasserschaden-6\"><div class=\"annotation-icon-bar\"><i class=\"fa-solid fa-camera\" aria-hidden=\"true\" title=\"Bericht enth\u00e4lt keine Bilder\" style=\"color: #bbbbbb;\"><\/i><\/div><span class=\"einsatz-number\"><strong>Nummer:<\/strong> 156\/2024<\/span><br><span class=\"einsatz-date\"><strong>Datum:<\/strong> 26.08.2024<\/span><br><span class=\"einsatz-time\"><strong>Uhrzeit:<\/strong> 20:48<\/span><br><span class=\"einsatz-title\"><strong>Einsatzmeldung:<\/strong> <a href=\"https:\/\/www.ff-sarstedt.de\/stadt\/archive\/einsaetze\/h0-wasserschaden-6\" rel=\"bookmark\">H0 &#8211; Wasserschaden<\/a><\/span><br><span class=\"einsatz-location\"><strong>Einsatzort:<\/strong> Oppelner Stra\u00dfe<\/span><br><span class=\"einsatz-duration\"><strong>Dauer:<\/strong> 1 h<\/span><br><\/td><td class=\"einsatz-column-number\">156\/2024<\/td><td class=\"einsatz-column-date\">26.08.2024<\/td><td class=\"einsatz-column-time\">20:48<\/td><td class=\"einsatz-column-title\"><a href=\"https:\/\/www.ff-sarstedt.de\/stadt\/archive\/einsaetze\/h0-wasserschaden-6\" rel=\"bookmark\">H0 &#8211; Wasserschaden<\/a><\/td><td class=\"einsatz-column-location\">Oppelner Stra\u00dfe<\/td><td class=\"einsatz-column-duration\">1 h<\/td><td class=\"einsatz-column-annotationImages\"><i class=\"fa-solid fa-camera\" aria-hidden=\"true\" title=\"Bericht enth\u00e4lt keine Bilder\" style=\"color: #bbbbbb;\"><\/i><\/td><\/tr><tr class=\"report\"><td class=\"smallscreen\" colspan=\"7\" data-permalink=\"https:\/\/www.ff-sarstedt.de\/stadt\/archive\/einsaetze\/h0-sturmschaden-4\"><div class=\"annotation-icon-bar\"><i class=\"fa-solid fa-camera\" aria-hidden=\"true\" title=\"Bericht enth\u00e4lt keine Bilder\" style=\"color: #bbbbbb;\"><\/i><\/div><span class=\"einsatz-number\"><strong>Nummer:<\/strong> 155\/2024<\/span><br><span class=\"einsatz-date\"><strong>Datum:<\/strong> 24.08.2024<\/span><br><span class=\"einsatz-time\"><strong>Uhrzeit:<\/strong> 11:56<\/span><br><span class=\"einsatz-title\"><strong>Einsatzmeldung:<\/strong> <a href=\"https:\/\/www.ff-sarstedt.de\/stadt\/archive\/einsaetze\/h0-sturmschaden-4\" rel=\"bookmark\">H0 &#8211; Sturmschaden<\/a><\/span><br><span class=\"einsatz-location\"><strong>Einsatzort:<\/strong> Am Sonnenkamp<\/span><br><span class=\"einsatz-duration\"><strong>Dauer:<\/strong> 1 h 30 min<\/span><br><\/td><td class=\"einsatz-column-number\">155\/2024<\/td><td class=\"einsatz-column-date\">24.08.2024<\/td><td class=\"einsatz-column-time\">11:56<\/td><td class=\"einsatz-column-title\"><a href=\"https:\/\/www.ff-sarstedt.de\/stadt\/archive\/einsaetze\/h0-sturmschaden-4\" rel=\"bookmark\">H0 &#8211; Sturmschaden<\/a><\/td><td class=\"einsatz-column-location\">Am Sonnenkamp<\/td><td class=\"einsatz-column-duration\">1 h 30 min<\/td><td class=\"einsatz-column-annotationImages\"><i class=\"fa-solid fa-camera\" aria-hidden=\"true\" title=\"Bericht enth\u00e4lt keine Bilder\" style=\"color: #bbbbbb;\"><\/i><\/td><\/tr><tr class=\"report\"><td class=\"smallscreen\" colspan=\"7\" data-permalink=\"https:\/\/www.ff-sarstedt.de\/stadt\/archive\/einsaetze\/b1-ausgeloeste-brandmeldeanlage-13\"><div class=\"annotation-icon-bar\"><i class=\"fa-solid fa-camera\" aria-hidden=\"true\" title=\"Bericht enth\u00e4lt keine Bilder\" style=\"color: #bbbbbb;\"><\/i><\/div><span class=\"einsatz-number\"><strong>Nummer:<\/strong> 154\/2024<\/span><br><span class=\"einsatz-date\"><strong>Datum:<\/strong> 24.08.2024<\/span><br><span class=\"einsatz-time\"><strong>Uhrzeit:<\/strong> 09:22<\/span><br><span class=\"einsatz-title\"><strong>Einsatzmeldung:<\/strong> <a href=\"https:\/\/www.ff-sarstedt.de\/stadt\/archive\/einsaetze\/b1-ausgeloeste-brandmeldeanlage-13\" rel=\"bookmark\">B1 \u2013 Ausgel\u00f6ste Brandmeldeanlage<\/a><\/span><br><span class=\"einsatz-location\"><strong>Einsatzort:<\/strong> Am Teinkamp<\/span><br><span class=\"einsatz-duration\"><strong>Dauer:<\/strong> 1 h<\/span><br><\/td><td class=\"einsatz-column-number\">154\/2024<\/td><td class=\"einsatz-column-date\">24.08.2024<\/td><td class=\"einsatz-column-time\">09:22<\/td><td class=\"einsatz-column-title\"><a href=\"https:\/\/www.ff-sarstedt.de\/stadt\/archive\/einsaetze\/b1-ausgeloeste-brandmeldeanlage-13\" rel=\"bookmark\">B1 \u2013 Ausgel\u00f6ste Brandmeldeanlage<\/a><\/td><td class=\"einsatz-column-location\">Am Teinkamp<\/td><td class=\"einsatz-column-duration\">1 h<\/td><td class=\"einsatz-column-annotationImages\"><i class=\"fa-solid fa-camera\" aria-hidden=\"true\" title=\"Bericht enth\u00e4lt keine Bilder\" style=\"color: #bbbbbb;\"><\/i><\/td><\/tr><tr class=\"report\"><td class=\"smallscreen\" colspan=\"7\" data-permalink=\"https:\/\/www.ff-sarstedt.de\/stadt\/archive\/einsaetze\/b1-ausgeloeste-brandmeldeanlage-12\"><div class=\"annotation-icon-bar\"><i class=\"fa-solid fa-camera\" aria-hidden=\"true\" title=\"Bericht enth\u00e4lt keine Bilder\" style=\"color: #bbbbbb;\"><\/i><\/div><span class=\"einsatz-number\"><strong>Nummer:<\/strong> 153\/2024<\/span><br><span class=\"einsatz-date\"><strong>Datum:<\/strong> 22.08.2024<\/span><br><span class=\"einsatz-time\"><strong>Uhrzeit:<\/strong> 16:58<\/span><br><span class=\"einsatz-title\"><strong>Einsatzmeldung:<\/strong> <a href=\"https:\/\/www.ff-sarstedt.de\/stadt\/archive\/einsaetze\/b1-ausgeloeste-brandmeldeanlage-12\" rel=\"bookmark\">B1 \u2013 Ausgel\u00f6ste Brandmeldeanlage<\/a><\/span><br><span class=\"einsatz-location\"><strong>Einsatzort:<\/strong> Moorberg<\/span><br><span class=\"einsatz-duration\"><strong>Dauer:<\/strong> 30 min<\/span><br><\/td><td class=\"einsatz-column-number\">153\/2024<\/td><td class=\"einsatz-column-date\">22.08.2024<\/td><td class=\"einsatz-column-time\">16:58<\/td><td class=\"einsatz-column-title\"><a href=\"https:\/\/www.ff-sarstedt.de\/stadt\/archive\/einsaetze\/b1-ausgeloeste-brandmeldeanlage-12\" rel=\"bookmark\">B1 \u2013 Ausgel\u00f6ste Brandmeldeanlage<\/a><\/td><td class=\"einsatz-column-location\">Moorberg<\/td><td class=\"einsatz-column-duration\">30 min<\/td><td class=\"einsatz-column-annotationImages\"><i class=\"fa-solid fa-camera\" aria-hidden=\"true\" title=\"Bericht enth\u00e4lt keine Bilder\" style=\"color: #bbbbbb;\"><\/i><\/td><\/tr><tr class=\"report\"><td class=\"smallscreen\" colspan=\"7\" data-permalink=\"https:\/\/www.ff-sarstedt.de\/stadt\/archive\/einsaetze\/h0-oelspur-19\"><div class=\"annotation-icon-bar\"><i class=\"fa-solid fa-camera\" aria-hidden=\"true\" title=\"Bericht enth\u00e4lt keine Bilder\" style=\"color: #bbbbbb;\"><\/i><\/div><span class=\"einsatz-number\"><strong>Nummer:<\/strong> 152\/2024<\/span><br><span class=\"einsatz-date\"><strong>Datum:<\/strong> 19.08.2024<\/span><br><span class=\"einsatz-time\"><strong>Uhrzeit:<\/strong> 17:21<\/span><br><span class=\"einsatz-title\"><strong>Einsatzmeldung:<\/strong> <a href=\"https:\/\/www.ff-sarstedt.de\/stadt\/archive\/einsaetze\/h0-oelspur-19\" rel=\"bookmark\">H0 \u2013 \u00d6lspur<\/a><\/span><br><span class=\"einsatz-location\"><strong>Einsatzort:<\/strong> Lindenallee<\/span><br><span class=\"einsatz-duration\"><strong>Dauer:<\/strong> 1 h 30 min<\/span><br><\/td><td class=\"einsatz-column-number\">152\/2024<\/td><td class=\"einsatz-column-date\">19.08.2024<\/td><td class=\"einsatz-column-time\">17:21<\/td><td class=\"einsatz-column-title\"><a href=\"https:\/\/www.ff-sarstedt.de\/stadt\/archive\/einsaetze\/h0-oelspur-19\" rel=\"bookmark\">H0 \u2013 \u00d6lspur<\/a><\/td><td class=\"einsatz-column-location\">Lindenallee<\/td><td class=\"einsatz-column-duration\">1 h 30 min<\/td><td class=\"einsatz-column-annotationImages\"><i class=\"fa-solid fa-camera\" aria-hidden=\"true\" title=\"Bericht enth\u00e4lt keine Bilder\" style=\"color: #bbbbbb;\"><\/i><\/td><\/tr><tr class=\"report\"><td class=\"smallscreen\" colspan=\"7\" data-permalink=\"https:\/\/www.ff-sarstedt.de\/stadt\/archive\/einsaetze\/b1-ausgeloester-heimrauchmelder-12\"><div class=\"annotation-icon-bar\"><i class=\"fa-solid fa-camera\" aria-hidden=\"true\" title=\"Bericht enth\u00e4lt keine Bilder\" style=\"color: #bbbbbb;\"><\/i><\/div><span class=\"einsatz-number\"><strong>Nummer:<\/strong> 151\/2024<\/span><br><span class=\"einsatz-date\"><strong>Datum:<\/strong> 19.08.2024<\/span><br><span class=\"einsatz-time\"><strong>Uhrzeit:<\/strong> 09:26<\/span><br><span class=\"einsatz-title\"><strong>Einsatzmeldung:<\/strong> <a href=\"https:\/\/www.ff-sarstedt.de\/stadt\/archive\/einsaetze\/b1-ausgeloester-heimrauchmelder-12\" rel=\"bookmark\">B1 \u2013 Ausgel\u00f6ster Heimrauchmelder<\/a><\/span><br><span class=\"einsatz-location\"><strong>Einsatzort:<\/strong> Jacobistra\u00dfe<\/span><br><span class=\"einsatz-duration\"><strong>Dauer:<\/strong> 30 min<\/span><br><\/td><td class=\"einsatz-column-number\">151\/2024<\/td><td class=\"einsatz-column-date\">19.08.2024<\/td><td class=\"einsatz-column-time\">09:26<\/td><td class=\"einsatz-column-title\"><a href=\"https:\/\/www.ff-sarstedt.de\/stadt\/archive\/einsaetze\/b1-ausgeloester-heimrauchmelder-12\" rel=\"bookmark\">B1 \u2013 Ausgel\u00f6ster Heimrauchmelder<\/a><\/td><td class=\"einsatz-column-location\">Jacobistra\u00dfe<\/td><td class=\"einsatz-column-duration\">30 min<\/td><td class=\"einsatz-column-annotationImages\"><i class=\"fa-solid fa-camera\" aria-hidden=\"true\" title=\"Bericht enth\u00e4lt keine Bilder\" style=\"color: #bbbbbb;\"><\/i><\/td><\/tr><tr class=\"report\"><td class=\"smallscreen\" colspan=\"7\" data-permalink=\"https:\/\/www.ff-sarstedt.de\/stadt\/archive\/einsaetze\/b1-ausgeloeste-brandmeldeanlage-11\"><div class=\"annotation-icon-bar\"><i class=\"fa-solid fa-camera\" aria-hidden=\"true\" title=\"Bericht enth\u00e4lt keine Bilder\" style=\"color: #bbbbbb;\"><\/i><\/div><span class=\"einsatz-number\"><strong>Nummer:<\/strong> 150\/2024<\/span><br><span class=\"einsatz-date\"><strong>Datum:<\/strong> 17.08.2024<\/span><br><span class=\"einsatz-time\"><strong>Uhrzeit:<\/strong> 16:51<\/span><br><span class=\"einsatz-title\"><strong>Einsatzmeldung:<\/strong> <a href=\"https:\/\/www.ff-sarstedt.de\/stadt\/archive\/einsaetze\/b1-ausgeloeste-brandmeldeanlage-11\" rel=\"bookmark\">B1 \u2013 Ausgel\u00f6ste Brandmeldeanlage<\/a><\/span><br><span class=\"einsatz-location\"><strong>Einsatzort:<\/strong> Wiedemannstra\u00dfe<\/span><br><span class=\"einsatz-duration\"><strong>Dauer:<\/strong> 30 min<\/span><br><\/td><td class=\"einsatz-column-number\">150\/2024<\/td><td class=\"einsatz-column-date\">17.08.2024<\/td><td class=\"einsatz-column-time\">16:51<\/td><td class=\"einsatz-column-title\"><a href=\"https:\/\/www.ff-sarstedt.de\/stadt\/archive\/einsaetze\/b1-ausgeloeste-brandmeldeanlage-11\" rel=\"bookmark\">B1 \u2013 Ausgel\u00f6ste Brandmeldeanlage<\/a><\/td><td class=\"einsatz-column-location\">Wiedemannstra\u00dfe<\/td><td class=\"einsatz-column-duration\">30 min<\/td><td class=\"einsatz-column-annotationImages\"><i class=\"fa-solid fa-camera\" aria-hidden=\"true\" title=\"Bericht enth\u00e4lt keine Bilder\" style=\"color: #bbbbbb;\"><\/i><\/td><\/tr><tr class=\"report\"><td class=\"smallscreen\" colspan=\"7\" data-permalink=\"https:\/\/www.ff-sarstedt.de\/stadt\/archive\/einsaetze\/h0-tueroeffnung-14\"><div class=\"annotation-icon-bar\"><i class=\"fa-solid fa-camera\" aria-hidden=\"true\" title=\"Bericht enth\u00e4lt keine Bilder\" style=\"color: #bbbbbb;\"><\/i><\/div><span class=\"einsatz-number\"><strong>Nummer:<\/strong> 149\/2024<\/span><br><span class=\"einsatz-date\"><strong>Datum:<\/strong> 10.08.2024<\/span><br><span class=\"einsatz-time\"><strong>Uhrzeit:<\/strong> 14:22<\/span><br><span class=\"einsatz-title\"><strong>Einsatzmeldung:<\/strong> <a href=\"https:\/\/www.ff-sarstedt.de\/stadt\/archive\/einsaetze\/h0-tueroeffnung-14\" rel=\"bookmark\">H0 \u2013 T\u00fcr\u00f6ffnung<\/a><\/span><br><span class=\"einsatz-location\"><strong>Einsatzort:<\/strong> BAB 7 FR S\u00fcd Parkplatz<\/span><br><span class=\"einsatz-duration\"><strong>Dauer:<\/strong> 15 min<\/span><br><\/td><td class=\"einsatz-column-number\">149\/2024<\/td><td class=\"einsatz-column-date\">10.08.2024<\/td><td class=\"einsatz-column-time\">14:22<\/td><td class=\"einsatz-column-title\"><a href=\"https:\/\/www.ff-sarstedt.de\/stadt\/archive\/einsaetze\/h0-tueroeffnung-14\" rel=\"bookmark\">H0 \u2013 T\u00fcr\u00f6ffnung<\/a><\/td><td class=\"einsatz-column-location\">BAB 7 FR S\u00fcd Parkplatz<\/td><td class=\"einsatz-column-duration\">15 min<\/td><td class=\"einsatz-column-annotationImages\"><i class=\"fa-solid fa-camera\" aria-hidden=\"true\" title=\"Bericht enth\u00e4lt keine Bilder\" style=\"color: #bbbbbb;\"><\/i><\/td><\/tr><tr class=\"report\"><td class=\"smallscreen\" colspan=\"7\" data-permalink=\"https:\/\/www.ff-sarstedt.de\/stadt\/archive\/einsaetze\/b1-ausgeloeste-brandmeldeanlage-10\"><div class=\"annotation-icon-bar\"><i class=\"fa-solid fa-camera\" aria-hidden=\"true\" title=\"Bericht enth\u00e4lt keine Bilder\" style=\"color: #bbbbbb;\"><\/i><\/div><span class=\"einsatz-number\"><strong>Nummer:<\/strong> 148\/2024<\/span><br><span class=\"einsatz-date\"><strong>Datum:<\/strong> 04.08.2024<\/span><br><span class=\"einsatz-time\"><strong>Uhrzeit:<\/strong> 23:40<\/span><br><span class=\"einsatz-title\"><strong>Einsatzmeldung:<\/strong> <a href=\"https:\/\/www.ff-sarstedt.de\/stadt\/archive\/einsaetze\/b1-ausgeloeste-brandmeldeanlage-10\" rel=\"bookmark\">B1 \u2013 Ausgel\u00f6ste Brandmeldeanlage<\/a><\/span><br><span class=\"einsatz-location\"><strong>Einsatzort:<\/strong> Vossstra\u00dfe<\/span><br><span class=\"einsatz-duration\"><strong>Dauer:<\/strong> 30 min<\/span><br><\/td><td class=\"einsatz-column-number\">148\/2024<\/td><td class=\"einsatz-column-date\">04.08.2024<\/td><td class=\"einsatz-column-time\">23:40<\/td><td class=\"einsatz-column-title\"><a href=\"https:\/\/www.ff-sarstedt.de\/stadt\/archive\/einsaetze\/b1-ausgeloeste-brandmeldeanlage-10\" rel=\"bookmark\">B1 \u2013 Ausgel\u00f6ste Brandmeldeanlage<\/a><\/td><td class=\"einsatz-column-location\">Vossstra\u00dfe<\/td><td class=\"einsatz-column-duration\">30 min<\/td><td class=\"einsatz-column-annotationImages\"><i class=\"fa-solid fa-camera\" aria-hidden=\"true\" title=\"Bericht enth\u00e4lt keine Bilder\" style=\"color: #bbbbbb;\"><\/i><\/td><\/tr><tr class=\"report\"><td class=\"smallscreen\" colspan=\"7\" data-permalink=\"https:\/\/www.ff-sarstedt.de\/stadt\/archive\/einsaetze\/b1-ausgeloester-heimrauchmelder-11\"><div class=\"annotation-icon-bar\"><i class=\"fa-solid fa-camera\" aria-hidden=\"true\" title=\"Bericht enth\u00e4lt keine Bilder\" style=\"color: #bbbbbb;\"><\/i><\/div><span class=\"einsatz-number\"><strong>Nummer:<\/strong> 147\/2024<\/span><br><span class=\"einsatz-date\"><strong>Datum:<\/strong> 02.08.2024<\/span><br><span class=\"einsatz-time\"><strong>Uhrzeit:<\/strong> 17:45<\/span><br><span class=\"einsatz-title\"><strong>Einsatzmeldung:<\/strong> <a href=\"https:\/\/www.ff-sarstedt.de\/stadt\/archive\/einsaetze\/b1-ausgeloester-heimrauchmelder-11\" rel=\"bookmark\">B1 \u2013 Ausgel\u00f6ster Heimrauchmelder<\/a><\/span><br><span class=\"einsatz-location\"><strong>Einsatzort:<\/strong> Am Kipphut<\/span><br><span class=\"einsatz-duration\"><strong>Dauer:<\/strong> 30 min<\/span><br><\/td><td class=\"einsatz-column-number\">147\/2024<\/td><td class=\"einsatz-column-date\">02.08.2024<\/td><td class=\"einsatz-column-time\">17:45<\/td><td class=\"einsatz-column-title\"><a href=\"https:\/\/www.ff-sarstedt.de\/stadt\/archive\/einsaetze\/b1-ausgeloester-heimrauchmelder-11\" rel=\"bookmark\">B1 \u2013 Ausgel\u00f6ster Heimrauchmelder<\/a><\/td><td class=\"einsatz-column-location\">Am Kipphut<\/td><td class=\"einsatz-column-duration\">30 min<\/td><td class=\"einsatz-column-annotationImages\"><i class=\"fa-solid fa-camera\" aria-hidden=\"true\" title=\"Bericht enth\u00e4lt keine Bilder\" style=\"color: #bbbbbb;\"><\/i><\/td><\/tr><tr class=\"einsatz-title-month\"><td colspan=\"7\">Juli<\/td><\/tr><tr class=\"einsatz-header\"><th style=\"white-space: nowrap;\">Nummer<\/th><th style=\"white-space: nowrap;\">Datum<\/th><th style=\"white-space: nowrap;\">Uhrzeit<\/th><th style=\"\">Einsatzmeldung<\/th><th style=\"\">Einsatzort<\/th><th style=\"white-space: nowrap;\">Dauer<\/th><th style=\"\"><\/th><\/tr><tr class=\"report\"><td class=\"smallscreen\" colspan=\"7\" data-permalink=\"https:\/\/www.ff-sarstedt.de\/stadt\/archive\/einsaetze\/b1-ausgeloester-heimrauchmelder-10\"><div class=\"annotation-icon-bar\"><i class=\"fa-solid fa-camera\" aria-hidden=\"true\" title=\"Bericht enth\u00e4lt keine Bilder\" style=\"color: #bbbbbb;\"><\/i><\/div><span class=\"einsatz-number\"><strong>Nummer:<\/strong> 146\/2024<\/span><br><span class=\"einsatz-date\"><strong>Datum:<\/strong> 31.07.2024<\/span><br><span class=\"einsatz-time\"><strong>Uhrzeit:<\/strong> 00:00<\/span><br><span class=\"einsatz-title\"><strong>Einsatzmeldung:<\/strong> <a href=\"https:\/\/www.ff-sarstedt.de\/stadt\/archive\/einsaetze\/b1-ausgeloester-heimrauchmelder-10\" rel=\"bookmark\">B1 \u2013 Ausgel\u00f6ster Heimrauchmelder<\/a><\/span><br><span class=\"einsatz-location\"><strong>Einsatzort:<\/strong> Giebelstiegstra\u00dfe<\/span><br><span class=\"einsatz-duration\"><strong>Dauer:<\/strong> 30 min<\/span><br><\/td><td class=\"einsatz-column-number\">146\/2024<\/td><td class=\"einsatz-column-date\">31.07.2024<\/td><td class=\"einsatz-column-time\">00:00<\/td><td class=\"einsatz-column-title\"><a href=\"https:\/\/www.ff-sarstedt.de\/stadt\/archive\/einsaetze\/b1-ausgeloester-heimrauchmelder-10\" rel=\"bookmark\">B1 \u2013 Ausgel\u00f6ster Heimrauchmelder<\/a><\/td><td class=\"einsatz-column-location\">Giebelstiegstra\u00dfe<\/td><td class=\"einsatz-column-duration\">30 min<\/td><td class=\"einsatz-column-annotationImages\"><i class=\"fa-solid fa-camera\" aria-hidden=\"true\" title=\"Bericht enth\u00e4lt keine Bilder\" style=\"color: #bbbbbb;\"><\/i><\/td><\/tr><tr class=\"report\"><td class=\"smallscreen\" colspan=\"7\" data-permalink=\"https:\/\/www.ff-sarstedt.de\/stadt\/archive\/einsaetze\/b0-pkw-brand\"><div class=\"annotation-icon-bar\"><i class=\"fa-solid fa-camera\" aria-hidden=\"true\" title=\"Bericht enth\u00e4lt keine Bilder\" style=\"color: #bbbbbb;\"><\/i><\/div><span class=\"einsatz-number\"><strong>Nummer:<\/strong> 145\/2024<\/span><br><span class=\"einsatz-date\"><strong>Datum:<\/strong> 30.07.2024<\/span><br><span class=\"einsatz-time\"><strong>Uhrzeit:<\/strong> 13:57<\/span><br><span class=\"einsatz-title\"><strong>Einsatzmeldung:<\/strong> <a href=\"https:\/\/www.ff-sarstedt.de\/stadt\/archive\/einsaetze\/b0-pkw-brand\" rel=\"bookmark\">B0 &#8211; PKW Brand<\/a><\/span><br><span class=\"einsatz-location\"><strong>Einsatzort:<\/strong> B6<\/span><br><span class=\"einsatz-duration\"><strong>Dauer:<\/strong> 2 h<\/span><br><\/td><td class=\"einsatz-column-number\">145\/2024<\/td><td class=\"einsatz-column-date\">30.07.2024<\/td><td class=\"einsatz-column-time\">13:57<\/td><td class=\"einsatz-column-title\"><a href=\"https:\/\/www.ff-sarstedt.de\/stadt\/archive\/einsaetze\/b0-pkw-brand\" rel=\"bookmark\">B0 &#8211; PKW Brand<\/a><\/td><td class=\"einsatz-column-location\">B6<\/td><td class=\"einsatz-column-duration\">2 h<\/td><td class=\"einsatz-column-annotationImages\"><i class=\"fa-solid fa-camera\" aria-hidden=\"true\" title=\"Bericht enth\u00e4lt keine Bilder\" style=\"color: #bbbbbb;\"><\/i><\/td><\/tr><tr class=\"report\"><td class=\"smallscreen\" colspan=\"7\" data-permalink=\"https:\/\/www.ff-sarstedt.de\/stadt\/archive\/einsaetze\/b1-elektroanlage-1000v\"><div class=\"annotation-icon-bar\"><i class=\"fa-solid fa-camera\" aria-hidden=\"true\" title=\"Bericht enth\u00e4lt keine Bilder\" style=\"color: #bbbbbb;\"><\/i><\/div><span class=\"einsatz-number\"><strong>Nummer:<\/strong> 144\/2024<\/span><br><span class=\"einsatz-date\"><strong>Datum:<\/strong> 29.07.2024<\/span><br><span class=\"einsatz-time\"><strong>Uhrzeit:<\/strong> 12:26<\/span><br><span class=\"einsatz-title\"><strong>Einsatzmeldung:<\/strong> <a href=\"https:\/\/www.ff-sarstedt.de\/stadt\/archive\/einsaetze\/b1-elektroanlage-1000v\" rel=\"bookmark\">B1 &#8211; Elektroanlage &lt;1000V<\/a><\/span><br><span class=\"einsatz-location\"><strong>Einsatzort:<\/strong> Holztorstra\u00dfe<\/span><br><span class=\"einsatz-duration\"><strong>Dauer:<\/strong> 30 min<\/span><br><\/td><td class=\"einsatz-column-number\">144\/2024<\/td><td class=\"einsatz-column-date\">29.07.2024<\/td><td class=\"einsatz-column-time\">12:26<\/td><td class=\"einsatz-column-title\"><a href=\"https:\/\/www.ff-sarstedt.de\/stadt\/archive\/einsaetze\/b1-elektroanlage-1000v\" rel=\"bookmark\">B1 &#8211; Elektroanlage &lt;1000V<\/a><\/td><td class=\"einsatz-column-location\">Holztorstra\u00dfe<\/td><td class=\"einsatz-column-duration\">30 min<\/td><td class=\"einsatz-column-annotationImages\"><i class=\"fa-solid fa-camera\" aria-hidden=\"true\" title=\"Bericht enth\u00e4lt keine Bilder\" style=\"color: #bbbbbb;\"><\/i><\/td><\/tr><tr class=\"report\"><td class=\"smallscreen\" colspan=\"7\" data-permalink=\"https:\/\/www.ff-sarstedt.de\/stadt\/archive\/einsaetze\/b1-wohnhausbrand\"><div class=\"annotation-icon-bar\"><i class=\"fa-solid fa-camera\" aria-hidden=\"true\" title=\"Bericht enth\u00e4lt keine Bilder\" style=\"color: #bbbbbb;\"><\/i><\/div><span class=\"einsatz-number\"><strong>Nummer:<\/strong> 143\/2024<\/span><br><span class=\"einsatz-date\"><strong>Datum:<\/strong> 27.07.2024<\/span><br><span class=\"einsatz-time\"><strong>Uhrzeit:<\/strong> 18:03<\/span><br><span class=\"einsatz-title\"><strong>Einsatzmeldung:<\/strong> <a href=\"https:\/\/www.ff-sarstedt.de\/stadt\/archive\/einsaetze\/b1-wohnhausbrand\" rel=\"bookmark\">B1 &#8211; Wohnhausbrand<\/a><\/span><br><span class=\"einsatz-location\"><strong>Einsatzort:<\/strong> Gerhart-Hauptmann-Str. (G\u00f6dringen)<\/span><br><span class=\"einsatz-duration\"><strong>Dauer:<\/strong> 2 h 30 min<\/span><br><\/td><td class=\"einsatz-column-number\">143\/2024<\/td><td class=\"einsatz-column-date\">27.07.2024<\/td><td class=\"einsatz-column-time\">18:03<\/td><td class=\"einsatz-column-title\"><a href=\"https:\/\/www.ff-sarstedt.de\/stadt\/archive\/einsaetze\/b1-wohnhausbrand\" rel=\"bookmark\">B1 &#8211; Wohnhausbrand<\/a><\/td><td class=\"einsatz-column-location\">Gerhart-Hauptmann-Str. (G\u00f6dringen)<\/td><td class=\"einsatz-column-duration\">2 h 30 min<\/td><td class=\"einsatz-column-annotationImages\"><i class=\"fa-solid fa-camera\" aria-hidden=\"true\" title=\"Bericht enth\u00e4lt keine Bilder\" style=\"color: #bbbbbb;\"><\/i><\/td><\/tr><tr class=\"report\"><td class=\"smallscreen\" colspan=\"7\" data-permalink=\"https:\/\/www.ff-sarstedt.de\/stadt\/archive\/einsaetze\/b1-ausgeloeste-brandmeldeanlage-9\"><div class=\"annotation-icon-bar\"><i class=\"fa-solid fa-camera\" aria-hidden=\"true\" title=\"Bericht enth\u00e4lt keine Bilder\" style=\"color: #bbbbbb;\"><\/i><\/div><span class=\"einsatz-number\"><strong>Nummer:<\/strong> 142\/2024<\/span><br><span class=\"einsatz-date\"><strong>Datum:<\/strong> 27.07.2024<\/span><br><span class=\"einsatz-time\"><strong>Uhrzeit:<\/strong> 04:01<\/span><br><span class=\"einsatz-title\"><strong>Einsatzmeldung:<\/strong> <a href=\"https:\/\/www.ff-sarstedt.de\/stadt\/archive\/einsaetze\/b1-ausgeloeste-brandmeldeanlage-9\" rel=\"bookmark\">B1 \u2013 Ausgel\u00f6ste Brandmeldeanlage<\/a><\/span><br><span class=\"einsatz-location\"><strong>Einsatzort:<\/strong> Karl-Schiller-Stra\u00dfe<\/span><br><span class=\"einsatz-duration\"><strong>Dauer:<\/strong> 1 h<\/span><br><\/td><td class=\"einsatz-column-number\">142\/2024<\/td><td class=\"einsatz-column-date\">27.07.2024<\/td><td class=\"einsatz-column-time\">04:01<\/td><td class=\"einsatz-column-title\"><a href=\"https:\/\/www.ff-sarstedt.de\/stadt\/archive\/einsaetze\/b1-ausgeloeste-brandmeldeanlage-9\" rel=\"bookmark\">B1 \u2013 Ausgel\u00f6ste Brandmeldeanlage<\/a><\/td><td class=\"einsatz-column-location\">Karl-Schiller-Stra\u00dfe<\/td><td class=\"einsatz-column-duration\">1 h<\/td><td class=\"einsatz-column-annotationImages\"><i class=\"fa-solid fa-camera\" aria-hidden=\"true\" title=\"Bericht enth\u00e4lt keine Bilder\" style=\"color: #bbbbbb;\"><\/i><\/td><\/tr><tr class=\"report\"><td class=\"smallscreen\" colspan=\"7\" data-permalink=\"https:\/\/www.ff-sarstedt.de\/stadt\/archive\/einsaetze\/b1-ausgeloeste-brandmeldeanlage-8\"><div class=\"annotation-icon-bar\"><i class=\"fa-solid fa-camera\" aria-hidden=\"true\" title=\"Bericht enth\u00e4lt keine Bilder\" style=\"color: #bbbbbb;\"><\/i><\/div><span class=\"einsatz-number\"><strong>Nummer:<\/strong> 141\/2024<\/span><br><span class=\"einsatz-date\"><strong>Datum:<\/strong> 26.07.2024<\/span><br><span class=\"einsatz-time\"><strong>Uhrzeit:<\/strong> 22:19<\/span><br><span class=\"einsatz-title\"><strong>Einsatzmeldung:<\/strong> <a href=\"https:\/\/www.ff-sarstedt.de\/stadt\/archive\/einsaetze\/b1-ausgeloeste-brandmeldeanlage-8\" rel=\"bookmark\">B1 \u2013 Ausgel\u00f6ste Brandmeldeanlage<\/a><\/span><br><span class=\"einsatz-location\"><strong>Einsatzort:<\/strong> Karl-Schiller-Stra\u00dfe<\/span><br><span class=\"einsatz-duration\"><strong>Dauer:<\/strong> 1 h<\/span><br><\/td><td class=\"einsatz-column-number\">141\/2024<\/td><td class=\"einsatz-column-date\">26.07.2024<\/td><td class=\"einsatz-column-time\">22:19<\/td><td class=\"einsatz-column-title\"><a href=\"https:\/\/www.ff-sarstedt.de\/stadt\/archive\/einsaetze\/b1-ausgeloeste-brandmeldeanlage-8\" rel=\"bookmark\">B1 \u2013 Ausgel\u00f6ste Brandmeldeanlage<\/a><\/td><td class=\"einsatz-column-location\">Karl-Schiller-Stra\u00dfe<\/td><td class=\"einsatz-column-duration\">1 h<\/td><td class=\"einsatz-column-annotationImages\"><i class=\"fa-solid fa-camera\" aria-hidden=\"true\" title=\"Bericht enth\u00e4lt keine Bilder\" style=\"color: #bbbbbb;\"><\/i><\/td><\/tr><tr class=\"report\"><td class=\"smallscreen\" colspan=\"7\" data-permalink=\"https:\/\/www.ff-sarstedt.de\/stadt\/archive\/einsaetze\/h0-sonstige-hilfeleistung-4\"><div class=\"annotation-icon-bar\"><i class=\"fa-solid fa-camera\" aria-hidden=\"true\" title=\"Bericht enth\u00e4lt keine Bilder\" style=\"color: #bbbbbb;\"><\/i><\/div><span class=\"einsatz-number\"><strong>Nummer:<\/strong> 140\/2024<\/span><br><span class=\"einsatz-date\"><strong>Datum:<\/strong> 26.07.2024<\/span><br><span class=\"einsatz-time\"><strong>Uhrzeit:<\/strong> 12:30<\/span><br><span class=\"einsatz-title\"><strong>Einsatzmeldung:<\/strong> <a href=\"https:\/\/www.ff-sarstedt.de\/stadt\/archive\/einsaetze\/h0-sonstige-hilfeleistung-4\" rel=\"bookmark\">H0 &#8211; sonstige Hilfeleistung<\/a><\/span><br><span class=\"einsatz-location\"><strong>Einsatzort:<\/strong> Im Kirchenfelde<\/span><br><span class=\"einsatz-duration\"><strong>Dauer:<\/strong> 2 h 30 min<\/span><br><\/td><td class=\"einsatz-column-number\">140\/2024<\/td><td class=\"einsatz-column-date\">26.07.2024<\/td><td class=\"einsatz-column-time\">12:30<\/td><td class=\"einsatz-column-title\"><a href=\"https:\/\/www.ff-sarstedt.de\/stadt\/archive\/einsaetze\/h0-sonstige-hilfeleistung-4\" rel=\"bookmark\">H0 &#8211; sonstige Hilfeleistung<\/a><\/td><td class=\"einsatz-column-location\">Im Kirchenfelde<\/td><td class=\"einsatz-column-duration\">2 h 30 min<\/td><td class=\"einsatz-column-annotationImages\"><i class=\"fa-solid fa-camera\" aria-hidden=\"true\" title=\"Bericht enth\u00e4lt keine Bilder\" style=\"color: #bbbbbb;\"><\/i><\/td><\/tr><tr class=\"report\"><td class=\"smallscreen\" colspan=\"7\" data-permalink=\"https:\/\/www.ff-sarstedt.de\/stadt\/archive\/einsaetze\/b1-ausgeloeste-brandmeldeanlage-7\"><div class=\"annotation-icon-bar\"><i class=\"fa-solid fa-camera\" aria-hidden=\"true\" title=\"Bericht enth\u00e4lt keine Bilder\" style=\"color: #bbbbbb;\"><\/i><\/div><span class=\"einsatz-number\"><strong>Nummer:<\/strong> 139\/2024<\/span><br><span class=\"einsatz-date\"><strong>Datum:<\/strong> 26.07.2024<\/span><br><span class=\"einsatz-time\"><strong>Uhrzeit:<\/strong> 01:30<\/span><br><span class=\"einsatz-title\"><strong>Einsatzmeldung:<\/strong> <a href=\"https:\/\/www.ff-sarstedt.de\/stadt\/archive\/einsaetze\/b1-ausgeloeste-brandmeldeanlage-7\" rel=\"bookmark\">B1 \u2013 Ausgel\u00f6ste Brandmeldeanlage<\/a><\/span><br><span class=\"einsatz-location\"><strong>Einsatzort:<\/strong> Karl-Schiller-Stra\u00dfe<\/span><br><span class=\"einsatz-duration\"><strong>Dauer:<\/strong> 1 h<\/span><br><\/td><td class=\"einsatz-column-number\">139\/2024<\/td><td class=\"einsatz-column-date\">26.07.2024<\/td><td class=\"einsatz-column-time\">01:30<\/td><td class=\"einsatz-column-title\"><a href=\"https:\/\/www.ff-sarstedt.de\/stadt\/archive\/einsaetze\/b1-ausgeloeste-brandmeldeanlage-7\" rel=\"bookmark\">B1 \u2013 Ausgel\u00f6ste Brandmeldeanlage<\/a><\/td><td class=\"einsatz-column-location\">Karl-Schiller-Stra\u00dfe<\/td><td class=\"einsatz-column-duration\">1 h<\/td><td class=\"einsatz-column-annotationImages\"><i class=\"fa-solid fa-camera\" aria-hidden=\"true\" title=\"Bericht enth\u00e4lt keine Bilder\" style=\"color: #bbbbbb;\"><\/i><\/td><\/tr><tr class=\"report\"><td class=\"smallscreen\" colspan=\"7\" data-permalink=\"https:\/\/www.ff-sarstedt.de\/stadt\/archive\/einsaetze\/b2-dachstuhlbrand\"><div class=\"annotation-icon-bar\"><i class=\"fa-solid fa-camera\" aria-hidden=\"true\" title=\"Bericht enth\u00e4lt keine Bilder\" style=\"color: #bbbbbb;\"><\/i><\/div><span class=\"einsatz-number\"><strong>Nummer:<\/strong> 138\/2024<\/span><br><span class=\"einsatz-date\"><strong>Datum:<\/strong> 21.07.2024<\/span><br><span class=\"einsatz-time\"><strong>Uhrzeit:<\/strong> 16:20<\/span><br><span class=\"einsatz-title\"><strong>Einsatzmeldung:<\/strong> <a href=\"https:\/\/www.ff-sarstedt.de\/stadt\/archive\/einsaetze\/b2-dachstuhlbrand\" rel=\"bookmark\">B2 &#8211; Dachstuhlbrand<\/a><\/span><br><span class=\"einsatz-location\"><strong>Einsatzort:<\/strong> Bahnhofsstra\u00dfe<\/span><br><span class=\"einsatz-duration\"><strong>Dauer:<\/strong> 5 h<\/span><br><\/td><td class=\"einsatz-column-number\">138\/2024<\/td><td class=\"einsatz-column-date\">21.07.2024<\/td><td class=\"einsatz-column-time\">16:20<\/td><td class=\"einsatz-column-title\"><a href=\"https:\/\/www.ff-sarstedt.de\/stadt\/archive\/einsaetze\/b2-dachstuhlbrand\" rel=\"bookmark\">B2 &#8211; Dachstuhlbrand<\/a><\/td><td class=\"einsatz-column-location\">Bahnhofsstra\u00dfe<\/td><td class=\"einsatz-column-duration\">5 h<\/td><td class=\"einsatz-column-annotationImages\"><i class=\"fa-solid fa-camera\" aria-hidden=\"true\" title=\"Bericht enth\u00e4lt keine Bilder\" style=\"color: #bbbbbb;\"><\/i><\/td><\/tr><tr class=\"report\"><td class=\"smallscreen\" colspan=\"7\" data-permalink=\"https:\/\/www.ff-sarstedt.de\/stadt\/archive\/einsaetze\/h0-oelspur-18\"><div class=\"annotation-icon-bar\"><i class=\"fa-solid fa-camera\" aria-hidden=\"true\" title=\"Bericht enth\u00e4lt keine Bilder\" style=\"color: #bbbbbb;\"><\/i><\/div><span class=\"einsatz-number\"><strong>Nummer:<\/strong> 137\/2024<\/span><br><span class=\"einsatz-date\"><strong>Datum:<\/strong> 21.07.2024<\/span><br><span class=\"einsatz-time\"><strong>Uhrzeit:<\/strong> 14:17<\/span><br><span class=\"einsatz-title\"><strong>Einsatzmeldung:<\/strong> <a href=\"https:\/\/www.ff-sarstedt.de\/stadt\/archive\/einsaetze\/h0-oelspur-18\" rel=\"bookmark\">H0 \u2013 \u00d6lspur<\/a><\/span><br><span class=\"einsatz-location\"><strong>Einsatzort:<\/strong> Breslauer Stra\u00dfe<\/span><br><span class=\"einsatz-duration\"><strong>Dauer:<\/strong> 1 h 30 min<\/span><br><\/td><td class=\"einsatz-column-number\">137\/2024<\/td><td class=\"einsatz-column-date\">21.07.2024<\/td><td class=\"einsatz-column-time\">14:17<\/td><td class=\"einsatz-column-title\"><a href=\"https:\/\/www.ff-sarstedt.de\/stadt\/archive\/einsaetze\/h0-oelspur-18\" rel=\"bookmark\">H0 \u2013 \u00d6lspur<\/a><\/td><td class=\"einsatz-column-location\">Breslauer Stra\u00dfe<\/td><td class=\"einsatz-column-duration\">1 h 30 min<\/td><td class=\"einsatz-column-annotationImages\"><i class=\"fa-solid fa-camera\" aria-hidden=\"true\" title=\"Bericht enth\u00e4lt keine Bilder\" style=\"color: #bbbbbb;\"><\/i><\/td><\/tr><tr class=\"report\"><td class=\"smallscreen\" colspan=\"7\" data-permalink=\"https:\/\/www.ff-sarstedt.de\/stadt\/archive\/einsaetze\/bm1-wohnungbrand\"><div class=\"annotation-icon-bar\"><i class=\"fa-solid fa-camera\" aria-hidden=\"true\" title=\"Bericht enth\u00e4lt keine Bilder\" style=\"color: #bbbbbb;\"><\/i><\/div><span class=\"einsatz-number\"><strong>Nummer:<\/strong> 136\/2024<\/span><br><span class=\"einsatz-date\"><strong>Datum:<\/strong> 20.07.2024<\/span><br><span class=\"einsatz-time\"><strong>Uhrzeit:<\/strong> 19:18<\/span><br><span class=\"einsatz-title\"><strong>Einsatzmeldung:<\/strong> <a href=\"https:\/\/www.ff-sarstedt.de\/stadt\/archive\/einsaetze\/bm1-wohnungbrand\" rel=\"bookmark\">BM1 &#8211; Wohnungbrand<\/a><\/span><br><span class=\"einsatz-location\"><strong>Einsatzort:<\/strong> Heinrichstra\u00dfe, Hildesheim<\/span><br><span class=\"einsatz-duration\"><strong>Dauer:<\/strong> 15 min<\/span><br><\/td><td class=\"einsatz-column-number\">136\/2024<\/td><td class=\"einsatz-column-date\">20.07.2024<\/td><td class=\"einsatz-column-time\">19:18<\/td><td class=\"einsatz-column-title\"><a href=\"https:\/\/www.ff-sarstedt.de\/stadt\/archive\/einsaetze\/bm1-wohnungbrand\" rel=\"bookmark\">BM1 &#8211; Wohnungbrand<\/a><\/td><td class=\"einsatz-column-location\">Heinrichstra\u00dfe, Hildesheim<\/td><td class=\"einsatz-column-duration\">15 min<\/td><td class=\"einsatz-column-annotationImages\"><i class=\"fa-solid fa-camera\" aria-hidden=\"true\" title=\"Bericht enth\u00e4lt keine Bilder\" style=\"color: #bbbbbb;\"><\/i><\/td><\/tr><tr class=\"report\"><td class=\"smallscreen\" colspan=\"7\" data-permalink=\"https:\/\/www.ff-sarstedt.de\/stadt\/archive\/einsaetze\/h1-gasgeruch-2\"><div class=\"annotation-icon-bar\"><i class=\"fa-solid fa-camera\" aria-hidden=\"true\" title=\"Bericht enth\u00e4lt keine Bilder\" style=\"color: #bbbbbb;\"><\/i><\/div><span class=\"einsatz-number\"><strong>Nummer:<\/strong> 135\/2024<\/span><br><span class=\"einsatz-date\"><strong>Datum:<\/strong> 18.07.2024<\/span><br><span class=\"einsatz-time\"><strong>Uhrzeit:<\/strong> 22:18<\/span><br><span class=\"einsatz-title\"><strong>Einsatzmeldung:<\/strong> <a href=\"https:\/\/www.ff-sarstedt.de\/stadt\/archive\/einsaetze\/h1-gasgeruch-2\" rel=\"bookmark\">H1 \u2013 Gasgeruch<\/a><\/span><br><span class=\"einsatz-location\"><strong>Einsatzort:<\/strong> Voss-Stra\u00dfe<\/span><br><span class=\"einsatz-duration\"><strong>Dauer:<\/strong> 2 h 30 min<\/span><br><\/td><td class=\"einsatz-column-number\">135\/2024<\/td><td class=\"einsatz-column-date\">18.07.2024<\/td><td class=\"einsatz-column-time\">22:18<\/td><td class=\"einsatz-column-title\"><a href=\"https:\/\/www.ff-sarstedt.de\/stadt\/archive\/einsaetze\/h1-gasgeruch-2\" rel=\"bookmark\">H1 \u2013 Gasgeruch<\/a><\/td><td class=\"einsatz-column-location\">Voss-Stra\u00dfe<\/td><td class=\"einsatz-column-duration\">2 h 30 min<\/td><td class=\"einsatz-column-annotationImages\"><i class=\"fa-solid fa-camera\" aria-hidden=\"true\" title=\"Bericht enth\u00e4lt keine Bilder\" style=\"color: #bbbbbb;\"><\/i><\/td><\/tr><tr class=\"report\"><td class=\"smallscreen\" colspan=\"7\" data-permalink=\"https:\/\/www.ff-sarstedt.de\/stadt\/archive\/einsaetze\/b1-ausgeloeste-brandmeldeanlage-6\"><div class=\"annotation-icon-bar\"><i class=\"fa-solid fa-camera\" aria-hidden=\"true\" title=\"Bericht enth\u00e4lt keine Bilder\" style=\"color: #bbbbbb;\"><\/i><\/div><span class=\"einsatz-number\"><strong>Nummer:<\/strong> 134\/2024<\/span><br><span class=\"einsatz-date\"><strong>Datum:<\/strong> 17.07.2024<\/span><br><span class=\"einsatz-time\"><strong>Uhrzeit:<\/strong> 13:50<\/span><br><span class=\"einsatz-title\"><strong>Einsatzmeldung:<\/strong> <a href=\"https:\/\/www.ff-sarstedt.de\/stadt\/archive\/einsaetze\/b1-ausgeloeste-brandmeldeanlage-6\" rel=\"bookmark\">B1 \u2013 Ausgel\u00f6ste Brandmeldeanlage<\/a><\/span><br><span class=\"einsatz-location\"><strong>Einsatzort:<\/strong> Bahnhofstr., Sarstedt<\/span><br><span class=\"einsatz-duration\"><strong>Dauer:<\/strong> 30 min<\/span><br><\/td><td class=\"einsatz-column-number\">134\/2024<\/td><td class=\"einsatz-column-date\">17.07.2024<\/td><td class=\"einsatz-column-time\">13:50<\/td><td class=\"einsatz-column-title\"><a href=\"https:\/\/www.ff-sarstedt.de\/stadt\/archive\/einsaetze\/b1-ausgeloeste-brandmeldeanlage-6\" rel=\"bookmark\">B1 \u2013 Ausgel\u00f6ste Brandmeldeanlage<\/a><\/td><td class=\"einsatz-column-location\">Bahnhofstr., Sarstedt<\/td><td class=\"einsatz-column-duration\">30 min<\/td><td class=\"einsatz-column-annotationImages\"><i class=\"fa-solid fa-camera\" aria-hidden=\"true\" title=\"Bericht enth\u00e4lt keine Bilder\" style=\"color: #bbbbbb;\"><\/i><\/td><\/tr><tr class=\"report\"><td class=\"smallscreen\" colspan=\"7\" data-permalink=\"https:\/\/www.ff-sarstedt.de\/stadt\/archive\/einsaetze\/h0-sturmschaden-3\"><div class=\"annotation-icon-bar\"><i class=\"fa-solid fa-camera\" aria-hidden=\"true\" title=\"Bericht enth\u00e4lt keine Bilder\" style=\"color: #bbbbbb;\"><\/i><\/div><span class=\"einsatz-number\"><strong>Nummer:<\/strong> 133\/2024<\/span><br><span class=\"einsatz-date\"><strong>Datum:<\/strong> 13.07.2024<\/span><br><span class=\"einsatz-time\"><strong>Uhrzeit:<\/strong> 08:37<\/span><br><span class=\"einsatz-title\"><strong>Einsatzmeldung:<\/strong> <a href=\"https:\/\/www.ff-sarstedt.de\/stadt\/archive\/einsaetze\/h0-sturmschaden-3\" rel=\"bookmark\">H0 \u2013 Sturmschaden<\/a><\/span><br><span class=\"einsatz-location\"><strong>Einsatzort:<\/strong> Am Teinkamp<\/span><br><span class=\"einsatz-duration\"><strong>Dauer:<\/strong> 1 h<\/span><br><\/td><td class=\"einsatz-column-number\">133\/2024<\/td><td class=\"einsatz-column-date\">13.07.2024<\/td><td class=\"einsatz-column-time\">08:37<\/td><td class=\"einsatz-column-title\"><a href=\"https:\/\/www.ff-sarstedt.de\/stadt\/archive\/einsaetze\/h0-sturmschaden-3\" rel=\"bookmark\">H0 \u2013 Sturmschaden<\/a><\/td><td class=\"einsatz-column-location\">Am Teinkamp<\/td><td class=\"einsatz-column-duration\">1 h<\/td><td class=\"einsatz-column-annotationImages\"><i class=\"fa-solid fa-camera\" aria-hidden=\"true\" title=\"Bericht enth\u00e4lt keine Bilder\" style=\"color: #bbbbbb;\"><\/i><\/td><\/tr><tr class=\"report\"><td class=\"smallscreen\" colspan=\"7\" data-permalink=\"https:\/\/www.ff-sarstedt.de\/stadt\/archive\/einsaetze\/h0-sturmschaden-2\"><div class=\"annotation-icon-bar\"><i class=\"fa-solid fa-camera\" aria-hidden=\"true\" title=\"Bericht enth\u00e4lt keine Bilder\" style=\"color: #bbbbbb;\"><\/i><\/div><span class=\"einsatz-number\"><strong>Nummer:<\/strong> 132\/2024<\/span><br><span class=\"einsatz-date\"><strong>Datum:<\/strong> 12.07.2024<\/span><br><span class=\"einsatz-time\"><strong>Uhrzeit:<\/strong> 21:10<\/span><br><span class=\"einsatz-title\"><strong>Einsatzmeldung:<\/strong> <a href=\"https:\/\/www.ff-sarstedt.de\/stadt\/archive\/einsaetze\/h0-sturmschaden-2\" rel=\"bookmark\">H0 \u2013 Sturmschaden<\/a><\/span><br><span class=\"einsatz-location\"><strong>Einsatzort:<\/strong> Am Teinkamp<\/span><br><span class=\"einsatz-duration\"><strong>Dauer:<\/strong> 1 h<\/span><br><\/td><td class=\"einsatz-column-number\">132\/2024<\/td><td class=\"einsatz-column-date\">12.07.2024<\/td><td class=\"einsatz-column-time\">21:10<\/td><td class=\"einsatz-column-title\"><a href=\"https:\/\/www.ff-sarstedt.de\/stadt\/archive\/einsaetze\/h0-sturmschaden-2\" rel=\"bookmark\">H0 \u2013 Sturmschaden<\/a><\/td><td class=\"einsatz-column-location\">Am Teinkamp<\/td><td class=\"einsatz-column-duration\">1 h<\/td><td class=\"einsatz-column-annotationImages\"><i class=\"fa-solid fa-camera\" aria-hidden=\"true\" title=\"Bericht enth\u00e4lt keine Bilder\" style=\"color: #bbbbbb;\"><\/i><\/td><\/tr><tr class=\"report\"><td class=\"smallscreen\" colspan=\"7\" data-permalink=\"https:\/\/www.ff-sarstedt.de\/stadt\/archive\/einsaetze\/h0-oel-auf-gewaesser-2\"><div class=\"annotation-icon-bar\"><i class=\"fa-solid fa-camera\" aria-hidden=\"true\" title=\"Bericht enth\u00e4lt keine Bilder\" style=\"color: #bbbbbb;\"><\/i><\/div><span class=\"einsatz-number\"><strong>Nummer:<\/strong> 131\/2024<\/span><br><span class=\"einsatz-date\"><strong>Datum:<\/strong> 11.07.2024<\/span><br><span class=\"einsatz-time\"><strong>Uhrzeit:<\/strong> 06:36<\/span><br><span class=\"einsatz-title\"><strong>Einsatzmeldung:<\/strong> <a href=\"https:\/\/www.ff-sarstedt.de\/stadt\/archive\/einsaetze\/h0-oel-auf-gewaesser-2\" rel=\"bookmark\">H0 &#8211; \u00d6l auf Gew\u00e4sser<\/a><\/span><br><span class=\"einsatz-location\"><strong>Einsatzort:<\/strong> Hotteln, Hottelner Str.<\/span><br><span class=\"einsatz-duration\"><strong>Dauer:<\/strong> 2 h 30 min<\/span><br><\/td><td class=\"einsatz-column-number\">131\/2024<\/td><td class=\"einsatz-column-date\">11.07.2024<\/td><td class=\"einsatz-column-time\">06:36<\/td><td class=\"einsatz-column-title\"><a href=\"https:\/\/www.ff-sarstedt.de\/stadt\/archive\/einsaetze\/h0-oel-auf-gewaesser-2\" rel=\"bookmark\">H0 &#8211; \u00d6l auf Gew\u00e4sser<\/a><\/td><td class=\"einsatz-column-location\">Hotteln, Hottelner Str.<\/td><td class=\"einsatz-column-duration\">2 h 30 min<\/td><td class=\"einsatz-column-annotationImages\"><i class=\"fa-solid fa-camera\" aria-hidden=\"true\" title=\"Bericht enth\u00e4lt keine Bilder\" style=\"color: #bbbbbb;\"><\/i><\/td><\/tr><tr class=\"report\"><td class=\"smallscreen\" colspan=\"7\" data-permalink=\"https:\/\/www.ff-sarstedt.de\/stadt\/archive\/einsaetze\/h1-gasgeruch\"><div class=\"annotation-icon-bar\"><i class=\"fa-solid fa-camera\" aria-hidden=\"true\" title=\"Bericht enth\u00e4lt keine Bilder\" style=\"color: #bbbbbb;\"><\/i><\/div><span class=\"einsatz-number\"><strong>Nummer:<\/strong> 130\/2024<\/span><br><span class=\"einsatz-date\"><strong>Datum:<\/strong> 08.07.2024<\/span><br><span class=\"einsatz-time\"><strong>Uhrzeit:<\/strong> 20:47<\/span><br><span class=\"einsatz-title\"><strong>Einsatzmeldung:<\/strong> <a href=\"https:\/\/www.ff-sarstedt.de\/stadt\/archive\/einsaetze\/h1-gasgeruch\" rel=\"bookmark\">H1 &#8211; Gasgeruch<\/a><\/span><br><span class=\"einsatz-location\"><strong>Einsatzort:<\/strong> Wilhelm-Raabe-Stra\u00dfe<\/span><br><span class=\"einsatz-duration\"><strong>Dauer:<\/strong> 2 h<\/span><br><\/td><td class=\"einsatz-column-number\">130\/2024<\/td><td class=\"einsatz-column-date\">08.07.2024<\/td><td class=\"einsatz-column-time\">20:47<\/td><td class=\"einsatz-column-title\"><a href=\"https:\/\/www.ff-sarstedt.de\/stadt\/archive\/einsaetze\/h1-gasgeruch\" rel=\"bookmark\">H1 &#8211; Gasgeruch<\/a><\/td><td class=\"einsatz-column-location\">Wilhelm-Raabe-Stra\u00dfe<\/td><td class=\"einsatz-column-duration\">2 h<\/td><td class=\"einsatz-column-annotationImages\"><i class=\"fa-solid fa-camera\" aria-hidden=\"true\" title=\"Bericht enth\u00e4lt keine Bilder\" style=\"color: #bbbbbb;\"><\/i><\/td><\/tr><tr class=\"report\"><td class=\"smallscreen\" colspan=\"7\" data-permalink=\"https:\/\/www.ff-sarstedt.de\/stadt\/archive\/einsaetze\/h0-sturmschaden\"><div class=\"annotation-icon-bar\"><i class=\"fa-solid fa-camera\" aria-hidden=\"true\" title=\"Bericht enth\u00e4lt keine Bilder\" style=\"color: #bbbbbb;\"><\/i><\/div><span class=\"einsatz-number\"><strong>Nummer:<\/strong> 129\/2024<\/span><br><span class=\"einsatz-date\"><strong>Datum:<\/strong> 06.07.2024<\/span><br><span class=\"einsatz-time\"><strong>Uhrzeit:<\/strong> 09:02<\/span><br><span class=\"einsatz-title\"><strong>Einsatzmeldung:<\/strong> <a href=\"https:\/\/www.ff-sarstedt.de\/stadt\/archive\/einsaetze\/h0-sturmschaden\" rel=\"bookmark\">H0 \u2013 Sturmschaden<\/a><\/span><br><span class=\"einsatz-location\"><strong>Einsatzort:<\/strong> Am Festplatz \/ Bruchgraben<\/span><br><span class=\"einsatz-duration\"><strong>Dauer:<\/strong> 1 h 10 min<\/span><br><\/td><td class=\"einsatz-column-number\">129\/2024<\/td><td class=\"einsatz-column-date\">06.07.2024<\/td><td class=\"einsatz-column-time\">09:02<\/td><td class=\"einsatz-column-title\"><a href=\"https:\/\/www.ff-sarstedt.de\/stadt\/archive\/einsaetze\/h0-sturmschaden\" rel=\"bookmark\">H0 \u2013 Sturmschaden<\/a><\/td><td class=\"einsatz-column-location\">Am Festplatz \/ Bruchgraben<\/td><td class=\"einsatz-column-duration\">1 h 10 min<\/td><td class=\"einsatz-column-annotationImages\"><i class=\"fa-solid fa-camera\" aria-hidden=\"true\" title=\"Bericht enth\u00e4lt keine Bilder\" style=\"color: #bbbbbb;\"><\/i><\/td><\/tr><tr class=\"report\"><td class=\"smallscreen\" colspan=\"7\" data-permalink=\"https:\/\/www.ff-sarstedt.de\/stadt\/archive\/einsaetze\/h0-tueroeffnung-13\"><div class=\"annotation-icon-bar\"><i class=\"fa-solid fa-camera\" aria-hidden=\"true\" title=\"Bericht enth\u00e4lt keine Bilder\" style=\"color: #bbbbbb;\"><\/i><\/div><span class=\"einsatz-number\"><strong>Nummer:<\/strong> 128\/2024<\/span><br><span class=\"einsatz-date\"><strong>Datum:<\/strong> 05.07.2024<\/span><br><span class=\"einsatz-time\"><strong>Uhrzeit:<\/strong> 02:14<\/span><br><span class=\"einsatz-title\"><strong>Einsatzmeldung:<\/strong> <a href=\"https:\/\/www.ff-sarstedt.de\/stadt\/archive\/einsaetze\/h0-tueroeffnung-13\" rel=\"bookmark\">H0 \u2013 T\u00fcr\u00f6ffnung<\/a><\/span><br><span class=\"einsatz-location\"><strong>Einsatzort:<\/strong> Gutenbergstra\u00dfe<\/span><br><span class=\"einsatz-duration\"><strong>Dauer:<\/strong> 40 min<\/span><br><\/td><td class=\"einsatz-column-number\">128\/2024<\/td><td class=\"einsatz-column-date\">05.07.2024<\/td><td class=\"einsatz-column-time\">02:14<\/td><td class=\"einsatz-column-title\"><a href=\"https:\/\/www.ff-sarstedt.de\/stadt\/archive\/einsaetze\/h0-tueroeffnung-13\" rel=\"bookmark\">H0 \u2013 T\u00fcr\u00f6ffnung<\/a><\/td><td class=\"einsatz-column-location\">Gutenbergstra\u00dfe<\/td><td class=\"einsatz-column-duration\">40 min<\/td><td class=\"einsatz-column-annotationImages\"><i class=\"fa-solid fa-camera\" aria-hidden=\"true\" title=\"Bericht enth\u00e4lt keine Bilder\" style=\"color: #bbbbbb;\"><\/i><\/td><\/tr><tr class=\"report\"><td class=\"smallscreen\" colspan=\"7\" data-permalink=\"https:\/\/www.ff-sarstedt.de\/stadt\/archive\/einsaetze\/b1-ausgeloeste-brandmeldeanlage-5\"><div class=\"annotation-icon-bar\"><i class=\"fa-solid fa-camera\" aria-hidden=\"true\" title=\"Bericht enth\u00e4lt keine Bilder\" style=\"color: #bbbbbb;\"><\/i><\/div><span class=\"einsatz-number\"><strong>Nummer:<\/strong> 127\/2024<\/span><br><span class=\"einsatz-date\"><strong>Datum:<\/strong> 02.07.2024<\/span><br><span class=\"einsatz-time\"><strong>Uhrzeit:<\/strong> 07:55<\/span><br><span class=\"einsatz-title\"><strong>Einsatzmeldung:<\/strong> <a href=\"https:\/\/www.ff-sarstedt.de\/stadt\/archive\/einsaetze\/b1-ausgeloeste-brandmeldeanlage-5\" rel=\"bookmark\">B1 \u2013 Ausgel\u00f6ste Brandmeldeanlage<\/a><\/span><br><span class=\"einsatz-location\"><strong>Einsatzort:<\/strong> Am Sonnenkamp<\/span><br><span class=\"einsatz-duration\"><strong>Dauer:<\/strong> 20 min<\/span><br><\/td><td class=\"einsatz-column-number\">127\/2024<\/td><td class=\"einsatz-column-date\">02.07.2024<\/td><td class=\"einsatz-column-time\">07:55<\/td><td class=\"einsatz-column-title\"><a href=\"https:\/\/www.ff-sarstedt.de\/stadt\/archive\/einsaetze\/b1-ausgeloeste-brandmeldeanlage-5\" rel=\"bookmark\">B1 \u2013 Ausgel\u00f6ste Brandmeldeanlage<\/a><\/td><td class=\"einsatz-column-location\">Am Sonnenkamp<\/td><td class=\"einsatz-column-duration\">20 min<\/td><td class=\"einsatz-column-annotationImages\"><i class=\"fa-solid fa-camera\" aria-hidden=\"true\" title=\"Bericht enth\u00e4lt keine Bilder\" style=\"color: #bbbbbb;\"><\/i><\/td><\/tr><tr class=\"einsatz-title-month\"><td colspan=\"7\">Juni<\/td><\/tr><tr class=\"einsatz-header\"><th style=\"white-space: nowrap;\">Nummer<\/th><th style=\"white-space: nowrap;\">Datum<\/th><th style=\"white-space: nowrap;\">Uhrzeit<\/th><th style=\"\">Einsatzmeldung<\/th><th style=\"\">Einsatzort<\/th><th style=\"white-space: nowrap;\">Dauer<\/th><th style=\"\"><\/th><\/tr><tr class=\"report\"><td class=\"smallscreen\" colspan=\"7\" data-permalink=\"https:\/\/www.ff-sarstedt.de\/stadt\/archive\/einsaetze\/h0-tierrettung-2\"><div class=\"annotation-icon-bar\"><i class=\"fa-solid fa-camera\" aria-hidden=\"true\" title=\"Bericht enth\u00e4lt keine Bilder\" style=\"color: #bbbbbb;\"><\/i><\/div><span class=\"einsatz-number\"><strong>Nummer:<\/strong> 126\/2024<\/span><br><span class=\"einsatz-date\"><strong>Datum:<\/strong> 28.06.2024<\/span><br><span class=\"einsatz-time\"><strong>Uhrzeit:<\/strong> 09:30<\/span><br><span class=\"einsatz-title\"><strong>Einsatzmeldung:<\/strong> <a href=\"https:\/\/www.ff-sarstedt.de\/stadt\/archive\/einsaetze\/h0-tierrettung-2\" rel=\"bookmark\">H0 &#8211; Tierrettung<\/a><\/span><br><span class=\"einsatz-location\"><strong>Einsatzort:<\/strong> Schliekum<\/span><br><span class=\"einsatz-duration\"><strong>Dauer:<\/strong> 1 h<\/span><br><\/td><td class=\"einsatz-column-number\">126\/2024<\/td><td class=\"einsatz-column-date\">28.06.2024<\/td><td class=\"einsatz-column-time\">09:30<\/td><td class=\"einsatz-column-title\"><a href=\"https:\/\/www.ff-sarstedt.de\/stadt\/archive\/einsaetze\/h0-tierrettung-2\" rel=\"bookmark\">H0 &#8211; Tierrettung<\/a><\/td><td class=\"einsatz-column-location\">Schliekum<\/td><td class=\"einsatz-column-duration\">1 h<\/td><td class=\"einsatz-column-annotationImages\"><i class=\"fa-solid fa-camera\" aria-hidden=\"true\" title=\"Bericht enth\u00e4lt keine Bilder\" style=\"color: #bbbbbb;\"><\/i><\/td><\/tr><tr class=\"report\"><td class=\"smallscreen\" colspan=\"7\" data-permalink=\"https:\/\/www.ff-sarstedt.de\/stadt\/archive\/einsaetze\/b1-ausgeloeste-brandmeldeanlage-4\"><div class=\"annotation-icon-bar\"><i class=\"fa-solid fa-camera\" aria-hidden=\"true\" title=\"Bericht enth\u00e4lt keine Bilder\" style=\"color: #bbbbbb;\"><\/i><\/div><span class=\"einsatz-number\"><strong>Nummer:<\/strong> 125\/2024<\/span><br><span class=\"einsatz-date\"><strong>Datum:<\/strong> 26.06.2024<\/span><br><span class=\"einsatz-time\"><strong>Uhrzeit:<\/strong> 17:01<\/span><br><span class=\"einsatz-title\"><strong>Einsatzmeldung:<\/strong> <a href=\"https:\/\/www.ff-sarstedt.de\/stadt\/archive\/einsaetze\/b1-ausgeloeste-brandmeldeanlage-4\" rel=\"bookmark\">B1 \u2013 Ausgel\u00f6ste Brandmeldeanlage<\/a><\/span><br><span class=\"einsatz-location\"><strong>Einsatzort:<\/strong> Bahnhofsstra\u00dfe<\/span><br><span class=\"einsatz-duration\"><strong>Dauer:<\/strong> 33 min<\/span><br><\/td><td class=\"einsatz-column-number\">125\/2024<\/td><td class=\"einsatz-column-date\">26.06.2024<\/td><td class=\"einsatz-column-time\">17:01<\/td><td class=\"einsatz-column-title\"><a href=\"https:\/\/www.ff-sarstedt.de\/stadt\/archive\/einsaetze\/b1-ausgeloeste-brandmeldeanlage-4\" rel=\"bookmark\">B1 \u2013 Ausgel\u00f6ste Brandmeldeanlage<\/a><\/td><td class=\"einsatz-column-location\">Bahnhofsstra\u00dfe<\/td><td class=\"einsatz-column-duration\">33 min<\/td><td class=\"einsatz-column-annotationImages\"><i class=\"fa-solid fa-camera\" aria-hidden=\"true\" title=\"Bericht enth\u00e4lt keine Bilder\" style=\"color: #bbbbbb;\"><\/i><\/td><\/tr><tr class=\"report\"><td class=\"smallscreen\" colspan=\"7\" data-permalink=\"https:\/\/www.ff-sarstedt.de\/stadt\/archive\/einsaetze\/h0-oelspur-17\"><div class=\"annotation-icon-bar\"><i class=\"fa-solid fa-camera\" aria-hidden=\"true\" title=\"Bericht enth\u00e4lt keine Bilder\" style=\"color: #bbbbbb;\"><\/i><\/div><span class=\"einsatz-number\"><strong>Nummer:<\/strong> 124\/2024<\/span><br><span class=\"einsatz-date\"><strong>Datum:<\/strong> 23.06.2024<\/span><br><span class=\"einsatz-time\"><strong>Uhrzeit:<\/strong> 21:57<\/span><br><span class=\"einsatz-title\"><strong>Einsatzmeldung:<\/strong> <a href=\"https:\/\/www.ff-sarstedt.de\/stadt\/archive\/einsaetze\/h0-oelspur-17\" rel=\"bookmark\">H0 \u2013 \u00d6lspur<\/a><\/span><br><span class=\"einsatz-location\"><strong>Einsatzort:<\/strong> Wellweg<\/span><br><span class=\"einsatz-duration\"><strong>Dauer:<\/strong> 30 min<\/span><br><\/td><td class=\"einsatz-column-number\">124\/2024<\/td><td class=\"einsatz-column-date\">23.06.2024<\/td><td class=\"einsatz-column-time\">21:57<\/td><td class=\"einsatz-column-title\"><a href=\"https:\/\/www.ff-sarstedt.de\/stadt\/archive\/einsaetze\/h0-oelspur-17\" rel=\"bookmark\">H0 \u2013 \u00d6lspur<\/a><\/td><td class=\"einsatz-column-location\">Wellweg<\/td><td class=\"einsatz-column-duration\">30 min<\/td><td class=\"einsatz-column-annotationImages\"><i class=\"fa-solid fa-camera\" aria-hidden=\"true\" title=\"Bericht enth\u00e4lt keine Bilder\" style=\"color: #bbbbbb;\"><\/i><\/td><\/tr><tr class=\"report\"><td class=\"smallscreen\" colspan=\"7\" data-permalink=\"https:\/\/www.ff-sarstedt.de\/stadt\/archive\/einsaetze\/b1-ausgeloester-heimrauchmelder-9\"><div class=\"annotation-icon-bar\"><i class=\"fa-solid fa-camera\" aria-hidden=\"true\" title=\"Bericht enth\u00e4lt keine Bilder\" style=\"color: #bbbbbb;\"><\/i><\/div><span class=\"einsatz-number\"><strong>Nummer:<\/strong> 123\/2024<\/span><br><span class=\"einsatz-date\"><strong>Datum:<\/strong> 22.06.2024<\/span><br><span class=\"einsatz-time\"><strong>Uhrzeit:<\/strong> 05:41<\/span><br><span class=\"einsatz-title\"><strong>Einsatzmeldung:<\/strong> <a href=\"https:\/\/www.ff-sarstedt.de\/stadt\/archive\/einsaetze\/b1-ausgeloester-heimrauchmelder-9\" rel=\"bookmark\">B1 \u2013 Ausgel\u00f6ster Heimrauchmelder<\/a><\/span><br><span class=\"einsatz-location\"><strong>Einsatzort:<\/strong> Vor den Furchen<\/span><br><span class=\"einsatz-duration\"><strong>Dauer:<\/strong> 30 min<\/span><br><\/td><td class=\"einsatz-column-number\">123\/2024<\/td><td class=\"einsatz-column-date\">22.06.2024<\/td><td class=\"einsatz-column-time\">05:41<\/td><td class=\"einsatz-column-title\"><a href=\"https:\/\/www.ff-sarstedt.de\/stadt\/archive\/einsaetze\/b1-ausgeloester-heimrauchmelder-9\" rel=\"bookmark\">B1 \u2013 Ausgel\u00f6ster Heimrauchmelder<\/a><\/td><td class=\"einsatz-column-location\">Vor den Furchen<\/td><td class=\"einsatz-column-duration\">30 min<\/td><td class=\"einsatz-column-annotationImages\"><i class=\"fa-solid fa-camera\" aria-hidden=\"true\" title=\"Bericht enth\u00e4lt keine Bilder\" style=\"color: #bbbbbb;\"><\/i><\/td><\/tr><tr class=\"report\"><td class=\"smallscreen\" colspan=\"7\" data-permalink=\"https:\/\/www.ff-sarstedt.de\/stadt\/archive\/einsaetze\/h0-tueroeffnung-12\"><div class=\"annotation-icon-bar\"><i class=\"fa-solid fa-camera\" aria-hidden=\"true\" title=\"Bericht enth\u00e4lt keine Bilder\" style=\"color: #bbbbbb;\"><\/i><\/div><span class=\"einsatz-number\"><strong>Nummer:<\/strong> 122\/2024<\/span><br><span class=\"einsatz-date\"><strong>Datum:<\/strong> 21.06.2024<\/span><br><span class=\"einsatz-time\"><strong>Uhrzeit:<\/strong> 18:39<\/span><br><span class=\"einsatz-title\"><strong>Einsatzmeldung:<\/strong> <a href=\"https:\/\/www.ff-sarstedt.de\/stadt\/archive\/einsaetze\/h0-tueroeffnung-12\" rel=\"bookmark\">H0 \u2013 T\u00fcr\u00f6ffnung<\/a><\/span><br><span class=\"einsatz-location\"><strong>Einsatzort:<\/strong> Oppelner Stra\u00dfe<\/span><br><span class=\"einsatz-duration\"><strong>Dauer:<\/strong> 1 h<\/span><br><\/td><td class=\"einsatz-column-number\">122\/2024<\/td><td class=\"einsatz-column-date\">21.06.2024<\/td><td class=\"einsatz-column-time\">18:39<\/td><td class=\"einsatz-column-title\"><a href=\"https:\/\/www.ff-sarstedt.de\/stadt\/archive\/einsaetze\/h0-tueroeffnung-12\" rel=\"bookmark\">H0 \u2013 T\u00fcr\u00f6ffnung<\/a><\/td><td class=\"einsatz-column-location\">Oppelner Stra\u00dfe<\/td><td class=\"einsatz-column-duration\">1 h<\/td><td class=\"einsatz-column-annotationImages\"><i class=\"fa-solid fa-camera\" aria-hidden=\"true\" title=\"Bericht enth\u00e4lt keine Bilder\" style=\"color: #bbbbbb;\"><\/i><\/td><\/tr><tr class=\"report\"><td class=\"smallscreen\" colspan=\"7\" data-permalink=\"https:\/\/www.ff-sarstedt.de\/stadt\/archive\/einsaetze\/h2-cbrn-gefahrstoff\"><div class=\"annotation-icon-bar\"><i class=\"fa-solid fa-camera\" aria-hidden=\"true\" title=\"Bericht enth\u00e4lt keine Bilder\" style=\"color: #bbbbbb;\"><\/i><\/div><span class=\"einsatz-number\"><strong>Nummer:<\/strong> 121\/2024<\/span><br><span class=\"einsatz-date\"><strong>Datum:<\/strong> 21.06.2024<\/span><br><span class=\"einsatz-time\"><strong>Uhrzeit:<\/strong> 10:24<\/span><br><span class=\"einsatz-title\"><strong>Einsatzmeldung:<\/strong> <a href=\"https:\/\/www.ff-sarstedt.de\/stadt\/archive\/einsaetze\/h2-cbrn-gefahrstoff\" rel=\"bookmark\">H2 &#8211; CBRN \/ Gefahrstoff<\/a><\/span><br><span class=\"einsatz-location\"><strong>Einsatzort:<\/strong> Harsum<\/span><br><span class=\"einsatz-duration\"><strong>Dauer:<\/strong> 30 min<\/span><br><\/td><td class=\"einsatz-column-number\">121\/2024<\/td><td class=\"einsatz-column-date\">21.06.2024<\/td><td class=\"einsatz-column-time\">10:24<\/td><td class=\"einsatz-column-title\"><a href=\"https:\/\/www.ff-sarstedt.de\/stadt\/archive\/einsaetze\/h2-cbrn-gefahrstoff\" rel=\"bookmark\">H2 &#8211; CBRN \/ Gefahrstoff<\/a><\/td><td class=\"einsatz-column-location\">Harsum<\/td><td class=\"einsatz-column-duration\">30 min<\/td><td class=\"einsatz-column-annotationImages\"><i class=\"fa-solid fa-camera\" aria-hidden=\"true\" title=\"Bericht enth\u00e4lt keine Bilder\" style=\"color: #bbbbbb;\"><\/i><\/td><\/tr><tr class=\"report\"><td class=\"smallscreen\" colspan=\"7\" data-permalink=\"https:\/\/www.ff-sarstedt.de\/stadt\/archive\/einsaetze\/h0-tueroeffnung-11\"><div class=\"annotation-icon-bar\"><i class=\"fa-solid fa-camera\" aria-hidden=\"true\" title=\"Bericht enth\u00e4lt keine Bilder\" style=\"color: #bbbbbb;\"><\/i><\/div><span class=\"einsatz-number\"><strong>Nummer:<\/strong> 120\/2024<\/span><br><span class=\"einsatz-date\"><strong>Datum:<\/strong> 20.06.2024<\/span><br><span class=\"einsatz-time\"><strong>Uhrzeit:<\/strong> 18:30<\/span><br><span class=\"einsatz-title\"><strong>Einsatzmeldung:<\/strong> <a href=\"https:\/\/www.ff-sarstedt.de\/stadt\/archive\/einsaetze\/h0-tueroeffnung-11\" rel=\"bookmark\">H0 \u2013 T\u00fcr\u00f6ffnung<\/a><\/span><br><span class=\"einsatz-location\"><strong>Einsatzort:<\/strong> An der Stra\u00dfenbahn<\/span><br><span class=\"einsatz-duration\"><strong>Dauer:<\/strong> 20 min<\/span><br><\/td><td class=\"einsatz-column-number\">120\/2024<\/td><td class=\"einsatz-column-date\">20.06.2024<\/td><td class=\"einsatz-column-time\">18:30<\/td><td class=\"einsatz-column-title\"><a href=\"https:\/\/www.ff-sarstedt.de\/stadt\/archive\/einsaetze\/h0-tueroeffnung-11\" rel=\"bookmark\">H0 \u2013 T\u00fcr\u00f6ffnung<\/a><\/td><td class=\"einsatz-column-location\">An der Stra\u00dfenbahn<\/td><td class=\"einsatz-column-duration\">20 min<\/td><td class=\"einsatz-column-annotationImages\"><i class=\"fa-solid fa-camera\" aria-hidden=\"true\" title=\"Bericht enth\u00e4lt keine Bilder\" style=\"color: #bbbbbb;\"><\/i><\/td><\/tr><tr class=\"report\"><td class=\"smallscreen\" colspan=\"7\" data-permalink=\"https:\/\/www.ff-sarstedt.de\/stadt\/archive\/einsaetze\/b1-ausgeloeste-brandmeldeanlage-3\"><div class=\"annotation-icon-bar\"><i class=\"fa-solid fa-camera\" aria-hidden=\"true\" title=\"Bericht enth\u00e4lt keine Bilder\" style=\"color: #bbbbbb;\"><\/i><\/div><span class=\"einsatz-number\"><strong>Nummer:<\/strong> 119\/2024<\/span><br><span class=\"einsatz-date\"><strong>Datum:<\/strong> 20.06.2024<\/span><br><span class=\"einsatz-time\"><strong>Uhrzeit:<\/strong> 13:44<\/span><br><span class=\"einsatz-title\"><strong>Einsatzmeldung:<\/strong> <a href=\"https:\/\/www.ff-sarstedt.de\/stadt\/archive\/einsaetze\/b1-ausgeloeste-brandmeldeanlage-3\" rel=\"bookmark\">B1 \u2013 Ausgel\u00f6ste Brandmeldeanlage<\/a><\/span><br><span class=\"einsatz-location\"><strong>Einsatzort:<\/strong> Burgstra\u00dfe<\/span><br><span class=\"einsatz-duration\"><strong>Dauer:<\/strong> 40 min<\/span><br><\/td><td class=\"einsatz-column-number\">119\/2024<\/td><td class=\"einsatz-column-date\">20.06.2024<\/td><td class=\"einsatz-column-time\">13:44<\/td><td class=\"einsatz-column-title\"><a href=\"https:\/\/www.ff-sarstedt.de\/stadt\/archive\/einsaetze\/b1-ausgeloeste-brandmeldeanlage-3\" rel=\"bookmark\">B1 \u2013 Ausgel\u00f6ste Brandmeldeanlage<\/a><\/td><td class=\"einsatz-column-location\">Burgstra\u00dfe<\/td><td class=\"einsatz-column-duration\">40 min<\/td><td class=\"einsatz-column-annotationImages\"><i class=\"fa-solid fa-camera\" aria-hidden=\"true\" title=\"Bericht enth\u00e4lt keine Bilder\" style=\"color: #bbbbbb;\"><\/i><\/td><\/tr><tr class=\"report\"><td class=\"smallscreen\" colspan=\"7\" data-permalink=\"https:\/\/www.ff-sarstedt.de\/stadt\/archive\/einsaetze\/b1-ausgeloester-heimrauchmelder-8\"><div class=\"annotation-icon-bar\"><i class=\"fa-solid fa-camera\" aria-hidden=\"true\" title=\"Bericht enth\u00e4lt keine Bilder\" style=\"color: #bbbbbb;\"><\/i><\/div><span class=\"einsatz-number\"><strong>Nummer:<\/strong> 118\/2024<\/span><br><span class=\"einsatz-date\"><strong>Datum:<\/strong> 19.06.2024<\/span><br><span class=\"einsatz-time\"><strong>Uhrzeit:<\/strong> 17:40<\/span><br><span class=\"einsatz-title\"><strong>Einsatzmeldung:<\/strong> <a href=\"https:\/\/www.ff-sarstedt.de\/stadt\/archive\/einsaetze\/b1-ausgeloester-heimrauchmelder-8\" rel=\"bookmark\">B1 \u2013 Ausgel\u00f6ster Heimrauchmelder<\/a><\/span><br><span class=\"einsatz-location\"><strong>Einsatzort:<\/strong> Lindenallee<\/span><br><span class=\"einsatz-duration\"><strong>Dauer:<\/strong> 1 h<\/span><br><\/td><td class=\"einsatz-column-number\">118\/2024<\/td><td class=\"einsatz-column-date\">19.06.2024<\/td><td class=\"einsatz-column-time\">17:40<\/td><td class=\"einsatz-column-title\"><a href=\"https:\/\/www.ff-sarstedt.de\/stadt\/archive\/einsaetze\/b1-ausgeloester-heimrauchmelder-8\" rel=\"bookmark\">B1 \u2013 Ausgel\u00f6ster Heimrauchmelder<\/a><\/td><td class=\"einsatz-column-location\">Lindenallee<\/td><td class=\"einsatz-column-duration\">1 h<\/td><td class=\"einsatz-column-annotationImages\"><i class=\"fa-solid fa-camera\" aria-hidden=\"true\" title=\"Bericht enth\u00e4lt keine Bilder\" style=\"color: #bbbbbb;\"><\/i><\/td><\/tr><tr class=\"report\"><td class=\"smallscreen\" colspan=\"7\" data-permalink=\"https:\/\/www.ff-sarstedt.de\/stadt\/archive\/einsaetze\/h0-oelspur-16\"><div class=\"annotation-icon-bar\"><i class=\"fa-solid fa-camera\" aria-hidden=\"true\" title=\"Bericht enth\u00e4lt keine Bilder\" style=\"color: #bbbbbb;\"><\/i><\/div><span class=\"einsatz-number\"><strong>Nummer:<\/strong> 117\/2024<\/span><br><span class=\"einsatz-date\"><strong>Datum:<\/strong> 19.06.2024<\/span><br><span class=\"einsatz-time\"><strong>Uhrzeit:<\/strong> 11:59<\/span><br><span class=\"einsatz-title\"><strong>Einsatzmeldung:<\/strong> <a href=\"https:\/\/www.ff-sarstedt.de\/stadt\/archive\/einsaetze\/h0-oelspur-16\" rel=\"bookmark\">H0 \u2013 \u00d6lspur<\/a><\/span><br><span class=\"einsatz-location\"><strong>Einsatzort:<\/strong> Gl\u00fcckaufstra\u00dfe<\/span><br><span class=\"einsatz-duration\"><strong>Dauer:<\/strong> 1 h 16 min<\/span><br><\/td><td class=\"einsatz-column-number\">117\/2024<\/td><td class=\"einsatz-column-date\">19.06.2024<\/td><td class=\"einsatz-column-time\">11:59<\/td><td class=\"einsatz-column-title\"><a href=\"https:\/\/www.ff-sarstedt.de\/stadt\/archive\/einsaetze\/h0-oelspur-16\" rel=\"bookmark\">H0 \u2013 \u00d6lspur<\/a><\/td><td class=\"einsatz-column-location\">Gl\u00fcckaufstra\u00dfe<\/td><td class=\"einsatz-column-duration\">1 h 16 min<\/td><td class=\"einsatz-column-annotationImages\"><i class=\"fa-solid fa-camera\" aria-hidden=\"true\" title=\"Bericht enth\u00e4lt keine Bilder\" style=\"color: #bbbbbb;\"><\/i><\/td><\/tr><tr class=\"report\"><td class=\"smallscreen\" colspan=\"7\" data-permalink=\"https:\/\/www.ff-sarstedt.de\/stadt\/archive\/einsaetze\/b1-unklare-rauchentwicklung-3\"><div class=\"annotation-icon-bar\"><i class=\"fa-solid fa-camera\" aria-hidden=\"true\" title=\"Bericht enth\u00e4lt keine Bilder\" style=\"color: #bbbbbb;\"><\/i><\/div><span class=\"einsatz-number\"><strong>Nummer:<\/strong> 116\/2024<\/span><br><span class=\"einsatz-date\"><strong>Datum:<\/strong> 19.06.2024<\/span><br><span class=\"einsatz-time\"><strong>Uhrzeit:<\/strong> 10:30<\/span><br><span class=\"einsatz-title\"><strong>Einsatzmeldung:<\/strong> <a href=\"https:\/\/www.ff-sarstedt.de\/stadt\/archive\/einsaetze\/b1-unklare-rauchentwicklung-3\" rel=\"bookmark\">B1- unklare Rauchentwicklung<\/a><\/span><br><span class=\"einsatz-location\"><strong>Einsatzort:<\/strong> Dachsteinweg<\/span><br><span class=\"einsatz-duration\"><strong>Dauer:<\/strong> 1 h 30 min<\/span><br><\/td><td class=\"einsatz-column-number\">116\/2024<\/td><td class=\"einsatz-column-date\">19.06.2024<\/td><td class=\"einsatz-column-time\">10:30<\/td><td class=\"einsatz-column-title\"><a href=\"https:\/\/www.ff-sarstedt.de\/stadt\/archive\/einsaetze\/b1-unklare-rauchentwicklung-3\" rel=\"bookmark\">B1- unklare Rauchentwicklung<\/a><\/td><td class=\"einsatz-column-location\">Dachsteinweg<\/td><td class=\"einsatz-column-duration\">1 h 30 min<\/td><td class=\"einsatz-column-annotationImages\"><i class=\"fa-solid fa-camera\" aria-hidden=\"true\" title=\"Bericht enth\u00e4lt keine Bilder\" style=\"color: #bbbbbb;\"><\/i><\/td><\/tr><tr class=\"report\"><td class=\"smallscreen\" colspan=\"7\" data-permalink=\"https:\/\/www.ff-sarstedt.de\/stadt\/archive\/einsaetze\/b0-containerbrand-5\"><div class=\"annotation-icon-bar\"><i class=\"fa-solid fa-camera\" aria-hidden=\"true\" title=\"Bericht enth\u00e4lt keine Bilder\" style=\"color: #bbbbbb;\"><\/i><\/div><span class=\"einsatz-number\"><strong>Nummer:<\/strong> 115\/2024<\/span><br><span class=\"einsatz-date\"><strong>Datum:<\/strong> 18.06.2024<\/span><br><span class=\"einsatz-time\"><strong>Uhrzeit:<\/strong> 16:55<\/span><br><span class=\"einsatz-title\"><strong>Einsatzmeldung:<\/strong> <a href=\"https:\/\/www.ff-sarstedt.de\/stadt\/archive\/einsaetze\/b0-containerbrand-5\" rel=\"bookmark\">B0 \u2013 Containerbrand<\/a><\/span><br><span class=\"einsatz-location\"><strong>Einsatzort:<\/strong> Brickelweg<\/span><br><span class=\"einsatz-duration\"><strong>Dauer:<\/strong> 1 h<\/span><br><\/td><td class=\"einsatz-column-number\">115\/2024<\/td><td class=\"einsatz-column-date\">18.06.2024<\/td><td class=\"einsatz-column-time\">16:55<\/td><td class=\"einsatz-column-title\"><a href=\"https:\/\/www.ff-sarstedt.de\/stadt\/archive\/einsaetze\/b0-containerbrand-5\" rel=\"bookmark\">B0 \u2013 Containerbrand<\/a><\/td><td class=\"einsatz-column-location\">Brickelweg<\/td><td class=\"einsatz-column-duration\">1 h<\/td><td class=\"einsatz-column-annotationImages\"><i class=\"fa-solid fa-camera\" aria-hidden=\"true\" title=\"Bericht enth\u00e4lt keine Bilder\" style=\"color: #bbbbbb;\"><\/i><\/td><\/tr><tr class=\"report\"><td class=\"smallscreen\" colspan=\"7\" data-permalink=\"https:\/\/www.ff-sarstedt.de\/stadt\/archive\/einsaetze\/h0-sonstige-hilfeleistung-3\"><div class=\"annotation-icon-bar\"><i class=\"fa-solid fa-camera\" aria-hidden=\"true\" title=\"Bericht enth\u00e4lt keine Bilder\" style=\"color: #bbbbbb;\"><\/i><\/div><span class=\"einsatz-number\"><strong>Nummer:<\/strong> 114\/2024<\/span><br><span class=\"einsatz-date\"><strong>Datum:<\/strong> 16.06.2024<\/span><br><span class=\"einsatz-time\"><strong>Uhrzeit:<\/strong> 22:01<\/span><br><span class=\"einsatz-title\"><strong>Einsatzmeldung:<\/strong> <a href=\"https:\/\/www.ff-sarstedt.de\/stadt\/archive\/einsaetze\/h0-sonstige-hilfeleistung-3\" rel=\"bookmark\">H0 &#8211; Sonstige Hilfeleistung<\/a><\/span><br><span class=\"einsatz-location\"><strong>Einsatzort:<\/strong> Ziegeleistra\u00dfe<\/span><br><span class=\"einsatz-duration\"><strong>Dauer:<\/strong> 40 min<\/span><br><\/td><td class=\"einsatz-column-number\">114\/2024<\/td><td class=\"einsatz-column-date\">16.06.2024<\/td><td class=\"einsatz-column-time\">22:01<\/td><td class=\"einsatz-column-title\"><a href=\"https:\/\/www.ff-sarstedt.de\/stadt\/archive\/einsaetze\/h0-sonstige-hilfeleistung-3\" rel=\"bookmark\">H0 &#8211; Sonstige Hilfeleistung<\/a><\/td><td class=\"einsatz-column-location\">Ziegeleistra\u00dfe<\/td><td class=\"einsatz-column-duration\">40 min<\/td><td class=\"einsatz-column-annotationImages\"><i class=\"fa-solid fa-camera\" aria-hidden=\"true\" title=\"Bericht enth\u00e4lt keine Bilder\" style=\"color: #bbbbbb;\"><\/i><\/td><\/tr><tr class=\"report\"><td class=\"smallscreen\" colspan=\"7\" data-permalink=\"https:\/\/www.ff-sarstedt.de\/stadt\/archive\/einsaetze\/b1-ausgeloeste-brandmeldeanlage-2\"><div class=\"annotation-icon-bar\"><i class=\"fa-solid fa-camera\" aria-hidden=\"true\" title=\"Bericht enth\u00e4lt keine Bilder\" style=\"color: #bbbbbb;\"><\/i><\/div><span class=\"einsatz-number\"><strong>Nummer:<\/strong> 113\/2024<\/span><br><span class=\"einsatz-date\"><strong>Datum:<\/strong> 16.06.2024<\/span><br><span class=\"einsatz-time\"><strong>Uhrzeit:<\/strong> 14:34<\/span><br><span class=\"einsatz-title\"><strong>Einsatzmeldung:<\/strong> <a href=\"https:\/\/www.ff-sarstedt.de\/stadt\/archive\/einsaetze\/b1-ausgeloeste-brandmeldeanlage-2\" rel=\"bookmark\">B1 \u2013 Ausgel\u00f6ste Brandmeldeanlage<\/a><\/span><br><span class=\"einsatz-location\"><strong>Einsatzort:<\/strong> Karl-Schiller-Str.<\/span><br><span class=\"einsatz-duration\"><strong>Dauer:<\/strong> 1 h<\/span><br><\/td><td class=\"einsatz-column-number\">113\/2024<\/td><td class=\"einsatz-column-date\">16.06.2024<\/td><td class=\"einsatz-column-time\">14:34<\/td><td class=\"einsatz-column-title\"><a href=\"https:\/\/www.ff-sarstedt.de\/stadt\/archive\/einsaetze\/b1-ausgeloeste-brandmeldeanlage-2\" rel=\"bookmark\">B1 \u2013 Ausgel\u00f6ste Brandmeldeanlage<\/a><\/td><td class=\"einsatz-column-location\">Karl-Schiller-Str.<\/td><td class=\"einsatz-column-duration\">1 h<\/td><td class=\"einsatz-column-annotationImages\"><i class=\"fa-solid fa-camera\" aria-hidden=\"true\" title=\"Bericht enth\u00e4lt keine Bilder\" style=\"color: #bbbbbb;\"><\/i><\/td><\/tr><tr class=\"report\"><td class=\"smallscreen\" colspan=\"7\" data-permalink=\"https:\/\/www.ff-sarstedt.de\/stadt\/archive\/einsaetze\/b0-kleinbrand\"><div class=\"annotation-icon-bar\"><i class=\"fa-solid fa-camera\" aria-hidden=\"true\" title=\"Bericht enth\u00e4lt keine Bilder\" style=\"color: #bbbbbb;\"><\/i><\/div><span class=\"einsatz-number\"><strong>Nummer:<\/strong> 112\/2024<\/span><br><span class=\"einsatz-date\"><strong>Datum:<\/strong> 16.06.2024<\/span><br><span class=\"einsatz-time\"><strong>Uhrzeit:<\/strong> 12:48<\/span><br><span class=\"einsatz-title\"><strong>Einsatzmeldung:<\/strong> <a href=\"https:\/\/www.ff-sarstedt.de\/stadt\/archive\/einsaetze\/b0-kleinbrand\" rel=\"bookmark\">B0 &#8211; Kleinbrand<\/a><\/span><br><span class=\"einsatz-location\"><strong>Einsatzort:<\/strong> R\u00f6ntgenstr.<\/span><br><span class=\"einsatz-duration\"><strong>Dauer:<\/strong> 30 min<\/span><br><\/td><td class=\"einsatz-column-number\">112\/2024<\/td><td class=\"einsatz-column-date\">16.06.2024<\/td><td class=\"einsatz-column-time\">12:48<\/td><td class=\"einsatz-column-title\"><a href=\"https:\/\/www.ff-sarstedt.de\/stadt\/archive\/einsaetze\/b0-kleinbrand\" rel=\"bookmark\">B0 &#8211; Kleinbrand<\/a><\/td><td class=\"einsatz-column-location\">R\u00f6ntgenstr.<\/td><td class=\"einsatz-column-duration\">30 min<\/td><td class=\"einsatz-column-annotationImages\"><i class=\"fa-solid fa-camera\" aria-hidden=\"true\" title=\"Bericht enth\u00e4lt keine Bilder\" style=\"color: #bbbbbb;\"><\/i><\/td><\/tr><tr class=\"report\"><td class=\"smallscreen\" colspan=\"7\" data-permalink=\"https:\/\/www.ff-sarstedt.de\/stadt\/archive\/einsaetze\/hm1-eingeklemmte-person-2\"><div class=\"annotation-icon-bar\"><i class=\"fa-solid fa-camera\" aria-hidden=\"true\" title=\"Bericht enth\u00e4lt keine Bilder\" style=\"color: #bbbbbb;\"><\/i><\/div><span class=\"einsatz-number\"><strong>Nummer:<\/strong> 111\/2024<\/span><br><span class=\"einsatz-date\"><strong>Datum:<\/strong> 14.06.2024<\/span><br><span class=\"einsatz-time\"><strong>Uhrzeit:<\/strong> 13:36<\/span><br><span class=\"einsatz-title\"><strong>Einsatzmeldung:<\/strong> <a href=\"https:\/\/www.ff-sarstedt.de\/stadt\/archive\/einsaetze\/hm1-eingeklemmte-person-2\" rel=\"bookmark\">HM1 \u2013 Eingeklemmte Person<\/a><\/span><br><span class=\"einsatz-location\"><strong>Einsatzort:<\/strong> Ahrbergen K512<\/span><br><span class=\"einsatz-duration\"><strong>Dauer:<\/strong> 30 min<\/span><br><\/td><td class=\"einsatz-column-number\">111\/2024<\/td><td class=\"einsatz-column-date\">14.06.2024<\/td><td class=\"einsatz-column-time\">13:36<\/td><td class=\"einsatz-column-title\"><a href=\"https:\/\/www.ff-sarstedt.de\/stadt\/archive\/einsaetze\/hm1-eingeklemmte-person-2\" rel=\"bookmark\">HM1 \u2013 Eingeklemmte Person<\/a><\/td><td class=\"einsatz-column-location\">Ahrbergen K512<\/td><td class=\"einsatz-column-duration\">30 min<\/td><td class=\"einsatz-column-annotationImages\"><i class=\"fa-solid fa-camera\" aria-hidden=\"true\" title=\"Bericht enth\u00e4lt keine Bilder\" style=\"color: #bbbbbb;\"><\/i><\/td><\/tr><tr class=\"report\"><td class=\"smallscreen\" colspan=\"7\" data-permalink=\"https:\/\/www.ff-sarstedt.de\/stadt\/archive\/einsaetze\/b1-ausgeloester-heimrauchmelder-7\"><div class=\"annotation-icon-bar\"><i class=\"fa-solid fa-camera\" aria-hidden=\"true\" title=\"Bericht enth\u00e4lt keine Bilder\" style=\"color: #bbbbbb;\"><\/i><\/div><span class=\"einsatz-number\"><strong>Nummer:<\/strong> 110\/2024<\/span><br><span class=\"einsatz-date\"><strong>Datum:<\/strong> 14.06.2024<\/span><br><span class=\"einsatz-time\"><strong>Uhrzeit:<\/strong> 07:47<\/span><br><span class=\"einsatz-title\"><strong>Einsatzmeldung:<\/strong> <a href=\"https:\/\/www.ff-sarstedt.de\/stadt\/archive\/einsaetze\/b1-ausgeloester-heimrauchmelder-7\" rel=\"bookmark\">B1 \u2013 Ausgel\u00f6ster Heimrauchmelder<\/a><\/span><br><span class=\"einsatz-location\"><strong>Einsatzort:<\/strong> Voss-Stra\u00dfe<\/span><br><span class=\"einsatz-duration\"><strong>Dauer:<\/strong> 50 min<\/span><br><\/td><td class=\"einsatz-column-number\">110\/2024<\/td><td class=\"einsatz-column-date\">14.06.2024<\/td><td class=\"einsatz-column-time\">07:47<\/td><td class=\"einsatz-column-title\"><a href=\"https:\/\/www.ff-sarstedt.de\/stadt\/archive\/einsaetze\/b1-ausgeloester-heimrauchmelder-7\" rel=\"bookmark\">B1 \u2013 Ausgel\u00f6ster Heimrauchmelder<\/a><\/td><td class=\"einsatz-column-location\">Voss-Stra\u00dfe<\/td><td class=\"einsatz-column-duration\">50 min<\/td><td class=\"einsatz-column-annotationImages\"><i class=\"fa-solid fa-camera\" aria-hidden=\"true\" title=\"Bericht enth\u00e4lt keine Bilder\" style=\"color: #bbbbbb;\"><\/i><\/td><\/tr><tr class=\"report\"><td class=\"smallscreen\" colspan=\"7\" data-permalink=\"https:\/\/www.ff-sarstedt.de\/stadt\/archive\/einsaetze\/b1-ausgeloester-heimrauchmelder-6\"><div class=\"annotation-icon-bar\"><i class=\"fa-solid fa-camera\" aria-hidden=\"true\" title=\"Bericht enth\u00e4lt keine Bilder\" style=\"color: #bbbbbb;\"><\/i><\/div><span class=\"einsatz-number\"><strong>Nummer:<\/strong> 109\/2024<\/span><br><span class=\"einsatz-date\"><strong>Datum:<\/strong> 13.06.2024<\/span><br><span class=\"einsatz-time\"><strong>Uhrzeit:<\/strong> 14:09<\/span><br><span class=\"einsatz-title\"><strong>Einsatzmeldung:<\/strong> <a href=\"https:\/\/www.ff-sarstedt.de\/stadt\/archive\/einsaetze\/b1-ausgeloester-heimrauchmelder-6\" rel=\"bookmark\">B1 \u2013 Ausgel\u00f6ster Heimrauchmelder<\/a><\/span><br><span class=\"einsatz-location\"><strong>Einsatzort:<\/strong> Gro\u00df F\u00f6rste, Burgstra\u00dfe<\/span><br><span class=\"einsatz-duration\"><strong>Dauer:<\/strong> 40 min<\/span><br><\/td><td class=\"einsatz-column-number\">109\/2024<\/td><td class=\"einsatz-column-date\">13.06.2024<\/td><td class=\"einsatz-column-time\">14:09<\/td><td class=\"einsatz-column-title\"><a href=\"https:\/\/www.ff-sarstedt.de\/stadt\/archive\/einsaetze\/b1-ausgeloester-heimrauchmelder-6\" rel=\"bookmark\">B1 \u2013 Ausgel\u00f6ster Heimrauchmelder<\/a><\/td><td class=\"einsatz-column-location\">Gro\u00df F\u00f6rste, Burgstra\u00dfe<\/td><td class=\"einsatz-column-duration\">40 min<\/td><td class=\"einsatz-column-annotationImages\"><i class=\"fa-solid fa-camera\" aria-hidden=\"true\" title=\"Bericht enth\u00e4lt keine Bilder\" style=\"color: #bbbbbb;\"><\/i><\/td><\/tr><tr class=\"report\"><td class=\"smallscreen\" colspan=\"7\" data-permalink=\"https:\/\/www.ff-sarstedt.de\/stadt\/archive\/einsaetze\/h1-einsturz-absturz\"><div class=\"annotation-icon-bar\"><i class=\"fa-solid fa-camera\" aria-hidden=\"true\" title=\"Bericht enth\u00e4lt keine Bilder\" style=\"color: #bbbbbb;\"><\/i><\/div><span class=\"einsatz-number\"><strong>Nummer:<\/strong> 108\/2024<\/span><br><span class=\"einsatz-date\"><strong>Datum:<\/strong> 12.06.2024<\/span><br><span class=\"einsatz-time\"><strong>Uhrzeit:<\/strong> 14:59<\/span><br><span class=\"einsatz-title\"><strong>Einsatzmeldung:<\/strong> <a href=\"https:\/\/www.ff-sarstedt.de\/stadt\/archive\/einsaetze\/h1-einsturz-absturz\" rel=\"bookmark\">H1 &#8211; Einsturz \/ Absturz<\/a><\/span><br><span class=\"einsatz-location\"><strong>Einsatzort:<\/strong> Fichtestra\u00dfe, Emmerke<\/span><br><span class=\"einsatz-duration\"><strong>Dauer:<\/strong> 1 h<\/span><br><\/td><td class=\"einsatz-column-number\">108\/2024<\/td><td class=\"einsatz-column-date\">12.06.2024<\/td><td class=\"einsatz-column-time\">14:59<\/td><td class=\"einsatz-column-title\"><a href=\"https:\/\/www.ff-sarstedt.de\/stadt\/archive\/einsaetze\/h1-einsturz-absturz\" rel=\"bookmark\">H1 &#8211; Einsturz \/ Absturz<\/a><\/td><td class=\"einsatz-column-location\">Fichtestra\u00dfe, Emmerke<\/td><td class=\"einsatz-column-duration\">1 h<\/td><td class=\"einsatz-column-annotationImages\"><i class=\"fa-solid fa-camera\" aria-hidden=\"true\" title=\"Bericht enth\u00e4lt keine Bilder\" style=\"color: #bbbbbb;\"><\/i><\/td><\/tr><tr class=\"report\"><td class=\"smallscreen\" colspan=\"7\" data-permalink=\"https:\/\/www.ff-sarstedt.de\/stadt\/archive\/einsaetze\/h0-oel-auf-gewaesser\"><div class=\"annotation-icon-bar\"><i class=\"fa-solid fa-camera\" aria-hidden=\"true\" title=\"Bericht enth\u00e4lt keine Bilder\" style=\"color: #bbbbbb;\"><\/i><\/div><span class=\"einsatz-number\"><strong>Nummer:<\/strong> 107\/2024<\/span><br><span class=\"einsatz-date\"><strong>Datum:<\/strong> 11.06.2024<\/span><br><span class=\"einsatz-time\"><strong>Uhrzeit:<\/strong> 18:02<\/span><br><span class=\"einsatz-title\"><strong>Einsatzmeldung:<\/strong> <a href=\"https:\/\/www.ff-sarstedt.de\/stadt\/archive\/einsaetze\/h0-oel-auf-gewaesser\" rel=\"bookmark\">H0 &#8211; \u00d6l auf Gew\u00e4sser<\/a><\/span><br><span class=\"einsatz-location\"><strong>Einsatzort:<\/strong> Tiefe Stra\u00dfe, Schliekum<\/span><br><span class=\"einsatz-duration\"><strong>Dauer:<\/strong> 2 h 30 min<\/span><br><\/td><td class=\"einsatz-column-number\">107\/2024<\/td><td class=\"einsatz-column-date\">11.06.2024<\/td><td class=\"einsatz-column-time\">18:02<\/td><td class=\"einsatz-column-title\"><a href=\"https:\/\/www.ff-sarstedt.de\/stadt\/archive\/einsaetze\/h0-oel-auf-gewaesser\" rel=\"bookmark\">H0 &#8211; \u00d6l auf Gew\u00e4sser<\/a><\/td><td class=\"einsatz-column-location\">Tiefe Stra\u00dfe, Schliekum<\/td><td class=\"einsatz-column-duration\">2 h 30 min<\/td><td class=\"einsatz-column-annotationImages\"><i class=\"fa-solid fa-camera\" aria-hidden=\"true\" title=\"Bericht enth\u00e4lt keine Bilder\" style=\"color: #bbbbbb;\"><\/i><\/td><\/tr><tr class=\"report\"><td class=\"smallscreen\" colspan=\"7\" data-permalink=\"https:\/\/www.ff-sarstedt.de\/stadt\/archive\/einsaetze\/h0-tragehilfe-rettungsdienst-6\"><div class=\"annotation-icon-bar\"><i class=\"fa-solid fa-camera\" aria-hidden=\"true\" title=\"Bericht enth\u00e4lt keine Bilder\" style=\"color: #bbbbbb;\"><\/i><\/div><span class=\"einsatz-number\"><strong>Nummer:<\/strong> 106\/2024<\/span><br><span class=\"einsatz-date\"><strong>Datum:<\/strong> 11.06.2024<\/span><br><span class=\"einsatz-time\"><strong>Uhrzeit:<\/strong> 17:43<\/span><br><span class=\"einsatz-title\"><strong>Einsatzmeldung:<\/strong> <a href=\"https:\/\/www.ff-sarstedt.de\/stadt\/archive\/einsaetze\/h0-tragehilfe-rettungsdienst-6\" rel=\"bookmark\">H0 &#8211; Tragehilfe Rettungsdienst<\/a><\/span><br><span class=\"einsatz-location\"><strong>Einsatzort:<\/strong> Bachstra\u00dfe<\/span><br><span class=\"einsatz-duration\"><strong>Dauer:<\/strong> 1 h<\/span><br><\/td><td class=\"einsatz-column-number\">106\/2024<\/td><td class=\"einsatz-column-date\">11.06.2024<\/td><td class=\"einsatz-column-time\">17:43<\/td><td class=\"einsatz-column-title\"><a href=\"https:\/\/www.ff-sarstedt.de\/stadt\/archive\/einsaetze\/h0-tragehilfe-rettungsdienst-6\" rel=\"bookmark\">H0 &#8211; Tragehilfe Rettungsdienst<\/a><\/td><td class=\"einsatz-column-location\">Bachstra\u00dfe<\/td><td class=\"einsatz-column-duration\">1 h<\/td><td class=\"einsatz-column-annotationImages\"><i class=\"fa-solid fa-camera\" aria-hidden=\"true\" title=\"Bericht enth\u00e4lt keine Bilder\" style=\"color: #bbbbbb;\"><\/i><\/td><\/tr><tr class=\"report\"><td class=\"smallscreen\" colspan=\"7\" data-permalink=\"https:\/\/www.ff-sarstedt.de\/stadt\/archive\/einsaetze\/h0-amtshilfe-8\"><div class=\"annotation-icon-bar\"><i class=\"fa-solid fa-camera\" aria-hidden=\"true\" title=\"Bericht enth\u00e4lt keine Bilder\" style=\"color: #bbbbbb;\"><\/i><\/div><span class=\"einsatz-number\"><strong>Nummer:<\/strong> 105\/2024<\/span><br><span class=\"einsatz-date\"><strong>Datum:<\/strong> 11.06.2024<\/span><br><span class=\"einsatz-time\"><strong>Uhrzeit:<\/strong> 17:30<\/span><br><span class=\"einsatz-title\"><strong>Einsatzmeldung:<\/strong> <a href=\"https:\/\/www.ff-sarstedt.de\/stadt\/archive\/einsaetze\/h0-amtshilfe-8\" rel=\"bookmark\">H0 \u2013 Amtshilfe<\/a><\/span><br><span class=\"einsatz-location\"><strong>Einsatzort:<\/strong> Stadtgebiet Sarstedt<\/span><br><span class=\"einsatz-duration\"><strong>Dauer:<\/strong> 5 h<\/span><br><\/td><td class=\"einsatz-column-number\">105\/2024<\/td><td class=\"einsatz-column-date\">11.06.2024<\/td><td class=\"einsatz-column-time\">17:30<\/td><td class=\"einsatz-column-title\"><a href=\"https:\/\/www.ff-sarstedt.de\/stadt\/archive\/einsaetze\/h0-amtshilfe-8\" rel=\"bookmark\">H0 \u2013 Amtshilfe<\/a><\/td><td class=\"einsatz-column-location\">Stadtgebiet Sarstedt<\/td><td class=\"einsatz-column-duration\">5 h<\/td><td class=\"einsatz-column-annotationImages\"><i class=\"fa-solid fa-camera\" aria-hidden=\"true\" title=\"Bericht enth\u00e4lt keine Bilder\" style=\"color: #bbbbbb;\"><\/i><\/td><\/tr><tr class=\"report\"><td class=\"smallscreen\" colspan=\"7\" data-permalink=\"https:\/\/www.ff-sarstedt.de\/stadt\/archive\/einsaetze\/b0-brandsicherheitswachdienst\"><div class=\"annotation-icon-bar\"><i class=\"fa-solid fa-camera\" aria-hidden=\"true\" title=\"Bericht enth\u00e4lt keine Bilder\" style=\"color: #bbbbbb;\"><\/i><\/div><span class=\"einsatz-number\"><strong>Nummer:<\/strong> 104\/2024<\/span><br><span class=\"einsatz-date\"><strong>Datum:<\/strong> 10.06.2024<\/span><br><span class=\"einsatz-time\"><strong>Uhrzeit:<\/strong> 20:00<\/span><br><span class=\"einsatz-title\"><strong>Einsatzmeldung:<\/strong> <a href=\"https:\/\/www.ff-sarstedt.de\/stadt\/archive\/einsaetze\/b0-brandsicherheitswachdienst\" rel=\"bookmark\">B0 \u2013 Brandsicherheitswachdienst<\/a><\/span><br><span class=\"einsatz-location\"><strong>Einsatzort:<\/strong> Am Festplatz<\/span><br><span class=\"einsatz-duration\"><strong>Dauer:<\/strong> 4 h<\/span><br><\/td><td class=\"einsatz-column-number\">104\/2024<\/td><td class=\"einsatz-column-date\">10.06.2024<\/td><td class=\"einsatz-column-time\">20:00<\/td><td class=\"einsatz-column-title\"><a href=\"https:\/\/www.ff-sarstedt.de\/stadt\/archive\/einsaetze\/b0-brandsicherheitswachdienst\" rel=\"bookmark\">B0 \u2013 Brandsicherheitswachdienst<\/a><\/td><td class=\"einsatz-column-location\">Am Festplatz<\/td><td class=\"einsatz-column-duration\">4 h<\/td><td class=\"einsatz-column-annotationImages\"><i class=\"fa-solid fa-camera\" aria-hidden=\"true\" title=\"Bericht enth\u00e4lt keine Bilder\" style=\"color: #bbbbbb;\"><\/i><\/td><\/tr><tr class=\"report\"><td class=\"smallscreen\" colspan=\"7\" data-permalink=\"https:\/\/www.ff-sarstedt.de\/stadt\/archive\/einsaetze\/h0-amtshilfe-7\"><div class=\"annotation-icon-bar\"><i class=\"fa-solid fa-camera\" aria-hidden=\"true\" title=\"Bericht enth\u00e4lt keine Bilder\" style=\"color: #bbbbbb;\"><\/i><\/div><span class=\"einsatz-number\"><strong>Nummer:<\/strong> 103\/2024<\/span><br><span class=\"einsatz-date\"><strong>Datum:<\/strong> 08.06.2024<\/span><br><span class=\"einsatz-time\"><strong>Uhrzeit:<\/strong> 14:30<\/span><br><span class=\"einsatz-title\"><strong>Einsatzmeldung:<\/strong> <a href=\"https:\/\/www.ff-sarstedt.de\/stadt\/archive\/einsaetze\/h0-amtshilfe-7\" rel=\"bookmark\">H0 &#8211; Amtshilfe<\/a><\/span><br><span class=\"einsatz-location\"><strong>Einsatzort:<\/strong> Stadtgebiet Sarstedt<\/span><br><span class=\"einsatz-duration\"><strong>Dauer:<\/strong> 5 h<\/span><br><\/td><td class=\"einsatz-column-number\">103\/2024<\/td><td class=\"einsatz-column-date\">08.06.2024<\/td><td class=\"einsatz-column-time\">14:30<\/td><td class=\"einsatz-column-title\"><a href=\"https:\/\/www.ff-sarstedt.de\/stadt\/archive\/einsaetze\/h0-amtshilfe-7\" rel=\"bookmark\">H0 &#8211; Amtshilfe<\/a><\/td><td class=\"einsatz-column-location\">Stadtgebiet Sarstedt<\/td><td class=\"einsatz-column-duration\">5 h<\/td><td class=\"einsatz-column-annotationImages\"><i class=\"fa-solid fa-camera\" aria-hidden=\"true\" title=\"Bericht enth\u00e4lt keine Bilder\" style=\"color: #bbbbbb;\"><\/i><\/td><\/tr><tr class=\"report\"><td class=\"smallscreen\" colspan=\"7\" data-permalink=\"https:\/\/www.ff-sarstedt.de\/stadt\/archive\/einsaetze\/b1-unklare-rauchentwicklung-2\"><div class=\"annotation-icon-bar\"><i class=\"fa-solid fa-camera\" aria-hidden=\"true\" title=\"Bericht enth\u00e4lt keine Bilder\" style=\"color: #bbbbbb;\"><\/i><\/div><span class=\"einsatz-number\"><strong>Nummer:<\/strong> 102\/2024<\/span><br><span class=\"einsatz-date\"><strong>Datum:<\/strong> 07.06.2024<\/span><br><span class=\"einsatz-time\"><strong>Uhrzeit:<\/strong> 18:35<\/span><br><span class=\"einsatz-title\"><strong>Einsatzmeldung:<\/strong> <a href=\"https:\/\/www.ff-sarstedt.de\/stadt\/archive\/einsaetze\/b1-unklare-rauchentwicklung-2\" rel=\"bookmark\">B1- unklare Rauchentwicklung<\/a><\/span><br><span class=\"einsatz-location\"><strong>Einsatzort:<\/strong> Voss-Str.<\/span><br><span class=\"einsatz-duration\"><strong>Dauer:<\/strong> 30 min<\/span><br><\/td><td class=\"einsatz-column-number\">102\/2024<\/td><td class=\"einsatz-column-date\">07.06.2024<\/td><td class=\"einsatz-column-time\">18:35<\/td><td class=\"einsatz-column-title\"><a href=\"https:\/\/www.ff-sarstedt.de\/stadt\/archive\/einsaetze\/b1-unklare-rauchentwicklung-2\" rel=\"bookmark\">B1- unklare Rauchentwicklung<\/a><\/td><td class=\"einsatz-column-location\">Voss-Str.<\/td><td class=\"einsatz-column-duration\">30 min<\/td><td class=\"einsatz-column-annotationImages\"><i class=\"fa-solid fa-camera\" aria-hidden=\"true\" title=\"Bericht enth\u00e4lt keine Bilder\" style=\"color: #bbbbbb;\"><\/i><\/td><\/tr><tr class=\"report\"><td class=\"smallscreen\" colspan=\"7\" data-permalink=\"https:\/\/www.ff-sarstedt.de\/stadt\/archive\/einsaetze\/h0-tueroeffnung-10\"><div class=\"annotation-icon-bar\"><i class=\"fa-solid fa-camera\" aria-hidden=\"true\" title=\"Bericht enth\u00e4lt keine Bilder\" style=\"color: #bbbbbb;\"><\/i><\/div><span class=\"einsatz-number\"><strong>Nummer:<\/strong> 101\/2024<\/span><br><span class=\"einsatz-date\"><strong>Datum:<\/strong> 05.06.2024<\/span><br><span class=\"einsatz-time\"><strong>Uhrzeit:<\/strong> 22:44<\/span><br><span class=\"einsatz-title\"><strong>Einsatzmeldung:<\/strong> <a href=\"https:\/\/www.ff-sarstedt.de\/stadt\/archive\/einsaetze\/h0-tueroeffnung-10\" rel=\"bookmark\">H0 &#8211; T\u00fcr\u00f6ffnung<\/a><\/span><br><span class=\"einsatz-location\"><strong>Einsatzort:<\/strong> Friedrich-Ebert-Str.<\/span><br><span class=\"einsatz-duration\"><strong>Dauer:<\/strong> 30 min<\/span><br><\/td><td class=\"einsatz-column-number\">101\/2024<\/td><td class=\"einsatz-column-date\">05.06.2024<\/td><td class=\"einsatz-column-time\">22:44<\/td><td class=\"einsatz-column-title\"><a href=\"https:\/\/www.ff-sarstedt.de\/stadt\/archive\/einsaetze\/h0-tueroeffnung-10\" rel=\"bookmark\">H0 &#8211; T\u00fcr\u00f6ffnung<\/a><\/td><td class=\"einsatz-column-location\">Friedrich-Ebert-Str.<\/td><td class=\"einsatz-column-duration\">30 min<\/td><td class=\"einsatz-column-annotationImages\"><i class=\"fa-solid fa-camera\" aria-hidden=\"true\" title=\"Bericht enth\u00e4lt keine Bilder\" style=\"color: #bbbbbb;\"><\/i><\/td><\/tr><tr class=\"report\"><td class=\"smallscreen\" colspan=\"7\" data-permalink=\"https:\/\/www.ff-sarstedt.de\/stadt\/archive\/einsaetze\/h0-oelspur-15\"><div class=\"annotation-icon-bar\"><i class=\"fa-solid fa-camera\" aria-hidden=\"true\" title=\"Bericht enth\u00e4lt keine Bilder\" style=\"color: #bbbbbb;\"><\/i><\/div><span class=\"einsatz-number\"><strong>Nummer:<\/strong> 100\/2024<\/span><br><span class=\"einsatz-date\"><strong>Datum:<\/strong> 02.06.2024<\/span><br><span class=\"einsatz-time\"><strong>Uhrzeit:<\/strong> 17:35<\/span><br><span class=\"einsatz-title\"><strong>Einsatzmeldung:<\/strong> <a href=\"https:\/\/www.ff-sarstedt.de\/stadt\/archive\/einsaetze\/h0-oelspur-15\" rel=\"bookmark\">H0 &#8211; \u00d6lspur<\/a><\/span><br><span class=\"einsatz-location\"><strong>Einsatzort:<\/strong> Richard-Strauss-Str.<\/span><br><span class=\"einsatz-duration\"><strong>Dauer:<\/strong> 30 min<\/span><br><\/td><td class=\"einsatz-column-number\">100\/2024<\/td><td class=\"einsatz-column-date\">02.06.2024<\/td><td class=\"einsatz-column-time\">17:35<\/td><td class=\"einsatz-column-title\"><a href=\"https:\/\/www.ff-sarstedt.de\/stadt\/archive\/einsaetze\/h0-oelspur-15\" rel=\"bookmark\">H0 &#8211; \u00d6lspur<\/a><\/td><td class=\"einsatz-column-location\">Richard-Strauss-Str.<\/td><td class=\"einsatz-column-duration\">30 min<\/td><td class=\"einsatz-column-annotationImages\"><i class=\"fa-solid fa-camera\" aria-hidden=\"true\" title=\"Bericht enth\u00e4lt keine Bilder\" style=\"color: #bbbbbb;\"><\/i><\/td><\/tr><tr class=\"report\"><td class=\"smallscreen\" colspan=\"7\" data-permalink=\"https:\/\/www.ff-sarstedt.de\/stadt\/archive\/einsaetze\/h0-wasserschaden-5\"><div class=\"annotation-icon-bar\"><i class=\"fa-solid fa-camera\" aria-hidden=\"true\" title=\"Bericht enth\u00e4lt keine Bilder\" style=\"color: #bbbbbb;\"><\/i><\/div><span class=\"einsatz-number\"><strong>Nummer:<\/strong> 099\/2024<\/span><br><span class=\"einsatz-date\"><strong>Datum:<\/strong> 02.06.2024<\/span><br><span class=\"einsatz-time\"><strong>Uhrzeit:<\/strong> 01:40<\/span><br><span class=\"einsatz-title\"><strong>Einsatzmeldung:<\/strong> <a href=\"https:\/\/www.ff-sarstedt.de\/stadt\/archive\/einsaetze\/h0-wasserschaden-5\" rel=\"bookmark\">H0 &#8211; Wasserschaden<\/a><\/span><br><span class=\"einsatz-location\"><strong>Einsatzort:<\/strong> Am Bruchgraben<\/span><br><span class=\"einsatz-duration\"><strong>Dauer:<\/strong> 40 min<\/span><br><\/td><td class=\"einsatz-column-number\">099\/2024<\/td><td class=\"einsatz-column-date\">02.06.2024<\/td><td class=\"einsatz-column-time\">01:40<\/td><td class=\"einsatz-column-title\"><a href=\"https:\/\/www.ff-sarstedt.de\/stadt\/archive\/einsaetze\/h0-wasserschaden-5\" rel=\"bookmark\">H0 &#8211; Wasserschaden<\/a><\/td><td class=\"einsatz-column-location\">Am Bruchgraben<\/td><td class=\"einsatz-column-duration\">40 min<\/td><td class=\"einsatz-column-annotationImages\"><i class=\"fa-solid fa-camera\" aria-hidden=\"true\" title=\"Bericht enth\u00e4lt keine Bilder\" style=\"color: #bbbbbb;\"><\/i><\/td><\/tr><tr class=\"report\"><td class=\"smallscreen\" colspan=\"7\" data-permalink=\"https:\/\/www.ff-sarstedt.de\/stadt\/archive\/einsaetze\/b1-ausgeloeste-brandmeldeanlage\"><div class=\"annotation-icon-bar\"><i class=\"fa-solid fa-camera\" aria-hidden=\"true\" title=\"Bericht enth\u00e4lt keine Bilder\" style=\"color: #bbbbbb;\"><\/i><\/div><span class=\"einsatz-number\"><strong>Nummer:<\/strong> 098\/2024<\/span><br><span class=\"einsatz-date\"><strong>Datum:<\/strong> 01.06.2024<\/span><br><span class=\"einsatz-time\"><strong>Uhrzeit:<\/strong> 20:50<\/span><br><span class=\"einsatz-title\"><strong>Einsatzmeldung:<\/strong> <a href=\"https:\/\/www.ff-sarstedt.de\/stadt\/archive\/einsaetze\/b1-ausgeloeste-brandmeldeanlage\" rel=\"bookmark\">B1 &#8211; Ausgel\u00f6ste Brandmeldeanlage<\/a><\/span><br><span class=\"einsatz-location\"><strong>Einsatzort:<\/strong> Am Sonnenkamp, Sarstedt<\/span><br><span class=\"einsatz-duration\"><strong>Dauer:<\/strong> 2 h 30 min<\/span><br><\/td><td class=\"einsatz-column-number\">098\/2024<\/td><td class=\"einsatz-column-date\">01.06.2024<\/td><td class=\"einsatz-column-time\">20:50<\/td><td class=\"einsatz-column-title\"><a href=\"https:\/\/www.ff-sarstedt.de\/stadt\/archive\/einsaetze\/b1-ausgeloeste-brandmeldeanlage\" rel=\"bookmark\">B1 &#8211; Ausgel\u00f6ste Brandmeldeanlage<\/a><\/td><td class=\"einsatz-column-location\">Am Sonnenkamp, Sarstedt<\/td><td class=\"einsatz-column-duration\">2 h 30 min<\/td><td class=\"einsatz-column-annotationImages\"><i class=\"fa-solid fa-camera\" aria-hidden=\"true\" title=\"Bericht enth\u00e4lt keine Bilder\" style=\"color: #bbbbbb;\"><\/i><\/td><\/tr><tr class=\"report\"><td class=\"smallscreen\" colspan=\"7\" data-permalink=\"https:\/\/www.ff-sarstedt.de\/stadt\/archive\/einsaetze\/h0-wasserschaden-4\"><div class=\"annotation-icon-bar\"><i class=\"fa-solid fa-camera\" aria-hidden=\"true\" title=\"Bericht enth\u00e4lt keine Bilder\" style=\"color: #bbbbbb;\"><\/i><\/div><span class=\"einsatz-number\"><strong>Nummer:<\/strong> 097\/2024<\/span><br><span class=\"einsatz-date\"><strong>Datum:<\/strong> 01.06.2024<\/span><br><span class=\"einsatz-time\"><strong>Uhrzeit:<\/strong> 16:00<\/span><br><span class=\"einsatz-title\"><strong>Einsatzmeldung:<\/strong> <a href=\"https:\/\/www.ff-sarstedt.de\/stadt\/archive\/einsaetze\/h0-wasserschaden-4\" rel=\"bookmark\">H0 &#8211; Wasserschaden<\/a><\/span><br><span class=\"einsatz-location\"><strong>Einsatzort:<\/strong> Friedrich-Ebert-Str.<\/span><br><span class=\"einsatz-duration\"><strong>Dauer:<\/strong> 2 h 30 min<\/span><br><\/td><td class=\"einsatz-column-number\">097\/2024<\/td><td class=\"einsatz-column-date\">01.06.2024<\/td><td class=\"einsatz-column-time\">16:00<\/td><td class=\"einsatz-column-title\"><a href=\"https:\/\/www.ff-sarstedt.de\/stadt\/archive\/einsaetze\/h0-wasserschaden-4\" rel=\"bookmark\">H0 &#8211; Wasserschaden<\/a><\/td><td class=\"einsatz-column-location\">Friedrich-Ebert-Str.<\/td><td class=\"einsatz-column-duration\">2 h 30 min<\/td><td class=\"einsatz-column-annotationImages\"><i class=\"fa-solid fa-camera\" aria-hidden=\"true\" title=\"Bericht enth\u00e4lt keine Bilder\" style=\"color: #bbbbbb;\"><\/i><\/td><\/tr><tr class=\"einsatz-title-month\"><td colspan=\"7\">Mai<\/td><\/tr><tr class=\"einsatz-header\"><th style=\"white-space: nowrap;\">Nummer<\/th><th style=\"white-space: nowrap;\">Datum<\/th><th style=\"white-space: nowrap;\">Uhrzeit<\/th><th style=\"\">Einsatzmeldung<\/th><th style=\"\">Einsatzort<\/th><th style=\"white-space: nowrap;\">Dauer<\/th><th style=\"\"><\/th><\/tr><tr class=\"report\"><td class=\"smallscreen\" colspan=\"7\" data-permalink=\"https:\/\/www.ff-sarstedt.de\/stadt\/archive\/einsaetze\/h0-tueroeffnung-9\"><div class=\"annotation-icon-bar\"><i class=\"fa-solid fa-camera\" aria-hidden=\"true\" title=\"Bericht enth\u00e4lt keine Bilder\" style=\"color: #bbbbbb;\"><\/i><\/div><span class=\"einsatz-number\"><strong>Nummer:<\/strong> 096\/2024<\/span><br><span class=\"einsatz-date\"><strong>Datum:<\/strong> 31.05.2024<\/span><br><span class=\"einsatz-time\"><strong>Uhrzeit:<\/strong> 17:19<\/span><br><span class=\"einsatz-title\"><strong>Einsatzmeldung:<\/strong> <a href=\"https:\/\/www.ff-sarstedt.de\/stadt\/archive\/einsaetze\/h0-tueroeffnung-9\" rel=\"bookmark\">H0 \u2013 T\u00fcr\u00f6ffnung<\/a><\/span><br><span class=\"einsatz-location\"><strong>Einsatzort:<\/strong> Heisede, Fasanengarten<\/span><br><span class=\"einsatz-duration\"><strong>Dauer:<\/strong> 30 min<\/span><br><\/td><td class=\"einsatz-column-number\">096\/2024<\/td><td class=\"einsatz-column-date\">31.05.2024<\/td><td class=\"einsatz-column-time\">17:19<\/td><td class=\"einsatz-column-title\"><a href=\"https:\/\/www.ff-sarstedt.de\/stadt\/archive\/einsaetze\/h0-tueroeffnung-9\" rel=\"bookmark\">H0 \u2013 T\u00fcr\u00f6ffnung<\/a><\/td><td class=\"einsatz-column-location\">Heisede, Fasanengarten<\/td><td class=\"einsatz-column-duration\">30 min<\/td><td class=\"einsatz-column-annotationImages\"><i class=\"fa-solid fa-camera\" aria-hidden=\"true\" title=\"Bericht enth\u00e4lt keine Bilder\" style=\"color: #bbbbbb;\"><\/i><\/td><\/tr><tr class=\"report\"><td class=\"smallscreen\" colspan=\"7\" data-permalink=\"https:\/\/www.ff-sarstedt.de\/stadt\/archive\/einsaetze\/h0-sonstige-hilfeleistung-2\"><div class=\"annotation-icon-bar\"><i class=\"fa-solid fa-camera\" aria-hidden=\"true\" title=\"Bericht enth\u00e4lt keine Bilder\" style=\"color: #bbbbbb;\"><\/i><\/div><span class=\"einsatz-number\"><strong>Nummer:<\/strong> 095\/2024<\/span><br><span class=\"einsatz-date\"><strong>Datum:<\/strong> 28.05.2024<\/span><br><span class=\"einsatz-time\"><strong>Uhrzeit:<\/strong> 16:45<\/span><br><span class=\"einsatz-title\"><strong>Einsatzmeldung:<\/strong> <a href=\"https:\/\/www.ff-sarstedt.de\/stadt\/archive\/einsaetze\/h0-sonstige-hilfeleistung-2\" rel=\"bookmark\">H0 &#8211; Sonstige Hilfeleistung<\/a><\/span><br><span class=\"einsatz-location\"><strong>Einsatzort:<\/strong> Hildesheimer Str. x Bundesstra\u00dfe 6<\/span><br><span class=\"einsatz-duration\"><strong>Dauer:<\/strong> 1 h<\/span><br><\/td><td class=\"einsatz-column-number\">095\/2024<\/td><td class=\"einsatz-column-date\">28.05.2024<\/td><td class=\"einsatz-column-time\">16:45<\/td><td class=\"einsatz-column-title\"><a href=\"https:\/\/www.ff-sarstedt.de\/stadt\/archive\/einsaetze\/h0-sonstige-hilfeleistung-2\" rel=\"bookmark\">H0 &#8211; Sonstige Hilfeleistung<\/a><\/td><td class=\"einsatz-column-location\">Hildesheimer Str. x Bundesstra\u00dfe 6<\/td><td class=\"einsatz-column-duration\">1 h<\/td><td class=\"einsatz-column-annotationImages\"><i class=\"fa-solid fa-camera\" aria-hidden=\"true\" title=\"Bericht enth\u00e4lt keine Bilder\" style=\"color: #bbbbbb;\"><\/i><\/td><\/tr><tr class=\"report\"><td class=\"smallscreen\" colspan=\"7\" data-permalink=\"https:\/\/www.ff-sarstedt.de\/stadt\/archive\/einsaetze\/hm1-eingeklemmte-person\"><div class=\"annotation-icon-bar\"><i class=\"fa-solid fa-camera\" aria-hidden=\"true\" title=\"Bericht enth\u00e4lt keine Bilder\" style=\"color: #bbbbbb;\"><\/i><\/div><span class=\"einsatz-number\"><strong>Nummer:<\/strong> 094\/2024<\/span><br><span class=\"einsatz-date\"><strong>Datum:<\/strong> 27.05.2024<\/span><br><span class=\"einsatz-time\"><strong>Uhrzeit:<\/strong> 15:53<\/span><br><span class=\"einsatz-title\"><strong>Einsatzmeldung:<\/strong> <a href=\"https:\/\/www.ff-sarstedt.de\/stadt\/archive\/einsaetze\/hm1-eingeklemmte-person\" rel=\"bookmark\">HM1 &#8211; Eingeklemmte Person<\/a><\/span><br><span class=\"einsatz-location\"><strong>Einsatzort:<\/strong> Hildesheimer Str.<\/span><br><span class=\"einsatz-duration\"><strong>Dauer:<\/strong> 40 min<\/span><br><\/td><td class=\"einsatz-column-number\">094\/2024<\/td><td class=\"einsatz-column-date\">27.05.2024<\/td><td class=\"einsatz-column-time\">15:53<\/td><td class=\"einsatz-column-title\"><a href=\"https:\/\/www.ff-sarstedt.de\/stadt\/archive\/einsaetze\/hm1-eingeklemmte-person\" rel=\"bookmark\">HM1 &#8211; Eingeklemmte Person<\/a><\/td><td class=\"einsatz-column-location\">Hildesheimer Str.<\/td><td class=\"einsatz-column-duration\">40 min<\/td><td class=\"einsatz-column-annotationImages\"><i class=\"fa-solid fa-camera\" aria-hidden=\"true\" title=\"Bericht enth\u00e4lt keine Bilder\" style=\"color: #bbbbbb;\"><\/i><\/td><\/tr><tr class=\"report\"><td class=\"smallscreen\" colspan=\"7\" data-permalink=\"https:\/\/www.ff-sarstedt.de\/stadt\/archive\/einsaetze\/h0-oelspur-14\"><div class=\"annotation-icon-bar\"><i class=\"fa-solid fa-camera\" aria-hidden=\"true\" title=\"Bericht enth\u00e4lt keine Bilder\" style=\"color: #bbbbbb;\"><\/i><\/div><span class=\"einsatz-number\"><strong>Nummer:<\/strong> 093\/2024<\/span><br><span class=\"einsatz-date\"><strong>Datum:<\/strong> 25.05.2024<\/span><br><span class=\"einsatz-time\"><strong>Uhrzeit:<\/strong> 10:02<\/span><br><span class=\"einsatz-title\"><strong>Einsatzmeldung:<\/strong> <a href=\"https:\/\/www.ff-sarstedt.de\/stadt\/archive\/einsaetze\/h0-oelspur-14\" rel=\"bookmark\">H0 \u2013 \u00d6lspur<\/a><\/span><br><span class=\"einsatz-location\"><strong>Einsatzort:<\/strong> Hildesheimer Stra\u00dfe, Sarstedt<\/span><br><span class=\"einsatz-duration\"><strong>Dauer:<\/strong> 1 h 30 min<\/span><br><\/td><td class=\"einsatz-column-number\">093\/2024<\/td><td class=\"einsatz-column-date\">25.05.2024<\/td><td class=\"einsatz-column-time\">10:02<\/td><td class=\"einsatz-column-title\"><a href=\"https:\/\/www.ff-sarstedt.de\/stadt\/archive\/einsaetze\/h0-oelspur-14\" rel=\"bookmark\">H0 \u2013 \u00d6lspur<\/a><\/td><td class=\"einsatz-column-location\">Hildesheimer Stra\u00dfe, Sarstedt<\/td><td class=\"einsatz-column-duration\">1 h 30 min<\/td><td class=\"einsatz-column-annotationImages\"><i class=\"fa-solid fa-camera\" aria-hidden=\"true\" title=\"Bericht enth\u00e4lt keine Bilder\" style=\"color: #bbbbbb;\"><\/i><\/td><\/tr><tr class=\"report\"><td class=\"smallscreen\" colspan=\"7\" data-permalink=\"https:\/\/www.ff-sarstedt.de\/stadt\/archive\/einsaetze\/h0-amtshilfe-6\"><div class=\"annotation-icon-bar\"><i class=\"fa-solid fa-camera\" aria-hidden=\"true\" title=\"Bericht enth\u00e4lt Bilder\" style=\"\"><\/i><\/div><span class=\"einsatz-number\"><strong>Nummer:<\/strong> 092\/2024<\/span><br><span class=\"einsatz-date\"><strong>Datum:<\/strong> 24.05.2024<\/span><br><span class=\"einsatz-time\"><strong>Uhrzeit:<\/strong> 16:45<\/span><br><span class=\"einsatz-title\"><strong>Einsatzmeldung:<\/strong> <a href=\"https:\/\/www.ff-sarstedt.de\/stadt\/archive\/einsaetze\/h0-amtshilfe-6\" rel=\"bookmark\">H0 &#8211; Amtshilfe<\/a><\/span><br><span class=\"einsatz-location\"><strong>Einsatzort:<\/strong> Am B\u00fcrgerpark<\/span><br><span class=\"einsatz-duration\"><strong>Dauer:<\/strong> 4 h 30 min<\/span><br><\/td><td class=\"einsatz-column-number\">092\/2024<\/td><td class=\"einsatz-column-date\">24.05.2024<\/td><td class=\"einsatz-column-time\">16:45<\/td><td class=\"einsatz-column-title\"><a href=\"https:\/\/www.ff-sarstedt.de\/stadt\/archive\/einsaetze\/h0-amtshilfe-6\" rel=\"bookmark\">H0 &#8211; Amtshilfe<\/a><\/td><td class=\"einsatz-column-location\">Am B\u00fcrgerpark<\/td><td class=\"einsatz-column-duration\">4 h 30 min<\/td><td class=\"einsatz-column-annotationImages\"><i class=\"fa-solid fa-camera\" aria-hidden=\"true\" title=\"Bericht enth\u00e4lt Bilder\" style=\"\"><\/i><\/td><\/tr><tr class=\"report\"><td class=\"smallscreen\" colspan=\"7\" data-permalink=\"https:\/\/www.ff-sarstedt.de\/stadt\/archive\/einsaetze\/h0-amtshilfe-5\"><div class=\"annotation-icon-bar\"><i class=\"fa-solid fa-camera\" aria-hidden=\"true\" title=\"Bericht enth\u00e4lt keine Bilder\" style=\"color: #bbbbbb;\"><\/i><\/div><span class=\"einsatz-number\"><strong>Nummer:<\/strong> 091\/2024<\/span><br><span class=\"einsatz-date\"><strong>Datum:<\/strong> 23.05.2024<\/span><br><span class=\"einsatz-time\"><strong>Uhrzeit:<\/strong> 15:00<\/span><br><span class=\"einsatz-title\"><strong>Einsatzmeldung:<\/strong> <a href=\"https:\/\/www.ff-sarstedt.de\/stadt\/archive\/einsaetze\/h0-amtshilfe-5\" rel=\"bookmark\">H0 &#8211; Amtshilfe<\/a><\/span><br><span class=\"einsatz-location\"><strong>Einsatzort:<\/strong> Am B\u00fcrgerpark<\/span><br><span class=\"einsatz-duration\"><strong>Dauer:<\/strong> 4 h<\/span><br><\/td><td class=\"einsatz-column-number\">091\/2024<\/td><td class=\"einsatz-column-date\">23.05.2024<\/td><td class=\"einsatz-column-time\">15:00<\/td><td class=\"einsatz-column-title\"><a href=\"https:\/\/www.ff-sarstedt.de\/stadt\/archive\/einsaetze\/h0-amtshilfe-5\" rel=\"bookmark\">H0 &#8211; Amtshilfe<\/a><\/td><td class=\"einsatz-column-location\">Am B\u00fcrgerpark<\/td><td class=\"einsatz-column-duration\">4 h<\/td><td class=\"einsatz-column-annotationImages\"><i class=\"fa-solid fa-camera\" aria-hidden=\"true\" title=\"Bericht enth\u00e4lt keine Bilder\" style=\"color: #bbbbbb;\"><\/i><\/td><\/tr><tr class=\"report\"><td class=\"smallscreen\" colspan=\"7\" data-permalink=\"https:\/\/www.ff-sarstedt.de\/stadt\/archive\/einsaetze\/b1-ausgeloester-heimrauchmelder-5\"><div class=\"annotation-icon-bar\"><i class=\"fa-solid fa-camera\" aria-hidden=\"true\" title=\"Bericht enth\u00e4lt keine Bilder\" style=\"color: #bbbbbb;\"><\/i><\/div><span class=\"einsatz-number\"><strong>Nummer:<\/strong> 090\/2024<\/span><br><span class=\"einsatz-date\"><strong>Datum:<\/strong> 22.05.2024<\/span><br><span class=\"einsatz-time\"><strong>Uhrzeit:<\/strong> 11:09<\/span><br><span class=\"einsatz-title\"><strong>Einsatzmeldung:<\/strong> <a href=\"https:\/\/www.ff-sarstedt.de\/stadt\/archive\/einsaetze\/b1-ausgeloester-heimrauchmelder-5\" rel=\"bookmark\">B1 &#8211; Ausgel\u00f6ster Heimrauchmelder<\/a><\/span><br><span class=\"einsatz-location\"><strong>Einsatzort:<\/strong> Eulenstr.<\/span><br><span class=\"einsatz-duration\"><strong>Dauer:<\/strong> 30 min<\/span><br><\/td><td class=\"einsatz-column-number\">090\/2024<\/td><td class=\"einsatz-column-date\">22.05.2024<\/td><td class=\"einsatz-column-time\">11:09<\/td><td class=\"einsatz-column-title\"><a href=\"https:\/\/www.ff-sarstedt.de\/stadt\/archive\/einsaetze\/b1-ausgeloester-heimrauchmelder-5\" rel=\"bookmark\">B1 &#8211; Ausgel\u00f6ster Heimrauchmelder<\/a><\/td><td class=\"einsatz-column-location\">Eulenstr.<\/td><td class=\"einsatz-column-duration\">30 min<\/td><td class=\"einsatz-column-annotationImages\"><i class=\"fa-solid fa-camera\" aria-hidden=\"true\" title=\"Bericht enth\u00e4lt keine Bilder\" style=\"color: #bbbbbb;\"><\/i><\/td><\/tr><tr class=\"report\"><td class=\"smallscreen\" colspan=\"7\" data-permalink=\"https:\/\/www.ff-sarstedt.de\/stadt\/archive\/einsaetze\/b1-rauch-aus-gebaeude\"><div class=\"annotation-icon-bar\"><i class=\"fa-solid fa-camera\" aria-hidden=\"true\" title=\"Bericht enth\u00e4lt keine Bilder\" style=\"color: #bbbbbb;\"><\/i><\/div><span class=\"einsatz-number\"><strong>Nummer:<\/strong> 089\/2024<\/span><br><span class=\"einsatz-date\"><strong>Datum:<\/strong> 19.05.2024<\/span><br><span class=\"einsatz-time\"><strong>Uhrzeit:<\/strong> 15:11<\/span><br><span class=\"einsatz-title\"><strong>Einsatzmeldung:<\/strong> <a href=\"https:\/\/www.ff-sarstedt.de\/stadt\/archive\/einsaetze\/b1-rauch-aus-gebaeude\" rel=\"bookmark\">B1 &#8211; Rauch aus Geb\u00e4ude<\/a><\/span><br><span class=\"einsatz-location\"><strong>Einsatzort:<\/strong> Am Teinkamp<\/span><br><span class=\"einsatz-duration\"><strong>Dauer:<\/strong> 30 min<\/span><br><\/td><td class=\"einsatz-column-number\">089\/2024<\/td><td class=\"einsatz-column-date\">19.05.2024<\/td><td class=\"einsatz-column-time\">15:11<\/td><td class=\"einsatz-column-title\"><a href=\"https:\/\/www.ff-sarstedt.de\/stadt\/archive\/einsaetze\/b1-rauch-aus-gebaeude\" rel=\"bookmark\">B1 &#8211; Rauch aus Geb\u00e4ude<\/a><\/td><td class=\"einsatz-column-location\">Am Teinkamp<\/td><td class=\"einsatz-column-duration\">30 min<\/td><td class=\"einsatz-column-annotationImages\"><i class=\"fa-solid fa-camera\" aria-hidden=\"true\" title=\"Bericht enth\u00e4lt keine Bilder\" style=\"color: #bbbbbb;\"><\/i><\/td><\/tr><tr class=\"report\"><td class=\"smallscreen\" colspan=\"7\" data-permalink=\"https:\/\/www.ff-sarstedt.de\/stadt\/archive\/einsaetze\/h0-tueroeffnung-8\"><div class=\"annotation-icon-bar\"><i class=\"fa-solid fa-camera\" aria-hidden=\"true\" title=\"Bericht enth\u00e4lt keine Bilder\" style=\"color: #bbbbbb;\"><\/i><\/div><span class=\"einsatz-number\"><strong>Nummer:<\/strong> 088\/2024<\/span><br><span class=\"einsatz-date\"><strong>Datum:<\/strong> 18.05.2024<\/span><br><span class=\"einsatz-time\"><strong>Uhrzeit:<\/strong> 18:05<\/span><br><span class=\"einsatz-title\"><strong>Einsatzmeldung:<\/strong> <a href=\"https:\/\/www.ff-sarstedt.de\/stadt\/archive\/einsaetze\/h0-tueroeffnung-8\" rel=\"bookmark\">H0 \u2013 T\u00fcr\u00f6ffnung<\/a><\/span><br><span class=\"einsatz-location\"><strong>Einsatzort:<\/strong> Eulenstr.<\/span><br><span class=\"einsatz-duration\"><strong>Dauer:<\/strong> 30 min<\/span><br><\/td><td class=\"einsatz-column-number\">088\/2024<\/td><td class=\"einsatz-column-date\">18.05.2024<\/td><td class=\"einsatz-column-time\">18:05<\/td><td class=\"einsatz-column-title\"><a href=\"https:\/\/www.ff-sarstedt.de\/stadt\/archive\/einsaetze\/h0-tueroeffnung-8\" rel=\"bookmark\">H0 \u2013 T\u00fcr\u00f6ffnung<\/a><\/td><td class=\"einsatz-column-location\">Eulenstr.<\/td><td class=\"einsatz-column-duration\">30 min<\/td><td class=\"einsatz-column-annotationImages\"><i class=\"fa-solid fa-camera\" aria-hidden=\"true\" title=\"Bericht enth\u00e4lt keine Bilder\" style=\"color: #bbbbbb;\"><\/i><\/td><\/tr><tr class=\"report\"><td class=\"smallscreen\" colspan=\"7\" data-permalink=\"https:\/\/www.ff-sarstedt.de\/stadt\/archive\/einsaetze\/b1-ausgeloeste-brandmeldeanlage-bma-25\"><div class=\"annotation-icon-bar\"><i class=\"fa-solid fa-camera\" aria-hidden=\"true\" title=\"Bericht enth\u00e4lt keine Bilder\" style=\"color: #bbbbbb;\"><\/i><\/div><span class=\"einsatz-number\"><strong>Nummer:<\/strong> 087\/2024<\/span><br><span class=\"einsatz-date\"><strong>Datum:<\/strong> 17.05.2024<\/span><br><span class=\"einsatz-time\"><strong>Uhrzeit:<\/strong> 16:06<\/span><br><span class=\"einsatz-title\"><strong>Einsatzmeldung:<\/strong> <a href=\"https:\/\/www.ff-sarstedt.de\/stadt\/archive\/einsaetze\/b1-ausgeloeste-brandmeldeanlage-bma-25\" rel=\"bookmark\">B1 \u2013 Ausgel\u00f6ste Brandmeldeanlage (BMA)<\/a><\/span><br><span class=\"einsatz-location\"><strong>Einsatzort:<\/strong> Ludwig-Ehrhard-Ring<\/span><br><span class=\"einsatz-duration\"><strong>Dauer:<\/strong> 30 min<\/span><br><\/td><td class=\"einsatz-column-number\">087\/2024<\/td><td class=\"einsatz-column-date\">17.05.2024<\/td><td class=\"einsatz-column-time\">16:06<\/td><td class=\"einsatz-column-title\"><a href=\"https:\/\/www.ff-sarstedt.de\/stadt\/archive\/einsaetze\/b1-ausgeloeste-brandmeldeanlage-bma-25\" rel=\"bookmark\">B1 \u2013 Ausgel\u00f6ste Brandmeldeanlage (BMA)<\/a><\/td><td class=\"einsatz-column-location\">Ludwig-Ehrhard-Ring<\/td><td class=\"einsatz-column-duration\">30 min<\/td><td class=\"einsatz-column-annotationImages\"><i class=\"fa-solid fa-camera\" aria-hidden=\"true\" title=\"Bericht enth\u00e4lt keine Bilder\" style=\"color: #bbbbbb;\"><\/i><\/td><\/tr><tr class=\"report\"><td class=\"smallscreen\" colspan=\"7\" data-permalink=\"https:\/\/www.ff-sarstedt.de\/stadt\/archive\/einsaetze\/h1-cbrn-gefahrgutunfall-klein\"><div class=\"annotation-icon-bar\"><i class=\"fa-solid fa-camera\" aria-hidden=\"true\" title=\"Bericht enth\u00e4lt keine Bilder\" style=\"color: #bbbbbb;\"><\/i><\/div><span class=\"einsatz-number\"><strong>Nummer:<\/strong> 086\/2024<\/span><br><span class=\"einsatz-date\"><strong>Datum:<\/strong> 16.05.2024<\/span><br><span class=\"einsatz-time\"><strong>Uhrzeit:<\/strong> 02:28<\/span><br><span class=\"einsatz-title\"><strong>Einsatzmeldung:<\/strong> <a href=\"https:\/\/www.ff-sarstedt.de\/stadt\/archive\/einsaetze\/h1-cbrn-gefahrgutunfall-klein\" rel=\"bookmark\">H1 CBRN &#8211; Gefahrgutunfall (klein)<\/a><\/span><br><span class=\"einsatz-location\"><strong>Einsatzort:<\/strong> Nordstemmen<\/span><br><span class=\"einsatz-duration\"><strong>Dauer:<\/strong> 30 min<\/span><br><\/td><td class=\"einsatz-column-number\">086\/2024<\/td><td class=\"einsatz-column-date\">16.05.2024<\/td><td class=\"einsatz-column-time\">02:28<\/td><td class=\"einsatz-column-title\"><a href=\"https:\/\/www.ff-sarstedt.de\/stadt\/archive\/einsaetze\/h1-cbrn-gefahrgutunfall-klein\" rel=\"bookmark\">H1 CBRN &#8211; Gefahrgutunfall (klein)<\/a><\/td><td class=\"einsatz-column-location\">Nordstemmen<\/td><td class=\"einsatz-column-duration\">30 min<\/td><td class=\"einsatz-column-annotationImages\"><i class=\"fa-solid fa-camera\" aria-hidden=\"true\" title=\"Bericht enth\u00e4lt keine Bilder\" style=\"color: #bbbbbb;\"><\/i><\/td><\/tr><tr class=\"report\"><td class=\"smallscreen\" colspan=\"7\" data-permalink=\"https:\/\/www.ff-sarstedt.de\/stadt\/archive\/einsaetze\/b1-dachstuhlbrand\"><div class=\"annotation-icon-bar\"><i class=\"fa-solid fa-camera\" aria-hidden=\"true\" title=\"Bericht enth\u00e4lt keine Bilder\" style=\"color: #bbbbbb;\"><\/i><\/div><span class=\"einsatz-number\"><strong>Nummer:<\/strong> 085\/2024<\/span><br><span class=\"einsatz-date\"><strong>Datum:<\/strong> 14.05.2024<\/span><br><span class=\"einsatz-time\"><strong>Uhrzeit:<\/strong> 18:07<\/span><br><span class=\"einsatz-title\"><strong>Einsatzmeldung:<\/strong> <a href=\"https:\/\/www.ff-sarstedt.de\/stadt\/archive\/einsaetze\/b1-dachstuhlbrand\" rel=\"bookmark\">B1 &#8211; Dachstuhlbrand<\/a><\/span><br><span class=\"einsatz-location\"><strong>Einsatzort:<\/strong> Ahrbergen, Hermannstr.<\/span><br><span class=\"einsatz-duration\"><strong>Dauer:<\/strong> 1 h<\/span><br><\/td><td class=\"einsatz-column-number\">085\/2024<\/td><td class=\"einsatz-column-date\">14.05.2024<\/td><td class=\"einsatz-column-time\">18:07<\/td><td class=\"einsatz-column-title\"><a href=\"https:\/\/www.ff-sarstedt.de\/stadt\/archive\/einsaetze\/b1-dachstuhlbrand\" rel=\"bookmark\">B1 &#8211; Dachstuhlbrand<\/a><\/td><td class=\"einsatz-column-location\">Ahrbergen, Hermannstr.<\/td><td class=\"einsatz-column-duration\">1 h<\/td><td class=\"einsatz-column-annotationImages\"><i class=\"fa-solid fa-camera\" aria-hidden=\"true\" title=\"Bericht enth\u00e4lt keine Bilder\" style=\"color: #bbbbbb;\"><\/i><\/td><\/tr><tr class=\"report\"><td class=\"smallscreen\" colspan=\"7\" data-permalink=\"https:\/\/www.ff-sarstedt.de\/stadt\/archive\/einsaetze\/h0-oelspur-13\"><div class=\"annotation-icon-bar\"><i class=\"fa-solid fa-camera\" aria-hidden=\"true\" title=\"Bericht enth\u00e4lt keine Bilder\" style=\"color: #bbbbbb;\"><\/i><\/div><span class=\"einsatz-number\"><strong>Nummer:<\/strong> 084\/2024<\/span><br><span class=\"einsatz-date\"><strong>Datum:<\/strong> 14.05.2024<\/span><br><span class=\"einsatz-time\"><strong>Uhrzeit:<\/strong> 17:21<\/span><br><span class=\"einsatz-title\"><strong>Einsatzmeldung:<\/strong> <a href=\"https:\/\/www.ff-sarstedt.de\/stadt\/archive\/einsaetze\/h0-oelspur-13\" rel=\"bookmark\">H0 \u2013 \u00d6lspur<\/a><\/span><br><span class=\"einsatz-location\"><strong>Einsatzort:<\/strong> Kleistra\u00dfe<\/span><br><span class=\"einsatz-duration\"><strong>Dauer:<\/strong> 46 min<\/span><br><\/td><td class=\"einsatz-column-number\">084\/2024<\/td><td class=\"einsatz-column-date\">14.05.2024<\/td><td class=\"einsatz-column-time\">17:21<\/td><td class=\"einsatz-column-title\"><a href=\"https:\/\/www.ff-sarstedt.de\/stadt\/archive\/einsaetze\/h0-oelspur-13\" rel=\"bookmark\">H0 \u2013 \u00d6lspur<\/a><\/td><td class=\"einsatz-column-location\">Kleistra\u00dfe<\/td><td class=\"einsatz-column-duration\">46 min<\/td><td class=\"einsatz-column-annotationImages\"><i class=\"fa-solid fa-camera\" aria-hidden=\"true\" title=\"Bericht enth\u00e4lt keine Bilder\" style=\"color: #bbbbbb;\"><\/i><\/td><\/tr><tr class=\"report\"><td class=\"smallscreen\" colspan=\"7\" data-permalink=\"https:\/\/www.ff-sarstedt.de\/stadt\/archive\/einsaetze\/h1-gasgeruch-gasaustritt\"><div class=\"annotation-icon-bar\"><i class=\"fa-solid fa-camera\" aria-hidden=\"true\" title=\"Bericht enth\u00e4lt keine Bilder\" style=\"color: #bbbbbb;\"><\/i><\/div><span class=\"einsatz-number\"><strong>Nummer:<\/strong> 083\/2024<\/span><br><span class=\"einsatz-date\"><strong>Datum:<\/strong> 14.05.2024<\/span><br><span class=\"einsatz-time\"><strong>Uhrzeit:<\/strong> 15:11<\/span><br><span class=\"einsatz-title\"><strong>Einsatzmeldung:<\/strong> <a href=\"https:\/\/www.ff-sarstedt.de\/stadt\/archive\/einsaetze\/h1-gasgeruch-gasaustritt\" rel=\"bookmark\">H1 &#8211; Gasgeruch \/ Gasaustritt<\/a><\/span><br><span class=\"einsatz-location\"><strong>Einsatzort:<\/strong> Voss-Stra\u00dfe<\/span><br><span class=\"einsatz-duration\"><strong>Dauer:<\/strong> 1 h 30 min<\/span><br><\/td><td class=\"einsatz-column-number\">083\/2024<\/td><td class=\"einsatz-column-date\">14.05.2024<\/td><td class=\"einsatz-column-time\">15:11<\/td><td class=\"einsatz-column-title\"><a href=\"https:\/\/www.ff-sarstedt.de\/stadt\/archive\/einsaetze\/h1-gasgeruch-gasaustritt\" rel=\"bookmark\">H1 &#8211; Gasgeruch \/ Gasaustritt<\/a><\/td><td class=\"einsatz-column-location\">Voss-Stra\u00dfe<\/td><td class=\"einsatz-column-duration\">1 h 30 min<\/td><td class=\"einsatz-column-annotationImages\"><i class=\"fa-solid fa-camera\" aria-hidden=\"true\" title=\"Bericht enth\u00e4lt keine Bilder\" style=\"color: #bbbbbb;\"><\/i><\/td><\/tr><tr class=\"report\"><td class=\"smallscreen\" colspan=\"7\" data-permalink=\"https:\/\/www.ff-sarstedt.de\/stadt\/archive\/einsaetze\/b1-ausgeloeste-brandmeldeanlage-bma-24\"><div class=\"annotation-icon-bar\"><i class=\"fa-solid fa-camera\" aria-hidden=\"true\" title=\"Bericht enth\u00e4lt keine Bilder\" style=\"color: #bbbbbb;\"><\/i><\/div><span class=\"einsatz-number\"><strong>Nummer:<\/strong> 082\/2024<\/span><br><span class=\"einsatz-date\"><strong>Datum:<\/strong> 13.05.2024<\/span><br><span class=\"einsatz-time\"><strong>Uhrzeit:<\/strong> 13:53<\/span><br><span class=\"einsatz-title\"><strong>Einsatzmeldung:<\/strong> <a href=\"https:\/\/www.ff-sarstedt.de\/stadt\/archive\/einsaetze\/b1-ausgeloeste-brandmeldeanlage-bma-24\" rel=\"bookmark\">B1 \u2013 Ausgel\u00f6ste Brandmeldeanlage (BMA)<\/a><\/span><br><span class=\"einsatz-location\"><strong>Einsatzort:<\/strong> Im Kirchenfelde<\/span><br><span class=\"einsatz-duration\"><strong>Dauer:<\/strong> 30 min<\/span><br><\/td><td class=\"einsatz-column-number\">082\/2024<\/td><td class=\"einsatz-column-date\">13.05.2024<\/td><td class=\"einsatz-column-time\">13:53<\/td><td class=\"einsatz-column-title\"><a href=\"https:\/\/www.ff-sarstedt.de\/stadt\/archive\/einsaetze\/b1-ausgeloeste-brandmeldeanlage-bma-24\" rel=\"bookmark\">B1 \u2013 Ausgel\u00f6ste Brandmeldeanlage (BMA)<\/a><\/td><td class=\"einsatz-column-location\">Im Kirchenfelde<\/td><td class=\"einsatz-column-duration\">30 min<\/td><td class=\"einsatz-column-annotationImages\"><i class=\"fa-solid fa-camera\" aria-hidden=\"true\" title=\"Bericht enth\u00e4lt keine Bilder\" style=\"color: #bbbbbb;\"><\/i><\/td><\/tr><tr class=\"report\"><td class=\"smallscreen\" colspan=\"7\" data-permalink=\"https:\/\/www.ff-sarstedt.de\/stadt\/archive\/einsaetze\/b1-ausgeloester-heimrauchmelder-4\"><div class=\"annotation-icon-bar\"><i class=\"fa-solid fa-camera\" aria-hidden=\"true\" title=\"Bericht enth\u00e4lt keine Bilder\" style=\"color: #bbbbbb;\"><\/i><\/div><span class=\"einsatz-number\"><strong>Nummer:<\/strong> 081\/2024<\/span><br><span class=\"einsatz-date\"><strong>Datum:<\/strong> 12.05.2024<\/span><br><span class=\"einsatz-time\"><strong>Uhrzeit:<\/strong> 09:56<\/span><br><span class=\"einsatz-title\"><strong>Einsatzmeldung:<\/strong> <a href=\"https:\/\/www.ff-sarstedt.de\/stadt\/archive\/einsaetze\/b1-ausgeloester-heimrauchmelder-4\" rel=\"bookmark\">B1 &#8211; Ausgel\u00f6ster Heimrauchmelder<\/a><\/span><br><span class=\"einsatz-location\"><strong>Einsatzort:<\/strong> Am Kipphut<\/span><br><span class=\"einsatz-duration\"><strong>Dauer:<\/strong> 40 min<\/span><br><\/td><td class=\"einsatz-column-number\">081\/2024<\/td><td class=\"einsatz-column-date\">12.05.2024<\/td><td class=\"einsatz-column-time\">09:56<\/td><td class=\"einsatz-column-title\"><a href=\"https:\/\/www.ff-sarstedt.de\/stadt\/archive\/einsaetze\/b1-ausgeloester-heimrauchmelder-4\" rel=\"bookmark\">B1 &#8211; Ausgel\u00f6ster Heimrauchmelder<\/a><\/td><td class=\"einsatz-column-location\">Am Kipphut<\/td><td class=\"einsatz-column-duration\">40 min<\/td><td class=\"einsatz-column-annotationImages\"><i class=\"fa-solid fa-camera\" aria-hidden=\"true\" title=\"Bericht enth\u00e4lt keine Bilder\" style=\"color: #bbbbbb;\"><\/i><\/td><\/tr><tr class=\"report\"><td class=\"smallscreen\" colspan=\"7\" data-permalink=\"https:\/\/www.ff-sarstedt.de\/stadt\/archive\/einsaetze\/h0-sonstige-hilfeleistung\"><div class=\"annotation-icon-bar\"><i class=\"fa-solid fa-camera\" aria-hidden=\"true\" title=\"Bericht enth\u00e4lt keine Bilder\" style=\"color: #bbbbbb;\"><\/i><\/div><span class=\"einsatz-number\"><strong>Nummer:<\/strong> 080\/2024<\/span><br><span class=\"einsatz-date\"><strong>Datum:<\/strong> 10.05.2024<\/span><br><span class=\"einsatz-time\"><strong>Uhrzeit:<\/strong> 19:00<\/span><br><span class=\"einsatz-title\"><strong>Einsatzmeldung:<\/strong> <a href=\"https:\/\/www.ff-sarstedt.de\/stadt\/archive\/einsaetze\/h0-sonstige-hilfeleistung\" rel=\"bookmark\">H0 &#8211; Sonstige Hilfeleistung<\/a><\/span><br><span class=\"einsatz-location\"><strong>Einsatzort:<\/strong> Auf der Kassebeerenworth<\/span><br><span class=\"einsatz-duration\"><strong>Dauer:<\/strong> 45 min<\/span><br><\/td><td class=\"einsatz-column-number\">080\/2024<\/td><td class=\"einsatz-column-date\">10.05.2024<\/td><td class=\"einsatz-column-time\">19:00<\/td><td class=\"einsatz-column-title\"><a href=\"https:\/\/www.ff-sarstedt.de\/stadt\/archive\/einsaetze\/h0-sonstige-hilfeleistung\" rel=\"bookmark\">H0 &#8211; Sonstige Hilfeleistung<\/a><\/td><td class=\"einsatz-column-location\">Auf der Kassebeerenworth<\/td><td class=\"einsatz-column-duration\">45 min<\/td><td class=\"einsatz-column-annotationImages\"><i class=\"fa-solid fa-camera\" aria-hidden=\"true\" title=\"Bericht enth\u00e4lt keine Bilder\" style=\"color: #bbbbbb;\"><\/i><\/td><\/tr><tr class=\"report\"><td class=\"smallscreen\" colspan=\"7\" data-permalink=\"https:\/\/www.ff-sarstedt.de\/stadt\/archive\/einsaetze\/h0-tueroeffnung-7\"><div class=\"annotation-icon-bar\"><i class=\"fa-solid fa-camera\" aria-hidden=\"true\" title=\"Bericht enth\u00e4lt keine Bilder\" style=\"color: #bbbbbb;\"><\/i><\/div><span class=\"einsatz-number\"><strong>Nummer:<\/strong> 079\/2024<\/span><br><span class=\"einsatz-date\"><strong>Datum:<\/strong> 10.05.2024<\/span><br><span class=\"einsatz-time\"><strong>Uhrzeit:<\/strong> 17:30<\/span><br><span class=\"einsatz-title\"><strong>Einsatzmeldung:<\/strong> <a href=\"https:\/\/www.ff-sarstedt.de\/stadt\/archive\/einsaetze\/h0-tueroeffnung-7\" rel=\"bookmark\">H0 \u2013 T\u00fcr\u00f6ffnung<\/a><\/span><br><span class=\"einsatz-location\"><strong>Einsatzort:<\/strong> G\u00f6dringen, Daniel-Gieseke-Str.<\/span><br><span class=\"einsatz-duration\"><strong>Dauer:<\/strong> 30 min<\/span><br><\/td><td class=\"einsatz-column-number\">079\/2024<\/td><td class=\"einsatz-column-date\">10.05.2024<\/td><td class=\"einsatz-column-time\">17:30<\/td><td class=\"einsatz-column-title\"><a href=\"https:\/\/www.ff-sarstedt.de\/stadt\/archive\/einsaetze\/h0-tueroeffnung-7\" rel=\"bookmark\">H0 \u2013 T\u00fcr\u00f6ffnung<\/a><\/td><td class=\"einsatz-column-location\">G\u00f6dringen, Daniel-Gieseke-Str.<\/td><td class=\"einsatz-column-duration\">30 min<\/td><td class=\"einsatz-column-annotationImages\"><i class=\"fa-solid fa-camera\" aria-hidden=\"true\" title=\"Bericht enth\u00e4lt keine Bilder\" style=\"color: #bbbbbb;\"><\/i><\/td><\/tr><tr class=\"report\"><td class=\"smallscreen\" colspan=\"7\" data-permalink=\"https:\/\/www.ff-sarstedt.de\/stadt\/archive\/einsaetze\/b1-ausgeloeste-brandmeldeanlage-bma-23\"><div class=\"annotation-icon-bar\"><i class=\"fa-solid fa-camera\" aria-hidden=\"true\" title=\"Bericht enth\u00e4lt keine Bilder\" style=\"color: #bbbbbb;\"><\/i><\/div><span class=\"einsatz-number\"><strong>Nummer:<\/strong> 078\/2024<\/span><br><span class=\"einsatz-date\"><strong>Datum:<\/strong> 10.05.2024<\/span><br><span class=\"einsatz-time\"><strong>Uhrzeit:<\/strong> 15:02<\/span><br><span class=\"einsatz-title\"><strong>Einsatzmeldung:<\/strong> <a href=\"https:\/\/www.ff-sarstedt.de\/stadt\/archive\/einsaetze\/b1-ausgeloeste-brandmeldeanlage-bma-23\" rel=\"bookmark\">B1 \u2013 Ausgel\u00f6ste Brandmeldeanlage (BMA)<\/a><\/span><br><span class=\"einsatz-location\"><strong>Einsatzort:<\/strong> Im Kirchenfelde<\/span><br><span class=\"einsatz-duration\"><strong>Dauer:<\/strong> 30 min<\/span><br><\/td><td class=\"einsatz-column-number\">078\/2024<\/td><td class=\"einsatz-column-date\">10.05.2024<\/td><td class=\"einsatz-column-time\">15:02<\/td><td class=\"einsatz-column-title\"><a href=\"https:\/\/www.ff-sarstedt.de\/stadt\/archive\/einsaetze\/b1-ausgeloeste-brandmeldeanlage-bma-23\" rel=\"bookmark\">B1 \u2013 Ausgel\u00f6ste Brandmeldeanlage (BMA)<\/a><\/td><td class=\"einsatz-column-location\">Im Kirchenfelde<\/td><td class=\"einsatz-column-duration\">30 min<\/td><td class=\"einsatz-column-annotationImages\"><i class=\"fa-solid fa-camera\" aria-hidden=\"true\" title=\"Bericht enth\u00e4lt keine Bilder\" style=\"color: #bbbbbb;\"><\/i><\/td><\/tr><tr class=\"report\"><td class=\"smallscreen\" colspan=\"7\" data-permalink=\"https:\/\/www.ff-sarstedt.de\/stadt\/archive\/einsaetze\/b1-ausgeloeste-brandmeldeanlage-bma-22\"><div class=\"annotation-icon-bar\"><i class=\"fa-solid fa-camera\" aria-hidden=\"true\" title=\"Bericht enth\u00e4lt keine Bilder\" style=\"color: #bbbbbb;\"><\/i><\/div><span class=\"einsatz-number\"><strong>Nummer:<\/strong> 077\/2024<\/span><br><span class=\"einsatz-date\"><strong>Datum:<\/strong> 03.05.2024<\/span><br><span class=\"einsatz-time\"><strong>Uhrzeit:<\/strong> 15:00<\/span><br><span class=\"einsatz-title\"><strong>Einsatzmeldung:<\/strong> <a href=\"https:\/\/www.ff-sarstedt.de\/stadt\/archive\/einsaetze\/b1-ausgeloeste-brandmeldeanlage-bma-22\" rel=\"bookmark\">B1 \u2013 Ausgel\u00f6ste Brandmeldeanlage (BMA)<\/a><\/span><br><span class=\"einsatz-location\"><strong>Einsatzort:<\/strong> Moorberg<\/span><br><span class=\"einsatz-duration\"><strong>Dauer:<\/strong> 45 min<\/span><br><\/td><td class=\"einsatz-column-number\">077\/2024<\/td><td class=\"einsatz-column-date\">03.05.2024<\/td><td class=\"einsatz-column-time\">15:00<\/td><td class=\"einsatz-column-title\"><a href=\"https:\/\/www.ff-sarstedt.de\/stadt\/archive\/einsaetze\/b1-ausgeloeste-brandmeldeanlage-bma-22\" rel=\"bookmark\">B1 \u2013 Ausgel\u00f6ste Brandmeldeanlage (BMA)<\/a><\/td><td class=\"einsatz-column-location\">Moorberg<\/td><td class=\"einsatz-column-duration\">45 min<\/td><td class=\"einsatz-column-annotationImages\"><i class=\"fa-solid fa-camera\" aria-hidden=\"true\" title=\"Bericht enth\u00e4lt keine Bilder\" style=\"color: #bbbbbb;\"><\/i><\/td><\/tr><tr class=\"report\"><td class=\"smallscreen\" colspan=\"7\" data-permalink=\"https:\/\/www.ff-sarstedt.de\/stadt\/archive\/einsaetze\/b1-ausgeloeste-brandmeldeanlage-bma-21\"><div class=\"annotation-icon-bar\"><i class=\"fa-solid fa-camera\" aria-hidden=\"true\" title=\"Bericht enth\u00e4lt keine Bilder\" style=\"color: #bbbbbb;\"><\/i><\/div><span class=\"einsatz-number\"><strong>Nummer:<\/strong> 076\/2024<\/span><br><span class=\"einsatz-date\"><strong>Datum:<\/strong> 02.05.2024<\/span><br><span class=\"einsatz-time\"><strong>Uhrzeit:<\/strong> 15:14<\/span><br><span class=\"einsatz-title\"><strong>Einsatzmeldung:<\/strong> <a href=\"https:\/\/www.ff-sarstedt.de\/stadt\/archive\/einsaetze\/b1-ausgeloeste-brandmeldeanlage-bma-21\" rel=\"bookmark\">B1 \u2013 Ausgel\u00f6ste Brandmeldeanlage (BMA)<\/a><\/span><br><span class=\"einsatz-location\"><strong>Einsatzort:<\/strong> Am Teinkamp<\/span><br><span class=\"einsatz-duration\"><strong>Dauer:<\/strong> 1 h<\/span><br><\/td><td class=\"einsatz-column-number\">076\/2024<\/td><td class=\"einsatz-column-date\">02.05.2024<\/td><td class=\"einsatz-column-time\">15:14<\/td><td class=\"einsatz-column-title\"><a href=\"https:\/\/www.ff-sarstedt.de\/stadt\/archive\/einsaetze\/b1-ausgeloeste-brandmeldeanlage-bma-21\" rel=\"bookmark\">B1 \u2013 Ausgel\u00f6ste Brandmeldeanlage (BMA)<\/a><\/td><td class=\"einsatz-column-location\">Am Teinkamp<\/td><td class=\"einsatz-column-duration\">1 h<\/td><td class=\"einsatz-column-annotationImages\"><i class=\"fa-solid fa-camera\" aria-hidden=\"true\" title=\"Bericht enth\u00e4lt keine Bilder\" style=\"color: #bbbbbb;\"><\/i><\/td><\/tr><tr class=\"report\"><td class=\"smallscreen\" colspan=\"7\" data-permalink=\"https:\/\/www.ff-sarstedt.de\/stadt\/archive\/einsaetze\/h0-tueroeffnung-6\"><div class=\"annotation-icon-bar\"><i class=\"fa-solid fa-camera\" aria-hidden=\"true\" title=\"Bericht enth\u00e4lt keine Bilder\" style=\"color: #bbbbbb;\"><\/i><\/div><span class=\"einsatz-number\"><strong>Nummer:<\/strong> 075\/2024<\/span><br><span class=\"einsatz-date\"><strong>Datum:<\/strong> 01.05.2024<\/span><br><span class=\"einsatz-time\"><strong>Uhrzeit:<\/strong> 00:30<\/span><br><span class=\"einsatz-title\"><strong>Einsatzmeldung:<\/strong> <a href=\"https:\/\/www.ff-sarstedt.de\/stadt\/archive\/einsaetze\/h0-tueroeffnung-6\" rel=\"bookmark\">H0 \u2013 T\u00fcr\u00f6ffnung<\/a><\/span><br><span class=\"einsatz-location\"><strong>Einsatzort:<\/strong> Oppelner Str.<\/span><br><span class=\"einsatz-duration\"><strong>Dauer:<\/strong> 30 min<\/span><br><\/td><td class=\"einsatz-column-number\">075\/2024<\/td><td class=\"einsatz-column-date\">01.05.2024<\/td><td class=\"einsatz-column-time\">00:30<\/td><td class=\"einsatz-column-title\"><a href=\"https:\/\/www.ff-sarstedt.de\/stadt\/archive\/einsaetze\/h0-tueroeffnung-6\" rel=\"bookmark\">H0 \u2013 T\u00fcr\u00f6ffnung<\/a><\/td><td class=\"einsatz-column-location\">Oppelner Str.<\/td><td class=\"einsatz-column-duration\">30 min<\/td><td class=\"einsatz-column-annotationImages\"><i class=\"fa-solid fa-camera\" aria-hidden=\"true\" title=\"Bericht enth\u00e4lt keine Bilder\" style=\"color: #bbbbbb;\"><\/i><\/td><\/tr><tr class=\"einsatz-title-month\"><td colspan=\"7\">April<\/td><\/tr><tr class=\"einsatz-header\"><th style=\"white-space: nowrap;\">Nummer<\/th><th style=\"white-space: nowrap;\">Datum<\/th><th style=\"white-space: nowrap;\">Uhrzeit<\/th><th style=\"\">Einsatzmeldung<\/th><th style=\"\">Einsatzort<\/th><th style=\"white-space: nowrap;\">Dauer<\/th><th style=\"\"><\/th><\/tr><tr class=\"report\"><td class=\"smallscreen\" colspan=\"7\" data-permalink=\"https:\/\/www.ff-sarstedt.de\/stadt\/archive\/einsaetze\/b0-erkundung-bvd\"><div class=\"annotation-icon-bar\"><i class=\"fa-solid fa-camera\" aria-hidden=\"true\" title=\"Bericht enth\u00e4lt keine Bilder\" style=\"color: #bbbbbb;\"><\/i><\/div><span class=\"einsatz-number\"><strong>Nummer:<\/strong> 074\/2024<\/span><br><span class=\"einsatz-date\"><strong>Datum:<\/strong> 30.04.2024<\/span><br><span class=\"einsatz-time\"><strong>Uhrzeit:<\/strong> 17:50<\/span><br><span class=\"einsatz-title\"><strong>Einsatzmeldung:<\/strong> <a href=\"https:\/\/www.ff-sarstedt.de\/stadt\/archive\/einsaetze\/b0-erkundung-bvd\" rel=\"bookmark\">B0 &#8211; Erkundung BvD<\/a><\/span><br><span class=\"einsatz-location\"><strong>Einsatzort:<\/strong> Am Teinkamp<\/span><br><span class=\"einsatz-duration\"><strong>Dauer:<\/strong> 30 min<\/span><br><\/td><td class=\"einsatz-column-number\">074\/2024<\/td><td class=\"einsatz-column-date\">30.04.2024<\/td><td class=\"einsatz-column-time\">17:50<\/td><td class=\"einsatz-column-title\"><a href=\"https:\/\/www.ff-sarstedt.de\/stadt\/archive\/einsaetze\/b0-erkundung-bvd\" rel=\"bookmark\">B0 &#8211; Erkundung BvD<\/a><\/td><td class=\"einsatz-column-location\">Am Teinkamp<\/td><td class=\"einsatz-column-duration\">30 min<\/td><td class=\"einsatz-column-annotationImages\"><i class=\"fa-solid fa-camera\" aria-hidden=\"true\" title=\"Bericht enth\u00e4lt keine Bilder\" style=\"color: #bbbbbb;\"><\/i><\/td><\/tr><tr class=\"report\"><td class=\"smallscreen\" colspan=\"7\" data-permalink=\"https:\/\/www.ff-sarstedt.de\/stadt\/archive\/einsaetze\/b1-ausgeloeste-brandmeldeanlage-bma-20\"><div class=\"annotation-icon-bar\"><i class=\"fa-solid fa-camera\" aria-hidden=\"true\" title=\"Bericht enth\u00e4lt keine Bilder\" style=\"color: #bbbbbb;\"><\/i><\/div><span class=\"einsatz-number\"><strong>Nummer:<\/strong> 073\/2024<\/span><br><span class=\"einsatz-date\"><strong>Datum:<\/strong> 30.04.2024<\/span><br><span class=\"einsatz-time\"><strong>Uhrzeit:<\/strong> 15:18<\/span><br><span class=\"einsatz-title\"><strong>Einsatzmeldung:<\/strong> <a href=\"https:\/\/www.ff-sarstedt.de\/stadt\/archive\/einsaetze\/b1-ausgeloeste-brandmeldeanlage-bma-20\" rel=\"bookmark\">B1 \u2013 Ausgel\u00f6ste Brandmeldeanlage (BMA)<\/a><\/span><br><span class=\"einsatz-location\"><strong>Einsatzort:<\/strong> Am Teinkamp<\/span><br><span class=\"einsatz-duration\"><strong>Dauer:<\/strong> 1 h<\/span><br><\/td><td class=\"einsatz-column-number\">073\/2024<\/td><td class=\"einsatz-column-date\">30.04.2024<\/td><td class=\"einsatz-column-time\">15:18<\/td><td class=\"einsatz-column-title\"><a href=\"https:\/\/www.ff-sarstedt.de\/stadt\/archive\/einsaetze\/b1-ausgeloeste-brandmeldeanlage-bma-20\" rel=\"bookmark\">B1 \u2013 Ausgel\u00f6ste Brandmeldeanlage (BMA)<\/a><\/td><td class=\"einsatz-column-location\">Am Teinkamp<\/td><td class=\"einsatz-column-duration\">1 h<\/td><td class=\"einsatz-column-annotationImages\"><i class=\"fa-solid fa-camera\" aria-hidden=\"true\" title=\"Bericht enth\u00e4lt keine Bilder\" style=\"color: #bbbbbb;\"><\/i><\/td><\/tr><tr class=\"report\"><td class=\"smallscreen\" colspan=\"7\" data-permalink=\"https:\/\/www.ff-sarstedt.de\/stadt\/archive\/einsaetze\/b1-ausgeloeste-brandmeldeanlage-bma-19\"><div class=\"annotation-icon-bar\"><i class=\"fa-solid fa-camera\" aria-hidden=\"true\" title=\"Bericht enth\u00e4lt keine Bilder\" style=\"color: #bbbbbb;\"><\/i><\/div><span class=\"einsatz-number\"><strong>Nummer:<\/strong> 072\/2024<\/span><br><span class=\"einsatz-date\"><strong>Datum:<\/strong> 30.04.2024<\/span><br><span class=\"einsatz-time\"><strong>Uhrzeit:<\/strong> 12:36<\/span><br><span class=\"einsatz-title\"><strong>Einsatzmeldung:<\/strong> <a href=\"https:\/\/www.ff-sarstedt.de\/stadt\/archive\/einsaetze\/b1-ausgeloeste-brandmeldeanlage-bma-19\" rel=\"bookmark\">B1 \u2013 Ausgel\u00f6ste Brandmeldeanlage (BMA)<\/a><\/span><br><span class=\"einsatz-location\"><strong>Einsatzort:<\/strong> Am Teinkamp<\/span><br><span class=\"einsatz-duration\"><strong>Dauer:<\/strong> 1 h<\/span><br><\/td><td class=\"einsatz-column-number\">072\/2024<\/td><td class=\"einsatz-column-date\">30.04.2024<\/td><td class=\"einsatz-column-time\">12:36<\/td><td class=\"einsatz-column-title\"><a href=\"https:\/\/www.ff-sarstedt.de\/stadt\/archive\/einsaetze\/b1-ausgeloeste-brandmeldeanlage-bma-19\" rel=\"bookmark\">B1 \u2013 Ausgel\u00f6ste Brandmeldeanlage (BMA)<\/a><\/td><td class=\"einsatz-column-location\">Am Teinkamp<\/td><td class=\"einsatz-column-duration\">1 h<\/td><td class=\"einsatz-column-annotationImages\"><i class=\"fa-solid fa-camera\" aria-hidden=\"true\" title=\"Bericht enth\u00e4lt keine Bilder\" style=\"color: #bbbbbb;\"><\/i><\/td><\/tr><tr class=\"report\"><td class=\"smallscreen\" colspan=\"7\" data-permalink=\"https:\/\/www.ff-sarstedt.de\/stadt\/archive\/einsaetze\/b0-containerbrand-4\"><div class=\"annotation-icon-bar\"><i class=\"fa-solid fa-camera\" aria-hidden=\"true\" title=\"Bericht enth\u00e4lt keine Bilder\" style=\"color: #bbbbbb;\"><\/i><\/div><span class=\"einsatz-number\"><strong>Nummer:<\/strong> 071\/2024<\/span><br><span class=\"einsatz-date\"><strong>Datum:<\/strong> 29.04.2024<\/span><br><span class=\"einsatz-time\"><strong>Uhrzeit:<\/strong> 14:03<\/span><br><span class=\"einsatz-title\"><strong>Einsatzmeldung:<\/strong> <a href=\"https:\/\/www.ff-sarstedt.de\/stadt\/archive\/einsaetze\/b0-containerbrand-4\" rel=\"bookmark\">B0 \u2013 Containerbrand<\/a><\/span><br><span class=\"einsatz-location\"><strong>Einsatzort:<\/strong> K\u00f6nigsberger Stra\u00dfe<\/span><br><span class=\"einsatz-duration\"><strong>Dauer:<\/strong> 1 h<\/span><br><\/td><td class=\"einsatz-column-number\">071\/2024<\/td><td class=\"einsatz-column-date\">29.04.2024<\/td><td class=\"einsatz-column-time\">14:03<\/td><td class=\"einsatz-column-title\"><a href=\"https:\/\/www.ff-sarstedt.de\/stadt\/archive\/einsaetze\/b0-containerbrand-4\" rel=\"bookmark\">B0 \u2013 Containerbrand<\/a><\/td><td class=\"einsatz-column-location\">K\u00f6nigsberger Stra\u00dfe<\/td><td class=\"einsatz-column-duration\">1 h<\/td><td class=\"einsatz-column-annotationImages\"><i class=\"fa-solid fa-camera\" aria-hidden=\"true\" title=\"Bericht enth\u00e4lt keine Bilder\" style=\"color: #bbbbbb;\"><\/i><\/td><\/tr><tr class=\"report\"><td class=\"smallscreen\" colspan=\"7\" data-permalink=\"https:\/\/www.ff-sarstedt.de\/stadt\/archive\/einsaetze\/h0-tragehilfe-rettungsdienst-5\"><div class=\"annotation-icon-bar\"><i class=\"fa-solid fa-camera\" aria-hidden=\"true\" title=\"Bericht enth\u00e4lt keine Bilder\" style=\"color: #bbbbbb;\"><\/i><\/div><span class=\"einsatz-number\"><strong>Nummer:<\/strong> 070\/2024<\/span><br><span class=\"einsatz-date\"><strong>Datum:<\/strong> 27.04.2024<\/span><br><span class=\"einsatz-time\"><strong>Uhrzeit:<\/strong> 22:21<\/span><br><span class=\"einsatz-title\"><strong>Einsatzmeldung:<\/strong> <a href=\"https:\/\/www.ff-sarstedt.de\/stadt\/archive\/einsaetze\/h0-tragehilfe-rettungsdienst-5\" rel=\"bookmark\">H0 \u2013 Tragehilfe Rettungsdienst<\/a><\/span><br><span class=\"einsatz-location\"><strong>Einsatzort:<\/strong> Auf der Welle<\/span><br><span class=\"einsatz-duration\"><strong>Dauer:<\/strong> 1 h<\/span><br><\/td><td class=\"einsatz-column-number\">070\/2024<\/td><td class=\"einsatz-column-date\">27.04.2024<\/td><td class=\"einsatz-column-time\">22:21<\/td><td class=\"einsatz-column-title\"><a href=\"https:\/\/www.ff-sarstedt.de\/stadt\/archive\/einsaetze\/h0-tragehilfe-rettungsdienst-5\" rel=\"bookmark\">H0 \u2013 Tragehilfe Rettungsdienst<\/a><\/td><td class=\"einsatz-column-location\">Auf der Welle<\/td><td class=\"einsatz-column-duration\">1 h<\/td><td class=\"einsatz-column-annotationImages\"><i class=\"fa-solid fa-camera\" aria-hidden=\"true\" title=\"Bericht enth\u00e4lt keine Bilder\" style=\"color: #bbbbbb;\"><\/i><\/td><\/tr><tr class=\"report\"><td class=\"smallscreen\" colspan=\"7\" data-permalink=\"https:\/\/www.ff-sarstedt.de\/stadt\/archive\/einsaetze\/h0-wasserschaden-3\"><div class=\"annotation-icon-bar\"><i class=\"fa-solid fa-camera\" aria-hidden=\"true\" title=\"Bericht enth\u00e4lt keine Bilder\" style=\"color: #bbbbbb;\"><\/i><\/div><span class=\"einsatz-number\"><strong>Nummer:<\/strong> 069\/2024<\/span><br><span class=\"einsatz-date\"><strong>Datum:<\/strong> 25.04.2024<\/span><br><span class=\"einsatz-time\"><strong>Uhrzeit:<\/strong> 13:09<\/span><br><span class=\"einsatz-title\"><strong>Einsatzmeldung:<\/strong> <a href=\"https:\/\/www.ff-sarstedt.de\/stadt\/archive\/einsaetze\/h0-wasserschaden-3\" rel=\"bookmark\">H0 &#8211; Wasserschaden<\/a><\/span><br><span class=\"einsatz-location\"><strong>Einsatzort:<\/strong> Am Kl\u00e4rwerk<\/span><br><span class=\"einsatz-duration\"><strong>Dauer:<\/strong> 9 h 20 min<\/span><br><\/td><td class=\"einsatz-column-number\">069\/2024<\/td><td class=\"einsatz-column-date\">25.04.2024<\/td><td class=\"einsatz-column-time\">13:09<\/td><td class=\"einsatz-column-title\"><a href=\"https:\/\/www.ff-sarstedt.de\/stadt\/archive\/einsaetze\/h0-wasserschaden-3\" rel=\"bookmark\">H0 &#8211; Wasserschaden<\/a><\/td><td class=\"einsatz-column-location\">Am Kl\u00e4rwerk<\/td><td class=\"einsatz-column-duration\">9 h 20 min<\/td><td class=\"einsatz-column-annotationImages\"><i class=\"fa-solid fa-camera\" aria-hidden=\"true\" title=\"Bericht enth\u00e4lt keine Bilder\" style=\"color: #bbbbbb;\"><\/i><\/td><\/tr><tr class=\"report\"><td class=\"smallscreen\" colspan=\"7\" data-permalink=\"https:\/\/www.ff-sarstedt.de\/stadt\/archive\/einsaetze\/b1-ausgeloeste-brandmeldeanlage-bma-18\"><div class=\"annotation-icon-bar\"><i class=\"fa-solid fa-camera\" aria-hidden=\"true\" title=\"Bericht enth\u00e4lt keine Bilder\" style=\"color: #bbbbbb;\"><\/i><\/div><span class=\"einsatz-number\"><strong>Nummer:<\/strong> 068\/2024<\/span><br><span class=\"einsatz-date\"><strong>Datum:<\/strong> 23.04.2024<\/span><br><span class=\"einsatz-time\"><strong>Uhrzeit:<\/strong> 06:43<\/span><br><span class=\"einsatz-title\"><strong>Einsatzmeldung:<\/strong> <a href=\"https:\/\/www.ff-sarstedt.de\/stadt\/archive\/einsaetze\/b1-ausgeloeste-brandmeldeanlage-bma-18\" rel=\"bookmark\">B1 \u2013 Ausgel\u00f6ste Brandmeldeanlage (BMA)<\/a><\/span><br><span class=\"einsatz-location\"><strong>Einsatzort:<\/strong> Karl-Schiller-Str.<\/span><br><span class=\"einsatz-duration\"><strong>Dauer:<\/strong> 40 min<\/span><br><\/td><td class=\"einsatz-column-number\">068\/2024<\/td><td class=\"einsatz-column-date\">23.04.2024<\/td><td class=\"einsatz-column-time\">06:43<\/td><td class=\"einsatz-column-title\"><a href=\"https:\/\/www.ff-sarstedt.de\/stadt\/archive\/einsaetze\/b1-ausgeloeste-brandmeldeanlage-bma-18\" rel=\"bookmark\">B1 \u2013 Ausgel\u00f6ste Brandmeldeanlage (BMA)<\/a><\/td><td class=\"einsatz-column-location\">Karl-Schiller-Str.<\/td><td class=\"einsatz-column-duration\">40 min<\/td><td class=\"einsatz-column-annotationImages\"><i class=\"fa-solid fa-camera\" aria-hidden=\"true\" title=\"Bericht enth\u00e4lt keine Bilder\" style=\"color: #bbbbbb;\"><\/i><\/td><\/tr><tr class=\"report\"><td class=\"smallscreen\" colspan=\"7\" data-permalink=\"https:\/\/www.ff-sarstedt.de\/stadt\/archive\/einsaetze\/b1-ausgeloeste-brandmeldeanlage-bma-17\"><div class=\"annotation-icon-bar\"><i class=\"fa-solid fa-camera\" aria-hidden=\"true\" title=\"Bericht enth\u00e4lt keine Bilder\" style=\"color: #bbbbbb;\"><\/i><\/div><span class=\"einsatz-number\"><strong>Nummer:<\/strong> 067\/2024<\/span><br><span class=\"einsatz-date\"><strong>Datum:<\/strong> 20.04.2024<\/span><br><span class=\"einsatz-time\"><strong>Uhrzeit:<\/strong> 21:16<\/span><br><span class=\"einsatz-title\"><strong>Einsatzmeldung:<\/strong> <a href=\"https:\/\/www.ff-sarstedt.de\/stadt\/archive\/einsaetze\/b1-ausgeloeste-brandmeldeanlage-bma-17\" rel=\"bookmark\">B1 \u2013 Ausgel\u00f6ste Brandmeldeanlage (BMA)<\/a><\/span><br><span class=\"einsatz-location\"><strong>Einsatzort:<\/strong> Wellweg<\/span><br><span class=\"einsatz-duration\"><strong>Dauer:<\/strong> 1 h<\/span><br><\/td><td class=\"einsatz-column-number\">067\/2024<\/td><td class=\"einsatz-column-date\">20.04.2024<\/td><td class=\"einsatz-column-time\">21:16<\/td><td class=\"einsatz-column-title\"><a href=\"https:\/\/www.ff-sarstedt.de\/stadt\/archive\/einsaetze\/b1-ausgeloeste-brandmeldeanlage-bma-17\" rel=\"bookmark\">B1 \u2013 Ausgel\u00f6ste Brandmeldeanlage (BMA)<\/a><\/td><td class=\"einsatz-column-location\">Wellweg<\/td><td class=\"einsatz-column-duration\">1 h<\/td><td class=\"einsatz-column-annotationImages\"><i class=\"fa-solid fa-camera\" aria-hidden=\"true\" title=\"Bericht enth\u00e4lt keine Bilder\" style=\"color: #bbbbbb;\"><\/i><\/td><\/tr><tr class=\"report\"><td class=\"smallscreen\" colspan=\"7\" data-permalink=\"https:\/\/www.ff-sarstedt.de\/stadt\/archive\/einsaetze\/h0-tierrettung\"><div class=\"annotation-icon-bar\"><i class=\"fa-solid fa-camera\" aria-hidden=\"true\" title=\"Bericht enth\u00e4lt keine Bilder\" style=\"color: #bbbbbb;\"><\/i><\/div><span class=\"einsatz-number\"><strong>Nummer:<\/strong> 066\/2024<\/span><br><span class=\"einsatz-date\"><strong>Datum:<\/strong> 17.04.2024<\/span><br><span class=\"einsatz-time\"><strong>Uhrzeit:<\/strong> 20:04<\/span><br><span class=\"einsatz-title\"><strong>Einsatzmeldung:<\/strong> <a href=\"https:\/\/www.ff-sarstedt.de\/stadt\/archive\/einsaetze\/h0-tierrettung\" rel=\"bookmark\">H0 &#8211; Tierrettung<\/a><\/span><br><span class=\"einsatz-location\"><strong>Einsatzort:<\/strong> Voss-Str.<\/span><br><span class=\"einsatz-duration\"><strong>Dauer:<\/strong> 30 min<\/span><br><\/td><td class=\"einsatz-column-number\">066\/2024<\/td><td class=\"einsatz-column-date\">17.04.2024<\/td><td class=\"einsatz-column-time\">20:04<\/td><td class=\"einsatz-column-title\"><a href=\"https:\/\/www.ff-sarstedt.de\/stadt\/archive\/einsaetze\/h0-tierrettung\" rel=\"bookmark\">H0 &#8211; Tierrettung<\/a><\/td><td class=\"einsatz-column-location\">Voss-Str.<\/td><td class=\"einsatz-column-duration\">30 min<\/td><td class=\"einsatz-column-annotationImages\"><i class=\"fa-solid fa-camera\" aria-hidden=\"true\" title=\"Bericht enth\u00e4lt keine Bilder\" style=\"color: #bbbbbb;\"><\/i><\/td><\/tr><tr class=\"report\"><td class=\"smallscreen\" colspan=\"7\" data-permalink=\"https:\/\/www.ff-sarstedt.de\/stadt\/archive\/einsaetze\/b0-containerbrand-3\"><div class=\"annotation-icon-bar\"><i class=\"fa-solid fa-camera\" aria-hidden=\"true\" title=\"Bericht enth\u00e4lt keine Bilder\" style=\"color: #bbbbbb;\"><\/i><\/div><span class=\"einsatz-number\"><strong>Nummer:<\/strong> 065\/2024<\/span><br><span class=\"einsatz-date\"><strong>Datum:<\/strong> 17.04.2024<\/span><br><span class=\"einsatz-time\"><strong>Uhrzeit:<\/strong> 16:22<\/span><br><span class=\"einsatz-title\"><strong>Einsatzmeldung:<\/strong> <a href=\"https:\/\/www.ff-sarstedt.de\/stadt\/archive\/einsaetze\/b0-containerbrand-3\" rel=\"bookmark\">B0 &#8211; Containerbrand<\/a><\/span><br><span class=\"einsatz-location\"><strong>Einsatzort:<\/strong> Brickelweg<\/span><br><span class=\"einsatz-duration\"><strong>Dauer:<\/strong> 1 h 10 min<\/span><br><\/td><td class=\"einsatz-column-number\">065\/2024<\/td><td class=\"einsatz-column-date\">17.04.2024<\/td><td class=\"einsatz-column-time\">16:22<\/td><td class=\"einsatz-column-title\"><a href=\"https:\/\/www.ff-sarstedt.de\/stadt\/archive\/einsaetze\/b0-containerbrand-3\" rel=\"bookmark\">B0 &#8211; Containerbrand<\/a><\/td><td class=\"einsatz-column-location\">Brickelweg<\/td><td class=\"einsatz-column-duration\">1 h 10 min<\/td><td class=\"einsatz-column-annotationImages\"><i class=\"fa-solid fa-camera\" aria-hidden=\"true\" title=\"Bericht enth\u00e4lt keine Bilder\" style=\"color: #bbbbbb;\"><\/i><\/td><\/tr><tr class=\"report\"><td class=\"smallscreen\" colspan=\"7\" data-permalink=\"https:\/\/www.ff-sarstedt.de\/stadt\/archive\/einsaetze\/h0-wasserschaden-2\"><div class=\"annotation-icon-bar\"><i class=\"fa-solid fa-camera\" aria-hidden=\"true\" title=\"Bericht enth\u00e4lt keine Bilder\" style=\"color: #bbbbbb;\"><\/i><\/div><span class=\"einsatz-number\"><strong>Nummer:<\/strong> 064\/2024<\/span><br><span class=\"einsatz-date\"><strong>Datum:<\/strong> 16.04.2024<\/span><br><span class=\"einsatz-time\"><strong>Uhrzeit:<\/strong> 20:33<\/span><br><span class=\"einsatz-title\"><strong>Einsatzmeldung:<\/strong> <a href=\"https:\/\/www.ff-sarstedt.de\/stadt\/archive\/einsaetze\/h0-wasserschaden-2\" rel=\"bookmark\">H0 &#8211; Wasserschaden<\/a><\/span><br><span class=\"einsatz-location\"><strong>Einsatzort:<\/strong> Bleekstr.<\/span><br><span class=\"einsatz-duration\"><strong>Dauer:<\/strong> 42 min<\/span><br><\/td><td class=\"einsatz-column-number\">064\/2024<\/td><td class=\"einsatz-column-date\">16.04.2024<\/td><td class=\"einsatz-column-time\">20:33<\/td><td class=\"einsatz-column-title\"><a href=\"https:\/\/www.ff-sarstedt.de\/stadt\/archive\/einsaetze\/h0-wasserschaden-2\" rel=\"bookmark\">H0 &#8211; Wasserschaden<\/a><\/td><td class=\"einsatz-column-location\">Bleekstr.<\/td><td class=\"einsatz-column-duration\">42 min<\/td><td class=\"einsatz-column-annotationImages\"><i class=\"fa-solid fa-camera\" aria-hidden=\"true\" title=\"Bericht enth\u00e4lt keine Bilder\" style=\"color: #bbbbbb;\"><\/i><\/td><\/tr><tr class=\"report\"><td class=\"smallscreen\" colspan=\"7\" data-permalink=\"https:\/\/www.ff-sarstedt.de\/stadt\/archive\/einsaetze\/bm1-zimmerbrand\"><div class=\"annotation-icon-bar\"><i class=\"fa-solid fa-camera\" aria-hidden=\"true\" title=\"Bericht enth\u00e4lt keine Bilder\" style=\"color: #bbbbbb;\"><\/i><\/div><span class=\"einsatz-number\"><strong>Nummer:<\/strong> 063\/2024<\/span><br><span class=\"einsatz-date\"><strong>Datum:<\/strong> 14.04.2024<\/span><br><span class=\"einsatz-time\"><strong>Uhrzeit:<\/strong> 17:40<\/span><br><span class=\"einsatz-title\"><strong>Einsatzmeldung:<\/strong> <a href=\"https:\/\/www.ff-sarstedt.de\/stadt\/archive\/einsaetze\/bm1-zimmerbrand\" rel=\"bookmark\">BM1 &#8211; Zimmerbrand<\/a><\/span><br><span class=\"einsatz-location\"><strong>Einsatzort:<\/strong> Breslauer Str.<\/span><br><span class=\"einsatz-duration\"><strong>Dauer:<\/strong> 1 h 30 min<\/span><br><\/td><td class=\"einsatz-column-number\">063\/2024<\/td><td class=\"einsatz-column-date\">14.04.2024<\/td><td class=\"einsatz-column-time\">17:40<\/td><td class=\"einsatz-column-title\"><a href=\"https:\/\/www.ff-sarstedt.de\/stadt\/archive\/einsaetze\/bm1-zimmerbrand\" rel=\"bookmark\">BM1 &#8211; Zimmerbrand<\/a><\/td><td class=\"einsatz-column-location\">Breslauer Str.<\/td><td class=\"einsatz-column-duration\">1 h 30 min<\/td><td class=\"einsatz-column-annotationImages\"><i class=\"fa-solid fa-camera\" aria-hidden=\"true\" title=\"Bericht enth\u00e4lt keine Bilder\" style=\"color: #bbbbbb;\"><\/i><\/td><\/tr><tr class=\"report\"><td class=\"smallscreen\" colspan=\"7\" data-permalink=\"https:\/\/www.ff-sarstedt.de\/stadt\/archive\/einsaetze\/b1-ausgeloeste-brandmeldeanlage-bma-16\"><div class=\"annotation-icon-bar\"><i class=\"fa-solid fa-camera\" aria-hidden=\"true\" title=\"Bericht enth\u00e4lt keine Bilder\" style=\"color: #bbbbbb;\"><\/i><\/div><span class=\"einsatz-number\"><strong>Nummer:<\/strong> 062\/2024<\/span><br><span class=\"einsatz-date\"><strong>Datum:<\/strong> 13.04.2024<\/span><br><span class=\"einsatz-time\"><strong>Uhrzeit:<\/strong> 00:36<\/span><br><span class=\"einsatz-title\"><strong>Einsatzmeldung:<\/strong> <a href=\"https:\/\/www.ff-sarstedt.de\/stadt\/archive\/einsaetze\/b1-ausgeloeste-brandmeldeanlage-bma-16\" rel=\"bookmark\">B1 &#8211; Ausgel\u00f6ste Brandmeldeanlage (BMA)<\/a><\/span><br><span class=\"einsatz-location\"><strong>Einsatzort:<\/strong> Am Teinkamp<\/span><br><span class=\"einsatz-duration\"><strong>Dauer:<\/strong> 1 h<\/span><br><\/td><td class=\"einsatz-column-number\">062\/2024<\/td><td class=\"einsatz-column-date\">13.04.2024<\/td><td class=\"einsatz-column-time\">00:36<\/td><td class=\"einsatz-column-title\"><a href=\"https:\/\/www.ff-sarstedt.de\/stadt\/archive\/einsaetze\/b1-ausgeloeste-brandmeldeanlage-bma-16\" rel=\"bookmark\">B1 &#8211; Ausgel\u00f6ste Brandmeldeanlage (BMA)<\/a><\/td><td class=\"einsatz-column-location\">Am Teinkamp<\/td><td class=\"einsatz-column-duration\">1 h<\/td><td class=\"einsatz-column-annotationImages\"><i class=\"fa-solid fa-camera\" aria-hidden=\"true\" title=\"Bericht enth\u00e4lt keine Bilder\" style=\"color: #bbbbbb;\"><\/i><\/td><\/tr><tr class=\"report\"><td class=\"smallscreen\" colspan=\"7\" data-permalink=\"https:\/\/www.ff-sarstedt.de\/stadt\/archive\/einsaetze\/h1-person-eingeklemmt-in-pkw\"><div class=\"annotation-icon-bar\"><i class=\"fa-solid fa-camera\" aria-hidden=\"true\" title=\"Bericht enth\u00e4lt keine Bilder\" style=\"color: #bbbbbb;\"><\/i><\/div><span class=\"einsatz-number\"><strong>Nummer:<\/strong> 061\/2024<\/span><br><span class=\"einsatz-date\"><strong>Datum:<\/strong> 12.04.2024<\/span><br><span class=\"einsatz-time\"><strong>Uhrzeit:<\/strong> 14:35<\/span><br><span class=\"einsatz-title\"><strong>Einsatzmeldung:<\/strong> <a href=\"https:\/\/www.ff-sarstedt.de\/stadt\/archive\/einsaetze\/h1-person-eingeklemmt-in-pkw\" rel=\"bookmark\">H1 &#8211; Person eingeklemmt in PKW<\/a><\/span><br><span class=\"einsatz-location\"><strong>Einsatzort:<\/strong> BAB 7 FR S\u00fcd<\/span><br><span class=\"einsatz-duration\"><strong>Dauer:<\/strong> 30 min<\/span><br><\/td><td class=\"einsatz-column-number\">061\/2024<\/td><td class=\"einsatz-column-date\">12.04.2024<\/td><td class=\"einsatz-column-time\">14:35<\/td><td class=\"einsatz-column-title\"><a href=\"https:\/\/www.ff-sarstedt.de\/stadt\/archive\/einsaetze\/h1-person-eingeklemmt-in-pkw\" rel=\"bookmark\">H1 &#8211; Person eingeklemmt in PKW<\/a><\/td><td class=\"einsatz-column-location\">BAB 7 FR S\u00fcd<\/td><td class=\"einsatz-column-duration\">30 min<\/td><td class=\"einsatz-column-annotationImages\"><i class=\"fa-solid fa-camera\" aria-hidden=\"true\" title=\"Bericht enth\u00e4lt keine Bilder\" style=\"color: #bbbbbb;\"><\/i><\/td><\/tr><tr class=\"report\"><td class=\"smallscreen\" colspan=\"7\" data-permalink=\"https:\/\/www.ff-sarstedt.de\/stadt\/archive\/einsaetze\/h0-oelspur-12\"><div class=\"annotation-icon-bar\"><i class=\"fa-solid fa-camera\" aria-hidden=\"true\" title=\"Bericht enth\u00e4lt keine Bilder\" style=\"color: #bbbbbb;\"><\/i><\/div><span class=\"einsatz-number\"><strong>Nummer:<\/strong> 060\/2024<\/span><br><span class=\"einsatz-date\"><strong>Datum:<\/strong> 10.04.2024<\/span><br><span class=\"einsatz-time\"><strong>Uhrzeit:<\/strong> 21:10<\/span><br><span class=\"einsatz-title\"><strong>Einsatzmeldung:<\/strong> <a href=\"https:\/\/www.ff-sarstedt.de\/stadt\/archive\/einsaetze\/h0-oelspur-12\" rel=\"bookmark\">H0 &#8211; \u00d6lspur<\/a><\/span><br><span class=\"einsatz-location\"><strong>Einsatzort:<\/strong> Gutenbergstr.<\/span><br><span class=\"einsatz-duration\"><strong>Dauer:<\/strong> 30 min<\/span><br><\/td><td class=\"einsatz-column-number\">060\/2024<\/td><td class=\"einsatz-column-date\">10.04.2024<\/td><td class=\"einsatz-column-time\">21:10<\/td><td class=\"einsatz-column-title\"><a href=\"https:\/\/www.ff-sarstedt.de\/stadt\/archive\/einsaetze\/h0-oelspur-12\" rel=\"bookmark\">H0 &#8211; \u00d6lspur<\/a><\/td><td class=\"einsatz-column-location\">Gutenbergstr.<\/td><td class=\"einsatz-column-duration\">30 min<\/td><td class=\"einsatz-column-annotationImages\"><i class=\"fa-solid fa-camera\" aria-hidden=\"true\" title=\"Bericht enth\u00e4lt keine Bilder\" style=\"color: #bbbbbb;\"><\/i><\/td><\/tr><tr class=\"report\"><td class=\"smallscreen\" colspan=\"7\" data-permalink=\"https:\/\/www.ff-sarstedt.de\/stadt\/archive\/einsaetze\/b1-unklare-rauchentwicklung\"><div class=\"annotation-icon-bar\"><i class=\"fa-solid fa-camera\" aria-hidden=\"true\" title=\"Bericht enth\u00e4lt keine Bilder\" style=\"color: #bbbbbb;\"><\/i><\/div><span class=\"einsatz-number\"><strong>Nummer:<\/strong> 059\/2024<\/span><br><span class=\"einsatz-date\"><strong>Datum:<\/strong> 10.04.2024<\/span><br><span class=\"einsatz-time\"><strong>Uhrzeit:<\/strong> 10:16<\/span><br><span class=\"einsatz-title\"><strong>Einsatzmeldung:<\/strong> <a href=\"https:\/\/www.ff-sarstedt.de\/stadt\/archive\/einsaetze\/b1-unklare-rauchentwicklung\" rel=\"bookmark\">B1 &#8211; unklare Rauchentwicklung<\/a><\/span><br><span class=\"einsatz-location\"><strong>Einsatzort:<\/strong> Dachsteinweg<\/span><br><span class=\"einsatz-duration\"><strong>Dauer:<\/strong> 30 min<\/span><br><\/td><td class=\"einsatz-column-number\">059\/2024<\/td><td class=\"einsatz-column-date\">10.04.2024<\/td><td class=\"einsatz-column-time\">10:16<\/td><td class=\"einsatz-column-title\"><a href=\"https:\/\/www.ff-sarstedt.de\/stadt\/archive\/einsaetze\/b1-unklare-rauchentwicklung\" rel=\"bookmark\">B1 &#8211; unklare Rauchentwicklung<\/a><\/td><td class=\"einsatz-column-location\">Dachsteinweg<\/td><td class=\"einsatz-column-duration\">30 min<\/td><td class=\"einsatz-column-annotationImages\"><i class=\"fa-solid fa-camera\" aria-hidden=\"true\" title=\"Bericht enth\u00e4lt keine Bilder\" style=\"color: #bbbbbb;\"><\/i><\/td><\/tr><tr class=\"report\"><td class=\"smallscreen\" colspan=\"7\" data-permalink=\"https:\/\/www.ff-sarstedt.de\/stadt\/archive\/einsaetze\/b1-ausgeloeste-brandmeldeanlage-bma-15\"><div class=\"annotation-icon-bar\"><i class=\"fa-solid fa-camera\" aria-hidden=\"true\" title=\"Bericht enth\u00e4lt keine Bilder\" style=\"color: #bbbbbb;\"><\/i><\/div><span class=\"einsatz-number\"><strong>Nummer:<\/strong> 058\/2024<\/span><br><span class=\"einsatz-date\"><strong>Datum:<\/strong> 09.04.2024<\/span><br><span class=\"einsatz-time\"><strong>Uhrzeit:<\/strong> 07:21<\/span><br><span class=\"einsatz-title\"><strong>Einsatzmeldung:<\/strong> <a href=\"https:\/\/www.ff-sarstedt.de\/stadt\/archive\/einsaetze\/b1-ausgeloeste-brandmeldeanlage-bma-15\" rel=\"bookmark\">B1 \u2013 Ausgel\u00f6ste Brandmeldeanlage (BMA)<\/a><\/span><br><span class=\"einsatz-location\"><strong>Einsatzort:<\/strong> Am Teinkamp<\/span><br><span class=\"einsatz-duration\"><strong>Dauer:<\/strong> 30 min<\/span><br><\/td><td class=\"einsatz-column-number\">058\/2024<\/td><td class=\"einsatz-column-date\">09.04.2024<\/td><td class=\"einsatz-column-time\">07:21<\/td><td class=\"einsatz-column-title\"><a href=\"https:\/\/www.ff-sarstedt.de\/stadt\/archive\/einsaetze\/b1-ausgeloeste-brandmeldeanlage-bma-15\" rel=\"bookmark\">B1 \u2013 Ausgel\u00f6ste Brandmeldeanlage (BMA)<\/a><\/td><td class=\"einsatz-column-location\">Am Teinkamp<\/td><td class=\"einsatz-column-duration\">30 min<\/td><td class=\"einsatz-column-annotationImages\"><i class=\"fa-solid fa-camera\" aria-hidden=\"true\" title=\"Bericht enth\u00e4lt keine Bilder\" style=\"color: #bbbbbb;\"><\/i><\/td><\/tr><tr class=\"report\"><td class=\"smallscreen\" colspan=\"7\" data-permalink=\"https:\/\/www.ff-sarstedt.de\/stadt\/archive\/einsaetze\/b1-ausgeloeste-brandmeldeanlage-bma-14\"><div class=\"annotation-icon-bar\"><i class=\"fa-solid fa-camera\" aria-hidden=\"true\" title=\"Bericht enth\u00e4lt keine Bilder\" style=\"color: #bbbbbb;\"><\/i><\/div><span class=\"einsatz-number\"><strong>Nummer:<\/strong> 057\/2024<\/span><br><span class=\"einsatz-date\"><strong>Datum:<\/strong> 08.04.2024<\/span><br><span class=\"einsatz-time\"><strong>Uhrzeit:<\/strong> 21:36<\/span><br><span class=\"einsatz-title\"><strong>Einsatzmeldung:<\/strong> <a href=\"https:\/\/www.ff-sarstedt.de\/stadt\/archive\/einsaetze\/b1-ausgeloeste-brandmeldeanlage-bma-14\" rel=\"bookmark\">B1 \u2013 Ausgel\u00f6ste Brandmeldeanlage (BMA)<\/a><\/span><br><span class=\"einsatz-location\"><strong>Einsatzort:<\/strong> Am Teinkamp<\/span><br><span class=\"einsatz-duration\"><strong>Dauer:<\/strong> 40 min<\/span><br><\/td><td class=\"einsatz-column-number\">057\/2024<\/td><td class=\"einsatz-column-date\">08.04.2024<\/td><td class=\"einsatz-column-time\">21:36<\/td><td class=\"einsatz-column-title\"><a href=\"https:\/\/www.ff-sarstedt.de\/stadt\/archive\/einsaetze\/b1-ausgeloeste-brandmeldeanlage-bma-14\" rel=\"bookmark\">B1 \u2013 Ausgel\u00f6ste Brandmeldeanlage (BMA)<\/a><\/td><td class=\"einsatz-column-location\">Am Teinkamp<\/td><td class=\"einsatz-column-duration\">40 min<\/td><td class=\"einsatz-column-annotationImages\"><i class=\"fa-solid fa-camera\" aria-hidden=\"true\" title=\"Bericht enth\u00e4lt keine Bilder\" style=\"color: #bbbbbb;\"><\/i><\/td><\/tr><tr class=\"report\"><td class=\"smallscreen\" colspan=\"7\" data-permalink=\"https:\/\/www.ff-sarstedt.de\/stadt\/archive\/einsaetze\/b1-ausgeloeste-brandmeldeanlage-bma-13\"><div class=\"annotation-icon-bar\"><i class=\"fa-solid fa-camera\" aria-hidden=\"true\" title=\"Bericht enth\u00e4lt keine Bilder\" style=\"color: #bbbbbb;\"><\/i><\/div><span class=\"einsatz-number\"><strong>Nummer:<\/strong> 056\/2024<\/span><br><span class=\"einsatz-date\"><strong>Datum:<\/strong> 08.04.2024<\/span><br><span class=\"einsatz-time\"><strong>Uhrzeit:<\/strong> 05:16<\/span><br><span class=\"einsatz-title\"><strong>Einsatzmeldung:<\/strong> <a href=\"https:\/\/www.ff-sarstedt.de\/stadt\/archive\/einsaetze\/b1-ausgeloeste-brandmeldeanlage-bma-13\" rel=\"bookmark\">B1 \u2013 Ausgel\u00f6ste Brandmeldeanlage (BMA)<\/a><\/span><br><span class=\"einsatz-location\"><strong>Einsatzort:<\/strong> Am Teinkamp<\/span><br><span class=\"einsatz-duration\"><strong>Dauer:<\/strong> 1 h<\/span><br><\/td><td class=\"einsatz-column-number\">056\/2024<\/td><td class=\"einsatz-column-date\">08.04.2024<\/td><td class=\"einsatz-column-time\">05:16<\/td><td class=\"einsatz-column-title\"><a href=\"https:\/\/www.ff-sarstedt.de\/stadt\/archive\/einsaetze\/b1-ausgeloeste-brandmeldeanlage-bma-13\" rel=\"bookmark\">B1 \u2013 Ausgel\u00f6ste Brandmeldeanlage (BMA)<\/a><\/td><td class=\"einsatz-column-location\">Am Teinkamp<\/td><td class=\"einsatz-column-duration\">1 h<\/td><td class=\"einsatz-column-annotationImages\"><i class=\"fa-solid fa-camera\" aria-hidden=\"true\" title=\"Bericht enth\u00e4lt keine Bilder\" style=\"color: #bbbbbb;\"><\/i><\/td><\/tr><tr class=\"report\"><td class=\"smallscreen\" colspan=\"7\" data-permalink=\"https:\/\/www.ff-sarstedt.de\/stadt\/archive\/einsaetze\/b0-flaechenbrand\"><div class=\"annotation-icon-bar\"><i class=\"fa-solid fa-camera\" aria-hidden=\"true\" title=\"Bericht enth\u00e4lt keine Bilder\" style=\"color: #bbbbbb;\"><\/i><\/div><span class=\"einsatz-number\"><strong>Nummer:<\/strong> 055\/2024<\/span><br><span class=\"einsatz-date\"><strong>Datum:<\/strong> 07.04.2024<\/span><br><span class=\"einsatz-time\"><strong>Uhrzeit:<\/strong> 16:32<\/span><br><span class=\"einsatz-title\"><strong>Einsatzmeldung:<\/strong> <a href=\"https:\/\/www.ff-sarstedt.de\/stadt\/archive\/einsaetze\/b0-flaechenbrand\" rel=\"bookmark\">B0 &#8211; Fl\u00e4chenbrand<\/a><\/span><br><span class=\"einsatz-location\"><strong>Einsatzort:<\/strong> Sonnenkamp \/ Tonkuhle<\/span><br><span class=\"einsatz-duration\"><strong>Dauer:<\/strong> 2 h 30 min<\/span><br><\/td><td class=\"einsatz-column-number\">055\/2024<\/td><td class=\"einsatz-column-date\">07.04.2024<\/td><td class=\"einsatz-column-time\">16:32<\/td><td class=\"einsatz-column-title\"><a href=\"https:\/\/www.ff-sarstedt.de\/stadt\/archive\/einsaetze\/b0-flaechenbrand\" rel=\"bookmark\">B0 &#8211; Fl\u00e4chenbrand<\/a><\/td><td class=\"einsatz-column-location\">Sonnenkamp \/ Tonkuhle<\/td><td class=\"einsatz-column-duration\">2 h 30 min<\/td><td class=\"einsatz-column-annotationImages\"><i class=\"fa-solid fa-camera\" aria-hidden=\"true\" title=\"Bericht enth\u00e4lt keine Bilder\" style=\"color: #bbbbbb;\"><\/i><\/td><\/tr><tr class=\"report\"><td class=\"smallscreen\" colspan=\"7\" data-permalink=\"https:\/\/www.ff-sarstedt.de\/stadt\/archive\/einsaetze\/b1-ausgeloeste-brandmeldeanlage-bma-12\"><div class=\"annotation-icon-bar\"><i class=\"fa-solid fa-camera\" aria-hidden=\"true\" title=\"Bericht enth\u00e4lt keine Bilder\" style=\"color: #bbbbbb;\"><\/i><\/div><span class=\"einsatz-number\"><strong>Nummer:<\/strong> 054\/2024<\/span><br><span class=\"einsatz-date\"><strong>Datum:<\/strong> 06.04.2024<\/span><br><span class=\"einsatz-time\"><strong>Uhrzeit:<\/strong> 02:40<\/span><br><span class=\"einsatz-title\"><strong>Einsatzmeldung:<\/strong> <a href=\"https:\/\/www.ff-sarstedt.de\/stadt\/archive\/einsaetze\/b1-ausgeloeste-brandmeldeanlage-bma-12\" rel=\"bookmark\">B1 \u2013 Ausgel\u00f6ste Brandmeldeanlage (BMA)<\/a><\/span><br><span class=\"einsatz-location\"><strong>Einsatzort:<\/strong> Am Teinkamp<\/span><br><span class=\"einsatz-duration\"><strong>Dauer:<\/strong> 50 min<\/span><br><\/td><td class=\"einsatz-column-number\">054\/2024<\/td><td class=\"einsatz-column-date\">06.04.2024<\/td><td class=\"einsatz-column-time\">02:40<\/td><td class=\"einsatz-column-title\"><a href=\"https:\/\/www.ff-sarstedt.de\/stadt\/archive\/einsaetze\/b1-ausgeloeste-brandmeldeanlage-bma-12\" rel=\"bookmark\">B1 \u2013 Ausgel\u00f6ste Brandmeldeanlage (BMA)<\/a><\/td><td class=\"einsatz-column-location\">Am Teinkamp<\/td><td class=\"einsatz-column-duration\">50 min<\/td><td class=\"einsatz-column-annotationImages\"><i class=\"fa-solid fa-camera\" aria-hidden=\"true\" title=\"Bericht enth\u00e4lt keine Bilder\" style=\"color: #bbbbbb;\"><\/i><\/td><\/tr><tr class=\"report\"><td class=\"smallscreen\" colspan=\"7\" data-permalink=\"https:\/\/www.ff-sarstedt.de\/stadt\/archive\/einsaetze\/h0-auslaufende-betriebsstoffe-nach-vu-2\"><div class=\"annotation-icon-bar\"><i class=\"fa-solid fa-camera\" aria-hidden=\"true\" title=\"Bericht enth\u00e4lt keine Bilder\" style=\"color: #bbbbbb;\"><\/i><\/div><span class=\"einsatz-number\"><strong>Nummer:<\/strong> 053\/2024<\/span><br><span class=\"einsatz-date\"><strong>Datum:<\/strong> 05.04.2024<\/span><br><span class=\"einsatz-time\"><strong>Uhrzeit:<\/strong> 12:32<\/span><br><span class=\"einsatz-title\"><strong>Einsatzmeldung:<\/strong> <a href=\"https:\/\/www.ff-sarstedt.de\/stadt\/archive\/einsaetze\/h0-auslaufende-betriebsstoffe-nach-vu-2\" rel=\"bookmark\">H0 \u2013 Auslaufende Betriebsstoffe nach VU<\/a><\/span><br><span class=\"einsatz-location\"><strong>Einsatzort:<\/strong> L410 Sarstedt - Giften<\/span><br><span class=\"einsatz-duration\"><strong>Dauer:<\/strong> 2 h<\/span><br><\/td><td class=\"einsatz-column-number\">053\/2024<\/td><td class=\"einsatz-column-date\">05.04.2024<\/td><td class=\"einsatz-column-time\">12:32<\/td><td class=\"einsatz-column-title\"><a href=\"https:\/\/www.ff-sarstedt.de\/stadt\/archive\/einsaetze\/h0-auslaufende-betriebsstoffe-nach-vu-2\" rel=\"bookmark\">H0 \u2013 Auslaufende Betriebsstoffe nach VU<\/a><\/td><td class=\"einsatz-column-location\">L410 Sarstedt - Giften<\/td><td class=\"einsatz-column-duration\">2 h<\/td><td class=\"einsatz-column-annotationImages\"><i class=\"fa-solid fa-camera\" aria-hidden=\"true\" title=\"Bericht enth\u00e4lt keine Bilder\" style=\"color: #bbbbbb;\"><\/i><\/td><\/tr><tr class=\"report\"><td class=\"smallscreen\" colspan=\"7\" data-permalink=\"https:\/\/www.ff-sarstedt.de\/stadt\/archive\/einsaetze\/h0-tueroeffnung-5\"><div class=\"annotation-icon-bar\"><i class=\"fa-solid fa-camera\" aria-hidden=\"true\" title=\"Bericht enth\u00e4lt keine Bilder\" style=\"color: #bbbbbb;\"><\/i><\/div><span class=\"einsatz-number\"><strong>Nummer:<\/strong> 052\/2024<\/span><br><span class=\"einsatz-date\"><strong>Datum:<\/strong> 04.04.2024<\/span><br><span class=\"einsatz-time\"><strong>Uhrzeit:<\/strong> 11:59<\/span><br><span class=\"einsatz-title\"><strong>Einsatzmeldung:<\/strong> <a href=\"https:\/\/www.ff-sarstedt.de\/stadt\/archive\/einsaetze\/h0-tueroeffnung-5\" rel=\"bookmark\">H0 \u2013 T\u00fcr\u00f6ffnung<\/a><\/span><br><span class=\"einsatz-location\"><strong>Einsatzort:<\/strong> Bunzlauer Weg<\/span><br><span class=\"einsatz-duration\"><strong>Dauer:<\/strong> 40 min<\/span><br><\/td><td class=\"einsatz-column-number\">052\/2024<\/td><td class=\"einsatz-column-date\">04.04.2024<\/td><td class=\"einsatz-column-time\">11:59<\/td><td class=\"einsatz-column-title\"><a href=\"https:\/\/www.ff-sarstedt.de\/stadt\/archive\/einsaetze\/h0-tueroeffnung-5\" rel=\"bookmark\">H0 \u2013 T\u00fcr\u00f6ffnung<\/a><\/td><td class=\"einsatz-column-location\">Bunzlauer Weg<\/td><td class=\"einsatz-column-duration\">40 min<\/td><td class=\"einsatz-column-annotationImages\"><i class=\"fa-solid fa-camera\" aria-hidden=\"true\" title=\"Bericht enth\u00e4lt keine Bilder\" style=\"color: #bbbbbb;\"><\/i><\/td><\/tr><tr class=\"report\"><td class=\"smallscreen\" colspan=\"7\" data-permalink=\"https:\/\/www.ff-sarstedt.de\/stadt\/archive\/einsaetze\/b1-ausgeloeste-brandmeldeanlage-bma-11\"><div class=\"annotation-icon-bar\"><i class=\"fa-solid fa-camera\" aria-hidden=\"true\" title=\"Bericht enth\u00e4lt keine Bilder\" style=\"color: #bbbbbb;\"><\/i><\/div><span class=\"einsatz-number\"><strong>Nummer:<\/strong> 051\/2024<\/span><br><span class=\"einsatz-date\"><strong>Datum:<\/strong> 03.04.2024<\/span><br><span class=\"einsatz-time\"><strong>Uhrzeit:<\/strong> 06:28<\/span><br><span class=\"einsatz-title\"><strong>Einsatzmeldung:<\/strong> <a href=\"https:\/\/www.ff-sarstedt.de\/stadt\/archive\/einsaetze\/b1-ausgeloeste-brandmeldeanlage-bma-11\" rel=\"bookmark\">B1 \u2013 Ausgel\u00f6ste Brandmeldeanlage (BMA)<\/a><\/span><br><span class=\"einsatz-location\"><strong>Einsatzort:<\/strong> Am Teinkamp<\/span><br><span class=\"einsatz-duration\"><strong>Dauer:<\/strong> 1 h<\/span><br><\/td><td class=\"einsatz-column-number\">051\/2024<\/td><td class=\"einsatz-column-date\">03.04.2024<\/td><td class=\"einsatz-column-time\">06:28<\/td><td class=\"einsatz-column-title\"><a href=\"https:\/\/www.ff-sarstedt.de\/stadt\/archive\/einsaetze\/b1-ausgeloeste-brandmeldeanlage-bma-11\" rel=\"bookmark\">B1 \u2013 Ausgel\u00f6ste Brandmeldeanlage (BMA)<\/a><\/td><td class=\"einsatz-column-location\">Am Teinkamp<\/td><td class=\"einsatz-column-duration\">1 h<\/td><td class=\"einsatz-column-annotationImages\"><i class=\"fa-solid fa-camera\" aria-hidden=\"true\" title=\"Bericht enth\u00e4lt keine Bilder\" style=\"color: #bbbbbb;\"><\/i><\/td><\/tr><tr class=\"report\"><td class=\"smallscreen\" colspan=\"7\" data-permalink=\"https:\/\/www.ff-sarstedt.de\/stadt\/archive\/einsaetze\/b1-ausgeloeste-brandmeldeanlage-bma-10\"><div class=\"annotation-icon-bar\"><i class=\"fa-solid fa-camera\" aria-hidden=\"true\" title=\"Bericht enth\u00e4lt keine Bilder\" style=\"color: #bbbbbb;\"><\/i><\/div><span class=\"einsatz-number\"><strong>Nummer:<\/strong> 050\/2024<\/span><br><span class=\"einsatz-date\"><strong>Datum:<\/strong> 03.04.2024<\/span><br><span class=\"einsatz-time\"><strong>Uhrzeit:<\/strong> 04:47<\/span><br><span class=\"einsatz-title\"><strong>Einsatzmeldung:<\/strong> <a href=\"https:\/\/www.ff-sarstedt.de\/stadt\/archive\/einsaetze\/b1-ausgeloeste-brandmeldeanlage-bma-10\" rel=\"bookmark\">B1 \u2013 Ausgel\u00f6ste Brandmeldeanlage (BMA)<\/a><\/span><br><span class=\"einsatz-location\"><strong>Einsatzort:<\/strong> Vor der Kirche<\/span><br><span class=\"einsatz-duration\"><strong>Dauer:<\/strong> 1 h<\/span><br><\/td><td class=\"einsatz-column-number\">050\/2024<\/td><td class=\"einsatz-column-date\">03.04.2024<\/td><td class=\"einsatz-column-time\">04:47<\/td><td class=\"einsatz-column-title\"><a href=\"https:\/\/www.ff-sarstedt.de\/stadt\/archive\/einsaetze\/b1-ausgeloeste-brandmeldeanlage-bma-10\" rel=\"bookmark\">B1 \u2013 Ausgel\u00f6ste Brandmeldeanlage (BMA)<\/a><\/td><td class=\"einsatz-column-location\">Vor der Kirche<\/td><td class=\"einsatz-column-duration\">1 h<\/td><td class=\"einsatz-column-annotationImages\"><i class=\"fa-solid fa-camera\" aria-hidden=\"true\" title=\"Bericht enth\u00e4lt keine Bilder\" style=\"color: #bbbbbb;\"><\/i><\/td><\/tr><tr class=\"report\"><td class=\"smallscreen\" colspan=\"7\" data-permalink=\"https:\/\/www.ff-sarstedt.de\/stadt\/archive\/einsaetze\/b2-brennt-lagerhalle\"><div class=\"annotation-icon-bar\"><i class=\"fa-solid fa-camera\" aria-hidden=\"true\" title=\"Bericht enth\u00e4lt keine Bilder\" style=\"color: #bbbbbb;\"><\/i><\/div><span class=\"einsatz-number\"><strong>Nummer:<\/strong> 049\/2024<\/span><br><span class=\"einsatz-date\"><strong>Datum:<\/strong> 03.04.2024<\/span><br><span class=\"einsatz-time\"><strong>Uhrzeit:<\/strong> 02:47<\/span><br><span class=\"einsatz-title\"><strong>Einsatzmeldung:<\/strong> <a href=\"https:\/\/www.ff-sarstedt.de\/stadt\/archive\/einsaetze\/b2-brennt-lagerhalle\" rel=\"bookmark\">B2 &#8211; Brennt Lagerhalle<\/a><\/span><br><span class=\"einsatz-location\"><strong>Einsatzort:<\/strong> Ahrbergen<\/span><br><span class=\"einsatz-duration\"><strong>Dauer:<\/strong> 2 h<\/span><br><\/td><td class=\"einsatz-column-number\">049\/2024<\/td><td class=\"einsatz-column-date\">03.04.2024<\/td><td class=\"einsatz-column-time\">02:47<\/td><td class=\"einsatz-column-title\"><a href=\"https:\/\/www.ff-sarstedt.de\/stadt\/archive\/einsaetze\/b2-brennt-lagerhalle\" rel=\"bookmark\">B2 &#8211; Brennt Lagerhalle<\/a><\/td><td class=\"einsatz-column-location\">Ahrbergen<\/td><td class=\"einsatz-column-duration\">2 h<\/td><td class=\"einsatz-column-annotationImages\"><i class=\"fa-solid fa-camera\" aria-hidden=\"true\" title=\"Bericht enth\u00e4lt keine Bilder\" style=\"color: #bbbbbb;\"><\/i><\/td><\/tr><tr class=\"einsatz-title-month\"><td colspan=\"7\">M\u00e4rz<\/td><\/tr><tr class=\"einsatz-header\"><th style=\"white-space: nowrap;\">Nummer<\/th><th style=\"white-space: nowrap;\">Datum<\/th><th style=\"white-space: nowrap;\">Uhrzeit<\/th><th style=\"\">Einsatzmeldung<\/th><th style=\"\">Einsatzort<\/th><th style=\"white-space: nowrap;\">Dauer<\/th><th style=\"\"><\/th><\/tr><tr class=\"report\"><td class=\"smallscreen\" colspan=\"7\" data-permalink=\"https:\/\/www.ff-sarstedt.de\/stadt\/archive\/einsaetze\/b1-ausgeloeste-brandmeldeanlage-bma-9\"><div class=\"annotation-icon-bar\"><i class=\"fa-solid fa-camera\" aria-hidden=\"true\" title=\"Bericht enth\u00e4lt keine Bilder\" style=\"color: #bbbbbb;\"><\/i><\/div><span class=\"einsatz-number\"><strong>Nummer:<\/strong> 048\/2024<\/span><br><span class=\"einsatz-date\"><strong>Datum:<\/strong> 31.03.2024<\/span><br><span class=\"einsatz-time\"><strong>Uhrzeit:<\/strong> 23:40<\/span><br><span class=\"einsatz-title\"><strong>Einsatzmeldung:<\/strong> <a href=\"https:\/\/www.ff-sarstedt.de\/stadt\/archive\/einsaetze\/b1-ausgeloeste-brandmeldeanlage-bma-9\" rel=\"bookmark\">B1 \u2013 Ausgel\u00f6ste Brandmeldeanlage (BMA)<\/a><\/span><br><span class=\"einsatz-location\"><strong>Einsatzort:<\/strong> Am Teinkamp<\/span><br><span class=\"einsatz-duration\"><strong>Dauer:<\/strong> 1 h<\/span><br><\/td><td class=\"einsatz-column-number\">048\/2024<\/td><td class=\"einsatz-column-date\">31.03.2024<\/td><td class=\"einsatz-column-time\">23:40<\/td><td class=\"einsatz-column-title\"><a href=\"https:\/\/www.ff-sarstedt.de\/stadt\/archive\/einsaetze\/b1-ausgeloeste-brandmeldeanlage-bma-9\" rel=\"bookmark\">B1 \u2013 Ausgel\u00f6ste Brandmeldeanlage (BMA)<\/a><\/td><td class=\"einsatz-column-location\">Am Teinkamp<\/td><td class=\"einsatz-column-duration\">1 h<\/td><td class=\"einsatz-column-annotationImages\"><i class=\"fa-solid fa-camera\" aria-hidden=\"true\" title=\"Bericht enth\u00e4lt keine Bilder\" style=\"color: #bbbbbb;\"><\/i><\/td><\/tr><tr class=\"report\"><td class=\"smallscreen\" colspan=\"7\" data-permalink=\"https:\/\/www.ff-sarstedt.de\/stadt\/archive\/einsaetze\/b1-ausgeloester-heimrauchmelder-3\"><div class=\"annotation-icon-bar\"><i class=\"fa-solid fa-camera\" aria-hidden=\"true\" title=\"Bericht enth\u00e4lt keine Bilder\" style=\"color: #bbbbbb;\"><\/i><\/div><span class=\"einsatz-number\"><strong>Nummer:<\/strong> 047\/2024<\/span><br><span class=\"einsatz-date\"><strong>Datum:<\/strong> 28.03.2024<\/span><br><span class=\"einsatz-time\"><strong>Uhrzeit:<\/strong> 13:24<\/span><br><span class=\"einsatz-title\"><strong>Einsatzmeldung:<\/strong> <a href=\"https:\/\/www.ff-sarstedt.de\/stadt\/archive\/einsaetze\/b1-ausgeloester-heimrauchmelder-3\" rel=\"bookmark\">B1 \u2013 Ausgel\u00f6ster Heimrauchmelder<\/a><\/span><br><span class=\"einsatz-location\"><strong>Einsatzort:<\/strong> Richard-Strauss-Str.<\/span><br><span class=\"einsatz-duration\"><strong>Dauer:<\/strong> 30 min<\/span><br><\/td><td class=\"einsatz-column-number\">047\/2024<\/td><td class=\"einsatz-column-date\">28.03.2024<\/td><td class=\"einsatz-column-time\">13:24<\/td><td class=\"einsatz-column-title\"><a href=\"https:\/\/www.ff-sarstedt.de\/stadt\/archive\/einsaetze\/b1-ausgeloester-heimrauchmelder-3\" rel=\"bookmark\">B1 \u2013 Ausgel\u00f6ster Heimrauchmelder<\/a><\/td><td class=\"einsatz-column-location\">Richard-Strauss-Str.<\/td><td class=\"einsatz-column-duration\">30 min<\/td><td class=\"einsatz-column-annotationImages\"><i class=\"fa-solid fa-camera\" aria-hidden=\"true\" title=\"Bericht enth\u00e4lt keine Bilder\" style=\"color: #bbbbbb;\"><\/i><\/td><\/tr><tr class=\"report\"><td class=\"smallscreen\" colspan=\"7\" data-permalink=\"https:\/\/www.ff-sarstedt.de\/stadt\/archive\/einsaetze\/b1-ausgeloeste-brandmeldeanlage-bma-7\"><div class=\"annotation-icon-bar\"><i class=\"fa-solid fa-camera\" aria-hidden=\"true\" title=\"Bericht enth\u00e4lt keine Bilder\" style=\"color: #bbbbbb;\"><\/i><\/div><span class=\"einsatz-number\"><strong>Nummer:<\/strong> 046\/2024<\/span><br><span class=\"einsatz-date\"><strong>Datum:<\/strong> 27.03.2024<\/span><br><span class=\"einsatz-time\"><strong>Uhrzeit:<\/strong> 02:00<\/span><br><span class=\"einsatz-title\"><strong>Einsatzmeldung:<\/strong> <a href=\"https:\/\/www.ff-sarstedt.de\/stadt\/archive\/einsaetze\/b1-ausgeloeste-brandmeldeanlage-bma-7\" rel=\"bookmark\">B1 \u2013 Ausgel\u00f6ste Brandmeldeanlage (BMA)<\/a><\/span><br><span class=\"einsatz-location\"><strong>Einsatzort:<\/strong> Am Teinkamp<\/span><br><span class=\"einsatz-duration\"><strong>Dauer:<\/strong> 45 min<\/span><br><\/td><td class=\"einsatz-column-number\">046\/2024<\/td><td class=\"einsatz-column-date\">27.03.2024<\/td><td class=\"einsatz-column-time\">02:00<\/td><td class=\"einsatz-column-title\"><a href=\"https:\/\/www.ff-sarstedt.de\/stadt\/archive\/einsaetze\/b1-ausgeloeste-brandmeldeanlage-bma-7\" rel=\"bookmark\">B1 \u2013 Ausgel\u00f6ste Brandmeldeanlage (BMA)<\/a><\/td><td class=\"einsatz-column-location\">Am Teinkamp<\/td><td class=\"einsatz-column-duration\">45 min<\/td><td class=\"einsatz-column-annotationImages\"><i class=\"fa-solid fa-camera\" aria-hidden=\"true\" title=\"Bericht enth\u00e4lt keine Bilder\" style=\"color: #bbbbbb;\"><\/i><\/td><\/tr><tr class=\"report\"><td class=\"smallscreen\" colspan=\"7\" data-permalink=\"https:\/\/www.ff-sarstedt.de\/stadt\/archive\/einsaetze\/r1-first-responder\"><div class=\"annotation-icon-bar\"><i class=\"fa-solid fa-camera\" aria-hidden=\"true\" title=\"Bericht enth\u00e4lt keine Bilder\" style=\"color: #bbbbbb;\"><\/i><\/div><span class=\"einsatz-number\"><strong>Nummer:<\/strong> 045\/2024<\/span><br><span class=\"einsatz-date\"><strong>Datum:<\/strong> 24.03.2024<\/span><br><span class=\"einsatz-time\"><strong>Uhrzeit:<\/strong> 16:00<\/span><br><span class=\"einsatz-title\"><strong>Einsatzmeldung:<\/strong> <a href=\"https:\/\/www.ff-sarstedt.de\/stadt\/archive\/einsaetze\/r1-first-responder\" rel=\"bookmark\">R1 &#8211; First Responder<\/a><\/span><br><span class=\"einsatz-location\"><strong>Einsatzort:<\/strong> Voss-Str.<\/span><br><span class=\"einsatz-duration\"><strong>Dauer:<\/strong> 30 min<\/span><br><\/td><td class=\"einsatz-column-number\">045\/2024<\/td><td class=\"einsatz-column-date\">24.03.2024<\/td><td class=\"einsatz-column-time\">16:00<\/td><td class=\"einsatz-column-title\"><a href=\"https:\/\/www.ff-sarstedt.de\/stadt\/archive\/einsaetze\/r1-first-responder\" rel=\"bookmark\">R1 &#8211; First Responder<\/a><\/td><td class=\"einsatz-column-location\">Voss-Str.<\/td><td class=\"einsatz-column-duration\">30 min<\/td><td class=\"einsatz-column-annotationImages\"><i class=\"fa-solid fa-camera\" aria-hidden=\"true\" title=\"Bericht enth\u00e4lt keine Bilder\" style=\"color: #bbbbbb;\"><\/i><\/td><\/tr><tr class=\"report\"><td class=\"smallscreen\" colspan=\"7\" data-permalink=\"https:\/\/www.ff-sarstedt.de\/stadt\/archive\/einsaetze\/ff-sarstedt-b1-ausgeloester-heimrauchmelder-17\"><div class=\"annotation-icon-bar\"><i class=\"fa-solid fa-camera\" aria-hidden=\"true\" title=\"Bericht enth\u00e4lt keine Bilder\" style=\"color: #bbbbbb;\"><\/i><\/div><span class=\"einsatz-number\"><strong>Nummer:<\/strong> 044\/2024<\/span><br><span class=\"einsatz-date\"><strong>Datum:<\/strong> 24.03.2024<\/span><br><span class=\"einsatz-time\"><strong>Uhrzeit:<\/strong> 15:19<\/span><br><span class=\"einsatz-title\"><strong>Einsatzmeldung:<\/strong> <a href=\"https:\/\/www.ff-sarstedt.de\/stadt\/archive\/einsaetze\/ff-sarstedt-b1-ausgeloester-heimrauchmelder-17\" rel=\"bookmark\">B1 \u2013 Ausgel\u00f6ster Heimrauchmelder<\/a><\/span><br><span class=\"einsatz-location\"><strong>Einsatzort:<\/strong> Voss-Str.<\/span><br><span class=\"einsatz-duration\"><strong>Dauer:<\/strong> 1 h<\/span><br><\/td><td class=\"einsatz-column-number\">044\/2024<\/td><td class=\"einsatz-column-date\">24.03.2024<\/td><td class=\"einsatz-column-time\">15:19<\/td><td class=\"einsatz-column-title\"><a href=\"https:\/\/www.ff-sarstedt.de\/stadt\/archive\/einsaetze\/ff-sarstedt-b1-ausgeloester-heimrauchmelder-17\" rel=\"bookmark\">B1 \u2013 Ausgel\u00f6ster Heimrauchmelder<\/a><\/td><td class=\"einsatz-column-location\">Voss-Str.<\/td><td class=\"einsatz-column-duration\">1 h<\/td><td class=\"einsatz-column-annotationImages\"><i class=\"fa-solid fa-camera\" aria-hidden=\"true\" title=\"Bericht enth\u00e4lt keine Bilder\" style=\"color: #bbbbbb;\"><\/i><\/td><\/tr><tr class=\"report\"><td class=\"smallscreen\" colspan=\"7\" data-permalink=\"https:\/\/www.ff-sarstedt.de\/stadt\/archive\/einsaetze\/b-siwa-bransicherheitswache\"><div class=\"annotation-icon-bar\"><i class=\"fa-solid fa-camera\" aria-hidden=\"true\" title=\"Bericht enth\u00e4lt keine Bilder\" style=\"color: #bbbbbb;\"><\/i><\/div><span class=\"einsatz-number\"><strong>Nummer:<\/strong> 043\/2024<\/span><br><span class=\"einsatz-date\"><strong>Datum:<\/strong> 14.03.2024<\/span><br><span class=\"einsatz-time\"><strong>Uhrzeit:<\/strong> 16:30<\/span><br><span class=\"einsatz-title\"><strong>Einsatzmeldung:<\/strong> <a href=\"https:\/\/www.ff-sarstedt.de\/stadt\/archive\/einsaetze\/b-siwa-bransicherheitswache\" rel=\"bookmark\">B SiWa &#8211; Bransicherheitswache<\/a><\/span><br><span class=\"einsatz-location\"><strong>Einsatzort:<\/strong> Gymnasium Sarstedt<\/span><br><span class=\"einsatz-duration\"><strong>Dauer:<\/strong> 4 h 30 min<\/span><br><\/td><td class=\"einsatz-column-number\">043\/2024<\/td><td class=\"einsatz-column-date\">14.03.2024<\/td><td class=\"einsatz-column-time\">16:30<\/td><td class=\"einsatz-column-title\"><a href=\"https:\/\/www.ff-sarstedt.de\/stadt\/archive\/einsaetze\/b-siwa-bransicherheitswache\" rel=\"bookmark\">B SiWa &#8211; Bransicherheitswache<\/a><\/td><td class=\"einsatz-column-location\">Gymnasium Sarstedt<\/td><td class=\"einsatz-column-duration\">4 h 30 min<\/td><td class=\"einsatz-column-annotationImages\"><i class=\"fa-solid fa-camera\" aria-hidden=\"true\" title=\"Bericht enth\u00e4lt keine Bilder\" style=\"color: #bbbbbb;\"><\/i><\/td><\/tr><tr class=\"report\"><td class=\"smallscreen\" colspan=\"7\" data-permalink=\"https:\/\/www.ff-sarstedt.de\/stadt\/archive\/einsaetze\/b1-ausgeloeste-brandmeldeanlage-bma-5\"><div class=\"annotation-icon-bar\"><i class=\"fa-solid fa-camera\" aria-hidden=\"true\" title=\"Bericht enth\u00e4lt keine Bilder\" style=\"color: #bbbbbb;\"><\/i><\/div><span class=\"einsatz-number\"><strong>Nummer:<\/strong> 042\/2024<\/span><br><span class=\"einsatz-date\"><strong>Datum:<\/strong> 14.03.2024<\/span><br><span class=\"einsatz-time\"><strong>Uhrzeit:<\/strong> 09:23<\/span><br><span class=\"einsatz-title\"><strong>Einsatzmeldung:<\/strong> <a href=\"https:\/\/www.ff-sarstedt.de\/stadt\/archive\/einsaetze\/b1-ausgeloeste-brandmeldeanlage-bma-5\" rel=\"bookmark\">B1 \u2013 Ausgel\u00f6ste Brandmeldeanlage (BMA)<\/a><\/span><br><span class=\"einsatz-location\"><strong>Einsatzort:<\/strong> Voss-Str.<\/span><br><span class=\"einsatz-duration\"><strong>Dauer:<\/strong> 27 min<\/span><br><\/td><td class=\"einsatz-column-number\">042\/2024<\/td><td class=\"einsatz-column-date\">14.03.2024<\/td><td class=\"einsatz-column-time\">09:23<\/td><td class=\"einsatz-column-title\"><a href=\"https:\/\/www.ff-sarstedt.de\/stadt\/archive\/einsaetze\/b1-ausgeloeste-brandmeldeanlage-bma-5\" rel=\"bookmark\">B1 \u2013 Ausgel\u00f6ste Brandmeldeanlage (BMA)<\/a><\/td><td class=\"einsatz-column-location\">Voss-Str.<\/td><td class=\"einsatz-column-duration\">27 min<\/td><td class=\"einsatz-column-annotationImages\"><i class=\"fa-solid fa-camera\" aria-hidden=\"true\" title=\"Bericht enth\u00e4lt keine Bilder\" style=\"color: #bbbbbb;\"><\/i><\/td><\/tr><tr class=\"report\"><td class=\"smallscreen\" colspan=\"7\" data-permalink=\"https:\/\/www.ff-sarstedt.de\/stadt\/archive\/einsaetze\/h0-oelspur-11\"><div class=\"annotation-icon-bar\"><i class=\"fa-solid fa-camera\" aria-hidden=\"true\" title=\"Bericht enth\u00e4lt keine Bilder\" style=\"color: #bbbbbb;\"><\/i><\/div><span class=\"einsatz-number\"><strong>Nummer:<\/strong> 041\/2024<\/span><br><span class=\"einsatz-date\"><strong>Datum:<\/strong> 13.03.2024<\/span><br><span class=\"einsatz-time\"><strong>Uhrzeit:<\/strong> 18:42<\/span><br><span class=\"einsatz-title\"><strong>Einsatzmeldung:<\/strong> <a href=\"https:\/\/www.ff-sarstedt.de\/stadt\/archive\/einsaetze\/h0-oelspur-11\" rel=\"bookmark\">H0 \u2013 \u00d6lspur<\/a><\/span><br><span class=\"einsatz-location\"><strong>Einsatzort:<\/strong> Gluckweg<\/span><br><span class=\"einsatz-duration\"><strong>Dauer:<\/strong> 30 min<\/span><br><\/td><td class=\"einsatz-column-number\">041\/2024<\/td><td class=\"einsatz-column-date\">13.03.2024<\/td><td class=\"einsatz-column-time\">18:42<\/td><td class=\"einsatz-column-title\"><a href=\"https:\/\/www.ff-sarstedt.de\/stadt\/archive\/einsaetze\/h0-oelspur-11\" rel=\"bookmark\">H0 \u2013 \u00d6lspur<\/a><\/td><td class=\"einsatz-column-location\">Gluckweg<\/td><td class=\"einsatz-column-duration\">30 min<\/td><td class=\"einsatz-column-annotationImages\"><i class=\"fa-solid fa-camera\" aria-hidden=\"true\" title=\"Bericht enth\u00e4lt keine Bilder\" style=\"color: #bbbbbb;\"><\/i><\/td><\/tr><tr class=\"report\"><td class=\"smallscreen\" colspan=\"7\" data-permalink=\"https:\/\/www.ff-sarstedt.de\/stadt\/archive\/einsaetze\/b1-ausgeloeste-brandmeldeanlage-bma-6\"><div class=\"annotation-icon-bar\"><i class=\"fa-solid fa-camera\" aria-hidden=\"true\" title=\"Bericht enth\u00e4lt keine Bilder\" style=\"color: #bbbbbb;\"><\/i><\/div><span class=\"einsatz-number\"><strong>Nummer:<\/strong> 040\/2024<\/span><br><span class=\"einsatz-date\"><strong>Datum:<\/strong> 13.03.2024<\/span><br><span class=\"einsatz-time\"><strong>Uhrzeit:<\/strong> 15:03<\/span><br><span class=\"einsatz-title\"><strong>Einsatzmeldung:<\/strong> <a href=\"https:\/\/www.ff-sarstedt.de\/stadt\/archive\/einsaetze\/b1-ausgeloeste-brandmeldeanlage-bma-6\" rel=\"bookmark\">B1 \u2013 Ausgel\u00f6ste Brandmeldeanlage (BMA)<\/a><\/span><br><span class=\"einsatz-location\"><strong>Einsatzort:<\/strong> Am Teinkamp<\/span><br><span class=\"einsatz-duration\"><strong>Dauer:<\/strong> 40 min<\/span><br><\/td><td class=\"einsatz-column-number\">040\/2024<\/td><td class=\"einsatz-column-date\">13.03.2024<\/td><td class=\"einsatz-column-time\">15:03<\/td><td class=\"einsatz-column-title\"><a href=\"https:\/\/www.ff-sarstedt.de\/stadt\/archive\/einsaetze\/b1-ausgeloeste-brandmeldeanlage-bma-6\" rel=\"bookmark\">B1 \u2013 Ausgel\u00f6ste Brandmeldeanlage (BMA)<\/a><\/td><td class=\"einsatz-column-location\">Am Teinkamp<\/td><td class=\"einsatz-column-duration\">40 min<\/td><td class=\"einsatz-column-annotationImages\"><i class=\"fa-solid fa-camera\" aria-hidden=\"true\" title=\"Bericht enth\u00e4lt keine Bilder\" style=\"color: #bbbbbb;\"><\/i><\/td><\/tr><tr class=\"report\"><td class=\"smallscreen\" colspan=\"7\" data-permalink=\"https:\/\/www.ff-sarstedt.de\/stadt\/archive\/einsaetze\/h0-amtshilfe-4\"><div class=\"annotation-icon-bar\"><i class=\"fa-solid fa-camera\" aria-hidden=\"true\" title=\"Bericht enth\u00e4lt keine Bilder\" style=\"color: #bbbbbb;\"><\/i><\/div><span class=\"einsatz-number\"><strong>Nummer:<\/strong> 039\/2024<\/span><br><span class=\"einsatz-date\"><strong>Datum:<\/strong> 12.03.2024<\/span><br><span class=\"einsatz-time\"><strong>Uhrzeit:<\/strong> 13:45<\/span><br><span class=\"einsatz-title\"><strong>Einsatzmeldung:<\/strong> <a href=\"https:\/\/www.ff-sarstedt.de\/stadt\/archive\/einsaetze\/h0-amtshilfe-4\" rel=\"bookmark\">H0 &#8211; Amtshilfe<\/a><\/span><br><span class=\"einsatz-location\"><strong>Einsatzort:<\/strong> Ruthe<\/span><br><span class=\"einsatz-duration\"><strong>Dauer:<\/strong> 3 h 15 min<\/span><br><\/td><td class=\"einsatz-column-number\">039\/2024<\/td><td class=\"einsatz-column-date\">12.03.2024<\/td><td class=\"einsatz-column-time\">13:45<\/td><td class=\"einsatz-column-title\"><a href=\"https:\/\/www.ff-sarstedt.de\/stadt\/archive\/einsaetze\/h0-amtshilfe-4\" rel=\"bookmark\">H0 &#8211; Amtshilfe<\/a><\/td><td class=\"einsatz-column-location\">Ruthe<\/td><td class=\"einsatz-column-duration\">3 h 15 min<\/td><td class=\"einsatz-column-annotationImages\"><i class=\"fa-solid fa-camera\" aria-hidden=\"true\" title=\"Bericht enth\u00e4lt keine Bilder\" style=\"color: #bbbbbb;\"><\/i><\/td><\/tr><tr class=\"report\"><td class=\"smallscreen\" colspan=\"7\" data-permalink=\"https:\/\/www.ff-sarstedt.de\/stadt\/archive\/einsaetze\/h0-tueroeffnung-4\"><div class=\"annotation-icon-bar\"><i class=\"fa-solid fa-camera\" aria-hidden=\"true\" title=\"Bericht enth\u00e4lt keine Bilder\" style=\"color: #bbbbbb;\"><\/i><\/div><span class=\"einsatz-number\"><strong>Nummer:<\/strong> 038\/2024<\/span><br><span class=\"einsatz-date\"><strong>Datum:<\/strong> 06.03.2024<\/span><br><span class=\"einsatz-time\"><strong>Uhrzeit:<\/strong> 18:10<\/span><br><span class=\"einsatz-title\"><strong>Einsatzmeldung:<\/strong> <a href=\"https:\/\/www.ff-sarstedt.de\/stadt\/archive\/einsaetze\/h0-tueroeffnung-4\" rel=\"bookmark\">H0 &#8211; T\u00fcr\u00f6ffnung<\/a><\/span><br><span class=\"einsatz-location\"><strong>Einsatzort:<\/strong> Wiesenstr.<\/span><br><span class=\"einsatz-duration\"><strong>Dauer:<\/strong> 30 min<\/span><br><\/td><td class=\"einsatz-column-number\">038\/2024<\/td><td class=\"einsatz-column-date\">06.03.2024<\/td><td class=\"einsatz-column-time\">18:10<\/td><td class=\"einsatz-column-title\"><a href=\"https:\/\/www.ff-sarstedt.de\/stadt\/archive\/einsaetze\/h0-tueroeffnung-4\" rel=\"bookmark\">H0 &#8211; T\u00fcr\u00f6ffnung<\/a><\/td><td class=\"einsatz-column-location\">Wiesenstr.<\/td><td class=\"einsatz-column-duration\">30 min<\/td><td class=\"einsatz-column-annotationImages\"><i class=\"fa-solid fa-camera\" aria-hidden=\"true\" title=\"Bericht enth\u00e4lt keine Bilder\" style=\"color: #bbbbbb;\"><\/i><\/td><\/tr><tr class=\"report\"><td class=\"smallscreen\" colspan=\"7\" data-permalink=\"https:\/\/www.ff-sarstedt.de\/stadt\/archive\/einsaetze\/b0-containerbrand-2\"><div class=\"annotation-icon-bar\"><i class=\"fa-solid fa-camera\" aria-hidden=\"true\" title=\"Bericht enth\u00e4lt keine Bilder\" style=\"color: #bbbbbb;\"><\/i><\/div><span class=\"einsatz-number\"><strong>Nummer:<\/strong> 037\/2024<\/span><br><span class=\"einsatz-date\"><strong>Datum:<\/strong> 04.03.2024<\/span><br><span class=\"einsatz-time\"><strong>Uhrzeit:<\/strong> 19:23<\/span><br><span class=\"einsatz-title\"><strong>Einsatzmeldung:<\/strong> <a href=\"https:\/\/www.ff-sarstedt.de\/stadt\/archive\/einsaetze\/b0-containerbrand-2\" rel=\"bookmark\">B0 &#8211; Containerbrand<\/a><\/span><br><span class=\"einsatz-location\"><strong>Einsatzort:<\/strong> Wenderter Str.<\/span><br><span class=\"einsatz-duration\"><strong>Dauer:<\/strong> 1 h<\/span><br><\/td><td class=\"einsatz-column-number\">037\/2024<\/td><td class=\"einsatz-column-date\">04.03.2024<\/td><td class=\"einsatz-column-time\">19:23<\/td><td class=\"einsatz-column-title\"><a href=\"https:\/\/www.ff-sarstedt.de\/stadt\/archive\/einsaetze\/b0-containerbrand-2\" rel=\"bookmark\">B0 &#8211; Containerbrand<\/a><\/td><td class=\"einsatz-column-location\">Wenderter Str.<\/td><td class=\"einsatz-column-duration\">1 h<\/td><td class=\"einsatz-column-annotationImages\"><i class=\"fa-solid fa-camera\" aria-hidden=\"true\" title=\"Bericht enth\u00e4lt keine Bilder\" style=\"color: #bbbbbb;\"><\/i><\/td><\/tr><tr class=\"report\"><td class=\"smallscreen\" colspan=\"7\" data-permalink=\"https:\/\/www.ff-sarstedt.de\/stadt\/archive\/einsaetze\/b1-unklarer-co-austritt\"><div class=\"annotation-icon-bar\"><i class=\"fa-solid fa-camera\" aria-hidden=\"true\" title=\"Bericht enth\u00e4lt keine Bilder\" style=\"color: #bbbbbb;\"><\/i><\/div><span class=\"einsatz-number\"><strong>Nummer:<\/strong> 036\/2024<\/span><br><span class=\"einsatz-date\"><strong>Datum:<\/strong> 04.03.2024<\/span><br><span class=\"einsatz-time\"><strong>Uhrzeit:<\/strong> 18:06<\/span><br><span class=\"einsatz-title\"><strong>Einsatzmeldung:<\/strong> <a href=\"https:\/\/www.ff-sarstedt.de\/stadt\/archive\/einsaetze\/b1-unklarer-co-austritt\" rel=\"bookmark\">B1 &#8211; unklarer CO Austritt<\/a><\/span><br><span class=\"einsatz-location\"><strong>Einsatzort:<\/strong> Giebelstiegstra\u00dfe<\/span><br><span class=\"einsatz-duration\"><strong>Dauer:<\/strong> 30 min<\/span><br><\/td><td class=\"einsatz-column-number\">036\/2024<\/td><td class=\"einsatz-column-date\">04.03.2024<\/td><td class=\"einsatz-column-time\">18:06<\/td><td class=\"einsatz-column-title\"><a href=\"https:\/\/www.ff-sarstedt.de\/stadt\/archive\/einsaetze\/b1-unklarer-co-austritt\" rel=\"bookmark\">B1 &#8211; unklarer CO Austritt<\/a><\/td><td class=\"einsatz-column-location\">Giebelstiegstra\u00dfe<\/td><td class=\"einsatz-column-duration\">30 min<\/td><td class=\"einsatz-column-annotationImages\"><i class=\"fa-solid fa-camera\" aria-hidden=\"true\" title=\"Bericht enth\u00e4lt keine Bilder\" style=\"color: #bbbbbb;\"><\/i><\/td><\/tr><tr class=\"report\"><td class=\"smallscreen\" colspan=\"7\" data-permalink=\"https:\/\/www.ff-sarstedt.de\/stadt\/archive\/einsaetze\/h0-tragehilfe-rettungsdienst-mit-dlk\"><div class=\"annotation-icon-bar\"><i class=\"fa-solid fa-camera\" aria-hidden=\"true\" title=\"Bericht enth\u00e4lt keine Bilder\" style=\"color: #bbbbbb;\"><\/i><\/div><span class=\"einsatz-number\"><strong>Nummer:<\/strong> 035\/2024<\/span><br><span class=\"einsatz-date\"><strong>Datum:<\/strong> 03.03.2024<\/span><br><span class=\"einsatz-time\"><strong>Uhrzeit:<\/strong> 17:36<\/span><br><span class=\"einsatz-title\"><strong>Einsatzmeldung:<\/strong> <a href=\"https:\/\/www.ff-sarstedt.de\/stadt\/archive\/einsaetze\/h0-tragehilfe-rettungsdienst-mit-dlk\" rel=\"bookmark\">H0 &#8211; Tragehilfe Rettungsdienst mit DLK<\/a><\/span><br><span class=\"einsatz-location\"><strong>Einsatzort:<\/strong> Heisede, Masurenweg<\/span><br><span class=\"einsatz-duration\"><strong>Dauer:<\/strong> 1 h<\/span><br><\/td><td class=\"einsatz-column-number\">035\/2024<\/td><td class=\"einsatz-column-date\">03.03.2024<\/td><td class=\"einsatz-column-time\">17:36<\/td><td class=\"einsatz-column-title\"><a href=\"https:\/\/www.ff-sarstedt.de\/stadt\/archive\/einsaetze\/h0-tragehilfe-rettungsdienst-mit-dlk\" rel=\"bookmark\">H0 &#8211; Tragehilfe Rettungsdienst mit DLK<\/a><\/td><td class=\"einsatz-column-location\">Heisede, Masurenweg<\/td><td class=\"einsatz-column-duration\">1 h<\/td><td class=\"einsatz-column-annotationImages\"><i class=\"fa-solid fa-camera\" aria-hidden=\"true\" title=\"Bericht enth\u00e4lt keine Bilder\" style=\"color: #bbbbbb;\"><\/i><\/td><\/tr><tr class=\"einsatz-title-month\"><td colspan=\"7\">Februar<\/td><\/tr><tr class=\"einsatz-header\"><th style=\"white-space: nowrap;\">Nummer<\/th><th style=\"white-space: nowrap;\">Datum<\/th><th style=\"white-space: nowrap;\">Uhrzeit<\/th><th style=\"\">Einsatzmeldung<\/th><th style=\"\">Einsatzort<\/th><th style=\"white-space: nowrap;\">Dauer<\/th><th style=\"\"><\/th><\/tr><tr class=\"report\"><td class=\"smallscreen\" colspan=\"7\" data-permalink=\"https:\/\/www.ff-sarstedt.de\/stadt\/archive\/einsaetze\/b1-ausgeloeste-brandmeldeanlage-bma-8\"><div class=\"annotation-icon-bar\"><i class=\"fa-solid fa-camera\" aria-hidden=\"true\" title=\"Bericht enth\u00e4lt keine Bilder\" style=\"color: #bbbbbb;\"><\/i><\/div><span class=\"einsatz-number\"><strong>Nummer:<\/strong> 034\/2024<\/span><br><span class=\"einsatz-date\"><strong>Datum:<\/strong> 29.02.2024<\/span><br><span class=\"einsatz-time\"><strong>Uhrzeit:<\/strong> 16:17<\/span><br><span class=\"einsatz-title\"><strong>Einsatzmeldung:<\/strong> <a href=\"https:\/\/www.ff-sarstedt.de\/stadt\/archive\/einsaetze\/b1-ausgeloeste-brandmeldeanlage-bma-8\" rel=\"bookmark\">B1 &#8211; Ausgel\u00f6ste Brandmeldeanlage (BMA)<\/a><\/span><br><span class=\"einsatz-location\"><strong>Einsatzort:<\/strong> Am Teinkamp<\/span><br><span class=\"einsatz-duration\"><strong>Dauer:<\/strong> 40 min<\/span><br><\/td><td class=\"einsatz-column-number\">034\/2024<\/td><td class=\"einsatz-column-date\">29.02.2024<\/td><td class=\"einsatz-column-time\">16:17<\/td><td class=\"einsatz-column-title\"><a href=\"https:\/\/www.ff-sarstedt.de\/stadt\/archive\/einsaetze\/b1-ausgeloeste-brandmeldeanlage-bma-8\" rel=\"bookmark\">B1 &#8211; Ausgel\u00f6ste Brandmeldeanlage (BMA)<\/a><\/td><td class=\"einsatz-column-location\">Am Teinkamp<\/td><td class=\"einsatz-column-duration\">40 min<\/td><td class=\"einsatz-column-annotationImages\"><i class=\"fa-solid fa-camera\" aria-hidden=\"true\" title=\"Bericht enth\u00e4lt keine Bilder\" style=\"color: #bbbbbb;\"><\/i><\/td><\/tr><tr class=\"report\"><td class=\"smallscreen\" colspan=\"7\" data-permalink=\"https:\/\/www.ff-sarstedt.de\/stadt\/archive\/einsaetze\/b1-ausgeloester-heimrauchmelder-2\"><div class=\"annotation-icon-bar\"><i class=\"fa-solid fa-camera\" aria-hidden=\"true\" title=\"Bericht enth\u00e4lt keine Bilder\" style=\"color: #bbbbbb;\"><\/i><\/div><span class=\"einsatz-number\"><strong>Nummer:<\/strong> 033\/2024<\/span><br><span class=\"einsatz-date\"><strong>Datum:<\/strong> 26.02.2024<\/span><br><span class=\"einsatz-time\"><strong>Uhrzeit:<\/strong> 17:12<\/span><br><span class=\"einsatz-title\"><strong>Einsatzmeldung:<\/strong> <a href=\"https:\/\/www.ff-sarstedt.de\/stadt\/archive\/einsaetze\/b1-ausgeloester-heimrauchmelder-2\" rel=\"bookmark\">B1 &#8211; Ausgel\u00f6ster Heimrauchmelder<\/a><\/span><br><span class=\"einsatz-location\"><strong>Einsatzort:<\/strong> Am Bruchgraben<\/span><br><span class=\"einsatz-duration\"><strong>Dauer:<\/strong> 40 min<\/span><br><\/td><td class=\"einsatz-column-number\">033\/2024<\/td><td class=\"einsatz-column-date\">26.02.2024<\/td><td class=\"einsatz-column-time\">17:12<\/td><td class=\"einsatz-column-title\"><a href=\"https:\/\/www.ff-sarstedt.de\/stadt\/archive\/einsaetze\/b1-ausgeloester-heimrauchmelder-2\" rel=\"bookmark\">B1 &#8211; Ausgel\u00f6ster Heimrauchmelder<\/a><\/td><td class=\"einsatz-column-location\">Am Bruchgraben<\/td><td class=\"einsatz-column-duration\">40 min<\/td><td class=\"einsatz-column-annotationImages\"><i class=\"fa-solid fa-camera\" aria-hidden=\"true\" title=\"Bericht enth\u00e4lt keine Bilder\" style=\"color: #bbbbbb;\"><\/i><\/td><\/tr><tr class=\"report\"><td class=\"smallscreen\" colspan=\"7\" data-permalink=\"https:\/\/www.ff-sarstedt.de\/stadt\/archive\/einsaetze\/h2-cbrn-austritt-gefahrstoff\"><div class=\"annotation-icon-bar\"><i class=\"fa-solid fa-camera\" aria-hidden=\"true\" title=\"Bericht enth\u00e4lt keine Bilder\" style=\"color: #bbbbbb;\"><\/i><\/div><span class=\"einsatz-number\"><strong>Nummer:<\/strong> 032\/2024<\/span><br><span class=\"einsatz-date\"><strong>Datum:<\/strong> 24.02.2024<\/span><br><span class=\"einsatz-time\"><strong>Uhrzeit:<\/strong> 15:34<\/span><br><span class=\"einsatz-title\"><strong>Einsatzmeldung:<\/strong> <a href=\"https:\/\/www.ff-sarstedt.de\/stadt\/archive\/einsaetze\/h2-cbrn-austritt-gefahrstoff\" rel=\"bookmark\">H2 CBRN &#8211; Austritt Gefahrstoff<\/a><\/span><br><span class=\"einsatz-location\"><strong>Einsatzort:<\/strong> Am Bruchgrabeen<\/span><br><span class=\"einsatz-duration\"><strong>Dauer:<\/strong> 1 h<\/span><br><\/td><td class=\"einsatz-column-number\">032\/2024<\/td><td class=\"einsatz-column-date\">24.02.2024<\/td><td class=\"einsatz-column-time\">15:34<\/td><td class=\"einsatz-column-title\"><a href=\"https:\/\/www.ff-sarstedt.de\/stadt\/archive\/einsaetze\/h2-cbrn-austritt-gefahrstoff\" rel=\"bookmark\">H2 CBRN &#8211; Austritt Gefahrstoff<\/a><\/td><td class=\"einsatz-column-location\">Am Bruchgrabeen<\/td><td class=\"einsatz-column-duration\">1 h<\/td><td class=\"einsatz-column-annotationImages\"><i class=\"fa-solid fa-camera\" aria-hidden=\"true\" title=\"Bericht enth\u00e4lt keine Bilder\" style=\"color: #bbbbbb;\"><\/i><\/td><\/tr><tr class=\"report\"><td class=\"smallscreen\" colspan=\"7\" data-permalink=\"https:\/\/www.ff-sarstedt.de\/stadt\/archive\/einsaetze\/h0-oelspur-10\"><div class=\"annotation-icon-bar\"><i class=\"fa-solid fa-camera\" aria-hidden=\"true\" title=\"Bericht enth\u00e4lt keine Bilder\" style=\"color: #bbbbbb;\"><\/i><\/div><span class=\"einsatz-number\"><strong>Nummer:<\/strong> 031\/2024<\/span><br><span class=\"einsatz-date\"><strong>Datum:<\/strong> 16.02.2024<\/span><br><span class=\"einsatz-time\"><strong>Uhrzeit:<\/strong> 15:21<\/span><br><span class=\"einsatz-title\"><strong>Einsatzmeldung:<\/strong> <a href=\"https:\/\/www.ff-sarstedt.de\/stadt\/archive\/einsaetze\/h0-oelspur-10\" rel=\"bookmark\">H0 \u2013 \u00d6lspur<\/a><\/span><br><span class=\"einsatz-location\"><strong>Einsatzort:<\/strong> Am Bruchgraben<\/span><br><span class=\"einsatz-duration\"><strong>Dauer:<\/strong> 45 min<\/span><br><\/td><td class=\"einsatz-column-number\">031\/2024<\/td><td class=\"einsatz-column-date\">16.02.2024<\/td><td class=\"einsatz-column-time\">15:21<\/td><td class=\"einsatz-column-title\"><a href=\"https:\/\/www.ff-sarstedt.de\/stadt\/archive\/einsaetze\/h0-oelspur-10\" rel=\"bookmark\">H0 \u2013 \u00d6lspur<\/a><\/td><td class=\"einsatz-column-location\">Am Bruchgraben<\/td><td class=\"einsatz-column-duration\">45 min<\/td><td class=\"einsatz-column-annotationImages\"><i class=\"fa-solid fa-camera\" aria-hidden=\"true\" title=\"Bericht enth\u00e4lt keine Bilder\" style=\"color: #bbbbbb;\"><\/i><\/td><\/tr><tr class=\"report\"><td class=\"smallscreen\" colspan=\"7\" data-permalink=\"https:\/\/www.ff-sarstedt.de\/stadt\/archive\/einsaetze\/h0-oelspur-9\"><div class=\"annotation-icon-bar\"><i class=\"fa-solid fa-camera\" aria-hidden=\"true\" title=\"Bericht enth\u00e4lt keine Bilder\" style=\"color: #bbbbbb;\"><\/i><\/div><span class=\"einsatz-number\"><strong>Nummer:<\/strong> 030\/2024<\/span><br><span class=\"einsatz-date\"><strong>Datum:<\/strong> 15.02.2024<\/span><br><span class=\"einsatz-time\"><strong>Uhrzeit:<\/strong> 16:17<\/span><br><span class=\"einsatz-title\"><strong>Einsatzmeldung:<\/strong> <a href=\"https:\/\/www.ff-sarstedt.de\/stadt\/archive\/einsaetze\/h0-oelspur-9\" rel=\"bookmark\">H0 \u2013 \u00d6lspur<\/a><\/span><br><span class=\"einsatz-location\"><strong>Einsatzort:<\/strong> Am Bruchgraben<\/span><br><span class=\"einsatz-duration\"><strong>Dauer:<\/strong> 2 h 30 min<\/span><br><\/td><td class=\"einsatz-column-number\">030\/2024<\/td><td class=\"einsatz-column-date\">15.02.2024<\/td><td class=\"einsatz-column-time\">16:17<\/td><td class=\"einsatz-column-title\"><a href=\"https:\/\/www.ff-sarstedt.de\/stadt\/archive\/einsaetze\/h0-oelspur-9\" rel=\"bookmark\">H0 \u2013 \u00d6lspur<\/a><\/td><td class=\"einsatz-column-location\">Am Bruchgraben<\/td><td class=\"einsatz-column-duration\">2 h 30 min<\/td><td class=\"einsatz-column-annotationImages\"><i class=\"fa-solid fa-camera\" aria-hidden=\"true\" title=\"Bericht enth\u00e4lt keine Bilder\" style=\"color: #bbbbbb;\"><\/i><\/td><\/tr><tr class=\"report\"><td class=\"smallscreen\" colspan=\"7\" data-permalink=\"https:\/\/www.ff-sarstedt.de\/stadt\/archive\/einsaetze\/h0-oelspur-8\"><div class=\"annotation-icon-bar\"><i class=\"fa-solid fa-camera\" aria-hidden=\"true\" title=\"Bericht enth\u00e4lt keine Bilder\" style=\"color: #bbbbbb;\"><\/i><\/div><span class=\"einsatz-number\"><strong>Nummer:<\/strong> 029\/2024<\/span><br><span class=\"einsatz-date\"><strong>Datum:<\/strong> 12.02.2024<\/span><br><span class=\"einsatz-time\"><strong>Uhrzeit:<\/strong> 16:05<\/span><br><span class=\"einsatz-title\"><strong>Einsatzmeldung:<\/strong> <a href=\"https:\/\/www.ff-sarstedt.de\/stadt\/archive\/einsaetze\/h0-oelspur-8\" rel=\"bookmark\">H0 \u2013 \u00d6lspur<\/a><\/span><br><span class=\"einsatz-location\"><strong>Einsatzort:<\/strong> Breslauer Str. - Moorberg<\/span><br><span class=\"einsatz-duration\"><strong>Dauer:<\/strong> 3 h<\/span><br><\/td><td class=\"einsatz-column-number\">029\/2024<\/td><td class=\"einsatz-column-date\">12.02.2024<\/td><td class=\"einsatz-column-time\">16:05<\/td><td class=\"einsatz-column-title\"><a href=\"https:\/\/www.ff-sarstedt.de\/stadt\/archive\/einsaetze\/h0-oelspur-8\" rel=\"bookmark\">H0 \u2013 \u00d6lspur<\/a><\/td><td class=\"einsatz-column-location\">Breslauer Str. - Moorberg<\/td><td class=\"einsatz-column-duration\">3 h<\/td><td class=\"einsatz-column-annotationImages\"><i class=\"fa-solid fa-camera\" aria-hidden=\"true\" title=\"Bericht enth\u00e4lt keine Bilder\" style=\"color: #bbbbbb;\"><\/i><\/td><\/tr><tr class=\"report\"><td class=\"smallscreen\" colspan=\"7\" data-permalink=\"https:\/\/www.ff-sarstedt.de\/stadt\/archive\/einsaetze\/h0-tueroeffnung-3\"><div class=\"annotation-icon-bar\"><i class=\"fa-solid fa-camera\" aria-hidden=\"true\" title=\"Bericht enth\u00e4lt keine Bilder\" style=\"color: #bbbbbb;\"><\/i><\/div><span class=\"einsatz-number\"><strong>Nummer:<\/strong> 028\/2024<\/span><br><span class=\"einsatz-date\"><strong>Datum:<\/strong> 09.02.2024<\/span><br><span class=\"einsatz-time\"><strong>Uhrzeit:<\/strong> 20:22<\/span><br><span class=\"einsatz-title\"><strong>Einsatzmeldung:<\/strong> <a href=\"https:\/\/www.ff-sarstedt.de\/stadt\/archive\/einsaetze\/h0-tueroeffnung-3\" rel=\"bookmark\">H0 \u2013 T\u00fcr\u00f6ffnung<\/a><\/span><br><span class=\"einsatz-location\"><strong>Einsatzort:<\/strong> Ostlandstra\u00dfe<\/span><br><span class=\"einsatz-duration\"><strong>Dauer:<\/strong> 30 min<\/span><br><\/td><td class=\"einsatz-column-number\">028\/2024<\/td><td class=\"einsatz-column-date\">09.02.2024<\/td><td class=\"einsatz-column-time\">20:22<\/td><td class=\"einsatz-column-title\"><a href=\"https:\/\/www.ff-sarstedt.de\/stadt\/archive\/einsaetze\/h0-tueroeffnung-3\" rel=\"bookmark\">H0 \u2013 T\u00fcr\u00f6ffnung<\/a><\/td><td class=\"einsatz-column-location\">Ostlandstra\u00dfe<\/td><td class=\"einsatz-column-duration\">30 min<\/td><td class=\"einsatz-column-annotationImages\"><i class=\"fa-solid fa-camera\" aria-hidden=\"true\" title=\"Bericht enth\u00e4lt keine Bilder\" style=\"color: #bbbbbb;\"><\/i><\/td><\/tr><tr class=\"report\"><td class=\"smallscreen\" colspan=\"7\" data-permalink=\"https:\/\/www.ff-sarstedt.de\/stadt\/archive\/einsaetze\/h0-tragehilfe-rettungsdienst-4\"><div class=\"annotation-icon-bar\"><i class=\"fa-solid fa-camera\" aria-hidden=\"true\" title=\"Bericht enth\u00e4lt keine Bilder\" style=\"color: #bbbbbb;\"><\/i><\/div><span class=\"einsatz-number\"><strong>Nummer:<\/strong> 027\/2024<\/span><br><span class=\"einsatz-date\"><strong>Datum:<\/strong> 08.02.2024<\/span><br><span class=\"einsatz-time\"><strong>Uhrzeit:<\/strong> 16:43<\/span><br><span class=\"einsatz-title\"><strong>Einsatzmeldung:<\/strong> <a href=\"https:\/\/www.ff-sarstedt.de\/stadt\/archive\/einsaetze\/h0-tragehilfe-rettungsdienst-4\" rel=\"bookmark\">H0 \u2013 Tragehilfe Rettungsdienst<\/a><\/span><br><span class=\"einsatz-location\"><strong>Einsatzort:<\/strong> Gl\u00fcckaufstra\u00dfe<\/span><br><span class=\"einsatz-duration\"><strong>Dauer:<\/strong> 1 h<\/span><br><\/td><td class=\"einsatz-column-number\">027\/2024<\/td><td class=\"einsatz-column-date\">08.02.2024<\/td><td class=\"einsatz-column-time\">16:43<\/td><td class=\"einsatz-column-title\"><a href=\"https:\/\/www.ff-sarstedt.de\/stadt\/archive\/einsaetze\/h0-tragehilfe-rettungsdienst-4\" rel=\"bookmark\">H0 \u2013 Tragehilfe Rettungsdienst<\/a><\/td><td class=\"einsatz-column-location\">Gl\u00fcckaufstra\u00dfe<\/td><td class=\"einsatz-column-duration\">1 h<\/td><td class=\"einsatz-column-annotationImages\"><i class=\"fa-solid fa-camera\" aria-hidden=\"true\" title=\"Bericht enth\u00e4lt keine Bilder\" style=\"color: #bbbbbb;\"><\/i><\/td><\/tr><tr class=\"report\"><td class=\"smallscreen\" colspan=\"7\" data-permalink=\"https:\/\/www.ff-sarstedt.de\/stadt\/archive\/einsaetze\/h0-tueroeffnung-2\"><div class=\"annotation-icon-bar\"><i class=\"fa-solid fa-camera\" aria-hidden=\"true\" title=\"Bericht enth\u00e4lt keine Bilder\" style=\"color: #bbbbbb;\"><\/i><\/div><span class=\"einsatz-number\"><strong>Nummer:<\/strong> 026\/2024<\/span><br><span class=\"einsatz-date\"><strong>Datum:<\/strong> 08.02.2024<\/span><br><span class=\"einsatz-time\"><strong>Uhrzeit:<\/strong> 15:59<\/span><br><span class=\"einsatz-title\"><strong>Einsatzmeldung:<\/strong> <a href=\"https:\/\/www.ff-sarstedt.de\/stadt\/archive\/einsaetze\/h0-tueroeffnung-2\" rel=\"bookmark\">H0 \u2013 T\u00fcr\u00f6ffnung<\/a><\/span><br><span class=\"einsatz-location\"><strong>Einsatzort:<\/strong> Gl\u00fcckaufstra\u00dfe<\/span><br><span class=\"einsatz-duration\"><strong>Dauer:<\/strong> 30 min<\/span><br><\/td><td class=\"einsatz-column-number\">026\/2024<\/td><td class=\"einsatz-column-date\">08.02.2024<\/td><td class=\"einsatz-column-time\">15:59<\/td><td class=\"einsatz-column-title\"><a href=\"https:\/\/www.ff-sarstedt.de\/stadt\/archive\/einsaetze\/h0-tueroeffnung-2\" rel=\"bookmark\">H0 \u2013 T\u00fcr\u00f6ffnung<\/a><\/td><td class=\"einsatz-column-location\">Gl\u00fcckaufstra\u00dfe<\/td><td class=\"einsatz-column-duration\">30 min<\/td><td class=\"einsatz-column-annotationImages\"><i class=\"fa-solid fa-camera\" aria-hidden=\"true\" title=\"Bericht enth\u00e4lt keine Bilder\" style=\"color: #bbbbbb;\"><\/i><\/td><\/tr><tr class=\"report\"><td class=\"smallscreen\" colspan=\"7\" data-permalink=\"https:\/\/www.ff-sarstedt.de\/stadt\/archive\/einsaetze\/h0-oelspur-7\"><div class=\"annotation-icon-bar\"><i class=\"fa-solid fa-camera\" aria-hidden=\"true\" title=\"Bericht enth\u00e4lt keine Bilder\" style=\"color: #bbbbbb;\"><\/i><\/div><span class=\"einsatz-number\"><strong>Nummer:<\/strong> 025\/2024<\/span><br><span class=\"einsatz-date\"><strong>Datum:<\/strong> 07.02.2024<\/span><br><span class=\"einsatz-time\"><strong>Uhrzeit:<\/strong> 17:16<\/span><br><span class=\"einsatz-title\"><strong>Einsatzmeldung:<\/strong> <a href=\"https:\/\/www.ff-sarstedt.de\/stadt\/archive\/einsaetze\/h0-oelspur-7\" rel=\"bookmark\">H0 &#8211; \u00d6lspur<\/a><\/span><br><span class=\"einsatz-location\"><strong>Einsatzort:<\/strong> B6 FR Ahrbergen<\/span><br><span class=\"einsatz-duration\"><strong>Dauer:<\/strong> 1 h<\/span><br><\/td><td class=\"einsatz-column-number\">025\/2024<\/td><td class=\"einsatz-column-date\">07.02.2024<\/td><td class=\"einsatz-column-time\">17:16<\/td><td class=\"einsatz-column-title\"><a href=\"https:\/\/www.ff-sarstedt.de\/stadt\/archive\/einsaetze\/h0-oelspur-7\" rel=\"bookmark\">H0 &#8211; \u00d6lspur<\/a><\/td><td class=\"einsatz-column-location\">B6 FR Ahrbergen<\/td><td class=\"einsatz-column-duration\">1 h<\/td><td class=\"einsatz-column-annotationImages\"><i class=\"fa-solid fa-camera\" aria-hidden=\"true\" title=\"Bericht enth\u00e4lt keine Bilder\" style=\"color: #bbbbbb;\"><\/i><\/td><\/tr><tr class=\"report\"><td class=\"smallscreen\" colspan=\"7\" data-permalink=\"https:\/\/www.ff-sarstedt.de\/stadt\/archive\/einsaetze\/h0-tragehilfe-rettungsdienst-3\"><div class=\"annotation-icon-bar\"><i class=\"fa-solid fa-camera\" aria-hidden=\"true\" title=\"Bericht enth\u00e4lt keine Bilder\" style=\"color: #bbbbbb;\"><\/i><\/div><span class=\"einsatz-number\"><strong>Nummer:<\/strong> 024\/2024<\/span><br><span class=\"einsatz-date\"><strong>Datum:<\/strong> 04.02.2024<\/span><br><span class=\"einsatz-time\"><strong>Uhrzeit:<\/strong> 10:14<\/span><br><span class=\"einsatz-title\"><strong>Einsatzmeldung:<\/strong> <a href=\"https:\/\/www.ff-sarstedt.de\/stadt\/archive\/einsaetze\/h0-tragehilfe-rettungsdienst-3\" rel=\"bookmark\">H0 &#8211; Tragehilfe Rettungsdienst<\/a><\/span><br><span class=\"einsatz-location\"><strong>Einsatzort:<\/strong> Schliekum, Kreuzfeld<\/span><br><span class=\"einsatz-duration\"><strong>Dauer:<\/strong> 1 h<\/span><br><\/td><td class=\"einsatz-column-number\">024\/2024<\/td><td class=\"einsatz-column-date\">04.02.2024<\/td><td class=\"einsatz-column-time\">10:14<\/td><td class=\"einsatz-column-title\"><a href=\"https:\/\/www.ff-sarstedt.de\/stadt\/archive\/einsaetze\/h0-tragehilfe-rettungsdienst-3\" rel=\"bookmark\">H0 &#8211; Tragehilfe Rettungsdienst<\/a><\/td><td class=\"einsatz-column-location\">Schliekum, Kreuzfeld<\/td><td class=\"einsatz-column-duration\">1 h<\/td><td class=\"einsatz-column-annotationImages\"><i class=\"fa-solid fa-camera\" aria-hidden=\"true\" title=\"Bericht enth\u00e4lt keine Bilder\" style=\"color: #bbbbbb;\"><\/i><\/td><\/tr><tr class=\"report\"><td class=\"smallscreen\" colspan=\"7\" data-permalink=\"https:\/\/www.ff-sarstedt.de\/stadt\/archive\/einsaetze\/b1-ausgeloeste-brandmeldeanlage-bma-4\"><div class=\"annotation-icon-bar\"><i class=\"fa-solid fa-camera\" aria-hidden=\"true\" title=\"Bericht enth\u00e4lt keine Bilder\" style=\"color: #bbbbbb;\"><\/i><\/div><span class=\"einsatz-number\"><strong>Nummer:<\/strong> 023\/2024<\/span><br><span class=\"einsatz-date\"><strong>Datum:<\/strong> 03.02.2024<\/span><br><span class=\"einsatz-time\"><strong>Uhrzeit:<\/strong> 19:11<\/span><br><span class=\"einsatz-title\"><strong>Einsatzmeldung:<\/strong> <a href=\"https:\/\/www.ff-sarstedt.de\/stadt\/archive\/einsaetze\/b1-ausgeloeste-brandmeldeanlage-bma-4\" rel=\"bookmark\">B1 &#8211; Ausgel\u00f6ste Brandmeldeanlage (BMA)<\/a><\/span><br><span class=\"einsatz-location\"><strong>Einsatzort:<\/strong> Am Teinkamp<\/span><br><span class=\"einsatz-duration\"><strong>Dauer:<\/strong> 40 min<\/span><br><\/td><td class=\"einsatz-column-number\">023\/2024<\/td><td class=\"einsatz-column-date\">03.02.2024<\/td><td class=\"einsatz-column-time\">19:11<\/td><td class=\"einsatz-column-title\"><a href=\"https:\/\/www.ff-sarstedt.de\/stadt\/archive\/einsaetze\/b1-ausgeloeste-brandmeldeanlage-bma-4\" rel=\"bookmark\">B1 &#8211; Ausgel\u00f6ste Brandmeldeanlage (BMA)<\/a><\/td><td class=\"einsatz-column-location\">Am Teinkamp<\/td><td class=\"einsatz-column-duration\">40 min<\/td><td class=\"einsatz-column-annotationImages\"><i class=\"fa-solid fa-camera\" aria-hidden=\"true\" title=\"Bericht enth\u00e4lt keine Bilder\" style=\"color: #bbbbbb;\"><\/i><\/td><\/tr><tr class=\"report\"><td class=\"smallscreen\" colspan=\"7\" data-permalink=\"https:\/\/www.ff-sarstedt.de\/stadt\/archive\/einsaetze\/h0-wasserschaden-klein\"><div class=\"annotation-icon-bar\"><i class=\"fa-solid fa-camera\" aria-hidden=\"true\" title=\"Bericht enth\u00e4lt keine Bilder\" style=\"color: #bbbbbb;\"><\/i><\/div><span class=\"einsatz-number\"><strong>Nummer:<\/strong> 022\/2024<\/span><br><span class=\"einsatz-date\"><strong>Datum:<\/strong> 03.02.2024<\/span><br><span class=\"einsatz-time\"><strong>Uhrzeit:<\/strong> 10:53<\/span><br><span class=\"einsatz-title\"><strong>Einsatzmeldung:<\/strong> <a href=\"https:\/\/www.ff-sarstedt.de\/stadt\/archive\/einsaetze\/h0-wasserschaden-klein\" rel=\"bookmark\">H0 &#8211; Wasserschaden (klein)<\/a><\/span><br><span class=\"einsatz-location\"><strong>Einsatzort:<\/strong> Wiesenstr.<\/span><br><span class=\"einsatz-duration\"><strong>Dauer:<\/strong> 30 min<\/span><br><\/td><td class=\"einsatz-column-number\">022\/2024<\/td><td class=\"einsatz-column-date\">03.02.2024<\/td><td class=\"einsatz-column-time\">10:53<\/td><td class=\"einsatz-column-title\"><a href=\"https:\/\/www.ff-sarstedt.de\/stadt\/archive\/einsaetze\/h0-wasserschaden-klein\" rel=\"bookmark\">H0 &#8211; Wasserschaden (klein)<\/a><\/td><td class=\"einsatz-column-location\">Wiesenstr.<\/td><td class=\"einsatz-column-duration\">30 min<\/td><td class=\"einsatz-column-annotationImages\"><i class=\"fa-solid fa-camera\" aria-hidden=\"true\" title=\"Bericht enth\u00e4lt keine Bilder\" style=\"color: #bbbbbb;\"><\/i><\/td><\/tr><tr class=\"zebracorrection\"><td colspan=\"7\">&nbsp;<\/td><\/tr><tr class=\"einsatz-title-month\"><td colspan=\"7\">Januar<\/td><\/tr><tr class=\"einsatz-header\"><th style=\"white-space: nowrap;\">Nummer<\/th><th style=\"white-space: nowrap;\">Datum<\/th><th style=\"white-space: nowrap;\">Uhrzeit<\/th><th style=\"\">Einsatzmeldung<\/th><th style=\"\">Einsatzort<\/th><th style=\"white-space: nowrap;\">Dauer<\/th><th style=\"\"><\/th><\/tr><tr class=\"report\"><td class=\"smallscreen\" colspan=\"7\" data-permalink=\"https:\/\/www.ff-sarstedt.de\/stadt\/archive\/einsaetze\/b1-ausgeloeste-brandmeldeanlage-bma-3\"><div class=\"annotation-icon-bar\"><i class=\"fa-solid fa-camera\" aria-hidden=\"true\" title=\"Bericht enth\u00e4lt keine Bilder\" style=\"color: #bbbbbb;\"><\/i><\/div><span class=\"einsatz-number\"><strong>Nummer:<\/strong> 021\/2024<\/span><br><span class=\"einsatz-date\"><strong>Datum:<\/strong> 30.01.2024<\/span><br><span class=\"einsatz-time\"><strong>Uhrzeit:<\/strong> 02:37<\/span><br><span class=\"einsatz-title\"><strong>Einsatzmeldung:<\/strong> <a href=\"https:\/\/www.ff-sarstedt.de\/stadt\/archive\/einsaetze\/b1-ausgeloeste-brandmeldeanlage-bma-3\" rel=\"bookmark\">B1 &#8211; Ausgel\u00f6ste Brandmeldeanlage (BMA)<\/a><\/span><br><span class=\"einsatz-location\"><strong>Einsatzort:<\/strong> Am Teinkamp<\/span><br><span class=\"einsatz-duration\"><strong>Dauer:<\/strong> 50 min<\/span><br><\/td><td class=\"einsatz-column-number\">021\/2024<\/td><td class=\"einsatz-column-date\">30.01.2024<\/td><td class=\"einsatz-column-time\">02:37<\/td><td class=\"einsatz-column-title\"><a href=\"https:\/\/www.ff-sarstedt.de\/stadt\/archive\/einsaetze\/b1-ausgeloeste-brandmeldeanlage-bma-3\" rel=\"bookmark\">B1 &#8211; Ausgel\u00f6ste Brandmeldeanlage (BMA)<\/a><\/td><td class=\"einsatz-column-location\">Am Teinkamp<\/td><td class=\"einsatz-column-duration\">50 min<\/td><td class=\"einsatz-column-annotationImages\"><i class=\"fa-solid fa-camera\" aria-hidden=\"true\" title=\"Bericht enth\u00e4lt keine Bilder\" style=\"color: #bbbbbb;\"><\/i><\/td><\/tr><tr class=\"report\"><td class=\"smallscreen\" colspan=\"7\" data-permalink=\"https:\/\/www.ff-sarstedt.de\/stadt\/archive\/einsaetze\/b0-containerbrand\"><div class=\"annotation-icon-bar\"><i class=\"fa-solid fa-camera\" aria-hidden=\"true\" title=\"Bericht enth\u00e4lt keine Bilder\" style=\"color: #bbbbbb;\"><\/i><\/div><span class=\"einsatz-number\"><strong>Nummer:<\/strong> 020\/2024<\/span><br><span class=\"einsatz-date\"><strong>Datum:<\/strong> 28.01.2024<\/span><br><span class=\"einsatz-time\"><strong>Uhrzeit:<\/strong> 16:22<\/span><br><span class=\"einsatz-title\"><strong>Einsatzmeldung:<\/strong> <a href=\"https:\/\/www.ff-sarstedt.de\/stadt\/archive\/einsaetze\/b0-containerbrand\" rel=\"bookmark\">B0 &#8211; Containerbrand<\/a><\/span><br><span class=\"einsatz-location\"><strong>Einsatzort:<\/strong> Gymnasium Sarstedt<\/span><br><span class=\"einsatz-duration\"><strong>Dauer:<\/strong> 1 h<\/span><br><\/td><td class=\"einsatz-column-number\">020\/2024<\/td><td class=\"einsatz-column-date\">28.01.2024<\/td><td class=\"einsatz-column-time\">16:22<\/td><td class=\"einsatz-column-title\"><a href=\"https:\/\/www.ff-sarstedt.de\/stadt\/archive\/einsaetze\/b0-containerbrand\" rel=\"bookmark\">B0 &#8211; Containerbrand<\/a><\/td><td class=\"einsatz-column-location\">Gymnasium Sarstedt<\/td><td class=\"einsatz-column-duration\">1 h<\/td><td class=\"einsatz-column-annotationImages\"><i class=\"fa-solid fa-camera\" aria-hidden=\"true\" title=\"Bericht enth\u00e4lt keine Bilder\" style=\"color: #bbbbbb;\"><\/i><\/td><\/tr><tr class=\"report\"><td class=\"smallscreen\" colspan=\"7\" data-permalink=\"https:\/\/www.ff-sarstedt.de\/stadt\/archive\/einsaetze\/h0-tragehilfe-rettungsdie\"><div class=\"annotation-icon-bar\"><i class=\"fa-solid fa-camera\" aria-hidden=\"true\" title=\"Bericht enth\u00e4lt keine Bilder\" style=\"color: #bbbbbb;\"><\/i><\/div><span class=\"einsatz-number\"><strong>Nummer:<\/strong> 019\/2024<\/span><br><span class=\"einsatz-date\"><strong>Datum:<\/strong> 27.01.2024<\/span><br><span class=\"einsatz-time\"><strong>Uhrzeit:<\/strong> 17:25<\/span><br><span class=\"einsatz-title\"><strong>Einsatzmeldung:<\/strong> <a href=\"https:\/\/www.ff-sarstedt.de\/stadt\/archive\/einsaetze\/h0-tragehilfe-rettungsdie\" rel=\"bookmark\">H0 &#8211; Tragehilfe Rettungsdienst<\/a><\/span><br><span class=\"einsatz-location\"><strong>Einsatzort:<\/strong> Bahnhofsstr.<\/span><br><span class=\"einsatz-duration\"><strong>Dauer:<\/strong> 30 min<\/span><br><\/td><td class=\"einsatz-column-number\">019\/2024<\/td><td class=\"einsatz-column-date\">27.01.2024<\/td><td class=\"einsatz-column-time\">17:25<\/td><td class=\"einsatz-column-title\"><a href=\"https:\/\/www.ff-sarstedt.de\/stadt\/archive\/einsaetze\/h0-tragehilfe-rettungsdie\" rel=\"bookmark\">H0 &#8211; Tragehilfe Rettungsdienst<\/a><\/td><td class=\"einsatz-column-location\">Bahnhofsstr.<\/td><td class=\"einsatz-column-duration\">30 min<\/td><td class=\"einsatz-column-annotationImages\"><i class=\"fa-solid fa-camera\" aria-hidden=\"true\" title=\"Bericht enth\u00e4lt keine Bilder\" style=\"color: #bbbbbb;\"><\/i><\/td><\/tr><tr class=\"report\"><td class=\"smallscreen\" colspan=\"7\" data-permalink=\"https:\/\/www.ff-sarstedt.de\/stadt\/archive\/einsaetze\/h0-oelspur-6\"><div class=\"annotation-icon-bar\"><i class=\"fa-solid fa-camera\" aria-hidden=\"true\" title=\"Bericht enth\u00e4lt keine Bilder\" style=\"color: #bbbbbb;\"><\/i><\/div><span class=\"einsatz-number\"><strong>Nummer:<\/strong> 018\/2024<\/span><br><span class=\"einsatz-date\"><strong>Datum:<\/strong> 26.01.2024<\/span><br><span class=\"einsatz-time\"><strong>Uhrzeit:<\/strong> 14:09<\/span><br><span class=\"einsatz-title\"><strong>Einsatzmeldung:<\/strong> <a href=\"https:\/\/www.ff-sarstedt.de\/stadt\/archive\/einsaetze\/h0-oelspur-6\" rel=\"bookmark\">H0 &#8211; \u00d6lspur<\/a><\/span><br><span class=\"einsatz-location\"><strong>Einsatzort:<\/strong> Voss-Str.<\/span><br><span class=\"einsatz-duration\"><strong>Dauer:<\/strong> 2 h 20 min<\/span><br><\/td><td class=\"einsatz-column-number\">018\/2024<\/td><td class=\"einsatz-column-date\">26.01.2024<\/td><td class=\"einsatz-column-time\">14:09<\/td><td class=\"einsatz-column-title\"><a href=\"https:\/\/www.ff-sarstedt.de\/stadt\/archive\/einsaetze\/h0-oelspur-6\" rel=\"bookmark\">H0 &#8211; \u00d6lspur<\/a><\/td><td class=\"einsatz-column-location\">Voss-Str.<\/td><td class=\"einsatz-column-duration\">2 h 20 min<\/td><td class=\"einsatz-column-annotationImages\"><i class=\"fa-solid fa-camera\" aria-hidden=\"true\" title=\"Bericht enth\u00e4lt keine Bilder\" style=\"color: #bbbbbb;\"><\/i><\/td><\/tr><tr class=\"report\"><td class=\"smallscreen\" colspan=\"7\" data-permalink=\"https:\/\/www.ff-sarstedt.de\/stadt\/archive\/einsaetze\/ff-sarstedt-b0-brennt-geruempel-2\"><div class=\"annotation-icon-bar\"><i class=\"fa-solid fa-camera\" aria-hidden=\"true\" title=\"Bericht enth\u00e4lt keine Bilder\" style=\"color: #bbbbbb;\"><\/i><\/div><span class=\"einsatz-number\"><strong>Nummer:<\/strong> 017\/2024<\/span><br><span class=\"einsatz-date\"><strong>Datum:<\/strong> 24.01.2024<\/span><br><span class=\"einsatz-time\"><strong>Uhrzeit:<\/strong> 18:47<\/span><br><span class=\"einsatz-title\"><strong>Einsatzmeldung:<\/strong> <a href=\"https:\/\/www.ff-sarstedt.de\/stadt\/archive\/einsaetze\/ff-sarstedt-b0-brennt-geruempel-2\" rel=\"bookmark\">B0 &#8211; Brennt Ger\u00fcmpel<\/a><\/span><br><span class=\"einsatz-location\"><strong>Einsatzort:<\/strong> Bachstr.<\/span><br><span class=\"einsatz-duration\"><strong>Dauer:<\/strong> 30 min<\/span><br><\/td><td class=\"einsatz-column-number\">017\/2024<\/td><td class=\"einsatz-column-date\">24.01.2024<\/td><td class=\"einsatz-column-time\">18:47<\/td><td class=\"einsatz-column-title\"><a href=\"https:\/\/www.ff-sarstedt.de\/stadt\/archive\/einsaetze\/ff-sarstedt-b0-brennt-geruempel-2\" rel=\"bookmark\">B0 &#8211; Brennt Ger\u00fcmpel<\/a><\/td><td class=\"einsatz-column-location\">Bachstr.<\/td><td class=\"einsatz-column-duration\">30 min<\/td><td class=\"einsatz-column-annotationImages\"><i class=\"fa-solid fa-camera\" aria-hidden=\"true\" title=\"Bericht enth\u00e4lt keine Bilder\" style=\"color: #bbbbbb;\"><\/i><\/td><\/tr><tr class=\"report\"><td class=\"smallscreen\" colspan=\"7\" data-permalink=\"https:\/\/www.ff-sarstedt.de\/stadt\/archive\/einsaetze\/ff-sarstedt-b1-unklare-rauchentwicklung-4\"><div class=\"annotation-icon-bar\"><i class=\"fa-solid fa-camera\" aria-hidden=\"true\" title=\"Bericht enth\u00e4lt keine Bilder\" style=\"color: #bbbbbb;\"><\/i><\/div><span class=\"einsatz-number\"><strong>Nummer:<\/strong> 016\/2024<\/span><br><span class=\"einsatz-date\"><strong>Datum:<\/strong> 18.01.2024<\/span><br><span class=\"einsatz-time\"><strong>Uhrzeit:<\/strong> 21:42<\/span><br><span class=\"einsatz-title\"><strong>Einsatzmeldung:<\/strong> <a href=\"https:\/\/www.ff-sarstedt.de\/stadt\/archive\/einsaetze\/ff-sarstedt-b1-unklare-rauchentwicklung-4\" rel=\"bookmark\">B1 &#8211; unklare Rauchentwicklung<\/a><\/span><br><span class=\"einsatz-location\"><strong>Einsatzort:<\/strong> Heisede, Heiseder Str.<\/span><br><span class=\"einsatz-duration\"><strong>Dauer:<\/strong> 50 min<\/span><br><\/td><td class=\"einsatz-column-number\">016\/2024<\/td><td class=\"einsatz-column-date\">18.01.2024<\/td><td class=\"einsatz-column-time\">21:42<\/td><td class=\"einsatz-column-title\"><a href=\"https:\/\/www.ff-sarstedt.de\/stadt\/archive\/einsaetze\/ff-sarstedt-b1-unklare-rauchentwicklung-4\" rel=\"bookmark\">B1 &#8211; unklare Rauchentwicklung<\/a><\/td><td class=\"einsatz-column-location\">Heisede, Heiseder Str.<\/td><td class=\"einsatz-column-duration\">50 min<\/td><td class=\"einsatz-column-annotationImages\"><i class=\"fa-solid fa-camera\" aria-hidden=\"true\" title=\"Bericht enth\u00e4lt keine Bilder\" style=\"color: #bbbbbb;\"><\/i><\/td><\/tr><tr class=\"report\"><td class=\"smallscreen\" colspan=\"7\" data-permalink=\"https:\/\/www.ff-sarstedt.de\/stadt\/archive\/einsaetze\/h0-tragehilfe-rettungsdienst-2\"><div class=\"annotation-icon-bar\"><i class=\"fa-solid fa-camera\" aria-hidden=\"true\" title=\"Bericht enth\u00e4lt keine Bilder\" style=\"color: #bbbbbb;\"><\/i><\/div><span class=\"einsatz-number\"><strong>Nummer:<\/strong> 015\/2024<\/span><br><span class=\"einsatz-date\"><strong>Datum:<\/strong> 13.01.2024<\/span><br><span class=\"einsatz-time\"><strong>Uhrzeit:<\/strong> 13:37<\/span><br><span class=\"einsatz-title\"><strong>Einsatzmeldung:<\/strong> <a href=\"https:\/\/www.ff-sarstedt.de\/stadt\/archive\/einsaetze\/h0-tragehilfe-rettungsdienst-2\" rel=\"bookmark\">H0 &#8211; Tragehilfe Rettungsdienst<\/a><\/span><br><span class=\"einsatz-location\"><strong>Einsatzort:<\/strong> G\u00f6rlitzer Str.<\/span><br><span class=\"einsatz-duration\"><strong>Dauer:<\/strong> 30 min<\/span><br><\/td><td class=\"einsatz-column-number\">015\/2024<\/td><td class=\"einsatz-column-date\">13.01.2024<\/td><td class=\"einsatz-column-time\">13:37<\/td><td class=\"einsatz-column-title\"><a href=\"https:\/\/www.ff-sarstedt.de\/stadt\/archive\/einsaetze\/h0-tragehilfe-rettungsdienst-2\" rel=\"bookmark\">H0 &#8211; Tragehilfe Rettungsdienst<\/a><\/td><td class=\"einsatz-column-location\">G\u00f6rlitzer Str.<\/td><td class=\"einsatz-column-duration\">30 min<\/td><td class=\"einsatz-column-annotationImages\"><i class=\"fa-solid fa-camera\" aria-hidden=\"true\" title=\"Bericht enth\u00e4lt keine Bilder\" style=\"color: #bbbbbb;\"><\/i><\/td><\/tr><tr class=\"report\"><td class=\"smallscreen\" colspan=\"7\" data-permalink=\"https:\/\/www.ff-sarstedt.de\/stadt\/archive\/einsaetze\/h0-tueroeffnung\"><div class=\"annotation-icon-bar\"><i class=\"fa-solid fa-camera\" aria-hidden=\"true\" title=\"Bericht enth\u00e4lt keine Bilder\" style=\"color: #bbbbbb;\"><\/i><\/div><span class=\"einsatz-number\"><strong>Nummer:<\/strong> 014\/2024<\/span><br><span class=\"einsatz-date\"><strong>Datum:<\/strong> 13.01.2024<\/span><br><span class=\"einsatz-time\"><strong>Uhrzeit:<\/strong> 11:09<\/span><br><span class=\"einsatz-title\"><strong>Einsatzmeldung:<\/strong> <a href=\"https:\/\/www.ff-sarstedt.de\/stadt\/archive\/einsaetze\/h0-tueroeffnung\" rel=\"bookmark\">H0 &#8211; T\u00fcr\u00f6ffnung<\/a><\/span><br><span class=\"einsatz-location\"><strong>Einsatzort:<\/strong> Starenweg<\/span><br><span class=\"einsatz-duration\"><strong>Dauer:<\/strong> 30 min<\/span><br><\/td><td class=\"einsatz-column-number\">014\/2024<\/td><td class=\"einsatz-column-date\">13.01.2024<\/td><td class=\"einsatz-column-time\">11:09<\/td><td class=\"einsatz-column-title\"><a href=\"https:\/\/www.ff-sarstedt.de\/stadt\/archive\/einsaetze\/h0-tueroeffnung\" rel=\"bookmark\">H0 &#8211; T\u00fcr\u00f6ffnung<\/a><\/td><td class=\"einsatz-column-location\">Starenweg<\/td><td class=\"einsatz-column-duration\">30 min<\/td><td class=\"einsatz-column-annotationImages\"><i class=\"fa-solid fa-camera\" aria-hidden=\"true\" title=\"Bericht enth\u00e4lt keine Bilder\" style=\"color: #bbbbbb;\"><\/i><\/td><\/tr><tr class=\"report\"><td class=\"smallscreen\" colspan=\"7\" data-permalink=\"https:\/\/www.ff-sarstedt.de\/stadt\/archive\/einsaetze\/h0-oelspur-5\"><div class=\"annotation-icon-bar\"><i class=\"fa-solid fa-camera\" aria-hidden=\"true\" title=\"Bericht enth\u00e4lt keine Bilder\" style=\"color: #bbbbbb;\"><\/i><\/div><span class=\"einsatz-number\"><strong>Nummer:<\/strong> 013\/2024<\/span><br><span class=\"einsatz-date\"><strong>Datum:<\/strong> 13.01.2024<\/span><br><span class=\"einsatz-time\"><strong>Uhrzeit:<\/strong> 10:42<\/span><br><span class=\"einsatz-title\"><strong>Einsatzmeldung:<\/strong> <a href=\"https:\/\/www.ff-sarstedt.de\/stadt\/archive\/einsaetze\/h0-oelspur-5\" rel=\"bookmark\">H0 &#8211; \u00d6lspur<\/a><\/span><br><span class=\"einsatz-location\"><strong>Einsatzort:<\/strong> Am Sonnenkamp<\/span><br><span class=\"einsatz-duration\"><strong>Dauer:<\/strong> 27 min<\/span><br><\/td><td class=\"einsatz-column-number\">013\/2024<\/td><td class=\"einsatz-column-date\">13.01.2024<\/td><td class=\"einsatz-column-time\">10:42<\/td><td class=\"einsatz-column-title\"><a href=\"https:\/\/www.ff-sarstedt.de\/stadt\/archive\/einsaetze\/h0-oelspur-5\" rel=\"bookmark\">H0 &#8211; \u00d6lspur<\/a><\/td><td class=\"einsatz-column-location\">Am Sonnenkamp<\/td><td class=\"einsatz-column-duration\">27 min<\/td><td class=\"einsatz-column-annotationImages\"><i class=\"fa-solid fa-camera\" aria-hidden=\"true\" title=\"Bericht enth\u00e4lt keine Bilder\" style=\"color: #bbbbbb;\"><\/i><\/td><\/tr><tr class=\"report\"><td class=\"smallscreen\" colspan=\"7\" data-permalink=\"https:\/\/www.ff-sarstedt.de\/stadt\/archive\/einsaetze\/h0-oelspur-4\"><div class=\"annotation-icon-bar\"><i class=\"fa-solid fa-camera\" aria-hidden=\"true\" title=\"Bericht enth\u00e4lt keine Bilder\" style=\"color: #bbbbbb;\"><\/i><\/div><span class=\"einsatz-number\"><strong>Nummer:<\/strong> 012\/2024<\/span><br><span class=\"einsatz-date\"><strong>Datum:<\/strong> 12.01.2024<\/span><br><span class=\"einsatz-time\"><strong>Uhrzeit:<\/strong> 18:14<\/span><br><span class=\"einsatz-title\"><strong>Einsatzmeldung:<\/strong> <a href=\"https:\/\/www.ff-sarstedt.de\/stadt\/archive\/einsaetze\/h0-oelspur-4\" rel=\"bookmark\">H0 &#8211; \u00d6lspur<\/a><\/span><br><span class=\"einsatz-location\"><strong>Einsatzort:<\/strong> Am Sonnenkamp<\/span><br><span class=\"einsatz-duration\"><strong>Dauer:<\/strong> 1 h<\/span><br><\/td><td class=\"einsatz-column-number\">012\/2024<\/td><td class=\"einsatz-column-date\">12.01.2024<\/td><td class=\"einsatz-column-time\">18:14<\/td><td class=\"einsatz-column-title\"><a href=\"https:\/\/www.ff-sarstedt.de\/stadt\/archive\/einsaetze\/h0-oelspur-4\" rel=\"bookmark\">H0 &#8211; \u00d6lspur<\/a><\/td><td class=\"einsatz-column-location\">Am Sonnenkamp<\/td><td class=\"einsatz-column-duration\">1 h<\/td><td class=\"einsatz-column-annotationImages\"><i class=\"fa-solid fa-camera\" aria-hidden=\"true\" title=\"Bericht enth\u00e4lt keine Bilder\" style=\"color: #bbbbbb;\"><\/i><\/td><\/tr><tr class=\"report\"><td class=\"smallscreen\" colspan=\"7\" data-permalink=\"https:\/\/www.ff-sarstedt.de\/stadt\/archive\/einsaetze\/h0-oelspur-3\"><div class=\"annotation-icon-bar\"><i class=\"fa-solid fa-camera\" aria-hidden=\"true\" title=\"Bericht enth\u00e4lt keine Bilder\" style=\"color: #bbbbbb;\"><\/i><\/div><span class=\"einsatz-number\"><strong>Nummer:<\/strong> 011\/2024<\/span><br><span class=\"einsatz-date\"><strong>Datum:<\/strong> 12.01.2024<\/span><br><span class=\"einsatz-time\"><strong>Uhrzeit:<\/strong> 12:55<\/span><br><span class=\"einsatz-title\"><strong>Einsatzmeldung:<\/strong> <a href=\"https:\/\/www.ff-sarstedt.de\/stadt\/archive\/einsaetze\/h0-oelspur-3\" rel=\"bookmark\">H0 &#8211; \u00d6lspur<\/a><\/span><br><span class=\"einsatz-location\"><strong>Einsatzort:<\/strong> Stadtgebiet<\/span><br><span class=\"einsatz-duration\"><strong>Dauer:<\/strong> 1 h<\/span><br><\/td><td class=\"einsatz-column-number\">011\/2024<\/td><td class=\"einsatz-column-date\">12.01.2024<\/td><td class=\"einsatz-column-time\">12:55<\/td><td class=\"einsatz-column-title\"><a href=\"https:\/\/www.ff-sarstedt.de\/stadt\/archive\/einsaetze\/h0-oelspur-3\" rel=\"bookmark\">H0 &#8211; \u00d6lspur<\/a><\/td><td class=\"einsatz-column-location\">Stadtgebiet<\/td><td class=\"einsatz-column-duration\">1 h<\/td><td class=\"einsatz-column-annotationImages\"><i class=\"fa-solid fa-camera\" aria-hidden=\"true\" title=\"Bericht enth\u00e4lt keine Bilder\" style=\"color: #bbbbbb;\"><\/i><\/td><\/tr><tr class=\"report\"><td class=\"smallscreen\" colspan=\"7\" data-permalink=\"https:\/\/www.ff-sarstedt.de\/stadt\/archive\/einsaetze\/b1-ausgeloeste-brandmeldeanlage-bma-2\"><div class=\"annotation-icon-bar\"><i class=\"fa-solid fa-camera\" aria-hidden=\"true\" title=\"Bericht enth\u00e4lt keine Bilder\" style=\"color: #bbbbbb;\"><\/i><\/div><span class=\"einsatz-number\"><strong>Nummer:<\/strong> 010\/2024<\/span><br><span class=\"einsatz-date\"><strong>Datum:<\/strong> 12.01.2024<\/span><br><span class=\"einsatz-time\"><strong>Uhrzeit:<\/strong> 11:56<\/span><br><span class=\"einsatz-title\"><strong>Einsatzmeldung:<\/strong> <a href=\"https:\/\/www.ff-sarstedt.de\/stadt\/archive\/einsaetze\/b1-ausgeloeste-brandmeldeanlage-bma-2\" rel=\"bookmark\">B1 &#8211; Ausgel\u00f6ste Brandmeldeanlage (BMA)<\/a><\/span><br><span class=\"einsatz-location\"><strong>Einsatzort:<\/strong> Helperder Str.<\/span><br><span class=\"einsatz-duration\"><strong>Dauer:<\/strong> 1 h 15 min<\/span><br><\/td><td class=\"einsatz-column-number\">010\/2024<\/td><td class=\"einsatz-column-date\">12.01.2024<\/td><td class=\"einsatz-column-time\">11:56<\/td><td class=\"einsatz-column-title\"><a href=\"https:\/\/www.ff-sarstedt.de\/stadt\/archive\/einsaetze\/b1-ausgeloeste-brandmeldeanlage-bma-2\" rel=\"bookmark\">B1 &#8211; Ausgel\u00f6ste Brandmeldeanlage (BMA)<\/a><\/td><td class=\"einsatz-column-location\">Helperder Str.<\/td><td class=\"einsatz-column-duration\">1 h 15 min<\/td><td class=\"einsatz-column-annotationImages\"><i class=\"fa-solid fa-camera\" aria-hidden=\"true\" title=\"Bericht enth\u00e4lt keine Bilder\" style=\"color: #bbbbbb;\"><\/i><\/td><\/tr><tr class=\"report\"><td class=\"smallscreen\" colspan=\"7\" data-permalink=\"https:\/\/www.ff-sarstedt.de\/stadt\/archive\/einsaetze\/h0-amtshilfe-3\"><div class=\"annotation-icon-bar\"><i class=\"fa-solid fa-camera\" aria-hidden=\"true\" title=\"Bericht enth\u00e4lt keine Bilder\" style=\"color: #bbbbbb;\"><\/i><\/div><span class=\"einsatz-number\"><strong>Nummer:<\/strong> 009\/2024<\/span><br><span class=\"einsatz-date\"><strong>Datum:<\/strong> 11.01.2024<\/span><br><span class=\"einsatz-time\"><strong>Uhrzeit:<\/strong> 22:04<\/span><br><span class=\"einsatz-title\"><strong>Einsatzmeldung:<\/strong> <a href=\"https:\/\/www.ff-sarstedt.de\/stadt\/archive\/einsaetze\/h0-amtshilfe-3\" rel=\"bookmark\">H0 &#8211; Amtshilfe<\/a><\/span><br><span class=\"einsatz-location\"><strong>Einsatzort:<\/strong> Anne-Frank-Str.<\/span><br><span class=\"einsatz-duration\"><strong>Dauer:<\/strong> 1 h<\/span><br><\/td><td class=\"einsatz-column-number\">009\/2024<\/td><td class=\"einsatz-column-date\">11.01.2024<\/td><td class=\"einsatz-column-time\">22:04<\/td><td class=\"einsatz-column-title\"><a href=\"https:\/\/www.ff-sarstedt.de\/stadt\/archive\/einsaetze\/h0-amtshilfe-3\" rel=\"bookmark\">H0 &#8211; Amtshilfe<\/a><\/td><td class=\"einsatz-column-location\">Anne-Frank-Str.<\/td><td class=\"einsatz-column-duration\">1 h<\/td><td class=\"einsatz-column-annotationImages\"><i class=\"fa-solid fa-camera\" aria-hidden=\"true\" title=\"Bericht enth\u00e4lt keine Bilder\" style=\"color: #bbbbbb;\"><\/i><\/td><\/tr><tr class=\"report\"><td class=\"smallscreen\" colspan=\"7\" data-permalink=\"https:\/\/www.ff-sarstedt.de\/stadt\/archive\/einsaetze\/h0-oelspur-2\"><div class=\"annotation-icon-bar\"><i class=\"fa-solid fa-camera\" aria-hidden=\"true\" title=\"Bericht enth\u00e4lt keine Bilder\" style=\"color: #bbbbbb;\"><\/i><\/div><span class=\"einsatz-number\"><strong>Nummer:<\/strong> 008\/2024<\/span><br><span class=\"einsatz-date\"><strong>Datum:<\/strong> 10.01.2024<\/span><br><span class=\"einsatz-time\"><strong>Uhrzeit:<\/strong> 19:05<\/span><br><span class=\"einsatz-title\"><strong>Einsatzmeldung:<\/strong> <a href=\"https:\/\/www.ff-sarstedt.de\/stadt\/archive\/einsaetze\/h0-oelspur-2\" rel=\"bookmark\">H0 &#8211; \u00d6lspur<\/a><\/span><br><span class=\"einsatz-location\"><strong>Einsatzort:<\/strong> Am Sonnenkamp<\/span><br><span class=\"einsatz-duration\"><strong>Dauer:<\/strong> 1 h<\/span><br><\/td><td class=\"einsatz-column-number\">008\/2024<\/td><td class=\"einsatz-column-date\">10.01.2024<\/td><td class=\"einsatz-column-time\">19:05<\/td><td class=\"einsatz-column-title\"><a href=\"https:\/\/www.ff-sarstedt.de\/stadt\/archive\/einsaetze\/h0-oelspur-2\" rel=\"bookmark\">H0 &#8211; \u00d6lspur<\/a><\/td><td class=\"einsatz-column-location\">Am Sonnenkamp<\/td><td class=\"einsatz-column-duration\">1 h<\/td><td class=\"einsatz-column-annotationImages\"><i class=\"fa-solid fa-camera\" aria-hidden=\"true\" title=\"Bericht enth\u00e4lt keine Bilder\" style=\"color: #bbbbbb;\"><\/i><\/td><\/tr><tr class=\"report\"><td class=\"smallscreen\" colspan=\"7\" data-permalink=\"https:\/\/www.ff-sarstedt.de\/stadt\/archive\/einsaetze\/h0-auslaufende-betriebsstoffe-nach-vu\"><div class=\"annotation-icon-bar\"><i class=\"fa-solid fa-camera\" aria-hidden=\"true\" title=\"Bericht enth\u00e4lt keine Bilder\" style=\"color: #bbbbbb;\"><\/i><\/div><span class=\"einsatz-number\"><strong>Nummer:<\/strong> 007\/2024<\/span><br><span class=\"einsatz-date\"><strong>Datum:<\/strong> 10.01.2024<\/span><br><span class=\"einsatz-time\"><strong>Uhrzeit:<\/strong> 08:27<\/span><br><span class=\"einsatz-title\"><strong>Einsatzmeldung:<\/strong> <a href=\"https:\/\/www.ff-sarstedt.de\/stadt\/archive\/einsaetze\/h0-auslaufende-betriebsstoffe-nach-vu\" rel=\"bookmark\">H0 &#8211; Auslaufende Betriebsstoffe nach VU<\/a><\/span><br><span class=\"einsatz-location\"><strong>Einsatzort:<\/strong> Voss-Str.<\/span><br><span class=\"einsatz-duration\"><strong>Dauer:<\/strong> 1 h<\/span><br><\/td><td class=\"einsatz-column-number\">007\/2024<\/td><td class=\"einsatz-column-date\">10.01.2024<\/td><td class=\"einsatz-column-time\">08:27<\/td><td class=\"einsatz-column-title\"><a href=\"https:\/\/www.ff-sarstedt.de\/stadt\/archive\/einsaetze\/h0-auslaufende-betriebsstoffe-nach-vu\" rel=\"bookmark\">H0 &#8211; Auslaufende Betriebsstoffe nach VU<\/a><\/td><td class=\"einsatz-column-location\">Voss-Str.<\/td><td class=\"einsatz-column-duration\">1 h<\/td><td class=\"einsatz-column-annotationImages\"><i class=\"fa-solid fa-camera\" aria-hidden=\"true\" title=\"Bericht enth\u00e4lt keine Bilder\" style=\"color: #bbbbbb;\"><\/i><\/td><\/tr><tr class=\"report\"><td class=\"smallscreen\" colspan=\"7\" data-permalink=\"https:\/\/www.ff-sarstedt.de\/stadt\/archive\/einsaetze\/h0-oelspur\"><div class=\"annotation-icon-bar\"><i class=\"fa-solid fa-camera\" aria-hidden=\"true\" title=\"Bericht enth\u00e4lt keine Bilder\" style=\"color: #bbbbbb;\"><\/i><\/div><span class=\"einsatz-number\"><strong>Nummer:<\/strong> 006\/2024<\/span><br><span class=\"einsatz-date\"><strong>Datum:<\/strong> 06.01.2024<\/span><br><span class=\"einsatz-time\"><strong>Uhrzeit:<\/strong> 15:27<\/span><br><span class=\"einsatz-title\"><strong>Einsatzmeldung:<\/strong> <a href=\"https:\/\/www.ff-sarstedt.de\/stadt\/archive\/einsaetze\/h0-oelspur\" rel=\"bookmark\">H0 &#8211; \u00d6lspur<\/a><\/span><br><span class=\"einsatz-location\"><strong>Einsatzort:<\/strong> Bereich Sonnenkamp<\/span><br><span class=\"einsatz-duration\"><strong>Dauer:<\/strong> 3 h<\/span><br><\/td><td class=\"einsatz-column-number\">006\/2024<\/td><td class=\"einsatz-column-date\">06.01.2024<\/td><td class=\"einsatz-column-time\">15:27<\/td><td class=\"einsatz-column-title\"><a href=\"https:\/\/www.ff-sarstedt.de\/stadt\/archive\/einsaetze\/h0-oelspur\" rel=\"bookmark\">H0 &#8211; \u00d6lspur<\/a><\/td><td class=\"einsatz-column-location\">Bereich Sonnenkamp<\/td><td class=\"einsatz-column-duration\">3 h<\/td><td class=\"einsatz-column-annotationImages\"><i class=\"fa-solid fa-camera\" aria-hidden=\"true\" title=\"Bericht enth\u00e4lt keine Bilder\" style=\"color: #bbbbbb;\"><\/i><\/td><\/tr><tr class=\"report\"><td class=\"smallscreen\" colspan=\"7\" data-permalink=\"https:\/\/www.ff-sarstedt.de\/stadt\/archive\/einsaetze\/b1-ausgeloeste-brandmeldeanlage-bma\"><div class=\"annotation-icon-bar\"><i class=\"fa-solid fa-camera\" aria-hidden=\"true\" title=\"Bericht enth\u00e4lt keine Bilder\" style=\"color: #bbbbbb;\"><\/i><\/div><span class=\"einsatz-number\"><strong>Nummer:<\/strong> 005\/2024<\/span><br><span class=\"einsatz-date\"><strong>Datum:<\/strong> 02.01.2024<\/span><br><span class=\"einsatz-time\"><strong>Uhrzeit:<\/strong> 19:59<\/span><br><span class=\"einsatz-title\"><strong>Einsatzmeldung:<\/strong> <a href=\"https:\/\/www.ff-sarstedt.de\/stadt\/archive\/einsaetze\/b1-ausgeloeste-brandmeldeanlage-bma\" rel=\"bookmark\">B1 &#8211; Ausgel\u00f6ste Brandmeldeanlage (BMA)<\/a><\/span><br><span class=\"einsatz-location\"><strong>Einsatzort:<\/strong> Am Teinkamp<\/span><br><span class=\"einsatz-duration\"><strong>Dauer:<\/strong> 30 min<\/span><br><\/td><td class=\"einsatz-column-number\">005\/2024<\/td><td class=\"einsatz-column-date\">02.01.2024<\/td><td class=\"einsatz-column-time\">19:59<\/td><td class=\"einsatz-column-title\"><a href=\"https:\/\/www.ff-sarstedt.de\/stadt\/archive\/einsaetze\/b1-ausgeloeste-brandmeldeanlage-bma\" rel=\"bookmark\">B1 &#8211; Ausgel\u00f6ste Brandmeldeanlage (BMA)<\/a><\/td><td class=\"einsatz-column-location\">Am Teinkamp<\/td><td class=\"einsatz-column-duration\">30 min<\/td><td class=\"einsatz-column-annotationImages\"><i class=\"fa-solid fa-camera\" aria-hidden=\"true\" title=\"Bericht enth\u00e4lt keine Bilder\" style=\"color: #bbbbbb;\"><\/i><\/td><\/tr><tr class=\"report\"><td class=\"smallscreen\" colspan=\"7\" data-permalink=\"https:\/\/www.ff-sarstedt.de\/stadt\/archive\/einsaetze\/h0-tragehilfe-rettungsdienst\"><div class=\"annotation-icon-bar\"><i class=\"fa-solid fa-camera\" aria-hidden=\"true\" title=\"Bericht enth\u00e4lt keine Bilder\" style=\"color: #bbbbbb;\"><\/i><\/div><span class=\"einsatz-number\"><strong>Nummer:<\/strong> 004\/2024<\/span><br><span class=\"einsatz-date\"><strong>Datum:<\/strong> 01.01.2024<\/span><br><span class=\"einsatz-time\"><strong>Uhrzeit:<\/strong> 17:18<\/span><br><span class=\"einsatz-title\"><strong>Einsatzmeldung:<\/strong> <a href=\"https:\/\/www.ff-sarstedt.de\/stadt\/archive\/einsaetze\/h0-tragehilfe-rettungsdienst\" rel=\"bookmark\">H0 &#8211; Tragehilfe Rettungsdienst<\/a><\/span><br><span class=\"einsatz-location\"><strong>Einsatzort:<\/strong> M\u00f6rikestr.<\/span><br><span class=\"einsatz-duration\"><strong>Dauer:<\/strong> 15 min<\/span><br><\/td><td class=\"einsatz-column-number\">004\/2024<\/td><td class=\"einsatz-column-date\">01.01.2024<\/td><td class=\"einsatz-column-time\">17:18<\/td><td class=\"einsatz-column-title\"><a href=\"https:\/\/www.ff-sarstedt.de\/stadt\/archive\/einsaetze\/h0-tragehilfe-rettungsdienst\" rel=\"bookmark\">H0 &#8211; Tragehilfe Rettungsdienst<\/a><\/td><td class=\"einsatz-column-location\">M\u00f6rikestr.<\/td><td class=\"einsatz-column-duration\">15 min<\/td><td class=\"einsatz-column-annotationImages\"><i class=\"fa-solid fa-camera\" aria-hidden=\"true\" title=\"Bericht enth\u00e4lt keine Bilder\" style=\"color: #bbbbbb;\"><\/i><\/td><\/tr><tr class=\"report\"><td class=\"smallscreen\" colspan=\"7\" data-permalink=\"https:\/\/www.ff-sarstedt.de\/stadt\/archive\/einsaetze\/h0-amtshilfe-2\"><div class=\"annotation-icon-bar\"><i class=\"fa-solid fa-camera\" aria-hidden=\"true\" title=\"Bericht enth\u00e4lt keine Bilder\" style=\"color: #bbbbbb;\"><\/i><\/div><span class=\"einsatz-number\"><strong>Nummer:<\/strong> 003\/2024<\/span><br><span class=\"einsatz-date\"><strong>Datum:<\/strong> 01.01.2024<\/span><br><span class=\"einsatz-time\"><strong>Uhrzeit:<\/strong> 12:40<\/span><br><span class=\"einsatz-title\"><strong>Einsatzmeldung:<\/strong> <a href=\"https:\/\/www.ff-sarstedt.de\/stadt\/archive\/einsaetze\/h0-amtshilfe-2\" rel=\"bookmark\">H0 &#8211; Amtshilfe<\/a><\/span><br><span class=\"einsatz-location\"><strong>Einsatzort:<\/strong> Ahrberger Stra\u00dfe<\/span><br><span class=\"einsatz-duration\"><strong>Dauer:<\/strong> 1 h 30 min<\/span><br><\/td><td class=\"einsatz-column-number\">003\/2024<\/td><td class=\"einsatz-column-date\">01.01.2024<\/td><td class=\"einsatz-column-time\">12:40<\/td><td class=\"einsatz-column-title\"><a href=\"https:\/\/www.ff-sarstedt.de\/stadt\/archive\/einsaetze\/h0-amtshilfe-2\" rel=\"bookmark\">H0 &#8211; Amtshilfe<\/a><\/td><td class=\"einsatz-column-location\">Ahrberger Stra\u00dfe<\/td><td class=\"einsatz-column-duration\">1 h 30 min<\/td><td class=\"einsatz-column-annotationImages\"><i class=\"fa-solid fa-camera\" aria-hidden=\"true\" title=\"Bericht enth\u00e4lt keine Bilder\" style=\"color: #bbbbbb;\"><\/i><\/td><\/tr><tr class=\"report\"><td class=\"smallscreen\" colspan=\"7\" data-permalink=\"https:\/\/www.ff-sarstedt.de\/stadt\/archive\/einsaetze\/b0-flaechenbrand-klein-2\"><div class=\"annotation-icon-bar\"><i class=\"fa-solid fa-camera\" aria-hidden=\"true\" title=\"Bericht enth\u00e4lt keine Bilder\" style=\"color: #bbbbbb;\"><\/i><\/div><span class=\"einsatz-number\"><strong>Nummer:<\/strong> 002\/2024<\/span><br><span class=\"einsatz-date\"><strong>Datum:<\/strong> 01.01.2024<\/span><br><span class=\"einsatz-time\"><strong>Uhrzeit:<\/strong> 00:14<\/span><br><span class=\"einsatz-title\"><strong>Einsatzmeldung:<\/strong> <a href=\"https:\/\/www.ff-sarstedt.de\/stadt\/archive\/einsaetze\/b0-flaechenbrand-klein-2\" rel=\"bookmark\">B0 &#8211; Fl\u00e4chenbrand (klein)<\/a><\/span><br><span class=\"einsatz-location\"><strong>Einsatzort:<\/strong> Am Kipphut<\/span><br><span class=\"einsatz-duration\"><strong>Dauer:<\/strong> 15 min<\/span><br><\/td><td class=\"einsatz-column-number\">002\/2024<\/td><td class=\"einsatz-column-date\">01.01.2024<\/td><td class=\"einsatz-column-time\">00:14<\/td><td class=\"einsatz-column-title\"><a href=\"https:\/\/www.ff-sarstedt.de\/stadt\/archive\/einsaetze\/b0-flaechenbrand-klein-2\" rel=\"bookmark\">B0 &#8211; Fl\u00e4chenbrand (klein)<\/a><\/td><td class=\"einsatz-column-location\">Am Kipphut<\/td><td class=\"einsatz-column-duration\">15 min<\/td><td class=\"einsatz-column-annotationImages\"><i class=\"fa-solid fa-camera\" aria-hidden=\"true\" title=\"Bericht enth\u00e4lt keine Bilder\" style=\"color: #bbbbbb;\"><\/i><\/td><\/tr><tr class=\"report\"><td class=\"smallscreen\" colspan=\"7\" data-permalink=\"https:\/\/www.ff-sarstedt.de\/stadt\/archive\/einsaetze\/b0-flaechenbrand-klein\"><div class=\"annotation-icon-bar\"><i class=\"fa-solid fa-camera\" aria-hidden=\"true\" title=\"Bericht enth\u00e4lt keine Bilder\" style=\"color: #bbbbbb;\"><\/i><\/div><span class=\"einsatz-number\"><strong>Nummer:<\/strong> 001\/2024<\/span><br><span class=\"einsatz-date\"><strong>Datum:<\/strong> 01.01.2024<\/span><br><span class=\"einsatz-time\"><strong>Uhrzeit:<\/strong> 00:14<\/span><br><span class=\"einsatz-title\"><strong>Einsatzmeldung:<\/strong> <a href=\"https:\/\/www.ff-sarstedt.de\/stadt\/archive\/einsaetze\/b0-flaechenbrand-klein\" rel=\"bookmark\">B0 &#8211; Fl\u00e4chenbrand (klein)<\/a><\/span><br><span class=\"einsatz-location\"><strong>Einsatzort:<\/strong> Agnes-Miegel-Stra\u00dfe<\/span><br><span class=\"einsatz-duration\"><strong>Dauer:<\/strong> 30 min<\/span><br><\/td><td class=\"einsatz-column-number\">001\/2024<\/td><td class=\"einsatz-column-date\">01.01.2024<\/td><td class=\"einsatz-column-time\">00:14<\/td><td class=\"einsatz-column-title\"><a href=\"https:\/\/www.ff-sarstedt.de\/stadt\/archive\/einsaetze\/b0-flaechenbrand-klein\" rel=\"bookmark\">B0 &#8211; Fl\u00e4chenbrand (klein)<\/a><\/td><td class=\"einsatz-column-location\">Agnes-Miegel-Stra\u00dfe<\/td><td class=\"einsatz-column-duration\">30 min<\/td><td class=\"einsatz-column-annotationImages\"><i class=\"fa-solid fa-camera\" aria-hidden=\"true\" title=\"Bericht enth\u00e4lt keine Bilder\" style=\"color: #bbbbbb;\"><\/i><\/td><\/tr><\/tbody><\/table>\n","protected":false},"excerpt":{"rendered":"","protected":false},"author":34,"featured_media":0,"parent":7078,"menu_order":5,"comment_status":"closed","ping_status":"closed","template":"","meta":{"_monsterinsights_skip_tracking":false,"_monsterinsights_sitenote_active":false,"_monsterinsights_sitenote_note":"","_monsterinsights_sitenote_category":0,"footnotes":""},"class_list":["post-26976","page","type-page","status-publish","hentry"],"aioseo_notices":[],"_links":{"self":[{"href":"https:\/\/www.ff-sarstedt.de\/stadt\/wp-json\/wp\/v2\/pages\/26976","targetHints":{"allow":["GET"]}}],"collection":[{"href":"https:\/\/www.ff-sarstedt.de\/stadt\/wp-json\/wp\/v2\/pages"}],"about":[{"href":"https:\/\/www.ff-sarstedt.de\/stadt\/wp-json\/wp\/v2\/types\/page"}],"author":[{"embeddable":true,"href":"https:\/\/www.ff-sarstedt.de\/stadt\/wp-json\/wp\/v2\/users\/34"}],"replies":[{"embeddable":true,"href":"https:\/\/www.ff-sarstedt.de\/stadt\/wp-json\/wp\/v2\/comments?post=26976"}],"version-history":[{"count":1,"href":"https:\/\/www.ff-sarstedt.de\/stadt\/wp-json\/wp\/v2\/pages\/26976\/revisions"}],"predecessor-version":[{"id":26977,"href":"https:\/\/www.ff-sarstedt.de\/stadt\/wp-json\/wp\/v2\/pages\/26976\/revisions\/26977"}],"up":[{"embeddable":true,"href":"https:\/\/www.ff-sarstedt.de\/stadt\/wp-json\/wp\/v2\/pages\/7078"}],"wp:attachment":[{"href":"https:\/\/www.ff-sarstedt.de\/stadt\/wp-json\/wp\/v2\/media?parent=26976"}],"curies":[{"name":"wp","href":"https:\/\/api.w.org\/{rel}","templated":true}]}}